{"id":557,"date":"2019-03-22T08:20:47","date_gmt":"2019-03-22T08:20:47","guid":{"rendered":"http:\/\/www.ortopediveckan.se\/?page_id=557"},"modified":"2019-08-24T12:59:44","modified_gmt":"2019-08-24T12:59:44","slug":"anmalan","status":"publish","type":"page","link":"https:\/\/appsinmed.com\/ortopediveckan2019\/anmalan\/","title":{"rendered":"Anm\u00e4lan"},"content":{"rendered":"<p>[et_pb_section bb_built=&#8221;1&#8243; _builder_version=&#8221;3.0.47&#8243; next_background_color=&#8221;#616265&#8243;][et_pb_row][et_pb_column type=&#8221;4_4&#8243;][et_pb_post_title meta=&#8221;off&#8221; featured_image=&#8221;off&#8221; _builder_version=&#8221;3.15&#8243; text_orientation=&#8221;center&#8221; \/][et_pb_text _builder_version=&#8221;3.15&#8243;]<\/p>\n<h4 style=\"text-align: center;\"><span style=\"color: #0000ff;\">OBS! Anm\u00e4lan p\u00e5 plats \u00e4r fortfarande m\u00f6jligt, men f\u00f6ranm\u00e4lan \u00e4r st\u00e4ngd.<\/span><\/h4>\n<h4 style=\"text-align: center;\"><span style=\"color: #0000ff;\">V\u00e4lkomna till Norrk\u00f6ping!<\/span><\/h4>\n<p>[\/et_pb_text][\/et_pb_column][\/et_pb_row][et_pb_row _builder_version=&#8221;3.15&#8243; disabled=&#8221;on&#8221; disabled_on=&#8221;on|on|on&#8221;][et_pb_column type=&#8221;1_2&#8243;][et_pb_button _builder_version=&#8221;3.15&#8243; button_text=&#8221;Anm\u00e4lan konferens&#8221; button_url=&#8221;http:\/\/www.trippus.net\/startkonf19&#8243; url_new_window=&#8221;on&#8221; button_alignment=&#8221;center&#8221; custom_button=&#8221;on&#8221; button_text_color=&#8221;#ffffff&#8221; button_bg_color=&#8221;#005ca9&#8243; background_layout=&#8221;dark&#8221; button_use_icon=&#8221;off&#8221; button_border_radius_hover=&#8221;50&#8243; button_border_radius=&#8221;50&#8243; \/][et_pb_button _builder_version=&#8221;3.15&#8243; button_text=&#8221;Anm\u00e4lan inbjuden f\u00f6rel\u00e4sare, moderator, symposiedeltagare\/arrang\u00f6r&#8221; button_url=&#8221;http:\/\/www.trippus.net\/forelas19&#8243; url_new_window=&#8221;on&#8221; button_alignment=&#8221;center&#8221; custom_button=&#8221;on&#8221; button_text_color=&#8221;#ffffff&#8221; button_bg_color=&#8221;#005ca9&#8243; background_layout=&#8221;dark&#8221; button_use_icon=&#8221;off&#8221; button_border_radius_hover=&#8221;50&#8243; button_border_radius=&#8221;50&#8243; button_text_size=&#8221;17&#8243; \/][\/et_pb_column][et_pb_column type=&#8221;1_2&#8243;][et_pb_button _builder_version=&#8221;3.15&#8243; button_text=&#8221;Anm\u00e4lan socialt program&#8221; button_url=&#8221;http:\/\/www.trippus.net\/startsocialt19&#8243; url_new_window=&#8221;on&#8221; button_alignment=&#8221;center&#8221; custom_button=&#8221;on&#8221; button_text_color=&#8221;#ffffff&#8221; button_bg_color=&#8221;#005ca9&#8243; background_layout=&#8221;dark&#8221; button_use_icon=&#8221;off&#8221; button_border_radius_hover=&#8221;50&#8243; button_border_radius=&#8221;50&#8243; \/][et_pb_button _builder_version=&#8221;3.15&#8243; button_text=&#8221;Anm\u00e4lan socialt program, hedersmedlemmar, styrelse och revisor&#8221; button_url=&#8221;http:\/\/www.trippus.net\/socialt19bankett&#8221; url_new_window=&#8221;on&#8221; button_alignment=&#8221;center&#8221; custom_button=&#8221;on&#8221; button_text_color=&#8221;#ffffff&#8221; button_bg_color=&#8221;#005ca9&#8243; background_layout=&#8221;dark&#8221; button_use_icon=&#8221;off&#8221; button_border_radius_hover=&#8221;50&#8243; button_border_radius=&#8221;50&#8243; button_text_shadow_blur_strength=&#8221;0.23em&#8221; button_text_shadow_horizontal_length=&#8221;0.08em&#8221; button_text_shadow_vertical_length=&#8221;0.08em&#8221; button_text_size=&#8221;17&#8243; \/][\/et_pb_column][\/et_pb_row][et_pb_row][et_pb_column type=&#8221;1_2&#8243;][et_pb_text _builder_version=&#8221;3.15&#8243; custom_margin=&#8221;||5px|&#8221;]<\/p>\n<p style=\"text-align: center;\"><span style=\"font-size: 13pt;\"><strong>Konferens<\/strong><\/span><\/p>\n<p>[\/et_pb_text][et_pb_text _builder_version=&#8221;3.15&#8243; saved_tabs=&#8221;all&#8221; global_module=&#8221;788&#8243;]<\/p>\n<p style=\"text-align: center;\">F\u00f6ranm\u00e4lan st\u00e4ngd<\/p>\n<p>[\/et_pb_text][et_pb_text _builder_version=&#8221;3.15&#8243; custom_margin=&#8221;10px||5px|&#8221;]<\/p>\n<p style=\"text-align: center;\"><span style=\"font-size: 13pt;\"><strong>Inbjuden f\u00f6rel\u00e4sare, moderator, symposiedeltagare\/arrang\u00f6r<\/strong><\/span><\/p>\n<p>[\/et_pb_text][et_pb_text _builder_version=&#8221;3.15&#8243; saved_tabs=&#8221;all&#8221; global_module=&#8221;788&#8243;]<\/p>\n<p style=\"text-align: center;\">F\u00f6ranm\u00e4lan st\u00e4ngd<\/p>\n<p>[\/et_pb_text][\/et_pb_column][et_pb_column type=&#8221;1_2&#8243;][et_pb_text _builder_version=&#8221;3.15&#8243; custom_margin=&#8221;||5px|&#8221;]<\/p>\n<p style=\"text-align: center;\"><span style=\"font-size: 13pt;\"><strong>Socialt program<\/strong><\/span><\/p>\n<p>[\/et_pb_text][et_pb_text _builder_version=&#8221;3.15&#8243; saved_tabs=&#8221;all&#8221; global_module=&#8221;788&#8243;]<\/p>\n<p style=\"text-align: center;\">F\u00f6ranm\u00e4lan st\u00e4ngd<\/p>\n<p>[\/et_pb_text][et_pb_text _builder_version=&#8221;3.15&#8243; custom_margin=&#8221;||5px|&#8221;]<\/p>\n<p style=\"text-align: center;\"><span style=\"font-size: 13pt;\"><strong>\u00a0Socialt program, hedersmedlemmar,<br \/>\nstyrelse och revisor<\/strong><\/span><\/p>\n<p>[\/et_pb_text][et_pb_text _builder_version=&#8221;3.15&#8243; saved_tabs=&#8221;all&#8221; global_module=&#8221;788&#8243;]<\/p>\n<p style=\"text-align: center;\">F\u00f6ranm\u00e4lan st\u00e4ngd<\/p>\n<p>[\/et_pb_text][\/et_pb_column][\/et_pb_row][et_pb_row _builder_version=&#8221;3.0.47&#8243; background_size=&#8221;initial&#8221; background_position=&#8221;top_left&#8221; background_repeat=&#8221;repeat&#8221;][et_pb_column type=&#8221;4_4&#8243;][et_pb_text admin_label=&#8221;Tabell&#8221; _builder_version=&#8221;3.15&#8243;] \n<table id=\"tablepress-2\" class=\"tablepress tablepress-id-2\">\n<thead>\n<tr class=\"row-1 odd\">\n\t<th class=\"column-1\">PRISER &amp; AVBOKNING<\/th><th class=\"column-2\">&nbsp;<\/th><th class=\"column-3\">&nbsp;<\/th><th class=\"column-4\">&nbsp;<\/th>\n<\/tr>\n<\/thead>\n<tbody class=\"row-hover\">\n<tr class=\"row-2 even\">\n\t<td colspan=\"2\" class=\"column-1\"><strong>Samtliga priser \u00e4r exklusive moms.<\/strong><\/td><td class=\"column-3\"><\/td><td class=\"column-4\"><\/td>\n<\/tr>\n<tr class=\"row-3 odd\">\n\t<td colspan=\"2\" class=\"column-1\"><strong>Kongressavgift f\u00f6r l\u00e4kare<\/strong><\/td><td class=\"column-3\"><\/td><td class=\"column-4\"><\/td>\n<\/tr>\n<tr class=\"row-4 even\">\n\t<td class=\"column-1\"><\/td><td class=\"column-2\">Anm\u00e4lan t.o.m. 20 juni<\/td><td class=\"column-3\">Anm\u00e4lan 21 juni- 19 augusti<\/td><td class=\"column-4\">Anm\u00e4lan fr.o.m. 20 augusti och p\u00e5 plats<\/td>\n<\/tr>\n<tr class=\"row-5 odd\">\n\t<td class=\"column-1\">1 dag<\/td><td class=\"column-2\">2 000 kr<\/td><td class=\"column-3\">3 000kr<\/td><td class=\"column-4\">4 000 kr<\/td>\n<\/tr>\n<tr class=\"row-6 even\">\n\t<td class=\"column-1\">2 dagar<\/td><td class=\"column-2\">3 500 kr<\/td><td class=\"column-3\">5 000 kr<\/td><td class=\"column-4\">7 000 kr<\/td>\n<\/tr>\n<tr class=\"row-7 odd\">\n\t<td class=\"column-1\">Hela veckan<\/td><td class=\"column-2\">4 500 kr<\/td><td class=\"column-3\">6 500 kr<\/td><td class=\"column-4\">9 000 kr<\/td>\n<\/tr>\n<tr class=\"row-8 even\">\n\t<td class=\"column-1\">Endast fredag<\/td><td class=\"column-2\">900 kr<\/td><td class=\"column-3\">900 kr<\/td><td class=\"column-4\">900 kr<\/td>\n<\/tr>\n<tr class=\"row-9 odd\">\n\t<td class=\"column-1\">Ej medlem i SOF<\/td><td class=\"column-2\">Till\u00e4gg 1 400 kr<\/td><td class=\"column-3\">Till\u00e4gg 1 400 kr<\/td><td class=\"column-4\">Till\u00e4gg 1 400 kr<\/td>\n<\/tr>\n<tr class=\"row-10 even\">\n\t<td class=\"column-1\"><\/td><td class=\"column-2\"><\/td><td class=\"column-3\"><\/td><td class=\"column-4\"><\/td>\n<\/tr>\n<tr class=\"row-11 odd\">\n\t<td colspan=\"2\" class=\"column-1\"><strong>Kongressavgift f\u00f6r \u00f6vriga yrkeskategorier<\/strong><\/td><td class=\"column-3\"><\/td><td class=\"column-4\"><\/td>\n<\/tr>\n<tr class=\"row-12 even\">\n\t<td class=\"column-1\"><\/td><td class=\"column-2\">Anm\u00e4lan t.o.m. 20 juni<\/td><td class=\"column-3\">Anm\u00e4lan 21 juni-19 augusti<\/td><td class=\"column-4\">Anm\u00e4lan fr.o.m. 20 augusti och p\u00e5 plats<\/td>\n<\/tr>\n<tr class=\"row-13 odd\">\n\t<td class=\"column-1\">1 dag<\/td><td class=\"column-2\">1 500 kr<\/td><td class=\"column-3\">2 000 kr<\/td><td class=\"column-4\">2 500 kr<\/td>\n<\/tr>\n<tr class=\"row-14 even\">\n\t<td class=\"column-1\">2 dagar<\/td><td class=\"column-2\">3 000 kr<\/td><td class=\"column-3\">4 000 kr<\/td><td class=\"column-4\">5 000 kr<\/td>\n<\/tr>\n<tr class=\"row-15 odd\">\n\t<td class=\"column-1\">3 dagar<\/td><td class=\"column-2\">4 000 kr<\/td><td class=\"column-3\">5 500 kr<\/td><td class=\"column-4\">7 000 kr<\/td>\n<\/tr>\n<tr class=\"row-16 even\">\n\t<td class=\"column-1\">Hela veckan<\/td><td class=\"column-2\">4 500 kr<\/td><td class=\"column-3\">6 500 kr<\/td><td class=\"column-4\">9 000 kr<\/td>\n<\/tr>\n<tr class=\"row-17 odd\">\n\t<td class=\"column-1\"><\/td><td class=\"column-2\"><\/td><td class=\"column-3\"><\/td><td class=\"column-4\"><\/td>\n<\/tr>\n<tr class=\"row-18 even\">\n\t<td colspan=\"2\" class=\"column-1\"><strong>Kongressavgift f\u00f6r seniorer\/pension\u00e4rer (SOF medlem)<\/strong><\/td><td class=\"column-3\"><\/td><td class=\"column-4\"><\/td>\n<\/tr>\n<tr class=\"row-19 odd\">\n\t<td class=\"column-1\"><\/td><td class=\"column-2\">Anm\u00e4lan t.o.m. 20 juni<\/td><td class=\"column-3\">Anm\u00e4lan 21 juni-19 augusti<\/td><td class=\"column-4\">Anm\u00e4lan fr.o.m. 20 augusti och p\u00e5 plats<\/td>\n<\/tr>\n<tr class=\"row-20 even\">\n\t<td class=\"column-1\">1 dag<\/td><td class=\"column-2\">500 kr<\/td><td class=\"column-3\">500 kr<\/td><td class=\"column-4\">500 kr<\/td>\n<\/tr>\n<tr class=\"row-21 odd\">\n\t<td class=\"column-1\">2 dagar<\/td><td class=\"column-2\">1 000 kr<\/td><td class=\"column-3\">1 000 kr<\/td><td class=\"column-4\">1 000 kr<\/td>\n<\/tr>\n<tr class=\"row-22 even\">\n\t<td class=\"column-1\">Hela veckan<\/td><td class=\"column-2\">2 000 kr<\/td><td class=\"column-3\">2 000 kr<\/td><td class=\"column-4\">2 000 kr<\/td>\n<\/tr>\n<tr class=\"row-23 odd\">\n\t<td class=\"column-1\"><\/td><td class=\"column-2\"><\/td><td class=\"column-3\"><\/td><td class=\"column-4\"><\/td>\n<\/tr>\n<tr class=\"row-24 even\">\n\t<td colspan=\"2\" class=\"column-1\"><strong>\u00d6vriga priser<\/strong><\/td><td class=\"column-3\"><\/td><td class=\"column-4\"><\/td>\n<\/tr>\n<tr class=\"row-25 odd\">\n\t<td class=\"column-1\"><\/td><td class=\"column-2\"><\/td><td class=\"column-3\"><\/td><td class=\"column-4\"><\/td>\n<\/tr>\n<tr class=\"row-26 even\">\n\t<td class=\"column-1\"><strong>Kurser<\/strong>  - Medlem i SOF<\/td><td class=\"column-2\">750 kr<\/td><td class=\"column-3\">750 kr<\/td><td class=\"column-4\">750 kr<\/td>\n<\/tr>\n<tr class=\"row-27 odd\">\n\t<td class=\"column-1\"><strong>Kurser<\/strong>  - Ej medlem i SOF<\/td><td class=\"column-2\">1 500 kr<\/td><td class=\"column-3\">1 500 kr<\/td><td class=\"column-4\">1 500 kr<\/td>\n<\/tr>\n<tr class=\"row-28 even\">\n\t<td class=\"column-1\"><\/td><td class=\"column-2\"><\/td><td class=\"column-3\"><\/td><td class=\"column-4\"><\/td>\n<\/tr>\n<tr class=\"row-29 odd\">\n\t<td class=\"column-1\"><\/td><td class=\"column-2\">Anm\u00e4lan t.o.m. 20 juni<\/td><td class=\"column-3\">Anm\u00e4lan 21 juni-19 augusti<\/td><td class=\"column-4\">Anm\u00e4lan fr.o.m. 20 augusti och p\u00e5 plats<\/td>\n<\/tr>\n<tr class=\"row-30 even\">\n\t<td class=\"column-1\">Dagsbiljett (iInk\u00f6pare m.fl.)  1 dag<\/td><td class=\"column-2\">1 500 kr<\/td><td class=\"column-3\">2 000 kr<\/td><td class=\"column-4\">3 000 kr<\/td>\n<\/tr>\n<tr class=\"row-31 odd\">\n\t<td class=\"column-1\">Dagsbiljett (ink\u00f6pare m.fl.)   2 dagar<\/td><td class=\"column-2\">3 000 kr<\/td><td class=\"column-3\">4 000 kr <\/td><td class=\"column-4\">6 000 kr<\/td>\n<\/tr>\n<tr class=\"row-32 even\">\n\t<td class=\"column-1\"><\/td><td class=\"column-2\"><\/td><td class=\"column-3\"><\/td><td class=\"column-4\"><\/td>\n<\/tr>\n<\/tbody>\n<\/table>\n<!-- #tablepress-2 from cache --><\/p>\n<p>&nbsp;<\/p>\n<p>[\/et_pb_text][et_pb_text _builder_version=&#8221;3.15&#8243;]<\/p>\n<p><span style=\"color: #ff0000; font-size: 14pt;\">AVBOKNING<\/span><br \/>\nVid avbokning kontakta SOF:s kansli Lena G\u00f6the: sofkansli@ortopedi.se<br \/>\nAvbokning gjord f\u00f6re den 6 augusti 2019 \u00e5terbetalas med 100%. Ingen \u00e5terbetalning kan ske f\u00f6r avbokning<br \/>\ngjord efter den 6 augusti men platsen kan \u00f6verl\u00e5tas p\u00e5 annan person (namnbyte).<\/p>\n<p>[\/et_pb_text][\/et_pb_column][\/et_pb_row][\/et_pb_section][et_pb_section bb_built=&#8221;1&#8243; _builder_version=&#8221;3.15&#8243; background_color=&#8221;#616265&#8243; custom_padding=&#8221;29px|0px|26px|0px|false|false&#8221; prev_background_color=&#8221;#ffffff&#8221; global_module=&#8221;18&#8243;][et_pb_row global_parent=&#8221;18&#8243; _builder_version=&#8221;3.15&#8243; background_size=&#8221;initial&#8221; background_position=&#8221;top_left&#8221; background_repeat=&#8221;repeat&#8221;][et_pb_column type=&#8221;1_3&#8243;][et_pb_text admin_label=&#8221;Kontakt&#8221; global_parent=&#8221;18&#8243; _builder_version=&#8221;3.15&#8243; background_layout=&#8221;dark&#8221; text_font_size=&#8221;12px&#8221; text_font_size_last_edited=&#8221;on|desktop&#8221;]<\/p>\n<h3><b>Kontakt<\/b><\/h3>\n<div dir=\"auto\"><span style=\"font-size: 11pt;\">Peter Rockborn <\/span><\/div>\n<div dir=\"auto\"><em><span style=\"font-size: 11pt;\">M\u00f6tesgeneral<\/span><\/em><\/div>\n<div><span style=\"font-size: 11pt;\"><a style=\"color: #ffffff;\" href=\"mailto:peter.rockborn@regionostergotland.se\">peter.rockborn@regionostergotland.se<\/a><\/span><\/div>\n<div><\/div>\n<div><\/div>\n<div>\n<div dir=\"auto\"><span style=\"font-size: 11pt;\">Martin Gusmark <\/span><\/div>\n<div dir=\"auto\"><em><span style=\"font-size: 11pt;\">Ansvarig f\u00f6r hemsida och Sociala medier<\/span><\/em><\/div>\n<div><span style=\"font-size: 11pt;\"><a style=\"color: #ffffff;\" href=\"mailto:martin.gusmark@regionostergotland.se\">martin.gusmark@regionostergotland.se<\/a><\/span><\/div>\n<\/div>\n<div><\/div>\n<p>[\/et_pb_text][\/et_pb_column][et_pb_column type=&#8221;1_3&#8243;][et_pb_divider global_parent=&#8221;18&#8243; color=&#8221;#ffffff&#8221; disabled_on=&#8221;off||on&#8221; _builder_version=&#8221;3.15&#8243; \/][et_pb_text global_parent=&#8221;18&#8243; _builder_version=&#8221;3.15&#8243; background_layout=&#8221;dark&#8221;]<\/p>\n<h3><strong>Viktiga datum<\/strong><\/h3>\n<p style=\"text-align: left;\">F\u00f6rl\u00e4ngd deadline f\u00f6r inskick av abstract<br \/>\n9 Maj, 2019.<\/p>\n<p>[\/et_pb_text][\/et_pb_column][et_pb_column type=&#8221;1_3&#8243;][et_pb_divider global_parent=&#8221;18&#8243; color=&#8221;#ffffff&#8221; disabled_on=&#8221;off||on&#8221; _builder_version=&#8221;3.15&#8243; \/][et_pb_text global_parent=&#8221;18&#8243; _builder_version=&#8221;3.15&#8243; background_layout=&#8221;dark&#8221;]<\/p>\n<h3><strong>Arrangeras av<\/strong><\/h3>\n<p>[\/et_pb_text][et_pb_image global_parent=&#8221;18&#8243; src=&#8221;\/wp-content\/uploads\/sites\/48\/2018\/11\/sof_logga_black-150.png&#8221; always_center_on_mobile=&#8221;off&#8221; _builder_version=&#8221;3.15&#8243; border_radii=&#8221;on|10px|10px|10px|10px&#8221; url=&#8221;http:\/\/www.ortopedi.se&#8221; url_new_window=&#8221;on&#8221; \/][\/et_pb_column][\/et_pb_row][\/et_pb_section]<\/p>\n","protected":false},"excerpt":{"rendered":"<p>[et_pb_section bb_built=&#8221;1&#8243; _builder_version=&#8221;3.0.47&#8243; next_background_color=&#8221;#616265&#8243;][et_pb_row][et_pb_column type=&#8221;4_4&#8243;][et_pb_post_title meta=&#8221;off&#8221; featured_image=&#8221;off&#8221; _builder_version=&#8221;3.15&#8243; text_orientation=&#8221;center&#8221; \/][et_pb_text _builder_version=&#8221;3.15&#8243;] OBS! Anm\u00e4lan p\u00e5 plats \u00e4r fortfarande m\u00f6jligt, men f\u00f6ranm\u00e4lan \u00e4r st\u00e4ngd. V\u00e4lkomna till Norrk\u00f6ping! [\/et_pb_text][\/et_pb_column][\/et_pb_row][et_pb_row _builder_version=&#8221;3.15&#8243; disabled=&#8221;on&#8221; disabled_on=&#8221;on|on|on&#8221;][et_pb_column type=&#8221;1_2&#8243;][et_pb_button _builder_version=&#8221;3.15&#8243; button_text=&#8221;Anm\u00e4lan konferens&#8221; button_url=&#8221;http:\/\/www.trippus.net\/startkonf19&#8243; url_new_window=&#8221;on&#8221; button_alignment=&#8221;center&#8221; custom_button=&#8221;on&#8221; button_text_color=&#8221;#ffffff&#8221; button_bg_color=&#8221;#005ca9&#8243; background_layout=&#8221;dark&#8221; button_use_icon=&#8221;off&#8221; button_border_radius_hover=&#8221;50&#8243; button_border_radius=&#8221;50&#8243; \/][et_pb_button _builder_version=&#8221;3.15&#8243; button_text=&#8221;Anm\u00e4lan inbjuden f\u00f6rel\u00e4sare, moderator, symposiedeltagare\/arrang\u00f6r&#8221; button_url=&#8221;http:\/\/www.trippus.net\/forelas19&#8243; url_new_window=&#8221;on&#8221; button_alignment=&#8221;center&#8221; custom_button=&#8221;on&#8221; button_text_color=&#8221;#ffffff&#8221; [&hellip;]<\/p>\n","protected":false},"author":1,"featured_media":0,"parent":0,"menu_order":0,"comment_status":"closed","ping_status":"closed","template":"","meta":{"_et_pb_use_builder":"on","_et_pb_old_content":"","_et_gb_content_width":""},"_links":{"self":[{"href":"https:\/\/appsinmed.com\/ortopediveckan2019\/wp-json\/wp\/v2\/pages\/557"}],"collection":[{"href":"https:\/\/appsinmed.com\/ortopediveckan2019\/wp-json\/wp\/v2\/pages"}],"about":[{"href":"https:\/\/appsinmed.com\/ortopediveckan2019\/wp-json\/wp\/v2\/types\/page"}],"author":[{"embeddable":true,"href":"https:\/\/appsinmed.com\/ortopediveckan2019\/wp-json\/wp\/v2\/users\/1"}],"replies":[{"embeddable":true,"href":"https:\/\/appsinmed.com\/ortopediveckan2019\/wp-json\/wp\/v2\/comments?post=557"}],"version-history":[{"count":38,"href":"https:\/\/appsinmed.com\/ortopediveckan2019\/wp-json\/wp\/v2\/pages\/557\/revisions"}],"predecessor-version":[{"id":813,"href":"https:\/\/appsinmed.com\/ortopediveckan2019\/wp-json\/wp\/v2\/pages\/557\/revisions\/813"}],"wp:attachment":[{"href":"https:\/\/appsinmed.com\/ortopediveckan2019\/wp-json\/wp\/v2\/media?parent=557"}],"curies":[{"name":"wp","href":"https:\/\/api.w.org\/{rel}","templated":true}]}}