{"id":547,"date":"2019-03-21T12:36:24","date_gmt":"2019-03-21T12:36:24","guid":{"rendered":"http:\/\/www.ortopediveckan.se\/?page_id=547"},"modified":"2020-02-25T13:43:57","modified_gmt":"2020-02-25T13:43:57","slug":"gastforelasare","status":"publish","type":"page","link":"https:\/\/appsinmed.com\/ortopediveckan2019\/gastforelasare\/","title":{"rendered":"F\u00f6rel\u00e4sare\/Moderatorer"},"content":{"rendered":"<p>[et_pb_section bb_built=&#8221;1&#8243;][et_pb_row][et_pb_column type=&#8221;4_4&#8243;][et_pb_text _builder_version=&#8221;3.15&#8243;]<\/p>\n\n  <input id=\"show_more_text\" type=\"hidden\" value=\"Visa mer\" \/>\n  <input id=\"show_less_text\" type=\"hidden\" value=\"Visa mindre\" \/>\n\n  <div class=\"container-fluid\" style=\"padding-left: 0px;\">\n\n       <hr>\n        <div class=\"row\">\n        <div class=\"col-sm-3\">\n      <img class='profile-image' src='https:\/\/aic-atlas.s3.eu-north-1.amazonaws.com\/projects\/a44f2645-f465-4d20-9d12-e82cf6d97f2d\/images\/conversions\/UOtRkVpOqDp3lYq80E2Ra3edFZo69lPyL0MG13dm-small.png'\/><br\/><b>Mehool Acharya<\/b><br\/>        <\/div>\n        <div class=\"col-sm-9\">\n          <div class=\"read_more_div\" style=\"overflow: hidden;\">\n      <p>&nbsp;Senior consultant surgeon, Trauma &amp; Orthopaedics Consultant at North Bristol NHS Trust Mez is an enthusiastic, dynamic consultant orthopaedic trauma surgeon working in one of the busiest major trauma centres in the UK. His specialist interests include pelvic and acetabular trauma\/ complex trauma and hip and knee reconstruction. Dr Acharya is a keen teacher and trainer and won the prestigious award of Trainer of the year in 2014. He is currently deputy lead for surgical skills and simulation training in the severn region, UK.<\/p><br\/><br\/><strong>Deltar i f\u00f6ljande:<\/strong><br>Torsdag 29\/8 08:05-08:30 - Pelvic trauma \u2013 Emergency management<br\/>        <\/div>\n        <\/div>\n        <\/div>\n             <hr>\n        <div class=\"row\">\n        <div class=\"col-sm-3\">\n      <img class='profile-image' src='https:\/\/aic-atlas.s3.eu-north-1.amazonaws.com\/projects\/a44f2645-f465-4d20-9d12-e82cf6d97f2d\/images\/conversions\/vMIv9y9IfNOm6iKJQMbkSkKefoPd0s1WBfc5oFIy-small.jpeg'\/><br\/><b>Lars Adolfsson<\/b><br\/>        <\/div>\n        <div class=\"col-sm-9\">\n          <div class=\"read_more_div\" style=\"overflow: hidden;\">\n      <p>Professor i Ortopedi, Link&ouml;pings Universitetssjukhus. Inriktning mot &ouml;vre extremitetens skador och sjukdomar med m&aring;ng&aring;rig erfarenhet av klinisk forskning inom omr&aring;det. Sektionsansvarig f&ouml;r &Ouml;vre extremitetssektionen vid ortopedkliniken US, Link&ouml;ping. Specialist i Handkirurgi och Ortopedi. Stort engagemang i utbildningsaktiviteter s&aring;v&auml;l i Sverige som internationellt.<\/p><br\/><br\/><strong>Deltar i f\u00f6ljande:<\/strong><br>M\u00e5ndag 26\/8 10:00-17:00 - Kurs: Frakturbehandling i Underarm och Handled<br\/>M\u00e5ndag 26\/8 10:00-17:00 - Kurs: Frakturbehandling i Underarm och Handled<br\/>Onsdag 28\/8 09:00-09:30 - Bakjoursskolan<br\/>Onsdag 28\/8 10:15-10:45 - 30 years of distal radius fractures - Daniel Rikli<br\/>Onsdag 28\/8 10:50-12:10 - Radiusfrakturer - \u00e4r volar platta alltid r\u00e4tt val?<br\/>Onsdag 28\/8 14:00-15:00 - Svenska Skulder och Armb\u00e5gss\u00e4llskapet: Artroskopisk cuffsutur<br\/>Onsdag 28\/8 10:50-10:55 - Inledning<br\/>Onsdag 28\/8 11:25-11:35 - Fixation av ulnafx\/reparation av TFCC i kombination med volar platta vs enbart volar platta<br\/>        <\/div>\n        <\/div>\n        <\/div>\n             <hr>\n        <div class=\"row\">\n        <div class=\"col-sm-3\">\n      <img class='profile-image' src='https:\/\/aic-atlas.s3.eu-north-1.amazonaws.com\/projects\/a44f2645-f465-4d20-9d12-e82cf6d97f2d\/images\/conversions\/oPsST6Qa85c681kZkioHAtTg6cGuNKD2sggAoqGo-small.jpeg'\/><br\/><b>Henrik Ahlborg<\/b><br\/>        <\/div>\n        <div class=\"col-sm-9\">\n          <div class=\"read_more_div\" style=\"overflow: hidden;\">\n      <p>Arbetar p&aring; Ortopediska kliniken&nbsp;SUS Malm&ouml; sedan 1995. Disputerade 2003. Sektionschef f&ouml;r fot, idrott och axelsektionen p&aring; Sus. Ansvarar f&ouml;r Svenska axelinstabilitetsregistret och &auml;r vice ordf&ouml;rande i SSAS<\/p><br\/><br\/><strong>Deltar i f\u00f6ljande:<\/strong><br>Onsdag 28\/8 13:00-14:00 - Svenska Skulder och Armb\u00e5gss\u00e4llskapet: Axelledsinstabilitet \u2013 vilka ska opereras?<br\/>Onsdag 28\/8 13:00-13:10 - Inledning och naturalf\u00f6rlopp<br\/>Onsdag 28\/8 13:30-13:40 - Bakre instabilitet<br\/>        <\/div>\n        <\/div>\n        <\/div>\n             <hr>\n        <div class=\"row\">\n        <div class=\"col-sm-3\">\n      <img class='profile-image' src='https:\/\/aic-atlas.s3.eu-north-1.amazonaws.com\/projects\/a44f2645-f465-4d20-9d12-e82cf6d97f2d\/images\/conversions\/xTYeJSSRWLQraeHOH1k5Yk3EnkhPQl7eIGNPzzjp-small.jpeg'\/><br\/><b>Eva Alpeus<\/b><br\/>        <\/div>\n        <div class=\"col-sm-9\">\n          <div class=\"read_more_div\" style=\"overflow: hidden;\">\n      <p>Inskrivningsk&ouml;terska elektiva protesprocessen, Ortopediska kliniken Vrinnevisjukhuset<\/p><br\/><br\/><strong>Deltar i f\u00f6ljande:<\/strong><br>Onsdag 28\/8 08:40-09:40 - Sm\u00e4rta och sm\u00e4rtbehandling f\u00f6r den ortopediska patienten - Mia Berg<br\/>Torsdag 29\/8 10:10-10:55 - Samarbete \u00f6ver yrkesgr\u00e4nserna som har f\u00f6rb\u00e4ttrat tillg\u00e4ngligheten p\u00e5 kliniken<br\/>        <\/div>\n        <\/div>\n        <\/div>\n             <hr>\n        <div class=\"row\">\n        <div class=\"col-sm-3\">\n      <img class='profile-image' src='https:\/\/aic-atlas.s3.eu-north-1.amazonaws.com\/projects\/a44f2645-f465-4d20-9d12-e82cf6d97f2d\/images\/conversions\/ZAg9DW8oxxB9OwWSKCsJV6aK53iBdhbSOPatLmIu-small.png'\/><br\/><b>Martin \u00c5lund<\/b><br\/>        <\/div>\n        <div class=\"col-sm-9\">\n          <div class=\"read_more_div\" style=\"overflow: hidden;\">\n      <p>&nbsp;&Ouml;verl&auml;kare Sahlgrenska Universitetssjukhuset, omr&aring;de Ortopedi M&ouml;lndal sedan 10 &aring;r. Dessf&ouml;rinnan under m&aring;nga &aring;r arbetat som &ouml;verl&auml;kare p&aring; Universitetssjukhuset i Link&ouml;ping och p&aring; Lasarettet i Motala efter att det blivit del av Ortopedicentrum i &Ouml;sterg&ouml;tland. Disputation 1993. Medf&ouml;rfattare till boken Reumatologi och Reumakirurgi (Studentlitteratur 1996) samt boken Ortopedi (Studentlitteratur 2018). Medgrundare till fotkirurgikursen i G&ouml;teborg som startades 2009.<\/p><br\/><br\/><strong>Deltar i f\u00f6ljande:<\/strong><br>Torsdag 29\/8 13:55-14:25 - F\u00f6rv\u00e4rvad vuxenplattfot- varf\u00f6r och vad g\u00f6ra?<br\/>        <\/div>\n        <\/div>\n        <\/div>\n             <hr>\n        <div class=\"row\">\n        <div class=\"col-sm-3\">\n      <img class='profile-image' src='https:\/\/aic-atlas.s3.eu-north-1.amazonaws.com\/projects\/a44f2645-f465-4d20-9d12-e82cf6d97f2d\/images\/conversions\/Stl4lXirft7V76vwacL6dRawEEZ7XoDSFyI05Qqc-small.png'\/><br\/><b>Jonny Andersson<\/b><br\/>        <\/div>\n        <div class=\"col-sm-9\">\n          <div class=\"read_more_div\" style=\"overflow: hidden;\">\n      <p>&nbsp;Jonny Andersson &auml;r medicine doktor och &ouml;verl&auml;kare i handkirurgi och ortopedi. Han disputerade inom &auml;mnet Handledens ligamentskador och handledsartroskopi 2016. Jonny har arbetat som ortoped i ca 10 &aring;r p&aring; Sjukhuset i Varberg och som handkirurg i ca 10 &aring;r p&aring; Sahlgrenska Universitetssjukhuset. Numera &aring;terfinns han p&aring; SportsMed, Carlanderska Sjukhuset i G&ouml;teborg och har p&aring;g&aring;ende forskningsprojekt inom handledens ligamentskador via Sahlgrenska Akademin.<\/p><br\/><br\/><strong>Deltar i f\u00f6ljande:<\/strong><br>Tisdag 27\/8 14:10-14:25 - Ledbansdsrekonstruktion artroskopiskt och \u00f6ppet<br\/>        <\/div>\n        <\/div>\n        <\/div>\n             <hr>\n        <div class=\"row\">\n        <div class=\"col-sm-3\">\n      <img class='profile-image' src='https:\/\/aic-atlas.s3.eu-north-1.amazonaws.com\/projects\/a44f2645-f465-4d20-9d12-e82cf6d97f2d\/images\/conversions\/TLDZWWVl7lTiePHAdqRvgdwqOz7TxHy5E1bG82Zv-small.jpeg'\/><br\/><b>Magnus Andersson<\/b><br\/>        <\/div>\n        <div class=\"col-sm-9\">\n          <div class=\"read_more_div\" style=\"overflow: hidden;\">\n      <p>Jag heter Magnus Andersson och arbetar som gipstekniker p&aring; Ortopeden i Malm&ouml;.<\/p><br \/>\n<p>Har arbetat p&aring; ortopeden i +20 &aring;r och varit gipstekniker i 11 &aring;r.<\/p><br \/>\n<p>&Auml;r l&auml;rare p&aring; gipsteknikerutbildningen p&aring; Lunds Universitet , l&auml;rare i gipsteknik p&aring;&nbsp; ST-regionsutbildningsdagarna i Region Sk&aring;ne.&nbsp;<\/p><br\/><br\/><strong>Deltar i f\u00f6ljande:<\/strong><br>Tisdag 27\/8 15:45-16:45 - Gipsteknik - Per Flink<br\/>Tisdag 27\/8 08:00-12:00 - Kurs: Avancerad Gipsteknik<br\/>        <\/div>\n        <\/div>\n        <\/div>\n             <hr>\n        <div class=\"row\">\n        <div class=\"col-sm-3\">\n      <img class='profile-image' src='https:\/\/aic-atlas.s3.eu-north-1.amazonaws.com\/projects\/a44f2645-f465-4d20-9d12-e82cf6d97f2d\/images\/conversions\/GSd1NufLB32dZ1VqYFZrecbgfpe26xRyviGnHJAX-small.png'\/><br\/><b>Widar Andersson<\/b><br\/>        <\/div>\n        <div class=\"col-sm-9\">\n          <div class=\"read_more_div\" style=\"overflow: hidden;\">\n      <p>Ledarskribent och chefredakt&ouml;r Folkbladet<\/p><br\/><br\/><strong>Deltar i f\u00f6ljande:<\/strong><br>Onsdag 28\/8 13:00-14:20 - Vem Styr Sjukv\u00e5rden?<br\/>        <\/div>\n        <\/div>\n        <\/div>\n             <hr>\n        <div class=\"row\">\n        <div class=\"col-sm-3\">\n      <img class='profile-image' src='https:\/\/aic-atlas.s3.eu-north-1.amazonaws.com\/projects\/a44f2645-f465-4d20-9d12-e82cf6d97f2d\/images\/conversions\/QISykdiuwv7DB6sfLJD7shaltVQ1ly4gU6PpKeTb-small.png'\/><br\/><b>Elinor Andersson<\/b><br\/>        <\/div>\n        <div class=\"col-sm-9\">\n          <div class=\"read_more_div\" style=\"overflow: hidden;\">\n      <p>&nbsp;Sjuksk&ouml;terska&nbsp;med specialistutbildning inom medicinsk pedagogik, ortopediska kliniken Vrinnevisjukhuset<\/p><br\/><br\/><strong>Deltar i f\u00f6ljande:<\/strong><br>Tisdag 27\/8 13:40-14:40 - S\u00e4krare v\u00e5rd genom patientmedverkan - Christina Schildmeijer<br\/>Onsdag 28\/8 13:00-13:45 - Strukturerat arbete f\u00f6r f\u00f6rebyggande av v\u00e5rdskador p\u00e5 ortopedisk v\u00e5rdavdelning - Annika Karlaryd<br\/>Tisdag 27\/8 15:45-16:35 - Patientutbildning och \u00e5terh\u00e4mtning efter elektiv h\u00f6ft-\/kn\u00e4protesoperation - \u00c5sa Johansson Stark<br\/>        <\/div>\n        <\/div>\n        <\/div>\n             <hr>\n        <div class=\"row\">\n        <div class=\"col-sm-3\">\n      <img class='profile-image' src='https:\/\/aic-atlas.s3.eu-north-1.amazonaws.com\/projects\/a44f2645-f465-4d20-9d12-e82cf6d97f2d\/images\/conversions\/mJV473eG5S1l9uzZB0PhDGCxzAt8G1x1662Hb2KS-small.jpeg'\/><br\/><b>Ethel Andersson<\/b><br\/>        <\/div>\n        <div class=\"col-sm-9\">\n          <div class=\"read_more_div\" style=\"overflow: hidden;\">\n      <p>&nbsp;Ethel Andersson &auml;r Leg. Fysioterapeut och verksam p&aring; Sahlgrenska universitetssjukhuset i M&ouml;lndal inom ortopedi och ortopedisk rehabilitering, tidigare &auml;ven inom reumatologi. F&ouml;rfattare till kandidatuppsatsuppsatsen \"Kartl&auml;ggning av fysisk funktion efter distala radiusfrakturer, DRF\". &nbsp;Ethel har varit delaktig sedan start med Radiusfrakturprojektet som sedermera slutade i Radiusmottagningen\/Handledsfrakturmottagning. Ethel &auml;r ocks&aring; aktiv i fysioterapeuternas \"Sektionen f&ouml;r ortopedisk - kirurgisk rehabilitering\" och skriver regelbundet i tidningen \"Manualen\", en tidskrift f&ouml;r fyra sektioner inom Fysioterapeuterna.<\/p><br\/><br\/><strong>Deltar i f\u00f6ljande:<\/strong><br>Onsdag 28\/8 13:00-13:45 - Radiusmottagningen - Ett samlat, effektivt omh\u00e4ndertagande med \u00f6kad kvalitet f\u00f6r patienten<br\/>Torsdag 29\/8 10:15-11:45 - Fysioterapeuternas N\u00e4tverkstr\u00e4ff<br\/>        <\/div>\n        <\/div>\n        <\/div>\n             <hr>\n        <div class=\"row\">\n        <div class=\"col-sm-3\">\n      <img class='profile-image' src='https:\/\/aic-atlas.s3.eu-north-1.amazonaws.com\/projects\/a44f2645-f465-4d20-9d12-e82cf6d97f2d\/images\/conversions\/rP8xfhQJawjeH2wpq478eFUcWfD5VmTxJA1c8n6M-small.png'\/><br\/><b>Helene Andersson Molina<\/b><br\/>        <\/div>\n        <div class=\"col-sm-9\">\n          <div class=\"read_more_div\" style=\"overflow: hidden;\">\n      <p>&Ouml;verl&auml;kare, Ortopedkliniken Norrk&ouml;ping.<br \/>Ansvarig protessektionen.<\/p><br\/><br\/><strong>Deltar i f\u00f6ljande:<\/strong><br>Onsdag 28\/8 08:00-08:40 - Keynote - Leo Whiteside<br\/>Onsdag 28\/8 13:00-14:20 - Vem Styr Sjukv\u00e5rden?<br\/>Tisdag 27\/8 15:45-16:05 - Hur v\u00e4ljer jag vilken patient som ska opereras?<br\/>        <\/div>\n        <\/div>\n        <\/div>\n             <hr>\n        <div class=\"row\">\n        <div class=\"col-sm-3\">\n      <img class='profile-image' src='https:\/\/aic-atlas.s3.eu-north-1.amazonaws.com\/projects\/a44f2645-f465-4d20-9d12-e82cf6d97f2d\/images\/conversions\/pxpYEBvFaxbeUAHGUTrrvCS823rpmOiIi99pQPXZ-small.jpeg'\/><br\/><b>Lovisa Andr\u00e9<\/b><br\/>        <\/div>\n        <div class=\"col-sm-9\">\n          <div class=\"read_more_div\" style=\"overflow: hidden;\">\n      <p>ST-l&auml;kare p&aring; ortopedkliniken i Eksj&ouml;. L&auml;ste l&auml;karutbildningen i Link&ouml;ping, tog examen 2014. Styrelseledamot i Epiphysen.<\/p><br\/><br\/><strong>Deltar i f\u00f6ljande:<\/strong><br>Torsdag 29\/8 15:15-16:30 - Epiphysen II - Hur ska du agera om du ser n\u00e5gon som g\u00f6r fel?<br\/>        <\/div>\n        <\/div>\n        <\/div>\n             <hr>\n        <div class=\"row\">\n        <div class=\"col-sm-3\">\n      <img class='profile-image' src='https:\/\/aic-atlas.s3.eu-north-1.amazonaws.com\/projects\/a44f2645-f465-4d20-9d12-e82cf6d97f2d\/images\/conversions\/0ehbTdCehLMZnDMpRtzoUrztUv93CpMtkj19iSO8-small.png'\/><br\/><b>Peter Axelsson<\/b><br\/>        <\/div>\n        <div class=\"col-sm-9\">\n          <div class=\"read_more_div\" style=\"overflow: hidden;\">\n      <p>&nbsp;Peter Axelsson &auml;r specialist i ortopedi och handkirurgi och &ouml;verl&auml;kare och sektionschef p&aring; handkirurgiska kliniken, Sahlgrenska Universitetsjukhuset. Han disputerade 2018 med avhandlingen &rdquo;Distal radioulnar joint: arthroplasty and strength assessment&rdquo; i vilken han studerat protesers&auml;ttning av DRU-leden samt metoder f&ouml;r utv&auml;rdering av DRU-ledsfunktion. Sedan augusti 2018 &auml;r Peter Axelsson ordf&ouml;rande i Svensk Handkirurgisk f&ouml;rening.<\/p><br\/><br\/><strong>Deltar i f\u00f6ljande:<\/strong><br>Tisdag 27\/8 14:25-14:40 - Artroplastik som salvage procedure<br\/>        <\/div>\n        <\/div>\n        <\/div>\n             <hr>\n        <div class=\"row\">\n        <div class=\"col-sm-3\">\n      <img class='profile-image' src='https:\/\/aic-atlas.s3.eu-north-1.amazonaws.com\/projects\/a44f2645-f465-4d20-9d12-e82cf6d97f2d\/images\/conversions\/7zNjmVGePGglRo97VWlwOXsqg6aSsxIDZkbWVOEB-small.jpeg'\/><br\/><b>Yvonne Axelsson<\/b><br\/>        <\/div>\n        <div class=\"col-sm-9\">\n          <div class=\"read_more_div\" style=\"overflow: hidden;\">\n      <p>Specialist i Arbetsterapi med l&aring;ng erfarenhet av Ortopedi i akutsjukv&aring;rd, verksam p&aring; Karolinska Universitetssjukhuset Solna. Arbetar med verksamhetsutveckling samt &auml;r kliniskt verksam inom Ortopedins samtliga fl&ouml;den, s&aring;v&auml;l trauma- och elektiv verksamhet som rehabilitering efter ortopediska handskador. Undervisar p&aring; arbetsterapeututbildningen, Karolinska Institutet. Har genom &aring;ren varit delaktig i n&auml;tverkstr&auml;ffar f&ouml;r arbetsterapeuter i samband med Ortopediveckan.<\/p><br\/><br\/><strong>Deltar i f\u00f6ljande:<\/strong><br>Torsdag 29\/8 10:15-11:45 - N\u00e4tverkstr\u00e4ff f\u00f6r arbetsterapeuter<br\/>        <\/div>\n        <\/div>\n        <\/div>\n             <hr>\n        <div class=\"row\">\n        <div class=\"col-sm-3\">\n      <img class='profile-image' src='https:\/\/aic-atlas.s3.eu-north-1.amazonaws.com\/projects\/a44f2645-f465-4d20-9d12-e82cf6d97f2d\/images\/conversions\/FiDPT36b4dJL6V8VLgLUVBfU2ksmkNUZnHMzc8Mu-small.jpeg'\/><br\/><b>Carl B\u00e4ckman<\/b><br\/>        <\/div>\n        <div class=\"col-sm-9\">\n          <div class=\"read_more_div\" style=\"overflow: hidden;\">\n      <p>&nbsp;Leg. Sjuksk&ouml;terska, PhD intensivv&aring;rdssjuksk&ouml;terska Vrinnevisjukhuset Norrk&ouml;ping.<\/p><br\/><br\/><strong>Deltar i f\u00f6ljande:<\/strong><br>Onsdag 28\/8 08:00-08:40 - 24 \u00e5rs erfarenheter med IVA-dagb\u00f6cker, fr\u00e5n ett lokalt projekt till internationellt arbetss\u00e4tt - Carl B\u00e4ckman<br\/>        <\/div>\n        <\/div>\n        <\/div>\n             <hr>\n        <div class=\"row\">\n        <div class=\"col-sm-3\">\n      <img class='profile-image' src='https:\/\/aic-atlas.s3.eu-north-1.amazonaws.com\/projects\/a44f2645-f465-4d20-9d12-e82cf6d97f2d\/images\/conversions\/5IbmmZdskwl9eIlUptHJyYzzmMW5gV4A8ZhqJ4Aq-small.jpeg'\/><br\/><b>Torsten Backtemann<\/b><br\/>        <\/div>\n        <div class=\"col-sm-9\">\n          <div class=\"read_more_div\" style=\"overflow: hidden;\">\n      <p>Sektionschef och &ouml;verl&auml;kare vid Barnkirurgiska kliniken, Drottning Silvias Barn- och ungdomssjukhus, SU. Specialintressen &auml;r frakturer och sm&auml;rttillst&aring;nd i extremiteter hos barn samt idrottskador hos den v&auml;xande individen.<\/p><br\/><br\/><strong>Deltar i f\u00f6ljande:<\/strong><br>Fredag 30\/8 10:20-10:35 - Femurfraktur hos barn i ton\u00e5ren - elastiska spikar eller antegrad m\u00e4rgspik?<br\/>        <\/div>\n        <\/div>\n        <\/div>\n             <hr>\n        <div class=\"row\">\n        <div class=\"col-sm-3\">\n      <img class='profile-image' src='https:\/\/appsinmed.com\/ortopediveckan2019\/wp-content\/plugins\/wordpress_plugin_authors\/img\/person_photo_missing.png'\/><br\/><b>Urban Berg<\/b><br\/>        <\/div>\n        <div class=\"col-sm-9\">\n          <div class=\"read_more_div\" style=\"overflow: hidden;\">\n      <p>&Ouml;verl&auml;kare i ortopedi vid Kung&auml;lvs sjukhus, d&auml;r han varit med om att implementera fast-track vid planerade ledplastiker.&nbsp;Har p&aring;g&aring;ende forskningsprojekt om fast-track vid h&ouml;ft- och kn&auml;protesoperationer i Sverige och planerar att disputera inom detta omr&aring;de v&aring;ren 2020.&nbsp;&nbsp;&nbsp;&nbsp;&nbsp;&nbsp;&nbsp;&nbsp;&nbsp;&nbsp;&nbsp;&nbsp;&nbsp;&nbsp;&nbsp;&nbsp;<\/p><br\/><br\/><strong>Deltar i f\u00f6ljande:<\/strong><br>Onsdag 28\/8 11:20-12:00 - H\u00f6ft- och kn\u00e4proteser - Vad har h\u00e4nt i Sverige det senaste decenniet<br\/>Onsdag 28\/8 11:20-11:30 - Bakgrund<br\/>        <\/div>\n        <\/div>\n        <\/div>\n             <hr>\n        <div class=\"row\">\n        <div class=\"col-sm-3\">\n      <img class='profile-image' src='https:\/\/aic-atlas.s3.eu-north-1.amazonaws.com\/projects\/a44f2645-f465-4d20-9d12-e82cf6d97f2d\/images\/conversions\/Ucp4PVY5TPDxLdd5bfbEHtODjtcmKV68jhWHtmXS-small.jpeg'\/><br\/><b>Mia Berg<\/b><br\/>        <\/div>\n        <div class=\"col-sm-9\">\n          <div class=\"read_more_div\" style=\"overflow: hidden;\">\n      <p>&nbsp;Anestesi-, onkologi- och sm&auml;rtsjuksk&ouml;terska. Har arbetat med sm&auml;rta i 14 &aring;r (i Stockholm och Uppsala). Arbetar framf&ouml;rallt med akut sm&auml;rtkonsultverksamhet p&aring; Akademiska sjukhuset och med utbildning (internt, externt och mot Universitet och H&ouml;gskolor)<\/p><br\/><br\/><strong>Deltar i f\u00f6ljande:<\/strong><br>Onsdag 28\/8 08:40-09:40 - Sm\u00e4rta och sm\u00e4rtbehandling f\u00f6r den ortopediska patienten - Mia Berg<br\/>        <\/div>\n        <\/div>\n        <\/div>\n             <hr>\n        <div class=\"row\">\n        <div class=\"col-sm-3\">\n      <img class='profile-image' src='https:\/\/appsinmed.com\/ortopediveckan2019\/wp-content\/plugins\/wordpress_plugin_authors\/img\/person_photo_missing.png'\/><br\/><b>Bo Berggren<\/b><br\/>        <\/div>\n        <div class=\"col-sm-9\">\n          <div class=\"read_more_div\" style=\"overflow: hidden;\">\n      <br\/><br\/><strong>Deltar i f\u00f6ljande:<\/strong><br>M\u00e5ndag 26\/8 13:50-14:30 - Diabetes och diabeteskomplikationer<br\/>        <\/div>\n        <\/div>\n        <\/div>\n             <hr>\n        <div class=\"row\">\n        <div class=\"col-sm-3\">\n      <img class='profile-image' src='https:\/\/aic-atlas.s3.eu-north-1.amazonaws.com\/projects\/a44f2645-f465-4d20-9d12-e82cf6d97f2d\/images\/conversions\/zTHtBrcecuuXXd53S4khpmeZHuYjUjrEeWvNXHSM-small.png'\/><br\/><b>Peter Bergh<\/b><br\/>        <\/div>\n        <div class=\"col-sm-9\">\n          <div class=\"read_more_div\" style=\"overflow: hidden;\">\n      <p>Peter Bergh. MD, PhD<\/p><br \/>\n<p>&nbsp;<\/p><br \/>\n<p>&Ouml;verl&auml;kare i tum&ouml;rortopedi Sahlgrenska sjukhuset G&ouml;teborg.<\/p><br\/><br\/><strong>Deltar i f\u00f6ljande:<\/strong><br>Onsdag 28\/8 13:20-13:35 - \u201dKan min ryggv\u00e4rk vara cancer?\u201d<br\/>        <\/div>\n        <\/div>\n        <\/div>\n             <hr>\n        <div class=\"row\">\n        <div class=\"col-sm-3\">\n      <img class='profile-image' src='https:\/\/aic-atlas.s3.eu-north-1.amazonaws.com\/projects\/a44f2645-f465-4d20-9d12-e82cf6d97f2d\/images\/conversions\/hJDYSg6O9w97D18QND6VeXRra0Y0JAo9aQiw9oO7-small.png'\/><br\/><b>Hanna Bj\u00f6rnsson Hallgren<\/b><br\/>        <\/div>\n        <div class=\"col-sm-9\">\n          <div class=\"read_more_div\" style=\"overflow: hidden;\">\n      <p>Universtitets&ouml;verl&auml;kare, &ouml;vreextremitetskirurg, forskningsomr&aring;de &auml;r axel och armb&aring;ge.<\/p><br\/><br\/><strong>Deltar i f\u00f6ljande:<\/strong><br>Onsdag 28\/8 14:00-15:00 - Svenska Skulder och Armb\u00e5gss\u00e4llskapet: Artroskopisk cuffsutur<br\/>        <\/div>\n        <\/div>\n        <\/div>\n             <hr>\n        <div class=\"row\">\n        <div class=\"col-sm-3\">\n      <img class='profile-image' src='https:\/\/aic-atlas.s3.eu-north-1.amazonaws.com\/projects\/a44f2645-f465-4d20-9d12-e82cf6d97f2d\/images\/conversions\/EHtNmCznBEiIfQgOCY9GmET58Yf3ewgfA0sAR9Ek-small.jpeg'\/><br\/><b>Johanna Blomstrand<\/b><br\/>        <\/div>\n        <div class=\"col-sm-9\">\n          <div class=\"read_more_div\" style=\"overflow: hidden;\">\n      <p>&nbsp;Johanna Blomstrand &auml;r Leg. Arbetsterapeut med magisterexamen, specialist i arbetsterapi, sektionsledare p&aring; Handmottagningen M&ouml;lndal, doktorand p&aring; G&ouml;teborgs Universitet, Institutionen f&ouml;r Kliniska Vetenskaper, avdelningen f&ouml;r Ortopedi. &nbsp;Johanna arbetar mycket med verksamhetsutveckling, undervisar om handrehabilitering p&aring; Arbetsterapeut-programmet i G&ouml;teborg och forskar kring kirurgiskt behandlade distala radiusfrakturer. &nbsp;Just nu &auml;r fokus i forskningen ett projekt d&auml;r de &ouml;versatt ett bed&ouml;mningsinstrument (MHQ) f&ouml;r att bed&ouml;ma handfunktion och aktivitetsf&ouml;rm&aring;ga, och ett projekt d&auml;r vi tittar p&aring; olika sm&auml;rtlindringsmetoder samt metoder f&ouml;r immobilisering (gips\/ortos) i samband med kirurgi.<\/p><br\/><br\/><strong>Deltar i f\u00f6ljande:<\/strong><br>Onsdag 28\/8 13:00-13:45 - Radiusmottagningen - Ett samlat, effektivt omh\u00e4ndertagande med \u00f6kad kvalitet f\u00f6r patienten<br\/>        <\/div>\n        <\/div>\n        <\/div>\n             <hr>\n        <div class=\"row\">\n        <div class=\"col-sm-3\">\n      <img class='profile-image' src='https:\/\/appsinmed.com\/ortopediveckan2019\/wp-content\/plugins\/wordpress_plugin_authors\/img\/person_photo_missing.png'\/><br\/><b>Lukas Bobinski<\/b><br\/>        <\/div>\n        <div class=\"col-sm-9\">\n          <div class=\"read_more_div\" style=\"overflow: hidden;\">\n      <br\/><br\/><strong>Deltar i f\u00f6ljande:<\/strong><br>Torsdag 29\/8 16:00-16:30 - Battle: F\u00f6r och emot kirurgi vid burstfrakturer?<br\/>        <\/div>\n        <\/div>\n        <\/div>\n             <hr>\n        <div class=\"row\">\n        <div class=\"col-sm-3\">\n      <img class='profile-image' src='https:\/\/aic-atlas.s3.eu-north-1.amazonaws.com\/projects\/a44f2645-f465-4d20-9d12-e82cf6d97f2d\/images\/conversions\/v3nCdL2tyOuZofmwwW8krYkiA3GZYPqSP9agvWqH-small.jpeg'\/><br\/><b>Helena Brisby<\/b><br\/>        <\/div>\n        <div class=\"col-sm-9\">\n          <div class=\"read_more_div\" style=\"overflow: hidden;\">\n      <p>Helena Brisby&nbsp;&auml;r Professor i ortopedi vid Sahlgrenska Akademin, G&ouml;teborgs Universitet sedan 2014 och f&ouml;r n&auml;rvarande Avdelningschef samt Proprefekt p&aring; Institutionen f&ouml;r kliniska vetenskaper. &nbsp;Hon &auml;r&nbsp;&ouml;verl&auml;kare&nbsp;i ryggteamet, ortopedkliniken Sahlgrenska Universitetssjukhuset sedan 2008. &nbsp;Prof. Brisby har f&ouml;rutom&nbsp;tv&aring; utlandsvistelser som fellow i USA och Australien, innefattade b&aring;de forskning och kliniskt arbete, tj&auml;nstgjort p&aring; Sahlgrenska Sjukhuset sedan b&ouml;rjan&nbsp;av 90-talet. S&aring;v&auml;l kliniskt, forskningsm&auml;ssigt&nbsp;och inom undervisning&nbsp;har hon huvudsakligen &auml;gnat sig &aring;t&nbsp;ryggkirurgi och fr&aring;gest&auml;llningar runt ryggsjukdomar, innefattande s&aring;v&auml;l diagnostik och behandling.&nbsp; Som exempel p&aring; nationella uppdrag kan n&auml;mnas att Helena Brisby var med och bildade Epifysen, har varit ordf&ouml;rande f&ouml;r Svensk ryggkirurgisk f&ouml;rening samt&nbsp; medverkar i fakulteten f&ouml;r Spine Academy.<\/p><br\/><br\/><strong>Deltar i f\u00f6ljande:<\/strong><br>Onsdag 28\/8 15:40-16:00 - Cervikaltrauma<br\/>Onsdag 28\/8 16:00-16:05 - Fall<br\/>Tisdag 27\/8 13:52-14:04 - Axial loading during MRI reveal insufficient effect of percutaneous interspinous implants on spinal canal area<br\/>        <\/div>\n        <\/div>\n        <\/div>\n             <hr>\n        <div class=\"row\">\n        <div class=\"col-sm-3\">\n      <img class='profile-image' src='https:\/\/aic-atlas.s3.eu-north-1.amazonaws.com\/projects\/a44f2645-f465-4d20-9d12-e82cf6d97f2d\/images\/conversions\/XkZ6hsIi0SvVGEfg8T8AXcB8c8frT2R67S8vQUGi-small.jpeg'\/><br\/><b>Mats Brittberg<\/b><br\/>        <\/div>\n        <div class=\"col-sm-9\">\n          <div class=\"read_more_div\" style=\"overflow: hidden;\">\n      <p>&nbsp;Professor, Adjungerad vid G&ouml;teborgs Universitet, &Ouml;verl&auml;kare Region Hallands Ortopedi, Hallands Sjukhus Kungsbacka. Spec i Ortopedi &nbsp;sedan 1986. Klinisk profil: Klinisk v&auml;vnadsregeneration med spec. inriktning p&aring; broskskador samt komplexa led-sm&auml;rt tillst&aring;nd framf&ouml;r allt kn&auml; och fotled. Chefredakt&ouml;r f&ouml;r CARTILAGE. Past-president ICRS.<\/p><br\/><br\/><strong>Deltar i f\u00f6ljande:<\/strong><br>Torsdag 29\/8 08:00-09:20 - Svensk Artroskopisk F\u00f6rening: Menisksubstitution - Karl Eriksson och Mats Brittberg<br\/>Torsdag 29\/8 08:30-08:55 - Artificiella menisksubstitut; typer, indikationer och kliniska resultat<br\/>        <\/div>\n        <\/div>\n        <\/div>\n             <hr>\n        <div class=\"row\">\n        <div class=\"col-sm-3\">\n      <img class='profile-image' src='https:\/\/aic-atlas.s3.eu-north-1.amazonaws.com\/projects\/a44f2645-f465-4d20-9d12-e82cf6d97f2d\/images\/conversions\/Zi3NMHYdf225jJLojHrCbyg7NFuojELqSyEguzgp-small.jpeg'\/><br\/><b>Annelie Brorsson<\/b><br\/>        <\/div>\n        <div class=\"col-sm-9\">\n          <div class=\"read_more_div\" style=\"overflow: hidden;\">\n      <p>&nbsp;Annelie Brorsson har arbetat som fysioterapeut i &ouml;ver 30 &aring;r och hennes fokus som kliniker &auml;r ortopedi med ett s&auml;rskilt intresse f&ouml;r h&auml;lsenans och fotens skador och sjukdomar. Sedan 2008 &auml;r hon specialist i idrottsmedicin. Hon disputerade 2017 vid G&ouml;teborgs universitet med avhandlingen &ldquo;Acute Achilles tendon rupture: The impact of calf muscle performance on function and recovery&rdquo;. F&ouml;r n&auml;rvarande kombinerar hon sin kliniska anst&auml;llning p&aring; IFK Kliniken Rehab i G&ouml;teborg med forskning vid avdelningen f&ouml;r ortopedi vid G&ouml;teborgs universitet d&auml;r fokus ligger p&aring; rehabilitering och utv&auml;rdering efter senskador i nedre extremitet. Annelie har varit medf&ouml;rfattare i 13 artiklar som publicerats i vetenskapliga tidskrifter och ocks&aring; medf&ouml;rfattare i flera bokkapitel.<\/p><br\/><br\/><strong>Deltar i f\u00f6ljande:<\/strong><br>Torsdag 29\/8 10:15-10:45 - Akillessenerupturer<br\/>        <\/div>\n        <\/div>\n        <\/div>\n             <hr>\n        <div class=\"row\">\n        <div class=\"col-sm-3\">\n      <img class='profile-image' src='https:\/\/appsinmed.com\/ortopediveckan2019\/wp-content\/plugins\/wordpress_plugin_authors\/img\/person_photo_missing.png'\/><br\/><b>Ghazi Chammout<\/b><br\/>        <\/div>\n        <div class=\"col-sm-9\">\n          <div class=\"read_more_div\" style=\"overflow: hidden;\">\n      <br\/><br\/><strong>Deltar i f\u00f6ljande:<\/strong><br>Torsdag 29\/8 15:55-16:10 - Val av behandlingsmetod vid felst\u00e4lld l\u00e5rbenshalsfraktur<br\/>        <\/div>\n        <\/div>\n        <\/div>\n             <hr>\n        <div class=\"row\">\n        <div class=\"col-sm-3\">\n      <img class='profile-image' src='https:\/\/aic-atlas.s3.eu-north-1.amazonaws.com\/projects\/a44f2645-f465-4d20-9d12-e82cf6d97f2d\/images\/conversions\/tlYODwzpzYZbbgfOiJ9zTvVjP1zAAqJ0UcgZ4l9F-small.jpeg'\/><br\/><b>Maria C\u00f6ster<\/b><br\/>        <\/div>\n        <div class=\"col-sm-9\">\n          <div class=\"read_more_div\" style=\"overflow: hidden;\">\n      <p>&Ouml;verl&auml;kare i ortopedi p&aring; SUS &nbsp;Malm&ouml; och p&aring; Capio Movement. &nbsp;Leg sjukgymnast. Stort intresse f&ouml;r neuroortopedi, den &rdquo;neurologiska foten&rdquo; och f&ouml;r komplexa deformiteter i fot\/fotled. &nbsp;Arrang&ouml;r av &nbsp;kurser f&ouml;r ST-l&auml;kare, fysioterapeuter och specialistl&auml;kare inom omr&aring;det fot- och fotledskirurgi och fungerar som mentor f&ouml;r flera fot-och fotledskirurger i landet. Disputerade 2015 med avhandlingen &rdquo;SEFAS-the Self-reported Foot and Ankle Score&rdquo; vid Lunds universitet. Varit sekreterare och ordf&ouml;rande i Svenska fotkirurgiska s&auml;llskapet och ledamot i EFAS (European Foot and Ankle Society) styrelse. &nbsp;&Auml;r registerh&aring;llare f&ouml;r det nationella fot-och fotledsregistret Riksfot.<\/p><br\/><br\/><strong>Deltar i f\u00f6ljande:<\/strong><br>Torsdag 29\/8 13:50-15:10 - Plattfotskirurgi - Var, n\u00e4r, hur och var?<br\/>Torsdag 29\/8 08:10-08:35 - Biomekanik -Vad h\u00e4nder med belastningen n\u00e4r det g\u00e5r snett?<br\/>Torsdag 29\/8 13:50-13:55 - Inledning<br\/>        <\/div>\n        <\/div>\n        <\/div>\n             <hr>\n        <div class=\"row\">\n        <div class=\"col-sm-3\">\n      <img class='profile-image' src='https:\/\/aic-atlas.s3.eu-north-1.amazonaws.com\/projects\/a44f2645-f465-4d20-9d12-e82cf6d97f2d\/images\/conversions\/oODdqEjDw6Bq2HLgQ6cTXqXzssKRnBaxIpRTf33s-small.png'\/><br\/><b>Bj\u00f6rn Cratz<\/b><br\/>        <\/div>\n        <div class=\"col-sm-9\">\n          <div class=\"read_more_div\" style=\"overflow: hidden;\">\n      <p>&nbsp;Bj&ouml;rn Cratz, Leg. Fysioterapeut, MSc. Arbetar p&aring; Aktiva Rehab samt p&aring; Motions och Idrottsskadeenheten, Link&ouml;ping. Undervisar i muskuloskeletal ultraljudsdiagostik och &auml;r l&auml;rare p&aring; frist&aring;ende kursen medicinsk bildvetenskap f&ouml;r det muskuloskeletala systemet p&aring; Link&ouml;pings Universitet. Bj&ouml;rn har examen i ortopedisk manuell terapi (Perth, Australia), examen i ultraljudsdiagnostik samt &auml;r certifierad idrottskadefysioterapeut.<\/p><br\/><br\/><strong>Deltar i f\u00f6ljande:<\/strong><br>Onsdag 28\/8 10:55-11:10 - Muskuloskeletalt ultraljud: enkel metod f\u00f6r diagnostik och intervention?<br\/>        <\/div>\n        <\/div>\n        <\/div>\n             <hr>\n        <div class=\"row\">\n        <div class=\"col-sm-3\">\n      <img class='profile-image' src='https:\/\/aic-atlas.s3.eu-north-1.amazonaws.com\/projects\/a44f2645-f465-4d20-9d12-e82cf6d97f2d\/images\/conversions\/oqi6y4TnyUuMz3j3qC3RSQu3Q5v8BuvNxnZrlcvA-small.jpeg'\/><br\/><b>Leif Dahlberg<\/b><br\/>        <\/div>\n        <div class=\"col-sm-9\">\n          <div class=\"read_more_div\" style=\"overflow: hidden;\">\n      <p>&nbsp;Professor i ortopedi, Chef Avdelningen f&ouml;r Ortopedi samt Lund OsteoArthritis Division - From molecule to clinical implementation. Lunds Universitet<br \/>En av grundarna av BOA-registret (B&auml;ttre Omh&auml;ndertagande av patienter med Artros, www.boaregistret.se) vars forskning ligger till grund f&ouml;r Socialstyrelsens Riktlinjer f&ouml;r r&ouml;relseorganens sjukdomar. Leder forskningsgrupp i arbetet kring fysiologi och patogenes vid artros med m&aring;l att p&aring; b&auml;sta s&auml;tt ge patienter med ledbesv&auml;r evidensbaserade r&aring;d och rehabiliteringsstrategier som minskar risken f&ouml;r progredierande ledsjukdom och protesbehov. Det handlar om att ge r&auml;tt r&aring;d till r&auml;tt patient vid r&auml;tt tidpunkt.<\/p><br\/><br\/><strong>Deltar i f\u00f6ljande:<\/strong><br>Onsdag 28\/8 08:30-09:00 - Vilka \u00e4r de unga artrospatienterna?  \u00c4r de hj\u00e4lpta av artroskopier\/artroplastiker?<br\/>Torsdag 29\/8 14:12-14:18 - Better management of patients with osteoarthritis (BOA), outcomes after evidence based education and exercise delivered nationwide in Sweden.<br\/>Torsdag 29\/8 14:18-14:24 - DIGITAL OA TREATMENT \u2013 EFFECTS ON PAIN AFTER 6 MONTHS OF ADHERENCE<br\/>        <\/div>\n        <\/div>\n        <\/div>\n             <hr>\n        <div class=\"row\">\n        <div class=\"col-sm-3\">\n      <img class='profile-image' src='https:\/\/aic-atlas.s3.eu-north-1.amazonaws.com\/projects\/a44f2645-f465-4d20-9d12-e82cf6d97f2d\/images\/conversions\/nhF3oVbtEgJ2pGjf0q00kseLquISKLYrucUTdGLW-small.png'\/><br\/><b>Carl Ekholm<\/b><br\/>        <\/div>\n        <div class=\"col-sm-9\">\n          <div class=\"read_more_div\" style=\"overflow: hidden;\">\n      <p>Carl Ekholm har ett m&aring;ng&aring;rigt intresse f&ouml;r trauma, s&auml;rskilt &ouml;vre extremitetens. Han &auml;r docent och sektionschef f&ouml;r &ouml;vre extremitetens frakturkirurgi och artroplastik p&aring; Sahlgrenska Universitetssjukhuset samt &auml;r m&aring;ng&aring;rig fakultetsmedlem i AO inkl. AOs internationella fakultet. Han &auml;r &auml;ven medgrundare av Svenska frakturregistret och medf&ouml;rfattare till SBU-rapporten (nr 262, Behandling av armfraktur hos &auml;ldre).<\/p><br\/><br\/><strong>Deltar i f\u00f6ljande:<\/strong><br>M\u00e5ndag 26\/8 10:00-17:00 - Kurs: Frakturbehandling i Underarm och Handled<br\/>M\u00e5ndag 26\/8 10:00-17:00 - Kurs: Frakturbehandling i Underarm och Handled<br\/>Onsdag 28\/8 09:00-09:30 - Bakjoursskolan<br\/>Onsdag 28\/8 10:55-11:05 - Vilka typer av frakturer b\u00f6r inte opereras med volar platta<br\/>        <\/div>\n        <\/div>\n        <\/div>\n             <hr>\n        <div class=\"row\">\n        <div class=\"col-sm-3\">\n      <img class='profile-image' src='https:\/\/aic-atlas.s3.eu-north-1.amazonaws.com\/projects\/a44f2645-f465-4d20-9d12-e82cf6d97f2d\/images\/conversions\/4aIbWkfDfN0wBFnHtvtYJrWmXhwqD5Lx6c5fVPpf-small.png'\/><br\/><b>Anna Ekman<\/b><br\/>        <\/div>\n        <div class=\"col-sm-9\">\n          <div class=\"read_more_div\" style=\"overflow: hidden;\">\n      <p>&Ouml;verl&auml;kare, Med. Dr. Arbetar&nbsp;p&aring; traumasektionen p&aring; S&ouml;dersjukhuset, Stockholm. Intresseomr&aring;den: &Ouml;vre och nedre extremitetsfrakturer.<\/p><br\/><br\/><strong>Deltar i f\u00f6ljande:<\/strong><br>Tisdag 27\/8 08:00-12:00 - Kurs: Ledn\u00e4ra tibiafrakturer<br\/>Torsdag 29\/8 13:00-16:30 - Svenska OrtopedTraumatologiska S\u00e4llskapet - Armb\u00e5gsfrakturer - G\u00f6r det sv\u00e5ra l\u00e4tt(are)?<br\/>Onsdag 28\/8 14:00-15:00 - Postervandring \u00d6vre\/rygg\/trauma\/kn\u00e4<br\/>        <\/div>\n        <\/div>\n        <\/div>\n             <hr>\n        <div class=\"row\">\n        <div class=\"col-sm-3\">\n      <img class='profile-image' src='https:\/\/aic-atlas.s3.eu-north-1.amazonaws.com\/projects\/a44f2645-f465-4d20-9d12-e82cf6d97f2d\/images\/conversions\/E3PcDOtD0G94vHXxcDdaKRQirdrMjxgwmF8benQn-small.jpeg'\/><br\/><b>Cecilia Elam<\/b><br\/>        <\/div>\n        <div class=\"col-sm-9\">\n          <div class=\"read_more_div\" style=\"overflow: hidden;\">\n      <p>&nbsp;Som sjukgymnast p&aring; Sahlgrenska Universitetssjukhuset har jag f&ouml;rm&aring;nen att arbeta och specialisera mig i ett s&aring; smalt omr&aring;de som FOTEN och hur den fungerar ihop med resten av nerv-muskelkedjan. Tillsammans med n&aring;gra av Sveriges b&auml;sta ortopediska kirurger p&aring; f&auml;ltet jobbar jag med pre-hab och re-hab f&ouml;re och efter kirurgi i foten. I mitt forskningsomr&aring;de unders&ouml;ker jag i vilken utstr&auml;ckning en av v&aring;ra st&ouml;rsta hot mot utvecklingen i folkh&auml;lsan, inaktivitet, har p&aring; maximal strech-shortening muskelkraft hos &auml;ldre, och om tr&auml;ning (huvudsakligen i form av explosiv styrketr&auml;ning) verkar stimulera neuromuskul&auml;r funktion och resulterar i bevarande och\/ eller nybildande av muskelmassa vid &aring;lderdom.<\/p><br\/><br\/><strong>Deltar i f\u00f6ljande:<\/strong><br>Torsdag 29\/8 14:25-14:40 - Foten \u00e4r roten- neuromuskul\u00e4r optimering, pre-hab och re-hab<br\/>        <\/div>\n        <\/div>\n        <\/div>\n             <hr>\n        <div class=\"row\">\n        <div class=\"col-sm-3\">\n      <img class='profile-image' src='https:\/\/aic-atlas.s3.eu-north-1.amazonaws.com\/projects\/a44f2645-f465-4d20-9d12-e82cf6d97f2d\/images\/conversions\/HTy0Q1o8I4HDNqfcJORqHtALKAX2pdxPRFBi4hHK-small.jpeg'\/><br\/><b>Pernilla Eliasson<\/b><br\/>        <\/div>\n        <div class=\"col-sm-9\">\n          <div class=\"read_more_div\" style=\"overflow: hidden;\">\n      <p>&nbsp;Mitt namn &auml;r Pernilla Eliasson och jag &auml;r bitr&auml;dande lektor och docent i experimentell ortopedi. Min forskning &auml;r fokuserad p&aring; senl&auml;kning framf&ouml;r allt l&auml;kningen av h&auml;lseneskador - hur det g&aring;r till och hur kan vi f&ouml;rb&auml;ttra l&auml;kningen. Jag bedriver b&aring;de kliniska och experimentella studier och jag har under en l&aring;ng tid f&ouml;rs&ouml;kt f&ouml;rst&aring; hur senan l&auml;ker ihop och hur man kan anv&auml;nda belastning f&ouml;r att f&ouml;rb&auml;ttra l&auml;kningen.&nbsp;<\/p><br\/><br\/><strong>Deltar i f\u00f6ljande:<\/strong><br>Onsdag 28\/8 13:15-13:30 - Om forskningen i Link\u00f6ping med fokus p\u00e5 effekten av mekanisk stimulering av den l\u00e4kande sena<br\/>        <\/div>\n        <\/div>\n        <\/div>\n             <hr>\n        <div class=\"row\">\n        <div class=\"col-sm-3\">\n      <img class='profile-image' src='https:\/\/aic-atlas.s3.eu-north-1.amazonaws.com\/projects\/a44f2645-f465-4d20-9d12-e82cf6d97f2d\/images\/conversions\/0OUCGO6VrZacCD20aJXb2q2pwuDhQ0LXVqMXoNSx-small.jpeg'\/><br\/><b>Torkel Engstr\u00f6m<\/b><br\/>        <\/div>\n        <div class=\"col-sm-9\">\n          <div class=\"read_more_div\" style=\"overflow: hidden;\">\n      <p>Leg. Fysioterapeut. Arbetar kliniskt inom prim&auml;rv&aring;rd i Rehab &Ouml;st samt Motions- och Idrottsskadeenheten i Norrk&ouml;ping. Fler&aring;rig erfarenhet av implementering av Artrosskola inom Region &Ouml;sterg&ouml;tland samt tidigare arbetat som klinisk representant vid utbildningar inom BOA-registret. Sedan n&aring;gra &aring;r arbetat mer riktat mot yngre och idrottsaktiva patienter med artrosrelaterade besv&auml;r.<\/p><br\/><br\/><strong>Deltar i f\u00f6ljande:<\/strong><br>Onsdag 28\/8 08:00-09:30 - Artrosskola f\u00f6r unga<br\/>        <\/div>\n        <\/div>\n        <\/div>\n             <hr>\n        <div class=\"row\">\n        <div class=\"col-sm-3\">\n      <img class='profile-image' src='https:\/\/aic-atlas.s3.eu-north-1.amazonaws.com\/projects\/a44f2645-f465-4d20-9d12-e82cf6d97f2d\/images\/conversions\/G4EA9C1RHp5ePDwxCRRfefE1SwErbN28capcakB5-small.jpeg'\/><br\/><b>Gunnar Enlund<\/b><br\/>        <\/div>\n        <div class=\"col-sm-9\">\n          <div class=\"read_more_div\" style=\"overflow: hidden;\">\n      <p>Gunnar Enlund &auml;r specialist inom Anestesi- och Intensivv&aring;rd sedan 1984. Arbetat p&aring; Vrinnevisjukhuset&nbsp; och universitetssjukhuset i Link&ouml;ping i m&aring;nga &aring;r. Arbetar nu som &ouml;verl&auml;kare vid AnOpIva, Akademiska sjukhuset, Uppsala sedan 2005. Haft olika chefstj&auml;nster p&aring; operationsavdelningar i Norrk&ouml;ping, Link&ouml;ping och Uppsala i totalt 16 &aring;r.&nbsp;S&ouml;ver p&aring; OP&Ouml;-op, Akademiska sedan 7 &aring;r tillbaka.&nbsp; Arrangerat &aring;rlig&nbsp;kurs i SFAIs delf&ouml;rening f&ouml;r Operationsledning 12 &aring;r i rad. Startade den nationella kvalitetsregistret SPOR, Svenskt PeriOperativt Register 2011, och &auml;r bitr&auml;dande registerh&aring;llare.<\/p><br\/><br\/><strong>Deltar i f\u00f6ljande:<\/strong><br>Fredag 30\/8 10:15-11:15 - Sp\u00e5r- och SPOR-barhet i kvalitetsregistren?<br\/>        <\/div>\n        <\/div>\n        <\/div>\n             <hr>\n        <div class=\"row\">\n        <div class=\"col-sm-3\">\n      <img class='profile-image' src='https:\/\/aic-atlas.s3.eu-north-1.amazonaws.com\/projects\/a44f2645-f465-4d20-9d12-e82cf6d97f2d\/images\/conversions\/BZiYhH5VQrzESTeu8fqzbBxnKErRYttwB2GOOqxw-small.png'\/><br\/><b>Erik Erichsen<\/b><br\/>        <\/div>\n        <div class=\"col-sm-9\">\n          <div class=\"read_more_div\" style=\"overflow: hidden;\">\n      <p>&nbsp;REBELLKIURGEN. Kom och lyssna p&aring; den svensk\/danska ortoped\/kirurg som under m&aring;nga arbetade i tredje v&auml;rlden under ofattbara enkla f&ouml;rh&aring;llanden. N&ouml;den tvingade honom att anv&auml;nda saker som cykelekrar, slangkl&auml;mmor, h&aring;rband, tr&auml;pinnar, fiskelina, soppslev och cykelpumper ink&ouml;pt p&aring; den lokala marknaden eller p&aring; Biltema.&nbsp;<\/p><br\/><br\/><strong>Deltar i f\u00f6ljande:<\/strong><br>Onsdag 28\/8 15:45-16:45 - Rebellkirurgen - Erik Erichsen<br\/>        <\/div>\n        <\/div>\n        <\/div>\n             <hr>\n        <div class=\"row\">\n        <div class=\"col-sm-3\">\n      <img class='profile-image' src='https:\/\/aic-atlas.s3.eu-north-1.amazonaws.com\/projects\/a44f2645-f465-4d20-9d12-e82cf6d97f2d\/images\/conversions\/ahxsD48bQdr0MgRUuGYkWaWgBpA1Xiq91n3qJxxO-small.jpeg'\/><br\/><b>Karl Eriksson<\/b><br\/>        <\/div>\n        <div class=\"col-sm-9\">\n          <div class=\"read_more_div\" style=\"overflow: hidden;\">\n      <p>&nbsp;Docent &Ouml;L, S&ouml;dersjukhuset, Karolinska Institutet, Stockholm&uml; Spec i Ortopedi sedan 1994. Klinisk profil: allehanda kn&auml;kirurgi ( artroskopisk och &ouml;ppen inkl proteser o revisioner) Ing&aring;r i &nbsp;styrelsen f&ouml;r svenska korsbandsregistret Medlem ACL study group, ISAKOS, ESSKA, Australian Knee Society mm Alt. Docent i ortopedi vid Karolinska Institutet och &ouml;verl&auml;kare vid ortopedkliniken S&ouml;dersjukhuset Stockholm. Hans kliniska profil &auml;r &rdquo;multimodal&rdquo; kn&auml;kirurgi, s&aring;v&auml;l artroskopisk (korsband, menisk, brosk, multiskador) som &ouml;ppen (skelett och mjukdelstrauma, rekonstruktioner, osteotomier och proteskirurgi). Han har skrivit mer &auml;n 30 vetenskapliga artiklar, flera bokkapitel inom ortopedi och idrottsmedicin. Han ing&aring;r i editorial board f&ouml;r Knee Surgery Sports Traumatology Arthroscopy liksom i styrelsen f&ouml;r Svenska korsbandsregistret. Han &auml;r &auml;ven internationellt engagerad och medlem i ACL study group, Australian Knee Society, ESSKA och ISAKOS. Han &auml;r ledamot i &rdquo;ESSKA Knee committee&rdquo; och vice orf&ouml;rande i &rdquo;ISAKOS Sports medicine and knee preservation committee&rdquo;. Han har tidigare varit engagerad som landslagsl&auml;kare i Svenska skidlandslaget i 10 &aring;r och elitfotbollsl&auml;kare i mer &auml;n 20 &aring;r<\/p><br\/><br\/><strong>Deltar i f\u00f6ljande:<\/strong><br>Torsdag 29\/8 08:00-09:20 - Svensk Artroskopisk F\u00f6rening: Menisksubstitution - Karl Eriksson och Mats Brittberg<br\/>Fredag 30\/8 08:00-09:30 - Korsbandskirurgin i perspektiv<br\/>Torsdag 29\/8 08:00-08:30 - Menisktransplantation\/substitution med  autologt Semitendinosus graft, tidiga erfarenheter fr\u00e5n en prospektiv kohortstudie<br\/>Onsdag 28\/8 14:00-15:00 - Postervandring \u00d6vre\/rygg\/trauma\/kn\u00e4<br\/>        <\/div>\n        <\/div>\n        <\/div>\n             <hr>\n        <div class=\"row\">\n        <div class=\"col-sm-3\">\n      <img class='profile-image' src='https:\/\/aic-atlas.s3.eu-north-1.amazonaws.com\/projects\/a44f2645-f465-4d20-9d12-e82cf6d97f2d\/images\/conversions\/GuPyFSCr52ReHxMy9uF1whNe7zyOEeFdwrz5s3tm-small.png'\/><br\/><b>Anna Fahlgren<\/b><br\/>        <\/div>\n        <div class=\"col-sm-9\">\n          <div class=\"read_more_div\" style=\"overflow: hidden;\">\n      <p>Bitr&auml;dande professor och Docent i Experimentell Ortopedi, Avdelningen f&ouml;r Cellbiologi, Link&ouml;pings Universitet. Forskningsansvarig f&ouml;r experimentell ortopedi. Min forskning fokuserad p&aring; proteslossning och frakturl&auml;kning.&nbsp;Vi unders&ouml;ker hur mekaniska krafter kan inducera nedbrytning av skelettet och orsaka proteslossning. Vi f&ouml;rs&ouml;ker s&auml;rskilja belastning som &auml;r bra f&ouml;r uppbyggnad samt belastning som f&aring;r cellerna att vilja bryta ned skelettet. Vi studerar &auml;ven hur olika l&auml;kemedel kan p&aring;verka frakturl&auml;kning inom b&aring;de kortikalt och spongi&ouml;st ben.<\/p><br\/><br\/><strong>Deltar i f\u00f6ljande:<\/strong><br>M\u00e5ndag 26\/8 17:00-17:40 - Benbiologi<br\/>        <\/div>\n        <\/div>\n        <\/div>\n             <hr>\n        <div class=\"row\">\n        <div class=\"col-sm-3\">\n      <img class='profile-image' src='https:\/\/aic-atlas.s3.eu-north-1.amazonaws.com\/projects\/a44f2645-f465-4d20-9d12-e82cf6d97f2d\/images\/conversions\/R5LZRzYqNgHjUyRRd5DqmnnKmkogMHeT2K3fimRq-small.png'\/><br\/><b>Simon Farnebo<\/b><br\/>        <\/div>\n        <div class=\"col-sm-9\">\n          <div class=\"read_more_div\" style=\"overflow: hidden;\">\n      <p>Simon Farnebo &auml;r docent i handkirurgi vid Universitetssjukhuset i Link&ouml;ping. Hans huvudsakliga kliniska intresseomr&aring;de &auml;r handledsskador och han bedriver &auml;ven ett flertal forskningsstudier kring patienter med handledsskada.<\/p><br\/><br\/><strong>Deltar i f\u00f6ljande:<\/strong><br>Tisdag 27\/8 13:40-15:00 - Ligamentskador i handleden<br\/>Tisdag 27\/8 13:40-13:55 - Anatomi, basal biomekanik i handleden<br\/>        <\/div>\n        <\/div>\n        <\/div>\n             <hr>\n        <div class=\"row\">\n        <div class=\"col-sm-3\">\n      <img class='profile-image' src='https:\/\/aic-atlas.s3.eu-north-1.amazonaws.com\/projects\/a44f2645-f465-4d20-9d12-e82cf6d97f2d\/images\/conversions\/4oy1F90yn3NsXhJOZekGktrYIpidVt4KMXDtuUkz-small.jpeg'\/><br\/><b>Li Fell\u00e4nder-Tsai<\/b><br\/>        <\/div>\n        <div class=\"col-sm-9\">\n          <div class=\"read_more_div\" style=\"overflow: hidden;\">\n      <p>&nbsp;Svenska L&auml;kares&auml;llskapets (SLS) kommitt&eacute; f&ouml;r medicinsk kvalitet<\/p><br\/><br\/><strong>Deltar i f\u00f6ljande:<\/strong><br>Fredag 30\/8 10:15-11:15 - Sp\u00e5r- och SPOR-barhet i kvalitetsregistren?<br\/>Fredag 30\/8 08:40-08:50 - Ekonomiska incitament: privatisering och p\u00e5verkan fr\u00e5n industrin<br\/>Onsdag 28\/8 16:09-16:21 - Trends in the Use of Knee Arthroscopies in Sweden 2002-2016 \u2013 A Population-based Nationwide Study<br\/>Torsdag 29\/8 09:10-09:18 - Finite Element Analysis of an Osseointegrated Transfemoral Implant: Identification of how the Length of Implant Affects the Stress Distribution in Cortical Bone and Implant<br\/>Torsdag 29\/8 14:36-14:42 - Growth Differentiation Factor (GDF-7) promotes multiple-lineage differentiation in tenogenic cultures of mesenchymal stem cells.<br\/>        <\/div>\n        <\/div>\n        <\/div>\n             <hr>\n        <div class=\"row\">\n        <div class=\"col-sm-3\">\n      <img class='profile-image' src='https:\/\/aic-atlas.s3.eu-north-1.amazonaws.com\/projects\/a44f2645-f465-4d20-9d12-e82cf6d97f2d\/images\/conversions\/BZwRUciGkYqOvMqAfO0giiYqaqfF1aO8jMtm37Sw-small.jpeg'\/><br\/><b>Johan Fintland<\/b><br\/>        <\/div>\n        <div class=\"col-sm-9\">\n          <div class=\"read_more_div\" style=\"overflow: hidden;\">\n      <p>&nbsp;Johan Fintland, &ouml;verl&auml;kare Ortopedkliniken M&ouml;lndal\/Sahlgrenska Universitetssjukhuset, Fotkirurg. Specialist i ortopedisk kirurgi 2007. G&ouml;r supramalleolara tibiaostetomier sedan 2012, fotledsproteser sedan 2015. Specialintresserad av fotledsartros och st&ouml;rre fottraumatologiska skador. Fakultet vid kursen &rdquo;Fotkirurgiska tekniker&rdquo; i G&ouml;teborg samt p&aring; Foot and Ankle Academy.\"&nbsp;&nbsp;<\/p><br\/><br\/><strong>Deltar i f\u00f6ljande:<\/strong><br>Tisdag 27\/8 13:40-15:00 - Svenska Fots\u00e4llskapet - Artros, protes, artrodes<br\/>        <\/div>\n        <\/div>\n        <\/div>\n             <hr>\n        <div class=\"row\">\n        <div class=\"col-sm-3\">\n      <img class='profile-image' src='https:\/\/aic-atlas.s3.eu-north-1.amazonaws.com\/projects\/a44f2645-f465-4d20-9d12-e82cf6d97f2d\/images\/conversions\/9KlKK9KsKBSICWpgCEngHDYZSAWvKGzXwOrKRelD-small.png'\/><br\/><b>Per Flink<\/b><br\/>        <\/div>\n        <div class=\"col-sm-9\">\n          <div class=\"read_more_div\" style=\"overflow: hidden;\">\n      <p>Gipstekniker p&aring; Sk&aring;nes Universitetssjukhus sedan &ouml;ver 40 &aring;r.<\/p><br \/>\n<p>Ansvarig f&ouml;r den nordiska gipsteknikerutbildningen via Lunds Universitet.<\/p><br \/>\n<p>Specialiserad inom behandling av diabetesfots&aring;r i samarbete med Endokrinologiska kliniken i Malm&ouml;.<\/p><br \/>\n<p>En av grundarna till gipsv&auml;gledningsprogrammet f&ouml;r att kunna kvalitetss&auml;kra gipstekniken .<\/p><br\/><br\/><strong>Deltar i f\u00f6ljande:<\/strong><br>Tisdag 27\/8 15:45-16:45 - Gipsteknik - Per Flink<br\/>Tisdag 27\/8 08:00-12:00 - Kurs: Avancerad Gipsteknik<br\/>        <\/div>\n        <\/div>\n        <\/div>\n             <hr>\n        <div class=\"row\">\n        <div class=\"col-sm-3\">\n      <img class='profile-image' src='https:\/\/aic-atlas.s3.eu-north-1.amazonaws.com\/projects\/a44f2645-f465-4d20-9d12-e82cf6d97f2d\/images\/conversions\/QLuVLfwyRwNokaFqp9nyXqzRJYyyFXO6kjx4S1Pq-small.jpeg'\/><br\/><b>Marie Flink<\/b><br\/>        <\/div>\n        <div class=\"col-sm-9\">\n          <div class=\"read_more_div\" style=\"overflow: hidden;\">\n      <p>Marie Flink har arbetat som sjukgymnast i &ouml;ver 20 &aring;r. Hon har en magisterexamen och specialistkompetens inom Prim&auml;r h&auml;lso- och sjukv&aring;rd. Under fem &aring;r var Marie delaktig i att bygga upp en verksamhet vid ortopedklinik, Akademiska sjukhuset d&auml;r sjukgymnasten &auml;r f&ouml;rsta instans vid ryggkirurgiska bed&ouml;mningar. Hon var med fr&aring;n projekt till etablerad verksamhet, framf&ouml;rallt som klinisk sjukgymnast, men &auml;ven som gruppchef.<\/p><br \/>\n<p>&nbsp;<\/p><br \/>\n<p>Marie arbetar nu som sjukgymnast vid &Aring;rsta V&aring;rdcentral, Region Uppsala.<\/p><br\/><br\/><strong>Deltar i f\u00f6ljande:<\/strong><br>Torsdag 29\/8 08:30-09:00 - Bed\u00f6mning av ryggpatienter<br\/>        <\/div>\n        <\/div>\n        <\/div>\n             <hr>\n        <div class=\"row\">\n        <div class=\"col-sm-3\">\n      <img class='profile-image' src='https:\/\/aic-atlas.s3.eu-north-1.amazonaws.com\/projects\/a44f2645-f465-4d20-9d12-e82cf6d97f2d\/images\/conversions\/MTiJmfYVeR1aeunZ9W1LHqspfjbWA80hawlnZPVm-small.jpeg'\/><br\/><b>Peter F\u00f6rsth<\/b><br\/>        <\/div>\n        <div class=\"col-sm-9\">\n          <div class=\"read_more_div\" style=\"overflow: hidden;\">\n      <table border=\"0\" width=\"521\" cellspacing=\"0\" cellpadding=\"0\"><br \/>\n<tbody><br \/>\n<tr><br \/>\n<td class=\"xl63\" width=\"521\" height=\"60\">&Ouml;verl&auml;kare, Med Dr, specialist i ortopedi med inriktning ryggkirurgi. Chef f&ouml;r ryggkirurgiska sektionen vid ortopedkliniken, Akademiska sjukhuset. Disputerad med en avhandling om kirurgi vid spinal stenos.&nbsp;<\/td><br \/>\n<\/tr><br \/>\n<\/tbody><br \/>\n<\/table><br\/><br\/><strong>Deltar i f\u00f6ljande:<\/strong><br>Torsdag 29\/8 08:30-09:00 - Bed\u00f6mning av ryggpatienter<br\/>        <\/div>\n        <\/div>\n        <\/div>\n             <hr>\n        <div class=\"row\">\n        <div class=\"col-sm-3\">\n      <img class='profile-image' src='https:\/\/appsinmed.com\/ortopediveckan2019\/wp-content\/plugins\/wordpress_plugin_authors\/img\/person_photo_missing.png'\/><br\/><b>Maria Fr\u00f6din<\/b><br\/>        <\/div>\n        <div class=\"col-sm-9\">\n          <div class=\"read_more_div\" style=\"overflow: hidden;\">\n      <p>&nbsp;Specialistsjuksk&ouml;terska inom anestesi och intensivv&aring;rd, Master i omv&aring;rdnad, doktorand sedan 2016 vid G&ouml;teborgs Universitet, V&aring;rdvetenskap och h&auml;lsa. &nbsp; Har som forskningsomr&aring;de; Implementering av preventiva &aring;tg&auml;rder f&ouml;r att minska v&aring;rdrelaterade infektioner och bl&aring;sskador inom ortopedisk verksamhet.&nbsp;&nbsp;<\/p><br\/><br\/><strong>Deltar i f\u00f6ljande:<\/strong><br>Torsdag 29\/8 08:00-09:00 - Safe bladder projektet - Maria Fr\u00f6din<br\/>        <\/div>\n        <\/div>\n        <\/div>\n             <hr>\n        <div class=\"row\">\n        <div class=\"col-sm-3\">\n      <img class='profile-image' src='https:\/\/appsinmed.com\/ortopediveckan2019\/wp-content\/plugins\/wordpress_plugin_authors\/img\/person_photo_missing.png'\/><br\/><b>Sara Gadestam<\/b><br\/>        <\/div>\n        <div class=\"col-sm-9\">\n          <div class=\"read_more_div\" style=\"overflow: hidden;\">\n      <br\/><br\/><strong>Deltar i f\u00f6ljande:<\/strong><br>Tisdag 27\/8 13:40-15:00 - Missn\u00f6jda patienter<br\/>        <\/div>\n        <\/div>\n        <\/div>\n             <hr>\n        <div class=\"row\">\n        <div class=\"col-sm-3\">\n      <img class='profile-image' src='https:\/\/aic-atlas.s3.eu-north-1.amazonaws.com\/projects\/a44f2645-f465-4d20-9d12-e82cf6d97f2d\/images\/conversions\/WgsoTaqq596ffv0ZeEkUEy7n9HsY3IxRWGFUUY3Z-small.jpeg'\/><br\/><b>Lena Granberg<\/b><br\/>        <\/div>\n        <div class=\"col-sm-9\">\n          <div class=\"read_more_div\" style=\"overflow: hidden;\">\n      <p>&nbsp;Verksamhetsutvecklare inom enheten Sjukdomsklassifikation i &Ouml;sterg&ouml;tland samt sedan 2010 ansvarig f&ouml;r Region &Ouml;sterg&ouml;tlands interna kodningsutbildning. Ansvarar f&ouml;r information om nyheter r&ouml;rande diagnos- och &aring;tg&auml;rdskoder och besvarar fr&aring;gor i &auml;mnet. &nbsp;Jobbar mycket med att st&ouml;dja verksamheterna i f&ouml;rb&auml;ttringsarbete inom kodningsomr&aring;det.&nbsp;&nbsp;<\/p><br\/><br\/><strong>Deltar i f\u00f6ljande:<\/strong><br>Tisdag 27\/8 15:45-16:30 - R\u00e4tt kod, har det n\u00e5gon betydelse?<br\/>        <\/div>\n        <\/div>\n        <\/div>\n             <hr>\n        <div class=\"row\">\n        <div class=\"col-sm-3\">\n      <img class='profile-image' src='https:\/\/appsinmed.com\/ortopediveckan2019\/wp-content\/plugins\/wordpress_plugin_authors\/img\/person_photo_missing.png'\/><br\/><b>Peter Grant<\/b><br\/>        <\/div>\n        <div class=\"col-sm-9\">\n          <div class=\"read_more_div\" style=\"overflow: hidden;\">\n      <br\/><br\/><strong>Deltar i f\u00f6ljande:<\/strong><br>Torsdag 29\/8 13:50-15:00 - Protesinfektioner runt h\u00f6ft och kn\u00e4ledsproteser. Kliniska tips baserat p\u00e5 fallbeskrivningar.<br\/>        <\/div>\n        <\/div>\n        <\/div>\n             <hr>\n        <div class=\"row\">\n        <div class=\"col-sm-3\">\n      <img class='profile-image' src='https:\/\/aic-atlas.s3.eu-north-1.amazonaws.com\/projects\/a44f2645-f465-4d20-9d12-e82cf6d97f2d\/images\/conversions\/Nuw70zJ4Qa6JOVKsZajkYWfj5XxGSjKUe3PplQCh-small.png'\/><br\/><b>Karl-Henrik Grinnemo<\/b><br\/>        <\/div>\n        <div class=\"col-sm-9\">\n          <div class=\"read_more_div\" style=\"overflow: hidden;\">\n      <p><span style=\"font-family: 'Calibri',sans-serif; color: black;\">&Ouml;verl&auml;kare i Thoraxkirurgi vid Akademiska sjukhuset i Uppsala med huvudansvar f&ouml;r avancerad hj&auml;rtsvikt och mekaniska assister. Professor i Thoraxkirurgi Uppsala universitet och bedriver forskning inom regenerativ kardiologi. Tillsammans med tre kollegor genomsk&aring;dade jag&nbsp;att&nbsp;Paolo Macchiarinis luftstrupsforskning baserades p&aring; forskningsfusk. I min f&ouml;rel&auml;sning kommer jag delge er en Kafka liknande resa som inte &auml;r &ouml;ver &auml;nnu.&nbsp;<\/span><\/p><br\/><br\/><strong>Deltar i f\u00f6ljande:<\/strong><br>Torsdag 29\/8 13:00-14:30 - Epiphysen I - Karl Henrik Grinnemo och Oscar Simonsson<br\/>        <\/div>\n        <\/div>\n        <\/div>\n             <hr>\n        <div class=\"row\">\n        <div class=\"col-sm-3\">\n      <img class='profile-image' src='https:\/\/aic-atlas.s3.eu-north-1.amazonaws.com\/projects\/a44f2645-f465-4d20-9d12-e82cf6d97f2d\/images\/conversions\/jGblS7G9VUsqWErKHQuUSxtNL6k2wCi2XCnYzRjn-small.png'\/><br\/><b>Elias Gudbrandsson<\/b><br\/>        <\/div>\n        <div class=\"col-sm-9\">\n          <div class=\"read_more_div\" style=\"overflow: hidden;\">\n      <p>&nbsp;L&auml;karexamen fr&aring;n Islands Universitet, AT tj&auml;nstg&ouml;rning och legitimerad i Island. &nbsp;Gjorde ST utbildning i V&auml;ster&aring;s och nuvarande tj&auml;nstest&auml;lle &auml;r Sahlgrenska Universitets Sjukhus M&ouml;lndal. &nbsp;Fr&aring;n februari 2019 v&aring;rdenhets&ouml;verl&auml;kare OIC (avd 230 Ortopedisk infektion center).<\/p><br\/><br\/><strong>Deltar i f\u00f6ljande:<\/strong><br>Torsdag 29\/8 13:50-15:00 - Protesinfektioner runt h\u00f6ft och kn\u00e4ledsproteser. Kliniska tips baserat p\u00e5 fallbeskrivningar.<br\/>        <\/div>\n        <\/div>\n        <\/div>\n             <hr>\n        <div class=\"row\">\n        <div class=\"col-sm-3\">\n      <img class='profile-image' src='https:\/\/aic-atlas.s3.eu-north-1.amazonaws.com\/projects\/a44f2645-f465-4d20-9d12-e82cf6d97f2d\/images\/conversions\/skYnMKjMNawjK0F8Fc72SzDHutMPXG6y1x5Qqtcj-small.png'\/><br\/><b>Pelle Gustafson<\/b><br\/>        <\/div>\n        <div class=\"col-sm-9\">\n          <div class=\"read_more_div\" style=\"overflow: hidden;\">\n      <p>Pelle Gustafson &auml;r tum&ouml;r- och traumaortopeden som blev f&ouml;rs&auml;kringsbolagstj&auml;nsteman. Efter m&aring;nga &aring;rs arbete i Lund som l&auml;kare och chef tog Pelle 2012 &ouml;ver som chefl&auml;kare f&ouml;r L&ouml;f, d&auml;r han &auml;r ansvarig f&ouml;r bolagets patients&auml;kerhetsarbete. Han &auml;r ocks&aring; sedan 2013 en av L&auml;kartidningens medicinska redakt&ouml;rer med ansvar f&ouml;r manuskript inom kirurgi, ortopedi, patients&auml;kerhet och organisation.<\/p><br\/><br\/><strong>Deltar i f\u00f6ljande:<\/strong><br>M\u00e5ndag 26\/8 13:00-17:00 - Kurs: Patients\u00e4kerhet f\u00f6r ST-l\u00e4kare (del 1)<br\/>M\u00e5ndag 26\/8 13:00-17:00 - Kurs: Patients\u00e4kerhet f\u00f6r ST-l\u00e4kare (del 1)<br\/>Tisdag 27\/8 08:00-12:00 - Kurs: Patients\u00e4kerhet f\u00f6r ST-l\u00e4kare (del2)<br\/>        <\/div>\n        <\/div>\n        <\/div>\n             <hr>\n        <div class=\"row\">\n        <div class=\"col-sm-3\">\n      <img class='profile-image' src='https:\/\/aic-atlas.s3.eu-north-1.amazonaws.com\/projects\/a44f2645-f465-4d20-9d12-e82cf6d97f2d\/images\/conversions\/5bI38tiLGEF4H2ewQuYJWKSM6NsryzXloTvMclVq-small.jpeg'\/><br\/><b>Nils Hailer<\/b><br\/>        <\/div>\n        <div class=\"col-sm-9\">\n          <div class=\"read_more_div\" style=\"overflow: hidden;\">\n      <p>Nils Hailer &auml;r professor i ortopedi vid Uppsala Universitet och &ouml;verl&auml;kare p&aring; Akademiska sjukhusets ortopedklinik. Hans kliniska fokus &auml;r proteskirurgi och protesinfektioner. Nils&rsquo; forskningsintressen &ouml;verlappar med dessa kliniska omr&aring;den, och han &auml;gnar sig &aring;t experimentell forskning. P&aring; OrthoLab i Uppsala arbetas det med olika biomaterial som ska fylla bendefekter eller som fr&auml;mjar regeneration av &nbsp;skadade nerver.<\/p><br\/><br\/><strong>Deltar i f\u00f6ljande:<\/strong><br>Onsdag 28\/8 10:15-11:15 - Unga Artrospatienter<br\/>Onsdag 28\/8 08:50-08:58 - Introduktion till registerbaserade randomiserade kliniska pr\u00f6vningar (R-RCT<br\/>Onsdag 28\/8 09:14-09:22 - DUALITY, Dubbelledad ledpanna eller standardledpanna vid felst\u00e4lld l\u00e5rbenshalsfraktur<br\/>Tisdag 27\/8 16:33-16:45 - Open tibia fractures in the Swedish Fracture Register<br\/>Torsdag 29\/8 14:00-15:00 - Postervandring Artros\/brosk<br\/>        <\/div>\n        <\/div>\n        <\/div>\n             <hr>\n        <div class=\"row\">\n        <div class=\"col-sm-3\">\n      <img class='profile-image' src='https:\/\/aic-atlas.s3.eu-north-1.amazonaws.com\/projects\/a44f2645-f465-4d20-9d12-e82cf6d97f2d\/images\/conversions\/Qn6WJnIRbk3i2xmCpDyT2l9BtXzDZFMPTs1BsNZd-small.jpeg'\/><br\/><b>Ingela H\u00e5kansson<\/b><br\/>        <\/div>\n        <div class=\"col-sm-9\">\n          <div class=\"read_more_div\" style=\"overflow: hidden;\">\n      <p>V&aring;rdadministrat&ouml;r med ansvar f&ouml;r produktionsplanering och schemal&auml;ggning f&ouml;r AT-l&auml;karna, Ortopedkliniken i Norrk&ouml;ping.<\/p><br\/><br\/><strong>Deltar i f\u00f6ljande:<\/strong><br>Torsdag 29\/8 10:10-10:55 - Samarbete \u00f6ver yrkesgr\u00e4nserna som har f\u00f6rb\u00e4ttrat tillg\u00e4ngligheten p\u00e5 kliniken<br\/>        <\/div>\n        <\/div>\n        <\/div>\n             <hr>\n        <div class=\"row\">\n        <div class=\"col-sm-3\">\n      <img class='profile-image' src='https:\/\/aic-atlas.s3.eu-north-1.amazonaws.com\/projects\/a44f2645-f465-4d20-9d12-e82cf6d97f2d\/images\/conversions\/PYyaQOl3zf1zzE9avw7J2dByDEkM9QWrVRiwcf96-small.png'\/><br\/><b>Ralph Hasserius<\/b><br\/>        <\/div>\n        <div class=\"col-sm-9\">\n          <div class=\"read_more_div\" style=\"overflow: hidden;\">\n      <p>&Ouml;verl&auml;kare, Ryggsektionen, Ortopediska kliniken, Sk&aring;nes Universitetssjukhus, Malm&ouml;<\/p><br \/>\n<p>&nbsp;<\/p><br \/>\n<p>Specialist i Ortopedi sedan 1989. Verksam som ryggkirurg sedan 1992.<\/p><br \/>\n<p>&nbsp;<\/p><br \/>\n<p>Disputerade 2003 p&aring; avhandlingen \" Vertebral Deformity and Vertebral Fracture in the Elderly\".<\/p><br\/><br\/><strong>Deltar i f\u00f6ljande:<\/strong><br>Onsdag 28\/8 09:00-09:30 - Bakjoursskolan<br\/>Onsdag 28\/8 16:25-16:40 - Osteoporosrelaterade frakturer<br\/>Onsdag 28\/8 16:40-16:45 - Fall<br\/>        <\/div>\n        <\/div>\n        <\/div>\n             <hr>\n        <div class=\"row\">\n        <div class=\"col-sm-3\">\n      <img class='profile-image' src='https:\/\/aic-atlas.s3.eu-north-1.amazonaws.com\/projects\/a44f2645-f465-4d20-9d12-e82cf6d97f2d\/images\/conversions\/2QWOlt1Oi4tC1igRni0McelTHuYsppL30bBobaOp-small.jpeg'\/><br\/><b>Brigitte Hauer Bj\u00f6rkman<\/b><br\/>        <\/div>\n        <div class=\"col-sm-9\">\n          <div class=\"read_more_div\" style=\"overflow: hidden;\">\n      <p>Jag arbetar som v&aring;rdadministrat&ouml;r samt avvikelsesamordnare p&aring; Ortopedkliniken, Vrinnevisjukhuset i Norrk&ouml;ping.&nbsp;&nbsp;&nbsp;&nbsp;&nbsp;&nbsp;&nbsp;&nbsp;&nbsp;&nbsp;&nbsp;&nbsp;&nbsp;&nbsp;&nbsp;<\/p><br\/><br\/><strong>Deltar i f\u00f6ljande:<\/strong><br>Tisdag 27\/8 15:45-16:30 - R\u00e4tt kod, har det n\u00e5gon betydelse?<br\/>Onsdag 28\/8 13:50-14:45 - Det \u00e4r l\u00e4tt att skriva r\u00e4tt - Ann Sj\u00f6strand<br\/>        <\/div>\n        <\/div>\n        <\/div>\n             <hr>\n        <div class=\"row\">\n        <div class=\"col-sm-3\">\n      <img class='profile-image' src='https:\/\/aic-atlas.s3.eu-north-1.amazonaws.com\/projects\/a44f2645-f465-4d20-9d12-e82cf6d97f2d\/images\/conversions\/CtfoN7KKp7SYGLruEzrrgpAUDr7mhXAH3ebOrCEU-small.png'\/><br\/><b>\u00c5se Hautau<\/b><br\/>        <\/div>\n        <div class=\"col-sm-9\">\n          <div class=\"read_more_div\" style=\"overflow: hidden;\">\n      <p>&nbsp;Leg Fysioterapeut verksam inom ortopedi, Fysioterapi Sahlgrenska Universitetssjukhuset M&ouml;lndal. Specialintresse \"fotrehabilitering\". Kvalitativ magisterstudie; \"Patienters levda erfarenheter av sm&auml;rta och funktion i samband med fotledsproteskirurgi\". &nbsp;Ing&aring;r i styrgruppen f&ouml;r Svenska Nationella Fotledsregistret.<\/p><br\/><br\/><strong>Deltar i f\u00f6ljande:<\/strong><br>Tisdag 27\/8 13:40-15:00 - Svenska Fots\u00e4llskapet - Artros, protes, artrodes<br\/>        <\/div>\n        <\/div>\n        <\/div>\n             <hr>\n        <div class=\"row\">\n        <div class=\"col-sm-3\">\n      <img class='profile-image' src='https:\/\/aic-atlas.s3.eu-north-1.amazonaws.com\/projects\/a44f2645-f465-4d20-9d12-e82cf6d97f2d\/images\/conversions\/jw5UxZvuK7ZhLYqBWeWplP3N6ezylJpg9bvhmdA7-small.jpeg'\/><br\/><b>Margareta Hedstr\u00f6m<\/b><br\/>        <\/div>\n        <div class=\"col-sm-9\">\n          <div class=\"read_more_div\" style=\"overflow: hidden;\">\n      <p>Verksam som&nbsp;&ouml;verl&auml;kare p&aring; ledplastiksektion Karolinska sjukhuset Huddinge. Hon &auml;r docent och adjungerad lektor vid Karolinska Institutet och&nbsp;registeransvarig&nbsp;f&ouml;r det svenska h&ouml;ftfrakturregistret, RIKSH&Ouml;FT.&nbsp;<\/p><br\/><br\/><strong>Deltar i f\u00f6ljande:<\/strong><br>Torsdag 29\/8 16:10-16:40 - Registerperspektiv \u2013 Vad kan och g\u00f6r registren?<br\/>Tisdag 27\/8 15:45-15:57 - Obesity paradox holds true for hip fracture patients\u2013 a Swedish register based cohort study<br\/>        <\/div>\n        <\/div>\n        <\/div>\n             <hr>\n        <div class=\"row\">\n        <div class=\"col-sm-3\">\n      <img class='profile-image' src='https:\/\/aic-atlas.s3.eu-north-1.amazonaws.com\/projects\/a44f2645-f465-4d20-9d12-e82cf6d97f2d\/images\/conversions\/oJOXiRvMHd2jeML0itKpltKIm8lV0o4WFqT1xIqq-small.png'\/><br\/><b>Anders Henricson<\/b><br\/>        <\/div>\n        <div class=\"col-sm-9\">\n          <div class=\"read_more_div\" style=\"overflow: hidden;\">\n      <p>&nbsp;&Ouml;verl&auml;kare Ortopedklin, Falun. Utbildad Malm&ouml;, Falun sedan 1985. Disputerat p&aring; &rdquo;Kn&auml;proteser hos yngre patienter&rdquo;. Vetenskaplig produktion inom experimentell broskforskning, idrottsmedicin, experimentell frakturl&auml;kning, kn&auml;proteskirurgi, fotledskirurgi. Styrgruppen f&ouml;r Svenska fotledsregistret.<\/p><br\/><br\/><strong>Deltar i f\u00f6ljande:<\/strong><br>Tisdag 27\/8 13:40-15:00 - Svenska Fots\u00e4llskapet - Artros, protes, artrodes<br\/>        <\/div>\n        <\/div>\n        <\/div>\n             <hr>\n        <div class=\"row\">\n        <div class=\"col-sm-3\">\n      <img class='profile-image' src='https:\/\/aic-atlas.s3.eu-north-1.amazonaws.com\/projects\/a44f2645-f465-4d20-9d12-e82cf6d97f2d\/images\/conversions\/o2zvYSpjW9rqK3eIbswuKIcRLGEWqyiVmzkcTdKC-small.jpeg'\/><br\/><b>Bengt Herngren<\/b><br\/>        <\/div>\n        <div class=\"col-sm-9\">\n          <div class=\"read_more_div\" style=\"overflow: hidden;\">\n      <p>&nbsp;Jag heter Bengt Herngren och jobbar som omr&aring;deschef samt &ouml;verl&auml;kare vid Barnortopediskt regioncentrum i syd&ouml;stra sjukv&aring;rdsregionen. Vi bedriver verksamhet med h&ouml;gspecialiserad barnortopedisk v&aring;rd vid l&auml;nssjukhuset Ryhov i J&ouml;nk&ouml;ping och vid universitetssjukhuset i Link&ouml;ping. &nbsp;Min huvudsaklig kliniska inriktning &auml;r elektiv barnortopedi tillsammans med frakturbehandling hos s&aring;v&auml;l barn som vuxna. Jag disputerade 2018 vid Lunds universitet (&auml;mne: h&ouml;ftfyseolys) och &auml;r fortsatt involverad i forskningsprojekt med utg&aring;ngspunkt framf&ouml;rallt i Svenskt Pediatriskt Ortopediskt Qvalitetsregister (SPOQ), d&auml;r jag ocks&aring; &auml;r medlem av styrgruppen f&ouml;r detta kvalitetsregister sedan starten 2015.<\/p><br\/><br\/><strong>Deltar i f\u00f6ljande:<\/strong><br>Fredag 30\/8 10:15-11:45 - Kluriga barnfrakturer och SCFE<br\/>Fredag 30\/8 10:15-10:20 - Introduktion<br\/>Torsdag 29\/8 16:30-18:30 - Diskussion multicenterstudie inom SBOF<br\/>        <\/div>\n        <\/div>\n        <\/div>\n             <hr>\n        <div class=\"row\">\n        <div class=\"col-sm-3\">\n      <img class='profile-image' src='https:\/\/aic-atlas.s3.eu-north-1.amazonaws.com\/projects\/a44f2645-f465-4d20-9d12-e82cf6d97f2d\/images\/conversions\/ktukxAlvg7Scd8ssdUYtG7jeJBE2q2XNGQPNXZhT-small.jpeg'\/><br\/><b>Asle Hesla<\/b><br\/>        <\/div>\n        <div class=\"col-sm-9\">\n          <div class=\"read_more_div\" style=\"overflow: hidden;\">\n      <p>Bitr&auml;dande &ouml;verl&auml;kare och chef f&ouml;r patientfl&ouml;de Muskuloskeletala Tum&ouml;rer p&aring; Karolinska Universitetssjukhuset sedan 2017. Jag har varit verksam p&aring; tum&ouml;rsektionen sedan jag blev specialist i 2006. I 2013\/2014 gjorde jag ett mycket l&auml;rorikt fellowship i tum&ouml;rortopedi i Brisbane, Australien. Jag har ett s&auml;rskilt intresse f&ouml;r skelettsarkom i b&auml;ckenregionen och planerar att disputera p&aring; &auml;mnet &rdquo;Ewing sarkom&rdquo; i 2019.&nbsp;<\/p><br\/><br\/><strong>Deltar i f\u00f6ljande:<\/strong><br>Tisdag 27\/8 08:00-12:00 - Kurs: ABC i Tum\u00f6rortopedi<br\/>Tisdag 27\/8 08:00-08:10 - Introduktion<br\/>Tisdag 27\/8 08:30-08:40 - Rekommendationer enligt nationella v\u00e5rdprogrammet + Standardiserat v\u00e5rdf\u00f6rlopp<br\/>Tisdag 27\/8 09:50-10:30 - Skelettum\u00f6rer<br\/>Tisdag 27\/8 11:10-11:40 - \"Oops lesions\"; Oplanerade sarkomoperationer<br\/>Onsdag 28\/8 13:35-13:50 - Skelettum\u00f6rer \u2013 hos b\u00e5de ung och gammal<br\/>        <\/div>\n        <\/div>\n        <\/div>\n             <hr>\n        <div class=\"row\">\n        <div class=\"col-sm-3\">\n      <img class='profile-image' src='https:\/\/aic-atlas.s3.eu-north-1.amazonaws.com\/projects\/a44f2645-f465-4d20-9d12-e82cf6d97f2d\/images\/conversions\/C1HtU9FyS8DrocJA91yR0NAerIvzL4UDDUJ7wxoB-small.jpeg'\/><br\/><b>Teresa Holmgren<\/b><br\/>        <\/div>\n        <div class=\"col-sm-9\">\n          <div class=\"read_more_div\" style=\"overflow: hidden;\">\n      <p>Theresa Holmgren arbetar som fysioterapeut och rehabchef p&aring; ortopediska kliniken p&aring; US i Link&ouml;ping. Hon har arbetat som fysioterapeut i 22 &aring;r och hennes kliniska fokus har under m&aring;nga &aring;r varit p&aring; skulderledens skador och sjukdomar. Hon disputerade 2013 vid Link&ouml;pings universitet med avhandlingen &rdquo; Exercise treatment of patients with long-standing subacromial pain&rdquo;. F&ouml;r n&auml;rvarande kombinerar hon klinik, forskning och ledarskap. Hon har under de senaste fyra &aring;ren haft en universitetsfysioterapeuttj&auml;nst som innefattar 30% forskning. Hon &auml;r f&ouml;r n&auml;rvarande involverad i flera kliniska multicenterstudier inom skulderomr&aring;det.<\/p><br\/><br\/><strong>Deltar i f\u00f6ljande:<\/strong><br>Onsdag 28\/8 13:00-14:30 - H\u00e4lseneruptur, vem ska opereras och vem inte. Vet vi det?<br\/>Torsdag 29\/8 08:00-09:30 - Teamarbete p\u00e5 ortopedmottagningen f\u00f6r f\u00f6rb\u00e4ttrad tillg\u00e4nglighet och snabbare behandling<br\/>Torsdag 29\/8 10:45-11:15 - Subacromial sm\u00e4rta och cuffrupturer<br\/>        <\/div>\n        <\/div>\n        <\/div>\n             <hr>\n        <div class=\"row\">\n        <div class=\"col-sm-3\">\n      <img class='profile-image' src='https:\/\/aic-atlas.s3.eu-north-1.amazonaws.com\/projects\/a44f2645-f465-4d20-9d12-e82cf6d97f2d\/images\/conversions\/6k61UAcotb5JgoojVjvm3EIK8zmRy5Er5w7OrKaT-small.png'\/><br\/><b>Paul Ipsen<\/b><br\/>        <\/div>\n        <div class=\"col-sm-9\">\n          <div class=\"read_more_div\" style=\"overflow: hidden;\">\n      <p>Gipstekniker&nbsp;<\/p><br \/>\n<p>Arbetsplats H&auml;ssleholm Sjukhus<\/p><br \/>\n<p>Arbetat med gipsteknik i 30 &aring;r Utbildning&nbsp; i gipsteknik sedan m&aring;nga &aring;r Innovat&ouml;r inom gipsteknik. En av grundarna till gipsv&auml;gledningsprogrammet f&ouml;r att kunna kvalitetss&auml;kra gipstekniken.<\/p><br\/><br\/><strong>Deltar i f\u00f6ljande:<\/strong><br>Tisdag 27\/8 15:45-16:45 - Gipsteknik - Per Flink<br\/>Tisdag 27\/8 08:00-12:00 - Kurs: Avancerad Gipsteknik<br\/>        <\/div>\n        <\/div>\n        <\/div>\n             <hr>\n        <div class=\"row\">\n        <div class=\"col-sm-3\">\n      <img class='profile-image' src='https:\/\/aic-atlas.s3.eu-north-1.amazonaws.com\/projects\/a44f2645-f465-4d20-9d12-e82cf6d97f2d\/images\/conversions\/pYCSSshLCuKsH53Lyv1fDfi5iMqNnbv1WidWkOz0-small.jpeg'\/><br\/><b>Lars Isaksson<\/b><br\/>        <\/div>\n        <div class=\"col-sm-9\">\n          <div class=\"read_more_div\" style=\"overflow: hidden;\">\n      <p>&nbsp;&Ouml;verl&auml;kare, specialist i allm&auml;nkirurgi och k&auml;rlkirurgi. Verksam som k&auml;rlkirurg p&aring; Vrinnevisjukhuset, Norrk&ouml;ping, 1985-2004. Numer verksam p&aring; Thorax-k&auml;rlkliniken, Link&ouml;ping. Intresse f&ouml;r benischemi och diabetes inom vilka omr&aring;den han ocks&aring; publicerat.<\/p><br\/><br\/><strong>Deltar i f\u00f6ljande:<\/strong><br>M\u00e5ndag 26\/8 15:40-16:20 - Arterioskleros, arterioskleroskomplikationer och kritisk ischemi<br\/>        <\/div>\n        <\/div>\n        <\/div>\n             <hr>\n        <div class=\"row\">\n        <div class=\"col-sm-3\">\n      <img class='profile-image' src='https:\/\/appsinmed.com\/ortopediveckan2019\/wp-content\/plugins\/wordpress_plugin_authors\/img\/person_photo_missing.png'\/><br\/><b>Anders Johansson<\/b><br\/>        <\/div>\n        <div class=\"col-sm-9\">\n          <div class=\"read_more_div\" style=\"overflow: hidden;\">\n      <p>&nbsp;Docent, Infektionsl&auml;kare och hygienl&auml;kare, ledamot i Nationella Strama<\/p><br\/><br\/><strong>Deltar i f\u00f6ljande:<\/strong><br>Torsdag 29\/8 13:00-13:40 - STRAMA Bakterier inom ortopedi - Anders Johansson och Stephan Stenmark<br\/>        <\/div>\n        <\/div>\n        <\/div>\n             <hr>\n        <div class=\"row\">\n        <div class=\"col-sm-3\">\n      <img class='profile-image' src='https:\/\/aic-atlas.s3.eu-north-1.amazonaws.com\/projects\/a44f2645-f465-4d20-9d12-e82cf6d97f2d\/images\/conversions\/ccFTozNP5tYz3EVdXszlj2JE9qKu1OqRZYLPuyC5-small.jpeg'\/><br\/><b>\u00c5sa Johansson Stark<\/b><br\/>        <\/div>\n        <div class=\"col-sm-9\">\n          <div class=\"read_more_div\" style=\"overflow: hidden;\">\n      <p>Leg. Sjuksk&ouml;terska, Universitetsadjunkt, Med. Dr.&nbsp;<br \/>Sektionen f&ouml;r omv&aring;rdnad, Institutionen f&ouml;r neurobiologi, v&aring;rdvetenskap och samh&auml;lle, Karolinska Institutet<\/p><br\/><br\/><strong>Deltar i f\u00f6ljande:<\/strong><br>Tisdag 27\/8 15:45-16:35 - Patientutbildning och \u00e5terh\u00e4mtning efter elektiv h\u00f6ft-\/kn\u00e4protesoperation - \u00c5sa Johansson Stark<br\/>        <\/div>\n        <\/div>\n        <\/div>\n             <hr>\n        <div class=\"row\">\n        <div class=\"col-sm-3\">\n      <img class='profile-image' src='https:\/\/appsinmed.com\/ortopediveckan2019\/wp-content\/plugins\/wordpress_plugin_authors\/img\/person_photo_missing.png'\/><br\/><b>H\u00e5kan Jonsson<\/b><br\/>        <\/div>\n        <div class=\"col-sm-9\">\n          <div class=\"read_more_div\" style=\"overflow: hidden;\">\n      <br\/><br\/><strong>Deltar i f\u00f6ljande:<\/strong><br>Torsdag 29\/8 16:00-16:30 - Battle: F\u00f6r och emot kirurgi vid burstfrakturer?<br\/>        <\/div>\n        <\/div>\n        <\/div>\n             <hr>\n        <div class=\"row\">\n        <div class=\"col-sm-3\">\n      <img class='profile-image' src='https:\/\/aic-atlas.s3.eu-north-1.amazonaws.com\/projects\/a44f2645-f465-4d20-9d12-e82cf6d97f2d\/images\/conversions\/y76SKzkSRCErTFBIfI8mbIvKuxdWlpxeH0DAbbsC-small.jpeg'\/><br\/><b>Kerstin Jonsson<\/b><br\/>        <\/div>\n        <div class=\"col-sm-9\">\n          <div class=\"read_more_div\" style=\"overflow: hidden;\">\n      <p>&nbsp;Chefl&auml;kare, ansvarig f&ouml;r enheten Sjukdomsklassifikation i &Ouml;sterg&ouml;tland med uppdrag att kvalitetss&auml;kra diagnos- och &aring;tg&auml;rdskodning i Region &Ouml;sterg&ouml;tland. Ansvarar f&ouml;r kontakter med Socialstyrelsen i region&ouml;vergripande generella fr&aring;gest&auml;llningar inom omr&aring;det. Ing&aring;r &auml;ven i Socialstyrelsens policygrupp och i den regionala DRG-gruppen i Syd&ouml;stra Sjukv&aring;rdsregionen.<\/p><br\/><br\/><strong>Deltar i f\u00f6ljande:<\/strong><br>Tisdag 27\/8 15:45-16:30 - R\u00e4tt kod, har det n\u00e5gon betydelse?<br\/>        <\/div>\n        <\/div>\n        <\/div>\n             <hr>\n        <div class=\"row\">\n        <div class=\"col-sm-3\">\n      <img class='profile-image' src='https:\/\/aic-atlas.s3.eu-north-1.amazonaws.com\/projects\/a44f2645-f465-4d20-9d12-e82cf6d97f2d\/images\/conversions\/2LRiwFH3jkcsLFEiayCkViQJ8hJyMe3S1sAZgWzo-small.jpeg'\/><br\/><b>Therese J\u00f6nsson<\/b><br\/>        <\/div>\n        <div class=\"col-sm-9\">\n          <div class=\"read_more_div\" style=\"overflow: hidden;\">\n      <p>Leg. Fysioterapeut, Specialist inom ortopedi vid&nbsp;Sk&aring;nes Universitetssjukhus, Lund samt doktorand vid Lunds universitet. Sitter i BOA registrets styrgrupp sedan 2008 och i hennes forskning unders&ouml;ker hon resultatet av artrosskola ur olika synvinklar.<\/p><br\/><br\/><strong>Deltar i f\u00f6ljande:<\/strong><br>Onsdag 28\/8 08:00-08:30 - Artrosskola, hj\u00e4lper det? - \u00c5ldersstratifierade resultat<br\/>Onsdag 28\/8 15:45-15:57 - Education, home exercise and supervised exercise for people with hip and knee osteoarthritis as part of a nationwide implementation programme: data from the BOA registry.<br\/>Torsdag 29\/8 14:12-14:18 - Better management of patients with osteoarthritis (BOA), outcomes after evidence based education and exercise delivered nationwide in Sweden.<br\/>        <\/div>\n        <\/div>\n        <\/div>\n             <hr>\n        <div class=\"row\">\n        <div class=\"col-sm-3\">\n      <img class='profile-image' src='https:\/\/aic-atlas.s3.eu-north-1.amazonaws.com\/projects\/a44f2645-f465-4d20-9d12-e82cf6d97f2d\/images\/conversions\/s5lyxRwFAUGj0lQtvu23VhgdjblT8Ae0CcQSYsac-small.png'\/><br\/><b>\u00c5sa Kadowaki<\/b><br\/>        <\/div>\n        <div class=\"col-sm-9\">\n          <div class=\"read_more_div\" style=\"overflow: hidden;\">\n      <table border=\"0\" width=\"501\" cellspacing=\"0\" cellpadding=\"0\"><br \/>\n<tbody><br \/>\n<tr><br \/>\n<td class=\"xl65\" width=\"501\" height=\"140\">&Aring;sa Kadowaki, specialist i psykiatri och leg KBT-psykoterapeut samt handledarutbildad.<br \/>Arbetar med f&ouml;rdjupade bed&ouml;mningar, handledning och undervisning i prim&auml;rv&aring;rden &Ouml;sterg&ouml;tland sedan 2004, sedan 2017 i region Kalmar.<br \/>Initierat det kollegiala n&auml;tverket L&auml;kare med Gr&auml;nser med fokus p&aring; l&auml;karrollen, professionellt f&ouml;rh&aring;llningss&auml;tt och l&auml;kekonst<\/td><br \/>\n<\/tr><br \/>\n<\/tbody><br \/>\n<\/table><br\/><br\/><strong>Deltar i f\u00f6ljande:<\/strong><br>Onsdag 28\/8 10:15-11:45 - Den utmanande patienten - Johan Scheer och \u00c5sa Kadowaki<br\/>Torsdag 29\/8 13:00-13:40 - Vem tar vilket ansvar - l\u00e4kare kontra patient? - \u00c5sa Kadowaki<br\/>        <\/div>\n        <\/div>\n        <\/div>\n             <hr>\n        <div class=\"row\">\n        <div class=\"col-sm-3\">\n      <img class='profile-image' src='https:\/\/aic-atlas.s3.eu-north-1.amazonaws.com\/projects\/a44f2645-f465-4d20-9d12-e82cf6d97f2d\/images\/conversions\/beeIOxrWRIEZchvFNtXGQfWBj9syJZYi4sKwIvjB-small.jpeg'\/><br\/><b>Ida K\u00e5hlin<\/b><br\/>        <\/div>\n        <div class=\"col-sm-9\">\n          <div class=\"read_more_div\" style=\"overflow: hidden;\">\n      <p>&nbsp;Ida K&aring;hlin &auml;r legitimerad arbetsterapeut och filosofie doktor i &Auml;ldre och &aring;ldrande. I februari 2015 disputerade Ida med en avhandling om &aring;ldrande och delaktighet bland personer med intellektuell funktionsneds&auml;ttning som bor i gruppbostad. Ida har en tj&auml;nst som universitetslektor i arbetsterapi vid Link&ouml;pings universitet, men &auml;r sedan snart fyra &aring;r tj&auml;nstledig 80% f&ouml;r uppdraget som f&ouml;rbundsordf&ouml;rande f&ouml;r fack- och professionsf&ouml;rbundet Sveriges Arbetsterapeuter. Ida har ett stort engagemang f&ouml;r fr&aring;gor som interprofessionell kompetens, personcentrering och j&auml;mlik h&auml;lsa, &auml;r en aktiv debatt&ouml;r i och har bland annat tilldelats Dagens Medicins stora debattpris 2017. Ida &auml;r &auml;ven ledamot av Sacos styrelse.<\/p><br\/><br\/><strong>Deltar i f\u00f6ljande:<\/strong><br>Onsdag 28\/8 08:00-08:40 - R\u00e4tt patient, i r\u00e4tt tid, p\u00e5 r\u00e4tt s\u00e4tt och p\u00e5 r\u00e4tt plats, men sen d\u00e5? - Ida K\u00e5hlin<br\/>        <\/div>\n        <\/div>\n        <\/div>\n             <hr>\n        <div class=\"row\">\n        <div class=\"col-sm-3\">\n      <img class='profile-image' src='https:\/\/aic-atlas.s3.eu-north-1.amazonaws.com\/projects\/a44f2645-f465-4d20-9d12-e82cf6d97f2d\/images\/conversions\/MqZFtofAcPTKidOkrWiKYaIIiOjNONqYs7hYGK6Z-small.jpeg'\/><br\/><b>Anders Kal\u00e9n<\/b><br\/>        <\/div>\n        <div class=\"col-sm-9\">\n          <div class=\"read_more_div\" style=\"overflow: hidden;\">\n      <p>Verksam p&aring; ortopediska kliniken, US Link&ouml;ping sedan 1994, sektionsansvarig f&ouml;r tum&ouml;rer i r&ouml;relseapparaten sedan 2002<\/p><br \/>\n<p>Med dr. 1989; Patologiska Institutionen, Huddinge sjukhus, KI<\/p><br \/>\n<p>Docent i ortopedi 2008; US Link&ouml;ping<\/p><br\/><br\/><strong>Deltar i f\u00f6ljande:<\/strong><br>Onsdag 28\/8 13:00-14:20 - Tum\u00f6rer i R\u00f6relseapparaten<br\/>Onsdag 28\/8 13:00-13:05 - Introduktion<br\/>        <\/div>\n        <\/div>\n        <\/div>\n             <hr>\n        <div class=\"row\">\n        <div class=\"col-sm-3\">\n      <img class='profile-image' src='https:\/\/aic-atlas.s3.eu-north-1.amazonaws.com\/projects\/a44f2645-f465-4d20-9d12-e82cf6d97f2d\/images\/conversions\/UHBPBXK9mcfxMrChkVsGyVqcH5FHc09HMvG0LVJ9-small.jpeg'\/><br\/><b>Ilka Kamrad<\/b><br\/>        <\/div>\n        <div class=\"col-sm-9\">\n          <div class=\"read_more_div\" style=\"overflow: hidden;\">\n      <p>Ortoped med specialintresse fotkirurgi p&aring; SUS, Malm&ouml;. Deltar i f&ouml;rsta omg&aring;ng &rdquo;Foot &amp; Ankle Academy&rdquo;. Har disputerat 2017 med &auml;mnet &rdquo;Outcome of surgery for end stage ankle arthritis&rdquo; p&aring; Lunds Universitet. &Auml;r styrelsemedlem i Svenska Fotkirurgiska S&auml;llskapet och &auml;ven styrgruppsmedlem i SwedeAmp (kvalitetsregister f&ouml;r amputation p&aring; nedre extremitet).<\/p><br\/><br\/><strong>Deltar i f\u00f6ljande:<\/strong><br>Tisdag 27\/8 13:40-15:00 - Svenska Fots\u00e4llskapet - Artros, protes, artrodes<br\/>        <\/div>\n        <\/div>\n        <\/div>\n             <hr>\n        <div class=\"row\">\n        <div class=\"col-sm-3\">\n      <img class='profile-image' src='https:\/\/aic-atlas.s3.eu-north-1.amazonaws.com\/projects\/a44f2645-f465-4d20-9d12-e82cf6d97f2d\/images\/conversions\/eAKpmPgrbmq0cGcGUQZD3hSx69ZKOhmq7NRH79GQ-small.jpeg'\/><br\/><b>Annika Karlaryd<\/b><br\/>        <\/div>\n        <div class=\"col-sm-9\">\n          <div class=\"read_more_div\" style=\"overflow: hidden;\">\n      <p>Barnmorska och sjuksk&ouml;terska.<\/p><br \/>\n<p>Verksam som v&aring;rdenhetschef p&aring; Ortopedklinikens v&aring;rdavdelning, Vinnevisjukhuset sedan 2013.&nbsp;<\/p><br \/>\n<p>Barnmorska inom f&ouml;rlossningsv&aring;rden 1999-2012.<\/p><br\/><br\/><strong>Deltar i f\u00f6ljande:<\/strong><br>Onsdag 28\/8 13:00-13:45 - Strukturerat arbete f\u00f6r f\u00f6rebyggande av v\u00e5rdskador p\u00e5 ortopedisk v\u00e5rdavdelning - Annika Karlaryd<br\/>        <\/div>\n        <\/div>\n        <\/div>\n             <hr>\n        <div class=\"row\">\n        <div class=\"col-sm-3\">\n      <img class='profile-image' src='https:\/\/aic-atlas.s3.eu-north-1.amazonaws.com\/projects\/a44f2645-f465-4d20-9d12-e82cf6d97f2d\/images\/conversions\/5xQCpZm6uurevnL228c15o5c59yBfkBS9cqdsUYk-small.jpeg'\/><br\/><b>Jon Karlsson<\/b><br\/>        <\/div>\n        <div class=\"col-sm-9\">\n          <div class=\"read_more_div\" style=\"overflow: hidden;\">\n      <p>&nbsp;Professor i ortopedi vid Sahlgrenska akademin, G&ouml;teborgs Universitet. Han &auml;r samtidigt &ouml;verl&auml;kare vid Ortopeden, Sahlgrenska Universitetssjukhuset, G&ouml;teborg. Han har varit ordf&ouml;rande f&ouml;r Svensk Idrottsmedicinsk f&ouml;rening, samt styrelseledamot f&ouml;r Centrum f&ouml;r Idrottsforskning (CIF) och medlem av CIFs vetenskapliga r&aring;d i n&auml;rmare 20 &aring;r. Han har skrivit &ouml;ver 500 vetenskapliga artiklar och &ouml;ver 40 b&ouml;cker inom ortopedi och idrottstraumatologi. Han har sedan 2008 varit huvudredakt&ouml;r f&ouml;r den vetenskapliga tidskriften Knee Surgery Sports Traumatology Arthroscopy.<\/p><br\/><br\/><strong>Deltar i f\u00f6ljande:<\/strong><br>Fredag 30\/8 08:00-09:30 - Korsbandskirurgin i perspektiv<br\/>        <\/div>\n        <\/div>\n        <\/div>\n             <hr>\n        <div class=\"row\">\n        <div class=\"col-sm-3\">\n      <img class='profile-image' src='https:\/\/aic-atlas.s3.eu-north-1.amazonaws.com\/projects\/a44f2645-f465-4d20-9d12-e82cf6d97f2d\/images\/conversions\/SXfFjnVD1ONhxRX0XcwNUijV9fSaKp6grs04fBcd-small.png'\/><br\/><b>Johan K\u00e4rrholm<\/b><br\/>        <\/div>\n        <div class=\"col-sm-9\">\n          <div class=\"read_more_div\" style=\"overflow: hidden;\">\n      <p>Johan K&auml;rrholm &auml;r professor emeritus vid G&ouml;teborgs Universitet med intresse f&ouml;r olika aspekter av framf&ouml;r allt h&ouml;ft och kn&auml;proteskirurgi. Hans forskning har ber&ouml;rt flera omr&aring;den inom ortopedin ofta med utnyttjande av radiostereometrisk analys, en metod som han har varit med om att vidareutveckla. Under de senast 15 - 20 &aring;ren har han varit knuten till det Svenska H&ouml;ftprotesregistret.&nbsp;<\/p><br\/><br\/><strong>Deltar i f\u00f6ljande:<\/strong><br>Torsdag 29\/8 13:50-15:00 - Protesinfektioner runt h\u00f6ft och kn\u00e4ledsproteser. Kliniska tips baserat p\u00e5 fallbeskrivningar.<br\/>Tisdag 27\/8 16:09-16:21 - No difference in reoperation risk between dual mobility cups and conventional total hip arthroplasty in patients with hip fracture.  A study from the Swedish Hip Arthroplasty Register.<br\/>Onsdag 28\/8 09:34-09:45 - Similar results after 1 year with use of an anatomically shaped or a straight uncemented stem<br\/>Fredag 30\/8 08:51-09:03 - Nonagenarians benefit from THA to the same extent as do younger patients but at the expense of higher early rate of reoperations<br\/>Torsdag 29\/8 08:54-09:02 - Influence of implant characteristics on survival of a cemented stem<br\/>        <\/div>\n        <\/div>\n        <\/div>\n             <hr>\n        <div class=\"row\">\n        <div class=\"col-sm-3\">\n      <img class='profile-image' src='https:\/\/aic-atlas.s3.eu-north-1.amazonaws.com\/projects\/a44f2645-f465-4d20-9d12-e82cf6d97f2d\/images\/conversions\/dQ0NVxIEPnttdHb5QyS3WAtHrT7zYZuuSB8xJn2f-small.jpeg'\/><br\/><b>Juri Kartus<\/b><br\/>        <\/div>\n        <div class=\"col-sm-9\">\n          <div class=\"read_more_div\" style=\"overflow: hidden;\">\n      <p>Specialist i ortopedi sen 1990 samma &aring;r som han b&ouml;rjade operera korsband. Specialomr&aring;de artroskopisk kirurgi av kn&auml;, axel, armb&aring;ge och fotled. Opererat &ouml;ver 2300 korsbandsrekonstruktioner. Jobbar f&ouml;r n&auml;rvarande som ortoped och forskningschef i NU-sjukv&aring;rden Skrivit &ouml;ver 100 vetenskapliga artiklar, handlett 14 doktorander till disputation.&nbsp; &nbsp; &nbsp;&nbsp; &nbsp;&nbsp; &nbsp;&nbsp; &nbsp;&nbsp; &nbsp;<\/p><br\/><br\/><strong>Deltar i f\u00f6ljande:<\/strong><br>Fredag 30\/8 08:00-09:30 - Korsbandskirurgin i perspektiv<br\/>        <\/div>\n        <\/div>\n        <\/div>\n             <hr>\n        <div class=\"row\">\n        <div class=\"col-sm-3\">\n      <img class='profile-image' src='https:\/\/appsinmed.com\/ortopediveckan2019\/wp-content\/plugins\/wordpress_plugin_authors\/img\/person_photo_missing.png'\/><br\/><b>Per Juan Kernell<\/b><br\/>        <\/div>\n        <div class=\"col-sm-9\">\n          <div class=\"read_more_div\" style=\"overflow: hidden;\">\n      <br\/><br\/><strong>Deltar i f\u00f6ljande:<\/strong><br>Onsdag 28\/8 11:30-11:40 - Fast-track \u2013 H\u00f6gvolymperspektiv privata v\u00e5rdgivare<br\/>        <\/div>\n        <\/div>\n        <\/div>\n             <hr>\n        <div class=\"row\">\n        <div class=\"col-sm-3\">\n      <img class='profile-image' src='https:\/\/aic-atlas.s3.eu-north-1.amazonaws.com\/projects\/a44f2645-f465-4d20-9d12-e82cf6d97f2d\/images\/conversions\/lBrXYKGCbY8qdlXKEw9FuNLpCyPlCz72hhinjXsQ-small.jpeg'\/><br\/><b>Lilian Kikuchi<\/b><br\/>        <\/div>\n        <div class=\"col-sm-9\">\n          <div class=\"read_more_div\" style=\"overflow: hidden;\">\n      <p>&nbsp;Verksamhetsutvecklare inom enheten Sjukdomsklassifikation i &Ouml;sterg&ouml;tland samt sedan 2010 ansvarig f&ouml;r Region &Ouml;sterg&ouml;tlands interna kodningsutbildning. Ansvarar f&ouml;r information om nyheter r&ouml;rande diagnos- och &aring;tg&auml;rdskoder och besvarar fr&aring;gor i &auml;mnet. &nbsp;Jobbar mycket med att st&ouml;dja verksamheterna i f&ouml;rb&auml;ttringsarbete inom kodningsomr&aring;det.&nbsp;&nbsp;<\/p><br\/><br\/><strong>Deltar i f\u00f6ljande:<\/strong><br>Tisdag 27\/8 15:45-16:30 - R\u00e4tt kod, har det n\u00e5gon betydelse?<br\/>        <\/div>\n        <\/div>\n        <\/div>\n             <hr>\n        <div class=\"row\">\n        <div class=\"col-sm-3\">\n      <img class='profile-image' src='https:\/\/aic-atlas.s3.eu-north-1.amazonaws.com\/projects\/a44f2645-f465-4d20-9d12-e82cf6d97f2d\/images\/conversions\/Sgfkv5KwatPCcacQcZDr7BIjFV8Rid34PdISidj8-small.jpeg'\/><br\/><b>Emil Kilander<\/b><br\/>        <\/div>\n        <div class=\"col-sm-9\">\n          <div class=\"read_more_div\" style=\"overflow: hidden;\">\n      <p>Ortopedl&auml;kare i Eksj&ouml; subspecialiserad i fotkirurgi. Tidigare styrelsemedlem i Svenska Fotkirurgiska S&auml;llskapet. Arbetat med nationella rekommendationer f&ouml;r fotkirurgi. Nyligen antagen som doktorand vid Lunds Universitet.&nbsp;<\/p><br\/><br\/><strong>Deltar i f\u00f6ljande:<\/strong><br>Torsdag 29\/8 08:00-09:20 - Metatarsalfrakturer - frakturerna som gl\u00f6mdes bort<br\/>Torsdag 29\/8 08:00-08:10 - Inledning<br\/>        <\/div>\n        <\/div>\n        <\/div>\n             <hr>\n        <div class=\"row\">\n        <div class=\"col-sm-3\">\n      <img class='profile-image' src='https:\/\/aic-atlas.s3.eu-north-1.amazonaws.com\/projects\/a44f2645-f465-4d20-9d12-e82cf6d97f2d\/images\/conversions\/vIPBcd14f2ycy7wcvdU3HcKZg8ekEPS6EU6fGLhA-small.jpeg'\/><br\/><b>Shwan Koschnau<\/b><br\/>        <\/div>\n        <div class=\"col-sm-9\">\n          <div class=\"read_more_div\" style=\"overflow: hidden;\">\n      <p>Arbetar p&aring; Akademiska sjukhuset i Uppsala och delvis p&aring; Specialistcenter AB i Eskilstuna. Disputerad 2012 inom axel kirurgi och har arbetat med det de senaste 15 &aring;ren. &Auml;r medlem i styrelsen f&ouml;r SSAS.<\/p><br\/><br\/><strong>Deltar i f\u00f6ljande:<\/strong><br>Onsdag 28\/8 13:10-13:30 - Fr\u00e4mre instabilitet<br\/>        <\/div>\n        <\/div>\n        <\/div>\n             <hr>\n        <div class=\"row\">\n        <div class=\"col-sm-3\">\n      <img class='profile-image' src='https:\/\/aic-atlas.s3.eu-north-1.amazonaws.com\/projects\/a44f2645-f465-4d20-9d12-e82cf6d97f2d\/images\/conversions\/0TY0QidHVpDbTaROX1xYjwsIPEtvWlLJFgt7qy23-small.jpeg'\/><br\/><b>Maria Kyhlb\u00e4ck<\/b><br\/>        <\/div>\n        <div class=\"col-sm-9\">\n          <div class=\"read_more_div\" style=\"overflow: hidden;\">\n      <p>Maria Kyhlb&auml;ck har l&aring;ng klinisk erfarenhet som sjukgymnast inom ortopedisk verksamhet. Hon har en magisterexamen sedan 2000 och specialistexamen inom ortopedi sedan 2002, och innehar en tj&auml;nst som specialistsjukgymnast i ortopedi p&aring; Akademiska sjukhuset. Hon har 3 studier publicerade i internationella tidskrifter, bland annat g&auml;llande diabetespatienter med ledbesv&auml;r. Hon har i flera &aring;r arbetat med prim&auml;rbed&ouml;mning av rygg- och fotpatienter p&aring; ortopeden, Akademiska sjukhuset.<\/p><br\/><br\/><strong>Deltar i f\u00f6ljande:<\/strong><br>Torsdag 29\/8 09:00-09:20 - Bed\u00f6mning av fotpatienter<br\/>        <\/div>\n        <\/div>\n        <\/div>\n             <hr>\n        <div class=\"row\">\n        <div class=\"col-sm-3\">\n      <img class='profile-image' src='https:\/\/aic-atlas.s3.eu-north-1.amazonaws.com\/projects\/a44f2645-f465-4d20-9d12-e82cf6d97f2d\/images\/conversions\/wxQ8XalzG9P55E3k5go0gsVnIQuRp4IKIuLnhtHm-small.png'\/><br\/><b>Birgitta Lagerqvist<\/b><br\/>        <\/div>\n        <div class=\"col-sm-9\">\n          <div class=\"read_more_div\" style=\"overflow: hidden;\">\n      <p>&nbsp;&Ouml;verl&auml;kare ortopedi, Chefl&auml;kare Region Halland M&aring;ng&aring;rigt yrkesverksam ortoped med inriktning reumakirurgi. Chefserfarenhet inom ortopedi och som sjukv&aring;rdsdirekt&ouml;r. Nu chefl&auml;kare med arbetsinriktning patients&auml;kerhet och kvalitet. Styrelsemedlem i SOF: 2009-2015 facklig sekreterare, sedan h&ouml;sten 2018 SPUR- och kvalitetsansvarig.<\/p><br\/><br\/><strong>Deltar i f\u00f6ljande:<\/strong><br>Onsdag 28\/8 15:45-16:45 - Rebellkirurgen - Erik Erichsen<br\/>Torsdag 29\/8 15:15-16:00 - Hur ska du agera om du ser n\u00e5gon som g\u00f6r fel?<br\/>        <\/div>\n        <\/div>\n        <\/div>\n             <hr>\n        <div class=\"row\">\n        <div class=\"col-sm-3\">\n      <img class='profile-image' src='https:\/\/aic-atlas.s3.eu-north-1.amazonaws.com\/projects\/a44f2645-f465-4d20-9d12-e82cf6d97f2d\/images\/conversions\/5HJjH5mbSEC8unZS43rRg6UR2yMovXSWQPEYVR7e-small.jpeg'\/><br\/><b>Bengt Erik Larsson<\/b><br\/>        <\/div>\n        <div class=\"col-sm-9\">\n          <div class=\"read_more_div\" style=\"overflow: hidden;\">\n      <p>&Ouml;verl&auml;kare och Bitr&auml;dande Verksamhetschef&nbsp; vid Ortopedkliniken i&nbsp; Falun. Sektionsansvarig f&ouml;r fotkirurgin vid kliniken med intresse f&ouml;r fotledsartros och fotedsproteskirurgi. Ordf&ouml;rande i Svenska Fotkirurgiska S&auml;llskapet. Styrgruppen f&ouml;r det nationella kvalit&eacute;tregistret f&ouml;r fotkirurgi - Riksfot.<\/p><br\/><br\/><strong>Deltar i f\u00f6ljande:<\/strong><br>Tisdag 27\/8 13:40-15:00 - Svenska Fots\u00e4llskapet - Artros, protes, artrodes<br\/>        <\/div>\n        <\/div>\n        <\/div>\n             <hr>\n        <div class=\"row\">\n        <div class=\"col-sm-3\">\n      <img class='profile-image' src='https:\/\/aic-atlas.s3.eu-north-1.amazonaws.com\/projects\/a44f2645-f465-4d20-9d12-e82cf6d97f2d\/images\/conversions\/bx0hQYIRdNGBaKs6JLsGBcsHHXUvMe5H57qt2jjy-small.jpeg'\/><br\/><b>Stergios Lazarinis<\/b><br\/>        <\/div>\n        <div class=\"col-sm-9\">\n          <div class=\"read_more_div\" style=\"overflow: hidden;\">\n      <p>&nbsp;Stergios Lazarinis jobbar som &ouml;verl&auml;kare p&aring; ortopedkliniken Akademiska sjukhuset i Uppsala (UAS). Han &auml;r sektionschef p&aring; protessektionen och sysslar klinisk framf&ouml;rallt med h&ouml;ft och kn&auml;protes revisionskirurgi. Han disputerade januari 2013 p&aring; &auml;mnet &ldquo;Form and Finish of Implants in Uncemented Hip Arthroplasty&rdquo; och forts&auml;tter forska om ortopediska infektioner. Hans speciellt intresse &auml;r protesinfektioner (PJI) som han har sysslat med sedan 2004. Han &auml;r infektions &ndash; hygien - och PJI-ansvarig p&aring; ortopedkliniken UAS samt en av experter i den internationella gruppen av experter ang&aring;ende ortopediska infektioner. Protessektionen Akademiska sjukhuset har blivit &rdquo;Center of Excellence&rdquo; f&ouml;r behandling, diagnostisering och f&ouml;rebyggande av PJI med stort samarbete med infektionskliniken, mikrobiologen men &auml;ven med andra ortopedkliniker i Sverige och utoml&auml;ns.<\/p><br\/><br\/><strong>Deltar i f\u00f6ljande:<\/strong><br>Torsdag 29\/8 13:50-15:00 - Protesinfektioner runt h\u00f6ft och kn\u00e4ledsproteser. Kliniska tips baserat p\u00e5 fallbeskrivningar.<br\/>        <\/div>\n        <\/div>\n        <\/div>\n             <hr>\n        <div class=\"row\">\n        <div class=\"col-sm-3\">\n      <img class='profile-image' src='https:\/\/aic-atlas.s3.eu-north-1.amazonaws.com\/projects\/a44f2645-f465-4d20-9d12-e82cf6d97f2d\/images\/conversions\/OVcvnGxTkFEZhtX9OPbzDd0FmedQK5t4bNooOrUM-small.png'\/><br\/><b>Gunilla Limb\u00e4ck Svensson<\/b><br\/>        <\/div>\n        <div class=\"col-sm-9\">\n          <div class=\"read_more_div\" style=\"overflow: hidden;\">\n      <p>Gunilla Limb&auml;ck Svensson &auml;r registerh&aring;llare f&ouml;r det nationella kvalitetsregistret BOA (B&auml;ttre Omh&auml;ndertagande av patienter med Artros) sedan januari 2019. Kliniskt arbetar hon som &ouml;verfysioterapeut p&aring; ortopedkliniken p&aring; Sahlgrenska Universitets&shy;sjukhuset i G&ouml;teborg. Hon har klinisk erfarenhet fr&aring;n s&aring;v&auml;l prim&auml;rv&aring;rd som specialist&shy;sjukhusv&aring;rd sedan mer &auml;n 30 &aring;r tillbaka. Gunilla disputerade 2013 med en avhandling som utv&auml;rderade strukturerad fysioterapeutisk behandling och kirurgi av patienter med diskbr&aring;ck i l&auml;ndryggen. Gunilla sitter ocks&aring; i styrelsen f&ouml;r sektionen f&ouml;r Mekanisk Diagnostik och Terapi (MDT) inom Fysioterapeuterna.&nbsp;<\/p><br\/><br\/><strong>Deltar i f\u00f6ljande:<\/strong><br>Onsdag 28\/8 09:00-09:30 - Hur ser BOA-registret ut fram\u00f6ver?<br\/>        <\/div>\n        <\/div>\n        <\/div>\n             <hr>\n        <div class=\"row\">\n        <div class=\"col-sm-3\">\n      <img class='profile-image' src='https:\/\/aic-atlas.s3.eu-north-1.amazonaws.com\/projects\/a44f2645-f465-4d20-9d12-e82cf6d97f2d\/images\/conversions\/qZfaiRSXnzsYj7KTblfv8mW739sLzG7Bs2364qJf-small.png'\/><br\/><b>Maria Lindblom<\/b><br\/>        <\/div>\n        <div class=\"col-sm-9\">\n          <div class=\"read_more_div\" style=\"overflow: hidden;\">\n      <p>&nbsp;&Ouml;verl&auml;kare i radiologi p&aring; r&ouml;ntgenkliniken US i Link&ouml;ping, inriktat p&aring; muskuloskeletal radiologi, traumaradiologi samt barnradiologi och arbetar med alla modaliteter utom ultraljud. Som radiolog har vi ett n&auml;ra samarbete med remittenter och i synnerhet ortopeder vilket &auml;r mycket givande och roligt. Deltar &auml;ven i utbildning av ST-l&auml;kare inom radiologi genom Svensk f&ouml;rening f&ouml;r muskuloskeletal radiologi samt internt i Link&ouml;ping av AT-och ST-l&auml;kare inom olika specialiteter. Arbetar &auml;ven delvis p&aring; CMIV med bland annat r&auml;ttsmedicinfall.<\/p><br\/><br\/><strong>Deltar i f\u00f6ljande:<\/strong><br>Onsdag 28\/8 10:40-10:55 - Radiologi: det sj\u00e4tte sinne<br\/>        <\/div>\n        <\/div>\n        <\/div>\n             <hr>\n        <div class=\"row\">\n        <div class=\"col-sm-3\">\n      <img class='profile-image' src='https:\/\/aic-atlas.s3.eu-north-1.amazonaws.com\/projects\/a44f2645-f465-4d20-9d12-e82cf6d97f2d\/images\/conversions\/JxuGxyp3o8s2uDdaSKCa0ZjH96Je5C3Y5xVvw3SO-small.jpeg'\/><br\/><b>Kirsten Lundgreen<\/b><br\/>        <\/div>\n        <div class=\"col-sm-9\">\n          <div class=\"read_more_div\" style=\"overflow: hidden;\">\n      <p>&Ouml;verl&auml;kare, PhD, Lovisenberg Diakonale sykehus i Oslo. Arbetar med artroskopisk axelkirurgi och startade upp ett register f&ouml;r rotatorcuffsuturer 2009.<\/p><br\/><br\/><strong>Deltar i f\u00f6ljande:<\/strong><br>Onsdag 28\/8 14:00-15:00 - Svenska Skulder och Armb\u00e5gss\u00e4llskapet: Artroskopisk cuffsutur<br\/>        <\/div>\n        <\/div>\n        <\/div>\n             <hr>\n        <div class=\"row\">\n        <div class=\"col-sm-3\">\n      <img class='profile-image' src='https:\/\/appsinmed.com\/ortopediveckan2019\/wp-content\/plugins\/wordpress_plugin_authors\/img\/person_photo_missing.png'\/><br\/><b>H\u00e5kan Magnusson<\/b><br\/>        <\/div>\n        <div class=\"col-sm-9\">\n          <div class=\"read_more_div\" style=\"overflow: hidden;\">\n      <br\/><br\/><strong>Deltar i f\u00f6ljande:<\/strong><br>Torsdag 29\/8 14:40-15:00 - Plattfot, inte alltid tibialis posterior syndrom!<br\/>        <\/div>\n        <\/div>\n        <\/div>\n             <hr>\n        <div class=\"row\">\n        <div class=\"col-sm-3\">\n      <img class='profile-image' src='https:\/\/aic-atlas.s3.eu-north-1.amazonaws.com\/projects\/a44f2645-f465-4d20-9d12-e82cf6d97f2d\/images\/conversions\/6IBSiXaZQllH48XsfJcvkPkGx7BELavE3ALOTTjJ-small.jpeg'\/><br\/><b>Aamir Mahdi<\/b><br\/>        <\/div>\n        <div class=\"col-sm-9\">\n          <div class=\"read_more_div\" style=\"overflow: hidden;\">\n      <br\/><br\/><strong>Deltar i f\u00f6ljande:<\/strong><br>Tisdag 27\/8 13:40-15:00 - Missn\u00f6jda patienter<br\/>Tisdag 27\/8 16:05-16:25 - Av vilka anledningar \u00e4r kn\u00e4protesopererade patienter missn\u00f6jda?<br\/>        <\/div>\n        <\/div>\n        <\/div>\n             <hr>\n        <div class=\"row\">\n        <div class=\"col-sm-3\">\n      <img class='profile-image' src='https:\/\/appsinmed.com\/ortopediveckan2019\/wp-content\/plugins\/wordpress_plugin_authors\/img\/person_photo_missing.png'\/><br\/><b>Henrik Malchau<\/b><br\/>        <\/div>\n        <div class=\"col-sm-9\">\n          <div class=\"read_more_div\" style=\"overflow: hidden;\">\n      <br\/><br\/><strong>Deltar i f\u00f6ljande:<\/strong><br>Fredag 30\/8 08:00-09:30 - Varf\u00f6r f\u00f6ljer vi inte h\u00f6gsta tillg\u00e4ngliga evidens inom ortopedin?<br\/>Fredag 30\/8 08:00-08:10 - Stegvis introduktion av nya metoder, tekniker och implantat: h\u00e5ller vi m\u00e5ttet?<br\/>Onsdag 28\/8 08:50-09:01 - A Qualitative Study on the Surgeon Experience During the Treatment of  Prosthetic Joint Infections<br\/>        <\/div>\n        <\/div>\n        <\/div>\n             <hr>\n        <div class=\"row\">\n        <div class=\"col-sm-3\">\n      <img class='profile-image' src='https:\/\/aic-atlas.s3.eu-north-1.amazonaws.com\/projects\/a44f2645-f465-4d20-9d12-e82cf6d97f2d\/images\/conversions\/O7E7aWyaWKrUaDk6jYpxrqym6gqqFQpI2IT1M3b3-small.jpeg'\/><br\/><b>Ida Markstr\u00f6m<\/b><br\/>        <\/div>\n        <div class=\"col-sm-9\">\n          <div class=\"read_more_div\" style=\"overflow: hidden;\">\n      <p>&nbsp;Specialistsjuksk&ouml;terska med inriktning mot Operationssjukv&aring;rd p&aring; Anestesi- och intensivv&aring;rdskliniken, Vrinnevisjukhuset, Norrk&ouml;ping. Sen 2016 inskriven doktorand p&aring; Institutionen f&ouml;r medicin och h&auml;lsa, Avdelningen f&ouml;r omv&aring;rdnad, vid Link&ouml;pings universitet. Mitt forskningsomr&aring;de &auml;r Hudf&ouml;rberedelser inf&ouml;r ortopedisk kirurgi.<\/p><br\/><br\/><strong>Deltar i f\u00f6ljande:<\/strong><br>Tisdag 27\/8 13:40-14:10 - Hudf\u00f6rberedelser- hur \u00e4r det med evidensen?<br\/>        <\/div>\n        <\/div>\n        <\/div>\n             <hr>\n        <div class=\"row\">\n        <div class=\"col-sm-3\">\n      <img class='profile-image' src='https:\/\/aic-atlas.s3.eu-north-1.amazonaws.com\/projects\/a44f2645-f465-4d20-9d12-e82cf6d97f2d\/images\/conversions\/VQQBnWPFSTQJWTRCKwgAqepj0A7hlEg6YycZ5Ndo-small.jpeg'\/><br\/><b>Richard Marsell<\/b><br\/>        <\/div>\n        <div class=\"col-sm-9\">\n          <div class=\"read_more_div\" style=\"overflow: hidden;\">\n      <p>&Ouml;verl&auml;kare och sektionschef Barnortopeden Akademiska Barnsjukhuset.<\/p><br\/><br\/><strong>Deltar i f\u00f6ljande:<\/strong><br>Tisdag 27\/8 08:00-12:00 - Kurs: Femur- och h\u00f6ft-frakturer hos barn<br\/>Tisdag 27\/8 08:00-08:10 - Introduktion Femurfraktur hos barn<br\/>Tisdag 27\/8 08:10-08:30 - H\u00f6ftfrakturer hos barn<br\/>Tisdag 27\/8 08:30-09:00 - Distala femurfrakturer hos barn<br\/>Tisdag 27\/8 10:15-11:00 - Workshop 1 \u2013 TEN-fixation diafys\u00e4r femurfraktur<br\/>Tisdag 27\/8 11:45-12:00 - Demo Adoloscent Lateral Femoral Nail (Expert ALFN)<br\/>Fredag 30\/8 10:35-10:50 - Suprakondyl\u00e4r humerusfraktur med rosig men pulsl\u00f6s hand, akut op eller dagtid?<br\/>        <\/div>\n        <\/div>\n        <\/div>\n             <hr>\n        <div class=\"row\">\n        <div class=\"col-sm-3\">\n      <img class='profile-image' src='https:\/\/aic-atlas.s3.eu-north-1.amazonaws.com\/projects\/a44f2645-f465-4d20-9d12-e82cf6d97f2d\/images\/conversions\/5HkJo3ScQId9zer02la3ejSY34nos5Re1LRpTjmF-small.png'\/><br\/><b>Cecilia Mellstrand Navarro<\/b><br\/>        <\/div>\n        <div class=\"col-sm-9\">\n          <div class=\"read_more_div\" style=\"overflow: hidden;\">\n      <p>Cecilia Mellstrand Navarro &auml;r specialist i ortopedi sedan 2007 och i handkirurgi sedan 2018. Hon disputerade 2014 &rdquo;Wrist Fractures &ndash; Aspects of Surgical Methods and Outcome&rdquo; och &auml;r drivande i den forskningsgrupp kring kliniska studier om radiusfrakturer som utg&aring;r fr&aring;n S&ouml;dersjukhuset i Stockholm. Under 2015 - 2017 var hon kontrakterad som expert f&ouml;r SBU (Statens Beredning f&ouml;r medicinsk och social Utv&auml;rdering) under arbetet med rapporten &rdquo;Behandling av armfraktur hos &auml;ldre&rdquo; som sl&auml;pptes i augusti 2017.<\/p><br\/><br\/><strong>Deltar i f\u00f6ljande:<\/strong><br>Onsdag 28\/8 11:05-11:15 - Exfix el perkutana stift vs volar platta<br\/>        <\/div>\n        <\/div>\n        <\/div>\n             <hr>\n        <div class=\"row\">\n        <div class=\"col-sm-3\">\n      <img class='profile-image' src='https:\/\/aic-atlas.s3.eu-north-1.amazonaws.com\/projects\/a44f2645-f465-4d20-9d12-e82cf6d97f2d\/images\/conversions\/QftueZJUk8Y7C0GjFr1FZ2XbZmOmGsdkQ8YTrVeH-small.jpeg'\/><br\/><b>Andreas Meunier<\/b><br\/>        <\/div>\n        <div class=\"col-sm-9\">\n          <div class=\"read_more_div\" style=\"overflow: hidden;\">\n      <p>Andreas Meunier arbetar som &ouml;verl&auml;kare vid Ortopediska kliniken US Link&ouml;ping framf&ouml;rallt med trauma i nedre extremitet samt kn&auml;ligamentproblem. Han disputerade om coxibernas betydelse f&ouml;r kn&auml;protesfixation 2008 och var verksamhetschef p&aring; Ortopedkliniken 2007-2014. Han &auml;r STRAMA ansvarig p&aring; kliniken och jobbar med patients&auml;kerhetsfr&aring;gor som bel&ouml;nades med SOF&rsquo;s och reumatikerf&ouml;rbundets patients&auml;kerhetsstipendium 2018. Han &auml;r ocks&aring; syd&ouml;stra sjukv&aring;rdsregionens representant i NPO r&ouml;relseorganens sjukdomar.<\/p><br\/><br\/><strong>Deltar i f\u00f6ljande:<\/strong><br>Fredag 30\/8 08:50-09:00 - Riskben\u00e4genhet hos individuella l\u00e4kare: varf\u00f6r vill vissa operera allt?<br\/>Onsdag 28\/8 13:30-13:45 - Gemensam v\u00e5rdprogram i syd\u00f6stra sjukv\u00e5rdsregionen 2015, strukturerat uppf\u00f6ljning och resultat<br\/>        <\/div>\n        <\/div>\n        <\/div>\n             <hr>\n        <div class=\"row\">\n        <div class=\"col-sm-3\">\n      <img class='profile-image' src='https:\/\/aic-atlas.s3.eu-north-1.amazonaws.com\/projects\/a44f2645-f465-4d20-9d12-e82cf6d97f2d\/images\/conversions\/ylZbjhrIpvZSHL7eJoNB2QEDfpKqzQCSPE1lgqa0-small.jpeg'\/><br\/><b>Maziar Mohaddes<\/b><br\/>        <\/div>\n        <div class=\"col-sm-9\">\n          <div class=\"read_more_div\" style=\"overflow: hidden;\">\n      <p>&nbsp;Docent och &ouml;verl&auml;kare p&aring; protesteamet vid Ortopedin, Sahlgrenska universitetssjukhuset. Han &auml;r ordf&ouml;rande i nationella programomr&aring;det f&ouml;r r&ouml;relseorganens sjukdomar, d&auml;r &ouml;kat inslag av kunskap och professionellt engagemang vid styrning inom svensk h&auml;lso- och sjukv&aring;rd, st&aring;r h&ouml;gt upp p&aring; agendan. Maziar har en bred forskningskompetens med s&auml;rskilt intresse f&ouml;r forskning p&aring; patient- samt kirurgiska faktorer och dess betydelse f&ouml;r resultatet efter h&ouml;ftproteskirurgi. Han har flera forskningssamarbeten nationellt och internationellt. Under ortopediveckan deltar Maziar vid flertalet symposier b&aring;de som talare men &auml;ven som arrang&ouml;r bland annat inom ramen f&ouml;r Svensk H&ouml;ft- och Kn&auml;protesf&ouml;rening.<\/p><br\/><br\/><strong>Deltar i f\u00f6ljande:<\/strong><br>Torsdag 29\/8 15:45-16:45 - H\u00f6ftfrakturer och kvalitetsregister, Hur kan vi ytterligare f\u00f6rb\u00e4ttra v\u00e5rden f\u00f6r patienter med h\u00f6ftraktur?<br\/>Fredag 30\/8 09:00-09:10 - Nationella programomr\u00e5den och kunskapsstyrning: Hur g\u00f6r vi n\u00e4r det inte finns tillr\u00e4cklig evidens?<br\/>Onsdag 28\/8 08:50-09:01 - A Qualitative Study on the Surgeon Experience During the Treatment of  Prosthetic Joint Infections<br\/>Onsdag 28\/8 09:34-09:45 - Similar results after 1 year with use of an anatomically shaped or a straight uncemented stem<br\/>Torsdag 29\/8 08:30-08:38 - Improved patient-reported outcomes after total hip replacement in Sweden<br\/>        <\/div>\n        <\/div>\n        <\/div>\n             <hr>\n        <div class=\"row\">\n        <div class=\"col-sm-3\">\n      <img class='profile-image' src='https:\/\/aic-atlas.s3.eu-north-1.amazonaws.com\/projects\/a44f2645-f465-4d20-9d12-e82cf6d97f2d\/images\/conversions\/7s12sffVk741DbiuEe1BwlnGuXx1NQs9Bjc6Na2O-small.jpeg'\/><br\/><b>Michael M\u00f6ller<\/b><br\/>        <\/div>\n        <div class=\"col-sm-9\">\n          <div class=\"read_more_div\" style=\"overflow: hidden;\">\n      <p>&nbsp;Med Dr, &Ouml;verl&auml;kare Fraktursektionen, Ortopedkliniken Sahlgrenska Universitetssjukhuset, Registerh&aring;llare f&ouml;r Svenska Frakturregistret<\/p><br\/><br\/><strong>Deltar i f\u00f6ljande:<\/strong><br>Torsdag 29\/8 08:35-09:00 - Hur b\u00f6r vi behandla metatarsalbensfrakturer? Vad kan data fr\u00e5n frakturregistret l\u00e4ra oss och vad s\u00e4ger erfarenheten?<br\/>Fredag 30\/8 08:30-08:40 - Frakturbehandling i Sverige: vad l\u00e4r vi av variationen?<br\/>        <\/div>\n        <\/div>\n        <\/div>\n             <hr>\n        <div class=\"row\">\n        <div class=\"col-sm-3\">\n      <img class='profile-image' src='https:\/\/aic-atlas.s3.eu-north-1.amazonaws.com\/projects\/a44f2645-f465-4d20-9d12-e82cf6d97f2d\/images\/conversions\/5LqcHwXnTLQUjwRZ8vmMQDgOyZnD0xCXVx7n93YS-small.jpeg'\/><br\/><b>Marie Morell<\/b><br\/>        <\/div>\n        <div class=\"col-sm-9\">\n          <div class=\"read_more_div\" style=\"overflow: hidden;\">\n      <p>Oppositionsr&aring;d (M), Region &Ouml;sterg&ouml;tland<\/p><br \/>\n<p>Ordf&ouml;rande i SKL:s sjukv&aring;rdsdelegation&nbsp;&nbsp;&nbsp;&nbsp;&nbsp;&nbsp;&nbsp;&nbsp;&nbsp;&nbsp;&nbsp;&nbsp;&nbsp;&nbsp;&nbsp;&nbsp;&nbsp;&nbsp;&nbsp;&nbsp;&nbsp;&nbsp;&nbsp;&nbsp;&nbsp;&nbsp;&nbsp;&nbsp;&nbsp;&nbsp;&nbsp;&nbsp;&nbsp;&nbsp;&nbsp;&nbsp;&nbsp;&nbsp;&nbsp;&nbsp;&nbsp;&nbsp;&nbsp;&nbsp;&nbsp;&nbsp;&nbsp;&nbsp;&nbsp;&nbsp;&nbsp;<\/p><br \/>\n<p>Ordf&ouml;rande i Kommunalf&ouml;rbundet Avancerad Str&aring;lbehandling&nbsp;&nbsp;&nbsp;&nbsp;&nbsp;&nbsp;&nbsp;&nbsp;&nbsp;&nbsp;&nbsp;&nbsp;&nbsp;&nbsp;&nbsp;&nbsp;&nbsp;&nbsp;&nbsp;&nbsp;&nbsp;<\/p><br \/>\n<p>Styrelseledamot i Inera AB&nbsp;&nbsp;&nbsp;&nbsp;&nbsp;&nbsp;&nbsp;&nbsp;&nbsp;&nbsp;&nbsp;&nbsp;&nbsp;&nbsp;&nbsp;&nbsp;&nbsp;&nbsp;&nbsp;&nbsp;&nbsp;&nbsp;&nbsp;&nbsp;&nbsp;&nbsp;&nbsp;&nbsp;&nbsp;&nbsp;&nbsp;&nbsp;&nbsp;&nbsp;&nbsp;&nbsp;&nbsp;&nbsp;&nbsp;&nbsp;&nbsp;&nbsp;&nbsp;&nbsp;&nbsp;&nbsp;&nbsp;&nbsp;&nbsp;&nbsp;&nbsp;&nbsp;&nbsp;&nbsp;&nbsp;<\/p><br \/>\n<p>Landstingsstyrelsens ordf&ouml;rande 2006-2014 (f&ouml;rsta kvinnan p&aring; den posten)<\/p><br \/>\n<p>Landstingspolitiker sedan 1991<\/p><br\/><br\/><strong>Deltar i f\u00f6ljande:<\/strong><br>Onsdag 28\/8 13:00-14:20 - Vem Styr Sjukv\u00e5rden?<br\/>        <\/div>\n        <\/div>\n        <\/div>\n             <hr>\n        <div class=\"row\">\n        <div class=\"col-sm-3\">\n      <img class='profile-image' src='https:\/\/appsinmed.com\/ortopediveckan2019\/wp-content\/plugins\/wordpress_plugin_authors\/img\/person_photo_missing.png'\/><br\/><b>Sebastian Mukka<\/b><br\/>        <\/div>\n        <div class=\"col-sm-9\">\n          <div class=\"read_more_div\" style=\"overflow: hidden;\">\n      <br\/><br\/><strong>Deltar i f\u00f6ljande:<\/strong><br>Onsdag 28\/8 09:22-09:30 - Infektionsstudien<br\/>Tisdag 27\/8 15:57-16:09 - Posterior and ventral tilt increases the risk of failure after internal fixation of Garden 1 and 2 femoral neck fractures<br\/>Tisdag 27\/8 16:33-16:45 - Open tibia fractures in the Swedish Fracture Register<br\/>        <\/div>\n        <\/div>\n        <\/div>\n             <hr>\n        <div class=\"row\">\n        <div class=\"col-sm-3\">\n      <img class='profile-image' src='https:\/\/aic-atlas.s3.eu-north-1.amazonaws.com\/projects\/a44f2645-f465-4d20-9d12-e82cf6d97f2d\/images\/conversions\/Z9WGXorBenbjAF9rMPCWzylTId7am17h52oeNoOm-small.jpeg'\/><br\/><b>Anna Nedkova<\/b><br\/>        <\/div>\n        <div class=\"col-sm-9\">\n          <div class=\"read_more_div\" style=\"overflow: hidden;\">\n      <p>&nbsp;&Ouml;verl&auml;kare p&aring; Klinisk patologi, cytologi och genetik, US Link&ouml;ping. Specialit inom patologi sedan 2007. Ansvarig l&auml;kare f&ouml;r mjukdels- och benpatologi. Sysslar &nbsp;ocks&aring; med gastrointestinal patologi, uropatologi och gynpatologi.<\/p><br\/><br\/><strong>Deltar i f\u00f6ljande:<\/strong><br>Onsdag 28\/8 11:10-11:25 - Detta h\u00e4nder med ditt PAD hos patologen och detta b\u00f6r man t\u00e4nka p\u00e5 n\u00e4r man tar sitt v\u00e4vnadsprov<br\/>        <\/div>\n        <\/div>\n        <\/div>\n             <hr>\n        <div class=\"row\">\n        <div class=\"col-sm-3\">\n      <img class='profile-image' src='https:\/\/aic-atlas.s3.eu-north-1.amazonaws.com\/projects\/a44f2645-f465-4d20-9d12-e82cf6d97f2d\/images\/conversions\/NE3yQe3lfsd4R11HjXem3srOU3ggUThnL9UvVpHE-small.jpeg'\/><br\/><b>Elinor Nielsen<\/b><br\/>        <\/div>\n        <div class=\"col-sm-9\">\n          <div class=\"read_more_div\" style=\"overflow: hidden;\">\n      <p>Specialistsjuksk&ouml;terska med ansvar f&ouml;r ortopedsektionen p&aring; C-op Vrinnevisjukhuset.&nbsp;<\/p><br\/><br\/><strong>Deltar i f\u00f6ljande:<\/strong><br>Tisdag 27\/8 13:40-14:10 - Hudf\u00f6rberedelser- hur \u00e4r det med evidensen?<br\/>Onsdag 28\/8 08:00-08:40 - 24 \u00e5rs erfarenheter med IVA-dagb\u00f6cker, fr\u00e5n ett lokalt projekt till internationellt arbetss\u00e4tt - Carl B\u00e4ckman<br\/>Tisdag 27\/8 14:10-14:40 - Bakterier p\u00e5 huden. Vad kan vi g\u00f6ra och hur m\u00e4ter vi?<br\/>        <\/div>\n        <\/div>\n        <\/div>\n             <hr>\n        <div class=\"row\">\n        <div class=\"col-sm-3\">\n      <img class='profile-image' src='https:\/\/aic-atlas.s3.eu-north-1.amazonaws.com\/projects\/a44f2645-f465-4d20-9d12-e82cf6d97f2d\/images\/conversions\/O8UDhQN0bGhUXZgWDUav4KoPOEyDTWAEsmxr1CWo-small.jpeg'\/><br\/><b>\u00c5sa Nilsdotter<\/b><br\/>        <\/div>\n        <div class=\"col-sm-9\">\n          <div class=\"read_more_div\" style=\"overflow: hidden;\">\n      <p>Docent i Infektionsmedicin, Link&ouml;pings Universitet sedan 2015. Universitetslektorat i Infektionsmedicin sedan 2018, stationsbas Norrk&ouml;ping. &nbsp;Anst&auml;lld p&aring; Infektionskliniken i &Ouml;sterg&ouml;tland sedan 1991, &ouml;verl&auml;kare sedan 2006. Huvudansvarig f&ouml;r omr&aring;det ortopediska infektioner inom Infektionskliniken, &Ouml;sterg&ouml;tland. Disputerade 2005 med avhandlingen &rdquo;Coagulase-negative staphylococci in prosthetic hip infections&rdquo; och forskar fortsatt inom det f&auml;ltet. Sitter med i &rdquo;V&aring;rdprogramgruppen f&ouml;r led- och skelettinfektioner&rdquo; &nbsp;i Svenska Infektionsl&auml;karf&ouml;reningen. Nytillsatt som Studieortsansvarig Norrk&ouml;ping, d&aring; Vrinnevisjukhuset fr&aring;n och med 2019 &auml;r en av fyra studieorter som utbildar l&auml;karstudenterna vid Med Fak, Link&ouml;pings Universitet.<\/p><br\/><br\/><strong>Deltar i f\u00f6ljande:<\/strong><br>Torsdag 29\/8 13:50-15:00 - Protesinfektioner runt h\u00f6ft och kn\u00e4ledsproteser. Kliniska tips baserat p\u00e5 fallbeskrivningar.<br\/>M\u00e5ndag 26\/8 14:30-15:10 - Ortopediska infektioner<br\/>        <\/div>\n        <\/div>\n        <\/div>\n             <hr>\n        <div class=\"row\">\n        <div class=\"col-sm-3\">\n      <img class='profile-image' src='https:\/\/aic-atlas.s3.eu-north-1.amazonaws.com\/projects\/a44f2645-f465-4d20-9d12-e82cf6d97f2d\/images\/conversions\/WcvwWK8toKZzC5uN3sccBfjs9Hbr7Ges50swLWXQ-small.png'\/><br\/><b>Kjell Gunnar Nilsson<\/b><br\/>        <\/div>\n        <div class=\"col-sm-9\">\n          <div class=\"read_more_div\" style=\"overflow: hidden;\">\n      <p>F&ouml;dd 1953<\/p><br \/>\n<p>Studerade medicin p&aring; KI 1972-1976<\/p><br \/>\n<p>Specialist i ortopedi 1985<\/p><br \/>\n<p>Med dr 1991<\/p><br \/>\n<p>Docent 2000<\/p><br \/>\n<p>Professor 2005<\/p><br \/>\n<p>Verkat i Ume&aring; sedan 1986<\/p><br \/>\n<p>&nbsp;<\/p><br\/><br\/><strong>Deltar i f\u00f6ljande:<\/strong><br>Tisdag 27\/8 13:40-15:00 - Missn\u00f6jda patienter<br\/>        <\/div>\n        <\/div>\n        <\/div>\n             <hr>\n        <div class=\"row\">\n        <div class=\"col-sm-3\">\n      <img class='profile-image' src='https:\/\/aic-atlas.s3.eu-north-1.amazonaws.com\/projects\/a44f2645-f465-4d20-9d12-e82cf6d97f2d\/images\/conversions\/TqdnNhaS2F7X2kIwySeHMEVG3zQmEhmc96SvpSqR-small.jpeg'\/><br\/><b>Anette Nordstr\u00f6m<\/b><br\/>        <\/div>\n        <div class=\"col-sm-9\">\n          <div class=\"read_more_div\" style=\"overflow: hidden;\">\n      <p>Sjuksk&ouml;terska\/Operationsplanerare, Ortopedkliniken i Norrk&ouml;ping<\/p><br\/><br\/><strong>Deltar i f\u00f6ljande:<\/strong><br>Torsdag 29\/8 10:10-10:55 - Samarbete \u00f6ver yrkesgr\u00e4nserna som har f\u00f6rb\u00e4ttrat tillg\u00e4ngligheten p\u00e5 kliniken<br\/>        <\/div>\n        <\/div>\n        <\/div>\n             <hr>\n        <div class=\"row\">\n        <div class=\"col-sm-3\">\n      <img class='profile-image' src='https:\/\/appsinmed.com\/ortopediveckan2019\/wp-content\/plugins\/wordpress_plugin_authors\/img\/person_photo_missing.png'\/><br\/><b>Birgitta Nyberg<\/b><br\/>        <\/div>\n        <div class=\"col-sm-9\">\n          <div class=\"read_more_div\" style=\"overflow: hidden;\">\n      <br\/><br\/><strong>Deltar i f\u00f6ljande:<\/strong><br>Torsdag 29\/8 10:15-11:45 - Fysioterapeuternas N\u00e4tverkstr\u00e4ff<br\/>        <\/div>\n        <\/div>\n        <\/div>\n             <hr>\n        <div class=\"row\">\n        <div class=\"col-sm-3\">\n      <img class='profile-image' src='https:\/\/aic-atlas.s3.eu-north-1.amazonaws.com\/projects\/a44f2645-f465-4d20-9d12-e82cf6d97f2d\/images\/conversions\/77ttlZuJOdxBarsY13clnDfQoqTgG9LGodHO6K5R-small.jpeg'\/><br\/><b>G\u00f6ran Nylander<\/b><br\/>        <\/div>\n        <div class=\"col-sm-9\">\n          <div class=\"read_more_div\" style=\"overflow: hidden;\">\n      <p>&nbsp;G&ouml;ran Nylander &auml;r docent och &ouml;verl&auml;kare i handkirurgi vid Hand-och Plastikkirurgiska kliniken (HPK) med Br&auml;nnskadecentrum, Universitetssjukhuset i Link&ouml;ping.<br \/>Han utbildade sig f&ouml;rst till allm&auml;nkirurg i Norrk&ouml;ping, flyttade sedan till Link&ouml;ping d&auml;r han blev specialist i s&aring;v&auml;l hand- som plastikkirurgi. Han &auml;r &ouml;verl&auml;kare i handkirurgi sedan 1987. Han blev docent i handkirurgi 1992. Han var klinik- och verksamhetschef vid HPK i 16 &aring;r 1992-2008. Han &auml;r i nul&auml;get ansvarig f&ouml;r barnkirurgiska enheten vid universitetssjukhuset, och f&ouml;rordnad vid HPK 90% tom maj 2020 d&aring; 70- &aring;rsdagen passerats.<\/p><br\/><br\/><strong>Deltar i f\u00f6ljande:<\/strong><br>Tisdag 27\/8 16:15-16:45 - Den \"enkla\" handkirurgin - varf\u00f6r blev det inte bra?<br\/>        <\/div>\n        <\/div>\n        <\/div>\n             <hr>\n        <div class=\"row\">\n        <div class=\"col-sm-3\">\n      <img class='profile-image' src='https:\/\/aic-atlas.s3.eu-north-1.amazonaws.com\/projects\/a44f2645-f465-4d20-9d12-e82cf6d97f2d\/images\/conversions\/6bhWwbjTSXejYwJ5IDSYe6yEHnaMmd2JsiksOZqA-small.jpeg'\/><br\/><b>Erika Nyman<\/b><br\/>        <\/div>\n        <div class=\"col-sm-9\">\n          <div class=\"read_more_div\" style=\"overflow: hidden;\">\n      <p>&Ouml;verl&auml;kare i handkirurgi p&aring; Hand- och Plastikkirurgiska kliniken, Universitetssjukhuset i Link&ouml;ping. Disputerade 2015 med avhandlingen &rdquo;Guided Regeneration of the Human Skin - in vitro and in vivo studies&rdquo;. &Auml;mnesomr&aring;desansvarig f&ouml;r nervrelaterade sjukdomar och skador d&auml;r &auml;ven den p&aring;g&aring;ende forskningen framf&ouml;rallt fokuserar.<\/p><br\/><br\/><strong>Deltar i f\u00f6ljande:<\/strong><br>Tisdag 27\/8 15:45-16:15 - Ulnarisnervkompression - Erika Nyman<br\/>Torsdag 29\/8 08:12-08:24 - Socioeconomic factors and outcome after surgically treated ulnar nerve entrapment - a national registry-based study<br\/>        <\/div>\n        <\/div>\n        <\/div>\n             <hr>\n        <div class=\"row\">\n        <div class=\"col-sm-3\">\n      <img class='profile-image' src='https:\/\/aic-atlas.s3.eu-north-1.amazonaws.com\/projects\/a44f2645-f465-4d20-9d12-e82cf6d97f2d\/images\/conversions\/klfO9I1rHDZBVv0PI2ZLTsmhydE9lLDOW8gj390O-small.jpeg'\/><br\/><b>Sarah Nyman<\/b><br\/>        <\/div>\n        <div class=\"col-sm-9\">\n          <div class=\"read_more_div\" style=\"overflow: hidden;\">\n      <p>Leg. Arbetsterapeut inom handrehabilitering p&aring; Rehabenheten, Ortopediska kliniken Norrk&ouml;ping<\/p><br\/><br\/><strong>Deltar i f\u00f6ljande:<\/strong><br>Onsdag 28\/8 13:00-13:45 - Radiusmottagningen - Ett samlat, effektivt omh\u00e4ndertagande med \u00f6kad kvalitet f\u00f6r patienten<br\/>Onsdag 28\/8 08:00-08:40 - R\u00e4tt patient, i r\u00e4tt tid, p\u00e5 r\u00e4tt s\u00e4tt och p\u00e5 r\u00e4tt plats, men sen d\u00e5? - Ida K\u00e5hlin<br\/>        <\/div>\n        <\/div>\n        <\/div>\n             <hr>\n        <div class=\"row\">\n        <div class=\"col-sm-3\">\n      <img class='profile-image' src='https:\/\/aic-atlas.s3.eu-north-1.amazonaws.com\/projects\/a44f2645-f465-4d20-9d12-e82cf6d97f2d\/images\/conversions\/1n16pueep8ciiyUD2Xeb2k4Ku5L853DehPcCleq3-small.png'\/><br\/><b>Jenny Olofsson<\/b><br\/>        <\/div>\n        <div class=\"col-sm-9\">\n          <div class=\"read_more_div\" style=\"overflow: hidden;\">\n      <p>Jenny Olofsson har arbetat som sjukgymnast sedan 2003 och fr&auml;mst inom ortopedisk verksamhet. Hon har stor erfarenhet av bed&ouml;mning och behandling av olika ortopediska tillst&aring;nd. Hon arbetar bland annat med prim&auml;rbed&ouml;mning av ryggpatienter p&aring; Akademiska sjukhuset sedan flera &aring;r.<\/p><br\/><br\/><strong>Deltar i f\u00f6ljande:<\/strong><br>Torsdag 29\/8 08:30-09:00 - Bed\u00f6mning av ryggpatienter<br\/>        <\/div>\n        <\/div>\n        <\/div>\n             <hr>\n        <div class=\"row\">\n        <div class=\"col-sm-3\">\n      <img class='profile-image' src='https:\/\/aic-atlas.s3.eu-north-1.amazonaws.com\/projects\/a44f2645-f465-4d20-9d12-e82cf6d97f2d\/images\/conversions\/4s4KRZSs7bDmbnxgvuifZREabFUli1Fmn25nR1eA-small.png'\/><br\/><b>Gerd \u00d6stling<\/b><br\/>        <\/div>\n        <div class=\"col-sm-9\">\n          <div class=\"read_more_div\" style=\"overflow: hidden;\">\n      <p>Operationssjuksk&ouml;terska p&aring; Anestesi och intensivv&aring;rdskliniken, Vrinnevisjukhuset i Norrk&ouml;ping. Arbetar fr.a med ortopedisk kirurgi.<\/p><br\/><br\/><strong>Deltar i f\u00f6ljande:<\/strong><br>Tisdag 27\/8 13:40-14:10 - Hudf\u00f6rberedelser- hur \u00e4r det med evidensen?<br\/>Onsdag 28\/8 08:00-08:40 - 24 \u00e5rs erfarenheter med IVA-dagb\u00f6cker, fr\u00e5n ett lokalt projekt till internationellt arbetss\u00e4tt - Carl B\u00e4ckman<br\/>Tisdag 27\/8 14:10-14:40 - Bakterier p\u00e5 huden. Vad kan vi g\u00f6ra och hur m\u00e4ter vi?<br\/>        <\/div>\n        <\/div>\n        <\/div>\n             <hr>\n        <div class=\"row\">\n        <div class=\"col-sm-3\">\n      <img class='profile-image' src='https:\/\/aic-atlas.s3.eu-north-1.amazonaws.com\/projects\/a44f2645-f465-4d20-9d12-e82cf6d97f2d\/images\/conversions\/Sw6mZY1CaZHYyUGtzgrstg9VFvI5MMfLf9XZN8Ij-small.jpeg'\/><br\/><b>Soren Overgaard<\/b><br\/>        <\/div>\n        <div class=\"col-sm-9\">\n          <div class=\"read_more_div\" style=\"overflow: hidden;\">\n      <p>Soren Overgaard, MD, is professor of orthopaedic surgery at Odense University Hospital, Denmark. His main interest is hip surgery. He is involved in both register, clinical and experimental research.&nbsp;<\/p><br \/>\n<p>Former positions; president of the Danish Orthopaedic Society (DOS), chairman of the education board DOS, president of the Danish Hip and Knee Arthroplasty Society and member the board of the Nordic Orthopaedic Federation.&nbsp;<\/p><br \/>\n<p>Currently he is board member of The Organization of Danish Medical Societies (LVS), the leader of the steering group of Danish Hip Arthroplasty Register, member of the executive committee of the Nordic Arthroplasty Register Association and Scientific Chair of EFORT.&nbsp;<\/p><br\/><br\/><strong>Deltar i f\u00f6ljande:<\/strong><br>Fredag 30\/8 08:10-08:20 - Nordisk variation inom ledproteskirurgin: hur f\u00f6rklara skillnader och trender?<br\/>        <\/div>\n        <\/div>\n        <\/div>\n             <hr>\n        <div class=\"row\">\n        <div class=\"col-sm-3\">\n      <img class='profile-image' src='https:\/\/appsinmed.com\/ortopediveckan2019\/wp-content\/plugins\/wordpress_plugin_authors\/img\/person_photo_missing.png'\/><br\/><b>Santiago Parra Sotoca<\/b><br\/>        <\/div>\n        <div class=\"col-sm-9\">\n          <div class=\"read_more_div\" style=\"overflow: hidden;\">\n      <br\/><br\/><br\/>        <\/div>\n        <\/div>\n        <\/div>\n             <hr>\n        <div class=\"row\">\n        <div class=\"col-sm-3\">\n      <img class='profile-image' src='https:\/\/aic-atlas.s3.eu-north-1.amazonaws.com\/projects\/a44f2645-f465-4d20-9d12-e82cf6d97f2d\/images\/conversions\/GMjZVQTwV5gO1Irm8NvBOUF0lqNpn95ZTqOS8LB8-small.png'\/><br\/><b>Anders Persson<\/b><br\/>        <\/div>\n        <div class=\"col-sm-9\">\n          <div class=\"read_more_div\" style=\"overflow: hidden;\">\n      <p>Anders Persson &auml;r specialistl&auml;kare vid ledplastiksektionen p&aring;&nbsp;ortopedkliniken,&nbsp;Danderyds Sjukhus, och doktorand vid Karolinska Institutet. Han forskar p&aring; infektioner efter ortopedisk kirurgi, med fokus p&aring; luftburen smitta.&nbsp;&nbsp;&nbsp;&nbsp;&nbsp;&nbsp;&nbsp;&nbsp;&nbsp;&nbsp;&nbsp;<\/p><br\/><br\/><strong>Deltar i f\u00f6ljande:<\/strong><br>Onsdag 28\/8 08:58-09:06 - EPOS-studien, Luftrenare p\u00e5 operationssalar, en p\u00e5g\u00e5ende svensk r-RCT<br\/>Torsdag 19\/9 08:25-08:35 - Effect of tube load, Advanced Modelled Iterative Reconstruction (ADMIRE) and slice thickness in abdominal CT using multiplanar reconstruction (MPR)<br\/>        <\/div>\n        <\/div>\n        <\/div>\n             <hr>\n        <div class=\"row\">\n        <div class=\"col-sm-3\">\n      <img class='profile-image' src='https:\/\/aic-atlas.s3.eu-north-1.amazonaws.com\/projects\/a44f2645-f465-4d20-9d12-e82cf6d97f2d\/images\/conversions\/YW6JIfH7fqfLoIWVxPUHC2VBZ37AtuEbAZSGYppL-small.png'\/><br\/><b>Hans Rahme<\/b><br\/>        <\/div>\n        <div class=\"col-sm-9\">\n          <div class=\"read_more_div\" style=\"overflow: hidden;\">\n      <p>Arbetar p&aring; Ortopediska kliniken,&nbsp;Akademiska sjukhuset Uppsala. &Auml;r docent i ortopedi&nbsp; med specialinriktning p&aring; axlar, armb&aring;gar. Ansvarar f&ouml;r armb&aring;gsprotesregistret och &auml;r medlem i styrgruppen f&ouml;r registren.<\/p><br\/><br\/><strong>Deltar i f\u00f6ljande:<\/strong><br>Tisdag 27\/8 13:40-15:00 - Svenska Fots\u00e4llskapet - Artros, protes, artrodes<br\/>Onsdag 28\/8 13:00-13:10 - Inledning och naturalf\u00f6rlopp<br\/>Onsdag 28\/8 13:40-13:50 - Patientfall<br\/>        <\/div>\n        <\/div>\n        <\/div>\n             <hr>\n        <div class=\"row\">\n        <div class=\"col-sm-3\">\n      <img class='profile-image' src='https:\/\/aic-atlas.s3.eu-north-1.amazonaws.com\/projects\/a44f2645-f465-4d20-9d12-e82cf6d97f2d\/images\/conversions\/ilW5VKm694RGZFtNdZMVbhVrImI8i7UI6lq1fPZ8-small.jpeg'\/><br\/><b>Mats Ranebo<\/b><br\/>        <\/div>\n        <div class=\"col-sm-9\">\n          <div class=\"read_more_div\" style=\"overflow: hidden;\">\n      <p>&Ouml;verl&auml;kare Ortopedkliniken Kalmar: Huvudsaklig inriktning mot &ouml;vre extremitetskirurgi, speciellt axlar, och kn&auml;kirurgi (ACL, MPFL, artroskopisk kirurgi).<br \/>Doktorand, IKE Link&ouml;pings universitet: I slutfasen av avhandlingsarbete om kuffruptur. Avhandlingen inneh&aring;ller 5 delarbeten, varav 3 &auml;r publicerade. Huvudhandledare professor Lars Adolfsson, Link&ouml;ping. Deltar dessutom i ytterligare forskningsprojekt utanf&ouml;r avhandlingsarbetet, exempelvis ACCURATE-studien.<\/p><br\/><br\/><strong>Deltar i f\u00f6ljande:<\/strong><br>Onsdag 28\/8 14:00-15:00 - Svenska Skulder och Armb\u00e5gss\u00e4llskapet: Artroskopisk cuffsutur<br\/>        <\/div>\n        <\/div>\n        <\/div>\n             <hr>\n        <div class=\"row\">\n        <div class=\"col-sm-3\">\n      <img class='profile-image' src='https:\/\/aic-atlas.s3.eu-north-1.amazonaws.com\/projects\/a44f2645-f465-4d20-9d12-e82cf6d97f2d\/images\/conversions\/hZvuJl3dU5kDZgoFaxtTe2qzY0ZVSGMMEHoItj4V-small.png'\/><br\/><b>Jacques Riad<\/b><br\/>        <\/div>\n        <div class=\"col-sm-9\">\n          <div class=\"read_more_div\" style=\"overflow: hidden;\">\n      <p>Mitt namn &auml;r Jacques Riad och jag jobbar sedan m&aring;nga &aring;r p&aring; ortopedkliniken i Sk&ouml;vde.<br \/>Min huvudsakliga kliniska verksamhet &auml;r barnortopedi, men ocks&aring; neuro-ortopedi,vuxen fotkirurgi och trauma.<\/p><br \/>\n<p>Sedan n&aring;got halv&aring;r &auml;r jag docent och har flera doktorander med p&aring;g&aring;ende studier in olika omr&aring;den. Barn som vuxna. I Sk&ouml;vde har vi ett fint G&aring;nganalyslaboratorium som &auml;r en bra bas f&ouml;r vetenskapliga studier inom ortopedi.<\/p><br\/><br\/><strong>Deltar i f\u00f6ljande:<\/strong><br>Fredag 30\/8 10:50-11:05 - Behandling av radius- och ulnadiafysfraktur  hos barn mellan 9 och 16 \u00e5rs \u00e5lder.<br\/>Onsdag 28\/8 16:33-16:45 - Pedobarograph and patient reported outcome after hallux valgus surgery<br\/>        <\/div>\n        <\/div>\n        <\/div>\n             <hr>\n        <div class=\"row\">\n        <div class=\"col-sm-3\">\n      <img class='profile-image' src='https:\/\/aic-atlas.s3.eu-north-1.amazonaws.com\/projects\/a44f2645-f465-4d20-9d12-e82cf6d97f2d\/images\/conversions\/9VketCDtWOX8GQvRFVrQohH6ngZZMpWJvdI4T1in-small.png'\/><br\/><b>Daniel Rikli<\/b><br\/>        <\/div>\n        <div class=\"col-sm-9\">\n          <div class=\"read_more_div\" style=\"overflow: hidden;\">\n      <p>Daniel Rikli &auml;r utbildad allm&auml;n\/traumakirurg i Schweiz och Tyskland, b&ouml;rjade specialisera sig mot skelettrauma i mitten av 90-talet och inriktade sig d&aring; mer specifikt mot handledsskador. Tillsammans med Jesse Jupiter var Daniel Rikli med och utvecklade den f&ouml;rsta generationens vinkelstabila radiusplattor. Han &auml;r sedan 2010 ansvarig f&ouml;r &ouml;vre extremitetstrauma p&aring; Universitetssjukuset i Basel och sedan 2017 professor i kirurgi d&auml;r.<\/p><br\/><br\/><strong>Deltar i f\u00f6ljande:<\/strong><br>Onsdag 28\/8 10:15-10:45 - 30 years of distal radius fractures - Daniel Rikli<br\/>        <\/div>\n        <\/div>\n        <\/div>\n             <hr>\n        <div class=\"row\">\n        <div class=\"col-sm-3\">\n      <img class='profile-image' src='https:\/\/aic-atlas.s3.eu-north-1.amazonaws.com\/projects\/a44f2645-f465-4d20-9d12-e82cf6d97f2d\/images\/conversions\/0rOYiyMMGk36zgMyavuJhcl51fB0rQvon5HGfYul-small.jpeg'\/><br\/><b>Olof Risto<\/b><br\/>        <\/div>\n        <div class=\"col-sm-9\">\n          <div class=\"read_more_div\" style=\"overflow: hidden;\">\n      <p>&Ouml;verl&auml;kare vid Ortopedkliniken, L&auml;nssjukhuset Ryhov, J&ouml;nk&ouml;ping. Barnortoped sedan c:a 30 &aring;r. Disputerade 1995 med en avhandling om heterotopisk bennybildning efter THR och blev docent vid Link&ouml;pings Universitet 2012. Har ett s&auml;rskilt intresse f&ouml;r h&ouml;ftbevarande kirurgi f&ouml;r barn och unga vuxna och introducerade tekniken \"safe surgical dislocation of the hip\" i Sverige.<\/p><br\/><br\/><strong>Deltar i f\u00f6ljande:<\/strong><br>Fredag 30\/8 11:00-11:20 - Safe surgical dislocation of the hip \u2013 svenska erfarenheter<br\/>        <\/div>\n        <\/div>\n        <\/div>\n             <hr>\n        <div class=\"row\">\n        <div class=\"col-sm-3\">\n      <img class='profile-image' src='https:\/\/aic-atlas.s3.eu-north-1.amazonaws.com\/projects\/a44f2645-f465-4d20-9d12-e82cf6d97f2d\/images\/conversions\/wTIXOud0eUUBTeT1DWtnpD6JFaBEqZGQq7PdVbzd-small.jpeg'\/><br\/><b>Otto Robertsson<\/b><br\/>        <\/div>\n        <div class=\"col-sm-9\">\n          <div class=\"read_more_div\" style=\"overflow: hidden;\">\n      <p>&nbsp;Otto Robertsson MD, PhD has been manager of the Swedish Knee Arthroplasty Register since 1996. He has authored or co-authored over 100 publications and is a frequent lecturer at national and international medical conferences. He is an active orthopedic surgeon, primarily performing knee and hip arthroplasty surgery in Iceland. He was the general secretary of the Icelandic Orthopedic Society in 2003-2011, is a member of the American Knee Society, is the representative of Iceland in the EFFORT and was the congress president of the Nordic Orthopaedic Federation 59th congress in Reykjavik, Iceland, 2018.<\/p><br\/><br\/><strong>Deltar i f\u00f6ljande:<\/strong><br>Fredag 30\/8 08:20-08:30 - H\u00f6ft- och kn\u00e4proteskirurgi: \u00e4r vi f\u00f6r konservativa inom Svensk ortopedi?<br\/>        <\/div>\n        <\/div>\n        <\/div>\n             <hr>\n        <div class=\"row\">\n        <div class=\"col-sm-3\">\n      <img class='profile-image' src='https:\/\/aic-atlas.s3.eu-north-1.amazonaws.com\/projects\/a44f2645-f465-4d20-9d12-e82cf6d97f2d\/images\/conversions\/mbVQHqhHel1ykuR0oCXhWomrEzlLCESUfVYSHnc6-small.png'\/><br\/><b>Cecilia Rogmark<\/b><br\/>        <\/div>\n        <div class=\"col-sm-9\">\n          <div class=\"read_more_div\" style=\"overflow: hidden;\">\n      <p>&Ouml;verl&auml;kare p&aring; SUS Malm&ouml;-Lund. Sedan 20 &aring;r tillbaka har hon delat sin tid mellan forskning och kliniskt arbete. Efter avhandlingen 2003, &ldquo;Femoral Neck Fractures. Aspects on Treatment and Outcome&rdquo;, engagerades hon 2004 i Svenska H&ouml;ftprotesregistret, med ansvar f&ouml;r frakturpatienter.&nbsp;2012 blev Cecilia docent vid Lunds universitet. Ortogeriatik och evidensbaserad frakturbehandling &auml;r hennes ortopediska intresseomr&aring;den.<\/p><br\/><br\/><strong>Deltar i f\u00f6ljande:<\/strong><br>Torsdag 29\/8 16:10-16:40 - Registerperspektiv \u2013 Vad kan och g\u00f6r registren?<br\/>Tisdag 27\/8 16:09-16:21 - No difference in reoperation risk between dual mobility cups and conventional total hip arthroplasty in patients with hip fracture.  A study from the Swedish Hip Arthroplasty Register.<br\/>Fredag 30\/8 08:51-09:03 - Nonagenarians benefit from THA to the same extent as do younger patients but at the expense of higher early rate of reoperations<br\/>        <\/div>\n        <\/div>\n        <\/div>\n             <hr>\n        <div class=\"row\">\n        <div class=\"col-sm-3\">\n      <img class='profile-image' src='https:\/\/appsinmed.com\/ortopediveckan2019\/wp-content\/plugins\/wordpress_plugin_authors\/img\/person_photo_missing.png'\/><br\/><b>Ola Rolfson<\/b><br\/>        <\/div>\n        <div class=\"col-sm-9\">\n          <div class=\"read_more_div\" style=\"overflow: hidden;\">\n      <p>&Ouml;verl&auml;kare vid Sahlgrenska Universitetssjukhuset och docent vid G&ouml;teborgs Universitet. Han &auml;r kliniskt verksam inom protestsektionen och fokuserar p&aring; h&ouml;ft- och kn&auml;protesoperationer. &Aring;r 2010 f&ouml;rsvarade han sin avhandling om patientrapporterat utfall och h&auml;lsoekonomiska aspekter av h&ouml;ftprotesoperation. Han gjorde sin postdoc vid Harvard Medical School 2014-2015. Hans forskningsintressen inbegriper registerstudier, patientrapporterat utfall, epidemiologi, implantatrelaterade infektioner, artrosskola, v&aring;rdprocesser och styrning inom sjukv&aring;rd, ekonomisk v&auml;rdering av h&auml;lsa, brosksm&ouml;rjning, statistiska metoder och radiostereometrisk analys av implantat. Fr&aring;n och med 2017 ansvarar Ola Rolfson f&ouml;r Svenska H&ouml;ftprotesregistret som registerh&aring;llare.<\/p><br\/><br\/><strong>Deltar i f\u00f6ljande:<\/strong><br>Onsdag 28\/8 11:40-11:50 - Fast-track -  Universitetssjukhus M\u00f6lndal<br\/>Tisdag 27\/8 16:09-16:21 - No difference in reoperation risk between dual mobility cups and conventional total hip arthroplasty in patients with hip fracture.  A study from the Swedish Hip Arthroplasty Register.<br\/>Onsdag 28\/8 08:50-09:01 - A Qualitative Study on the Surgeon Experience During the Treatment of  Prosthetic Joint Infections<br\/>Fredag 30\/8 08:15-08:27 - Does transfer of the gluteus maximus muscle improve abduction strength in patients with abductor deficiency following total hip replacement?<br\/>Fredag 30\/8 08:51-09:03 - Nonagenarians benefit from THA to the same extent as do younger patients but at the expense of higher early rate of reoperations<br\/>Torsdag 29\/8 08:30-08:38 - Improved patient-reported outcomes after total hip replacement in Sweden<br\/>Torsdag 29\/8 08:54-09:02 - Influence of implant characteristics on survival of a cemented stem<br\/>Torsdag 29\/8 14:48-15:00 - Socioeconomic status of patients in a Swedish national self-management program for osteoarthritis compared with the general population\u2014a descriptive observational study of 72,069 patients<br\/>        <\/div>\n        <\/div>\n        <\/div>\n             <hr>\n        <div class=\"row\">\n        <div class=\"col-sm-3\">\n      <img class='profile-image' src='https:\/\/aic-atlas.s3.eu-north-1.amazonaws.com\/projects\/a44f2645-f465-4d20-9d12-e82cf6d97f2d\/images\/conversions\/GcrgQPaBT3qdVwZQrM9NPm1SnppH5uXuFDkbtvL2-small.png'\/><br\/><b>Mikael Sansone<\/b><br\/>        <\/div>\n        <div class=\"col-sm-9\">\n          <div class=\"read_more_div\" style=\"overflow: hidden;\">\n      <p>&nbsp;Jag heter Mikael Sansone och &auml;r &Ouml;verl&auml;kare p&aring; artroteamet p&aring; Ortopeden Sahlgrenska SU\/M&ouml;lndal. Kliniskt arbetar jag mest med artroskopisk kirurgi p&aring; kn&auml; och h&ouml;ft samt allm&auml;n idrottsortopedi. Avseende kn&auml; inneb&auml;r detta ffa korsbandskirurgi, patellastabiliserande kirurgi samt multiligamentskador. Jag skapade ett register i G&ouml;teborg 2011 f&ouml;r h&ouml;ftartroskopiskt opererade patienter. Vi bedriver omfattande forskning inom detta omr&aring;de.&nbsp;<\/p><br\/><br\/><strong>Deltar i f\u00f6ljande:<\/strong><br>Fredag 30\/8 10:20-10:40 - H\u00f6ftartroskopi \u2013 ifr\u00e5gasatt, men \u00e4nd\u00e5 \u00f6kande efterfr\u00e5gan<br\/>        <\/div>\n        <\/div>\n        <\/div>\n             <hr>\n        <div class=\"row\">\n        <div class=\"col-sm-3\">\n      <img class='profile-image' src='https:\/\/aic-atlas.s3.eu-north-1.amazonaws.com\/projects\/a44f2645-f465-4d20-9d12-e82cf6d97f2d\/images\/conversions\/CfO3xkwuT5ReQW7Deep3SDeb9ZLw9RZ4yVaAqADz-small.png'\/><br\/><b>Johan Scheer<\/b><br\/>        <\/div>\n        <div class=\"col-sm-9\">\n          <div class=\"read_more_div\" style=\"overflow: hidden;\">\n      <p>Johan Scheer, Med dr,&nbsp; &Ouml;verl&auml;kare i Ortopedi Link&ouml;pings Universitetssjukhus.<\/p><br \/>\n<p>Ordf&ouml;rande SOTS samt AO Sverige.<\/p><br \/>\n<p>Arbetar fr&auml;mst med &ouml;vre extremitetens trauma och sjukdomar.<\/p><br\/><br\/><strong>Deltar i f\u00f6ljande:<\/strong><br>Onsdag 28\/8 10:15-11:45 - Den utmanande patienten - Johan Scheer och \u00c5sa Kadowaki<br\/>Torsdag 29\/8 13:00-16:30 - Svenska OrtopedTraumatologiska S\u00e4llskapet - Armb\u00e5gsfrakturer - G\u00f6r det sv\u00e5ra l\u00e4tt(are)?<br\/>        <\/div>\n        <\/div>\n        <\/div>\n             <hr>\n        <div class=\"row\">\n        <div class=\"col-sm-3\">\n      <img class='profile-image' src='https:\/\/aic-atlas.s3.eu-north-1.amazonaws.com\/projects\/a44f2645-f465-4d20-9d12-e82cf6d97f2d\/images\/conversions\/o2WszZ6aAfo89aPqIu2d7W9f8Lq0AmbFZbHCusCb-small.jpeg'\/><br\/><b>Vendela Scheer<\/b><br\/>        <\/div>\n        <div class=\"col-sm-9\">\n          <div class=\"read_more_div\" style=\"overflow: hidden;\">\n      <p>&nbsp;Operationssjuksk&ouml;terska PhD Student vid IKE H&auml;lsouniversitetet i Link&ouml;ping<\/p><br\/><br\/><strong>Deltar i f\u00f6ljande:<\/strong><br>Tisdag 27\/8 14:10-14:40 - Bakterier p\u00e5 huden. Vad kan vi g\u00f6ra och hur m\u00e4ter vi?<br\/>        <\/div>\n        <\/div>\n        <\/div>\n             <hr>\n        <div class=\"row\">\n        <div class=\"col-sm-3\">\n      <img class='profile-image' src='https:\/\/aic-atlas.s3.eu-north-1.amazonaws.com\/projects\/a44f2645-f465-4d20-9d12-e82cf6d97f2d\/images\/conversions\/oRoEP51Oib3zsDCddyVClNCgiLe8nm8BWtE9JGFN-small.jpeg'\/><br\/><b>Torsten Schepull<\/b><br\/>        <\/div>\n        <div class=\"col-sm-9\">\n          <div class=\"read_more_div\" style=\"overflow: hidden;\">\n      <p>&nbsp;Verksam p&aring; ortopediska kliniken, US Link&ouml;ping sedan 2002. Specialist i ortopedi sedan 2007. Med dr 2013; Institutionen f&ouml;r klinisk och experimentell medicin (IKE), Link&ouml;pings universitet; Avhandlingens titel: &rdquo; Stiffness of the healing human Achilles tendon&rdquo; Jobbar sedan 2012 med tum&ouml;rfr&aring;gest&auml;llningar p&aring; sarkomcentrum, ortopediska kliniken US Link&ouml;ping.<\/p><br\/><br\/><strong>Deltar i f\u00f6ljande:<\/strong><br>Tisdag 27\/8 08:10-08:30 - Sarkom: definition, incidens, sjukdomspanorama och diagnostik<br\/>Onsdag 28\/8 13:00-13:15 - Kort presentation om randomiserade studier mellan op och icke kirurgisk behandling med tidig mobilisering i ortos<br\/>        <\/div>\n        <\/div>\n        <\/div>\n             <hr>\n        <div class=\"row\">\n        <div class=\"col-sm-3\">\n      <img class='profile-image' src='https:\/\/aic-atlas.s3.eu-north-1.amazonaws.com\/projects\/a44f2645-f465-4d20-9d12-e82cf6d97f2d\/images\/conversions\/HPYXH7jiNbwCUBZuJKc3yivhrEyhYf70ZPk1nx6d-small.png'\/><br\/><b>J\u00f6rg Schilcher<\/b><br\/>        <\/div>\n        <div class=\"col-sm-9\">\n          <div class=\"read_more_div\" style=\"overflow: hidden;\">\n      <p>Docent och &Ouml;verl&auml;kare, Ortopediska Kliniken, Universitetssjukhuset i Link&ouml;ping Sektionsansvarig Nedre Extremitetssektionen med fokus p&aring; nedre extremitetstrauma och h&ouml;ftprotesrevisioner. Forskningsengagerad inom h&ouml;ftproteskirurgi och trauma med nationella och internationella samarbetspartners. Forskningschef p&aring; Centrum f&ouml;r Kirurgi, Ortopedi och Cancerv&aring;rd.<\/p><br\/><br\/><strong>Deltar i f\u00f6ljande:<\/strong><br>Torsdag 29\/8 08:00-09:20 - Do's and Dont's in pelvic trauma<br\/>M\u00e5ndag 26\/8 17:00-17:40 - Benbiologi<br\/>Torsdag 29\/8 08:00-08:05 - Introduktion<br\/>Tisdag 27\/8 16:21-16:33 - Cephalomedullary nails decrease reoperation rates in femoral shaft fractures<br\/>Torsdag 29\/8 14:00-15:00 - Postervandring Artros\/brosk<br\/>        <\/div>\n        <\/div>\n        <\/div>\n             <hr>\n        <div class=\"row\">\n        <div class=\"col-sm-3\">\n      <img class='profile-image' src='https:\/\/aic-atlas.s3.eu-north-1.amazonaws.com\/projects\/a44f2645-f465-4d20-9d12-e82cf6d97f2d\/images\/conversions\/UvEjXuNBy1AXszz9nCqGDnz0pCudgWF2q6QK4K3a-small.jpeg'\/><br\/><b>Kristina Schildmeijer<\/b><br\/>        <\/div>\n        <div class=\"col-sm-9\">\n          <div class=\"read_more_div\" style=\"overflow: hidden;\">\n      <p>&nbsp;Kristina Schildmeijer, RN, PhD. Linneuniversitet Kalmar. Fil dr i V&aring;rdvetenskap (disputerade 2013) och fil mag i Sociologi (2007). Mitt forskningsomr&aring;de &auml;r patients&auml;kerhet. Jag ing&aring;r i olika forskarteam d&auml;r vi f&ouml;rutom patients&auml;kerhet ocks&aring; studerar patientmedverkan, v&aring;rddirektiv och e-h&auml;lsost&ouml;d till patienter. Innan jag p&aring;b&ouml;rjade min forskarbana arbetade jag som patients&auml;kerhetsamordnare f&ouml;r landstinget i Kalmar l&auml;n. Tidigare meriter: Avdelningschef p&aring; en kirurgklinik. Sjuksk&ouml;terska inom kirurgi, ortopedi, hemsjukv&aring;rd och s&auml;rskilda boenden.<\/p><br\/><br\/><strong>Deltar i f\u00f6ljande:<\/strong><br>Tisdag 27\/8 13:40-14:40 - S\u00e4krare v\u00e5rd genom patientmedverkan - Christina Schildmeijer<br\/>        <\/div>\n        <\/div>\n        <\/div>\n             <hr>\n        <div class=\"row\">\n        <div class=\"col-sm-3\">\n      <img class='profile-image' src='https:\/\/aic-atlas.s3.eu-north-1.amazonaws.com\/projects\/a44f2645-f465-4d20-9d12-e82cf6d97f2d\/images\/conversions\/HAVsoiQd5tGyUse5pwjxCEes4wyf3tAvSP2ul1p6-small.jpeg'\/><br\/><b>Thomas Sch\u00f6nberg<\/b><br\/>        <\/div>\n        <div class=\"col-sm-9\">\n          <div class=\"read_more_div\" style=\"overflow: hidden;\">\n      <p>&nbsp;Thomas Sch&ouml;nberg &auml;r specialist i ortopedi med inriktning mot barnortopedi. Arbetar p&aring; Akademiska sjukhuset sedan 2018 och har dessf&ouml;rinnan arbetat p&aring; barnortopediskt regioncentrum i Link&ouml;ping. Har tidigare arbetet inom vuxenortopedin med inriktning mot fotkirurgi, varf&ouml;r fotkirurgi hos barn &auml;r specialintresse.&nbsp;<\/p><br\/><br\/><strong>Deltar i f\u00f6ljande:<\/strong><br>Tisdag 27\/8 09:15-09:40 - Diafys\u00e4ra femurfrakturer hos sm\u00e5 barn<br\/>Tisdag 27\/8 09:40-10:00 - Diafys\u00e4ra femurfrakturer hos \u00e4ldre barn\/ungdomar<br\/>Tisdag 27\/8 11:00-11:45 - Workshop 2 \u2013 Externfixation diafys\u00e4r femurfraktur<br\/>        <\/div>\n        <\/div>\n        <\/div>\n             <hr>\n        <div class=\"row\">\n        <div class=\"col-sm-3\">\n      <img class='profile-image' src='https:\/\/appsinmed.com\/ortopediveckan2019\/wp-content\/plugins\/wordpress_plugin_authors\/img\/person_photo_missing.png'\/><br\/><b>Oscar Simonsson<\/b><br\/>        <\/div>\n        <div class=\"col-sm-9\">\n          <div class=\"read_more_div\" style=\"overflow: hidden;\">\n      <p>&nbsp;Thoraxkirurg, forskare<\/p><br\/><br\/><strong>Deltar i f\u00f6ljande:<\/strong><br>Torsdag 29\/8 13:00-14:30 - Epiphysen I - Karl Henrik Grinnemo och Oscar Simonsson<br\/>        <\/div>\n        <\/div>\n        <\/div>\n             <hr>\n        <div class=\"row\">\n        <div class=\"col-sm-3\">\n      <img class='profile-image' src='https:\/\/aic-atlas.s3.eu-north-1.amazonaws.com\/projects\/a44f2645-f465-4d20-9d12-e82cf6d97f2d\/images\/conversions\/ruAOkVkaD4UrVWQRdZY7LjkSozNQnP1ALj4FWPTd-small.png'\/><br\/><b>Ann Sj\u00f6strand<\/b><br\/>        <\/div>\n        <div class=\"col-sm-9\">\n          <div class=\"read_more_div\" style=\"overflow: hidden;\">\n      <p>&nbsp;Jag heter Ann Sj&ouml;strand och arbetar som l&auml;rare och utbildningsledare p&aring; yrkesh&ouml;gskoleutbildningen f&ouml;r medicinska sekreterare i Lund. Jag blev f&auml;rdig medicinsk sekreterare (eller som det hette p&aring; den tiden - l&auml;karsekreterare) 1981. Som medicinsk sekreterare har jag arbetat mestadels inom thoraxkirurgi och kardiologi. 1991 blev jag klar med min l&auml;rarutbildning och jag blev beh&ouml;rig i att utbilda inom dokumentation, administration och terminologi. Idag har jag l&auml;rarlegitimation f&ouml;r mina beh&ouml;righeter. Jag har utbildat sedan 1991, f&ouml;rst p&aring; deltid men i slutet av 1990-talet b&ouml;rjade jag utbilda p&aring; heltid. Det finns inte en dag som jag &aring;ngrar min yrkesbana varken som medicinsk sekreterare eller som utbildare.<\/p><br\/><br\/><strong>Deltar i f\u00f6ljande:<\/strong><br>Onsdag 28\/8 13:50-14:45 - Det \u00e4r l\u00e4tt att skriva r\u00e4tt - Ann Sj\u00f6strand<br\/>        <\/div>\n        <\/div>\n        <\/div>\n             <hr>\n        <div class=\"row\">\n        <div class=\"col-sm-3\">\n      <img class='profile-image' src='https:\/\/aic-atlas.s3.eu-north-1.amazonaws.com\/projects\/a44f2645-f465-4d20-9d12-e82cf6d97f2d\/images\/conversions\/tOVVH5Uik06k6iklAxdoEQF78vX9SZI9PeGCihaO-small.jpeg'\/><br\/><b>Roger Skogman<\/b><br\/>        <\/div>\n        <div class=\"col-sm-9\">\n          <div class=\"read_more_div\" style=\"overflow: hidden;\">\n      <p>&Ouml;verl&auml;kare och Klinikchef p&aring; Ortopedkliniken i Falun. Tidigare verksam p&aring; m&aring;nga s&auml;tt vid Ortopedkliniken p&aring; Vrinnevisjukhuset.<\/p><br\/><br\/><strong>Deltar i f\u00f6ljande:<\/strong><br>Tisdag 27\/8 15:45-16:45 - Fria F\u00f6redrag II<br\/>        <\/div>\n        <\/div>\n        <\/div>\n             <hr>\n        <div class=\"row\">\n        <div class=\"col-sm-3\">\n      <img class='profile-image' src='https:\/\/aic-atlas.s3.eu-north-1.amazonaws.com\/projects\/a44f2645-f465-4d20-9d12-e82cf6d97f2d\/images\/conversions\/C3W7vPlLWvjUXglSlB3z63k2hkj32JmClC9AjVI6-small.png'\/><br\/><b>Olof Sk\u00f6ldenberg<\/b><br\/>        <\/div>\n        <div class=\"col-sm-9\">\n          <div class=\"read_more_div\" style=\"overflow: hidden;\">\n      <p>Olof Sk&ouml;ldenberg &auml;r &ouml;verl&auml;kare vid Danderyds sjukhus och docent vid Karolinska Institutet. Han &auml;r kliniskt verksam inom ledprotestsektionen och fokuserar p&aring; h&ouml;ft- och kn&auml;protesoperationer. Han disputerad 2010 och forskningsintressen inbegriper kliniska pr&ouml;vningar och stora kohortstudier. Fr&aring;n och med 2018 &auml;r han ordf&ouml;rande i Svenska H&ouml;ft- och kn&auml;f&ouml;reningen.&nbsp;<\/p><br\/><br\/><strong>Deltar i f\u00f6ljande:<\/strong><br>Onsdag 28\/8 08:50-09:40 - Registerbaserade randomiserade kliniska pr\u00f6vningar inom svensk ortopedi. Ett svar p\u00e5 sv\u00e5ra fr\u00e5gor?<br\/>Tisdag 27\/8 15:57-16:09 - Posterior and ventral tilt increases the risk of failure after internal fixation of Garden 1 and 2 femoral neck fractures<br\/>Onsdag 28\/8 09:01-09:12 - Low dose CT based implant motion analysis is a precise tool for early migration measurements in hip prosthesis: a clinical study of 24 patients<br\/>        <\/div>\n        <\/div>\n        <\/div>\n             <hr>\n        <div class=\"row\">\n        <div class=\"col-sm-3\">\n      <img class='profile-image' src='https:\/\/aic-atlas.s3.eu-north-1.amazonaws.com\/projects\/a44f2645-f465-4d20-9d12-e82cf6d97f2d\/images\/conversions\/C07zvDgkYAIYtIpcsQAm9JeNAYnVmd0h3xwsAdCm-small.jpeg'\/><br\/><b>Kjeld S\u00f8balle<\/b><br\/>        <\/div>\n        <div class=\"col-sm-9\">\n          <div class=\"read_more_div\" style=\"overflow: hidden;\">\n      <p>He finished medical school at the University of Aarhus in 1983, and became a specialist in orthopaedic surgery in 1994. The same year he defended his thesis &ldquo;Hydroxyapatite ceramic coating for bone implant fixation&rdquo;.&nbsp;<\/p><br \/>\n<p>Since 1999 he is a full professor in orthopaedic surgery and chief surgeon and head of division for hip surgery at Aarhus University Hospital, Denmark.<\/p><br \/>\n<p>He has a broad background in orthopaedic surgery, and has specialized in hip surgery, particularly joint preserving procedures and revision arthroplasty. He has developed a new minimally invasive approach for periacetabular osteotomy (PAO), which is known worldwide.<\/p><br \/>\n<p>He is, as a full professor, responsible for education and research at the Department of Orthopaedic Surgery and has been supervisor on more than 60 completed PhD studies and about 10 ongoing PhD studies.<\/p><br \/>\n<p>He spends some of his free time running, scuba diving and is a keen mountain biker.<\/p><br\/><br\/><strong>Deltar i f\u00f6ljande:<\/strong><br>Fredag 30\/8 10:40-11:00 - Acetabular dysplasia - The good candidate for PAO<br\/>        <\/div>\n        <\/div>\n        <\/div>\n             <hr>\n        <div class=\"row\">\n        <div class=\"col-sm-3\">\n      <img class='profile-image' src='https:\/\/aic-atlas.s3.eu-north-1.amazonaws.com\/projects\/a44f2645-f465-4d20-9d12-e82cf6d97f2d\/images\/conversions\/5mRVtPOy3VRYpswvWg3IWhWl18Vn362wZ9VMxfQh-small.jpeg'\/><br\/><b>Anna Sprinchorn<\/b><br\/>        <\/div>\n        <div class=\"col-sm-9\">\n          <div class=\"read_more_div\" style=\"overflow: hidden;\">\n      <p>Anna Sprinchorn arbetar som l&auml;kare vid ortopedkliniken vid Akademiska sjukhuset. Sedan 2001 har hon &auml;gnat sig &aring;t fotkirurgi och efter studier utomlands 2009-2010 arbetar hon uteslutande med fotkirurgi, b&aring;de elektiv och akut kirurgi, samt den neuropatiska foten hos diabetiker. Hon &auml;r f&ouml;r tillf&auml;llet sektionschef f&ouml;r ortopedklinikens fotsektion och doktorand vid Uppsala Universitet under &auml;mnet \"Peroneusseneskador i foten\".<\/p><br\/><br\/><strong>Deltar i f\u00f6ljande:<\/strong><br>Torsdag 29\/8 09:00-09:20 - Bed\u00f6mning av fotpatienter<br\/>        <\/div>\n        <\/div>\n        <\/div>\n             <hr>\n        <div class=\"row\">\n        <div class=\"col-sm-3\">\n      <img class='profile-image' src='https:\/\/appsinmed.com\/ortopediveckan2019\/wp-content\/plugins\/wordpress_plugin_authors\/img\/person_photo_missing.png'\/><br\/><b>Anna Stefansdottir<\/b><br\/>        <\/div>\n        <div class=\"col-sm-9\">\n          <div class=\"read_more_div\" style=\"overflow: hidden;\">\n      <br\/><br\/><strong>Deltar i f\u00f6ljande:<\/strong><br>Torsdag 29\/8 13:50-15:00 - Protesinfektioner runt h\u00f6ft och kn\u00e4ledsproteser. Kliniska tips baserat p\u00e5 fallbeskrivningar.<br\/>        <\/div>\n        <\/div>\n        <\/div>\n             <hr>\n        <div class=\"row\">\n        <div class=\"col-sm-3\">\n      <img class='profile-image' src='https:\/\/appsinmed.com\/ortopediveckan2019\/wp-content\/plugins\/wordpress_plugin_authors\/img\/person_photo_missing.png'\/><br\/><b>Stephan Stenmark<\/b><br\/>        <\/div>\n        <div class=\"col-sm-9\">\n          <div class=\"read_more_div\" style=\"overflow: hidden;\">\n      <p>&nbsp;Med Dr, Infektionsl&auml;kare och smittskyddsl&auml;kare, Ordf i Nationella Strama<\/p><br\/><br\/><strong>Deltar i f\u00f6ljande:<\/strong><br>Torsdag 29\/8 13:00-13:40 - STRAMA Bakterier inom ortopedi - Anders Johansson och Stephan Stenmark<br\/>        <\/div>\n        <\/div>\n        <\/div>\n             <hr>\n        <div class=\"row\">\n        <div class=\"col-sm-3\">\n      <img class='profile-image' src='https:\/\/aic-atlas.s3.eu-north-1.amazonaws.com\/projects\/a44f2645-f465-4d20-9d12-e82cf6d97f2d\/images\/conversions\/pRMnx0wAbHArfDpchw8xAO5r9295tPH7OPl3FY9I-small.jpeg'\/><br\/><b>Lars Stjernkvist<\/b><br\/>        <\/div>\n        <div class=\"col-sm-9\">\n          <div class=\"read_more_div\" style=\"overflow: hidden;\">\n      <p>Kommunalr&aring;d, kommunstyrelseordf&ouml;rande (S) Norrk&ouml;ping<\/p><br\/><br\/><strong>Deltar i f\u00f6ljande:<\/strong><br>Onsdag 28\/8 13:00-14:20 - Vem Styr Sjukv\u00e5rden?<br\/>        <\/div>\n        <\/div>\n        <\/div>\n             <hr>\n        <div class=\"row\">\n        <div class=\"col-sm-3\">\n      <img class='profile-image' src='https:\/\/aic-atlas.s3.eu-north-1.amazonaws.com\/projects\/a44f2645-f465-4d20-9d12-e82cf6d97f2d\/images\/conversions\/aYGXSLzVWx8RKi9Df1eqVfJQM2wuE2SJuo44V6h1-small.png'\/><br\/><b>Peter Str\u00f6m<\/b><br\/>        <\/div>\n        <div class=\"col-sm-9\">\n          <div class=\"read_more_div\" style=\"overflow: hidden;\">\n      <p>&nbsp;&Ouml;verl&auml;kare vid Traumasektionen, Akademiska Sjukhuset Uppsala . &Auml;gnar sig &aring;t generellt ortopediskt trauma b&aring;de &ouml;vre och nedre extremitet, men fokus p&aring; b&auml;ckenfrakturer. Andra uppdrag: AO fakultet, ATLS instrukt&ouml;r, medansvarig f&ouml;r utvecklande av SOFs Bakjoursskola, tidigare ordf&ouml;rande SOTS.<\/p><br\/><br\/><strong>Deltar i f\u00f6ljande:<\/strong><br>Onsdag 28\/8 09:00-09:30 - Bakjoursskolan<br\/>Torsdag 29\/8 08:30-08:50 - B\u00e4ckenfrakturer \u2013 ortopedkirurgiska aspekter<br\/>        <\/div>\n        <\/div>\n        <\/div>\n             <hr>\n        <div class=\"row\">\n        <div class=\"col-sm-3\">\n      <img class='profile-image' src='https:\/\/aic-atlas.s3.eu-north-1.amazonaws.com\/projects\/a44f2645-f465-4d20-9d12-e82cf6d97f2d\/images\/conversions\/V6tz5vjiI7LYEg24bbz19FFhYVKZwuDNKGOlIj2d-small.png'\/><br\/><b>Olle Svensson<\/b><br\/>        <\/div>\n        <div class=\"col-sm-9\">\n          <div class=\"read_more_div\" style=\"overflow: hidden;\">\n      <p>Professor emeritus, Ume&aring; Universitet. Fd ordf&ouml;rande SOF.<\/p><br\/><br\/><strong>Deltar i f\u00f6ljande:<\/strong><br>Fredag 30\/8 10:15-11:15 - Sp\u00e5r- och SPOR-barhet i kvalitetsregistren?<br\/>Fredag 30\/8 10:15-11:15 - Sp\u00e5r- och SPOR-barhet i kvalitetsregistren?<br\/>        <\/div>\n        <\/div>\n        <\/div>\n             <hr>\n        <div class=\"row\">\n        <div class=\"col-sm-3\">\n      <img class='profile-image' src='https:\/\/aic-atlas.s3.eu-north-1.amazonaws.com\/projects\/a44f2645-f465-4d20-9d12-e82cf6d97f2d\/images\/conversions\/ZOfwtbFL1Vfv58AtfYs4cOD206LeXCLsS8F2arp7-small.jpeg'\/><br\/><b>Magnus T\u00e4gil<\/b><br\/>        <\/div>\n        <div class=\"col-sm-9\">\n          <div class=\"read_more_div\" style=\"overflow: hidden;\">\n      <p>Akademisk ortoped och handkirurg med specialintresse i den distala radius frakturen, en fraktur som f&ouml;rtj&auml;nar en rej&auml;l statush&ouml;jning. Efter ett &aring;r har 15% av patienterna, gammal som ung, stora besv&auml;r med vilov&auml;rk och d&aring;lig funktion. Med f&ouml;rb&auml;ttrat omh&auml;ndertagande b&aring;de p&aring; och utanf&ouml;r sjukhuset, utbildning och &ouml;kad specialisering kommer vi minska komplikationerna och s&auml;nka andelen med d&aring;ligt slutresultat.<\/p><br\/><br\/><strong>Deltar i f\u00f6ljande:<\/strong><br>Onsdag 28\/8 11:15-11:25 - Fragmentspecifika plattor vs volar platta<br\/>        <\/div>\n        <\/div>\n        <\/div>\n             <hr>\n        <div class=\"row\">\n        <div class=\"col-sm-3\">\n      <img class='profile-image' src='https:\/\/aic-atlas.s3.eu-north-1.amazonaws.com\/projects\/a44f2645-f465-4d20-9d12-e82cf6d97f2d\/images\/conversions\/IOJnzXdnUTAznD0wiMFzmFgJgDjzPhHbkJieVgDS-small.png'\/><br\/><b>Carl-Johan Tiderius<\/b><br\/>        <\/div>\n        <div class=\"col-sm-9\">\n          <div class=\"read_more_div\" style=\"overflow: hidden;\">\n      <p>Carl Johan Tiderius &auml;r docent och &ouml;verl&auml;kare i ortopedi vid SUS i Lund. Kliniskt arbetar han som barnortoped med s&auml;rskilt intresse f&ouml;r h&ouml;ftleden, inkluderande subkapitul&auml;r osteotomi vid fysiolys.<\/p><br \/>\n<p>Carl Johan disputerade 2004 om dGEMRIC, en metod att bed&ouml;ma broskkvalitet. Fr&aring;n att i b&ouml;rjan mest ha studerat kn&auml;leden har h&ouml;ften f&aring;tt allt st&ouml;rre fokus &auml;ven i Carl Johans forskning. Nyligen disputerade exempelvis en av hans doktorander i &auml;mnet fysiolys och vilka problem denna sjukdom ger p&aring; sikt.<\/p><br\/><br\/><strong>Deltar i f\u00f6ljande:<\/strong><br>Fredag 30\/8 11:05-11:20 - Instabil h\u00f6ftfyseolys-s\u00e5 handl\u00e4gger jag den<br\/>        <\/div>\n        <\/div>\n        <\/div>\n             <hr>\n        <div class=\"row\">\n        <div class=\"col-sm-3\">\n      <img class='profile-image' src='https:\/\/appsinmed.com\/ortopediveckan2019\/wp-content\/plugins\/wordpress_plugin_authors\/img\/person_photo_missing.png'\/><br\/><b>Jonatan Tillander<\/b><br\/>        <\/div>\n        <div class=\"col-sm-9\">\n          <div class=\"read_more_div\" style=\"overflow: hidden;\">\n      <p>&Ouml;verl&auml;kare, MD, PhD<br \/>Infektion<br \/>Sahlgrenska Universitetssjukhuset\/&Ouml;stra<\/p><br\/><br\/><strong>Deltar i f\u00f6ljande:<\/strong><br>Torsdag 29\/8 13:50-15:00 - Protesinfektioner runt h\u00f6ft och kn\u00e4ledsproteser. Kliniska tips baserat p\u00e5 fallbeskrivningar.<br\/>        <\/div>\n        <\/div>\n        <\/div>\n             <hr>\n        <div class=\"row\">\n        <div class=\"col-sm-3\">\n      <img class='profile-image' src='https:\/\/aic-atlas.s3.eu-north-1.amazonaws.com\/projects\/a44f2645-f465-4d20-9d12-e82cf6d97f2d\/images\/conversions\/5870L082tU4PXTmMHbL3ncP5j6RgFyLfNzwbdugZ-small.jpeg'\/><br\/><b>Maria T\u00f6rnborg<\/b><br\/>        <\/div>\n        <div class=\"col-sm-9\">\n          <div class=\"read_more_div\" style=\"overflow: hidden;\">\n      <p>Specialistsjuksk&ouml;terska,&nbsp;Ortopediska kliniken Vrinnevisjukhuset<\/p><br\/><br\/><strong>Deltar i f\u00f6ljande:<\/strong><br>Onsdag 28\/8 08:40-09:40 - Sm\u00e4rta och sm\u00e4rtbehandling f\u00f6r den ortopediska patienten - Mia Berg<br\/>Torsdag 29\/8 10:10-10:55 - Samarbete \u00f6ver yrkesgr\u00e4nserna som har f\u00f6rb\u00e4ttrat tillg\u00e4ngligheten p\u00e5 kliniken<br\/>        <\/div>\n        <\/div>\n        <\/div>\n             <hr>\n        <div class=\"row\">\n        <div class=\"col-sm-3\">\n      <img class='profile-image' src='https:\/\/aic-atlas.s3.eu-north-1.amazonaws.com\/projects\/a44f2645-f465-4d20-9d12-e82cf6d97f2d\/images\/conversions\/VeoJotqND2SntcTZ9dbnymCx7WHyDm3erNwvT38J-small.jpeg'\/><br\/><b>Anna T\u00f6tterman<\/b><br\/>        <\/div>\n        <div class=\"col-sm-9\">\n          <div class=\"read_more_div\" style=\"overflow: hidden;\">\n      <p>Finlandssvensk specialist i ortopedi med inriktning traumatologi. Utbildade sig till l&auml;kare vid Helsingfors Universitet och gjorde sin grundpraktik i kirurgi och ortopedi&nbsp;i&nbsp;Finland. Arbetade d&auml;refter&nbsp;tio &aring;r vid nordens st&ouml;rsta traumasjukhus, Oslo Universitetssjukhus, delvis som ortoped&nbsp;men &auml;ven traumateamledare.&nbsp;Fr&aring;n&nbsp;Norge&nbsp;flyttade hon till&nbsp;Sverige, d&auml;r hon arbetade&nbsp;som &ouml;verl&auml;kare i ortopedi&nbsp;f&ouml;rst 3 &aring;r vid Akademiska sjukhuset, d&auml;refter sedan &aring;r 2011 vid Karolinska Universitetssjukhuset. Hennes forskning har fokuserat i huvudsak p&aring; problemst&auml;llningar inom b&auml;ckentraumatologi, ett tema hon &auml;ven disputerade p&aring; vid Oslo Universitet.<\/p><br\/><br\/><strong>Deltar i f\u00f6ljande:<\/strong><br>Onsdag 28\/8 10:25-10:40 - Vikten av (och begr\u00e4nsningarna med) den kliniska diagnostiken<br\/>        <\/div>\n        <\/div>\n        <\/div>\n             <hr>\n        <div class=\"row\">\n        <div class=\"col-sm-3\">\n      <img class='profile-image' src='https:\/\/aic-atlas.s3.eu-north-1.amazonaws.com\/projects\/a44f2645-f465-4d20-9d12-e82cf6d97f2d\/images\/conversions\/RMbNg8LKYBZJ7FN3WInIqpNo733dFIZrpQHJtIy8-small.jpeg'\/><br\/><b>Anders Troelsen<\/b><br\/>        <\/div>\n        <div class=\"col-sm-9\">\n          <div class=\"read_more_div\" style=\"overflow: hidden;\">\n      <p>&Ouml;verl&auml;kare i Ortopedi med inriktning mot prim&auml;r och sekund&auml;r kn&auml;proteskirurgi samt h&ouml;ftproteskirurgi vid K&ouml;penhamns Universitetsjukhus i Hvidovre . Professor i Ortopedisk kirurgi vid Universitet i K&ouml;penhamn.<\/p><br\/><br\/><strong>Deltar i f\u00f6ljande:<\/strong><br>Onsdag 28\/8 11:00-11:15 - Can technology help us? An analysis of implant survival and PROM over the last decades<br\/>        <\/div>\n        <\/div>\n        <\/div>\n             <hr>\n        <div class=\"row\">\n        <div class=\"col-sm-3\">\n      <img class='profile-image' src='https:\/\/aic-atlas.s3.eu-north-1.amazonaws.com\/projects\/a44f2645-f465-4d20-9d12-e82cf6d97f2d\/images\/conversions\/CJ9rdkAZyZIO65pSvRS96xz3kmNUXnM6dKFbrQDY-small.png'\/><br\/><b>Hans Tropp<\/b><br\/>        <\/div>\n        <div class=\"col-sm-9\">\n          <div class=\"read_more_div\" style=\"overflow: hidden;\">\n      <p>De senaste 15 &aring;ren har jag varit heltids ryggkirurg i Link&ouml;ping. Mitt huvudintresse i klinik och forskning &auml;r ryggradsdeformiteter hos barn. Jag deltar g&auml;rna i olika utbildningsaktiviteter f&ouml;r blivande ryggkirurger men ocks&aring; f&ouml;r &ouml;vriga ortopeder som handl&auml;gger ryggpatienter. SOF &auml;r v&aring;r viktigaste gemensamma m&ouml;tesplats.<\/p><br\/><br\/><strong>Deltar i f\u00f6ljande:<\/strong><br>Onsdag 28\/8 15:30-16:50 - Svensk Ryggkirurgisk F\u00f6rening: Kotpelarskador \u2013fr\u00e5n vaggan till graven<br\/>Onsdag 28\/8 15:30-15:40 - Barn med ryggm\u00e4rgsskada utan fraktur \u2013 algoritm f\u00f6r handl\u00e4ggning<br\/>Onsdag 28\/8 16:05-16:20 - Torakolumbal fraktur<br\/>Onsdag 28\/8 16:20-16:25 - Fall<br\/>Torsdag 29\/8 08:50-09:10 - Sakrumfrakturer och spinopelvisk fixation<br\/>        <\/div>\n        <\/div>\n        <\/div>\n             <hr>\n        <div class=\"row\">\n        <div class=\"col-sm-3\">\n      <img class='profile-image' src='https:\/\/aic-atlas.s3.eu-north-1.amazonaws.com\/projects\/a44f2645-f465-4d20-9d12-e82cf6d97f2d\/images\/conversions\/993drWbExcf8BUgI49PcpVeUYhnrac2JvfGxM7Ff-small.png'\/><br\/><b>Panagiotis Tsagkozis<\/b><br\/>        <\/div>\n        <div class=\"col-sm-9\">\n          <div class=\"read_more_div\" style=\"overflow: hidden;\">\n      <p>Specialistl&auml;kare, PhD. Inriktning mot muskuloskeletala tum&ouml;rer och skelettmetastaser. Bedriver forskning och deltar i utbildningsaktiviteter. Medlem i styrelsen f&ouml;r Skandinaviska Sarkomgruppen.<\/p><br\/><br\/><strong>Deltar i f\u00f6ljande:<\/strong><br>Tisdag 27\/8 08:40-09:20 - Mjukdelstum\u00f6rer<br\/>Tisdag 27\/8 10:30-11:10 - Metastaser<br\/>Tisdag 27\/8 11:10-11:40 - \"Oops lesions\"; Oplanerade sarkomoperationer<br\/>        <\/div>\n        <\/div>\n        <\/div>\n             <hr>\n        <div class=\"row\">\n        <div class=\"col-sm-3\">\n      <img class='profile-image' src='https:\/\/appsinmed.com\/ortopediveckan2019\/wp-content\/plugins\/wordpress_plugin_authors\/img\/person_photo_missing.png'\/><br\/><b>Johanna Vinblad<\/b><br\/>        <\/div>\n        <div class=\"col-sm-9\">\n          <div class=\"read_more_div\" style=\"overflow: hidden;\">\n      <p>&nbsp;Utvecklingsledare Registercentrum<\/p><br\/><br\/><br\/>        <\/div>\n        <\/div>\n        <\/div>\n             <hr>\n        <div class=\"row\">\n        <div class=\"col-sm-3\">\n      <img class='profile-image' src='https:\/\/aic-atlas.s3.eu-north-1.amazonaws.com\/projects\/a44f2645-f465-4d20-9d12-e82cf6d97f2d\/images\/conversions\/d5ozfVSUbD0Rgj1zoI0TYgZwbqclfOLaVCSPAzIg-small.jpeg'\/><br\/><b>Fredrik Vult von Steyern<\/b><br\/>        <\/div>\n        <div class=\"col-sm-9\">\n          <div class=\"read_more_div\" style=\"overflow: hidden;\">\n      <p>&nbsp;Fredrik Vult von Steyern &auml;r &ouml;verl&auml;kare och docent i ortopedi vid Ortopediska kliniken, Sk&aring;nes Universitetssjukhus i Lund. Han p&aring;b&ouml;rjade sina studier vid Medicinska fakulteten, Lunds Universitet, 1987 och tog l&auml;karexamen 1997. Under studie&aring;ren var han doktorand och disputerade 1995 inom neuromuskul&auml;r forskning vid d&aring;varande Institutionen f&ouml;r Farmakologi, Lunds Universitet. D&auml;refter gjorde han en s.k. Fellowship vid Nevrofysiologisk\/fysiologisk Institutt vid Universitetet i Oslo, Norge. Han &auml;r nu verksam vid Ortopediska kliniken i Lund och &auml;r medicinskt ansvarig f&ouml;r den Ortopediska tum&ouml;rkirurgin vid Sarkomcenter Lund.&nbsp;<\/p><br\/><br\/><strong>Deltar i f\u00f6ljande:<\/strong><br>Onsdag 28\/8 13:05-13:20 - \u201d\u00c4r knutan\/kn\u00f6len farlig?\u201d<br\/>        <\/div>\n        <\/div>\n        <\/div>\n             <hr>\n        <div class=\"row\">\n        <div class=\"col-sm-3\">\n      <img class='profile-image' src='https:\/\/appsinmed.com\/ortopediveckan2019\/wp-content\/plugins\/wordpress_plugin_authors\/img\/person_photo_missing.png'\/><br\/><b>Anette W-Dahl<\/b><br\/>        <\/div>\n        <div class=\"col-sm-9\">\n          <div class=\"read_more_div\" style=\"overflow: hidden;\">\n      <p>&nbsp;Annette W-Dahl &auml;r driftsansvarig f&ouml;r Svenska kn&auml;protesregistret sedan drygt 10 &aring;r och docent i experimentell ortopedi vid Lunds universitet. 2005 f&ouml;rsvarade hon sin avhandling om infektionsprofylax vid kn&auml;osteotomioperationer med extern fixation. Hennes forskning &auml;r i stor utstr&auml;ckning registerbaserade, med nationella och internationella samarbeten, med focus p&aring; de yngre artrospatienterna, att f&ouml;rebygga infektioner och m&ouml;jligheten att utv&auml;rdera kn&auml;proteskirurgin med patient rapporterat utfall (PROM). 2013 initierade hon Svenska kn&auml;osteotomiregistret.<\/p><br\/><br\/><strong>Deltar i f\u00f6ljande:<\/strong><br>Onsdag 28\/8 10:15-10:30 - Implant survival and patient-reported outcomes in the young knee OA patient. Always worse than in the elderly?<br\/>        <\/div>\n        <\/div>\n        <\/div>\n             <hr>\n        <div class=\"row\">\n        <div class=\"col-sm-3\">\n      <img class='profile-image' src='https:\/\/aic-atlas.s3.eu-north-1.amazonaws.com\/projects\/a44f2645-f465-4d20-9d12-e82cf6d97f2d\/images\/conversions\/kqmR6iZdVTdmi4EbGgBFiSC3ldNkYfNgG6FjnzHa-small.png'\/><br\/><b>Markus Wald\u00e9n<\/b><br\/>        <\/div>\n        <div class=\"col-sm-9\">\n          <div class=\"read_more_div\" style=\"overflow: hidden;\">\n      <p>Markus Wald&eacute;n, medicine doktor, &ouml;verl&auml;kare och sektionsansvarig f&ouml;r mjuka kn&auml;\/idrott vid Verksamhetsomr&aring;de Ortopedi, H&auml;ssleholms sjukv&aring;rdsomr&aring;de. Huvudsaklig klinisk inriktning &auml;r artroskopisk kn&auml;kirurgi och h&ouml;ftproteskirurgi. Bedriver bred forskning om skadeepidemiologi och skadeprevention inom fotboll och handboll. Lagl&auml;kare f&ouml;r IFK Kristianstad i handboll och medlem i Svenska Fotbollf&ouml;rbundets medicinska kommitt&eacute;.<\/p><br\/><br\/><strong>Deltar i f\u00f6ljande:<\/strong><br>Onsdag 28\/8 10:20-11:40 - Ortopeddiagnostikens ABC<br\/>Onsdag 28\/8 10:20-10:25 - Introduktion<br\/>        <\/div>\n        <\/div>\n        <\/div>\n             <hr>\n        <div class=\"row\">\n        <div class=\"col-sm-3\">\n      <img class='profile-image' src='https:\/\/aic-atlas.s3.eu-north-1.amazonaws.com\/projects\/a44f2645-f465-4d20-9d12-e82cf6d97f2d\/images\/conversions\/ifr1KmPvO0uaZwabUfLp2yWl7jBWnagTKgEu0mT3-small.jpeg'\/><br\/><b>M\u00e4rit Wallander<\/b><br\/>        <\/div>\n        <div class=\"col-sm-9\">\n          <div class=\"read_more_div\" style=\"overflow: hidden;\">\n      <p>Specialist i allm&auml;nmedicin, MD PhD.<\/p><br \/>\n<p>M&aring;ng&aring;rig erfarenhet p&aring; Osteoporosmottagningen Karolinska Universitetssjukhuset Huddinge<\/p><br \/>\n<p>Huvudf&ouml;rfattare till boken &rdquo;Osteoporos och frakturrisk&rdquo; (Studentlitteratur 2017).<\/p><br\/><br\/><strong>Deltar i f\u00f6ljande:<\/strong><br>M\u00e5ndag 26\/8 13:10-13:50 - Osteoporos<br\/>        <\/div>\n        <\/div>\n        <\/div>\n             <hr>\n        <div class=\"row\">\n        <div class=\"col-sm-3\">\n      <img class='profile-image' src='https:\/\/aic-atlas.s3.eu-north-1.amazonaws.com\/projects\/a44f2645-f465-4d20-9d12-e82cf6d97f2d\/images\/conversions\/0FB2kwGAOf0fA0UMPDjoduw3GdiKDar30kdj9K08-small.jpeg'\/><br\/><b>Anders Wallmon<\/b><br\/>        <\/div>\n        <div class=\"col-sm-9\">\n          <div class=\"read_more_div\" style=\"overflow: hidden;\">\n      <p>Anders Wallmon &auml;r ortoped och handkirurg. Han &auml;r handledsspecialist sedan 15 &aring;r tillbaka och har sedan dess huvudsakligen &auml;gnat sig &aring;t handledsproblem. Utvecklingen av handledskirurgin, b&aring;de vad g&auml;ller kirurgi, rehabilitering, utbildning och organisation, &auml;r omr&aring;den som Anders driver i sin dagliga g&auml;rning. Anders &auml;r medgrundare till och tidigare medicinsk ansvarig f&ouml;r HandCenter med klinker p&aring; fyra orter d&auml;r merparten av allt fr&aring;n armb&aring;ge till fingertopp omh&auml;ndertas.<\/p><br\/><br\/><strong>Deltar i f\u00f6ljande:<\/strong><br>Tisdag 27\/8 13:55-14:10 - Artroskopisk diagnostik och behandling<br\/>        <\/div>\n        <\/div>\n        <\/div>\n             <hr>\n        <div class=\"row\">\n        <div class=\"col-sm-3\">\n      <img class='profile-image' src='https:\/\/aic-atlas.s3.eu-north-1.amazonaws.com\/projects\/a44f2645-f465-4d20-9d12-e82cf6d97f2d\/images\/conversions\/lYSJBFQY3XIcy9ZBery3Deo7sfMT68udkYc0SoRB-small.png'\/><br\/><b>Rikard Wedin<\/b><br\/>        <\/div>\n        <div class=\"col-sm-9\">\n          <div class=\"read_more_div\" style=\"overflow: hidden;\">\n      <p>&nbsp;Rikard Wedin, Docent, &Ouml;verl&auml;kare Karolinska Inst.\/Univ.sjukhuset Ortopedspecialist sedan 25 &aring;r, f.n. inom rekonstruktiv ortopedi, NKS Disputation 2001: \"Metastatic Bone Disease\" och d&auml;refter fortsatt forskning inom skelettmetastaskirurgi och beslutsst&ouml;d (t ex PATHFx) baserade p&aring; AI\/Machine Learning Registerh&aring;llare hos Regionalt Cancercentrum f&ouml;r Skelettmetastasregistret\/Int. Bone Metastasis Registry.<\/p><br\/><br\/><strong>Deltar i f\u00f6ljande:<\/strong><br>Onsdag 28\/8 13:50-14:05 - Metastaser \u2013 perioperativa utmaningar<br\/>Tisdag 27\/8 14:28-14:40 - What have we learned from the PATHFx validation studies?   An analysis of 2,559 patients with metastatic bone disease.<br\/>        <\/div>\n        <\/div>\n        <\/div>\n             <hr>\n        <div class=\"row\">\n        <div class=\"col-sm-3\">\n      <img class='profile-image' src='https:\/\/aic-atlas.s3.eu-north-1.amazonaws.com\/projects\/a44f2645-f465-4d20-9d12-e82cf6d97f2d\/images\/conversions\/tPnJYWQ0CR7ZNc2W3BXZiVKxzkh2xZEUCsCEJXso-small.jpeg'\/><br\/><b>Lars Weidenhielm<\/b><br\/>        <\/div>\n        <div class=\"col-sm-9\">\n          <div class=\"read_more_div\" style=\"overflow: hidden;\">\n      <p>&nbsp;Har arbetat som &ouml;verl&auml;kare vid ortopedkliniken p&aring; Karolinska Universitetssjukhuset. Disputerade 1992, blev docent 1995 och &auml;r sedan 2005 professor i ortopedi vid Karolinska Institutet. Har varit ansvarig f&ouml;r undervisningen i ortopedi p&aring; fysioterapiprogrammet vid KI och haft &ouml;ver 50 olika kurser i ffa proteskirurgi tillsammans med professor Per Wretenberg. Forskningen har varit koncentrerad kring diagnostik och behandling av artrossjukdom i h&ouml;ft- och kn&auml;leder. Tillsammans med fd doktorand Henrik Olivecrona har&nbsp;Lars &auml;gnat sig &aring;t forskning kring f&ouml;rb&auml;ttrad diagnostik av sjukdomar i r&ouml;relseorganen och komplikationer till endoproteskirurgi med datortomografisk teknik.<\/p><br\/><br\/><strong>Deltar i f\u00f6ljande:<\/strong><br>M\u00e5ndag 26\/8 13:00-17:00 - Kurs: Basal H\u00f6ftplastik<br\/>M\u00e5ndag 26\/8 13:00-13:45 - Preop. planering. Snittf\u00f6ring h\u00f6ftprotes<br\/>Torsdag 29\/8 08:30-09:30 - Postervandring H\u00f6ft\/h\u00f6ftrevision\/amputation\/tum\u00f6r<br\/>        <\/div>\n        <\/div>\n        <\/div>\n             <hr>\n        <div class=\"row\">\n        <div class=\"col-sm-3\">\n      <img class='profile-image' src='https:\/\/aic-atlas.s3.eu-north-1.amazonaws.com\/projects\/a44f2645-f465-4d20-9d12-e82cf6d97f2d\/images\/conversions\/sD9JplEMYqIMsBz4O50CqY8bSMscZCm7qbkSCW5t-small.jpeg'\/><br\/><b>Kristoffer Weisskirchner Barfod<\/b><br\/>        <\/div>\n        <div class=\"col-sm-9\">\n          <div class=\"read_more_div\" style=\"overflow: hidden;\">\n      <p>&nbsp;Kristoffer Weisskirchner Barfod is a Danish orthopedic surgeon and sports physician. He completed his medical studies in 2006, finished his surgical training in 2014 and passed the exam as a Certified Sports physician in 2015. Since, he subspecialized in arthroscopic surgery and sports traumatology through Fellowships at Sealand University hospital Koge, Institute for Sports Medicine Copenhagen (ISMC) at Copenhagen University Hospital Bispebjerg and at OthoSport Victoria in Melbourne, Australia, where he was trained in advanced knee surgery by Professor Julian Feller. Parallel to his training he completed a PhD study entitled &lsquo;Achilles tendon rupture; Assessment of non-operative treatment&rsquo; for which he was awarded the price &lsquo;Best PhD of the Year 2014&rsquo; by the Danish Orthopedic Society. Kristoffer is an active researcher leading ongoing projects concerning shoulder, knee and Achilles tendon injuries. He was chair for the Scientific Committee for the Danish Sports Medicine Congress for the years 2016 and 2017 and is member of the scientific committee of the Danish Orthopedic Society. Kristoffer is president of the Danish Association for Sports Medicine and member of the Achilles Tendon Study Group under ESSKA.<\/p><br\/><br\/><strong>Deltar i f\u00f6ljande:<\/strong><br>Onsdag 28\/8 13:45-14:20 - Individanpassad behandling av h\u00e4lsenerupturer<br\/>        <\/div>\n        <\/div>\n        <\/div>\n             <hr>\n        <div class=\"row\">\n        <div class=\"col-sm-3\">\n      <img class='profile-image' src='https:\/\/aic-atlas.s3.eu-north-1.amazonaws.com\/projects\/a44f2645-f465-4d20-9d12-e82cf6d97f2d\/images\/conversions\/PWDY3wvVtRccYtpW2iwWsjzBJr9GChPeYM587cUF-small.jpeg'\/><br\/><b>Magnus Wennerlund<\/b><br\/>        <\/div>\n        <div class=\"col-sm-9\">\n          <div class=\"read_more_div\" style=\"overflow: hidden;\">\n      <p>&nbsp;Magnus Wennerlund arbetar som fysioterapeut p&aring; ortopedkliniken i V&auml;ster&aring;s. Han &auml;r specialiserad inom axeldiagnostik och ultraljudsdiagnostik och utf&ouml;r &auml;ven ultraljudsguidade injektioner p&aring; axelpatienter. Han arbetar &auml;ven som konsult med uppdrag inom ultraljudsdiagnostik &aring;t privata ortopeder samt f&ouml;rel&auml;ser och anordnar kurser inom ultraljudsdiagnostik p&aring; axlar.&nbsp;<\/p><br\/><br\/><strong>Deltar i f\u00f6ljande:<\/strong><br>Torsdag 29\/8 08:00-08:30 - Bed\u00f6mning av axelpatienter<br\/>        <\/div>\n        <\/div>\n        <\/div>\n             <hr>\n        <div class=\"row\">\n        <div class=\"col-sm-3\">\n      <img class='profile-image' src='https:\/\/aic-atlas.s3.eu-north-1.amazonaws.com\/projects\/a44f2645-f465-4d20-9d12-e82cf6d97f2d\/images\/conversions\/6Ifv7M2VYktoYWxYT4EyP93kLGCvL4DMRK1Va35K-small.jpeg'\/><br\/><b>Jonas Werner<\/b><br\/>        <\/div>\n        <div class=\"col-sm-9\">\n          <div class=\"read_more_div\" style=\"overflow: hidden;\">\n      <p>Jonas Werner, &ouml;verl&auml;kare, ortopediska kliniken Norrk&ouml;ping. Specialist i ortopedi 2010. Ansvarig f&ouml;r traumasektionen, medarbetare i protessektionen och skopisektionen. Ansvarig f&ouml;r h&ouml;ftartroskopi i syd&ouml;stra sjukv&aring;rdsregionen. Idrottsmedicinskt intresserad. Sammankallande i vetenskapliga gruppen, Ortopediveckan 2019.<\/p><br\/><br\/><strong>Deltar i f\u00f6ljande:<\/strong><br>Fredag 30\/8 10:15-11:35 - Hip preservation - f\u00f6r vem och hur?<br\/>Fredag 30\/8 10:15-10:20 - Introduktion<br\/>        <\/div>\n        <\/div>\n        <\/div>\n             <hr>\n        <div class=\"row\">\n        <div class=\"col-sm-3\">\n      <img class='profile-image' src='https:\/\/aic-atlas.s3.eu-north-1.amazonaws.com\/projects\/a44f2645-f465-4d20-9d12-e82cf6d97f2d\/images\/conversions\/CC0JIixZw58LTiMU1ag0f5jMFuXY9WLwVUT5UB5s-small.jpeg'\/><br\/><b>Leo Whiteside<\/b><br\/>        <\/div>\n        <div class=\"col-sm-9\">\n          <div class=\"read_more_div\" style=\"overflow: hidden;\">\n      <p>Dr Whiteside l&auml;ste medicin vid University of Texas och gjorde sin residency bla i Washington. Han har grundat och driver idag Missouri Bone And Joint Center.<\/p><br \/>\n<p>Dr Whiteside &auml;r h&ouml;gt respekterad inom proteskirurgin, han har ansvarat f&ouml;r utvecklingen av flera kirurgiska instrument, protessystem inom b&aring;de h&ouml;ft &amp; kn&auml; kirurgin. Dr Whiteside har skrivit boken om kn&auml;ligamentbalansering och sitter som redakt&ouml;r f&ouml;r bland annat American Journal of Knee Surgery samt Journal of Arthroplasty<\/p><br\/><br\/><strong>Deltar i f\u00f6ljande:<\/strong><br>Tisdag 27\/8 13:40-15:00 - Missn\u00f6jda patienter<br\/>Onsdag 28\/8 08:00-08:40 - Keynote - Leo Whiteside<br\/>Onsdag 28\/8 10:30-10:45 - How do I do it? Indications and technical tips for TKA in the young patient<br\/>        <\/div>\n        <\/div>\n        <\/div>\n             <hr>\n        <div class=\"row\">\n        <div class=\"col-sm-3\">\n      <img class='profile-image' src='https:\/\/aic-atlas.s3.eu-north-1.amazonaws.com\/projects\/a44f2645-f465-4d20-9d12-e82cf6d97f2d\/images\/conversions\/UDISEYlQZLeHDeahkeT8rZbSAiXh23Di28RQUj9D-small.jpeg'\/><br\/><b>Per Wiger<\/b><br\/>        <\/div>\n        <div class=\"col-sm-9\">\n          <div class=\"read_more_div\" style=\"overflow: hidden;\">\n      <p>Per Wiger &auml;r trauma- och idrottsortoped med stort intresse f&ouml;r patients&auml;kerhet som sedan 2011 arbetar som chefl&auml;kare i V&auml;stra G&ouml;talandsregionen samt sedan 2015 deltid p&aring; SKL med nationell patients&auml;kerhet. Han &auml;r ocks&aring; ledamot av H&auml;lso- och sjukv&aring;rdens ansvarsn&auml;mnd, HSAN, sedan 2016.<\/p><br\/><br\/><strong>Deltar i f\u00f6ljande:<\/strong><br>M\u00e5ndag 26\/8 13:00-17:00 - Kurs: Patients\u00e4kerhet f\u00f6r ST-l\u00e4kare (del 1)<br\/>Tisdag 27\/8 08:00-12:00 - Kurs: Patients\u00e4kerhet f\u00f6r ST-l\u00e4kare (del2)<br\/>        <\/div>\n        <\/div>\n        <\/div>\n             <hr>\n        <div class=\"row\">\n        <div class=\"col-sm-3\">\n      <img class='profile-image' src='https:\/\/aic-atlas.s3.eu-north-1.amazonaws.com\/projects\/a44f2645-f465-4d20-9d12-e82cf6d97f2d\/images\/conversions\/ehbslwL9pGJrY2ZAqsK9QZQJR8S2YQEXKVnrcsSK-small.png'\/><br\/><b>Susanna Wilhelmsson<\/b><br\/>        <\/div>\n        <div class=\"col-sm-9\">\n          <div class=\"read_more_div\" style=\"overflow: hidden;\">\n      <p>Leg. Arbetsterapeut verksam inom ortopedi och kirurgi p&aring; Ortopedkliniken, Vrinnevisjukhuset Norrk&ouml;ping.<\/p><br\/><br\/><strong>Deltar i f\u00f6ljande:<\/strong><br>Torsdag 29\/8 10:15-11:45 - N\u00e4tverkstr\u00e4ff f\u00f6r arbetsterapeuter<br\/>        <\/div>\n        <\/div>\n        <\/div>\n             <hr>\n        <div class=\"row\">\n        <div class=\"col-sm-3\">\n      <img class='profile-image' src='https:\/\/aic-atlas.s3.eu-north-1.amazonaws.com\/projects\/a44f2645-f465-4d20-9d12-e82cf6d97f2d\/images\/conversions\/JPTzHath2IVG92qZU5HOwOUvL8rEwe4B2IxCqv1C-small.jpeg'\/><br\/><b>Olle Wolf<\/b><br\/>        <\/div>\n        <div class=\"col-sm-9\">\n          <div class=\"read_more_div\" style=\"overflow: hidden;\">\n      <p>Arbetar som &ouml;verl&auml;kare p&aring; traumasektionen p&aring; Akademiska Sjukhuset i Uppsala. Har genomf&ouml;rt trauma fellowship under 1 &aring;r i Edinburgh, Skottland.&nbsp;<\/p><br\/><br\/><strong>Deltar i f\u00f6ljande:<\/strong><br>Tisdag 27\/8 08:00-12:00 - Kurs: Ledn\u00e4ra tibiafrakturer<br\/>Torsdag 29\/8 13:00-16:30 - Svenska OrtopedTraumatologiska S\u00e4llskapet - Armb\u00e5gsfrakturer - G\u00f6r det sv\u00e5ra l\u00e4tt(are)?<br\/>Onsdag 28\/8 09:06-09:14 - HipSTHeR-studien, Skruvar eller h\u00f6ftprotes vid fraktur p\u00e5 l\u00e5rbenshalsen hos \u00e4ldre patienter med ringa felst\u00e4lld fraktur<br\/>Torsdag 29\/8 16:10-16:40 - Registerperspektiv \u2013 Vad kan och g\u00f6r registren?<br\/>Onsdag 28\/8 10:30-11:30 - Uppstartsm\u00f6te Hipsther och Duality-studierna<br\/>        <\/div>\n        <\/div>\n        <\/div>\n             <hr>\n        <div class=\"row\">\n        <div class=\"col-sm-3\">\n      <img class='profile-image' src='https:\/\/aic-atlas.s3.eu-north-1.amazonaws.com\/projects\/a44f2645-f465-4d20-9d12-e82cf6d97f2d\/images\/conversions\/cE0vAiqa8fwRczqMGSjtaPoUFu122lziY5fM3uUR-small.jpeg'\/><br\/><b>Per Wretenberg<\/b><br\/>        <\/div>\n        <div class=\"col-sm-9\">\n          <div class=\"read_more_div\" style=\"overflow: hidden;\">\n      <p>Per Wretenberg &auml;r professor i Ortopedi vid &Ouml;rebro Universitet sedan 2016. Hans huvudsakliga forskningsomr&aring;den har varit biomekanik och proteser. Han &auml;r i &Ouml;rebro &ouml;vergripande ansvarig f&ouml;r att bygga upp en stark och bred forskningsverksamhet med doktorander inom olika subspecialiteter.<\/p><br \/>\n<p>Hans eget huvudfokus &auml;r tesb&auml;dds verksamheten vid den nu stora protesverksamheten vid regionklinikens enhet i Lindesberg d&auml;r samarbete med industrin &auml;r huvudfokus i utvecklingsarbetet. Han &auml;r ocks&aring; kliniskt ansvarig f&ouml;r h&ouml;ftprotesverksamheten i regionen.<\/p><br\/><br\/><strong>Deltar i f\u00f6ljande:<\/strong><br>M\u00e5ndag 26\/8 13:00-17:00 - Kurs: Basal H\u00f6ftplastik<br\/>Tisdag 27\/8 15:45-16:45 - Artros\/Protes - debatt<br\/>M\u00e5ndag 26\/8 14:00-14:45 - Cementerad h\u00f6ftprotes. Teknik och resultat<br\/>Tisdag 27\/8 16:25-16:45 - \u00c4r det r\u00e4ttvist att inte operera en patient n\u00e4r man inte tror p\u00e5 ett fullgott resultat?<br\/>Onsdag 28\/8 10:45-11:00 - Postoperative rehabilitation and restrictions after TKA in the young: Any different from \u201dstandard procedure\u201d?<br\/>Torsdag 29\/8 08:48-09:00 - Bone marrow-derived cells but not chondrocytes having a decisive role in a new cartilage matrix formation as proven by an 3-D model for microfracture in vitro<br\/>Torsdag 29\/8 14:06-14:12 - A novel chitosan-based  scaffold for cartilage repair. An in vitro study using this scaffold in a 3-D  cartilage repair model<br\/>Torsdag 29\/8 14:24-14:30 - Mussel Adhesion Protein (MAP) as an equal alternative to fibrin for scaffold fixation during cartilage repair procedures<br\/>        <\/div>\n        <\/div>\n        <\/div>\n             <hr>\n        <div class=\"row\">\n        <div class=\"col-sm-3\">\n      <img class='profile-image' src='https:\/\/appsinmed.com\/ortopediveckan2019\/wp-content\/plugins\/wordpress_plugin_authors\/img\/person_photo_missing.png'\/><br\/><b>Roland Z\u00fcgner<\/b><br\/>        <\/div>\n        <div class=\"col-sm-9\">\n          <div class=\"read_more_div\" style=\"overflow: hidden;\">\n      <p>&Ouml;versjukgymnast i G&ouml;teborg, forskningsenhet Ortopedi.<\/p><br\/><br\/><strong>Deltar i f\u00f6ljande:<\/strong><br>Fredag 30\/8 08:15-08:27 - Does transfer of the gluteus maximus muscle improve abduction strength in patients with abductor deficiency following total hip replacement?<br\/>        <\/div>\n        <\/div>\n        <\/div>\n      \n  <\/div>\n\n\n<p>[\/et_pb_text][et_pb_text _builder_version=&#8221;3.15&#8243;]<\/p>\n<p style=\"text-align: center;\"><span style=\"color: #000000; font-size: 18pt;\">F\u00f6rel\u00e4sare\/Moderatorer<\/span><\/p>\n<p>[\/et_pb_text][\/et_pb_column][\/et_pb_row][\/et_pb_section]<\/p>\n","protected":false},"excerpt":{"rendered":"<p>[et_pb_section bb_built=&#8221;1&#8243;][et_pb_row][et_pb_column type=&#8221;4_4&#8243;][et_pb_text _builder_version=&#8221;3.15&#8243;] [\/et_pb_text][et_pb_text _builder_version=&#8221;3.15&#8243;] F\u00f6rel\u00e4sare\/Moderatorer [\/et_pb_text][\/et_pb_column][\/et_pb_row][\/et_pb_section]<\/p>\n","protected":false},"author":1,"featured_media":0,"parent":0,"menu_order":0,"comment_status":"closed","ping_status":"closed","template":"","meta":{"_et_pb_use_builder":"on","_et_pb_old_content":"","_et_gb_content_width":""},"_links":{"self":[{"href":"https:\/\/appsinmed.com\/ortopediveckan2019\/wp-json\/wp\/v2\/pages\/547"}],"collection":[{"href":"https:\/\/appsinmed.com\/ortopediveckan2019\/wp-json\/wp\/v2\/pages"}],"about":[{"href":"https:\/\/appsinmed.com\/ortopediveckan2019\/wp-json\/wp\/v2\/types\/page"}],"author":[{"embeddable":true,"href":"https:\/\/appsinmed.com\/ortopediveckan2019\/wp-json\/wp\/v2\/users\/1"}],"replies":[{"embeddable":true,"href":"https:\/\/appsinmed.com\/ortopediveckan2019\/wp-json\/wp\/v2\/comments?post=547"}],"version-history":[{"count":9,"href":"https:\/\/appsinmed.com\/ortopediveckan2019\/wp-json\/wp\/v2\/pages\/547\/revisions"}],"predecessor-version":[{"id":816,"href":"https:\/\/appsinmed.com\/ortopediveckan2019\/wp-json\/wp\/v2\/pages\/547\/revisions\/816"}],"wp:attachment":[{"href":"https:\/\/appsinmed.com\/ortopediveckan2019\/wp-json\/wp\/v2\/media?parent=547"}],"curies":[{"name":"wp","href":"https:\/\/api.w.org\/{rel}","templated":true}]}}