{"id":169,"date":"2018-12-19T10:20:11","date_gmt":"2018-12-19T10:20:11","guid":{"rendered":"http:\/\/appsinmed.com\/ortopediveckan2019\/?page_id=169"},"modified":"2019-08-20T06:27:37","modified_gmt":"2019-08-20T06:27:37","slug":"kurser","status":"publish","type":"page","link":"https:\/\/appsinmed.com\/ortopediveckan2019\/kurser\/","title":{"rendered":"Kurser\/Workshops"},"content":{"rendered":"<p>[et_pb_section bb_built=&#8221;1&#8243; _builder_version=&#8221;3.15&#8243; custom_padding=&#8221;54px|0px|0|0px|false|false&#8221; next_background_color=&#8221;#000000&#8243;][et_pb_row _builder_version=&#8221;3.0.48&#8243; background_size=&#8221;initial&#8221; background_position=&#8221;top_left&#8221; background_repeat=&#8221;repeat&#8221;][et_pb_column type=&#8221;4_4&#8243;][et_pb_text admin_label=&#8221;Rubrik: Kurser\/Workshops&#8221; _builder_version=&#8221;3.15&#8243;]<\/p>\n<p style=\"text-align: center\"><span style=\"font-size: 18pt\"><span style=\"color: #000000\">Kurser\/Workshops<\/span><\/span><\/p>\n<p>[\/et_pb_text][\/et_pb_column][\/et_pb_row][\/et_pb_section][et_pb_section bb_built=&#8221;1&#8243; specialty=&#8221;off&#8221; next_background_color=&#8221;#000000&#8243; prev_background_color=&#8221;#000000&#8243; _builder_version=&#8221;3.15&#8243; disabled=&#8221;off&#8221; disabled_on=&#8221;off|off|off&#8221;][et_pb_row][et_pb_column type=&#8221;4_4&#8243;][et_pb_tabs _builder_version=&#8221;3.15&#8243;][et_pb_tab _builder_version=&#8221;3.15&#8243; title=&#8221;Metabola sjukdomar&#8221; use_background_color_gradient=&#8221;off&#8221; background_color_gradient_start=&#8221;#2b87da&#8221; background_color_gradient_end=&#8221;#29c4a9&#8243; background_color_gradient_type=&#8221;linear&#8221; background_color_gradient_direction=&#8221;180deg&#8221; background_color_gradient_direction_radial=&#8221;center&#8221; background_color_gradient_start_position=&#8221;0%&#8221; background_color_gradient_end_position=&#8221;100%&#8221; background_color_gradient_overlays_image=&#8221;off&#8221; parallax=&#8221;off&#8221; parallax_method=&#8221;on&#8221; background_size=&#8221;cover&#8221; background_position=&#8221;center&#8221; background_repeat=&#8221;no-repeat&#8221; background_blend=&#8221;normal&#8221; allow_player_pause=&#8221;off&#8221; background_video_pause_outside_viewport=&#8221;on&#8221; tab_text_shadow_style=&#8221;none&#8221; body_text_shadow_style=&#8221;none&#8221; tab_text_shadow_horizontal_length=&#8221;0em&#8221; tab_text_shadow_vertical_length=&#8221;0em&#8221; tab_text_shadow_blur_strength=&#8221;0em&#8221; body_text_shadow_horizontal_length=&#8221;0em&#8221; body_text_shadow_vertical_length=&#8221;0em&#8221; body_text_shadow_blur_strength=&#8221;0em&#8221;]<\/p>\n<p>&nbsp;<\/p>\n<p><strong>Titel:<\/strong><\/p>\n<p>Metabola sjukdomar<\/p>\n<p><strong>Delm\u00e5l:<\/strong><\/p>\n<p>Kursen uppfyller hela den teoretiska delen av delm\u00e5l\u00a0 c11\/11 f\u00f6r ST-l\u00e4kare i ortopedi.<br \/>\nIntyg utf\u00e4rdas efter deltagande i samtliga moment.<\/p>\n<p><strong>Omfattning:<\/strong><\/p>\n<p>Ca 5 timmar.<\/p>\n<p><strong>Tider:<\/strong><\/p>\n<ul>\n<li>Kurs &#8220;Metabola sjukdomar&#8221; M\u00e5ndag 26\/8 kl 13:00 &#8211; 18:00. Plats; Hemerycksalen.<\/li>\n<li>Symposiet &#8220;Protesinfektion runt h\u00f6ft och kn\u00e4ledsproteser&#8221; Torsdag 29\/8 13:50 &#8211; 15:00. Plats; Flygeln.<\/li>\n<\/ul>\n<p><strong>Inneh\u00e5ll:<\/strong><\/p>\n<p>Vi har h\u00e4rmed n\u00f6jet att erbjuda denna kurs i metabola och cirkulatoriska sjukdomar med ortopediska konsekvenser samt muskuloskeletala infektionstillst\u00e5nd. Programmet inneh\u00e5ller f\u00f6rel\u00e4sningar inom \u00e4mnena benbiologi, osteoporos, diabeteskomplikationer, arterioskleroskomplikationer och kritisk ischemi, ortopediska infektioner samt amputationskirurgi.<\/p>\n<p>F\u00f6rel\u00e4sare: M\u00e4rit Wallander, Bo Berggren, \u00c5sa Nilsdotter, Lars Isaksson, Santiago Parra Sotoca, J\u00f6rg Schilcher, Anna Fahlgren<\/p>\n<p>F\u00f6r mer detaljerat program se det vetenskapliga programmet.<\/p>\n<p><strong>Pris:<\/strong><\/p>\n<p>750:- exkl moms<\/p>\n<p>(Icke SOF-medlem, 1500:- exkl moms)<\/p>\n<div><\/div>\n<p>[\/et_pb_tab][et_pb_tab _builder_version=&#8221;3.15&#8243; title=&#8221;Patients\u00e4kerhet f\u00f6r ST-l\u00e4kare&#8221; use_background_color_gradient=&#8221;off&#8221; background_color_gradient_start=&#8221;#2b87da&#8221; background_color_gradient_end=&#8221;#29c4a9&#8243; background_color_gradient_type=&#8221;linear&#8221; background_color_gradient_direction=&#8221;180deg&#8221; background_color_gradient_direction_radial=&#8221;center&#8221; background_color_gradient_start_position=&#8221;0%&#8221; background_color_gradient_end_position=&#8221;100%&#8221; background_color_gradient_overlays_image=&#8221;off&#8221; parallax=&#8221;off&#8221; parallax_method=&#8221;on&#8221; background_size=&#8221;cover&#8221; background_position=&#8221;center&#8221; background_repeat=&#8221;no-repeat&#8221; background_blend=&#8221;normal&#8221; allow_player_pause=&#8221;off&#8221; background_video_pause_outside_viewport=&#8221;on&#8221; tab_text_shadow_style=&#8221;none&#8221; body_text_shadow_style=&#8221;none&#8221; tab_text_shadow_horizontal_length=&#8221;0em&#8221; tab_text_shadow_vertical_length=&#8221;0em&#8221; tab_text_shadow_blur_strength=&#8221;0em&#8221; body_text_shadow_horizontal_length=&#8221;0em&#8221; body_text_shadow_vertical_length=&#8221;0em&#8221; body_text_shadow_blur_strength=&#8221;0em&#8221;]<\/p>\n<p>&nbsp;<\/p>\n<p><strong>Titel:<\/strong><\/p>\n<p>Patients\u00e4kerhet f\u00f6r ST-l\u00e4kare<\/p>\n<p><strong>Delm\u00e5l: <\/strong><\/p>\n<p>Kursen uppfyller teoretiska delar av delm\u00e5l a3, a4 och c13 enligt SOSFS 2015:8 eller<br \/>\nteorietiska delar av delm\u00e5l 14, 15, 17 och 20 enligt de gamla f\u00f6reskrifterna SOSFS 2008:17.<\/p>\n<p><strong>Omfattning: <\/strong><\/p>\n<p>Ca 8 timmar<\/p>\n<p><strong>Tid: <\/strong><\/p>\n<p>Kurs &#8220;Patients\u00e4kerhet f\u00f6r ST-l\u00e4kare&#8221; M\u00e5ndag 13:00 &#8211; 17:00 samt Tisdag 08:00 &#8211; 12:00. Plats; Vingen 8.<\/p>\n<p><strong>Kursansvarig:<\/strong><\/p>\n<p>Pelle Gustafsson, chefl\u00e4kare, L\u00f6f, Stockholm<\/p>\n<p>F\u00f6rel\u00e4sare: Per Wiger, chefl\u00e4kare, VG-regionen, Allings\u00e5s<\/p>\n<p><strong> Inneh\u00e5ll:<\/strong><\/p>\n<p>Svensk Ortopedisk F\u00f6rening och L\u00d6F (Landstingens \u00d6msesidiga F\u00f6rs\u00e4kringsbolag) anordnar en SK-kurs i patients\u00e4kerhet under Ortopediveckan i Norrk\u00f6ping.<br \/>\nUnder kursen kommer \u00e4mnet patients\u00e4kerhet att avhandlas brett i form av teori och diskussioner runt faktiska h\u00e4ndelser.<\/p>\n<p>ST-l\u00e4kare i Ortopedi har f\u00f6retr\u00e4de men kursinneh\u00e5llet \u00e4r \u00e4ven av intresse f\u00f6r ST-l\u00e4kare i andra specialiteter och andra professioner som arbetar med patients\u00e4kerhet.<\/p>\n<p>Max antal deltagare: 16 st.<\/p>\n<p><strong><br \/>\nPris:<\/strong><\/p>\n<p>750:- exkl moms<\/p>\n<p>(Icke SOF-medlem, 1500:- exkl moms)<\/p>\n<p>[\/et_pb_tab][et_pb_tab _builder_version=&#8221;3.15&#8243; title=&#8221;Basal H\u00f6ftplastik&#8221; use_background_color_gradient=&#8221;off&#8221; background_color_gradient_start=&#8221;#2b87da&#8221; background_color_gradient_end=&#8221;#29c4a9&#8243; background_color_gradient_type=&#8221;linear&#8221; background_color_gradient_direction=&#8221;180deg&#8221; background_color_gradient_direction_radial=&#8221;center&#8221; background_color_gradient_start_position=&#8221;0%&#8221; background_color_gradient_end_position=&#8221;100%&#8221; background_color_gradient_overlays_image=&#8221;off&#8221; parallax=&#8221;off&#8221; parallax_method=&#8221;on&#8221; background_size=&#8221;cover&#8221; background_position=&#8221;center&#8221; background_repeat=&#8221;no-repeat&#8221; background_blend=&#8221;normal&#8221; allow_player_pause=&#8221;off&#8221; background_video_pause_outside_viewport=&#8221;on&#8221; tab_text_shadow_style=&#8221;none&#8221; body_text_shadow_style=&#8221;none&#8221; tab_text_shadow_horizontal_length=&#8221;0em&#8221; tab_text_shadow_vertical_length=&#8221;0em&#8221; tab_text_shadow_blur_strength=&#8221;0em&#8221; body_text_shadow_horizontal_length=&#8221;0em&#8221; body_text_shadow_vertical_length=&#8221;0em&#8221; body_text_shadow_blur_strength=&#8221;0em&#8221;]<\/p>\n<p>&nbsp;<\/p>\n<p><strong>Titel:<\/strong><\/p>\n<p>Basal H\u00f6ftplastik<\/p>\n<p><strong>Delm\u00e5l:<\/strong><\/p>\n<p>Kursen uppfyller del av delm\u00e5l c8.<\/p>\n<p><strong>Omfattning:<\/strong><\/p>\n<p>Ca 7 timmar<\/p>\n<p><strong>Tider:<\/strong><\/p>\n<ul>\n<li>Kurs &#8220;Basal H\u00f6ftplastik&#8221; M\u00e5ndag 26\/8 kl 13:00 &#8211; 17:00. Plats; Vingen 1+2.<\/li>\n<li>\n<div>Symposie &#8220;Missn\u00f6jda patienter&#8221; Tisdag 27\/8 kl 13:40-15:00. Plats; De Geerhallen.<\/div>\n<\/li>\n<li>\n<div>Symposie &#8220;Unga artrospatienter&#8221; Onsdag 28\/8 kl 10:15-11:45. Plats; De Geerhallen.<\/div>\n<div><\/div>\n<\/li>\n<\/ul>\n<p><strong>Kursansvariga:<\/strong><\/p>\n<p>Per Wretenberg och Lars Weidenhielm<\/p>\n<p><strong>Inneh\u00e5ll:<\/strong><\/p>\n<p>Kursdeltagarna ska uppn\u00e5 grundl\u00e4ggande kunskaper i hur man g\u00f6r en cementerad h\u00f6ftprotes s\u00e5v\u00e4l teoretiskt som praktiskt. Kursen best\u00e5r av teoretiska f\u00f6rel\u00e4sningar som f\u00f6ljs av workshop d\u00e4r deltagarna praktiskt f\u00e5r \u00f6va att s\u00e4tta in en cementerad h\u00f6ftprotes i plastben.<\/p>\n<p>Max antal deltagare: 20st<\/p>\n<p>F\u00f6r mer detaljerat program se det vetenskapliga programmet.<\/p>\n<p>Kursen \u00e4r sponsrad.<\/p>\n<p><strong>Pris:<\/strong><\/p>\n<div>\n<p>750:- exkl moms<\/p>\n<\/div>\n<div>(Icke SOF-medlem, 1500:- exkl moms)<\/div>\n<p>[\/et_pb_tab][et_pb_tab _builder_version=&#8221;3.15&#8243; title=&#8221;ABC i Tum\u00f6rortopedi&#8221; use_background_color_gradient=&#8221;off&#8221; background_color_gradient_start=&#8221;#2b87da&#8221; background_color_gradient_end=&#8221;#29c4a9&#8243; background_color_gradient_type=&#8221;linear&#8221; background_color_gradient_direction=&#8221;180deg&#8221; background_color_gradient_direction_radial=&#8221;center&#8221; background_color_gradient_start_position=&#8221;0%&#8221; background_color_gradient_end_position=&#8221;100%&#8221; background_color_gradient_overlays_image=&#8221;off&#8221; parallax=&#8221;off&#8221; parallax_method=&#8221;on&#8221; background_size=&#8221;cover&#8221; background_position=&#8221;center&#8221; background_repeat=&#8221;no-repeat&#8221; background_blend=&#8221;normal&#8221; allow_player_pause=&#8221;off&#8221; background_video_pause_outside_viewport=&#8221;on&#8221; tab_text_shadow_style=&#8221;none&#8221; body_text_shadow_style=&#8221;none&#8221; tab_text_shadow_horizontal_length=&#8221;0em&#8221; tab_text_shadow_vertical_length=&#8221;0em&#8221; tab_text_shadow_blur_strength=&#8221;0em&#8221; body_text_shadow_horizontal_length=&#8221;0em&#8221; body_text_shadow_vertical_length=&#8221;0em&#8221; body_text_shadow_blur_strength=&#8221;0em&#8221;]<\/p>\n<p>&nbsp;<\/p>\n<p><strong>Titel:<\/strong><\/p>\n<p>ABC i Tum\u00f6rortopedi<\/p>\n<p><strong>Delm\u00e5l: <\/strong><\/p>\n<p>Kursen uppfyller del av delm\u00e5l c10.<\/p>\n<p><strong>Omfattning: <\/strong><\/p>\n<p>Ca 5,5 timmar<\/p>\n<p><strong>Tid: <\/strong><\/p>\n<ul>\n<li>Kurs &#8220;ABC i Tum\u00f6rortopedi&#8221; Tisdag 08:00 &#8211; 12:00. Plats; Hemerycksalen.<\/li>\n<li>F\u00f6r godk\u00e4nd kurs skall man \u00e4ven delta i symposiet &#8220;Tum\u00f6rer i r\u00f6relseapparaten&#8221; Onsdag 28\/8 kl 13-14.20. Plats; Vingen 3+4.<\/li>\n<\/ul>\n<p><strong>Kursansvarig: <\/strong><\/p>\n<p>Asle Hesla<\/p>\n<p><strong>Inneh\u00e5ll: <\/strong><\/p>\n<p>En teoretisk grundkurs som avhandlar s\u00e5v\u00e4l benigna som maligna tum\u00f6rer i mjukdelar och skelett. \u00c4ven genomg\u00e5ng av hur metastaspatienter ska hanteras, vilka ska opereras?<\/p>\n<p>F\u00f6r mer detaljerat program se det vetenskapliga programmet.<\/p>\n<p><strong>Pris:<\/strong><\/p>\n<p>750:- exkl moms<\/p>\n<p>(Icke SOF-medlem, 1500:- exkl moms)<\/p>\n<p>[\/et_pb_tab][et_pb_tab _builder_version=&#8221;3.15&#8243; title=&#8221;Femurfraktur hos barn&#8221; use_background_color_gradient=&#8221;off&#8221; background_color_gradient_start=&#8221;#2b87da&#8221; background_color_gradient_end=&#8221;#29c4a9&#8243; background_color_gradient_type=&#8221;linear&#8221; background_color_gradient_direction=&#8221;180deg&#8221; background_color_gradient_direction_radial=&#8221;center&#8221; background_color_gradient_start_position=&#8221;0%&#8221; background_color_gradient_end_position=&#8221;100%&#8221; background_color_gradient_overlays_image=&#8221;off&#8221; parallax=&#8221;off&#8221; parallax_method=&#8221;on&#8221; background_size=&#8221;cover&#8221; background_position=&#8221;center&#8221; background_repeat=&#8221;no-repeat&#8221; background_blend=&#8221;normal&#8221; allow_player_pause=&#8221;off&#8221; background_video_pause_outside_viewport=&#8221;on&#8221; tab_text_shadow_style=&#8221;none&#8221; body_text_shadow_style=&#8221;none&#8221; tab_text_shadow_horizontal_length=&#8221;0em&#8221; tab_text_shadow_vertical_length=&#8221;0em&#8221; tab_text_shadow_blur_strength=&#8221;0em&#8221; body_text_shadow_horizontal_length=&#8221;0em&#8221; body_text_shadow_vertical_length=&#8221;0em&#8221; body_text_shadow_blur_strength=&#8221;0em&#8221;]<\/p>\n<p>&nbsp;<\/p>\n<p><strong>Titel:<\/strong><\/p>\n<p>Femurfraktur hos barn<\/p>\n<p><strong>Delm\u00e5l:<\/strong><\/p>\n<p>Kursen uppfyller del av delm\u00e5l c5.<\/p>\n<p><strong>Omfattning:<\/strong><\/p>\n<p>Ca 5,5 timmar<\/p>\n<p><strong>Tider:<\/strong><\/p>\n<ul>\n<li>Kurs &#8220;Femurfraktur hos barn&#8221; Tisdag 27\/8 kl 08:00 &#8211; 12:00. Plats; Vingen 1+2.<\/li>\n<li>F\u00f6r godk\u00e4nd kurs skall man \u00e4ven delta i symposiet &#8220;Kluriga barnfrakturer&#8221; Fredag 30\/8 kl 10:15 &#8211; 11:45. Plats; Hemerycksalen.<\/li>\n<\/ul>\n<p><strong>Kursansvariga:<\/strong><\/p>\n<p>Richard Marsell<\/p>\n<p><strong>Inneh\u00e5ll:<\/strong><\/p>\n<p>En precourse i handl\u00e4ggning och operation av de olika typerna av femurfrakturer vi ser hos barn.<\/p>\n<p>Alltifr\u00e5n enkla diafys\u00e4ra frakturer med olika behandling beroende p\u00e5 \u00e5lder, men \u00e4ven komplexa fall med fysengagemang eller patologisk anatomi s\u00e5som cystor.<\/p>\n<p>Inom ramen f\u00f6r denna kurs kommer deltagarna att i Work Shop p\u00e5 Saw Bones f\u00e5 f\u00f6revisat och \u00f6va p\u00e5 de tv\u00e5 vanligaste kirurgiska teknikerna f\u00f6r att behandla femurfrakturer hos barn. Vidare kommer f\u00f6rel\u00e4sningarna att t\u00e4cka teoretisk kunskap om hela panoramat av femurfraktrurer som uppkommer hos barn 0-18 \u00e5r gamla.<\/p>\n<p>Workshops (2): TEN femur med end caps och LCP-h\u00f6ftplatta.<\/p>\n<p>F\u00f6r mer detaljerad information och h\u00e5lltider se det vetenskapliga programmet.<\/p>\n<p>Kursen \u00e4r sponsrad.<\/p>\n<p><strong>Pris:<\/strong><\/p>\n<div>750:- exkl moms<\/div>\n<div><\/div>\n<div>(Icke SOF-medlem, 1500:- exkl moms)<\/div>\n<p>[\/et_pb_tab][et_pb_tab _builder_version=&#8221;3.15&#8243; title=&#8221;Frakturbehandling i Underarm och Handled&#8221; use_background_color_gradient=&#8221;off&#8221; background_color_gradient_start=&#8221;#2b87da&#8221; background_color_gradient_end=&#8221;#29c4a9&#8243; background_color_gradient_type=&#8221;linear&#8221; background_color_gradient_direction=&#8221;180deg&#8221; background_color_gradient_direction_radial=&#8221;center&#8221; background_color_gradient_start_position=&#8221;0%&#8221; background_color_gradient_end_position=&#8221;100%&#8221; background_color_gradient_overlays_image=&#8221;off&#8221; parallax=&#8221;off&#8221; parallax_method=&#8221;on&#8221; background_size=&#8221;cover&#8221; background_position=&#8221;center&#8221; background_repeat=&#8221;no-repeat&#8221; background_blend=&#8221;normal&#8221; allow_player_pause=&#8221;off&#8221; background_video_pause_outside_viewport=&#8221;on&#8221; tab_text_shadow_style=&#8221;none&#8221; body_text_shadow_style=&#8221;none&#8221; tab_text_shadow_horizontal_length=&#8221;0em&#8221; tab_text_shadow_vertical_length=&#8221;0em&#8221; tab_text_shadow_blur_strength=&#8221;0em&#8221; body_text_shadow_horizontal_length=&#8221;0em&#8221; body_text_shadow_vertical_length=&#8221;0em&#8221; body_text_shadow_blur_strength=&#8221;0em&#8221;]<\/p>\n<p>&nbsp;<\/p>\n<p><strong>Titel:<\/strong><\/p>\n<p>Frakturbehandling i Underarm och Handled.<\/p>\n<p><strong>Omfattning:<\/strong><\/p>\n<p>Ca 7 timmar<\/p>\n<p><strong>Tid:<\/strong><\/p>\n<p>M\u00e5ndag 26 Augusti 2019, kl 10-17. Cobolgatan 1, Link\u00f6ping.<\/p>\n<p><strong>Kursansvariga: <\/strong><\/p>\n<p>Lars Adolfsson, Link\u00f6ping och Carl Ekholm, M\u00f6lndal<\/p>\n<p><strong>Inneh\u00e5ll:<\/strong><\/p>\n<p>SOF och samarbetsparter inbjuder till instruktionskurs<\/p>\n<p>Inneh\u00e5ll: Handledda dissektions\u00f6vningar p\u00e5 humanpreparat.<br \/>\nFrakturfixation med verkliga implantat. F\u00f6rel\u00e4sningar inneh\u00e5llande senaste nytt om pathomekanik, indikationer och kirurgisk teknik. Innefattar skador fr\u00e5n armb\u00e5ge till handled.<\/p>\n<p>Program:<\/p>\n<p>M\u00e5ndag 26\/8 2019<br \/>\n10:00 introduktion<br \/>\n10:10 distala radius och ulna \u2013 skadetyper, associerade skador, indikationer och metoder<br \/>\n10:50 underarmsdiafysfrakturer \u2013 behandlingsindikationer och metoder<br \/>\n11:20 proximala radius och ulna \u2013 patomekanik, skadetyper, indikationer och metoder<br \/>\n12:00 lunch<br \/>\n12:45 demonstration av approacher och introduktion till lab<br \/>\n17:00 avslutning<\/p>\n<p>Fakultet:<br \/>\nLars Adolfsson<br \/>\nCarl Ekholm<br \/>\nAnders Enocson<br \/>\nJohan Scheer<br \/>\nHanna Bj\u00f6rnsson Hallgren<\/p>\n<p>F\u00f6r vem: Alla som \u00e4gnar sig \u00e5t behandling av trauma i \u00f6vre extremiteten.<\/p>\n<p>Max antal deltagare 18. F\u00f6rst till kvarn.<\/p>\n<p>Transport kommer att ordnas fr\u00e5n och till Resecentrum i Norrk\u00f6ping.<br \/>\nAvf\u00e4rd 09:15, \u00e5terkomst ca 17:45<\/p>\n<p>Karta till kurslokal under f\u00f6ljande l\u00e4nk:\u00a0<a href=\"http:\/\/www.ortopediveckan.se\/karta\/\" target=\"_blank\" rel=\"noopener\">Karta<\/a><\/p>\n<p>Kursen \u00e4r sponsrad.<\/p>\n<p><strong>Pris:\u00a0<\/strong><\/p>\n<p>750:-<\/p>\n<p>(Icke SOF-medlem, 1500:- exkl moms)<\/p>\n<p>&nbsp;<\/p>\n<p>[\/et_pb_tab][et_pb_tab _builder_version=&#8221;3.15&#8243; title=&#8221;Ledn\u00e4ra tibiafrakturer&#8221; use_background_color_gradient=&#8221;off&#8221; background_color_gradient_start=&#8221;#2b87da&#8221; background_color_gradient_end=&#8221;#29c4a9&#8243; background_color_gradient_type=&#8221;linear&#8221; background_color_gradient_direction=&#8221;180deg&#8221; background_color_gradient_direction_radial=&#8221;center&#8221; background_color_gradient_start_position=&#8221;0%&#8221; background_color_gradient_end_position=&#8221;100%&#8221; background_color_gradient_overlays_image=&#8221;off&#8221; parallax=&#8221;off&#8221; parallax_method=&#8221;on&#8221; background_size=&#8221;cover&#8221; background_position=&#8221;center&#8221; background_repeat=&#8221;no-repeat&#8221; background_blend=&#8221;normal&#8221; allow_player_pause=&#8221;off&#8221; background_video_pause_outside_viewport=&#8221;on&#8221; tab_text_shadow_style=&#8221;none&#8221; body_text_shadow_style=&#8221;none&#8221; tab_text_shadow_horizontal_length=&#8221;0em&#8221; tab_text_shadow_vertical_length=&#8221;0em&#8221; tab_text_shadow_blur_strength=&#8221;0em&#8221; body_text_shadow_horizontal_length=&#8221;0em&#8221; body_text_shadow_vertical_length=&#8221;0em&#8221; body_text_shadow_blur_strength=&#8221;0em&#8221;]<\/p>\n<p>&nbsp;<\/p>\n<p><strong>Titel: <\/strong><\/p>\n<p>Ledn\u00e4ra tibiafrakturer: tibiakondyl &amp; pilonfrakturer.<\/p>\n<p><strong>Omfattning: <\/strong><\/p>\n<p>Ca 4 timmar.<\/p>\n<p><strong>Tid: <\/strong><\/p>\n<ul>\n<li>Kurs &#8220;Ledn\u00e4ra tibiafrakturer: tibiakondyl &amp; pilonfrakturer&#8221; Tisdag 08:00 &#8211; 12:00. Plats; Vingen 6+7.<\/li>\n<\/ul>\n<p><strong>Kursansvarig: <\/strong><\/p>\n<p>Anna Ekman, Olle Wolf<\/p>\n<p><strong>Inneh\u00e5ll: <\/strong><\/p>\n<p>Ofta utmanande frakturer som kr\u00e4ver god anatomisk kunskap och noggrann mjukdelshantering vad g\u00e4ller timing och den peroperativa hanteringen. Vi belyser frakturtyper, behandlingsstrategier och val av implantat. Efter en teoretisk genomg\u00e5ng kommer vi praktiskt att applicera v\u00e5r kunskap p\u00e5 frakturmodeller.<\/p>\n<p>F\u00f6r mer detaljerat program se det vetenskapliga programmet.<\/p>\n<p>Kursen \u00e4r sponsrad.<\/p>\n<p><strong>Pris:<\/strong><\/p>\n<p>750:- exkl moms.<\/p>\n<p>(Icke SOF-medlem, 1500:- exkl moms)<\/p>\n<p>[\/et_pb_tab][et_pb_tab _builder_version=&#8221;3.15&#8243; title=&#8221;Avancerad Gipsteknik&#8221; use_background_color_gradient=&#8221;off&#8221; background_color_gradient_start=&#8221;#2b87da&#8221; background_color_gradient_end=&#8221;#29c4a9&#8243; background_color_gradient_type=&#8221;linear&#8221; background_color_gradient_direction=&#8221;180deg&#8221; background_color_gradient_direction_radial=&#8221;center&#8221; background_color_gradient_start_position=&#8221;0%&#8221; background_color_gradient_end_position=&#8221;100%&#8221; background_color_gradient_overlays_image=&#8221;off&#8221; parallax=&#8221;off&#8221; parallax_method=&#8221;on&#8221; background_size=&#8221;cover&#8221; background_position=&#8221;center&#8221; background_repeat=&#8221;no-repeat&#8221; background_blend=&#8221;normal&#8221; allow_player_pause=&#8221;off&#8221; background_video_pause_outside_viewport=&#8221;on&#8221; tab_text_shadow_style=&#8221;none&#8221; body_text_shadow_style=&#8221;none&#8221; tab_text_shadow_horizontal_length=&#8221;0em&#8221; tab_text_shadow_vertical_length=&#8221;0em&#8221; tab_text_shadow_blur_strength=&#8221;0em&#8221; body_text_shadow_horizontal_length=&#8221;0em&#8221; body_text_shadow_vertical_length=&#8221;0em&#8221; body_text_shadow_blur_strength=&#8221;0em&#8221;]<\/p>\n<p>&nbsp;<\/p>\n<p><strong>Titel:<\/strong><\/p>\n<p>Avancerad Gipsteknik<\/p>\n<p><strong>Omfattning: <\/strong><\/p>\n<p>Ca 4 timmar<\/p>\n<p><strong>Tid: <\/strong><\/p>\n<ul>\n<li>Kurs &#8220;Avancerad Gipsteknik&#8221; Tisdag 08:00 &#8211; 12:00. Plats; Viran.<\/li>\n<\/ul>\n<p><strong>Kursansvarig: <\/strong><\/p>\n<p>Per Flink, Magnus Andersson och Paul Ipsen<\/p>\n<p><strong>Inneh\u00e5ll: <\/strong><\/p>\n<p>Teorif\u00f6rel\u00e4sning om hur vi kan anv\u00e4nda oss av avancerad gipsteknik inom ortopedin och handkirurgin samt vad man kan t\u00e4nka p\u00e5 vid gipsordination.<\/p>\n<p>D\u00e4refter workshop med applicering av bl.a. Avlastande gips vid diabetesfots\u00e5r (TCC ), Combicastortoser, Geishashoe samt olika hand- fingerskenor.<\/p>\n<p><strong>Pris:<\/strong><\/p>\n<p>750:- exkl moms.<\/p>\n<p>(Icke SOF-medlem, 1500:- exkl moms)<\/p>\n<p>[\/et_pb_tab][\/et_pb_tabs][\/et_pb_column][\/et_pb_row][\/et_pb_section][et_pb_section bb_built=&#8221;1&#8243; specialty=&#8221;off&#8221; next_background_color=&#8221;#000000&#8243; prev_background_color=&#8221;#000000&#8243; _builder_version=&#8221;3.15&#8243; disabled=&#8221;on&#8221; disabled_on=&#8221;on|on|on&#8221;][et_pb_row][et_pb_column type=&#8221;4_4&#8243;][et_pb_tabs _builder_version=&#8221;3.15&#8243;][et_pb_tab _builder_version=&#8221;3.15&#8243; title=&#8221;Metabola sjukdomar&#8221; use_background_color_gradient=&#8221;off&#8221; background_color_gradient_start=&#8221;#2b87da&#8221; background_color_gradient_end=&#8221;#29c4a9&#8243; background_color_gradient_type=&#8221;linear&#8221; background_color_gradient_direction=&#8221;180deg&#8221; background_color_gradient_direction_radial=&#8221;center&#8221; background_color_gradient_start_position=&#8221;0%&#8221; background_color_gradient_end_position=&#8221;100%&#8221; background_color_gradient_overlays_image=&#8221;off&#8221; parallax=&#8221;off&#8221; parallax_method=&#8221;on&#8221; background_size=&#8221;cover&#8221; background_position=&#8221;center&#8221; background_repeat=&#8221;no-repeat&#8221; background_blend=&#8221;normal&#8221; allow_player_pause=&#8221;off&#8221; background_video_pause_outside_viewport=&#8221;on&#8221; tab_text_shadow_style=&#8221;none&#8221; body_text_shadow_style=&#8221;none&#8221; tab_text_shadow_horizontal_length=&#8221;0em&#8221; tab_text_shadow_vertical_length=&#8221;0em&#8221; tab_text_shadow_blur_strength=&#8221;0em&#8221; body_text_shadow_horizontal_length=&#8221;0em&#8221; body_text_shadow_vertical_length=&#8221;0em&#8221; body_text_shadow_blur_strength=&#8221;0em&#8221;]<\/p>\n<p>&nbsp;<\/p>\n<p><strong>Titel:<\/strong><\/p>\n<p>Metabola sjukdomar<\/p>\n<p><strong>Delm\u00e5l:<\/strong><\/p>\n<p>Kursen uppfyller hela den teoretiska delen av delm\u00e5l\u00a0 c11\/11 f\u00f6r ST-l\u00e4kare i ortopedi.<br \/>\nIntyg utf\u00e4rdas efter deltagande i samtliga moment.<\/p>\n<p><strong>Omfattning:<\/strong><\/p>\n<p>Ca 5 timmar.<\/p>\n<p><strong>Tider:<\/strong><\/p>\n<ul>\n<li>Kurs &#8220;Metabola sjukdomar&#8221; M\u00e5ndag 26\/8 kl 13:00 &#8211; 18:00<\/li>\n<li>Symposiet &#8220;Protesinfektion runt h\u00f6ft och kn\u00e4ledsproteser&#8221; Torsdag 29\/8 13:50 &#8211; 15:00<\/li>\n<\/ul>\n<p><strong>Inneh\u00e5ll:<\/strong><\/p>\n<p>Vi har h\u00e4rmed n\u00f6jet att erbjuda denna kurs i metabola och cirkulatoriska sjukdomar med ortopediska konsekvenser samt muskuloskeletala infektionstillst\u00e5nd. Programmet inneh\u00e5ller f\u00f6rel\u00e4sningar inom \u00e4mnena benbiologi, osteoporos, diabeteskomplikationer, arterioskleroskomplikationer och kritisk ischemi, ortopediska infektioner samt amputationskirurgi.<\/p>\n<p>F\u00f6rel\u00e4sare: M\u00e4rit Wallander, Bo Berggren, \u00c5sa Nilsdotter, Lars Isaksson, Santiago Parra Sotoca, J\u00f6rg Schilcher, Anna Fahlgren<\/p>\n<p>F\u00f6r mer detaljerat program se det vetenskapliga programmet.<\/p>\n<p><strong>Pris:<\/strong><\/p>\n<p>750:- exkl moms<\/p>\n<p>(Icke SOF-medlem, 1500:- exkl moms)<\/p>\n<div><\/div>\n<p>[\/et_pb_tab][et_pb_tab _builder_version=&#8221;3.15&#8243; title=&#8221;Patients\u00e4kerhet f\u00f6r ST-l\u00e4kare&#8221; use_background_color_gradient=&#8221;off&#8221; background_color_gradient_start=&#8221;#2b87da&#8221; background_color_gradient_end=&#8221;#29c4a9&#8243; background_color_gradient_type=&#8221;linear&#8221; background_color_gradient_direction=&#8221;180deg&#8221; background_color_gradient_direction_radial=&#8221;center&#8221; background_color_gradient_start_position=&#8221;0%&#8221; background_color_gradient_end_position=&#8221;100%&#8221; background_color_gradient_overlays_image=&#8221;off&#8221; parallax=&#8221;off&#8221; parallax_method=&#8221;on&#8221; background_size=&#8221;cover&#8221; background_position=&#8221;center&#8221; background_repeat=&#8221;no-repeat&#8221; background_blend=&#8221;normal&#8221; allow_player_pause=&#8221;off&#8221; background_video_pause_outside_viewport=&#8221;on&#8221; tab_text_shadow_style=&#8221;none&#8221; body_text_shadow_style=&#8221;none&#8221; tab_text_shadow_horizontal_length=&#8221;0em&#8221; tab_text_shadow_vertical_length=&#8221;0em&#8221; tab_text_shadow_blur_strength=&#8221;0em&#8221; body_text_shadow_horizontal_length=&#8221;0em&#8221; body_text_shadow_vertical_length=&#8221;0em&#8221; body_text_shadow_blur_strength=&#8221;0em&#8221;]<\/p>\n<p>&nbsp;<\/p>\n<p><strong>Titel:<\/strong><\/p>\n<p>Patients\u00e4kerhet f\u00f6r ST-l\u00e4kare<\/p>\n<p><strong>Delm\u00e5l: <\/strong><\/p>\n<p>Kursen uppfyller teoretiska delar av delm\u00e5l a3, a4 och c13 enligt SOSFS 2015:8 eller<br \/>\nteorietiska delar av delm\u00e5l 14, 15, 17 och 20 enligt de gamla f\u00f6reskrifterna SOSFS 2008:17.<\/p>\n<p><strong>Omfattning: <\/strong><\/p>\n<p>Ca 8 timmar<\/p>\n<p><strong>Tid: <\/strong><\/p>\n<p>Kurs &#8220;Patients\u00e4kerhet f\u00f6r ST-l\u00e4kare&#8221; M\u00e5ndag 13:00 &#8211; 17:00 samt Tisdag 08:00 &#8211; 12:00.<\/p>\n<p><strong>Kursansvarig:<\/strong><\/p>\n<p>Pelle Gustafsson, chefl\u00e4kare, L\u00f6f, Stockholm<\/p>\n<p>F\u00f6rel\u00e4sare: Per Wiger, chefl\u00e4kare, VG-regionen, Allings\u00e5s<\/p>\n<p><strong> Inneh\u00e5ll:<\/strong><\/p>\n<p>Svensk Ortopedisk F\u00f6rening och L\u00d6F (Landstingens \u00d6msesidiga F\u00f6rs\u00e4kringsbolag) anordnar en SK-kurs i patients\u00e4kerhet under Ortopediveckan i Norrk\u00f6ping.<br \/>\nUnder kursen kommer \u00e4mnet patients\u00e4kerhet att avhandlas brett i form av teori och diskussioner runt faktiska h\u00e4ndelser.<\/p>\n<p>ST-l\u00e4kare i Ortopedi har f\u00f6retr\u00e4de men kursinneh\u00e5llet \u00e4r \u00e4ven av intresse f\u00f6r ST-l\u00e4kare i andra specialiteter och andra professioner som arbetar med patients\u00e4kerhet.<\/p>\n<p>Max antal deltagare: 16 st.<\/p>\n<p><strong><br \/>\nPris:<\/strong><\/p>\n<p>750:- exkl moms<\/p>\n<p>(Icke SOF-medlem, 1500:- exkl moms)<\/p>\n<p>[\/et_pb_tab][et_pb_tab _builder_version=&#8221;3.15&#8243; title=&#8221;Basal H\u00f6ftplastik&#8221; use_background_color_gradient=&#8221;off&#8221; background_color_gradient_start=&#8221;#2b87da&#8221; background_color_gradient_end=&#8221;#29c4a9&#8243; background_color_gradient_type=&#8221;linear&#8221; background_color_gradient_direction=&#8221;180deg&#8221; background_color_gradient_direction_radial=&#8221;center&#8221; background_color_gradient_start_position=&#8221;0%&#8221; background_color_gradient_end_position=&#8221;100%&#8221; background_color_gradient_overlays_image=&#8221;off&#8221; parallax=&#8221;off&#8221; parallax_method=&#8221;on&#8221; background_size=&#8221;cover&#8221; background_position=&#8221;center&#8221; background_repeat=&#8221;no-repeat&#8221; background_blend=&#8221;normal&#8221; allow_player_pause=&#8221;off&#8221; background_video_pause_outside_viewport=&#8221;on&#8221; tab_text_shadow_style=&#8221;none&#8221; body_text_shadow_style=&#8221;none&#8221; tab_text_shadow_horizontal_length=&#8221;0em&#8221; tab_text_shadow_vertical_length=&#8221;0em&#8221; tab_text_shadow_blur_strength=&#8221;0em&#8221; body_text_shadow_horizontal_length=&#8221;0em&#8221; body_text_shadow_vertical_length=&#8221;0em&#8221; body_text_shadow_blur_strength=&#8221;0em&#8221;]<\/p>\n<p>&nbsp;<\/p>\n<p><strong>Titel:<\/strong><\/p>\n<p>Basal H\u00f6ftplastik<\/p>\n<p><strong>Delm\u00e5l:<\/strong><\/p>\n<p>Kursen uppfyller del av delm\u00e5l c8.<\/p>\n<p><strong>Omfattning:<\/strong><\/p>\n<p>Ca 7 timmar<\/p>\n<p><strong>Tider:<\/strong><\/p>\n<ul>\n<li>Kurs &#8220;Basal H\u00f6ftplastik&#8221; M\u00e5ndag 26\/8 kl 13:00 &#8211; 17:00<\/li>\n<li>\n<div>Symposie &#8220;Protesen ser bra ut \u2013 Patienten \u00e4r missn\u00f6jd&#8221; Tisdag 27\/8 kl 13:40-15:00<\/div>\n<\/li>\n<li>\n<div>Symposie &#8220;Unga artrospatienter&#8221; Onsdag 28\/8 kl 10:15-11:45<\/div>\n<div><\/div>\n<\/li>\n<\/ul>\n<p><strong>Kursansvariga:<\/strong><\/p>\n<p>Per Wretenberg och Lars Weidenhielm<\/p>\n<p><strong>Inneh\u00e5ll:<\/strong><\/p>\n<p>Kursdeltagarna ska uppn\u00e5 grundl\u00e4ggande kunskaper i hur man g\u00f6r en cementerad h\u00f6ftprotes s\u00e5v\u00e4l teoretiskt som praktiskt. Kursen best\u00e5r av teoretiska f\u00f6rel\u00e4sningar som f\u00f6ljs av workshop d\u00e4r deltagarna praktiskt f\u00e5r \u00f6va att s\u00e4tta in en cementerad h\u00f6ftprotes i plastben.<\/p>\n<p>Max antal deltagare: 20st<\/p>\n<p>F\u00f6r mer detaljerat program se det vetenskapliga programmet.<\/p>\n<p>Kursen \u00e4r sponsrad.<\/p>\n<p><strong>Pris:<\/strong><\/p>\n<div>\n<p>750:- exkl moms<\/p>\n<\/div>\n<div>(Icke SOF-medlem, 1500:- exkl moms)<\/div>\n<p>[\/et_pb_tab][et_pb_tab _builder_version=&#8221;3.15&#8243; title=&#8221;ABC i Tum\u00f6rortopedi&#8221; use_background_color_gradient=&#8221;off&#8221; background_color_gradient_start=&#8221;#2b87da&#8221; background_color_gradient_end=&#8221;#29c4a9&#8243; background_color_gradient_type=&#8221;linear&#8221; background_color_gradient_direction=&#8221;180deg&#8221; background_color_gradient_direction_radial=&#8221;center&#8221; background_color_gradient_start_position=&#8221;0%&#8221; background_color_gradient_end_position=&#8221;100%&#8221; background_color_gradient_overlays_image=&#8221;off&#8221; parallax=&#8221;off&#8221; parallax_method=&#8221;on&#8221; background_size=&#8221;cover&#8221; background_position=&#8221;center&#8221; background_repeat=&#8221;no-repeat&#8221; background_blend=&#8221;normal&#8221; allow_player_pause=&#8221;off&#8221; background_video_pause_outside_viewport=&#8221;on&#8221; tab_text_shadow_style=&#8221;none&#8221; body_text_shadow_style=&#8221;none&#8221; tab_text_shadow_horizontal_length=&#8221;0em&#8221; tab_text_shadow_vertical_length=&#8221;0em&#8221; tab_text_shadow_blur_strength=&#8221;0em&#8221; body_text_shadow_horizontal_length=&#8221;0em&#8221; body_text_shadow_vertical_length=&#8221;0em&#8221; body_text_shadow_blur_strength=&#8221;0em&#8221;]<\/p>\n<p>&nbsp;<\/p>\n<p><strong>Titel:<\/strong><\/p>\n<p>ABC i Tum\u00f6rortopedi<\/p>\n<p><strong>Delm\u00e5l: <\/strong><\/p>\n<p>Kursen uppfyller del av delm\u00e5l c10.<\/p>\n<p><strong>Omfattning: <\/strong><\/p>\n<p>Ca 5,5 timmar<\/p>\n<p><strong>Tid: <\/strong><\/p>\n<ul>\n<li>Kurs &#8220;ABC i Tum\u00f6rortopedi&#8221; Tisdag 08:00 &#8211; 12:00<\/li>\n<li>F\u00f6r godk\u00e4nd kurs skall man \u00e4ven delta i symposiet &#8220;Tum\u00f6rer i r\u00f6relseapparaten&#8221; Onsdag 28\/8 kl 13-14.20<\/li>\n<\/ul>\n<p><strong>Kursansvarig: <\/strong><\/p>\n<p>Asle Hesla<\/p>\n<p><strong>Inneh\u00e5ll: <\/strong><\/p>\n<p>En teoretisk grundkurs som avhandlar s\u00e5v\u00e4l benigna som maligna tum\u00f6rer i mjukdelar och skelett. \u00c4ven genomg\u00e5ng av hur metastaspatienter ska hanteras, vilka ska opereras?<\/p>\n<p>F\u00f6r mer detaljerat program se det vetenskapliga programmet.<\/p>\n<p><strong>Pris:<\/strong><\/p>\n<p>750:- exkl moms<\/p>\n<p>(Icke SOF-medlem, 1500:- exkl moms)<\/p>\n<p>[\/et_pb_tab][et_pb_tab _builder_version=&#8221;3.15&#8243; title=&#8221;Femurfraktur hos barn&#8221; use_background_color_gradient=&#8221;off&#8221; background_color_gradient_start=&#8221;#2b87da&#8221; background_color_gradient_end=&#8221;#29c4a9&#8243; background_color_gradient_type=&#8221;linear&#8221; background_color_gradient_direction=&#8221;180deg&#8221; background_color_gradient_direction_radial=&#8221;center&#8221; background_color_gradient_start_position=&#8221;0%&#8221; background_color_gradient_end_position=&#8221;100%&#8221; background_color_gradient_overlays_image=&#8221;off&#8221; parallax=&#8221;off&#8221; parallax_method=&#8221;on&#8221; background_size=&#8221;cover&#8221; background_position=&#8221;center&#8221; background_repeat=&#8221;no-repeat&#8221; background_blend=&#8221;normal&#8221; allow_player_pause=&#8221;off&#8221; background_video_pause_outside_viewport=&#8221;on&#8221; tab_text_shadow_style=&#8221;none&#8221; body_text_shadow_style=&#8221;none&#8221; tab_text_shadow_horizontal_length=&#8221;0em&#8221; tab_text_shadow_vertical_length=&#8221;0em&#8221; tab_text_shadow_blur_strength=&#8221;0em&#8221; body_text_shadow_horizontal_length=&#8221;0em&#8221; body_text_shadow_vertical_length=&#8221;0em&#8221; body_text_shadow_blur_strength=&#8221;0em&#8221;]<\/p>\n<p>&nbsp;<\/p>\n<p><strong>Titel:<\/strong><\/p>\n<p>Femurfraktur hos barn<\/p>\n<p><strong>Delm\u00e5l:<\/strong><\/p>\n<p>Kursen uppfyller del av delm\u00e5l c5.<\/p>\n<p><strong>Omfattning:<\/strong><\/p>\n<p>Ca 5,5 timmar<\/p>\n<p><strong>Tider:<\/strong><\/p>\n<ul>\n<li>Kurs &#8220;Femurfraktur hos barn&#8221; Tisdag 27\/8 kl 08:00 &#8211; 12:00<\/li>\n<li>F\u00f6r godk\u00e4nd kurs skall man \u00e4ven delta i symposiet &#8220;Kluriga barnfrakturer&#8221; Fredag 30\/8 kl 10:15 &#8211; 11:45.<\/li>\n<\/ul>\n<p><strong>Kursansvariga:<\/strong><\/p>\n<p>Richard Marsell<\/p>\n<p><strong>Inneh\u00e5ll:<\/strong><\/p>\n<p>En precourse i handl\u00e4ggning och operation av de olika typerna av femurfrakturer vi ser hos barn.<\/p>\n<p>Alltifr\u00e5n enkla diafys\u00e4ra frakturer med olika behandling beroende p\u00e5 \u00e5lder, men \u00e4ven komplexa fall med fysengagemang eller patologisk anatomi s\u00e5som cystor.<\/p>\n<p>Inom ramen f\u00f6r denna kurs kommer deltagarna att i Work Shop p\u00e5 Saw Bones f\u00e5 f\u00f6revisat och \u00f6va p\u00e5 de tv\u00e5 vanligaste kirurgiska teknikerna f\u00f6r att behandla femurfrakturer hos barn. Vidare kommer f\u00f6rel\u00e4sningarna att t\u00e4cka teoretisk kunskap om hela panoramat av femurfraktrurer som uppkommer hos barn 0-18 \u00e5r gamla.<\/p>\n<p>Workshops (2): TEN femur med end caps och LCP-h\u00f6ftplatta.<\/p>\n<p>F\u00f6r mer detaljerad information och h\u00e5lltider se det vetenskapliga programmet.<\/p>\n<p>Kursen \u00e4r sponsrad.<\/p>\n<p><strong>Pris:<\/strong><\/p>\n<div>750:- exkl moms<\/div>\n<div><\/div>\n<div>(Icke SOF-medlem, 1500:- exkl moms)<\/div>\n<p>[\/et_pb_tab][et_pb_tab _builder_version=&#8221;3.15&#8243; title=&#8221;Basal Gipsteknik&#8221; use_background_color_gradient=&#8221;off&#8221; background_color_gradient_start=&#8221;#2b87da&#8221; background_color_gradient_end=&#8221;#29c4a9&#8243; background_color_gradient_type=&#8221;linear&#8221; background_color_gradient_direction=&#8221;180deg&#8221; background_color_gradient_direction_radial=&#8221;center&#8221; background_color_gradient_start_position=&#8221;0%&#8221; background_color_gradient_end_position=&#8221;100%&#8221; background_color_gradient_overlays_image=&#8221;off&#8221; parallax=&#8221;off&#8221; parallax_method=&#8221;on&#8221; background_size=&#8221;cover&#8221; background_position=&#8221;center&#8221; background_repeat=&#8221;no-repeat&#8221; background_blend=&#8221;normal&#8221; allow_player_pause=&#8221;off&#8221; background_video_pause_outside_viewport=&#8221;on&#8221; tab_text_shadow_style=&#8221;none&#8221; body_text_shadow_style=&#8221;none&#8221; tab_text_shadow_horizontal_length=&#8221;0em&#8221; tab_text_shadow_vertical_length=&#8221;0em&#8221; tab_text_shadow_blur_strength=&#8221;0em&#8221; body_text_shadow_horizontal_length=&#8221;0em&#8221; body_text_shadow_vertical_length=&#8221;0em&#8221; body_text_shadow_blur_strength=&#8221;0em&#8221;]<\/p>\n<p>&nbsp;<\/p>\n<p><strong>Titel: <\/strong><\/p>\n<p>Basal Gipsteknik<\/p>\n<p><strong>Delm\u00e5l: <\/strong><\/p>\n<p>Kursen uppfyller del av delm\u00e5l c1.<\/p>\n<p><strong>Omfattning: <\/strong><\/p>\n<p>Ca 5 timmar<\/p>\n<p><strong>Tid: <\/strong><\/p>\n<ul>\n<li>Kurs &#8220;Basal Gipsteknik&#8221; M\u00e5ndag 26\/8 13:00 &#8211; 17:00<\/li>\n<li>F\u00f6r godk\u00e4nd kurs skall man \u00e4ven delta i symposiet &#8220;Gipsteknik&#8221; Tisdag 27\/8 15:30 &#8211; 16:30.<\/li>\n<\/ul>\n<p><strong>Kursansvarig: <\/strong><\/p>\n<p>Per Flink, Magnus Andersson och Paul Ipsen.<\/p>\n<p><strong>Inneh\u00e5ll: <\/strong><\/p>\n<p>Teoretisk f\u00f6rel\u00e4sning om grunderna i gipsteknik samt vad man skall t\u00e4nka p\u00e5 vid gipsordination.<\/p>\n<p>D\u00e4refter workshop med m\u00f6jlighet till att applicera l\u00e4ttare gipsar ( kalkgips eller syntetf\u00f6rband )<\/p>\n<p><strong>Pris:<\/strong><\/p>\n<p>750:- exkl moms<\/p>\n<p>(Icke SOF-medlem, 1500:- exkl moms)<\/p>\n<p>[\/et_pb_tab][et_pb_tab _builder_version=&#8221;3.15&#8243; title=&#8221;Frakturbehandling i Underarm och Handled&#8221; use_background_color_gradient=&#8221;off&#8221; background_color_gradient_start=&#8221;#2b87da&#8221; background_color_gradient_end=&#8221;#29c4a9&#8243; background_color_gradient_type=&#8221;linear&#8221; background_color_gradient_direction=&#8221;180deg&#8221; background_color_gradient_direction_radial=&#8221;center&#8221; background_color_gradient_start_position=&#8221;0%&#8221; background_color_gradient_end_position=&#8221;100%&#8221; background_color_gradient_overlays_image=&#8221;off&#8221; parallax=&#8221;off&#8221; parallax_method=&#8221;on&#8221; background_size=&#8221;cover&#8221; background_position=&#8221;center&#8221; background_repeat=&#8221;no-repeat&#8221; background_blend=&#8221;normal&#8221; allow_player_pause=&#8221;off&#8221; background_video_pause_outside_viewport=&#8221;on&#8221; tab_text_shadow_style=&#8221;none&#8221; body_text_shadow_style=&#8221;none&#8221; tab_text_shadow_horizontal_length=&#8221;0em&#8221; tab_text_shadow_vertical_length=&#8221;0em&#8221; tab_text_shadow_blur_strength=&#8221;0em&#8221; body_text_shadow_horizontal_length=&#8221;0em&#8221; body_text_shadow_vertical_length=&#8221;0em&#8221; body_text_shadow_blur_strength=&#8221;0em&#8221;]<\/p>\n<p>&nbsp;<\/p>\n<p><strong>Titel:<\/strong><\/p>\n<p>Frakturbehandling i Underarm och Handled.<\/p>\n<p><strong>Omfattning:<\/strong><\/p>\n<p>Ca 7 timmar<\/p>\n<p><strong>Tid:<\/strong><\/p>\n<p>M\u00e5ndag 26 Augusti 2019, kl 10-17. Cobolgatan 1, Link\u00f6ping.<\/p>\n<p><strong>Kursansvariga: <\/strong><\/p>\n<p>Lars Adolfsson, Link\u00f6ping och Carl Ekholm, M\u00f6lndal<\/p>\n<p><strong>Inneh\u00e5ll:<\/strong><\/p>\n<p>SOF och samarbetsparter inbjuder till instruktionskurs<\/p>\n<p>Inneh\u00e5ll: Handledda dissektions\u00f6vningar p\u00e5 humanpreparat.<br \/>\nFrakturfixation med verkliga implantat. F\u00f6rel\u00e4sningar inneh\u00e5llande senaste nytt om pathomekanik, indikationer och kirurgisk teknik. Innefattar skador fr\u00e5n armb\u00e5ge till handled.<\/p>\n<p>Program:<\/p>\n<p>M\u00e5ndag 26\/8 2019<br \/>\n10:00 introduktion<br \/>\n10:10 distala radius och ulna \u2013 skadetyper, associerade skador, indikationer och metoder<br \/>\n10:50 underarmsdiafysfrakturer \u2013 behandlingsindikationer och metoder<br \/>\n11:20 proximala radius och ulna \u2013 patomekanik, skadetyper, indikationer och metoder<br \/>\n12:00 lunch<br \/>\n12:45 demonstration av approacher och introduktion till lab<br \/>\n17:00 avslutning<\/p>\n<p>Fakultet:<br \/>\nLars Adolfsson<br \/>\nCarl Ekholm<br \/>\nAnders Enocson<br \/>\nJohan Scheer<br \/>\nHanna Bj\u00f6rnsson Hallgren<\/p>\n<p>F\u00f6r vem: Alla som \u00e4gnar sig \u00e5t behandling av trauma i \u00f6vre extremiteten.<\/p>\n<p>Max antal deltagare 18. F\u00f6rst till kvarn.<\/p>\n<p>Transport kommer att ordnas fr\u00e5n och till Resecentrum i Norrk\u00f6ping.<br \/>\nAvf\u00e4rd 09:15, \u00e5terkomst ca 17:45<\/p>\n<p>Karta till kurslokal under f\u00f6ljande l\u00e4nk:\u00a0<a href=\"http:\/\/www.ortopediveckan.se\/karta\/\" target=\"_blank\" rel=\"noopener\">Karta<\/a><\/p>\n<p>Kursen \u00e4r sponsrad.<\/p>\n<p><strong>Pris:\u00a0<\/strong><\/p>\n<p>750:-<\/p>\n<p>(Icke SOF-medlem, 1500:- exkl moms)<\/p>\n<p>&nbsp;<\/p>\n<p>[\/et_pb_tab][et_pb_tab _builder_version=&#8221;3.15&#8243; title=&#8221;Ledn\u00e4ra tibiafrakturer&#8221; use_background_color_gradient=&#8221;off&#8221; background_color_gradient_start=&#8221;#2b87da&#8221; background_color_gradient_end=&#8221;#29c4a9&#8243; background_color_gradient_type=&#8221;linear&#8221; background_color_gradient_direction=&#8221;180deg&#8221; background_color_gradient_direction_radial=&#8221;center&#8221; background_color_gradient_start_position=&#8221;0%&#8221; background_color_gradient_end_position=&#8221;100%&#8221; background_color_gradient_overlays_image=&#8221;off&#8221; parallax=&#8221;off&#8221; parallax_method=&#8221;on&#8221; background_size=&#8221;cover&#8221; background_position=&#8221;center&#8221; background_repeat=&#8221;no-repeat&#8221; background_blend=&#8221;normal&#8221; allow_player_pause=&#8221;off&#8221; background_video_pause_outside_viewport=&#8221;on&#8221; tab_text_shadow_style=&#8221;none&#8221; body_text_shadow_style=&#8221;none&#8221; tab_text_shadow_horizontal_length=&#8221;0em&#8221; tab_text_shadow_vertical_length=&#8221;0em&#8221; tab_text_shadow_blur_strength=&#8221;0em&#8221; body_text_shadow_horizontal_length=&#8221;0em&#8221; body_text_shadow_vertical_length=&#8221;0em&#8221; body_text_shadow_blur_strength=&#8221;0em&#8221;]<\/p>\n<p>&nbsp;<\/p>\n<p><strong>Titel: <\/strong><\/p>\n<p>Ledn\u00e4ra tibiafrakturer: tibiakondyl &amp; pilonfrakturer.<\/p>\n<p><strong>Omfattning: <\/strong><\/p>\n<p>Ca 4 timmar.<\/p>\n<p><strong>Tid: <\/strong><\/p>\n<ul>\n<li>Kurs &#8220;Ledn\u00e4ra tibiafrakturer: tibiakondyl &amp; pilonfrakturer&#8221; Tisdag 08:00 &#8211; 12:00.<\/li>\n<\/ul>\n<p><strong>Kursansvarig: <\/strong><\/p>\n<p>Anna Ekman, Olle Wolf<\/p>\n<p><strong>Inneh\u00e5ll: <\/strong><\/p>\n<p>Ofta utmanande frakturer som kr\u00e4ver god anatomisk kunskap och noggrann mjukdelshantering vad g\u00e4ller timing och den peroperativa hanteringen. Vi belyser frakturtyper, behandlingsstrategier och val av implantat. Efter en teoretisk genomg\u00e5ng kommer vi praktiskt att applicera v\u00e5r kunskap p\u00e5 frakturmodeller.<\/p>\n<p>F\u00f6r mer detaljerat program se det vetenskapliga programmet.<\/p>\n<p>Kursen \u00e4r sponsrad.<\/p>\n<p><strong>Pris:<\/strong><\/p>\n<p>750:- exkl moms.<\/p>\n<p>(Icke SOF-medlem, 1500:- exkl moms)<\/p>\n<p>[\/et_pb_tab][et_pb_tab _builder_version=&#8221;3.15&#8243; title=&#8221;Avancerad Gipsteknik&#8221; use_background_color_gradient=&#8221;off&#8221; background_color_gradient_start=&#8221;#2b87da&#8221; background_color_gradient_end=&#8221;#29c4a9&#8243; background_color_gradient_type=&#8221;linear&#8221; background_color_gradient_direction=&#8221;180deg&#8221; background_color_gradient_direction_radial=&#8221;center&#8221; background_color_gradient_start_position=&#8221;0%&#8221; background_color_gradient_end_position=&#8221;100%&#8221; background_color_gradient_overlays_image=&#8221;off&#8221; parallax=&#8221;off&#8221; parallax_method=&#8221;on&#8221; background_size=&#8221;cover&#8221; background_position=&#8221;center&#8221; background_repeat=&#8221;no-repeat&#8221; background_blend=&#8221;normal&#8221; allow_player_pause=&#8221;off&#8221; background_video_pause_outside_viewport=&#8221;on&#8221; tab_text_shadow_style=&#8221;none&#8221; body_text_shadow_style=&#8221;none&#8221; tab_text_shadow_horizontal_length=&#8221;0em&#8221; tab_text_shadow_vertical_length=&#8221;0em&#8221; tab_text_shadow_blur_strength=&#8221;0em&#8221; body_text_shadow_horizontal_length=&#8221;0em&#8221; body_text_shadow_vertical_length=&#8221;0em&#8221; body_text_shadow_blur_strength=&#8221;0em&#8221;]<\/p>\n<p>&nbsp;<\/p>\n<p><strong>Titel:<\/strong><\/p>\n<p>Avancerad Gipsteknik<\/p>\n<p><strong>Omfattning: <\/strong><\/p>\n<p>Ca 4 timmar<\/p>\n<p><strong>Tid: <\/strong><\/p>\n<ul>\n<li>Kurs &#8220;Avancerad Gipsteknik&#8221; Tisdag 08:00 &#8211; 12:00<\/li>\n<\/ul>\n<p><strong>Kursansvarig: <\/strong><\/p>\n<p>Per Flink, Magnus Andersson och Paul Ipsen<\/p>\n<p><strong>Inneh\u00e5ll: <\/strong><\/p>\n<p>Teorif\u00f6rel\u00e4sning om hur vi kan anv\u00e4nda oss av avancerad gipsteknik inom ortopedin och handkirurgin samt vad man kan t\u00e4nka p\u00e5 vid gipsordination.<\/p>\n<p>D\u00e4refter workshop med applicering av bl.a. Avlastande gips vid diabetesfots\u00e5r (TCC ), Combicastortoser, Geishashoe samt olika hand- fingerskenor.<\/p>\n<p><strong>Pris:<\/strong><\/p>\n<p>750:- exkl moms.<\/p>\n<p>(Icke SOF-medlem, 1500:- exkl moms)<\/p>\n<p>[\/et_pb_tab][\/et_pb_tabs][\/et_pb_column][\/et_pb_row][\/et_pb_section][et_pb_section bb_built=&#8221;1&#8243; specialty=&#8221;off&#8221; _builder_version=&#8221;3.15&#8243; prev_background_color=&#8221;#000000&#8243; disabled=&#8221;on&#8221; disabled_on=&#8221;on|on|on&#8221;][et_pb_row][et_pb_column type=&#8221;4_4&#8243;][et_pb_blurb admin_label=&#8221;Mer info senare&#8221; _builder_version=&#8221;3.15&#8243; title=&#8221;Mer information kommer senare&#8221; use_icon=&#8221;on&#8221; font_icon=&#8221;%%138%%&#8221; icon_color=&#8221;#3e72a9&#8243; text_orientation=&#8221;center&#8221; animation=&#8221;off&#8221; saved_tabs=&#8221;all&#8221; global_module=&#8221;20&#8243; \/][et_pb_text _builder_version=&#8221;3.15&#8243; \/][\/et_pb_column][\/et_pb_row][\/et_pb_section]<\/p>\n","protected":false},"excerpt":{"rendered":"<p>[et_pb_section bb_built=&#8221;1&#8243; _builder_version=&#8221;3.15&#8243; custom_padding=&#8221;54px|0px|0|0px|false|false&#8221; next_background_color=&#8221;#000000&#8243;][et_pb_row _builder_version=&#8221;3.0.48&#8243; background_size=&#8221;initial&#8221; background_position=&#8221;top_left&#8221; background_repeat=&#8221;repeat&#8221;][et_pb_column type=&#8221;4_4&#8243;][et_pb_text admin_label=&#8221;Rubrik: Kurser\/Workshops&#8221; _builder_version=&#8221;3.15&#8243;] Kurser\/Workshops [\/et_pb_text][\/et_pb_column][\/et_pb_row][\/et_pb_section][et_pb_section bb_built=&#8221;1&#8243; specialty=&#8221;off&#8221; next_background_color=&#8221;#000000&#8243; prev_background_color=&#8221;#000000&#8243; _builder_version=&#8221;3.15&#8243; disabled=&#8221;off&#8221; disabled_on=&#8221;off|off|off&#8221;][et_pb_row][et_pb_column type=&#8221;4_4&#8243;][et_pb_tabs _builder_version=&#8221;3.15&#8243;][et_pb_tab _builder_version=&#8221;3.15&#8243; title=&#8221;Metabola sjukdomar&#8221; use_background_color_gradient=&#8221;off&#8221; background_color_gradient_start=&#8221;#2b87da&#8221; background_color_gradient_end=&#8221;#29c4a9&#8243; background_color_gradient_type=&#8221;linear&#8221; background_color_gradient_direction=&#8221;180deg&#8221; background_color_gradient_direction_radial=&#8221;center&#8221; background_color_gradient_start_position=&#8221;0%&#8221; background_color_gradient_end_position=&#8221;100%&#8221; background_color_gradient_overlays_image=&#8221;off&#8221; parallax=&#8221;off&#8221; parallax_method=&#8221;on&#8221; background_size=&#8221;cover&#8221; background_position=&#8221;center&#8221; background_repeat=&#8221;no-repeat&#8221; background_blend=&#8221;normal&#8221; allow_player_pause=&#8221;off&#8221; background_video_pause_outside_viewport=&#8221;on&#8221; tab_text_shadow_style=&#8221;none&#8221; body_text_shadow_style=&#8221;none&#8221; tab_text_shadow_horizontal_length=&#8221;0em&#8221; tab_text_shadow_vertical_length=&#8221;0em&#8221; tab_text_shadow_blur_strength=&#8221;0em&#8221; body_text_shadow_horizontal_length=&#8221;0em&#8221; body_text_shadow_vertical_length=&#8221;0em&#8221; body_text_shadow_blur_strength=&#8221;0em&#8221;] &nbsp; Titel: Metabola [&hellip;]<\/p>\n","protected":false},"author":46,"featured_media":0,"parent":0,"menu_order":0,"comment_status":"closed","ping_status":"closed","template":"","meta":{"_et_pb_use_builder":"on","_et_pb_old_content":"","_et_gb_content_width":""},"_links":{"self":[{"href":"https:\/\/appsinmed.com\/ortopediveckan2019\/wp-json\/wp\/v2\/pages\/169"}],"collection":[{"href":"https:\/\/appsinmed.com\/ortopediveckan2019\/wp-json\/wp\/v2\/pages"}],"about":[{"href":"https:\/\/appsinmed.com\/ortopediveckan2019\/wp-json\/wp\/v2\/types\/page"}],"author":[{"embeddable":true,"href":"https:\/\/appsinmed.com\/ortopediveckan2019\/wp-json\/wp\/v2\/users\/46"}],"replies":[{"embeddable":true,"href":"https:\/\/appsinmed.com\/ortopediveckan2019\/wp-json\/wp\/v2\/comments?post=169"}],"version-history":[{"count":30,"href":"https:\/\/appsinmed.com\/ortopediveckan2019\/wp-json\/wp\/v2\/pages\/169\/revisions"}],"predecessor-version":[{"id":543,"href":"https:\/\/appsinmed.com\/ortopediveckan2019\/wp-json\/wp\/v2\/pages\/169\/revisions\/543"}],"wp:attachment":[{"href":"https:\/\/appsinmed.com\/ortopediveckan2019\/wp-json\/wp\/v2\/media?parent=169"}],"curies":[{"name":"wp","href":"https:\/\/api.w.org\/{rel}","templated":true}]}}