{"id":162,"date":"2018-12-19T10:17:09","date_gmt":"2018-12-19T10:17:09","guid":{"rendered":"http:\/\/appsinmed.com\/ortopediveckan2019\/?page_id=162"},"modified":"2019-08-23T19:45:27","modified_gmt":"2019-08-23T19:45:27","slug":"vetenskapligt-program","status":"publish","type":"page","link":"https:\/\/appsinmed.com\/ortopediveckan2019\/vetenskapligt-program\/","title":{"rendered":"Vetenskapligt program"},"content":{"rendered":"<p>[et_pb_section bb_built=&#8221;1&#8243; _builder_version=&#8221;3.0.47&#8243; custom_padding=&#8221;54px|0px|13px|0px|false|false&#8221; next_background_color=&#8221;#000000&#8243;][et_pb_row _builder_version=&#8221;3.0.48&#8243; background_size=&#8221;initial&#8221; background_position=&#8221;top_left&#8221; background_repeat=&#8221;repeat&#8221;][et_pb_column type=&#8221;4_4&#8243;][et_pb_text admin_label=&#8221;Rubrik: Vetenskapligt program&#8221; _builder_version=&#8221;3.15&#8243;]<\/p>\n<p style=\"text-align: center\"><span style=\"font-size: 18pt;color: #000000\">Vetenskapligt program<\/span><\/p>\n<p>[\/et_pb_text][\/et_pb_column][\/et_pb_row][et_pb_row _builder_version=&#8221;3.0.48&#8243; background_size=&#8221;initial&#8221; background_position=&#8221;top_left&#8221; background_repeat=&#8221;repeat&#8221;][et_pb_column type=&#8221;4_4&#8243;][et_pb_text _builder_version=&#8221;3.15&#8243;]<\/p>\n<p style=\"text-align: center\"><span style=\"font-size: 10pt\"><em>Till\u00e4gg av detaljer och mindre uppdateringar av programmet sker l\u00f6pande.<br \/>\nEventuella justeringar av tider eller positioner anges nedanf\u00f6r sj\u00e4lva programmet.\u00a0<\/em><\/span><\/p>\n<p>[\/et_pb_text][\/et_pb_column][\/et_pb_row][et_pb_row _builder_version=&#8221;3.0.48&#8243; background_size=&#8221;initial&#8221; background_position=&#8221;top_left&#8221; background_repeat=&#8221;repeat&#8221;][et_pb_column type=&#8221;4_4&#8243;][et_pb_text admin_label=&#8221;Program &#8211; funktion&#8221; _builder_version=&#8221;3.15&#8243;]<\/p>\n\n<script type=\"text\/javascript\">\n    var allRooms = JSON.parse('[{\"id\":\"8d4e3dd9-ce4c-4323-b414-2740c00d9454\",\"name\":\"De Geerhallen\",\"position\":0},{\"id\":\"8d4e3e47-b348-40db-af90-fc05f2c56604\",\"name\":\"Flygeln\",\"position\":1},{\"id\":\"8d4e3eae-ee44-4f61-99bc-620941ba8aab\",\"name\":\"Hemerycksalen\",\"position\":2},{\"id\":\"8d4e3ee2-9a98-46e3-a16c-adc52ebf5d39\",\"name\":\"Vingen 1+2\",\"position\":3},{\"id\":\"8d4e4533-59fd-4c71-be23-0a243a3ae7cd\",\"name\":\"Vingen 3\",\"position\":4},{\"id\":\"8d4e4540-65b3-4e56-b722-11373e7026d1\",\"name\":\"Vingen 4\",\"position\":5},{\"id\":\"8d4e3eca-bf06-4071-a254-2a1e33b1a8fd\",\"name\":\"Vingen 3+4\",\"position\":6},{\"id\":\"8d4e411f-268d-43e4-9387-73ed1ac7e80f\",\"name\":\"Vingen 5\",\"position\":7},{\"id\":\"8d4e3f4b-3598-4392-9870-ac74b68a3b24\",\"name\":\"Vingen 6\",\"position\":8},{\"id\":\"8d4e3f03-823f-4178-82f7-5d246c0bd647\",\"name\":\"Vingen 6+7\",\"position\":9},{\"id\":\"8d4e3f20-50f4-4f2e-9fe7-20d3f379e9fc\",\"name\":\"Vingen 8\",\"position\":10},{\"id\":\"8e730ab5-a456-48bc-8d21-1a24f0b855b1\",\"name\":\"Foaj\\u00e9n Flygeln\",\"position\":11},{\"id\":\"8d4e3f5c-67af-4d8e-afad-1479d2941cad\",\"name\":\"Utst\\u00e4llningen\",\"position\":12},{\"id\":\"8d4e4163-c852-4a2f-940e-a75ff94ee438\",\"name\":\"Viran\",\"position\":13},{\"id\":\"8e4ee16f-8054-40b3-b3c2-a6dbd17dbace\",\"name\":\"Cobolgatan 1 Link\\u00f6ping\",\"position\":14},{\"id\":\"8d4e418b-4f7e-462d-b219-300b31a5f803\",\"name\":\"Swemac, Link\\u00f6ping\",\"position\":15}]');\n    var allCategories = JSON.parse('[{\"id\":47,\"name\":\"L\\u00e4kare\",\"color\":\"#eb303a\"},{\"id\":48,\"name\":\"Sjuksk\\u00f6terska\",\"color\":\"#36acf1\"},{\"id\":49,\"name\":\"Operationssk\\u00f6terska\",\"color\":\"#299787\"},{\"id\":50,\"name\":\"Undersk\\u00f6terska\",\"color\":\"#f9bc2b\"},{\"id\":51,\"name\":\"Gipstekniker\",\"color\":\"#9722ac\"},{\"id\":52,\"name\":\"V\\u00e5rdadministrat\\u00f6r\",\"color\":\"#b3c03d\"},{\"id\":53,\"name\":\"Arbetsterapeut\",\"color\":\"#4354b1\"},{\"id\":54,\"name\":\"Fysioterapeut\",\"color\":\"#f89121\"},{\"id\":194,\"name\":\"Postervandringar\",\"color\":\"#f6492b\"},{\"id\":197,\"name\":\"Knee\",\"color\":\"#637d89\"},{\"id\":208,\"name\":\"Back\",\"color\":\"#673cb3\"},{\"id\":209,\"name\":\"Other\",\"color\":\"#765449\"},{\"id\":210,\"name\":\"Hip\",\"color\":\"#e2cf33\"},{\"id\":211,\"name\":\"Trauma\",\"color\":\"#8ec252\"},{\"id\":212,\"name\":\"Shoulder and Elbow\",\"color\":\"#\"},{\"id\":213,\"name\":\"Foot\",\"color\":\"#\"}]');\n  <\/script>\n\n  <script type=\"text\/javascript\">\n    var templateUrl = 'https:\/\/appsinmed.com\/ortopediveckan2019\/wp-content\/plugins\/wordpress_plugin_schedule\/img\/';\n  <\/script>\n\n  <input type=\"hidden\" id=\"new_cms\" value=\"1\" \/>\n  <input type=\"hidden\" id=\"spanning_color\" value=\"#164789\" \/>\n  <input type=\"hidden\" id=\"spanning_text_color\" value=\"#ffffff\" \/>\n  <input type=\"hidden\" id=\"list_as_default\" value=\"0\" \/>\n  <input type=\"hidden\" id=\"fetch_abstract\" value=\"\" \/>\n  <input type=\"hidden\" id=\"show_abs_nbr\" value=\"\" \/>\n  <input type=\"hidden\" id=\"use-auto-heights\" value=\"true\" \/>\n  <input id='base_path' type='hidden' value='https:\/\/appsinmed.com\/ortopediveckan2019\/wp-content\/plugins\/wordpress_plugin_schedule' \/>\n  <input id='project' type='hidden' value='a44f2645-f465-4d20-9d12-e82cf6d97f2d' \/>\n  <input id='lang' type='hidden' value='sv' \/>\n  <input id='show_link_to_abstract' type='hidden' value='1' \/>\n\n  <div id=\"plugin_main_container\" style='height: 940px;'>\n\n    \n    <div id=\"type_filter_div\" style=''>\n      <div class=\"btn-group\" role=\"group\" aria-label=\"...\">\n        <button id=\"show_graph_schedule_button\" type=\"button\" class=\"btn btn-default selected_list_type\">\n          <i class=\"fa fa-calendar\" aria-hidden=\"true\"><\/i>\n        <\/button>\n        <button id=\"show_list_schedule_button\" type=\"button\" class=\"btn btn-default \">\n          <i class=\"fa fa-list\" aria-hidden=\"true\"><\/i>\n        <\/button>\n        <button id=\"list_program_button_print\" type=\"button\" class=\"btn btn-default\" style=\"\">\n          <i class=\"fa fa-print\" aria-hidden=\"true\"><\/i>\n        <\/button>\n      <\/div>\n      \n    <\/div>\n\n    <div id=\"personal_filter_div\" style='display: none;'>\n        <div id=\"email-input-group\" class=\"email-input-group input-group\">\n          <span class=\"input-group-addon\" id=\"sizing-addon2\">@<\/span>\n          <input id=\"list_filter_input\" type=\"email\" class=\"form-control\" placeholder=\"Ange din email eller bokningsnummer\" aria-describedby=\"sizing-addon2\">\n        <\/div>\n        <button id=\"list_filter_button\" class=\"btn btn-primary\">Visa mitt program<\/button>\n\n    <\/div>\n\n    <div id=\"personal_filter_user_information\" style=\"display: none;\">\n      <i class=\"fa fa-user fa-2x\" aria-hidden=\"true\"><\/i><span id=\"personal_information\"><\/span>\n      <button id=\"list_filter_button_print\" class=\"btn btn-success hide\"><i class=\"fa fa-print\" aria-hidden=\"true\"><\/i><\/button>\n      <button id=\"list_filter_button_reset\" class=\"btn btn-danger hide\">\u00c5terst\u00e4ll<\/button>\n    <\/div>\n\n    <div id=\"list_calendar_container\" style='display: none;'>\n\n      <div id=\"list_filter_alert_div_not_found\" class=\"alert alert-info hide\" role=\"alert\">\n          <span>\n            Anv\u00e4ndaren kunde inte hittas. Var god f\u00f6rs\u00f6k igen.          <\/span>\n      <\/div>\n\n      <div id=\"list_filter_alert_div_error\" class=\"alert alert-info hide\" role=\"alert\">\n          <span>\n            Det uppstod ett problem n\u00e4r ditt program skulle h\u00e4mtas. Var god f\u00f6rs\u00f6k igen.          <\/span>\n      <\/div>\n\n      <div id=\"list_calendar_container_inner\" style=\"height: 770px;\">\n\n          <div class='list_header' data-day='0' style='background-color: rgba(32, 132, 196, 0.83); color: rgba(255, 255, 255, 1);'>M\u00e5ndag 26 augusti<\/div>\n          <div class=\"box-wrapper\"\n              data-id=\"2d87c305-5813-47d2-b21c-56857be2e04c\">\n\n              <div class='time-header'>10:00<\/div>\n\n              <div class=\"box\"\n                data-id=\"2d87c305-5813-47d2-b21c-56857be2e04c\"\n                data-project=\"a44f2645-f465-4d20-9d12-e82cf6d97f2d\"\n                data-title=\"Kurs: Frakturbehandling i Underarm och Handled\"\n                data-time=\"10:00-17:00\"\n                data-room=\"Cobolgatan 1 Link\u00f6ping\"\n                data-room-id=\"8e4ee16f-8054-40b3-b3c2-a6dbd17dbace\"\n                data-room-name=\"Cobolgatan 1 Link\u00f6ping\"\n                data-day=\"0\"\n                data-abs-nbr=\"\"\n                data-abs-path=\"\"\n                data-speaker=\"Lars Adolfsson; Carl Ekholm\"\n                data-speakercell=\"Lars Adolfsson; Carl Ekholm\"\n                data-info=\"&lt;b&gt;Moderatorer: &lt;\/b&gt;Lars Adolfsson; Carl Ekholm&lt;br&gt;&lt;br&gt;&lt;p&gt;SOF och samarbetspartner inbjuder till instruktionskurs&lt;br \/&gt;&lt;br \/&gt;Tidpunkt: M&amp;aring;ndag 26 Augusti 2019, kl 10-17.&lt;br \/&gt;&lt;br \/&gt;Plats: Cobolgatan 1 Link&amp;ouml;ping&lt;br \/&gt;&lt;br \/&gt;Inneh&amp;aring;ll: Handledda dissektions&amp;ouml;vningar p&amp;aring; humanpreparat.&amp;nbsp;&lt;br \/&gt;Frakturfixation med verkliga implantat. F&amp;ouml;rel&amp;auml;sningar inneh&amp;aring;llande senaste nytt om pathomekanik, indikationer och kirurgisk teknik. Innefattar skador fr&amp;aring;n armb&amp;aring;ge till handled.&lt;br \/&gt;&lt;br \/&gt;Kursledare: Lars Adolfsson, Link&amp;ouml;ping och Carl Ekholm, M&amp;ouml;lndal&lt;br \/&gt;&lt;br \/&gt;F&amp;ouml;r vem: Alla som &amp;auml;gnar sig &amp;aring;t behandling av trauma i &amp;ouml;vre extremiteten.&amp;nbsp;&lt;br \/&gt;&lt;br \/&gt;Max antal deltagare 18. F&amp;ouml;rst till kvarn.&lt;\/p&gt;\n&lt;p&gt;Program:&lt;\/p&gt;\n&lt;p&gt;M&amp;aring;ndag 26\/8 2019&lt;br \/&gt;10:00 introduktion&lt;br \/&gt;10:10 distala radius och ulna &amp;ndash; skadetyper, associerade skador, indikationer och metoder&lt;br \/&gt;10:50 underarmsdiafysfrakturer &amp;ndash; behandlingsindikationer och metoder&lt;br \/&gt;11:20 proximala radius och ulna &amp;ndash; patomekanik, skadetyper, indikationer och metoder&lt;br \/&gt;12:00 lunch&lt;br \/&gt;12:45 demonstration av approacher och introduktion till lab&lt;br \/&gt;17:00 avslutning&lt;\/p&gt;\n&lt;p&gt;Fakultet:&lt;br \/&gt;Lars Adolfsson&lt;br \/&gt;Carl Ekholm&lt;br \/&gt;Anders Enocson&lt;br \/&gt;Johan Scheer&lt;br \/&gt;Hanna Bj&amp;ouml;rnsson Hallgren&lt;\/p&gt;\n&lt;p&gt;&lt;br \/&gt;&lt;br \/&gt;Transport kommer att ordnas till och fr&amp;aring;n Resecentrum i Norrk&amp;ouml;ping.&amp;nbsp;&lt;br \/&gt;Avf&amp;auml;rd 09:15, &amp;aring;terkomst ca 17:45&lt;\/p&gt;\n&lt;p&gt;&amp;nbsp;&lt;\/p&gt;\n&lt;p&gt;Kursen &amp;auml;r sponsrad.&lt;\/p&gt;&lt;br&gt;&lt;br&gt;\"\n                data-category=\"L\u00e4kare\"\n                data-category-ids=\"47\"\n                data-span-all=\"\"\n              >\n\n              \n\n              <div class=\"vertical_bar\" style=\"background-color: #eb303a;\"><\/div>\n              <div class=\"box_inner\">\n                                <span>Kurs: Frakturbehandling i Underarm och Handled<\/span>\n               <br>\n               <div class=\"lecturer\"><span>Lars Adolfsson; Carl Ekholm<\/span><\/div>\n               <div class=\"room_div \">\n                 <i class=\"list-room\">Cobolgatan 1 Link\u00f6ping<\/i>\n               <\/div>\n\n               <div class=\"name_time_div\">\n                <i class=\"list-time\" data-time=\"10:00\">10:00-17:00 - M\u00e5ndag 26 augusti<\/i>\n               <\/div>\n              <\/div>\n             <\/div>\n          <\/div>\n\n          \n          <div class=\"box-wrapper\"\n              data-id=\"baaf0851-1ccb-4806-b3bc-d4be7a38f34c\">\n\n              <div class='time-header'>13:00<\/div>\n\n              <div class=\"box\"\n                data-id=\"baaf0851-1ccb-4806-b3bc-d4be7a38f34c\"\n                data-project=\"a44f2645-f465-4d20-9d12-e82cf6d97f2d\"\n                data-title=\"Kurs: Metabola sjukdomar\"\n                data-time=\"13:00-18:00\"\n                data-room=\"Hemerycksalen\"\n                data-room-id=\"8d4e3eae-ee44-4f61-99bc-620941ba8aab\"\n                data-room-name=\"Hemerycksalen\"\n                data-day=\"0\"\n                data-abs-nbr=\"\"\n                data-abs-path=\"\"\n                data-speaker=\"\"\n                data-speakercell=\"\"\n                data-info=\"&lt;p&gt;Vi har h&amp;auml;rmed n&amp;ouml;jet att erbjuda denna kurs i metabola och cirkulatoriska sjukdomar med ortopediska konsekvenser samt muskuloskeletala infektionstillst&amp;aring;nd. Programmet inneh&amp;aring;ller f&amp;ouml;rel&amp;auml;sningar inom &amp;auml;mnena benbiologi, osteoporos, diabeteskomplikationer, arterioskleroskomplikationer och kritisk ischemi, ortopediska infektioner samt amputationskirurgi.&amp;nbsp;&lt;\/p&gt;\n&lt;p&gt;Kursen uppfyller hela den teoretiska delen av delm&amp;aring;l&amp;nbsp; c11\/11 f&amp;ouml;r ST-l&amp;auml;kare i ortopedi.&lt;\/p&gt;\n&lt;p&gt;Intyg utf&amp;auml;rdas efter deltagande i samtliga moment.&amp;nbsp;&lt;\/p&gt;\n&lt;p&gt;F&amp;ouml;r godk&amp;auml;nd kurs skall man &amp;auml;ven delta i symposiet Protesinfektioner Torsdagen 29\/8.&lt;\/p&gt;\n&lt;p&gt;&amp;nbsp;&lt;\/p&gt;&lt;br&gt;&lt;br&gt;13:00-13:10: Introduktion&lt;br&gt;&lt;br\/&gt;13:10-13:50: Osteoporos&lt;br&gt;&lt;small&gt;M\u00e4rit Wallander&lt;\/small&gt;&lt;br&gt;&lt;br\/&gt;13:50-14:30: Diabetes och diabeteskomplikationer&lt;br&gt;&lt;small&gt;Bo Berggren&lt;\/small&gt;&lt;br&gt;&lt;br\/&gt;14:30-15:10: Ortopediska infektioner&lt;br&gt;&lt;small&gt;\u00c5sa Nilsdotter&lt;\/small&gt;&lt;br&gt;&lt;br\/&gt;15:10-15:40: Fika&lt;br&gt;&lt;br\/&gt;15:40-16:20: Arterioskleros, arterioskleroskomplikationer och kritisk ischemi&lt;br&gt;&lt;small&gt;Lars Isaksson&lt;\/small&gt;&lt;br&gt;&lt;br\/&gt;16:20-17:00: Amputationskirurgi&lt;br&gt;&lt;small&gt;Hans Berg&lt;\/small&gt;&lt;br&gt;&lt;br\/&gt;17:00-17:40: Benbiologi&lt;br&gt;&lt;small&gt;J\u00f6rg Schilcher; Anna Fahlgren&lt;\/small&gt;&lt;br&gt;&lt;br\/&gt;17:40-18:00: Fr\u00e5gor och avslut\"\n                data-category=\"L\u00e4kare\"\n                data-category-ids=\"47\"\n                data-span-all=\"\"\n              >\n\n              \n\n              <div class=\"vertical_bar\" style=\"background-color: #eb303a;\"><\/div>\n              <div class=\"box_inner\">\n                                <span>Kurs: Metabola sjukdomar<\/span>\n               <br>\n               \n               <div class=\"room_div \">\n                 <i class=\"list-room\">Hemerycksalen<\/i>\n               <\/div>\n\n               <div class=\"name_time_div\">\n                <i class=\"list-time\" data-time=\"13:00\">13:00-18:00 - M\u00e5ndag 26 augusti<\/i>\n               <\/div>\n              <\/div>\n             <\/div>\n          <\/div>\n\n          \n          <div class=\"box-wrapper\"\n              data-id=\"105a28bc-718a-48d4-9be8-d65bf378ed65\">\n\n              <div class='time-header' style='visibility: hidden;'>13:00<\/div>\n\n              <div class=\"box\"\n                data-id=\"105a28bc-718a-48d4-9be8-d65bf378ed65\"\n                data-project=\"a44f2645-f465-4d20-9d12-e82cf6d97f2d\"\n                data-title=\"Kurs: Basal H\u00f6ftplastik\"\n                data-time=\"13:00-17:00\"\n                data-room=\"Vingen 1+2\"\n                data-room-id=\"8d4e3ee2-9a98-46e3-a16c-adc52ebf5d39\"\n                data-room-name=\"Vingen 1+2\"\n                data-day=\"0\"\n                data-abs-nbr=\"\"\n                data-abs-path=\"\"\n                data-speaker=\"\"\n                data-speakercell=\"\"\n                data-info=\"&lt;b&gt;Moderatorer: &lt;\/b&gt;Lars Weidenhielm; Per Wretenberg&lt;br&gt;&lt;br&gt;&lt;table&gt;\n&lt;tbody&gt;\n&lt;tr&gt;\n&lt;td&gt;\n&lt;p&gt;Kursdeltagarna ska uppn&amp;aring; grundl&amp;auml;ggande kunskaper i hur man g&amp;ouml;r en cementerad h&amp;ouml;ftprotes s&amp;aring;v&amp;auml;l teoretiskt som praktiskt. Kursen best&amp;aring;r av teoretiska f&amp;ouml;rel&amp;auml;sningar som f&amp;ouml;ljs av workshop d&amp;auml;r deltagarna praktiskt f&amp;aring;r &amp;ouml;va att s&amp;auml;tta in en cementerad h&amp;ouml;ftprotes i plastben.&lt;\/p&gt;\n&lt;div&gt;Kursledare: Per Wretenberg och Lars Weidenhielm.&lt;\/div&gt;\n&lt;div&gt;&lt;br \/&gt;Kursen uppfyller del av delm&amp;aring;l c8.&amp;nbsp;&lt;br \/&gt;&lt;br \/&gt;F&amp;ouml;r godk&amp;auml;nd kurs skall man &amp;auml;ven delta i symposierna;&lt;\/div&gt;\n&lt;div&gt;- Protesen ser bra ut &amp;ndash; Patienten &amp;auml;r missn&amp;ouml;jd, tisdag 27\/8 kl 13:40-15:00&lt;\/div&gt;\n&lt;div&gt;- Unga artrospatienter, onsdag 28\/8 kl 10:15-11:45&lt;\/div&gt;\n&lt;div&gt;&lt;br \/&gt;Max antal deltagare: 20st&lt;\/div&gt;\n&lt;div&gt;&amp;nbsp;&lt;\/div&gt;\n&lt;div&gt;&amp;nbsp;&lt;\/div&gt;\n&lt;div&gt;&amp;nbsp;&lt;\/div&gt;\n&lt;div&gt;Kursen &amp;auml;r sponsrad.&lt;\/div&gt;\n&lt;\/td&gt;\n&lt;\/tr&gt;\n&lt;\/tbody&gt;\n&lt;\/table&gt;&lt;br&gt;&lt;br&gt;13:00-13:45: Preop. planering. Snittf\u00f6ring h\u00f6ftprotes&lt;br&gt;&lt;small&gt;Lars Weidenhielm&lt;\/small&gt;&lt;br&gt;&lt;br\/&gt;13:45-14:00: Paus&lt;br&gt;&lt;br\/&gt;14:00-14:45: Cementerad h\u00f6ftprotes. Teknik och resultat&lt;br&gt;&lt;small&gt;Per Wretenberg&lt;\/small&gt;&lt;br&gt;&lt;br\/&gt;14:45-15:15: Kaffe&lt;br&gt;&lt;br\/&gt;15:15-17:00: Workshop - Cementerad h\u00f6ftprotes\"\n                data-category=\"L\u00e4kare\"\n                data-category-ids=\"47\"\n                data-span-all=\"\"\n              >\n\n              \n\n              <div class=\"vertical_bar\" style=\"background-color: #eb303a;\"><\/div>\n              <div class=\"box_inner\">\n                                <span>Kurs: Basal H\u00f6ftplastik<\/span>\n               <br>\n               <div class=\"lecturer\"><span>Lars Weidenhielm; Per Wretenberg<\/span><\/div>\n               <div class=\"room_div \">\n                 <i class=\"list-room\">Vingen 1+2<\/i>\n               <\/div>\n\n               <div class=\"name_time_div\">\n                <i class=\"list-time\" data-time=\"13:00\">13:00-17:00 - M\u00e5ndag 26 augusti<\/i>\n               <\/div>\n              <\/div>\n             <\/div>\n          <\/div>\n\n          \n          <div class=\"box-wrapper\"\n              data-id=\"1d7945fc-a0a1-4a5b-a474-9a98aa3aad9b\">\n\n              <div class='time-header' style='visibility: hidden;'>13:00<\/div>\n\n              <div class=\"box\"\n                data-id=\"1d7945fc-a0a1-4a5b-a474-9a98aa3aad9b\"\n                data-project=\"a44f2645-f465-4d20-9d12-e82cf6d97f2d\"\n                data-title=\"Epiphysens Styrelsem\u00f6te\"\n                data-time=\"13:00-17:00\"\n                data-room=\"Vingen 5\"\n                data-room-id=\"8d4e411f-268d-43e4-9387-73ed1ac7e80f\"\n                data-room-name=\"Vingen 5\"\n                data-day=\"0\"\n                data-abs-nbr=\"\"\n                data-abs-path=\"\"\n                data-speaker=\"\"\n                data-speakercell=\"\"\n                data-info=\"&lt;p&gt;Epiphysens Styrelsem&amp;ouml;te kl 13:00 - 17:00&lt;\/p&gt;&lt;br&gt;&lt;br&gt;\"\n                data-category=\"L\u00e4kare\"\n                data-category-ids=\"47\"\n                data-span-all=\"\"\n              >\n\n              \n\n              <div class=\"vertical_bar\" style=\"background-color: #eb303a;\"><\/div>\n              <div class=\"box_inner\">\n                                <span>Epiphysens Styrelsem\u00f6te<\/span>\n               <br>\n               \n               <div class=\"room_div \">\n                 <i class=\"list-room\">Vingen 5<\/i>\n               <\/div>\n\n               <div class=\"name_time_div\">\n                <i class=\"list-time\" data-time=\"13:00\">13:00-17:00 - M\u00e5ndag 26 augusti<\/i>\n               <\/div>\n              <\/div>\n             <\/div>\n          <\/div>\n\n          \n          <div class=\"box-wrapper\"\n              data-id=\"1a96d579-0509-43d8-b5d7-37a1c358d404\">\n\n              <div class='time-header' style='visibility: hidden;'>13:00<\/div>\n\n              <div class=\"box\"\n                data-id=\"1a96d579-0509-43d8-b5d7-37a1c358d404\"\n                data-project=\"a44f2645-f465-4d20-9d12-e82cf6d97f2d\"\n                data-title=\"Kurs: Patients\u00e4kerhet f\u00f6r ST-l\u00e4kare (del 1)\"\n                data-time=\"13:00-17:00\"\n                data-room=\"Vingen 8\"\n                data-room-id=\"8d4e3f20-50f4-4f2e-9fe7-20d3f379e9fc\"\n                data-room-name=\"Vingen 8\"\n                data-day=\"0\"\n                data-abs-nbr=\"\"\n                data-abs-path=\"\"\n                data-speaker=\"Per Wiger; Pelle Gustafson\"\n                data-speakercell=\"Per Wiger; Pelle Gustafson\"\n                data-info=\"&lt;b&gt;Moderator: &lt;\/b&gt;Pelle Gustafson&lt;br&gt;&lt;br&gt;&lt;p&gt;Svensk Ortopedisk F&amp;ouml;rening och L&amp;Ouml;F (Landstingens &amp;Ouml;msesidiga F&amp;ouml;rs&amp;auml;kringsbolag) anordnar en SK-kurs i patients&amp;auml;kerhet under Ortopediveckan i Norrk&amp;ouml;ping.&lt;br \/&gt;Under kursen kommer &amp;auml;mnet patients&amp;auml;kerhet att avhandlas brett i form av teori och diskussioner runt faktiska h&amp;auml;ndelser.&lt;\/p&gt;\n&lt;p&gt;ST-l&amp;auml;kare i Ortopedi har f&amp;ouml;retr&amp;auml;de men kursinneh&amp;aring;llet &amp;auml;r &amp;auml;ven av intresse f&amp;ouml;r ST-l&amp;auml;kare i andra specialiteter och andra professioner som arbetar med patients&amp;auml;kerhet.&lt;br \/&gt;&lt;br \/&gt;&lt;\/p&gt;\n&lt;p&gt;Kursansvarig: Pelle Gustafsson, chefl&amp;auml;kare, L&amp;ouml;f, Stockholm&lt;\/p&gt;\n&lt;p&gt;F&amp;ouml;rel&amp;auml;sare: Per Wiger, chefl&amp;auml;kare, VG-regionen, Allings&amp;aring;s&lt;br \/&gt;&lt;br \/&gt;Max antal deltagare: 16 st.&lt;\/p&gt;\n&lt;p&gt;Kursen uppfyller teoretiska delar av delm&amp;aring;l a3, a4 och c13 enligt SOSFS 2015:8 eller&lt;br \/&gt;teorietiska delar av delm&amp;aring;l 14, 15, 17 och 20 enligt de gamla f&amp;ouml;reskrifterna SOSFS 2008:17.&lt;\/p&gt;&lt;br&gt;&lt;br&gt;\"\n                data-category=\"L\u00e4kare\"\n                data-category-ids=\"47\"\n                data-span-all=\"\"\n              >\n\n              \n\n              <div class=\"vertical_bar\" style=\"background-color: #eb303a;\"><\/div>\n              <div class=\"box_inner\">\n                                <span>Kurs: Patients\u00e4kerhet f\u00f6r ST-l\u00e4kare (del 1)<\/span>\n               <br>\n               <div class=\"lecturer\"><span>Pelle Gustafson<\/span><\/div>\n               <div class=\"room_div \">\n                 <i class=\"list-room\">Vingen 8<\/i>\n               <\/div>\n\n               <div class=\"name_time_div\">\n                <i class=\"list-time\" data-time=\"13:00\">13:00-17:00 - M\u00e5ndag 26 augusti<\/i>\n               <\/div>\n              <\/div>\n             <\/div>\n          <\/div>\n\n          <div class='list_header' data-day='1' style='background-color: rgba(32, 132, 196, 0.83); color: rgba(255, 255, 255, 1);'>Tisdag 27 augusti<\/div>\n          <div class=\"box-wrapper\"\n              data-id=\"4b36e4f6-9c7d-4b92-8e1b-20f733b3c1d8\">\n\n              <div class='time-header'>08:00<\/div>\n\n              <div class=\"box\"\n                data-id=\"4b36e4f6-9c7d-4b92-8e1b-20f733b3c1d8\"\n                data-project=\"a44f2645-f465-4d20-9d12-e82cf6d97f2d\"\n                data-title=\"Kurs: ABC i Tum\u00f6rortopedi\"\n                data-time=\"08:00-12:00\"\n                data-room=\"Hemerycksalen\"\n                data-room-id=\"8d4e3eae-ee44-4f61-99bc-620941ba8aab\"\n                data-room-name=\"Hemerycksalen\"\n                data-day=\"1\"\n                data-abs-nbr=\"\"\n                data-abs-path=\"\"\n                data-speaker=\"\"\n                data-speakercell=\"\"\n                data-info=\"&lt;b&gt;Moderator: &lt;\/b&gt;Asle Hesla&lt;br&gt;&lt;br&gt;&lt;p&gt;Kurs: ABC i Tum&amp;ouml;rortopedi.&lt;\/p&gt;\n&lt;p&gt;En teoretisk grundkurs som avhandlar s&amp;aring;v&amp;auml;l benigna som maligna tum&amp;ouml;rer i mjukdelar och skelett. &amp;Auml;ven genomg&amp;aring;ng av hur metastaspatienter ska hanteras, vilka ska opereras?&lt;\/p&gt;\n&lt;div&gt;&amp;nbsp;&lt;\/div&gt;\n&lt;p&gt;Kursen uppfyller del av delm&amp;aring;l c10.&lt;\/p&gt;\n&lt;p&gt;F&amp;ouml;r godk&amp;auml;nd kurs skall man &amp;auml;ven delta i symposiet Tum&amp;ouml;rer i r&amp;ouml;relseapparaten onsdag 28\/8 kl 13-14.20.&lt;\/p&gt;\n&lt;p&gt;&amp;nbsp;&lt;\/p&gt;&lt;br&gt;&lt;br&gt;08:00-08:10: Introduktion&lt;br&gt;&lt;small&gt;Asle Hesla&lt;\/small&gt;&lt;br&gt;&lt;br\/&gt;08:10-08:30: Sarkom: definition, incidens, sjukdomspanorama och diagnostik&lt;br&gt;&lt;small&gt;Torsten Schepull&lt;\/small&gt;&lt;br&gt;&lt;br\/&gt;08:30-08:40: Rekommendationer enligt nationella v\u00e5rdprogrammet + Standardiserat v\u00e5rdf\u00f6rlopp&lt;br&gt;&lt;small&gt;Asle Hesla&lt;\/small&gt;&lt;br&gt;&lt;br\/&gt;08:40-09:20: Mjukdelstum\u00f6rer&lt;br&gt;&lt;small&gt;Panagiotis Tsagkozis&lt;\/small&gt;&lt;br&gt;&lt;br\/&gt;09:20-09:50: Fika&lt;br&gt;&lt;br\/&gt;09:50-10:30: Skelettum\u00f6rer&lt;br&gt;&lt;small&gt;Asle Hesla&lt;\/small&gt;&lt;br&gt;&lt;br\/&gt;10:30-11:10: Metastaser&lt;br&gt;&lt;small&gt;Panagiotis Tsagkozis&lt;\/small&gt;&lt;br&gt;&lt;br\/&gt;11:10-11:40: &quot;Oops lesions&quot;; Oplanerade sarkomoperationer&lt;br&gt;&lt;small&gt;Asle Hesla; Panagiotis Tsagkozis&lt;\/small&gt;&lt;br&gt;&lt;br\/&gt;11:40-12:00: Avslutande diskussion och fr\u00e5gor fr\u00e5n auditoriet\"\n                data-category=\"L\u00e4kare\"\n                data-category-ids=\"47\"\n                data-span-all=\"\"\n              >\n\n              \n\n              <div class=\"vertical_bar\" style=\"background-color: #eb303a;\"><\/div>\n              <div class=\"box_inner\">\n                                <span>Kurs: ABC i Tum\u00f6rortopedi<\/span>\n               <br>\n               <div class=\"lecturer\"><span>Asle Hesla<\/span><\/div>\n               <div class=\"room_div \">\n                 <i class=\"list-room\">Hemerycksalen<\/i>\n               <\/div>\n\n               <div class=\"name_time_div\">\n                <i class=\"list-time\" data-time=\"08:00\">08:00-12:00 - Tisdag 27 augusti<\/i>\n               <\/div>\n              <\/div>\n             <\/div>\n          <\/div>\n\n          \n          <div class=\"box-wrapper\"\n              data-id=\"139d22f4-4407-4713-9d18-1887bf4ee6b1\">\n\n              <div class='time-header' style='visibility: hidden;'>08:00<\/div>\n\n              <div class=\"box\"\n                data-id=\"139d22f4-4407-4713-9d18-1887bf4ee6b1\"\n                data-project=\"a44f2645-f465-4d20-9d12-e82cf6d97f2d\"\n                data-title=\"Kurs: Femur- och h\u00f6ft-frakturer hos barn\"\n                data-time=\"08:00-12:00\"\n                data-room=\"Vingen 1+2\"\n                data-room-id=\"8d4e3ee2-9a98-46e3-a16c-adc52ebf5d39\"\n                data-room-name=\"Vingen 1+2\"\n                data-day=\"1\"\n                data-abs-nbr=\"\"\n                data-abs-path=\"\"\n                data-speaker=\"\"\n                data-speakercell=\"\"\n                data-info=\"&lt;b&gt;Moderator: &lt;\/b&gt;Richard Marsell&lt;br&gt;&lt;br&gt;&lt;p&gt;En precourse i handl&amp;auml;ggning och operation av de olika typerna av femurfrakturer vi ser hos barn.&lt;\/p&gt;\n&lt;p&gt;Alltifr&amp;aring;n enkla diafys&amp;auml;ra frakturer med olika behandling beroende p&amp;aring; &amp;aring;lder, men &amp;auml;ven komplexa fall med fysengagemang eller patologisk anatomi s&amp;aring;som cystor.&lt;\/p&gt;\n&lt;p&gt;Inom ramen f&amp;ouml;r denna kurs kommer deltagarna att i Work Shop p&amp;aring; Saw Bones f&amp;aring; f&amp;ouml;revisat och &amp;ouml;va p&amp;aring; de tv&amp;aring; vanligaste kirurgiska teknikerna f&amp;ouml;r att behandla femurfrakturer hos barn. Vidare kommer f&amp;ouml;rel&amp;auml;sningarna att t&amp;auml;cka teoretisk kunskap om hela panoramat av femurfraktrurer som uppkommer hos barn 0-18 &amp;aring;r gamla.&lt;br \/&gt;&lt;br \/&gt;&lt;\/p&gt;\n&lt;p&gt;Kursen uppfyller del av delm&amp;aring;l c5.&lt;\/p&gt;\n&lt;p&gt;F&amp;ouml;r godk&amp;auml;nd kurs skall man &amp;auml;ven delta i symposiet Kluriga barnfrakturer fredag 30\/8 kl 10.15-11.45.&lt;\/p&gt;\n&lt;p&gt;&amp;nbsp;&lt;\/p&gt;\n&lt;p&gt;Kursansvarig: Richard Marsell&lt;\/p&gt;\n&lt;p&gt;&amp;nbsp;&lt;\/p&gt;\n&lt;div&gt;Kursen &amp;auml;r sponsrad.&lt;\/div&gt;&lt;br&gt;&lt;br&gt;08:00-08:10: Introduktion Femurfraktur hos barn&lt;br&gt;&lt;small&gt;Richard Marsell&lt;\/small&gt;&lt;br&gt;&lt;br\/&gt;08:10-08:30: H\u00f6ftfrakturer hos barn&lt;br&gt;&lt;small&gt;Richard Marsell&lt;\/small&gt;&lt;br&gt;&lt;br\/&gt;08:30-09:00: Distala femurfrakturer hos barn&lt;br&gt;&lt;small&gt;Richard Marsell&lt;\/small&gt;&lt;br&gt;&lt;br\/&gt;09:00-09:15: Kaffe&lt;br&gt;&lt;br\/&gt;09:15-09:40: Diafys\u00e4ra femurfrakturer hos sm\u00e5 barn&lt;br&gt;&lt;small&gt;Thomas Sch\u00f6nberg&lt;\/small&gt;&lt;br&gt;&lt;br\/&gt;09:40-10:00: Diafys\u00e4ra femurfrakturer hos \u00e4ldre barn\/ungdomar&lt;br&gt;&lt;small&gt;Thomas Sch\u00f6nberg&lt;\/small&gt;&lt;br&gt;&lt;br\/&gt;10:00-10:15: Kaffe&lt;br&gt;&lt;br\/&gt;10:15-11:00: Workshop 1 \u2013 TEN-fixation diafys\u00e4r femurfraktur&lt;br&gt;&lt;small&gt;Richard Marsell&lt;\/small&gt;&lt;br&gt;&lt;br\/&gt;11:00-11:45: Workshop 2 \u2013 Externfixation diafys\u00e4r femurfraktur&lt;br&gt;&lt;small&gt;Thomas Sch\u00f6nberg&lt;\/small&gt;&lt;br&gt;&lt;br\/&gt;11:45-12:00: Demo Adoloscent Lateral Femoral Nail (Expert ALFN)&lt;br&gt;&lt;small&gt;Richard Marsell&lt;\/small&gt;\"\n                data-category=\"L\u00e4kare\"\n                data-category-ids=\"47\"\n                data-span-all=\"\"\n              >\n\n              \n\n              <div class=\"vertical_bar\" style=\"background-color: #eb303a;\"><\/div>\n              <div class=\"box_inner\">\n                                <span>Kurs: Femur- och h\u00f6ft-frakturer hos barn<\/span>\n               <br>\n               <div class=\"lecturer\"><span>Richard Marsell<\/span><\/div>\n               <div class=\"room_div \">\n                 <i class=\"list-room\">Vingen 1+2<\/i>\n               <\/div>\n\n               <div class=\"name_time_div\">\n                <i class=\"list-time\" data-time=\"08:00\">08:00-12:00 - Tisdag 27 augusti<\/i>\n               <\/div>\n              <\/div>\n             <\/div>\n          <\/div>\n\n          \n          <div class=\"box-wrapper\"\n              data-id=\"d7c8a335-deb8-4a6e-883e-e32f737c61b3\">\n\n              <div class='time-header' style='visibility: hidden;'>08:00<\/div>\n\n              <div class=\"box\"\n                data-id=\"d7c8a335-deb8-4a6e-883e-e32f737c61b3\"\n                data-project=\"a44f2645-f465-4d20-9d12-e82cf6d97f2d\"\n                data-title=\"Kurs: Ledn\u00e4ra tibiafrakturer\"\n                data-time=\"08:00-12:00\"\n                data-room=\"Vingen 6+7\"\n                data-room-id=\"8d4e3f03-823f-4178-82f7-5d246c0bd647\"\n                data-room-name=\"Vingen 6+7\"\n                data-day=\"1\"\n                data-abs-nbr=\"\"\n                data-abs-path=\"\"\n                data-speaker=\"\"\n                data-speakercell=\"\"\n                data-info=\"&lt;b&gt;Moderatorer: &lt;\/b&gt;Anna Ekman; Olle Wolf&lt;br&gt;&lt;br&gt;&lt;p&gt;Ledn&amp;auml;ra tibiafrakturer: tibiakondyl &amp;amp; pilonfrakturer.&lt;br \/&gt;&lt;br \/&gt;Ofta utmanande frakturer som kr&amp;auml;ver god anatomisk kunskap och noggrann mjukdelshantering vad g&amp;auml;ller timing och den peroperativa hanteringen. Vi belyser frakturtyper, behandlingsstrategier och val av implantat. Efter en teoretisk genomg&amp;aring;ng kommer vi praktiskt att applicera v&amp;aring;r kunskap p&amp;aring; frakturmodeller.&lt;\/p&gt;\n&lt;p&gt;Kursledare: Anna Ekman, Olle Wolf&lt;\/p&gt;\n&lt;p&gt;&amp;nbsp;&lt;\/p&gt;\n&lt;p&gt;Kursen &amp;auml;r sponsrad.&lt;\/p&gt;&lt;br&gt;&lt;br&gt;08:00-08:25: Tibiakondylfrakturer: frakturtyper och behandlingsval&lt;br&gt;&lt;br\/&gt;08:25-08:45: Falldiskussion f\u00f6r att belysa behandlingstaktik&lt;br&gt;&lt;br\/&gt;08:45-09:45: Workshop Tibiakondylfraktur&lt;br&gt;&lt;br\/&gt;09:45-10:15: Fika&lt;br&gt;&lt;br\/&gt;10:15-10:35: Pilonfraktur: frakturtyper och behandlingsval. Kirurgisk plan innefattande tillg\u00e5ng, implantat &amp; timing&lt;br&gt;&lt;br\/&gt;10:35-10:55: Falldiskussion f\u00f6r att belysa behandlingstaktik&lt;br&gt;&lt;br\/&gt;10:55-11:55: Workshop Pilonfraktur&lt;br&gt;&lt;br\/&gt;11:55-12:00: Sammanfattning\"\n                data-category=\"L\u00e4kare\"\n                data-category-ids=\"47\"\n                data-span-all=\"\"\n              >\n\n              \n\n              <div class=\"vertical_bar\" style=\"background-color: #eb303a;\"><\/div>\n              <div class=\"box_inner\">\n                                <span>Kurs: Ledn\u00e4ra tibiafrakturer<\/span>\n               <br>\n               <div class=\"lecturer\"><span>Anna Ekman; Olle Wolf<\/span><\/div>\n               <div class=\"room_div \">\n                 <i class=\"list-room\">Vingen 6+7<\/i>\n               <\/div>\n\n               <div class=\"name_time_div\">\n                <i class=\"list-time\" data-time=\"08:00\">08:00-12:00 - Tisdag 27 augusti<\/i>\n               <\/div>\n              <\/div>\n             <\/div>\n          <\/div>\n\n          \n          <div class=\"box-wrapper\"\n              data-id=\"485603eb-501a-4baf-8f9e-4dbee024a6c2\">\n\n              <div class='time-header' style='visibility: hidden;'>08:00<\/div>\n\n              <div class=\"box\"\n                data-id=\"485603eb-501a-4baf-8f9e-4dbee024a6c2\"\n                data-project=\"a44f2645-f465-4d20-9d12-e82cf6d97f2d\"\n                data-title=\"Kurs: Patients\u00e4kerhet f\u00f6r ST-l\u00e4kare (del2)\"\n                data-time=\"08:00-12:00\"\n                data-room=\"Vingen 8\"\n                data-room-id=\"8d4e3f20-50f4-4f2e-9fe7-20d3f379e9fc\"\n                data-room-name=\"Vingen 8\"\n                data-day=\"1\"\n                data-abs-nbr=\"\"\n                data-abs-path=\"\"\n                data-speaker=\"Per Wiger\"\n                data-speakercell=\"Per Wiger\"\n                data-info=\"&lt;b&gt;Moderator: &lt;\/b&gt;Pelle Gustafson&lt;br&gt;&lt;br&gt;&lt;p&gt;Svensk Ortopedisk F&amp;ouml;rening och L&amp;Ouml;F (Landstingens &amp;Ouml;msesidiga F&amp;ouml;rs&amp;auml;kringsbolag) anordnar en SK-kurs i patients&amp;auml;kerhet under Ortopediveckan i Norrk&amp;ouml;ping.&lt;br \/&gt;Under kursen kommer &amp;auml;mnet patients&amp;auml;kerhet att avhandlas brett i form av teori och diskussioner runt faktiska h&amp;auml;ndelser.&lt;\/p&gt;\n&lt;p&gt;ST-l&amp;auml;kare i Ortopedi har f&amp;ouml;retr&amp;auml;de men kursinneh&amp;aring;llet &amp;auml;r &amp;auml;ven av intresse f&amp;ouml;r ST-l&amp;auml;kare i andra specialiteter och andra professioner som arbetar med patients&amp;auml;kerhet.&lt;br \/&gt;&lt;br \/&gt;&lt;\/p&gt;\n&lt;p&gt;Kursansvarig: Pelle Gustafsson, chefl&amp;auml;kare, L&amp;ouml;f, Stockholm&lt;\/p&gt;\n&lt;p&gt;F&amp;ouml;rel&amp;auml;sare: Per Wiger, chefl&amp;auml;kare, VG-regionen, Allings&amp;aring;s&lt;br \/&gt;&lt;br \/&gt;Max antal deltagare: 16 st.&lt;\/p&gt;\n&lt;p&gt;Kursen uppfyller teoretiska delar av delm&amp;aring;l a3, a4 och c13 enligt SOSFS 2015:8 eller&lt;br \/&gt;teorietiska delar av delm&amp;aring;l 14, 15, 17 och 20 enligt de gamla f&amp;ouml;reskrifterna SOSFS 2008:17.&lt;\/p&gt;&lt;br&gt;&lt;br&gt;\"\n                data-category=\"L\u00e4kare\"\n                data-category-ids=\"47\"\n                data-span-all=\"\"\n              >\n\n              \n\n              <div class=\"vertical_bar\" style=\"background-color: #eb303a;\"><\/div>\n              <div class=\"box_inner\">\n                                <span>Kurs: Patients\u00e4kerhet f\u00f6r ST-l\u00e4kare (del2)<\/span>\n               <br>\n               <div class=\"lecturer\"><span>Pelle Gustafson<\/span><\/div>\n               <div class=\"room_div \">\n                 <i class=\"list-room\">Vingen 8<\/i>\n               <\/div>\n\n               <div class=\"name_time_div\">\n                <i class=\"list-time\" data-time=\"08:00\">08:00-12:00 - Tisdag 27 augusti<\/i>\n               <\/div>\n              <\/div>\n             <\/div>\n          <\/div>\n\n          \n          <div class=\"box-wrapper\"\n              data-id=\"1fc0215a-cc07-4653-b05d-66a94cfb3750\">\n\n              <div class='time-header' style='visibility: hidden;'>08:00<\/div>\n\n              <div class=\"box\"\n                data-id=\"1fc0215a-cc07-4653-b05d-66a94cfb3750\"\n                data-project=\"a44f2645-f465-4d20-9d12-e82cf6d97f2d\"\n                data-title=\"Kurs: Avancerad Gipsteknik\"\n                data-time=\"08:00-12:00\"\n                data-room=\"Viran\"\n                data-room-id=\"8d4e4163-c852-4a2f-940e-a75ff94ee438\"\n                data-room-name=\"Viran\"\n                data-day=\"1\"\n                data-abs-nbr=\"\"\n                data-abs-path=\"\"\n                data-speaker=\"\"\n                data-speakercell=\"\"\n                data-info=\"&lt;b&gt;Moderatorer: &lt;\/b&gt;Per Flink; Magnus Andersson; Paul Ipsen&lt;br&gt;&lt;br&gt;&lt;p&gt;Teorif&amp;ouml;rel&amp;auml;sning om hur vi kan anv&amp;auml;nda oss av avancerad gipsteknik inom ortopedin och handkirurgin samt vad man kan t&amp;auml;nka p&amp;aring; vid gipsordination.&lt;\/p&gt;\n&lt;p&gt;D&amp;auml;refter workshop med applicering av bl.a. Avlastande gips vid diabetesfots&amp;aring;r (TCC ), Combicastortoser, Geishashoe samt olika hand- fingerskenor.&lt;\/p&gt;&lt;br&gt;&lt;br&gt;\"\n                data-category=\"L\u00e4kare,Sjuksk\u00f6terska,Undersk\u00f6terska,Gipstekniker\"\n                data-category-ids=\"47,48,50,51\"\n                data-span-all=\"\"\n              >\n\n              \n\n              <div class=\"vertical_bar\" style=\"background-color: #eb303a;\"><\/div>\n              <div class=\"box_inner\">\n                                <span>Kurs: Avancerad Gipsteknik<\/span>\n               <br>\n               <div class=\"lecturer\"><span>Per Flink; Magnus Andersson; Paul Ipsen<\/span><\/div>\n               <div class=\"room_div \">\n                 <i class=\"list-room\">Viran<\/i>\n               <\/div>\n\n               <div class=\"name_time_div\">\n                <i class=\"list-time\" data-time=\"08:00\">08:00-12:00 - Tisdag 27 augusti<\/i>\n               <\/div>\n              <\/div>\n             <\/div>\n          <\/div>\n\n          \n          <div class=\"box-wrapper\"\n              data-id=\"fecb81fc-0241-47ef-9e61-1ae458cacf4a\">\n\n              <div class='time-header'>09:00<\/div>\n\n              <div class=\"box\"\n                data-id=\"fecb81fc-0241-47ef-9e61-1ae458cacf4a\"\n                data-project=\"a44f2645-f465-4d20-9d12-e82cf6d97f2d\"\n                data-title=\"Ostrix - Studierektorsm\u00f6te\"\n                data-time=\"09:00-10:30\"\n                data-room=\"Vingen 3\"\n                data-room-id=\"8d4e4533-59fd-4c71-be23-0a243a3ae7cd\"\n                data-room-name=\"Vingen 3\"\n                data-day=\"1\"\n                data-abs-nbr=\"\"\n                data-abs-path=\"\"\n                data-speaker=\"\"\n                data-speakercell=\"\"\n                data-info=\"\"\n                data-category=\"\"\n                data-category-ids=\"\"\n                data-span-all=\"\"\n              >\n\n              \n\n              <div class=\"vertical_bar\" style=\"background-color: rgba(255, 255, 255, 0);\"><\/div>\n              <div class=\"box_inner\">\n                                <span>Ostrix - Studierektorsm\u00f6te<\/span>\n               <br>\n               \n               <div class=\"room_div \">\n                 <i class=\"list-room\">Vingen 3<\/i>\n               <\/div>\n\n               <div class=\"name_time_div\">\n                <i class=\"list-time\" data-time=\"09:00\">09:00-10:30 - Tisdag 27 augusti<\/i>\n               <\/div>\n              <\/div>\n             <\/div>\n          <\/div>\n\n          \n          <div class=\"box-wrapper\"\n              data-id=\"0082d61d-120e-4fca-b408-6e6a5cdda0c1\">\n\n              <div class='time-header' style='visibility: hidden;'>09:00<\/div>\n\n              <div class=\"box\"\n                data-id=\"0082d61d-120e-4fca-b408-6e6a5cdda0c1\"\n                data-project=\"a44f2645-f465-4d20-9d12-e82cf6d97f2d\"\n                data-title=\"Professor\/Verksamhetschefsm\u00f6te\"\n                data-time=\"09:00-10:30\"\n                data-room=\"Vingen 4\"\n                data-room-id=\"8d4e4540-65b3-4e56-b722-11373e7026d1\"\n                data-room-name=\"Vingen 4\"\n                data-day=\"1\"\n                data-abs-nbr=\"\"\n                data-abs-path=\"\"\n                data-speaker=\"\"\n                data-speakercell=\"\"\n                data-info=\"\"\n                data-category=\"\"\n                data-category-ids=\"\"\n                data-span-all=\"\"\n              >\n\n              \n\n              <div class=\"vertical_bar\" style=\"background-color: rgba(255, 255, 255, 0);\"><\/div>\n              <div class=\"box_inner\">\n                                <span>Professor\/Verksamhetschefsm\u00f6te<\/span>\n               <br>\n               \n               <div class=\"room_div \">\n                 <i class=\"list-room\">Vingen 4<\/i>\n               <\/div>\n\n               <div class=\"name_time_div\">\n                <i class=\"list-time\" data-time=\"09:00\">09:00-10:30 - Tisdag 27 augusti<\/i>\n               <\/div>\n              <\/div>\n             <\/div>\n          <\/div>\n\n          \n          <div class=\"box-wrapper\"\n              data-id=\"c10004ee-bba2-4885-a68d-49800510405d\">\n\n              <div class='time-header'>11:00<\/div>\n\n              <div class=\"box\"\n                data-id=\"c10004ee-bba2-4885-a68d-49800510405d\"\n                data-project=\"a44f2645-f465-4d20-9d12-e82cf6d97f2d\"\n                data-title=\"Gemensamt m\u00f6te VC\/Studierektorer\"\n                data-time=\"11:00-11:45\"\n                data-room=\"Vingen 3+4\"\n                data-room-id=\"8d4e3eca-bf06-4071-a254-2a1e33b1a8fd\"\n                data-room-name=\"Vingen 3+4\"\n                data-day=\"1\"\n                data-abs-nbr=\"\"\n                data-abs-path=\"\"\n                data-speaker=\"\"\n                data-speakercell=\"\"\n                data-info=\"&lt;table&gt;\n&lt;tbody&gt;\n&lt;tr&gt;\n&lt;td&gt;\n&lt;p&gt;Gemensamt m&amp;ouml;te VC\/Studierektorer, kl 11 - 11:45&lt;\/p&gt;\n&lt;p&gt;De tv&amp;aring; tidigare f&amp;ouml;reg&amp;aring;ende m&amp;ouml;tena forts&amp;auml;tter nu gemensamt i sammanslagen lokal.&lt;\/p&gt;\n&lt;\/td&gt;\n&lt;\/tr&gt;\n&lt;\/tbody&gt;\n&lt;\/table&gt;&lt;br&gt;&lt;br&gt;\"\n                data-category=\"L\u00e4kare\"\n                data-category-ids=\"47\"\n                data-span-all=\"\"\n              >\n\n              \n\n              <div class=\"vertical_bar\" style=\"background-color: #eb303a;\"><\/div>\n              <div class=\"box_inner\">\n                                <span>Gemensamt m\u00f6te VC\/Studierektorer<\/span>\n               <br>\n               \n               <div class=\"room_div \">\n                 <i class=\"list-room\">Vingen 3+4<\/i>\n               <\/div>\n\n               <div class=\"name_time_div\">\n                <i class=\"list-time\" data-time=\"11:00\">11:00-11:45 - Tisdag 27 augusti<\/i>\n               <\/div>\n              <\/div>\n             <\/div>\n          <\/div>\n\n          \n          <div class=\"box-wrapper\"\n              data-id=\"468ddc4b-4391-4313-ab8f-f8120fbdaad1\">\n\n              <div class='time-header'>13:00<\/div>\n\n              <div class=\"box\"\n                data-id=\"468ddc4b-4391-4313-ab8f-f8120fbdaad1\"\n                data-project=\"a44f2645-f465-4d20-9d12-e82cf6d97f2d\"\n                data-title=\"Invigning\"\n                data-time=\"13:00-13:20\"\n                data-room=\"De Geerhallen\"\n                data-room-id=\"8d4e3dd9-ce4c-4323-b414-2740c00d9454\"\n                data-room-name=\"De Geerhallen\"\n                data-day=\"1\"\n                data-abs-nbr=\"\"\n                data-abs-path=\"\"\n                data-speaker=\"\"\n                data-speakercell=\"\"\n                data-info=\"&lt;p&gt;Officiell invigning av Ortopediveckan 2019 i De Geer-hallen&lt;\/p&gt;&lt;br&gt;&lt;br&gt;\"\n                data-category=\"Arbetsterapeut,Gipstekniker,L\u00e4kare,Operationssk\u00f6terska,Sjuksk\u00f6terska,Undersk\u00f6terska,V\u00e5rdadministrat\u00f6r,Fysioterapeut\"\n                data-category-ids=\"53,51,47,49,48,50,52,54\"\n                data-span-all=\"1\"\n              >\n\n              \n\n              <div class=\"vertical_bar\" style=\"background-color: #4354b1;\"><\/div>\n              <div class=\"box_inner\">\n                                <span>Invigning<\/span>\n               <br>\n               \n               <div class=\"room_div \">\n                 <i class=\"list-room\">De Geerhallen<\/i>\n               <\/div>\n\n               <div class=\"name_time_div\">\n                <i class=\"list-time\" data-time=\"13:00\">13:00-13:20 - Tisdag 27 augusti<\/i>\n               <\/div>\n              <\/div>\n             <\/div>\n          <\/div>\n\n          \n          <div class=\"box-wrapper\"\n              data-id=\"03ca54c4-9395-41e4-961f-ea0350a7e789\">\n\n              <div class='time-header'>13:40<\/div>\n\n              <div class=\"box\"\n                data-id=\"03ca54c4-9395-41e4-961f-ea0350a7e789\"\n                data-project=\"a44f2645-f465-4d20-9d12-e82cf6d97f2d\"\n                data-title=\"Missn\u00f6jda patienter\"\n                data-time=\"13:40-15:00\"\n                data-room=\"De Geerhallen\"\n                data-room-id=\"8d4e3dd9-ce4c-4323-b414-2740c00d9454\"\n                data-room-name=\"De Geerhallen\"\n                data-day=\"1\"\n                data-abs-nbr=\"\"\n                data-abs-path=\"\"\n                data-speaker=\"Leo Whiteside; Sara Gadestam; Aamir Mahdi\"\n                data-speakercell=\"Leo Whiteside; Sara Gadestam; Aamir Mahdi\"\n                data-info=\"&lt;b&gt;Moderator: &lt;\/b&gt;Kjell Gunnar Nilsson&lt;br&gt;&lt;br&gt;&lt;table&gt;\n&lt;tbody&gt;\n&lt;tr&gt;\n&lt;td&gt;\n&lt;p&gt;Missn&amp;ouml;jda patienter...&lt;br \/&gt;&lt;br \/&gt;...vill ingen ha. Vi l&amp;auml;gger f&amp;ouml;rhoppningsvis mycket arbete p&amp;aring; att f&amp;ouml;rbereda, informera och v&amp;auml;lja v&amp;aring;ra patienter innan vi l&amp;aring;ter dem genomg&amp;aring; proteskirurgi.&lt;\/p&gt;\n&lt;p&gt;&amp;Auml;nd&amp;aring; finns en andel patienter som inte &amp;auml;r n&amp;ouml;jda efter att ha f&amp;aring;tt sin protes, upp mot 10% av h&amp;ouml;ftprotespatienterna och s&amp;aring; mycket som 20% av kn&amp;auml;protesopererade anger att de inte &amp;auml;r n&amp;ouml;jda!&lt;br \/&gt;Vad beror det p&amp;aring;? Givetvis finns m&amp;aring;nga faktorer som p&amp;aring;verkar resultatet, dels komplikationer efter operation, dels om man blivit struken\/omplanerad eller upplevt att man inte blivit v&amp;auml;l bem&amp;ouml;tt. &amp;Auml;ven f&amp;ouml;rv&amp;auml;ntningar spelar mycket stor roll, och h&amp;auml;r har vi en del att arbeta med&amp;nbsp; b&amp;aring;de avseende patienturval, operationsmetod och information.&lt;\/p&gt;\n&lt;p&gt;Symposiet om missn&amp;ouml;jda patienter som modereras av Professor Kjell-Gunnar Nilsson och d&amp;auml;r bland annat Leo Whiteside deltar kan kanske ge oss verktygen vi beh&amp;ouml;ver f&amp;ouml;r att b&amp;auml;ttre kunna v&amp;auml;lja och kommunicera med v&amp;aring;ra patienter!&lt;br \/&gt;&lt;br \/&gt;Symposiet h&amp;aring;lls p&amp;aring; engelska.&lt;\/p&gt;\n&lt;table&gt;\n&lt;tbody&gt;\n&lt;tr&gt;\n&lt;td&gt;\n&lt;p&gt;Symposiet &amp;auml;r en obligatorisk del av kursen &quot;Basal h&amp;ouml;ftplastik.&quot;&amp;nbsp;&lt;\/p&gt;\n&lt;\/td&gt;\n&lt;\/tr&gt;\n&lt;\/tbody&gt;\n&lt;\/table&gt;\n&lt;p&gt;&amp;nbsp;&lt;\/p&gt;\n&lt;\/td&gt;\n&lt;\/tr&gt;\n&lt;\/tbody&gt;\n&lt;\/table&gt;&lt;br&gt;&lt;br&gt;\"\n                data-category=\"L\u00e4kare\"\n                data-category-ids=\"47\"\n                data-span-all=\"\"\n              >\n\n              \n\n              <div class=\"vertical_bar\" style=\"background-color: #eb303a;\"><\/div>\n              <div class=\"box_inner\">\n                                <span>Missn\u00f6jda patienter<\/span>\n               <br>\n               <div class=\"lecturer\"><span>Kjell Gunnar Nilsson<\/span><\/div>\n               <div class=\"room_div \">\n                 <i class=\"list-room\">De Geerhallen<\/i>\n               <\/div>\n\n               <div class=\"name_time_div\">\n                <i class=\"list-time\" data-time=\"13:40\">13:40-15:00 - Tisdag 27 augusti<\/i>\n               <\/div>\n              <\/div>\n             <\/div>\n          <\/div>\n\n          \n          <div class=\"box-wrapper\"\n              data-id=\"e57465f3-4039-43a7-bde8-38c7817f7e31\">\n\n              <div class='time-header' style='visibility: hidden;'>13:40<\/div>\n\n              <div class=\"box\"\n                data-id=\"e57465f3-4039-43a7-bde8-38c7817f7e31\"\n                data-project=\"a44f2645-f465-4d20-9d12-e82cf6d97f2d\"\n                data-title=\"Ligamentskador i handleden\"\n                data-time=\"13:40-15:00\"\n                data-room=\"Flygeln\"\n                data-room-id=\"8d4e3e47-b348-40db-af90-fc05f2c56604\"\n                data-room-name=\"Flygeln\"\n                data-day=\"1\"\n                data-abs-nbr=\"\"\n                data-abs-path=\"\"\n                data-speaker=\"\"\n                data-speakercell=\"\"\n                data-info=\"&lt;b&gt;Moderator: &lt;\/b&gt;Simon Farnebo&lt;br&gt;&lt;br&gt;&lt;table&gt;\n&lt;tbody&gt;\n&lt;tr&gt;\n&lt;td&gt;\n&lt;p&gt;Handledsdistorsion &amp;auml;r en mycket vanlig s&amp;ouml;korsak p&amp;aring; akutmottagningen.&amp;nbsp;&lt;br \/&gt;D&amp;aring; fraktur &amp;auml;r utesluten sl&amp;auml;pps ofta patienterna utan vidare kontroller trots att en betydande del av dem har behandlingskr&amp;auml;vande ligamentskador. De som f&amp;aring;r kvarst&amp;aring;ende besv&amp;auml;r pga. ligamentskador diagnostiseras ofta f&amp;ouml;r sent f&amp;ouml;r att skadan ska kunna behandlas prim&amp;auml;rt. Detta &amp;auml;r problematiskt d&amp;aring; ledbandet inte alltid kan rekonstrueras, utan den &amp;aring;tg&amp;auml;rd som kvarst&amp;aring;r innb&amp;auml;r salvage procedure med artrodes eller artroplastik.&lt;\/p&gt;\n&lt;p&gt;Medvetenheten om ligamentskador i handleden, bakomliggande anatomi och biomekanik, unders&amp;ouml;kningsteknik, diagnostik och behandlingsalternativ, b&amp;ouml;r &amp;ouml;ka bland ortopeder som tj&amp;auml;nstg&amp;ouml;r p&amp;aring; akut- och ortopedmottagningar och det p&amp;aring;g&amp;aring;r ett arbete med att ta fram nationella riktlinjer f&amp;ouml;r utredning och behandling av ligamentskador i handleden. Symposiet syftar till, att utifr&amp;aring;n ovan n&amp;auml;mnda aspekter, belysa den komplexa problematiken kring dessa skador samt att kartl&amp;auml;gga niv&amp;aring;strukturen f&amp;ouml;r diagnostik och behandling.&lt;\/p&gt;\n&lt;p&gt;&amp;nbsp;&lt;\/p&gt;\n&lt;\/td&gt;\n&lt;\/tr&gt;\n&lt;\/tbody&gt;\n&lt;\/table&gt;&lt;br&gt;&lt;br&gt;13:40-13:55: Anatomi, basal biomekanik i handleden&lt;br&gt;&lt;small&gt;Simon Farnebo&lt;\/small&gt;&lt;br&gt;&lt;br\/&gt;13:55-14:10: Artroskopisk diagnostik och behandling&lt;br&gt;&lt;small&gt;Anders Wallmon&lt;\/small&gt;&lt;br&gt;&lt;br\/&gt;14:10-14:25: Ledbansdsrekonstruktion artroskopiskt och \u00f6ppet&lt;br&gt;&lt;small&gt;Jonny Andersson&lt;\/small&gt;&lt;br&gt;&lt;br\/&gt;14:25-14:40: Artroplastik som salvage procedure&lt;br&gt;&lt;small&gt;Peter Axelsson&lt;\/small&gt;&lt;br&gt;&lt;br\/&gt;14:40-15:00: Avslutning, diskussion och fr\u00e5gor\"\n                data-category=\"L\u00e4kare\"\n                data-category-ids=\"47\"\n                data-span-all=\"\"\n              >\n\n              \n\n              <div class=\"vertical_bar\" style=\"background-color: #eb303a;\"><\/div>\n              <div class=\"box_inner\">\n                                <span>Ligamentskador i handleden<\/span>\n               <br>\n               <div class=\"lecturer\"><span>Simon Farnebo<\/span><\/div>\n               <div class=\"room_div \">\n                 <i class=\"list-room\">Flygeln<\/i>\n               <\/div>\n\n               <div class=\"name_time_div\">\n                <i class=\"list-time\" data-time=\"13:40\">13:40-15:00 - Tisdag 27 augusti<\/i>\n               <\/div>\n              <\/div>\n             <\/div>\n          <\/div>\n\n          \n          <div class=\"box-wrapper\"\n              data-id=\"081c6e7f-a453-4288-8f65-6df80cb8327c\">\n\n              <div class='time-header' style='visibility: hidden;'>13:40<\/div>\n\n              <div class=\"box\"\n                data-id=\"081c6e7f-a453-4288-8f65-6df80cb8327c\"\n                data-project=\"a44f2645-f465-4d20-9d12-e82cf6d97f2d\"\n                data-title=\"Svenska Fots\u00e4llskapet - Artros, protes, artrodes\"\n                data-time=\"13:40-15:00\"\n                data-room=\"Hemerycksalen\"\n                data-room-id=\"8d4e3eae-ee44-4f61-99bc-620941ba8aab\"\n                data-room-name=\"Hemerycksalen\"\n                data-day=\"1\"\n                data-abs-nbr=\"\"\n                data-abs-path=\"\"\n                data-speaker=\"Anders Henricson; Hans Rahme; Johan Fintland; \u00c5se Hautau; Ilka Kamrad\"\n                data-speakercell=\"Anders Henricson; Hans Rahme; Johan Fintland; \u00c5se Hautau; Ilka Kamrad\"\n                data-info=\"&lt;b&gt;Moderator: &lt;\/b&gt;Bengt Erik Larsson&lt;br&gt;&lt;br&gt;&lt;table&gt;\n&lt;tbody&gt;\n&lt;tr&gt;\n&lt;td&gt;\n&lt;table&gt;\n&lt;tbody&gt;\n&lt;tr&gt;\n&lt;td&gt;\n&lt;p&gt;Fotledsartros &amp;auml;r ett tillst&amp;aring;nd som ger de drabbade individerna en sm&amp;auml;rtproblematik och funktionsneds&amp;auml;ttning med en klart s&amp;auml;nkt livskvalit&amp;eacute; som &amp;auml;r fullt j&amp;auml;mf&amp;ouml;rbar med de vanligare, och inom ortopedin h&amp;ouml;gt prioriterade patienterna med h&amp;ouml;ft- och kn&amp;auml;ledsartros.&lt;\/p&gt;\n&lt;p&gt;N&amp;aring;gon s&amp;auml;ker prevalens av fotledsartros finns ej men vi vet via Det nationella Fotledsregistret, &amp;rdquo;Swedankle&amp;rdquo; att det idag g&amp;ouml;rs drygt 300 fotledsartrodeser, ca 70 fotledsproteser samt n&amp;aring;gra enstaka supramalleol&amp;auml;ra osteotomier per &amp;aring;r (2107).&lt;\/p&gt;\n&lt;p&gt;Det r&amp;ouml;r sig s&amp;aring;ledes nationellt om en relativt sett liten patientgrupp, men m&amp;ouml;jligen &amp;auml;r gruppen som skulle vara betj&amp;auml;nt av en operativ &amp;aring;tg&amp;auml;rd st&amp;ouml;rre, om kunskap om de operativa m&amp;ouml;jligheter som finns vore mer k&amp;auml;nda?&lt;\/p&gt;\n&lt;p&gt;Vi vill med detta symposium ge en dagsaktuell bild av behandling av fotledsartros. Vad har vi f&amp;ouml;r icke operativa &amp;aring;tg&amp;auml;rder att erbjuda? Vilka patienter kan det vara aktuellt att erbjuda operation? Vad och hur skall man g&amp;ouml;ra &amp;ndash; och var? &amp;Auml;r fotledsprotes idag ett s&amp;aring; bra alternativ att artrodes inte l&amp;auml;ngre b&amp;ouml;r ses som ett &amp;rdquo;golden standard&amp;rdquo; ingrepp vid fotledsatros?&amp;nbsp;&lt;\/p&gt;\n&lt;\/td&gt;\n&lt;\/tr&gt;\n&lt;\/tbody&gt;\n&lt;\/table&gt;\n&lt;\/td&gt;\n&lt;\/tr&gt;\n&lt;\/tbody&gt;\n&lt;\/table&gt;&lt;br&gt;&lt;br&gt;\"\n                data-category=\"L\u00e4kare\"\n                data-category-ids=\"47\"\n                data-span-all=\"\"\n              >\n\n              \n\n              <div class=\"vertical_bar\" style=\"background-color: #eb303a;\"><\/div>\n              <div class=\"box_inner\">\n                                <span>Svenska Fots\u00e4llskapet - Artros, protes, artrodes<\/span>\n               <br>\n               <div class=\"lecturer\"><span>Bengt Erik Larsson<\/span><\/div>\n               <div class=\"room_div \">\n                 <i class=\"list-room\">Hemerycksalen<\/i>\n               <\/div>\n\n               <div class=\"name_time_div\">\n                <i class=\"list-time\" data-time=\"13:40\">13:40-15:00 - Tisdag 27 augusti<\/i>\n               <\/div>\n              <\/div>\n             <\/div>\n          <\/div>\n\n          \n          <div class=\"box-wrapper\"\n              data-id=\"149cbd8f-8376-46ad-a97f-54c584c8e1d9\">\n\n              <div class='time-header' style='visibility: hidden;'>13:40<\/div>\n\n              <div class=\"box\"\n                data-id=\"149cbd8f-8376-46ad-a97f-54c584c8e1d9\"\n                data-project=\"a44f2645-f465-4d20-9d12-e82cf6d97f2d\"\n                data-title=\"Hudf\u00f6rberedelser- hur \u00e4r det med evidensen?\"\n                data-time=\"13:40-14:10\"\n                data-room=\"Vingen 3+4\"\n                data-room-id=\"8d4e3eca-bf06-4071-a254-2a1e33b1a8fd\"\n                data-room-name=\"Vingen 3+4\"\n                data-day=\"1\"\n                data-abs-nbr=\"\"\n                data-abs-path=\"\"\n                data-speaker=\"Ida Markstr\u00f6m\"\n                data-speakercell=\"Ida Markstr\u00f6m\"\n                data-info=\"&lt;b&gt;Moderatorer: &lt;\/b&gt;Elinor Nielsen; Gerd \u00d6stling&lt;br&gt;&lt;br&gt;&lt;p&gt;Risken att drabbas av postoperativ s&amp;aring;rinfektion &amp;auml;r beroende av en m&amp;auml;ngd faktorer relaterade till patienten, operationsteamet , operationsteknik och den omkringliggande milj&amp;ouml;n. Att f&amp;ouml;rebygga postoperativa s&amp;aring;rinfektioner &amp;auml;r komplext och kr&amp;auml;ver team approach, d&amp;auml;r hudf&amp;ouml;rberedelser &amp;auml;r en del i det preventiva arbetet. F&amp;ouml;rel&amp;auml;sningen utg&amp;aring;r fr&amp;aring;n en nationell enk&amp;auml;tstudie och en fokusgruppstudie med operationssjuksk&amp;ouml;terskor. Ni kommer att f&amp;aring; ta del av vilka hudf&amp;ouml;rberedelser som utf&amp;ouml;rs p&amp;aring; svenska operationsavdelningar med ortopedisk kirurgi. Vad &amp;auml;r det som p&amp;aring;verkar arbetet och resultatet av utf&amp;ouml;rda hudf&amp;ouml;rberedelser? Hur g&amp;ouml;r vi och varf&amp;ouml;r g&amp;ouml;r vi som vi g&amp;ouml;r och f&amp;ouml;ljer vi rekommendationer och evidens?&amp;nbsp;&lt;\/p&gt;&lt;br&gt;&lt;br&gt;\"\n                data-category=\"Sjuksk\u00f6terska,Operationssk\u00f6terska,Undersk\u00f6terska\"\n                data-category-ids=\"48,49,50\"\n                data-span-all=\"\"\n              >\n\n              \n\n              <div class=\"vertical_bar\" style=\"background-color: #36acf1;\"><\/div>\n              <div class=\"box_inner\">\n                                <span>Hudf\u00f6rberedelser- hur \u00e4r det med evidensen?<\/span>\n               <br>\n               <div class=\"lecturer\"><span>Elinor Nielsen; Gerd \u00d6stling<\/span><\/div>\n               <div class=\"room_div \">\n                 <i class=\"list-room\">Vingen 3+4<\/i>\n               <\/div>\n\n               <div class=\"name_time_div\">\n                <i class=\"list-time\" data-time=\"13:40\">13:40-14:10 - Tisdag 27 augusti<\/i>\n               <\/div>\n              <\/div>\n             <\/div>\n          <\/div>\n\n          \n          <div class=\"box-wrapper\"\n              data-id=\"03835187-0777-4544-9bbc-9cc49d99c614\">\n\n              <div class='time-header' style='visibility: hidden;'>13:40<\/div>\n\n              <div class=\"box\"\n                data-id=\"03835187-0777-4544-9bbc-9cc49d99c614\"\n                data-project=\"a44f2645-f465-4d20-9d12-e82cf6d97f2d\"\n                data-title=\"S\u00e4krare v\u00e5rd genom patientmedverkan - Christina Schildmeijer\"\n                data-time=\"13:40-14:40\"\n                data-room=\"Vingen 6+7\"\n                data-room-id=\"8d4e3f03-823f-4178-82f7-5d246c0bd647\"\n                data-room-name=\"Vingen 6+7\"\n                data-day=\"1\"\n                data-abs-nbr=\"\"\n                data-abs-path=\"\"\n                data-speaker=\"Kristina Schildmeijer\"\n                data-speakercell=\"Kristina Schildmeijer\"\n                data-info=\"&lt;b&gt;Moderator: &lt;\/b&gt;Elinor Andersson&lt;br&gt;&lt;br&gt;&lt;table&gt;\n&lt;tbody&gt;\n&lt;tr&gt;\n&lt;td&gt;\n&lt;table&gt;\n&lt;tbody&gt;\n&lt;tr&gt;\n&lt;td&gt;\n&lt;p&gt;F&amp;ouml;rel&amp;auml;sningen kommer att handla om patienters och v&amp;aring;rdpersonals syn p&amp;aring; patientmedverkan.&amp;nbsp;&amp;nbsp;&lt;br \/&gt;Kan den &amp;ouml;ka patients&amp;auml;kerheten? Vad p&amp;aring;verkar patientmedverkan? Vilka &amp;aring;tg&amp;auml;rder kan underl&amp;auml;tta patienternas medverkan i sin v&amp;aring;rd?&lt;\/p&gt;\n&lt;p&gt;Kristina har tidigare arbetat som sjuksk&amp;ouml;terska p&amp;aring; bland annat en ortopedklinik. Hennes forskningsomr&amp;aring;de &amp;auml;r patients&amp;auml;kerhet och hon ing&amp;aring;r &amp;auml;ven i olika forskarteam d&amp;auml;r patientmedverkan, v&amp;aring;rddirektiv och e-h&amp;auml;lsost&amp;ouml;d till patienter studeras.&amp;nbsp;&lt;\/p&gt;\n&lt;\/td&gt;\n&lt;\/tr&gt;\n&lt;\/tbody&gt;\n&lt;\/table&gt;\n&lt;\/td&gt;\n&lt;\/tr&gt;\n&lt;\/tbody&gt;\n&lt;\/table&gt;&lt;br&gt;&lt;br&gt;\"\n                data-category=\"Sjuksk\u00f6terska,Undersk\u00f6terska\"\n                data-category-ids=\"48,50\"\n                data-span-all=\"\"\n              >\n\n              \n\n              <div class=\"vertical_bar\" style=\"background-color: #36acf1;\"><\/div>\n              <div class=\"box_inner\">\n                                <span>S\u00e4krare v\u00e5rd genom patientmedverkan - Christina Schildmeijer<\/span>\n               <br>\n               <div class=\"lecturer\"><span>Elinor Andersson<\/span><\/div>\n               <div class=\"room_div \">\n                 <i class=\"list-room\">Vingen 6+7<\/i>\n               <\/div>\n\n               <div class=\"name_time_div\">\n                <i class=\"list-time\" data-time=\"13:40\">13:40-14:40 - Tisdag 27 augusti<\/i>\n               <\/div>\n              <\/div>\n             <\/div>\n          <\/div>\n\n          \n          <div class=\"box-wrapper\"\n              data-id=\"ca3a6220-efba-4dd3-9ecc-367291cb48bf\">\n\n              <div class='time-header' style='visibility: hidden;'>13:40<\/div>\n\n              <div class=\"box\"\n                data-id=\"ca3a6220-efba-4dd3-9ecc-367291cb48bf\"\n                data-project=\"a44f2645-f465-4d20-9d12-e82cf6d97f2d\"\n                data-title=\"Fria f\u00f6redrag I\"\n                data-time=\"13:40-14:40\"\n                data-room=\"Vingen 8\"\n                data-room-id=\"8d4e3f20-50f4-4f2e-9fe7-20d3f379e9fc\"\n                data-room-name=\"Vingen 8\"\n                data-day=\"1\"\n                data-abs-nbr=\"\"\n                data-abs-path=\"\"\n                data-speaker=\"\"\n                data-speakercell=\"\"\n                data-info=\"&lt;b&gt;Moderator: &lt;\/b&gt;Markus Wald\u00e9n&lt;br&gt;&lt;br&gt;13:40-13:52: Also Lumbar Back Pain Improves after Surgery of a Herniated Lumbar Disc&lt;br&gt;&lt;small&gt;Niyaz Hareni&lt;\/small&gt;&lt;br&gt;&lt;small&gt;&lt;a href='https:\/\/aic-atlas.s3.eu-north-1.amazonaws.com\/projects\/a44f2645-f465-4d20-9d12-e82cf6d97f2d\/documents\/Bor6rMZGvd4giV0z83yryPz0JnZ3jLuGyBOXTiwZ.html' target='_blank'&gt;Show abstract&lt;\/a&gt;&lt;\/small&gt;&lt;br&gt;&lt;br\/&gt;13:52-14:04: Axial loading during MRI reveal insufficient effect of percutaneous interspinous implants on spinal canal area&lt;br&gt;&lt;small&gt;Adad Baranto&lt;\/small&gt;&lt;br&gt;&lt;small&gt;&lt;a href='https:\/\/aic-atlas.s3.eu-north-1.amazonaws.com\/projects\/a44f2645-f465-4d20-9d12-e82cf6d97f2d\/documents\/dv8oIJyxC3zQcZxPjYP2JMhuGYq3KtKvICae9WjQ.html' target='_blank'&gt;Show abstract&lt;\/a&gt;&lt;\/small&gt;&lt;br&gt;&lt;br\/&gt;14:04-14:16: Lumbar Disc Herniation Surgery in the Old Patient&lt;br&gt;&lt;small&gt;Niyaz Hareni&lt;\/small&gt;&lt;br&gt;&lt;small&gt;&lt;a href='https:\/\/aic-atlas.s3.eu-north-1.amazonaws.com\/projects\/a44f2645-f465-4d20-9d12-e82cf6d97f2d\/documents\/g4f0lefsXvIlGJg6C2RIQGaR9J6hVi5Wb8Ncsr0g.html' target='_blank'&gt;Show abstract&lt;\/a&gt;&lt;\/small&gt;&lt;br&gt;&lt;br\/&gt;14:16-14:28: Preoperative duration of radiating leg pain due to lumbar disc herniation and its effect on outcome - A retrospective register study.&lt;br&gt;&lt;small&gt;Adad Baranto&lt;\/small&gt;&lt;br&gt;&lt;small&gt;&lt;a href='https:\/\/aic-atlas.s3.eu-north-1.amazonaws.com\/projects\/a44f2645-f465-4d20-9d12-e82cf6d97f2d\/documents\/iHc8SPjS4yyK88HlM4KcuktmXzcsdiXpBPcjGF3I.html' target='_blank'&gt;Show abstract&lt;\/a&gt;&lt;\/small&gt;&lt;br&gt;&lt;br\/&gt;14:28-14:40: What have we learned from the PATHFx validation studies?   An analysis of 2,559 patients with metastatic bone disease.&lt;br&gt;&lt;small&gt;Jonathan Forsberg&lt;\/small&gt;&lt;br&gt;&lt;small&gt;&lt;a href='https:\/\/aic-atlas.s3.eu-north-1.amazonaws.com\/projects\/a44f2645-f465-4d20-9d12-e82cf6d97f2d\/documents\/HXzbQa4OClBopCMeZKsYv1W402YSOHGwjUV1SHE0.html' target='_blank'&gt;Show abstract&lt;\/a&gt;&lt;\/small&gt;\"\n                data-category=\"Arbetsterapeut,Fysioterapeut,Gipstekniker,L\u00e4kare,Operationssk\u00f6terska,Sjuksk\u00f6terska,Undersk\u00f6terska,V\u00e5rdadministrat\u00f6r\"\n                data-category-ids=\"53,54,51,47,49,48,50,52\"\n                data-span-all=\"\"\n              >\n\n              \n\n              <div class=\"vertical_bar\" style=\"background-color: #4354b1;\"><\/div>\n              <div class=\"box_inner\">\n                                <span>Fria f\u00f6redrag I<\/span>\n               <br>\n               <div class=\"lecturer\"><span>Markus Wald\u00e9n<\/span><\/div>\n               <div class=\"room_div \">\n                 <i class=\"list-room\">Vingen 8<\/i>\n               <\/div>\n\n               <div class=\"name_time_div\">\n                <i class=\"list-time\" data-time=\"13:40\">13:40-14:40 - Tisdag 27 augusti<\/i>\n               <\/div>\n              <\/div>\n             <\/div>\n          <\/div>\n\n          \n          <div class=\"box-wrapper\"\n              data-id=\"50a00245-c517-4e08-90f7-db6a9e445ee8\">\n\n              <div class='time-header'>14:00<\/div>\n\n              <div class=\"box\"\n                data-id=\"50a00245-c517-4e08-90f7-db6a9e445ee8\"\n                data-project=\"a44f2645-f465-4d20-9d12-e82cf6d97f2d\"\n                data-title=\"Ny session\"\n                data-time=\"14:00-15:00\"\n                data-room=\"Vingen 3+4\"\n                data-room-id=\"8d4e3eca-bf06-4071-a254-2a1e33b1a8fd\"\n                data-room-name=\"Vingen 3+4\"\n                data-day=\"1\"\n                data-abs-nbr=\"\"\n                data-abs-path=\"\"\n                data-speaker=\"\"\n                data-speakercell=\"\"\n                data-info=\"14:00-14:30: F\u00f6rel\u00e4sning 2&lt;br&gt;&lt;br\/&gt;14:30-15:00: F\u00f6rel\u00e4sning 3\"\n                data-category=\"L\u00e4kare,Operationssk\u00f6terska\"\n                data-category-ids=\"47,49\"\n                data-span-all=\"\"\n              >\n\n              \n\n              <div class=\"vertical_bar\" style=\"background-color: #eb303a;\"><\/div>\n              <div class=\"box_inner\">\n                                <span>Ny session<\/span>\n               <br>\n               \n               <div class=\"room_div \">\n                 <i class=\"list-room\">Vingen 3+4<\/i>\n               <\/div>\n\n               <div class=\"name_time_div\">\n                <i class=\"list-time\" data-time=\"14:00\">14:00-15:00 - Tisdag 27 augusti<\/i>\n               <\/div>\n              <\/div>\n             <\/div>\n          <\/div>\n\n          \n          <div class=\"box-wrapper\"\n              data-id=\"a7d623d2-1a37-4b21-9e06-77280ea50ea1\">\n\n              <div class='time-header'>14:10<\/div>\n\n              <div class=\"box\"\n                data-id=\"a7d623d2-1a37-4b21-9e06-77280ea50ea1\"\n                data-project=\"a44f2645-f465-4d20-9d12-e82cf6d97f2d\"\n                data-title=\"Bakterier p\u00e5 huden. Vad kan vi g\u00f6ra och hur m\u00e4ter vi?\"\n                data-time=\"14:10-14:40\"\n                data-room=\"Vingen 3+4\"\n                data-room-id=\"8d4e3eca-bf06-4071-a254-2a1e33b1a8fd\"\n                data-room-name=\"Vingen 3+4\"\n                data-day=\"1\"\n                data-abs-nbr=\"\"\n                data-abs-path=\"\"\n                data-speaker=\"Vendela Scheer\"\n                data-speakercell=\"Vendela Scheer\"\n                data-info=\"&lt;b&gt;Moderatorer: &lt;\/b&gt;Gerd \u00d6stling; Elinor Nielsen&lt;br&gt;&lt;br&gt;&lt;p&gt;Dagens moderna operationssalar med h&amp;ouml;ga luftfl&amp;ouml;den, v&amp;aring;ra extrat&amp;auml;ta operationskl&amp;auml;der, har lett till att vi lyckats f&amp;aring; ner antalet partikelb&amp;auml;rande enheter i luften. Det f&amp;ouml;ruts&amp;auml;tter att alla p&amp;aring; operationssalen har r&amp;auml;tt kl&amp;auml;dsel, arbetar utefter aseptiska regler, minimerat spring p&amp;aring; salen, samt ett begr&amp;auml;nsat antal personer p&amp;aring; salen. F&amp;ouml;ljer vi dessa hygienregler &amp;auml;r den exogena smittan till patienterna inte den som orsakar postoperativa s&amp;aring;rinfektioner (SSI), utan SSI vid ren kirurgi orsakas n&amp;auml;stan uteslutande av endogen smitta, det vill s&amp;auml;ga infektion orsakad av mikroorganismer fr&amp;aring;n patientens egen bakterieflora. Hur kan vi minska kolonisationen samt rekolonisationen av bakterier p&amp;aring; huden f&amp;ouml;reunder och efter operation? Vilka metoder anv&amp;auml;nds f&amp;ouml;r att m&amp;auml;ta bakterier p&amp;aring; huden?&amp;nbsp;&amp;nbsp;&lt;\/p&gt;&lt;br&gt;&lt;br&gt;\"\n                data-category=\"Sjuksk\u00f6terska,Operationssk\u00f6terska,Undersk\u00f6terska\"\n                data-category-ids=\"48,49,50\"\n                data-span-all=\"\"\n              >\n\n              \n\n              <div class=\"vertical_bar\" style=\"background-color: #36acf1;\"><\/div>\n              <div class=\"box_inner\">\n                                <span>Bakterier p\u00e5 huden. Vad kan vi g\u00f6ra och hur m\u00e4ter vi?<\/span>\n               <br>\n               <div class=\"lecturer\"><span>Gerd \u00d6stling; Elinor Nielsen<\/span><\/div>\n               <div class=\"room_div \">\n                 <i class=\"list-room\">Vingen 3+4<\/i>\n               <\/div>\n\n               <div class=\"name_time_div\">\n                <i class=\"list-time\" data-time=\"14:10\">14:10-14:40 - Tisdag 27 augusti<\/i>\n               <\/div>\n              <\/div>\n             <\/div>\n          <\/div>\n\n          \n          <div class=\"box-wrapper\"\n              data-id=\"d9fd745c-2a9e-414d-8e03-0b330f3370d1\">\n\n              <div class='time-header'>15:45<\/div>\n\n              <div class=\"box\"\n                data-id=\"d9fd745c-2a9e-414d-8e03-0b330f3370d1\"\n                data-project=\"a44f2645-f465-4d20-9d12-e82cf6d97f2d\"\n                data-title=\"Artros\/Protes - debatt\"\n                data-time=\"15:45-16:45\"\n                data-room=\"De Geerhallen\"\n                data-room-id=\"8d4e3dd9-ce4c-4323-b414-2740c00d9454\"\n                data-room-name=\"De Geerhallen\"\n                data-day=\"1\"\n                data-abs-nbr=\"\"\n                data-abs-path=\"\"\n                data-speaker=\"\"\n                data-speakercell=\"\"\n                data-info=\"&lt;b&gt;Moderator: &lt;\/b&gt;Per Wretenberg&lt;br&gt;&lt;br&gt;&lt;p&gt;I detta symposium kommer vi diskutera vad som beh&amp;ouml;vs f&amp;ouml;r b&amp;auml;sta m&amp;ouml;jliga postoperativa resultat. Vi kommer diskutera varf&amp;ouml;r patienter blir missn&amp;ouml;jda utifr&amp;aring;n en stor kvalitativ kn&amp;auml;protesstudie. Hur v&amp;auml;ljer vi patienter och hur g&amp;ouml;r vi de redo f&amp;ouml;r operation och hur kan vi optimera outcome.&lt;\/p&gt;\n&lt;div&gt;&amp;nbsp;&lt;\/div&gt;&lt;br&gt;&lt;br&gt;15:45-16:05: Hur v\u00e4ljer jag vilken patient som ska opereras?&lt;br&gt;&lt;small&gt;Helene Andersson Molina&lt;\/small&gt;&lt;br&gt;&lt;br\/&gt;16:05-16:25: Av vilka anledningar \u00e4r kn\u00e4protesopererade patienter missn\u00f6jda?&lt;br&gt;&lt;small&gt;Aamir Mahdi&lt;\/small&gt;&lt;br&gt;&lt;br\/&gt;16:25-16:45: \u00c4r det r\u00e4ttvist att inte operera en patient n\u00e4r man inte tror p\u00e5 ett fullgott resultat?&lt;br&gt;&lt;small&gt;Per Wretenberg&lt;\/small&gt;\"\n                data-category=\"L\u00e4kare\"\n                data-category-ids=\"47\"\n                data-span-all=\"\"\n              >\n\n              \n\n              <div class=\"vertical_bar\" style=\"background-color: #eb303a;\"><\/div>\n              <div class=\"box_inner\">\n                                <span>Artros\/Protes - debatt<\/span>\n               <br>\n               <div class=\"lecturer\"><span>Per Wretenberg<\/span><\/div>\n               <div class=\"room_div \">\n                 <i class=\"list-room\">De Geerhallen<\/i>\n               <\/div>\n\n               <div class=\"name_time_div\">\n                <i class=\"list-time\" data-time=\"15:45\">15:45-16:45 - Tisdag 27 augusti<\/i>\n               <\/div>\n              <\/div>\n             <\/div>\n          <\/div>\n\n          \n          <div class=\"box-wrapper\"\n              data-id=\"9ede0541-72ac-4721-8cbd-b76a21d0dd31\">\n\n              <div class='time-header' style='visibility: hidden;'>15:45<\/div>\n\n              <div class=\"box\"\n                data-id=\"9ede0541-72ac-4721-8cbd-b76a21d0dd31\"\n                data-project=\"a44f2645-f465-4d20-9d12-e82cf6d97f2d\"\n                data-title=\"Ulnarisnervkompression - Erika Nyman\"\n                data-time=\"15:45-16:15\"\n                data-room=\"Flygeln\"\n                data-room-id=\"8d4e3e47-b348-40db-af90-fc05f2c56604\"\n                data-room-name=\"Flygeln\"\n                data-day=\"1\"\n                data-abs-nbr=\"\"\n                data-abs-path=\"\"\n                data-speaker=\"Erika Nyman\"\n                data-speakercell=\"Erika Nyman\"\n                data-info=\"&lt;table&gt;\n&lt;tbody&gt;\n&lt;tr&gt;\n&lt;td&gt;\n&lt;p&gt;Ulnarisnervkompression &amp;auml;r den n&amp;auml;st vanligaste nervkompressionen i &amp;ouml;vre extremiteten, efter karpaltunnelsyndrom, och patienterna sk&amp;ouml;ts tills stor del inom prim&amp;auml;rv&amp;aring;rd och p&amp;aring; ortopediska kliniker i Sverige.&lt;\/p&gt;\n&lt;p&gt;Resultatet av kirurgi &amp;auml;r generellt inte lika tillfredst&amp;auml;llande som efter karpaltunnelklyvning och relativt ofta ses kvarvarande symtom eller komplikationer till kirurgin.&lt;\/p&gt;\n&lt;p&gt;F&amp;ouml;rel&amp;auml;sningen syftar till att ge en evidensbaserad &amp;ouml;verblick av &amp;auml;mnesomr&amp;aring;det med paralleller till den egna forskningen ffa avseende prediktiva faktorer f&amp;ouml;r outcome vid kirurgi av ulnarisnervkompression i armb&amp;aring;gsniv&amp;aring;n.&lt;\/p&gt;\n&lt;\/td&gt;\n&lt;\/tr&gt;\n&lt;\/tbody&gt;\n&lt;\/table&gt;&lt;br&gt;&lt;br&gt;\"\n                data-category=\"L\u00e4kare,Arbetsterapeut,Fysioterapeut\"\n                data-category-ids=\"47,53,54\"\n                data-span-all=\"\"\n              >\n\n              \n\n              <div class=\"vertical_bar\" style=\"background-color: #eb303a;\"><\/div>\n              <div class=\"box_inner\">\n                                <span>Ulnarisnervkompression - Erika Nyman<\/span>\n               <br>\n               \n               <div class=\"room_div \">\n                 <i class=\"list-room\">Flygeln<\/i>\n               <\/div>\n\n               <div class=\"name_time_div\">\n                <i class=\"list-time\" data-time=\"15:45\">15:45-16:15 - Tisdag 27 augusti<\/i>\n               <\/div>\n              <\/div>\n             <\/div>\n          <\/div>\n\n          \n          <div class=\"box-wrapper\"\n              data-id=\"5fec28ae-f851-4f00-bb80-9e5e03a20e36\">\n\n              <div class='time-header' style='visibility: hidden;'>15:45<\/div>\n\n              <div class=\"box\"\n                data-id=\"5fec28ae-f851-4f00-bb80-9e5e03a20e36\"\n                data-project=\"a44f2645-f465-4d20-9d12-e82cf6d97f2d\"\n                data-title=\"Patientutbildning och \u00e5terh\u00e4mtning efter elektiv h\u00f6ft-\/kn\u00e4protesoperation - \u00c5sa Johansson Stark\"\n                data-time=\"15:45-16:35\"\n                data-room=\"Hemerycksalen\"\n                data-room-id=\"8d4e3eae-ee44-4f61-99bc-620941ba8aab\"\n                data-room-name=\"Hemerycksalen\"\n                data-day=\"1\"\n                data-abs-nbr=\"\"\n                data-abs-path=\"\"\n                data-speaker=\"\u00c5sa Johansson Stark\"\n                data-speakercell=\"\u00c5sa Johansson Stark\"\n                data-info=\"&lt;b&gt;Moderator: &lt;\/b&gt;Elinor Andersson&lt;br&gt;&lt;br&gt;&lt;p&gt;F&amp;ouml;rel&amp;auml;sningen utg&amp;aring;r fr&amp;aring;n forskningsprojektet: Empowering Surgical Orthopaedic Patients through Education som bidragit med kunskap om vilka kunskapsbehov som uppfylls och vilka faktorer som p&amp;aring;verkar &amp;aring;terh&amp;auml;mtningen. Resultaten som bygger p&amp;aring; enk&amp;auml;tsvar fr&amp;aring;n 1634 patienter och deras n&amp;auml;rst&amp;aring;ende fr&amp;aring;n sju europeiska l&amp;auml;nder visade att patienter och deras n&amp;auml;rst&amp;aring;ende hade h&amp;ouml;ga f&amp;ouml;rv&amp;auml;ntningar p&amp;aring; kunskap som de inte fick tillgodosedda under sjukhusvistelsen. Patienterna upplevde dock att de fick fler av sina kunskapsf&amp;ouml;rv&amp;auml;ntningar uppfyllda j&amp;auml;mf&amp;ouml;rt med de n&amp;auml;rst&amp;aring;ende. Patienter som upplevde k&amp;auml;nslor som nedst&amp;auml;mdhet, r&amp;auml;dsla och ot&amp;aring;lighet upplevde att f&amp;auml;rre av deras f&amp;ouml;rv&amp;auml;ntningar p&amp;aring; kunskap blev tillgodosedda. Resultaten kan bidra till utveckling av patientutbildning och v&amp;aring;rd utifr&amp;aring;n patientens personliga behov.&amp;nbsp;&lt;\/p&gt;&lt;br&gt;&lt;br&gt;\"\n                data-category=\"Sjuksk\u00f6terska,Undersk\u00f6terska,Arbetsterapeut,Fysioterapeut\"\n                data-category-ids=\"48,50,53,54\"\n                data-span-all=\"\"\n              >\n\n              \n\n              <div class=\"vertical_bar\" style=\"background-color: #36acf1;\"><\/div>\n              <div class=\"box_inner\">\n                                <span>Patientutbildning och \u00e5terh\u00e4mtning efter elektiv h\u00f6ft-\/kn\u00e4protesoperation - \u00c5sa Johansson Stark<\/span>\n               <br>\n               <div class=\"lecturer\"><span>Elinor Andersson<\/span><\/div>\n               <div class=\"room_div \">\n                 <i class=\"list-room\">Hemerycksalen<\/i>\n               <\/div>\n\n               <div class=\"name_time_div\">\n                <i class=\"list-time\" data-time=\"15:45\">15:45-16:35 - Tisdag 27 augusti<\/i>\n               <\/div>\n              <\/div>\n             <\/div>\n          <\/div>\n\n          \n          <div class=\"box-wrapper\"\n              data-id=\"fccb758d-d186-4136-8da9-b81ecce220e6\">\n\n              <div class='time-header' style='visibility: hidden;'>15:45<\/div>\n\n              <div class=\"box\"\n                data-id=\"fccb758d-d186-4136-8da9-b81ecce220e6\"\n                data-project=\"a44f2645-f465-4d20-9d12-e82cf6d97f2d\"\n                data-title=\"Gipsteknik - Per Flink\"\n                data-time=\"15:45-16:45\"\n                data-room=\"Vingen 3+4\"\n                data-room-id=\"8d4e3eca-bf06-4071-a254-2a1e33b1a8fd\"\n                data-room-name=\"Vingen 3+4\"\n                data-day=\"1\"\n                data-abs-nbr=\"\"\n                data-abs-path=\"\"\n                data-speaker=\"Per Flink; Paul Ipsen; Magnus Andersson\"\n                data-speakercell=\"Per Flink; Paul Ipsen; Magnus Andersson\"\n                data-info=\"&lt;p&gt;Sedan vi &amp;aring;teruppr&amp;auml;ttat en Nordisk gipsteknikerutbildning vid Lunds Universitet p&amp;aring; 22,5 h&amp;ouml;gskolepo&amp;auml;ng har intresset och kvalit&amp;eacute;n inom gipsteknik &amp;ouml;kat.&amp;nbsp;&amp;nbsp;&lt;\/p&gt;\n&lt;p&gt;Utbildningen och dess nyp&amp;aring;funna intresse f&amp;ouml;r gipstekniken, icke minst p&amp;aring; v&amp;aring;ra akutmottagningar, &amp;nbsp;leder till kvalitetss&amp;auml;kring av gipsning.&lt;\/p&gt;\n&lt;p&gt;Anv&amp;auml;ndning av hj&amp;auml;lpmedel &amp;nbsp;kommer att presenteras och s&amp;auml;ttas in i sitt r&amp;auml;tta sammanhang.&lt;\/p&gt;\n&lt;p&gt;F&amp;ouml;rel&amp;auml;sningen &amp;auml;r en obligatorisk del i kursen &quot;Basal gipsteknik.&quot;&lt;\/p&gt;\n&lt;p&gt;Inom behandling av diabetesfots&amp;aring;r anses avlastande gips vara GoldenStandard.&lt;\/p&gt;\n&lt;p&gt;Studie ang&amp;aring;ende behandling med TCC (Total contact cast) presenteras .&lt;\/p&gt;\n&lt;p&gt;Denna studie ledde till en uppf&amp;ouml;ljning med ett gipsv&amp;auml;gledningsprogramf&amp;ouml;r att kunna v&amp;auml;lja r&amp;auml;tt typ av gips vid r&amp;auml;tt tillf&amp;auml;lle anpassade till de olikafots&amp;aring;rens bel&amp;auml;genhet och utseende&lt;\/p&gt;&lt;br&gt;&lt;br&gt;\"\n                data-category=\"Gipstekniker,Undersk\u00f6terska,Sjuksk\u00f6terska,L\u00e4kare\"\n                data-category-ids=\"51,50,48,47\"\n                data-span-all=\"\"\n              >\n\n              \n\n              <div class=\"vertical_bar\" style=\"background-color: #9722ac;\"><\/div>\n              <div class=\"box_inner\">\n                                <span>Gipsteknik - Per Flink<\/span>\n               <br>\n               \n               <div class=\"room_div \">\n                 <i class=\"list-room\">Vingen 3+4<\/i>\n               <\/div>\n\n               <div class=\"name_time_div\">\n                <i class=\"list-time\" data-time=\"15:45\">15:45-16:45 - Tisdag 27 augusti<\/i>\n               <\/div>\n              <\/div>\n             <\/div>\n          <\/div>\n\n          \n          <div class=\"box-wrapper\"\n              data-id=\"ec3da8df-e9f0-44b0-baa4-f1f6be9ba66a\">\n\n              <div class='time-header' style='visibility: hidden;'>15:45<\/div>\n\n              <div class=\"box\"\n                data-id=\"ec3da8df-e9f0-44b0-baa4-f1f6be9ba66a\"\n                data-project=\"a44f2645-f465-4d20-9d12-e82cf6d97f2d\"\n                data-title=\"R\u00e4tt kod, har det n\u00e5gon betydelse?\"\n                data-time=\"15:45-16:30\"\n                data-room=\"Vingen 6+7\"\n                data-room-id=\"8d4e3f03-823f-4178-82f7-5d246c0bd647\"\n                data-room-name=\"Vingen 6+7\"\n                data-day=\"1\"\n                data-abs-nbr=\"\"\n                data-abs-path=\"\"\n                data-speaker=\"Lena Granberg; Kerstin Jonsson; Lilian Kikuchi\"\n                data-speakercell=\"Lena Granberg; Kerstin Jonsson; Lilian Kikuchi\"\n                data-info=\"&lt;b&gt;Moderator: &lt;\/b&gt;Brigitte Hauer Bj\u00f6rkman&lt;br&gt;&lt;br&gt;&lt;table&gt;\n&lt;tbody&gt;\n&lt;tr&gt;\n&lt;td&gt;\n&lt;table&gt;\n&lt;tbody&gt;\n&lt;tr&gt;\n&lt;td&gt;S&amp;aring; h&amp;auml;r g&amp;ouml;r vi i &amp;Ouml;sterg&amp;ouml;tland.&amp;nbsp;&lt;br \/&gt;&lt;br \/&gt;Vi jobbar f&amp;ouml;r att ha bra kvalitet i grunddata genom att skapa f&amp;ouml;ruts&amp;auml;ttningar f&amp;ouml;r f&amp;ouml;ljsamhet till nationella riktlinjer ang&amp;aring;ende diagnos- och &amp;aring;tg&amp;auml;rdskodning och f&amp;ouml;r att skapa enhetlig kodning inom Region &amp;Ouml;sterg&amp;ouml;tland.&lt;br \/&gt;&lt;br \/&gt;Chefl&amp;auml;kare Kerstin Jonsson, verksamhetsutvecklare Lena Granberg och Lilian Kikuchi fr&amp;aring;n enheten Sjukdomsklassifikation i &amp;Ouml;sterg&amp;ouml;tland med uppdrag att kvalitetss&amp;auml;kra diagnoss&amp;auml;ttning\/kodning i Region &amp;Ouml;sterg&amp;ouml;tland.&lt;\/td&gt;\n&lt;\/tr&gt;\n&lt;\/tbody&gt;\n&lt;\/table&gt;\n&lt;\/td&gt;\n&lt;\/tr&gt;\n&lt;\/tbody&gt;\n&lt;\/table&gt;&lt;br&gt;&lt;br&gt;\"\n                data-category=\"V\u00e5rdadministrat\u00f6r\"\n                data-category-ids=\"52\"\n                data-span-all=\"\"\n              >\n\n              \n\n              <div class=\"vertical_bar\" style=\"background-color: #b3c03d;\"><\/div>\n              <div class=\"box_inner\">\n                                <span>R\u00e4tt kod, har det n\u00e5gon betydelse?<\/span>\n               <br>\n               <div class=\"lecturer\"><span>Brigitte Hauer Bj\u00f6rkman<\/span><\/div>\n               <div class=\"room_div \">\n                 <i class=\"list-room\">Vingen 6+7<\/i>\n               <\/div>\n\n               <div class=\"name_time_div\">\n                <i class=\"list-time\" data-time=\"15:45\">15:45-16:30 - Tisdag 27 augusti<\/i>\n               <\/div>\n              <\/div>\n             <\/div>\n          <\/div>\n\n          \n          <div class=\"box-wrapper\"\n              data-id=\"a9a437ed-0b5c-498f-a420-6f24c1cd226e\">\n\n              <div class='time-header' style='visibility: hidden;'>15:45<\/div>\n\n              <div class=\"box\"\n                data-id=\"a9a437ed-0b5c-498f-a420-6f24c1cd226e\"\n                data-project=\"a44f2645-f465-4d20-9d12-e82cf6d97f2d\"\n                data-title=\"Fria F\u00f6redrag II\"\n                data-time=\"15:45-16:45\"\n                data-room=\"Vingen 8\"\n                data-room-id=\"8d4e3f20-50f4-4f2e-9fe7-20d3f379e9fc\"\n                data-room-name=\"Vingen 8\"\n                data-day=\"1\"\n                data-abs-nbr=\"\"\n                data-abs-path=\"\"\n                data-speaker=\"\"\n                data-speakercell=\"\"\n                data-info=\"&lt;b&gt;Moderator: &lt;\/b&gt;Roger Skogman&lt;br&gt;&lt;br&gt;15:45-15:57: Obesity paradox holds true for hip fracture patients\u2013 a Swedish register based cohort study&lt;br&gt;&lt;small&gt;Karin Modig&lt;\/small&gt;&lt;br&gt;&lt;small&gt;&lt;a href='https:\/\/aic-atlas.s3.eu-north-1.amazonaws.com\/projects\/a44f2645-f465-4d20-9d12-e82cf6d97f2d\/documents\/VJqQjimXwMO32CSIebfVaEUvvvwvdnt3gy7kLxPo.html' target='_blank'&gt;Show abstract&lt;\/a&gt;&lt;\/small&gt;&lt;br&gt;&lt;br\/&gt;15:57-16:09: Posterior and ventral tilt increases the risk of failure after internal fixation of Garden 1 and 2 femoral neck fractures&lt;br&gt;&lt;small&gt;Pontus Sj\u00f6holm&lt;\/small&gt;&lt;br&gt;&lt;small&gt;&lt;a href='https:\/\/aic-atlas.s3.eu-north-1.amazonaws.com\/projects\/a44f2645-f465-4d20-9d12-e82cf6d97f2d\/documents\/SMJPB7OUkaGoGY6lzbgO95teHXeOj9tnOxVP8cuV.html' target='_blank'&gt;Show abstract&lt;\/a&gt;&lt;\/small&gt;&lt;br&gt;&lt;br\/&gt;16:09-16:21: No difference in reoperation risk between dual mobility cups and conventional total hip arthroplasty in patients with hip fracture.  A study from the Swedish Hip Arthroplasty Register.&lt;br&gt;&lt;small&gt;Cecilia Rogmark&lt;\/small&gt;&lt;br&gt;&lt;small&gt;&lt;a href='https:\/\/aic-atlas.s3.eu-north-1.amazonaws.com\/projects\/a44f2645-f465-4d20-9d12-e82cf6d97f2d\/documents\/YYhILE7C75CORmbgK0COnad23BY5L2nAeUaP5Cau.html' target='_blank'&gt;Show abstract&lt;\/a&gt;&lt;\/small&gt;&lt;br&gt;&lt;br\/&gt;16:21-16:33: Cephalomedullary nails decrease reoperation rates in femoral shaft fractures&lt;br&gt;&lt;small&gt;Hans Peter B\u00f6gl&lt;\/small&gt;&lt;br&gt;&lt;small&gt;&lt;a href='https:\/\/aic-atlas.s3.eu-north-1.amazonaws.com\/projects\/a44f2645-f465-4d20-9d12-e82cf6d97f2d\/documents\/sgfKCahXAk68XEg2ft5kaEQedTfsweuFQyqIDjHj.html' target='_blank'&gt;Show abstract&lt;\/a&gt;&lt;\/small&gt;&lt;br&gt;&lt;br\/&gt;16:33-16:45: Open tibia fractures in the Swedish Fracture Register&lt;br&gt;&lt;small&gt;Kim (Kristina) Johnson&lt;\/small&gt;&lt;br&gt;&lt;small&gt;&lt;a href='https:\/\/aic-atlas.s3.eu-north-1.amazonaws.com\/projects\/a44f2645-f465-4d20-9d12-e82cf6d97f2d\/documents\/0p7W8OWKaoyYFcEl8Wufq1qzNjSUZ7sjAfiEukrG.html' target='_blank'&gt;Show abstract&lt;\/a&gt;&lt;\/small&gt;\"\n                data-category=\"Arbetsterapeut,Fysioterapeut,L\u00e4kare,Gipstekniker,Operationssk\u00f6terska,Sjuksk\u00f6terska,Undersk\u00f6terska,V\u00e5rdadministrat\u00f6r\"\n                data-category-ids=\"53,54,47,51,49,48,50,52\"\n                data-span-all=\"\"\n              >\n\n              \n\n              <div class=\"vertical_bar\" style=\"background-color: #4354b1;\"><\/div>\n              <div class=\"box_inner\">\n                                <span>Fria F\u00f6redrag II<\/span>\n               <br>\n               <div class=\"lecturer\"><span>Roger Skogman<\/span><\/div>\n               <div class=\"room_div \">\n                 <i class=\"list-room\">Vingen 8<\/i>\n               <\/div>\n\n               <div class=\"name_time_div\">\n                <i class=\"list-time\" data-time=\"15:45\">15:45-16:45 - Tisdag 27 augusti<\/i>\n               <\/div>\n              <\/div>\n             <\/div>\n          <\/div>\n\n          \n          <div class=\"box-wrapper\"\n              data-id=\"c7726a44-6878-4a10-a382-074117aae619\">\n\n              <div class='time-header'>16:15<\/div>\n\n              <div class=\"box\"\n                data-id=\"c7726a44-6878-4a10-a382-074117aae619\"\n                data-project=\"a44f2645-f465-4d20-9d12-e82cf6d97f2d\"\n                data-title=\"Den \\\"enkla\\\" handkirurgin - varf\u00f6r blev det inte bra?\"\n                data-time=\"16:15-16:45\"\n                data-room=\"Flygeln\"\n                data-room-id=\"8d4e3e47-b348-40db-af90-fc05f2c56604\"\n                data-room-name=\"Flygeln\"\n                data-day=\"1\"\n                data-abs-nbr=\"\"\n                data-abs-path=\"\"\n                data-speaker=\"G\u00f6ran Nylander\"\n                data-speakercell=\"G\u00f6ran Nylander\"\n                data-info=\"&lt;table&gt;\n&lt;tbody&gt;\n&lt;tr&gt;\n&lt;td&gt;\n&lt;table&gt;\n&lt;tbody&gt;\n&lt;tr&gt;\n&lt;td&gt;\n&lt;p&gt;Den ortopediska handkirurgin kallas ibland enkel och utf&amp;ouml;rs ofta av ST-l&amp;auml;kare tidigt i karri&amp;auml;ren, men n&amp;auml;r resultatet av kirurgi inte blir som f&amp;ouml;rv&amp;auml;ntat &amp;auml;r l&amp;ouml;sningen inte alltid enkel.&lt;\/p&gt;\n&lt;p&gt;F&amp;ouml;rel&amp;auml;sningen bygger p&amp;aring; 40 &amp;aring;rs erfarenhet av handkirurgi och syftar till att belysa fallgropar g&amp;auml;llande b&amp;aring;de patienturval och operationsteknik samt att bidra med unders&amp;ouml;knings- och operationstekniska tips inom den elektiva och akuta ortopediska handkirurgin.&lt;\/p&gt;\n&lt;\/td&gt;\n&lt;\/tr&gt;\n&lt;\/tbody&gt;\n&lt;\/table&gt;\n&lt;\/td&gt;\n&lt;\/tr&gt;\n&lt;\/tbody&gt;\n&lt;\/table&gt;&lt;br&gt;&lt;br&gt;\"\n                data-category=\"L\u00e4kare\"\n                data-category-ids=\"47\"\n                data-span-all=\"\"\n              >\n\n              \n\n              <div class=\"vertical_bar\" style=\"background-color: #eb303a;\"><\/div>\n              <div class=\"box_inner\">\n                                <span>Den \"enkla\" handkirurgin - varf\u00f6r blev det inte bra?<\/span>\n               <br>\n               \n               <div class=\"room_div \">\n                 <i class=\"list-room\">Flygeln<\/i>\n               <\/div>\n\n               <div class=\"name_time_div\">\n                <i class=\"list-time\" data-time=\"16:15\">16:15-16:45 - Tisdag 27 augusti<\/i>\n               <\/div>\n              <\/div>\n             <\/div>\n          <\/div>\n\n          \n          <div class=\"box-wrapper\"\n              data-id=\"e5731ab1-8ca1-407e-95e4-946a77b05305\">\n\n              <div class='time-header'>17:30<\/div>\n\n              <div class=\"box\"\n                data-id=\"e5731ab1-8ca1-407e-95e4-946a77b05305\"\n                data-project=\"a44f2645-f465-4d20-9d12-e82cf6d97f2d\"\n                data-title=\"Frakturregistret- Styrgruppsm\u00f6te\"\n                data-time=\"17:30-19:00\"\n                data-room=\"Vingen 8\"\n                data-room-id=\"8d4e3f20-50f4-4f2e-9fe7-20d3f379e9fc\"\n                data-room-name=\"Vingen 8\"\n                data-day=\"1\"\n                data-abs-nbr=\"\"\n                data-abs-path=\"\"\n                data-speaker=\"\"\n                data-speakercell=\"\"\n                data-info=\"&lt;p&gt;Frakturregistret- Styrgruppsm&amp;ouml;te.&lt;\/p&gt;\n&lt;p&gt;Endast inbjudna deltagare.&lt;\/p&gt;&lt;br&gt;&lt;br&gt;\"\n                data-category=\"\"\n                data-category-ids=\"\"\n                data-span-all=\"\"\n              >\n\n              \n\n              <div class=\"vertical_bar\" style=\"background-color: rgba(255, 255, 255, 0);\"><\/div>\n              <div class=\"box_inner\">\n                                <span>Frakturregistret- Styrgruppsm\u00f6te<\/span>\n               <br>\n               \n               <div class=\"room_div \">\n                 <i class=\"list-room\">Vingen 8<\/i>\n               <\/div>\n\n               <div class=\"name_time_div\">\n                <i class=\"list-time\" data-time=\"17:30\">17:30-19:00 - Tisdag 27 augusti<\/i>\n               <\/div>\n              <\/div>\n             <\/div>\n          <\/div>\n\n          <div class='list_header' data-day='2' style='background-color: rgba(32, 132, 196, 0.83); color: rgba(255, 255, 255, 1);'>Onsdag 28 augusti<\/div>\n          <div class=\"box-wrapper\"\n              data-id=\"c39b620a-cf61-4912-9470-2f118ba58bdc\">\n\n              <div class='time-header'>08:00<\/div>\n\n              <div class=\"box\"\n                data-id=\"c39b620a-cf61-4912-9470-2f118ba58bdc\"\n                data-project=\"a44f2645-f465-4d20-9d12-e82cf6d97f2d\"\n                data-title=\"Keynote - Leo Whiteside\"\n                data-time=\"08:00-08:40\"\n                data-room=\"De Geerhallen\"\n                data-room-id=\"8d4e3dd9-ce4c-4323-b414-2740c00d9454\"\n                data-room-name=\"De Geerhallen\"\n                data-day=\"2\"\n                data-abs-nbr=\"\"\n                data-abs-path=\"\"\n                data-speaker=\"Leo Whiteside\"\n                data-speakercell=\"Leo Whiteside\"\n                data-info=\"&lt;b&gt;Moderator: &lt;\/b&gt;Helene Andersson Molina&lt;br&gt;&lt;br&gt;&lt;p&gt;Dr Whiteside har under sin karri&amp;auml;r utvecklat modern proteskirurgi och bland annat tagit fram 3 kn&amp;auml;protessystem, 2 uni dito, 3 h&amp;ouml;ftprotessystem samt ett antal olika kirurgiska instrument. Mest k&amp;auml;nd f&amp;ouml;r oss &amp;auml;r han kanske &amp;auml;nd&amp;aring; f&amp;ouml;r sin kunskap om ligamentbalansering och vikten av att ge kn&amp;auml;protespatienter ett biomekaniskt v&amp;auml;lfungerande kn&amp;auml;. M&amp;aring;nga av oss har nog hans bok om ligamentbalansering p&amp;aring; hyllan, och l&amp;auml;ser dessutom i den.&lt;\/p&gt;\n&lt;p&gt;Han kommer under sin keynote f&amp;ouml;re-l&amp;auml;sning ber&amp;auml;tta om proteskirurgin, dess utveckling och f&amp;ouml;r&amp;auml;ndringar under en l&amp;aring;ng, innovativ och gedigen yrkeskarri&amp;auml;r och vilka utmaningar han ser framf&amp;ouml;r sig.&lt;\/p&gt;\n&lt;p&gt;&amp;nbsp;&lt;\/p&gt;\n&lt;p&gt;Symposiet h&amp;aring;lls p&amp;aring; Engelska.&lt;\/p&gt;&lt;br&gt;&lt;br&gt;\"\n                data-category=\"L\u00e4kare,Arbetsterapeut,Gipstekniker,Fysioterapeut,Operationssk\u00f6terska,Sjuksk\u00f6terska,Undersk\u00f6terska,V\u00e5rdadministrat\u00f6r\"\n                data-category-ids=\"47,53,51,54,49,48,50,52\"\n                data-span-all=\"\"\n              >\n\n              \n\n              <div class=\"vertical_bar\" style=\"background-color: #eb303a;\"><\/div>\n              <div class=\"box_inner\">\n                                <span>Keynote - Leo Whiteside<\/span>\n               <br>\n               <div class=\"lecturer\"><span>Helene Andersson Molina<\/span><\/div>\n               <div class=\"room_div \">\n                 <i class=\"list-room\">De Geerhallen<\/i>\n               <\/div>\n\n               <div class=\"name_time_div\">\n                <i class=\"list-time\" data-time=\"08:00\">08:00-08:40 - Onsdag 28 augusti<\/i>\n               <\/div>\n              <\/div>\n             <\/div>\n          <\/div>\n\n          \n          <div class=\"box-wrapper\"\n              data-id=\"c1af04c0-db27-42f9-9459-31544ed6ce47\">\n\n              <div class='time-header' style='visibility: hidden;'>08:00<\/div>\n\n              <div class=\"box\"\n                data-id=\"c1af04c0-db27-42f9-9459-31544ed6ce47\"\n                data-project=\"a44f2645-f465-4d20-9d12-e82cf6d97f2d\"\n                data-title=\"24 \u00e5rs erfarenheter med IVA-dagb\u00f6cker, fr\u00e5n ett lokalt projekt till internationellt arbetss\u00e4tt - Carl B\u00e4ckman\"\n                data-time=\"08:00-08:40\"\n                data-room=\"Vingen 3+4\"\n                data-room-id=\"8d4e3eca-bf06-4071-a254-2a1e33b1a8fd\"\n                data-room-name=\"Vingen 3+4\"\n                data-day=\"2\"\n                data-abs-nbr=\"\"\n                data-abs-path=\"\"\n                data-speaker=\"Carl B\u00e4ckman\"\n                data-speakercell=\"Carl B\u00e4ckman\"\n                data-info=\"&lt;b&gt;Moderatorer: &lt;\/b&gt;Gerd \u00d6stling; Elinor Nielsen&lt;br&gt;&lt;br&gt;&lt;table&gt;\n&lt;tbody&gt;\n&lt;tr&gt;\n&lt;td&gt;\n&lt;p&gt;1995 startades projektet IVA-dagb&amp;ouml;cker p&amp;aring; Vrinnevisjukhuset, ett s&amp;auml;tt att beskriva patienters resa under IVA-tiden. Personal tillsammans med n&amp;auml;rst&amp;aring;ende dokumenterar sv&amp;aring;rt sjuka patienters vardag p&amp;aring; IVA med text och bild.&amp;nbsp;&lt;br \/&gt;P&amp;aring; Vrinnevisjukhuset var man&amp;nbsp;f&amp;ouml;rst i v&amp;auml;rlden med att p&amp;aring; detta s&amp;auml;tt beskriva patientens resa under IVA-tiden. Hur har detta arbete utvecklats genom &amp;aring;ren?&lt;\/p&gt;\n&lt;p&gt;&lt;br \/&gt;2011 doktorerade Carl B&amp;auml;ckman i &amp;auml;mnet IVA-dagb&amp;ouml;cker och uppf&amp;ouml;ljningssamtal.&lt;br \/&gt;Han kommer att ber&amp;auml;tta om projektet och kommer att visa foton och texter fr&amp;aring;n IVA-dagb&amp;ouml;cker samt resultat fr&amp;aring;n studierna som ing&amp;aring;r i avhandlingen:&amp;nbsp;&lt;br \/&gt;&quot;The photo-diary and follow-up appointment on the ICU: Giving back the time to patients and relatives: A descriptive and interventional study&quot;.&lt;\/p&gt;\n&lt;\/td&gt;\n&lt;\/tr&gt;\n&lt;\/tbody&gt;\n&lt;\/table&gt;&lt;br&gt;&lt;br&gt;\"\n                data-category=\"Operationssk\u00f6terska,Sjuksk\u00f6terska,Undersk\u00f6terska,L\u00e4kare,Arbetsterapeut\"\n                data-category-ids=\"49,48,50,47,53\"\n                data-span-all=\"\"\n              >\n\n              \n\n              <div class=\"vertical_bar\" style=\"background-color: #299787;\"><\/div>\n              <div class=\"box_inner\">\n                                <span>24 \u00e5rs erfarenheter med IVA-dagb\u00f6cker, fr\u00e5n ett lokalt projekt till internationellt arbetss\u00e4tt - Carl B\u00e4ckman<\/span>\n               <br>\n               <div class=\"lecturer\"><span>Gerd \u00d6stling; Elinor Nielsen<\/span><\/div>\n               <div class=\"room_div \">\n                 <i class=\"list-room\">Vingen 3+4<\/i>\n               <\/div>\n\n               <div class=\"name_time_div\">\n                <i class=\"list-time\" data-time=\"08:00\">08:00-08:40 - Onsdag 28 augusti<\/i>\n               <\/div>\n              <\/div>\n             <\/div>\n          <\/div>\n\n          \n          <div class=\"box-wrapper\"\n              data-id=\"116eb296-371d-4192-a539-4b38b7bb4320\">\n\n              <div class='time-header' style='visibility: hidden;'>08:00<\/div>\n\n              <div class=\"box\"\n                data-id=\"116eb296-371d-4192-a539-4b38b7bb4320\"\n                data-project=\"a44f2645-f465-4d20-9d12-e82cf6d97f2d\"\n                data-title=\"Artrosskola f\u00f6r unga\"\n                data-time=\"08:00-09:30\"\n                data-room=\"Vingen 6+7\"\n                data-room-id=\"8d4e3f03-823f-4178-82f7-5d246c0bd647\"\n                data-room-name=\"Vingen 6+7\"\n                data-day=\"2\"\n                data-abs-nbr=\"\"\n                data-abs-path=\"\"\n                data-speaker=\"\"\n                data-speakercell=\"\"\n                data-info=\"&lt;b&gt;Moderator: &lt;\/b&gt;Torkel Engstr\u00f6m&lt;br&gt;&lt;br&gt;&lt;table&gt;\n&lt;tbody&gt;\n&lt;tr&gt;\n&lt;td&gt;\n&lt;table&gt;\n&lt;tbody&gt;\n&lt;tr&gt;\n&lt;td&gt;\n&lt;p&gt;Artrosskola &amp;auml;r idag ett etablerat koncept f&amp;ouml;r att f&amp;ouml;lja Socialstyrelsen riktlinjer kring grundbehandling f&amp;ouml;r h&amp;ouml;ft- och kn&amp;auml;artros. Behandlingen bygger p&amp;aring; &amp;ouml;kad teoretisk kunskap i &amp;auml;mnet samt individuellt anpassad tr&amp;auml;ning.&lt;\/p&gt;\n&lt;p&gt;Artros &amp;auml;r ett symtomgivande stadium av l&amp;aring;ngsamt fortskridande ledf&amp;ouml;r&amp;auml;ndringar med broskf&amp;ouml;rlust och nybildning av ben vid ledkanterna. Sm&amp;auml;rta och nedsatt funktion &amp;auml;r vanligt, men sambandet mellan grad av ledf&amp;ouml;r&amp;auml;ndringar och symtom &amp;auml;r svagt.&lt;\/p&gt;\n&lt;p&gt;Behandlingen inriktas p&amp;aring; att lindra sm&amp;auml;rtan och f&amp;ouml;rb&amp;auml;ttra funktionen. M&amp;aring;nga yngre patienter med tidiga artrosrelaterade besv&amp;auml;r s&amp;ouml;ker idag sjukv&amp;aring;rd utan att erbjudas behandling enligt Socialstyrelsens riktlinjer.&lt;\/p&gt;\n&lt;p&gt;Syftet med symposiet &amp;auml;r att ber&amp;ouml;ra &amp;auml;mnet hur vi behandlar dessa patienter p&amp;aring; b&amp;auml;st s&amp;auml;tt utifr&amp;aring;n evidensbaserad forskning f&amp;ouml;r att kunna v&amp;auml;lja en adekvat behandling och m&amp;aring;ls&amp;auml;ttning f&amp;ouml;r patienten.&lt;\/p&gt;\n&lt;\/td&gt;\n&lt;\/tr&gt;\n&lt;\/tbody&gt;\n&lt;\/table&gt;\n&lt;\/td&gt;\n&lt;\/tr&gt;\n&lt;\/tbody&gt;\n&lt;\/table&gt;&lt;br&gt;&lt;br&gt;08:00-08:30: Artrosskola, hj\u00e4lper det? - \u00c5ldersstratifierade resultat&lt;br&gt;&lt;small&gt;Therese J\u00f6nsson&lt;\/small&gt;&lt;br&gt;&lt;br\/&gt;08:30-09:00: Vilka \u00e4r de unga artrospatienterna?  \u00c4r de hj\u00e4lpta av artroskopier\/artroplastiker?&lt;br&gt;&lt;small&gt;Leif Dahlberg&lt;\/small&gt;&lt;br&gt;&lt;br\/&gt;09:00-09:30: Hur ser BOA-registret ut fram\u00f6ver?&lt;br&gt;&lt;small&gt;Gunilla Limb\u00e4ck Svensson&lt;\/small&gt;\"\n                data-category=\"L\u00e4kare,Fysioterapeut,Arbetsterapeut\"\n                data-category-ids=\"47,54,53\"\n                data-span-all=\"\"\n              >\n\n              \n\n              <div class=\"vertical_bar\" style=\"background-color: #eb303a;\"><\/div>\n              <div class=\"box_inner\">\n                                <span>Artrosskola f\u00f6r unga<\/span>\n               <br>\n               <div class=\"lecturer\"><span>Torkel Engstr\u00f6m<\/span><\/div>\n               <div class=\"room_div \">\n                 <i class=\"list-room\">Vingen 6+7<\/i>\n               <\/div>\n\n               <div class=\"name_time_div\">\n                <i class=\"list-time\" data-time=\"08:00\">08:00-09:30 - Onsdag 28 augusti<\/i>\n               <\/div>\n              <\/div>\n             <\/div>\n          <\/div>\n\n          \n          <div class=\"box-wrapper\"\n              data-id=\"22a82555-c1fd-4811-a9d4-4d9f47a48970\">\n\n              <div class='time-header' style='visibility: hidden;'>08:00<\/div>\n\n              <div class=\"box\"\n                data-id=\"22a82555-c1fd-4811-a9d4-4d9f47a48970\"\n                data-project=\"a44f2645-f465-4d20-9d12-e82cf6d97f2d\"\n                data-title=\"R\u00e4tt patient, i r\u00e4tt tid, p\u00e5 r\u00e4tt s\u00e4tt och p\u00e5 r\u00e4tt plats, men sen d\u00e5? - Ida K\u00e5hlin\"\n                data-time=\"08:00-08:40\"\n                data-room=\"Vingen 8\"\n                data-room-id=\"8d4e3f20-50f4-4f2e-9fe7-20d3f379e9fc\"\n                data-room-name=\"Vingen 8\"\n                data-day=\"2\"\n                data-abs-nbr=\"\"\n                data-abs-path=\"\"\n                data-speaker=\"Ida K\u00e5hlin\"\n                data-speakercell=\"Ida K\u00e5hlin\"\n                data-info=\"&lt;b&gt;Moderator: &lt;\/b&gt;Sarah Nyman&lt;br&gt;&lt;br&gt;&lt;table&gt;\n&lt;tbody&gt;\n&lt;tr&gt;\n&lt;td&gt;\n&lt;p&gt;Under denna rubrik kommer Ida K&amp;aring;hlin reflektera &amp;ouml;ver hur &amp;ouml;verg&amp;aring;ngen mot en alltmer personcentrerad och digitaliserad h&amp;auml;lso- och sjukv&amp;aring;rd kan st&amp;ouml;dja &amp;rdquo;r&amp;auml;tt&amp;rdquo; h&amp;auml;lso- och sjukv&amp;aring;rd och d&amp;auml;rmed bidra till en mer j&amp;auml;mlik h&amp;auml;lsa som st&amp;ouml;djer en h&amp;aring;llbar samh&amp;auml;llsutveckling.&lt;\/p&gt;\n&lt;p&gt;Ida kommer ocks&amp;aring; diskutera betydelsen av att vi i framtidens h&amp;auml;lso- och sjukv&amp;aring;rd m&amp;aring;ste ha ett tydligare f&amp;ouml;rebyggande och h&amp;auml;lsofr&amp;auml;mjande f&amp;ouml;rh&amp;aring;llningss&amp;auml;tt&lt;\/p&gt;\n&lt;\/td&gt;\n&lt;\/tr&gt;\n&lt;\/tbody&gt;\n&lt;\/table&gt;&lt;br&gt;&lt;br&gt;\"\n                data-category=\"Arbetsterapeut,Fysioterapeut,L\u00e4kare,Sjuksk\u00f6terska,Undersk\u00f6terska\"\n                data-category-ids=\"53,54,47,48,50\"\n                data-span-all=\"\"\n              >\n\n              \n\n              <div class=\"vertical_bar\" style=\"background-color: #4354b1;\"><\/div>\n              <div class=\"box_inner\">\n                                <span>R\u00e4tt patient, i r\u00e4tt tid, p\u00e5 r\u00e4tt s\u00e4tt och p\u00e5 r\u00e4tt plats, men sen d\u00e5? - Ida K\u00e5hlin<\/span>\n               <br>\n               <div class=\"lecturer\"><span>Sarah Nyman<\/span><\/div>\n               <div class=\"room_div \">\n                 <i class=\"list-room\">Vingen 8<\/i>\n               <\/div>\n\n               <div class=\"name_time_div\">\n                <i class=\"list-time\" data-time=\"08:00\">08:00-08:40 - Onsdag 28 augusti<\/i>\n               <\/div>\n              <\/div>\n             <\/div>\n          <\/div>\n\n          \n          <div class=\"box-wrapper\"\n              data-id=\"3a277db3-751a-4ede-ad2b-3d3aff7e7498\">\n\n              <div class='time-header'>08:40<\/div>\n\n              <div class=\"box\"\n                data-id=\"3a277db3-751a-4ede-ad2b-3d3aff7e7498\"\n                data-project=\"a44f2645-f465-4d20-9d12-e82cf6d97f2d\"\n                data-title=\"Sm\u00e4rta och sm\u00e4rtbehandling f\u00f6r den ortopediska patienten - Mia Berg\"\n                data-time=\"08:40-09:40\"\n                data-room=\"Vingen 3+4\"\n                data-room-id=\"8d4e3eca-bf06-4071-a254-2a1e33b1a8fd\"\n                data-room-name=\"Vingen 3+4\"\n                data-day=\"2\"\n                data-abs-nbr=\"\"\n                data-abs-path=\"\"\n                data-speaker=\"Mia Berg\"\n                data-speakercell=\"Mia Berg\"\n                data-info=\"&lt;b&gt;Moderatorer: &lt;\/b&gt;Eva Alpeus; Maria T\u00f6rnborg&lt;br&gt;&lt;br&gt;&lt;table&gt;\n&lt;tbody&gt;\n&lt;tr&gt;\n&lt;td&gt;F&amp;ouml;rel&amp;auml;sningen kommer att handla om sm&amp;auml;rtskattning, sm&amp;auml;rtfysiologi samt behandling (farmaka\/icke farmaka) med koppling till patientfall.&lt;\/td&gt;\n&lt;\/tr&gt;\n&lt;\/tbody&gt;\n&lt;\/table&gt;&lt;br&gt;&lt;br&gt;\"\n                data-category=\"Sjuksk\u00f6terska,Operationssk\u00f6terska,L\u00e4kare,Undersk\u00f6terska,Arbetsterapeut\"\n                data-category-ids=\"48,49,47,50,53\"\n                data-span-all=\"\"\n              >\n\n              \n\n              <div class=\"vertical_bar\" style=\"background-color: #36acf1;\"><\/div>\n              <div class=\"box_inner\">\n                                <span>Sm\u00e4rta och sm\u00e4rtbehandling f\u00f6r den ortopediska patienten - Mia Berg<\/span>\n               <br>\n               <div class=\"lecturer\"><span>Eva Alpeus; Maria T\u00f6rnborg<\/span><\/div>\n               <div class=\"room_div \">\n                 <i class=\"list-room\">Vingen 3+4<\/i>\n               <\/div>\n\n               <div class=\"name_time_div\">\n                <i class=\"list-time\" data-time=\"08:40\">08:40-09:40 - Onsdag 28 augusti<\/i>\n               <\/div>\n              <\/div>\n             <\/div>\n          <\/div>\n\n          \n          <div class=\"box-wrapper\"\n              data-id=\"650f615f-69c2-4a18-bc7b-537f3cf70d2f\">\n\n              <div class='time-header'>08:50<\/div>\n\n              <div class=\"box\"\n                data-id=\"650f615f-69c2-4a18-bc7b-537f3cf70d2f\"\n                data-project=\"a44f2645-f465-4d20-9d12-e82cf6d97f2d\"\n                data-title=\"Fria f\u00f6redrag III\"\n                data-time=\"08:50-09:45\"\n                data-room=\"Hemerycksalen\"\n                data-room-id=\"8d4e3eae-ee44-4f61-99bc-620941ba8aab\"\n                data-room-name=\"Hemerycksalen\"\n                data-day=\"2\"\n                data-abs-nbr=\"\"\n                data-abs-path=\"\"\n                data-speaker=\"\"\n                data-speakercell=\"\"\n                data-info=\"&lt;b&gt;Moderator: &lt;\/b&gt;Jonas Werner&lt;br&gt;&lt;br&gt;08:50-09:01: A Qualitative Study on the Surgeon Experience During the Treatment of  Prosthetic Joint Infections&lt;br&gt;&lt;small&gt;Karin Svensson&lt;\/small&gt;&lt;br&gt;&lt;small&gt;&lt;a href='https:\/\/aic-atlas.s3.eu-north-1.amazonaws.com\/projects\/a44f2645-f465-4d20-9d12-e82cf6d97f2d\/documents\/VwJsQhXioAogupcmNYDzDc6rkFfZ6xjOIhHmcx3H.html' target='_blank'&gt;Show abstract&lt;\/a&gt;&lt;\/small&gt;&lt;br&gt;&lt;br\/&gt;09:01-09:12: Low dose CT based implant motion analysis is a precise tool for early migration measurements in hip prosthesis: a clinical study of 24 patients&lt;br&gt;&lt;small&gt;Cyrus Broden&lt;\/small&gt;&lt;br&gt;&lt;small&gt;&lt;a href='https:\/\/aic-atlas.s3.eu-north-1.amazonaws.com\/projects\/a44f2645-f465-4d20-9d12-e82cf6d97f2d\/documents\/xJwTAlTqT1MvryAJm8UhLqPTHJ5FwP6JJXI9cjxF.html' target='_blank'&gt;Show abstract&lt;\/a&gt;&lt;\/small&gt;&lt;br&gt;&lt;br\/&gt;09:12-09:23: Occult hip prosthetic loosening diagnosed by [18F]fluoride-PET\/CT.&lt;br&gt;&lt;small&gt;G\u00f6sta Ullmark&lt;\/small&gt;&lt;br&gt;&lt;small&gt;&lt;a href='https:\/\/aic-atlas.s3.eu-north-1.amazonaws.com\/projects\/a44f2645-f465-4d20-9d12-e82cf6d97f2d\/documents\/Zff6GBlB0MzsMJquZqxnSgSoAUCYp65cuuLY8vRI.html' target='_blank'&gt;Show abstract&lt;\/a&gt;&lt;\/small&gt;&lt;br&gt;&lt;br\/&gt;09:23-09:34: PREOPERATIVE GAIT BIOMECHANICS AND ITS RELATIONSHIP TO FUNCTIONAL OUTCOME FOLLOWING TOTAL HIP ARTHROPLASTY.&lt;br&gt;&lt;small&gt;Josefine Eriksson Naili&lt;\/small&gt;&lt;br&gt;&lt;small&gt;&lt;a href='https:\/\/aic-atlas.s3.eu-north-1.amazonaws.com\/projects\/a44f2645-f465-4d20-9d12-e82cf6d97f2d\/documents\/utdZu3WpdX2H8ibokl7VJmu3BPsKhnHxc3npED9z.html' target='_blank'&gt;Show abstract&lt;\/a&gt;&lt;\/small&gt;&lt;br&gt;&lt;br\/&gt;09:34-09:45: Similar results after 1 year with use of an anatomically shaped or a straight uncemented stem&lt;br&gt;&lt;small&gt;Goran Puretic&lt;\/small&gt;&lt;br&gt;&lt;small&gt;&lt;a href='https:\/\/aic-atlas.s3.eu-north-1.amazonaws.com\/projects\/a44f2645-f465-4d20-9d12-e82cf6d97f2d\/documents\/YZ3smFezu6rkAPRzKnuvJyjTealRuQsnoxcqrI5N.html' target='_blank'&gt;Show abstract&lt;\/a&gt;&lt;\/small&gt;\"\n                data-category=\"Arbetsterapeut,Fysioterapeut,Gipstekniker,L\u00e4kare,Operationssk\u00f6terska,Sjuksk\u00f6terska,Undersk\u00f6terska,V\u00e5rdadministrat\u00f6r\"\n                data-category-ids=\"53,54,51,47,49,48,50,52\"\n                data-span-all=\"\"\n              >\n\n              \n\n              <div class=\"vertical_bar\" style=\"background-color: #4354b1;\"><\/div>\n              <div class=\"box_inner\">\n                                <span>Fria f\u00f6redrag III<\/span>\n               <br>\n               <div class=\"lecturer\"><span>Jonas Werner<\/span><\/div>\n               <div class=\"room_div \">\n                 <i class=\"list-room\">Hemerycksalen<\/i>\n               <\/div>\n\n               <div class=\"name_time_div\">\n                <i class=\"list-time\" data-time=\"08:50\">08:50-09:45 - Onsdag 28 augusti<\/i>\n               <\/div>\n              <\/div>\n             <\/div>\n          <\/div>\n\n          \n          <div class=\"box-wrapper\"\n              data-id=\"4fe3166a-bf74-44bf-a4f1-65378b2caa72\">\n\n              <div class='time-header' style='visibility: hidden;'>08:50<\/div>\n\n              <div class=\"box\"\n                data-id=\"4fe3166a-bf74-44bf-a4f1-65378b2caa72\"\n                data-project=\"a44f2645-f465-4d20-9d12-e82cf6d97f2d\"\n                data-title=\"Registerbaserade randomiserade kliniska pr\u00f6vningar inom svensk ortopedi. Ett svar p\u00e5 sv\u00e5ra fr\u00e5gor?\"\n                data-time=\"08:50-09:40\"\n                data-room=\"Vingen 8\"\n                data-room-id=\"8d4e3f20-50f4-4f2e-9fe7-20d3f379e9fc\"\n                data-room-name=\"Vingen 8\"\n                data-day=\"2\"\n                data-abs-nbr=\"\"\n                data-abs-path=\"\"\n                data-speaker=\"\"\n                data-speakercell=\"\"\n                data-info=\"&lt;b&gt;Moderator: &lt;\/b&gt;Olof Sk\u00f6ldenberg&lt;br&gt;&lt;br&gt;&lt;p&gt;Register-baserade randomiserade kliniska pr&amp;ouml;vningar (rRCT) inneb&amp;auml;r att man anv&amp;auml;nder befintliga register som en del i sin kliniska pr&amp;ouml;vning. Beroende p&amp;aring; studieuppl&amp;auml;gg kan rRCT anv&amp;auml;ndas f&amp;ouml;r b&amp;aring;de randomisering, datalagring och uppf&amp;ouml;ljning av stora patientkohorter. Sverige har, med sina v&amp;auml;lsk&amp;ouml;tta register, et definitivt f&amp;ouml;rspr&amp;aring;ng gentemot andra l&amp;auml;nder att genomf&amp;ouml;ra dessa typer av studier som med f&amp;ouml;rdel kan anv&amp;auml;ndas f&amp;ouml;r s&amp;aring; kallade &amp;rdquo;s&amp;auml;llan-h&amp;auml;ndelser&amp;rdquo; som d&amp;ouml;d, infektion etc. Svenska kardiologer har via SWEDEHEART framg&amp;aring;ngsrikt genomf&amp;ouml;rt detta och vi presenterar i detta symposium n&amp;aring;gra p&amp;aring;g&amp;aring;ende och planerad rRCT studier inom svensk ortopedi.&lt;\/p&gt;\n&lt;p&gt;&amp;nbsp;&lt;\/p&gt;\n&lt;p&gt;&amp;nbsp;&lt;\/p&gt;&lt;br&gt;&lt;br&gt;08:50-08:58: Introduktion till registerbaserade randomiserade kliniska pr\u00f6vningar (R-RCT&lt;br&gt;&lt;small&gt;Nils Hailer&lt;\/small&gt;&lt;br&gt;&lt;br\/&gt;08:58-09:06: EPOS-studien, Luftrenare p\u00e5 operationssalar, en p\u00e5g\u00e5ende svensk r-RCT&lt;br&gt;&lt;small&gt;Anders Persson&lt;\/small&gt;&lt;br&gt;&lt;br\/&gt;09:06-09:14: HipSTHeR-studien, Skruvar eller h\u00f6ftprotes vid fraktur p\u00e5 l\u00e5rbenshalsen hos \u00e4ldre patienter med ringa felst\u00e4lld fraktur&lt;br&gt;&lt;small&gt;Olle Wolf&lt;\/small&gt;&lt;br&gt;&lt;br\/&gt;09:14-09:22: DUALITY, Dubbelledad ledpanna eller standardledpanna vid felst\u00e4lld l\u00e5rbenshalsfraktur&lt;br&gt;&lt;small&gt;Nils Hailer&lt;\/small&gt;&lt;br&gt;&lt;br\/&gt;09:22-09:30: Infektionsstudien&lt;br&gt;&lt;small&gt;Sebastian Mukka&lt;\/small&gt;&lt;br&gt;&lt;br\/&gt;09:30-09:40: Diskussion och fr\u00e5gor samt kort om Referensgruppen f\u00f6r rRCT som startat upp i Frakturregistrets regi\"\n                data-category=\"L\u00e4kare\"\n                data-category-ids=\"47\"\n                data-span-all=\"\"\n              >\n\n              \n\n              <div class=\"vertical_bar\" style=\"background-color: #eb303a;\"><\/div>\n              <div class=\"box_inner\">\n                                <span>Registerbaserade randomiserade kliniska pr\u00f6vningar inom svensk ortopedi. Ett svar p\u00e5 sv\u00e5ra fr\u00e5gor?<\/span>\n               <br>\n               <div class=\"lecturer\"><span>Olof Sk\u00f6ldenberg<\/span><\/div>\n               <div class=\"room_div \">\n                 <i class=\"list-room\">Vingen 8<\/i>\n               <\/div>\n\n               <div class=\"name_time_div\">\n                <i class=\"list-time\" data-time=\"08:50\">08:50-09:40 - Onsdag 28 augusti<\/i>\n               <\/div>\n              <\/div>\n             <\/div>\n          <\/div>\n\n          \n          <div class=\"box-wrapper\"\n              data-id=\"c36c0275-524d-48fe-94df-ed17f2699ac4\">\n\n              <div class='time-header'>09:00<\/div>\n\n              <div class=\"box\"\n                data-id=\"c36c0275-524d-48fe-94df-ed17f2699ac4\"\n                data-project=\"a44f2645-f465-4d20-9d12-e82cf6d97f2d\"\n                data-title=\"Bakjoursskolan\"\n                data-time=\"09:00-09:30\"\n                data-room=\"De Geerhallen\"\n                data-room-id=\"8d4e3dd9-ce4c-4323-b414-2740c00d9454\"\n                data-room-name=\"De Geerhallen\"\n                data-day=\"2\"\n                data-abs-nbr=\"\"\n                data-abs-path=\"\"\n                data-speaker=\"Peter Str\u00f6m; Carl Ekholm; Ralph Hasserius\"\n                data-speakercell=\"Peter Str\u00f6m; Carl Ekholm; Ralph Hasserius\"\n                data-info=\"&lt;b&gt;Moderator: &lt;\/b&gt;Lars Adolfsson&lt;br&gt;&lt;br&gt;&lt;table&gt;\n&lt;tbody&gt;\n&lt;tr&gt;\n&lt;td&gt;SOF&amp;acute;s bakjoursskola har fortsatt enligt planerat program och &amp;ouml;verlag bem&amp;ouml;tts med lovord. Under v&amp;aring;ren &amp;auml;r delkurs tre inbokad f&amp;ouml;r den f&amp;ouml;rsta kullen. F&amp;ouml;rutom aktuell information om bakjoursskolan kommer beskrivning av kursmoment &quot;&amp;ouml;vre extremitet&quot;, &amp;nbsp;&quot;rygg&quot; och &quot;ledarskap&quot;&amp;nbsp;att ges.&lt;\/td&gt;\n&lt;\/tr&gt;\n&lt;\/tbody&gt;\n&lt;\/table&gt;&lt;br&gt;&lt;br&gt;\"\n                data-category=\"L\u00e4kare\"\n                data-category-ids=\"47\"\n                data-span-all=\"\"\n              >\n\n              \n\n              <div class=\"vertical_bar\" style=\"background-color: #eb303a;\"><\/div>\n              <div class=\"box_inner\">\n                                <span>Bakjoursskolan<\/span>\n               <br>\n               <div class=\"lecturer\"><span>Lars Adolfsson<\/span><\/div>\n               <div class=\"room_div \">\n                 <i class=\"list-room\">De Geerhallen<\/i>\n               <\/div>\n\n               <div class=\"name_time_div\">\n                <i class=\"list-time\" data-time=\"09:00\">09:00-09:30 - Onsdag 28 augusti<\/i>\n               <\/div>\n              <\/div>\n             <\/div>\n          <\/div>\n\n          \n          <div class=\"box-wrapper\"\n              data-id=\"7589157a-b7fc-48dd-bacd-51cd842e7cde\">\n\n              <div class='time-header'>10:15<\/div>\n\n              <div class=\"box\"\n                data-id=\"7589157a-b7fc-48dd-bacd-51cd842e7cde\"\n                data-project=\"a44f2645-f465-4d20-9d12-e82cf6d97f2d\"\n                data-title=\"Unga Artrospatienter\"\n                data-time=\"10:15-11:15\"\n                data-room=\"De Geerhallen\"\n                data-room-id=\"8d4e3dd9-ce4c-4323-b414-2740c00d9454\"\n                data-room-name=\"De Geerhallen\"\n                data-day=\"2\"\n                data-abs-nbr=\"\"\n                data-abs-path=\"\"\n                data-speaker=\"\"\n                data-speakercell=\"\"\n                data-info=\"&lt;b&gt;Moderator: &lt;\/b&gt;Nils Hailer&lt;br&gt;&lt;br&gt;&lt;table&gt;\n&lt;tbody&gt;\n&lt;tr&gt;\n&lt;td&gt;\n&lt;p&gt;&quot;Challenging: The Young Patient with Knee Osteoarthritis&quot;&lt;\/p&gt;\n&lt;p&gt;Den unge patienten med artros i kn&amp;auml;leden &amp;auml;r en utmaning. Funktionskraven &amp;auml;r h&amp;ouml;ga, samtidigt som implantat&amp;ouml;verlevnaden &amp;auml;r s&amp;auml;mre f&amp;ouml;r yngre patienter. Patienterna, och vi som m&amp;ouml;ter dem, har m&amp;aring;nga fr&amp;aring;gor:&lt;br \/&gt;&lt;br \/&gt;- &amp;Auml;r det patientrapporterade utfallet f&amp;ouml;r yngre med kn&amp;auml;protes genomg&amp;aring;ende s&amp;auml;mre &amp;auml;n f&amp;ouml;r &amp;auml;ldre, eller finns undantag? Och vilka av de unga blir n&amp;ouml;jdast?&lt;br \/&gt;- Ska man undvika totalprotes? Och om vi g&amp;ouml;r det &amp;auml;nd&amp;aring;: Hur?&lt;br \/&gt;- Ska unga med kn&amp;auml;protes ha en annan rehabilitering &amp;auml;n v&amp;aring;ra &amp;auml;ldre patienter?&lt;br \/&gt;- Och har den explosionsartade utvecklingen av nya implantat f&amp;ouml;rb&amp;auml;ttrat resultaten?&lt;br \/&gt;&lt;br \/&gt;Deltagarna i detta symposium f&amp;ouml;rs&amp;ouml;ker reda ut begreppen, och Leo Whiteside kommer med tips fr&amp;aring;n verkstadsgolvet.&lt;\/p&gt;\n&lt;p&gt;&amp;nbsp;&lt;\/p&gt;\n&lt;p&gt;Symposiet h&amp;aring;lls p&amp;aring; Engelska.&lt;\/p&gt;\n&lt;\/td&gt;\n&lt;\/tr&gt;\n&lt;\/tbody&gt;\n&lt;\/table&gt;&lt;br&gt;&lt;br&gt;10:15-10:30: Implant survival and patient-reported outcomes in the young knee OA patient. Always worse than in the elderly?&lt;br&gt;&lt;small&gt;Anette W-Dahl&lt;\/small&gt;&lt;br&gt;&lt;br\/&gt;10:30-10:45: How do I do it? Indications and technical tips for TKA in the young patient&lt;br&gt;&lt;small&gt;Leo Whiteside&lt;\/small&gt;&lt;br&gt;&lt;br\/&gt;10:45-11:00: Postoperative rehabilitation and restrictions after TKA in the young: Any different from \u201dstandard procedure\u201d?&lt;br&gt;&lt;small&gt;Per Wretenberg&lt;\/small&gt;&lt;br&gt;&lt;br\/&gt;11:00-11:15: Can technology help us? An analysis of implant survival and PROM over the last decades&lt;br&gt;&lt;small&gt;Anders Troelsen&lt;\/small&gt;\"\n                data-category=\"L\u00e4kare,Fysioterapeut\"\n                data-category-ids=\"47,54\"\n                data-span-all=\"\"\n              >\n\n              \n\n              <div class=\"vertical_bar\" style=\"background-color: #eb303a;\"><\/div>\n              <div class=\"box_inner\">\n                                <span>Unga Artrospatienter<\/span>\n               <br>\n               <div class=\"lecturer\"><span>Nils Hailer<\/span><\/div>\n               <div class=\"room_div \">\n                 <i class=\"list-room\">De Geerhallen<\/i>\n               <\/div>\n\n               <div class=\"name_time_div\">\n                <i class=\"list-time\" data-time=\"10:15\">10:15-11:15 - Onsdag 28 augusti<\/i>\n               <\/div>\n              <\/div>\n             <\/div>\n          <\/div>\n\n          \n          <div class=\"box-wrapper\"\n              data-id=\"f909d445-bb7f-4b13-86c4-025c1c07046d\">\n\n              <div class='time-header' style='visibility: hidden;'>10:15<\/div>\n\n              <div class=\"box\"\n                data-id=\"f909d445-bb7f-4b13-86c4-025c1c07046d\"\n                data-project=\"a44f2645-f465-4d20-9d12-e82cf6d97f2d\"\n                data-title=\"30 years of distal radius fractures - Daniel Rikli\"\n                data-time=\"10:15-10:45\"\n                data-room=\"Flygeln\"\n                data-room-id=\"8d4e3e47-b348-40db-af90-fc05f2c56604\"\n                data-room-name=\"Flygeln\"\n                data-day=\"2\"\n                data-abs-nbr=\"\"\n                data-abs-path=\"\"\n                data-speaker=\"Daniel Rikli\"\n                data-speakercell=\"Daniel Rikli\"\n                data-info=\"&lt;b&gt;Moderator: &lt;\/b&gt;Lars Adolfsson&lt;br&gt;&lt;br&gt;&lt;p&gt;Professor Daniel Rikli, Basel, Schweiz, har arbetat med handledstrauma sedan mitten av nittiotalet och var med och utvecklade den f&amp;ouml;rsta generationens vinkelstabila plattor f&amp;ouml;r radiusfrakturer.&lt;br \/&gt;Han kommer att ge en tillbakablick p&amp;aring; behandling av radiusfrakturer under de senaste 30 &amp;aring;ren och de koncept som utvecklats samt de sv&amp;aring;righeter vi st&amp;aring;r inf&amp;ouml;r idag vid val av behandling av framf&amp;ouml;rallt &amp;auml;ldre.&lt;\/p&gt;&lt;br&gt;&lt;br&gt;\"\n                data-category=\"L\u00e4kare,Arbetsterapeut,Fysioterapeut\"\n                data-category-ids=\"47,53,54\"\n                data-span-all=\"\"\n              >\n\n              \n\n              <div class=\"vertical_bar\" style=\"background-color: #eb303a;\"><\/div>\n              <div class=\"box_inner\">\n                                <span>30 years of distal radius fractures - Daniel Rikli<\/span>\n               <br>\n               <div class=\"lecturer\"><span>Lars Adolfsson<\/span><\/div>\n               <div class=\"room_div \">\n                 <i class=\"list-room\">Flygeln<\/i>\n               <\/div>\n\n               <div class=\"name_time_div\">\n                <i class=\"list-time\" data-time=\"10:15\">10:15-10:45 - Onsdag 28 augusti<\/i>\n               <\/div>\n              <\/div>\n             <\/div>\n          <\/div>\n\n          \n          <div class=\"box-wrapper\"\n              data-id=\"b4405e29-997d-4dfc-bac7-8d36543bbaf6\">\n\n              <div class='time-header' style='visibility: hidden;'>10:15<\/div>\n\n              <div class=\"box\"\n                data-id=\"b4405e29-997d-4dfc-bac7-8d36543bbaf6\"\n                data-project=\"a44f2645-f465-4d20-9d12-e82cf6d97f2d\"\n                data-title=\"Den utmanande patienten - Johan Scheer och \u00c5sa Kadowaki\"\n                data-time=\"10:15-11:45\"\n                data-room=\"Vingen 6+7\"\n                data-room-id=\"8d4e3f03-823f-4178-82f7-5d246c0bd647\"\n                data-room-name=\"Vingen 6+7\"\n                data-day=\"2\"\n                data-abs-nbr=\"\"\n                data-abs-path=\"\"\n                data-speaker=\"Johan Scheer; \u00c5sa Kadowaki\"\n                data-speakercell=\"Johan Scheer; \u00c5sa Kadowaki\"\n                data-info=\"&lt;p&gt;Patienten s&amp;auml;ger: &quot;Om inte du skriver ut Tradolan s&amp;aring; kommer jag k&amp;ouml;pa p&amp;aring; n&amp;auml;tet.&quot; &quot;Om du inte sjukskriver mig s&amp;aring; kommer jag anm&amp;auml;la dig.&quot; &quot;Jag blev s&amp;auml;mre av &amp;ouml;vningarna fr&amp;aring;n sjukgymnasten. Jag vill ha en ny r&amp;ouml;ntgen och att du garanterar mig att jag inte kommer bli s&amp;auml;mre.&quot;&lt;\/p&gt;\n&lt;p&gt;L&amp;auml;karens auktoritet har precis som l&amp;auml;rarnas, monterats ned och patientkunden har r&amp;auml;tten p&amp;aring; sin sida. Eller? En ortoped och en psykiater rollspelar utmanande situationer med fokus p&amp;aring; att kunna g&amp;ouml;ra det som &amp;auml;r r&amp;auml;tt trots utebliven direkt bel&amp;ouml;ning.&lt;\/p&gt;&lt;br&gt;&lt;br&gt;\"\n                data-category=\"Arbetsterapeut,Fysioterapeut,L\u00e4kare,Operationssk\u00f6terska,Sjuksk\u00f6terska,Undersk\u00f6terska,V\u00e5rdadministrat\u00f6r\"\n                data-category-ids=\"53,54,47,49,48,50,52\"\n                data-span-all=\"\"\n              >\n\n              \n\n              <div class=\"vertical_bar\" style=\"background-color: #4354b1;\"><\/div>\n              <div class=\"box_inner\">\n                                <span>Den utmanande patienten - Johan Scheer och \u00c5sa Kadowaki<\/span>\n               <br>\n               \n               <div class=\"room_div \">\n                 <i class=\"list-room\">Vingen 6+7<\/i>\n               <\/div>\n\n               <div class=\"name_time_div\">\n                <i class=\"list-time\" data-time=\"10:15\">10:15-11:45 - Onsdag 28 augusti<\/i>\n               <\/div>\n              <\/div>\n             <\/div>\n          <\/div>\n\n          \n          <div class=\"box-wrapper\"\n              data-id=\"422df6cf-3122-4b78-a55d-939e08bc6226\">\n\n              <div class='time-header'>10:20<\/div>\n\n              <div class=\"box\"\n                data-id=\"422df6cf-3122-4b78-a55d-939e08bc6226\"\n                data-project=\"a44f2645-f465-4d20-9d12-e82cf6d97f2d\"\n                data-title=\"Ortopeddiagnostikens ABC\"\n                data-time=\"10:20-11:40\"\n                data-room=\"Hemerycksalen\"\n                data-room-id=\"8d4e3eae-ee44-4f61-99bc-620941ba8aab\"\n                data-room-name=\"Hemerycksalen\"\n                data-day=\"2\"\n                data-abs-nbr=\"\"\n                data-abs-path=\"\"\n                data-speaker=\"\"\n                data-speakercell=\"\"\n                data-info=\"&lt;b&gt;Moderator: &lt;\/b&gt;Markus Wald\u00e9n&lt;br&gt;&lt;br&gt;&lt;table&gt;\n&lt;tbody&gt;\n&lt;tr&gt;\n&lt;td&gt;\n&lt;table&gt;\n&lt;tbody&gt;\n&lt;tr&gt;\n&lt;td&gt;\n&lt;p&gt;Dags att l&amp;auml;mna din komfortzon och g&amp;aring; p&amp;aring; ett symposium med helt grundl&amp;auml;ggande, men tyv&amp;auml;rr &amp;aring;sidosatt, inneh&amp;aring;ll?&lt;\/p&gt;\n&lt;p&gt;I detta symposium f&amp;aring;r du ta del av hela bredden i &amp;rdquo;Ortopeddiagnostikens ABC&amp;rdquo; fr&amp;aring;n klinisk diagnostik till bild- och v&amp;auml;vnadsdiagnostik. Relevanta fr&amp;aring;gest&amp;auml;llningar som kommer att belysas i de ing&amp;aring;ende f&amp;ouml;redragen &amp;auml;r exempelvis:&lt;br \/&gt;M&amp;aring;ste vi verkligen lyssna p&amp;aring; och unders&amp;ouml;ka v&amp;aring;ra patienter fysikaliskt i denna h&amp;ouml;gteknologiska era?&amp;nbsp;&lt;br \/&gt;Hur kommer individualiserade och str&amp;aring;lbesparande metoder p&amp;aring;verka r&amp;ouml;ntgen som diagnostiskt hj&amp;auml;lpmedel?&amp;nbsp;&lt;br \/&gt;Muskuloskeletalt ultraljud &amp;auml;r p&amp;aring; frammarsch, men vilka yrkesgrupper ska\/b&amp;ouml;r anv&amp;auml;nda sig av detta verktyg med l&amp;aring;ng inl&amp;auml;rningskurva?&amp;nbsp;&lt;br \/&gt;Hur maximerar du egentligen informationsutbytet av ditt v&amp;auml;vnadsprov?&lt;\/p&gt;\n&lt;p&gt;&amp;nbsp;&lt;\/p&gt;\n&lt;\/td&gt;\n&lt;\/tr&gt;\n&lt;\/tbody&gt;\n&lt;\/table&gt;\n&lt;\/td&gt;\n&lt;\/tr&gt;\n&lt;\/tbody&gt;\n&lt;\/table&gt;&lt;br&gt;&lt;br&gt;10:20-10:25: Introduktion&lt;br&gt;&lt;small&gt;Markus Wald\u00e9n&lt;\/small&gt;&lt;br&gt;&lt;br\/&gt;10:25-10:40: Vikten av (och begr\u00e4nsningarna med) den kliniska diagnostiken&lt;br&gt;&lt;small&gt;Anna T\u00f6tterman&lt;\/small&gt;&lt;br&gt;&lt;br\/&gt;10:40-10:55: Radiologi: det sj\u00e4tte sinne&lt;br&gt;&lt;small&gt;Maria Lindblom&lt;\/small&gt;&lt;br&gt;&lt;br\/&gt;10:55-11:10: Muskuloskeletalt ultraljud: enkel metod f\u00f6r diagnostik och intervention?&lt;br&gt;&lt;small&gt;Bj\u00f6rn Cratz&lt;\/small&gt;&lt;br&gt;&lt;br\/&gt;11:10-11:25: Detta h\u00e4nder med ditt PAD hos patologen och detta b\u00f6r man t\u00e4nka p\u00e5 n\u00e4r man tar sitt v\u00e4vnadsprov&lt;br&gt;&lt;small&gt;Anna Nedkova&lt;\/small&gt;&lt;br&gt;&lt;br\/&gt;11:25-11:40: Diskussion\"\n                data-category=\"L\u00e4kare,Fysioterapeut\"\n                data-category-ids=\"47,54\"\n                data-span-all=\"\"\n              >\n\n              \n\n              <div class=\"vertical_bar\" style=\"background-color: #eb303a;\"><\/div>\n              <div class=\"box_inner\">\n                                <span>Ortopeddiagnostikens ABC<\/span>\n               <br>\n               <div class=\"lecturer\"><span>Markus Wald\u00e9n<\/span><\/div>\n               <div class=\"room_div \">\n                 <i class=\"list-room\">Hemerycksalen<\/i>\n               <\/div>\n\n               <div class=\"name_time_div\">\n                <i class=\"list-time\" data-time=\"10:20\">10:20-11:40 - Onsdag 28 augusti<\/i>\n               <\/div>\n              <\/div>\n             <\/div>\n          <\/div>\n\n          \n          <div class=\"box-wrapper\"\n              data-id=\"944ed315-e638-4ebc-802a-79ae5cdcdf09\">\n\n              <div class='time-header'>10:30<\/div>\n\n              <div class=\"box\"\n                data-id=\"944ed315-e638-4ebc-802a-79ae5cdcdf09\"\n                data-project=\"a44f2645-f465-4d20-9d12-e82cf6d97f2d\"\n                data-title=\"Uppstartsm\u00f6te Hipsther och Duality-studierna\"\n                data-time=\"10:30-11:30\"\n                data-room=\"Vingen 8\"\n                data-room-id=\"8d4e3f20-50f4-4f2e-9fe7-20d3f379e9fc\"\n                data-room-name=\"Vingen 8\"\n                data-day=\"2\"\n                data-abs-nbr=\"\"\n                data-abs-path=\"\"\n                data-speaker=\"Olle Wolf\"\n                data-speakercell=\"Olle Wolf\"\n                data-info=\"&lt;p&gt;Registerrandomiserade studier st&amp;aring;r f&amp;ouml;r d&amp;ouml;rren. H&amp;auml;r informeras om bakgrund och studiespecifika detaljer inf&amp;ouml;r uppstarten av Hipsther och Duality-studierna.&lt;\/p&gt;&lt;br&gt;&lt;br&gt;\"\n                data-category=\"L\u00e4kare\"\n                data-category-ids=\"47\"\n                data-span-all=\"\"\n              >\n\n              \n\n              <div class=\"vertical_bar\" style=\"background-color: #eb303a;\"><\/div>\n              <div class=\"box_inner\">\n                                <span>Uppstartsm\u00f6te Hipsther och Duality-studierna<\/span>\n               <br>\n               \n               <div class=\"room_div \">\n                 <i class=\"list-room\">Vingen 8<\/i>\n               <\/div>\n\n               <div class=\"name_time_div\">\n                <i class=\"list-time\" data-time=\"10:30\">10:30-11:30 - Onsdag 28 augusti<\/i>\n               <\/div>\n              <\/div>\n             <\/div>\n          <\/div>\n\n          \n          <div class=\"box-wrapper\"\n              data-id=\"2738b4d3-1318-4f50-bfc5-6c9ef940aa8d\">\n\n              <div class='time-header'>10:50<\/div>\n\n              <div class=\"box\"\n                data-id=\"2738b4d3-1318-4f50-bfc5-6c9ef940aa8d\"\n                data-project=\"a44f2645-f465-4d20-9d12-e82cf6d97f2d\"\n                data-title=\"Radiusfrakturer - \u00e4r volar platta alltid r\u00e4tt val?\"\n                data-time=\"10:50-12:10\"\n                data-room=\"Flygeln\"\n                data-room-id=\"8d4e3e47-b348-40db-af90-fc05f2c56604\"\n                data-room-name=\"Flygeln\"\n                data-day=\"2\"\n                data-abs-nbr=\"\"\n                data-abs-path=\"\"\n                data-speaker=\"\"\n                data-speakercell=\"\"\n                data-info=\"&lt;b&gt;Moderator: &lt;\/b&gt;Lars Adolfsson&lt;br&gt;&lt;br&gt;&lt;p&gt;&amp;nbsp;&lt;\/p&gt;\n&lt;table&gt;\n&lt;tbody&gt;\n&lt;tr&gt;\n&lt;td&gt;\n&lt;p&gt;SBU-rapporten &amp;rdquo;armfraktur hos &amp;auml;ldre&amp;rdquo; ger behandlingsrekommendationer f&amp;ouml;r distala radiusfrakturer utan stor felst&amp;auml;llning, men f&amp;ouml;r mer komplicerade frakturer med stor felst&amp;auml;llning saknas vetenskapligt underlag f&amp;ouml;r v&amp;auml;gledning inf&amp;ouml;r val av operationsmetod eller icke-operativ behandling.&amp;nbsp;&lt;\/p&gt;\n&lt;p&gt;Antalet operationer med perkutana fixationsmetoder s&amp;aring;som externfixation och perkutan stiftning minskar, medan antalet operationer med volar platta &amp;ouml;kar och anses generellt vara standardbehandling.&lt;br \/&gt;Kunskapen om frakturspecifika f&amp;ouml;ruts&amp;auml;ttningar och krav p&amp;aring; stabilitet &amp;ouml;kar och utifr&amp;aring;n detta sker en utveckling av fragmentspecifika plattor och fixationsmetoder.&amp;nbsp;&lt;\/p&gt;\n&lt;p&gt;Symposiet syftar till att kartl&amp;auml;gga det vetenskapliga och erfarenhetsbaserade underlaget f&amp;ouml;r olika typer av fixationsmetoder vid distal radiusfraktur samt att uppm&amp;auml;rksamma de typer av frakturer d&amp;auml;r volar platta inte &amp;auml;r det r&amp;auml;tta valet.&amp;nbsp;&lt;\/p&gt;\n&lt;p&gt;&amp;nbsp;&lt;\/p&gt;\n&lt;\/td&gt;\n&lt;\/tr&gt;\n&lt;\/tbody&gt;\n&lt;\/table&gt;&lt;br&gt;&lt;br&gt;10:50-10:55: Inledning&lt;br&gt;&lt;small&gt;Lars Adolfsson&lt;\/small&gt;&lt;br&gt;&lt;br\/&gt;10:55-11:05: Vilka typer av frakturer b\u00f6r inte opereras med volar platta&lt;br&gt;&lt;small&gt;Carl Ekholm&lt;\/small&gt;&lt;br&gt;&lt;br\/&gt;11:05-11:15: Exfix el perkutana stift vs volar platta&lt;br&gt;&lt;small&gt;Cecilia Mellstrand Navarro&lt;\/small&gt;&lt;br&gt;&lt;br\/&gt;11:15-11:25: Fragmentspecifika plattor vs volar platta&lt;br&gt;&lt;small&gt;Magnus T\u00e4gil&lt;\/small&gt;&lt;br&gt;&lt;br\/&gt;11:25-11:35: Fixation av ulnafx\/reparation av TFCC i kombination med volar platta vs enbart volar platta&lt;br&gt;&lt;small&gt;Lars Adolfsson&lt;\/small&gt;&lt;br&gt;&lt;br\/&gt;11:35-11:40: Kort paus&lt;br&gt;&lt;br\/&gt;11:40-12:10: Paneldiskussion utifr\u00e5n fall med f\u00f6rel\u00e4sare samt D. Rikli i panelen.\"\n                data-category=\"L\u00e4kare,Arbetsterapeut\"\n                data-category-ids=\"47,53\"\n                data-span-all=\"\"\n              >\n\n              \n\n              <div class=\"vertical_bar\" style=\"background-color: #eb303a;\"><\/div>\n              <div class=\"box_inner\">\n                                <span>Radiusfrakturer - \u00e4r volar platta alltid r\u00e4tt val?<\/span>\n               <br>\n               <div class=\"lecturer\"><span>Lars Adolfsson<\/span><\/div>\n               <div class=\"room_div \">\n                 <i class=\"list-room\">Flygeln<\/i>\n               <\/div>\n\n               <div class=\"name_time_div\">\n                <i class=\"list-time\" data-time=\"10:50\">10:50-12:10 - Onsdag 28 augusti<\/i>\n               <\/div>\n              <\/div>\n             <\/div>\n          <\/div>\n\n          \n          <div class=\"box-wrapper\"\n              data-id=\"a716fb80-8440-47b6-9ee5-2519dfbbe7c0\">\n\n              <div class='time-header'>11:20<\/div>\n\n              <div class=\"box\"\n                data-id=\"a716fb80-8440-47b6-9ee5-2519dfbbe7c0\"\n                data-project=\"a44f2645-f465-4d20-9d12-e82cf6d97f2d\"\n                data-title=\"H\u00f6ft- och kn\u00e4proteser - Vad har h\u00e4nt i Sverige det senaste decenniet\"\n                data-time=\"11:20-12:00\"\n                data-room=\"De Geerhallen\"\n                data-room-id=\"8d4e3dd9-ce4c-4323-b414-2740c00d9454\"\n                data-room-name=\"De Geerhallen\"\n                data-day=\"2\"\n                data-abs-nbr=\"\"\n                data-abs-path=\"\"\n                data-speaker=\"\"\n                data-speakercell=\"\"\n                data-info=\"&lt;b&gt;Moderator: &lt;\/b&gt;Urban Berg&lt;br&gt;&lt;br&gt;&lt;table&gt;\n&lt;tbody&gt;\n&lt;tr&gt;\n&lt;td&gt;\n&lt;table&gt;\n&lt;tbody&gt;\n&lt;tr&gt;\n&lt;td&gt;\n&lt;p&gt;I detta seminarium g&amp;aring;r vi igenom aktuella trender inom H&amp;ouml;ft- och kn&amp;auml;proteskirurgi med fokus p&amp;aring; s&amp;aring; kallad fast-track kirurgi. Hur detta kan g&amp;aring; till b&amp;aring;de hos privata och offentliga v&amp;aring;rdgivare visas med exempel.&lt;\/p&gt;\n&lt;\/td&gt;\n&lt;\/tr&gt;\n&lt;\/tbody&gt;\n&lt;\/table&gt;\n&lt;\/td&gt;\n&lt;\/tr&gt;\n&lt;\/tbody&gt;\n&lt;\/table&gt;&lt;br&gt;&lt;br&gt;11:20-11:30: Bakgrund&lt;br&gt;&lt;small&gt;Urban Berg&lt;\/small&gt;&lt;br&gt;&lt;br\/&gt;11:30-11:40: Fast-track \u2013 H\u00f6gvolymperspektiv privata v\u00e5rdgivare&lt;br&gt;&lt;small&gt;Per Juan Kernell&lt;\/small&gt;&lt;br&gt;&lt;br\/&gt;11:40-11:50: Fast-track -  Universitetssjukhus M\u00f6lndal&lt;br&gt;&lt;small&gt;Ola Rolfson&lt;\/small&gt;&lt;br&gt;&lt;br\/&gt;11:50-12:00: Diskussion\"\n                data-category=\"L\u00e4kare\"\n                data-category-ids=\"47\"\n                data-span-all=\"\"\n              >\n\n              \n\n              <div class=\"vertical_bar\" style=\"background-color: #eb303a;\"><\/div>\n              <div class=\"box_inner\">\n                                <span>H\u00f6ft- och kn\u00e4proteser - Vad har h\u00e4nt i Sverige det senaste decenniet<\/span>\n               <br>\n               <div class=\"lecturer\"><span>Urban Berg<\/span><\/div>\n               <div class=\"room_div \">\n                 <i class=\"list-room\">De Geerhallen<\/i>\n               <\/div>\n\n               <div class=\"name_time_div\">\n                <i class=\"list-time\" data-time=\"11:20\">11:20-12:00 - Onsdag 28 augusti<\/i>\n               <\/div>\n              <\/div>\n             <\/div>\n          <\/div>\n\n          \n          <div class=\"box-wrapper\"\n              data-id=\"3fd33a62-ac32-49a2-a602-5f71074bd389\">\n\n              <div class='time-header'>13:00<\/div>\n\n              <div class=\"box\"\n                data-id=\"3fd33a62-ac32-49a2-a602-5f71074bd389\"\n                data-project=\"a44f2645-f465-4d20-9d12-e82cf6d97f2d\"\n                data-title=\"Vem Styr Sjukv\u00e5rden?\"\n                data-time=\"13:00-14:20\"\n                data-room=\"De Geerhallen\"\n                data-room-id=\"8d4e3dd9-ce4c-4323-b414-2740c00d9454\"\n                data-room-name=\"De Geerhallen\"\n                data-day=\"2\"\n                data-abs-nbr=\"\"\n                data-abs-path=\"\"\n                data-speaker=\"Widar Andersson; Lars Stjernkvist; Marie Morell\"\n                data-speakercell=\"Widar Andersson; Lars Stjernkvist; Marie Morell\"\n                data-info=\"&lt;b&gt;Moderator: &lt;\/b&gt;Helene Andersson Molina&lt;br&gt;&lt;br&gt;&lt;p&gt;&amp;nbsp;&lt;\/p&gt;\n&lt;table&gt;\n&lt;tbody&gt;\n&lt;tr&gt;\n&lt;td&gt;Svensk sjukv&amp;aring;rd &amp;auml;r solidariskt finansierad, skattemedel f&amp;ouml;rdelas av politiker. Tj&amp;auml;nstem&amp;auml;n utarbetar underlag som politiken fattar beslut om och verksamheten sedan utf&amp;ouml;r.&amp;nbsp;&lt;br \/&gt;Men hur blir g&amp;aring;ngen ?&amp;nbsp; Och resultatet? Och ekonomin?&lt;\/td&gt;\n&lt;\/tr&gt;\n&lt;\/tbody&gt;\n&lt;\/table&gt;&lt;br&gt;&lt;br&gt;\"\n                data-category=\"Arbetsterapeut,Fysioterapeut,Gipstekniker,L\u00e4kare,Operationssk\u00f6terska,Sjuksk\u00f6terska,Undersk\u00f6terska,V\u00e5rdadministrat\u00f6r\"\n                data-category-ids=\"53,54,51,47,49,48,50,52\"\n                data-span-all=\"\"\n              >\n\n              \n\n              <div class=\"vertical_bar\" style=\"background-color: #4354b1;\"><\/div>\n              <div class=\"box_inner\">\n                                <span>Vem Styr Sjukv\u00e5rden?<\/span>\n               <br>\n               <div class=\"lecturer\"><span>Helene Andersson Molina<\/span><\/div>\n               <div class=\"room_div \">\n                 <i class=\"list-room\">De Geerhallen<\/i>\n               <\/div>\n\n               <div class=\"name_time_div\">\n                <i class=\"list-time\" data-time=\"13:00\">13:00-14:20 - Onsdag 28 augusti<\/i>\n               <\/div>\n              <\/div>\n             <\/div>\n          <\/div>\n\n          \n          <div class=\"box-wrapper\"\n              data-id=\"1f029ceb-22eb-4876-a810-88fb262493ec\">\n\n              <div class='time-header' style='visibility: hidden;'>13:00<\/div>\n\n              <div class=\"box\"\n                data-id=\"1f029ceb-22eb-4876-a810-88fb262493ec\"\n                data-project=\"a44f2645-f465-4d20-9d12-e82cf6d97f2d\"\n                data-title=\"H\u00e4lseneruptur, vem ska opereras och vem inte. Vet vi det?\"\n                data-time=\"13:00-14:30\"\n                data-room=\"Flygeln\"\n                data-room-id=\"8d4e3e47-b348-40db-af90-fc05f2c56604\"\n                data-room-name=\"Flygeln\"\n                data-day=\"2\"\n                data-abs-nbr=\"\"\n                data-abs-path=\"\"\n                data-speaker=\"\"\n                data-speakercell=\"\"\n                data-info=\"&lt;b&gt;Moderator: &lt;\/b&gt;Teresa Holmgren&lt;br&gt;&lt;br&gt;&lt;p&gt;I symposiet belyser vi kunskapsl&amp;auml;get fr&amp;aring;n randomiserade studier som ligger till grund f&amp;ouml;r syd&amp;ouml;stra sjukv&amp;aring;rdregionens behandlingsstrategi. Vi redovisar ocks&amp;aring; resultaten fr&amp;aring;n en region&amp;ouml;vergripande gemensam uppf&amp;ouml;ljning av h&amp;auml;lsenerupturer.&lt;\/p&gt;\n&lt;p&gt;Blir resultaten lika bra i vardagssjukv&amp;aring;rd som i studier? Vad har vi f&amp;ouml;r utmaningar och problem efter h&amp;auml;lseneskador och kan vi f&amp;ouml;rb&amp;auml;ttra l&amp;auml;kningen?&amp;nbsp;&amp;nbsp;&lt;br \/&gt;Kristoffer Barfod, K&amp;ouml;penhamn, kommer att prata om individanpassad behandling av h&amp;auml;lsenerupturer.&lt;\/p&gt;&lt;br&gt;&lt;br&gt;13:00-13:15: Kort presentation om randomiserade studier mellan op och icke kirurgisk behandling med tidig mobilisering i ortos&lt;br&gt;&lt;small&gt;Torsten Schepull&lt;\/small&gt;&lt;br&gt;&lt;br\/&gt;13:15-13:30: Om forskningen i Link\u00f6ping med fokus p\u00e5 effekten av mekanisk stimulering av den l\u00e4kande sena&lt;br&gt;&lt;small&gt;Pernilla Eliasson&lt;\/small&gt;&lt;br&gt;&lt;br\/&gt;13:30-13:45: Gemensam v\u00e5rdprogram i syd\u00f6stra sjukv\u00e5rdsregionen 2015, strukturerat uppf\u00f6ljning och resultat&lt;br&gt;&lt;small&gt;Andreas Meunier&lt;\/small&gt;&lt;br&gt;&lt;br\/&gt;13:45-14:20: Individanpassad behandling av h\u00e4lsenerupturer&lt;br&gt;&lt;small&gt;Kristoffer Weisskirchner Barfod&lt;\/small&gt;&lt;br&gt;&lt;br\/&gt;14:20-14:30: Diskussion\"\n                data-category=\"L\u00e4kare,Fysioterapeut\"\n                data-category-ids=\"47,54\"\n                data-span-all=\"\"\n              >\n\n              \n\n              <div class=\"vertical_bar\" style=\"background-color: #eb303a;\"><\/div>\n              <div class=\"box_inner\">\n                                <span>H\u00e4lseneruptur, vem ska opereras och vem inte. Vet vi det?<\/span>\n               <br>\n               <div class=\"lecturer\"><span>Teresa Holmgren<\/span><\/div>\n               <div class=\"room_div \">\n                 <i class=\"list-room\">Flygeln<\/i>\n               <\/div>\n\n               <div class=\"name_time_div\">\n                <i class=\"list-time\" data-time=\"13:00\">13:00-14:30 - Onsdag 28 augusti<\/i>\n               <\/div>\n              <\/div>\n             <\/div>\n          <\/div>\n\n          \n          <div class=\"box-wrapper\"\n              data-id=\"4afcd62d-83c4-432f-b16e-2196bb4295ad\">\n\n              <div class='time-header' style='visibility: hidden;'>13:00<\/div>\n\n              <div class=\"box\"\n                data-id=\"4afcd62d-83c4-432f-b16e-2196bb4295ad\"\n                data-project=\"a44f2645-f465-4d20-9d12-e82cf6d97f2d\"\n                data-title=\"Svenska Skulder och Armb\u00e5gss\u00e4llskapet: Axelledsinstabilitet \u2013 vilka ska opereras?\"\n                data-time=\"13:00-14:00\"\n                data-room=\"Hemerycksalen\"\n                data-room-id=\"8d4e3eae-ee44-4f61-99bc-620941ba8aab\"\n                data-room-name=\"Hemerycksalen\"\n                data-day=\"2\"\n                data-abs-nbr=\"\"\n                data-abs-path=\"\"\n                data-speaker=\"\"\n                data-speakercell=\"\"\n                data-info=\"&lt;b&gt;Moderator: &lt;\/b&gt;Henrik Ahlborg&lt;br&gt;&lt;br&gt;&lt;table&gt;\n&lt;tbody&gt;\n&lt;tr&gt;\n&lt;td&gt;\n&lt;p&gt;Behandling av axelinstabilitet.&lt;br \/&gt;2006 publicerade Nationellt kompetenscentrum f&amp;ouml;r ortopedi (NKO) medicinska indikationer f&amp;ouml;r axelkirurgi. H&amp;auml;r ingick riktlinjer f&amp;ouml;r behandling av axelinstabilitet.&amp;nbsp;&lt;\/p&gt;\n&lt;p&gt;Vi har nu p&amp;aring; uppdrag av Svenska Skulder och Armb&amp;aring;gss&amp;auml;llskapet (SSAS) uppdaterat dessa riktlinjer i enlighet med den kunskapsutveckling som har skett.&amp;nbsp;&lt;br \/&gt;P&amp;aring; symposiet presenteras naturalf&amp;ouml;rloppet vid axelinstabilitet, generella behandlingsrekommendationer f&amp;ouml;r fr&amp;auml;mre och bakre instabilitet samt olika behandlingskoncept och dess indikationer. Dessutom presenteras intressanta instabilitetsfall.&lt;\/p&gt;\n&lt;p&gt;&amp;nbsp;&lt;\/p&gt;\n&lt;\/td&gt;\n&lt;\/tr&gt;\n&lt;\/tbody&gt;\n&lt;\/table&gt;\n&lt;p&gt;&amp;nbsp;&lt;\/p&gt;&lt;br&gt;&lt;br&gt;13:00-13:10: Inledning och naturalf\u00f6rlopp&lt;br&gt;&lt;small&gt;Henrik Ahlborg; Hans Rahme&lt;\/small&gt;&lt;br&gt;&lt;br\/&gt;13:10-13:30: Fr\u00e4mre instabilitet&lt;br&gt;&lt;small&gt;Shwan Koschnau&lt;\/small&gt;&lt;br&gt;&lt;br\/&gt;13:30-13:40: Bakre instabilitet&lt;br&gt;&lt;small&gt;Henrik Ahlborg&lt;\/small&gt;&lt;br&gt;&lt;br\/&gt;13:40-13:50: Patientfall&lt;br&gt;&lt;small&gt;Hans Rahme&lt;\/small&gt;&lt;br&gt;&lt;br\/&gt;13:50-14:00: Diskussion\"\n                data-category=\"L\u00e4kare,Fysioterapeut\"\n                data-category-ids=\"47,54\"\n                data-span-all=\"\"\n              >\n\n              \n\n              <div class=\"vertical_bar\" style=\"background-color: #eb303a;\"><\/div>\n              <div class=\"box_inner\">\n                                <span>Svenska Skulder och Armb\u00e5gss\u00e4llskapet: Axelledsinstabilitet \u2013 vilka ska opereras?<\/span>\n               <br>\n               <div class=\"lecturer\"><span>Henrik Ahlborg<\/span><\/div>\n               <div class=\"room_div \">\n                 <i class=\"list-room\">Hemerycksalen<\/i>\n               <\/div>\n\n               <div class=\"name_time_div\">\n                <i class=\"list-time\" data-time=\"13:00\">13:00-14:00 - Onsdag 28 augusti<\/i>\n               <\/div>\n              <\/div>\n             <\/div>\n          <\/div>\n\n          \n          <div class=\"box-wrapper\"\n              data-id=\"eeed0314-d73b-45af-8d6d-e22ca37565cb\">\n\n              <div class='time-header' style='visibility: hidden;'>13:00<\/div>\n\n              <div class=\"box\"\n                data-id=\"eeed0314-d73b-45af-8d6d-e22ca37565cb\"\n                data-project=\"a44f2645-f465-4d20-9d12-e82cf6d97f2d\"\n                data-title=\"Tum\u00f6rer i R\u00f6relseapparaten\"\n                data-time=\"13:00-14:20\"\n                data-room=\"Vingen 3+4\"\n                data-room-id=\"8d4e3eca-bf06-4071-a254-2a1e33b1a8fd\"\n                data-room-name=\"Vingen 3+4\"\n                data-day=\"2\"\n                data-abs-nbr=\"\"\n                data-abs-path=\"\"\n                data-speaker=\"\"\n                data-speakercell=\"\"\n                data-info=\"&lt;b&gt;Moderator: &lt;\/b&gt;Anders Kal\u00e9n&lt;br&gt;&lt;br&gt;&lt;table&gt;\n&lt;tbody&gt;\n&lt;tr&gt;\n&lt;td&gt;\n&lt;table&gt;\n&lt;tbody&gt;\n&lt;tr&gt;\n&lt;td&gt;\n&lt;p&gt;Under detta symposium kommer vi diskutera hur man f&amp;aring;ngar upp r&amp;auml;tt patienter, utredningsg&amp;aring;ng, behandlings- samt uppf&amp;ouml;ljningsprinciper d&amp;auml;r misstanke om mjukdels- och skeletttum&amp;ouml;rer f&amp;ouml;religger, inklusive prim&amp;auml;ra tum&amp;ouml;rer i kotpelare och handl&amp;auml;ggning av metastaser.&lt;\/p&gt;\n&lt;p&gt;Vikten av multidisciplin&amp;auml;ra konferenser f&amp;ouml;r att kunna fastst&amp;auml;lla en individuell behandlingsplan kommer att belysas.&lt;br \/&gt;Principer f&amp;ouml;r kirurgisk behandling och behovet av pre-\/postoperativ onkologisk behandling kommer att illustreras.&lt;br \/&gt;&amp;nbsp;&lt;br \/&gt;&amp;nbsp;&lt;\/p&gt;\n&lt;p&gt;Symposiet &amp;auml;r &amp;auml;ven en obligatorisk del i kursen &quot;ABC i tum&amp;ouml;rortopedi&quot;.&lt;\/p&gt;\n&lt;\/td&gt;\n&lt;\/tr&gt;\n&lt;\/tbody&gt;\n&lt;\/table&gt;\n&lt;\/td&gt;\n&lt;\/tr&gt;\n&lt;\/tbody&gt;\n&lt;\/table&gt;&lt;br&gt;&lt;br&gt;13:00-13:05: Introduktion&lt;br&gt;&lt;small&gt;Anders Kal\u00e9n&lt;\/small&gt;&lt;br&gt;&lt;br\/&gt;13:05-13:20: \u201d\u00c4r knutan\/kn\u00f6len farlig?\u201d&lt;br&gt;&lt;small&gt;Fredrik Vult von Steyern&lt;\/small&gt;&lt;br&gt;&lt;br\/&gt;13:20-13:35: \u201dKan min ryggv\u00e4rk vara cancer?\u201d&lt;br&gt;&lt;small&gt;Peter Bergh&lt;\/small&gt;&lt;br&gt;&lt;br\/&gt;13:35-13:50: Skelettum\u00f6rer \u2013 hos b\u00e5de ung och gammal&lt;br&gt;&lt;small&gt;Asle Hesla&lt;\/small&gt;&lt;br&gt;&lt;br\/&gt;13:50-14:05: Metastaser \u2013 perioperativa utmaningar&lt;br&gt;&lt;small&gt;Rikard Wedin&lt;\/small&gt;&lt;br&gt;&lt;br\/&gt;14:05-14:20: Diskussion\"\n                data-category=\"L\u00e4kare\"\n                data-category-ids=\"47\"\n                data-span-all=\"\"\n              >\n\n              \n\n              <div class=\"vertical_bar\" style=\"background-color: #eb303a;\"><\/div>\n              <div class=\"box_inner\">\n                                <span>Tum\u00f6rer i R\u00f6relseapparaten<\/span>\n               <br>\n               <div class=\"lecturer\"><span>Anders Kal\u00e9n<\/span><\/div>\n               <div class=\"room_div \">\n                 <i class=\"list-room\">Vingen 3+4<\/i>\n               <\/div>\n\n               <div class=\"name_time_div\">\n                <i class=\"list-time\" data-time=\"13:00\">13:00-14:20 - Onsdag 28 augusti<\/i>\n               <\/div>\n              <\/div>\n             <\/div>\n          <\/div>\n\n          \n          <div class=\"box-wrapper\"\n              data-id=\"5bed0948-9547-4848-b106-41006d5f8122\">\n\n              <div class='time-header' style='visibility: hidden;'>13:00<\/div>\n\n              <div class=\"box\"\n                data-id=\"5bed0948-9547-4848-b106-41006d5f8122\"\n                data-project=\"a44f2645-f465-4d20-9d12-e82cf6d97f2d\"\n                data-title=\"Strukturerat arbete f\u00f6r f\u00f6rebyggande av v\u00e5rdskador p\u00e5 ortopedisk v\u00e5rdavdelning - Annika Karlaryd\"\n                data-time=\"13:00-13:45\"\n                data-room=\"Vingen 6+7\"\n                data-room-id=\"8d4e3f03-823f-4178-82f7-5d246c0bd647\"\n                data-room-name=\"Vingen 6+7\"\n                data-day=\"2\"\n                data-abs-nbr=\"\"\n                data-abs-path=\"\"\n                data-speaker=\"Annika Karlaryd\"\n                data-speakercell=\"Annika Karlaryd\"\n                data-info=\"&lt;b&gt;Moderator: &lt;\/b&gt;Elinor Andersson&lt;br&gt;&lt;br&gt;&lt;p&gt;F&amp;ouml;rel&amp;auml;sningen kommer att beskriva hur man g&amp;aring;r fr&amp;aring;n att ha en misst&amp;auml;nksam inst&amp;auml;llning till att s&amp;auml;tta fokus p&amp;aring; fel och brister till att f&amp;aring; en engagerad medarbetargrupp och en halvering av VRI.&lt;\/p&gt;\n&lt;p&gt;Hur man identifierar sina mest p&amp;aring;verkbara omr&amp;aring;den och hur man stegvis kan g&amp;aring; fr&amp;aring;n ett generellt handgrepp till specifika &amp;aring;tg&amp;auml;rder p&amp;aring; individniv&amp;aring;.&lt;\/p&gt;&lt;br&gt;&lt;br&gt;\"\n                data-category=\"Sjuksk\u00f6terska,Undersk\u00f6terska\"\n                data-category-ids=\"48,50\"\n                data-span-all=\"\"\n              >\n\n              \n\n              <div class=\"vertical_bar\" style=\"background-color: #36acf1;\"><\/div>\n              <div class=\"box_inner\">\n                                <span>Strukturerat arbete f\u00f6r f\u00f6rebyggande av v\u00e5rdskador p\u00e5 ortopedisk v\u00e5rdavdelning - Annika Karlaryd<\/span>\n               <br>\n               <div class=\"lecturer\"><span>Elinor Andersson<\/span><\/div>\n               <div class=\"room_div \">\n                 <i class=\"list-room\">Vingen 6+7<\/i>\n               <\/div>\n\n               <div class=\"name_time_div\">\n                <i class=\"list-time\" data-time=\"13:00\">13:00-13:45 - Onsdag 28 augusti<\/i>\n               <\/div>\n              <\/div>\n             <\/div>\n          <\/div>\n\n          \n          <div class=\"box-wrapper\"\n              data-id=\"0b2ec49d-9483-4e4b-b92a-a341c0ac25ca\">\n\n              <div class='time-header' style='visibility: hidden;'>13:00<\/div>\n\n              <div class=\"box\"\n                data-id=\"0b2ec49d-9483-4e4b-b92a-a341c0ac25ca\"\n                data-project=\"a44f2645-f465-4d20-9d12-e82cf6d97f2d\"\n                data-title=\"Radiusmottagningen - Ett samlat, effektivt omh\u00e4ndertagande med \u00f6kad kvalitet f\u00f6r patienten\"\n                data-time=\"13:00-13:45\"\n                data-room=\"Vingen 8\"\n                data-room-id=\"8d4e3f20-50f4-4f2e-9fe7-20d3f379e9fc\"\n                data-room-name=\"Vingen 8\"\n                data-day=\"2\"\n                data-abs-nbr=\"\"\n                data-abs-path=\"\"\n                data-speaker=\"Ethel Andersson; Johanna Blomstrand\"\n                data-speakercell=\"Ethel Andersson; Johanna Blomstrand\"\n                data-info=\"&lt;b&gt;Moderator: &lt;\/b&gt;Sarah Nyman&lt;br&gt;&lt;br&gt;&lt;table&gt;\n&lt;tbody&gt;\n&lt;tr&gt;\n&lt;td&gt;\n&lt;table&gt;\n&lt;tbody&gt;\n&lt;tr&gt;\n&lt;td&gt;\n&lt;p&gt;Alla distala radiusfrakturer som omh&amp;auml;ndertas via M&amp;ouml;lndals sjukhus ska f&amp;ouml;ljas upp 7-10 dagar efter skadan.&lt;\/p&gt;\n&lt;p&gt;D&amp;aring; v&amp;aring;rdkedjan inte fungerade optimalt genomf&amp;ouml;rdes v&amp;aring;ren 2015 en kartl&amp;auml;ggning av patientens v&amp;auml;g fr&amp;aring;n akutmottagning till rehab. Kartl&amp;auml;ggningen mynnade ut i ett projekt kallat Radiusmottagningen med syfte att utveckla och effektivisera arbetss&amp;auml;ttet, med fokus p&amp;aring; det uppf&amp;ouml;ljande bes&amp;ouml;ket 7-10 dagar efter skadetillf&amp;auml;llet.&lt;\/p&gt;\n&lt;p&gt;M&amp;aring;let var att skapa en tryggare v&amp;aring;rdkedja med &amp;ouml;kad kvalitet i omh&amp;auml;ndertagandet, minska antalet komplikationer samt frig&amp;ouml;ra l&amp;auml;kartid.&lt;\/p&gt;\n&lt;\/td&gt;\n&lt;\/tr&gt;\n&lt;\/tbody&gt;\n&lt;\/table&gt;\n&lt;\/td&gt;\n&lt;\/tr&gt;\n&lt;\/tbody&gt;\n&lt;\/table&gt;&lt;br&gt;&lt;br&gt;\"\n                data-category=\"Arbetsterapeut,Fysioterapeut,L\u00e4kare\"\n                data-category-ids=\"53,54,47\"\n                data-span-all=\"\"\n              >\n\n              \n\n              <div class=\"vertical_bar\" style=\"background-color: #4354b1;\"><\/div>\n              <div class=\"box_inner\">\n                                <span>Radiusmottagningen - Ett samlat, effektivt omh\u00e4ndertagande med \u00f6kad kvalitet f\u00f6r patienten<\/span>\n               <br>\n               <div class=\"lecturer\"><span>Sarah Nyman<\/span><\/div>\n               <div class=\"room_div \">\n                 <i class=\"list-room\">Vingen 8<\/i>\n               <\/div>\n\n               <div class=\"name_time_div\">\n                <i class=\"list-time\" data-time=\"13:00\">13:00-13:45 - Onsdag 28 augusti<\/i>\n               <\/div>\n              <\/div>\n             <\/div>\n          <\/div>\n\n          \n          <div class=\"box-wrapper\"\n              data-id=\"0eb4bcb1-d9c9-40f6-82d6-f2a099245f52\">\n\n              <div class='time-header'>13:50<\/div>\n\n              <div class=\"box\"\n                data-id=\"0eb4bcb1-d9c9-40f6-82d6-f2a099245f52\"\n                data-project=\"a44f2645-f465-4d20-9d12-e82cf6d97f2d\"\n                data-title=\"Det \u00e4r l\u00e4tt att skriva r\u00e4tt - Ann Sj\u00f6strand\"\n                data-time=\"13:50-14:45\"\n                data-room=\"Vingen 6+7\"\n                data-room-id=\"8d4e3f03-823f-4178-82f7-5d246c0bd647\"\n                data-room-name=\"Vingen 6+7\"\n                data-day=\"2\"\n                data-abs-nbr=\"\"\n                data-abs-path=\"\"\n                data-speaker=\"Ann Sj\u00f6strand\"\n                data-speakercell=\"Ann Sj\u00f6strand\"\n                data-info=\"&lt;b&gt;Moderator: &lt;\/b&gt;Brigitte Hauer Bj\u00f6rkman&lt;br&gt;&lt;br&gt;&lt;p&gt;F&amp;ouml;rel&amp;auml;sningen kommer bland annat att inneh&amp;aring;lla om f&amp;ouml;rkortningar, f&amp;ouml;rst&amp;aring;else, inneh&amp;aring;ll.&amp;nbsp;&lt;br \/&gt;Vem skrivs texten f&amp;ouml;r? Det &amp;auml;r viktigt att alla som l&amp;auml;ser texten f&amp;ouml;rst&amp;aring;r inneh&amp;aring;llet i texten som de l&amp;auml;ser. Det &amp;auml;r l&amp;auml;tt att texten blir &quot;hospitaliserad&quot; och m&amp;aring;nga anv&amp;auml;nder sig av egna interna f&amp;ouml;rkortningar som m&amp;aring;nga inte f&amp;ouml;rst&amp;aring;r inneh&amp;aring;llet i.&amp;nbsp;&lt;\/p&gt;&lt;br&gt;&lt;br&gt;\"\n                data-category=\"V\u00e5rdadministrat\u00f6r,Arbetsterapeut,Fysioterapeut,Sjuksk\u00f6terska,Undersk\u00f6terska\"\n                data-category-ids=\"52,53,54,48,50\"\n                data-span-all=\"\"\n              >\n\n              \n\n              <div class=\"vertical_bar\" style=\"background-color: #b3c03d;\"><\/div>\n              <div class=\"box_inner\">\n                                <span>Det \u00e4r l\u00e4tt att skriva r\u00e4tt - Ann Sj\u00f6strand<\/span>\n               <br>\n               <div class=\"lecturer\"><span>Brigitte Hauer Bj\u00f6rkman<\/span><\/div>\n               <div class=\"room_div \">\n                 <i class=\"list-room\">Vingen 6+7<\/i>\n               <\/div>\n\n               <div class=\"name_time_div\">\n                <i class=\"list-time\" data-time=\"13:50\">13:50-14:45 - Onsdag 28 augusti<\/i>\n               <\/div>\n              <\/div>\n             <\/div>\n          <\/div>\n\n          \n          <div class=\"box-wrapper\"\n              data-id=\"6df7abb8-f590-48bc-aff4-d87786184126\">\n\n              <div class='time-header'>14:00<\/div>\n\n              <div class=\"box\"\n                data-id=\"6df7abb8-f590-48bc-aff4-d87786184126\"\n                data-project=\"a44f2645-f465-4d20-9d12-e82cf6d97f2d\"\n                data-title=\"Svenska Skulder och Armb\u00e5gss\u00e4llskapet: Artroskopisk cuffsutur\"\n                data-time=\"14:00-15:00\"\n                data-room=\"Hemerycksalen\"\n                data-room-id=\"8d4e3eae-ee44-4f61-99bc-620941ba8aab\"\n                data-room-name=\"Hemerycksalen\"\n                data-day=\"2\"\n                data-abs-nbr=\"\"\n                data-abs-path=\"\"\n                data-speaker=\"Lars Adolfsson; Mats Ranebo; Kirsten Lundgreen\"\n                data-speakercell=\"Lars Adolfsson; Mats Ranebo; Kirsten Lundgreen\"\n                data-info=\"&lt;b&gt;Moderator: &lt;\/b&gt;Hanna Bj\u00f6rnsson Hallgren&lt;br&gt;&lt;br&gt;&lt;p&gt;&amp;nbsp;&lt;\/p&gt;\n&lt;table&gt;\n&lt;tbody&gt;\n&lt;tr&gt;\n&lt;td&gt;\n&lt;p&gt;Paneldiskussion&lt;\/p&gt;\n&lt;p&gt;Hur patienter med kuffruptur ska behandlas, vilka som ska erbjudas operativ behandling och n&amp;auml;r, &amp;auml;r f&amp;ouml;rem&amp;aring;l f&amp;ouml;r omfattande diskussion.&amp;nbsp;&lt;br \/&gt;Artroskopisk kuffsutur har &amp;ouml;kat dramatiskt trots f&amp;aring; randomiserade studier och ingen bevisad f&amp;ouml;rdel i relation till &amp;ouml;ppen sensutur.&amp;nbsp;&lt;br \/&gt;Under detta symposium kommer indikationer och teknik att diskuteras mellan de inbjudna f&amp;ouml;rel&amp;auml;sarna.&lt;\/p&gt;\n&lt;\/td&gt;\n&lt;\/tr&gt;\n&lt;\/tbody&gt;\n&lt;\/table&gt;&lt;br&gt;&lt;br&gt;\"\n                data-category=\"L\u00e4kare,Fysioterapeut\"\n                data-category-ids=\"47,54\"\n                data-span-all=\"\"\n              >\n\n              \n\n              <div class=\"vertical_bar\" style=\"background-color: #eb303a;\"><\/div>\n              <div class=\"box_inner\">\n                                <span>Svenska Skulder och Armb\u00e5gss\u00e4llskapet: Artroskopisk cuffsutur<\/span>\n               <br>\n               <div class=\"lecturer\"><span>Hanna Bj\u00f6rnsson Hallgren<\/span><\/div>\n               <div class=\"room_div \">\n                 <i class=\"list-room\">Hemerycksalen<\/i>\n               <\/div>\n\n               <div class=\"name_time_div\">\n                <i class=\"list-time\" data-time=\"14:00\">14:00-15:00 - Onsdag 28 augusti<\/i>\n               <\/div>\n              <\/div>\n             <\/div>\n          <\/div>\n\n          \n          <div class=\"box-wrapper\"\n              data-id=\"4a0014f2-dd5e-4a3c-b203-9745aea7159c\">\n\n              <div class='time-header' style='visibility: hidden;'>14:00<\/div>\n\n              <div class=\"box\"\n                data-id=\"4a0014f2-dd5e-4a3c-b203-9745aea7159c\"\n                data-project=\"a44f2645-f465-4d20-9d12-e82cf6d97f2d\"\n                data-title=\"Postervandring \u00d6vre\/rygg\/trauma\/kn\u00e4\"\n                data-time=\"14:00-15:00\"\n                data-room=\"Utst\u00e4llningen\"\n                data-room-id=\"8d4e3f5c-67af-4d8e-afad-1479d2941cad\"\n                data-room-name=\"Utst\u00e4llningen\"\n                data-day=\"2\"\n                data-abs-nbr=\"\"\n                data-abs-path=\"\"\n                data-speaker=\"\"\n                data-speakercell=\"\"\n                data-info=\"&lt;b&gt;Moderatorer: &lt;\/b&gt;Anna Ekman; Karl Eriksson&lt;br&gt;&lt;br&gt;14:00-14:07: Percutaneous Endoscopic Lumbar Discectomy  VS  standard mini-open technique: A Register Controlled Cohort Study&lt;br&gt;&lt;small&gt;Joel Beck&lt;\/small&gt;&lt;br&gt;&lt;small&gt;&lt;a href='https:\/\/aic-atlas.s3.eu-north-1.amazonaws.com\/projects\/a44f2645-f465-4d20-9d12-e82cf6d97f2d\/documents\/TbX6NEYQyk36SfbNCXWBJKe4baD27cHeYaaozCJU.html' target='_blank'&gt;Show abstract&lt;\/a&gt;&lt;\/small&gt;&lt;br&gt;&lt;br\/&gt;14:07-14:14: Exercises that improve the ratio between lower and upper trapezius - an EMG review&lt;br&gt;&lt;small&gt;Rickard Saraiva&lt;\/small&gt;&lt;br&gt;&lt;small&gt;&lt;a href='https:\/\/aic-atlas.s3.eu-north-1.amazonaws.com\/projects\/a44f2645-f465-4d20-9d12-e82cf6d97f2d\/documents\/AnSSNO9ponz2adyByvkdV9u4Vh0zmUdGy6Hz8uMn.html' target='_blank'&gt;Show abstract&lt;\/a&gt;&lt;\/small&gt;&lt;br&gt;&lt;br\/&gt;14:14-14:21: Sagittal spinal alignment with low lumbar lordosis is over-represented in young individuals with symptomatic lumbar disc herniation&lt;br&gt;&lt;small&gt;Joel Beck&lt;\/small&gt;&lt;br&gt;&lt;small&gt;&lt;a href='https:\/\/aic-atlas.s3.eu-north-1.amazonaws.com\/projects\/a44f2645-f465-4d20-9d12-e82cf6d97f2d\/documents\/FVqZieZlzUdKtbBCKKkOZ1vX5NOZy96xBXUCE9MQ.html' target='_blank'&gt;Show abstract&lt;\/a&gt;&lt;\/small&gt;&lt;br&gt;&lt;br\/&gt;14:21-14:28: Evaluation of the e-service &quot;St\u00f6d &amp; Behandling&quot; for patients undergoing total knee artroplasty&lt;br&gt;&lt;small&gt;Karin Larsson&lt;\/small&gt;&lt;br&gt;&lt;small&gt;&lt;a href='https:\/\/aic-atlas.s3.eu-north-1.amazonaws.com\/projects\/a44f2645-f465-4d20-9d12-e82cf6d97f2d\/documents\/A2ko81voQO9c2ZyyuWH7oYmj5hX4Lchl8TUUHNJC.html' target='_blank'&gt;Show abstract&lt;\/a&gt;&lt;\/small&gt;&lt;br&gt;&lt;br\/&gt;14:28-14:35: Neuromuscular function of football players.  Comparison of neuromuscular function between boys and  girls before and after implementation of a neuromus cular  exercise programme&lt;br&gt;&lt;small&gt;Peter Edenholm&lt;\/small&gt;&lt;br&gt;&lt;small&gt;&lt;a href='https:\/\/aic-atlas.s3.eu-north-1.amazonaws.com\/projects\/a44f2645-f465-4d20-9d12-e82cf6d97f2d\/documents\/YqO2HWou8AQBOv5xd7aIbrIJkuJKbYxwAaYzbHTw.html' target='_blank'&gt;Show abstract&lt;\/a&gt;&lt;\/small&gt;&lt;br&gt;&lt;br\/&gt;14:35-14:42: STOP Leg Clots - Swedish multicenter Trial of Outpatient Prevention of Leg Clots&lt;br&gt;&lt;small&gt;Simon Svedman&lt;\/small&gt;&lt;br&gt;&lt;small&gt;&lt;a href='https:\/\/aic-atlas.s3.eu-north-1.amazonaws.com\/projects\/a44f2645-f465-4d20-9d12-e82cf6d97f2d\/documents\/y2yADAwYNzkVvJUG5JGJfc7SAfZsPwQ1yyt7Alvn.html' target='_blank'&gt;Show abstract&lt;\/a&gt;&lt;\/small&gt;&lt;br&gt;&lt;br\/&gt;14:42-14:49: High validity of the diagnosis &quot;open tibial fracture&quot; in the Swedish National Inpatient Register&lt;br&gt;&lt;small&gt;Ulrika Tampe&lt;\/small&gt;&lt;br&gt;&lt;small&gt;&lt;a href='https:\/\/aic-atlas.s3.eu-north-1.amazonaws.com\/projects\/a44f2645-f465-4d20-9d12-e82cf6d97f2d\/documents\/GaSxXgaLIp2bsdibIfZ60Dnt2Xt1TlAVeQ5GAkhz.html' target='_blank'&gt;Show abstract&lt;\/a&gt;&lt;\/small&gt;&lt;br&gt;&lt;br\/&gt;14:49-15:00: Functional movement pattern, training load and injuries among young elite golfers&lt;br&gt;&lt;small&gt;Marie Eder\u00f6 Ryding&lt;\/small&gt;&lt;br&gt;&lt;small&gt;&lt;a href='https:\/\/aic-atlas.s3.eu-north-1.amazonaws.com\/projects\/a44f2645-f465-4d20-9d12-e82cf6d97f2d\/documents\/xBI8q7RH1TRI5RkNA85Rmlc1F2xB7xcHba38dcca.html' target='_blank'&gt;Show abstract&lt;\/a&gt;&lt;\/small&gt;\"\n                data-category=\"Postervandringar\"\n                data-category-ids=\"194\"\n                data-span-all=\"\"\n              >\n\n              \n\n              <div class=\"vertical_bar\" style=\"background-color: #f6492b;\"><\/div>\n              <div class=\"box_inner\">\n                                <span>Postervandring \u00d6vre\/rygg\/trauma\/kn\u00e4<\/span>\n               <br>\n               <div class=\"lecturer\"><span>Anna Ekman; Karl Eriksson<\/span><\/div>\n               <div class=\"room_div \">\n                 <i class=\"list-room\">Utst\u00e4llningen<\/i>\n               <\/div>\n\n               <div class=\"name_time_div\">\n                <i class=\"list-time\" data-time=\"14:00\">14:00-15:00 - Onsdag 28 augusti<\/i>\n               <\/div>\n              <\/div>\n             <\/div>\n          <\/div>\n\n          \n          <div class=\"box-wrapper\"\n              data-id=\"68ec6ef4-6092-4cef-8d26-930ebd10ccce\">\n\n              <div class='time-header'>15:30<\/div>\n\n              <div class=\"box\"\n                data-id=\"68ec6ef4-6092-4cef-8d26-930ebd10ccce\"\n                data-project=\"a44f2645-f465-4d20-9d12-e82cf6d97f2d\"\n                data-title=\"Svensk Ryggkirurgisk F\u00f6rening: Kotpelarskador \u2013fr\u00e5n vaggan till graven\"\n                data-time=\"15:30-16:50\"\n                data-room=\"Hemerycksalen\"\n                data-room-id=\"8d4e3eae-ee44-4f61-99bc-620941ba8aab\"\n                data-room-name=\"Hemerycksalen\"\n                data-day=\"2\"\n                data-abs-nbr=\"\"\n                data-abs-path=\"\"\n                data-speaker=\"\"\n                data-speakercell=\"\"\n                data-info=\"&lt;b&gt;Moderator: &lt;\/b&gt;Hans Tropp&lt;br&gt;&lt;br&gt;&lt;table&gt;\n&lt;tbody&gt;\n&lt;tr&gt;\n&lt;td&gt;Skador p&amp;aring; kotpelaren &amp;auml;r allvarliga genom kopplingen till potentiell skada p&amp;aring; ryggm&amp;auml;rgen.&amp;nbsp;&lt;br \/&gt;Vi pratar om &amp;rdquo;stabilitet&amp;rdquo; p&amp;aring; kort och l&amp;aring;ng sikt, vilket styr behovet av kirurgisk behandling.&amp;nbsp;&lt;br \/&gt;Detta symposium kommer att ta upp skador i olika &amp;aring;ldrar &amp;ndash; fr&amp;aring;n skador p&amp;aring; barn och vuxna till osteoporosrelaterade frakturer. Vi kommer att presentera enkla klassifikationer och principer f&amp;ouml;r bed&amp;ouml;mning och handl&amp;auml;ggning av frakturer i hals-, br&amp;ouml;st- och l&amp;auml;ndrygg.&amp;nbsp;&lt;br \/&gt;&lt;br \/&gt;&lt;\/td&gt;\n&lt;\/tr&gt;\n&lt;\/tbody&gt;\n&lt;\/table&gt;&lt;br&gt;&lt;br&gt;15:30-15:40: Barn med ryggm\u00e4rgsskada utan fraktur \u2013 algoritm f\u00f6r handl\u00e4ggning&lt;br&gt;&lt;small&gt;Hans Tropp&lt;\/small&gt;&lt;br&gt;&lt;br\/&gt;15:40-16:00: Cervikaltrauma&lt;br&gt;&lt;small&gt;Helena Brisby&lt;\/small&gt;&lt;br&gt;&lt;br\/&gt;16:00-16:05: Fall&lt;br&gt;&lt;small&gt;Helena Brisby&lt;\/small&gt;&lt;br&gt;&lt;br\/&gt;16:05-16:20: Torakolumbal fraktur&lt;br&gt;&lt;small&gt;Hans Tropp&lt;\/small&gt;&lt;br&gt;&lt;br\/&gt;16:20-16:25: Fall&lt;br&gt;&lt;small&gt;Hans Tropp&lt;\/small&gt;&lt;br&gt;&lt;br\/&gt;16:25-16:40: Osteoporosrelaterade frakturer&lt;br&gt;&lt;small&gt;Ralph Hasserius&lt;\/small&gt;&lt;br&gt;&lt;br\/&gt;16:40-16:45: Fall&lt;br&gt;&lt;small&gt;Ralph Hasserius&lt;\/small&gt;&lt;br&gt;&lt;br\/&gt;16:45-16:50: Fr\u00e5gor\"\n                data-category=\"L\u00e4kare\"\n                data-category-ids=\"47\"\n                data-span-all=\"\"\n              >\n\n              \n\n              <div class=\"vertical_bar\" style=\"background-color: #eb303a;\"><\/div>\n              <div class=\"box_inner\">\n                                <span>Svensk Ryggkirurgisk F\u00f6rening: Kotpelarskador \u2013fr\u00e5n vaggan till graven<\/span>\n               <br>\n               <div class=\"lecturer\"><span>Hans Tropp<\/span><\/div>\n               <div class=\"room_div \">\n                 <i class=\"list-room\">Hemerycksalen<\/i>\n               <\/div>\n\n               <div class=\"name_time_div\">\n                <i class=\"list-time\" data-time=\"15:30\">15:30-16:50 - Onsdag 28 augusti<\/i>\n               <\/div>\n              <\/div>\n             <\/div>\n          <\/div>\n\n          \n          <div class=\"box-wrapper\"\n              data-id=\"ce842854-28b3-4395-90cb-5b2fcf2fd113\">\n\n              <div class='time-header'>15:45<\/div>\n\n              <div class=\"box\"\n                data-id=\"ce842854-28b3-4395-90cb-5b2fcf2fd113\"\n                data-project=\"a44f2645-f465-4d20-9d12-e82cf6d97f2d\"\n                data-title=\"Rebellkirurgen - Erik Erichsen\"\n                data-time=\"15:45-16:45\"\n                data-room=\"De Geerhallen\"\n                data-room-id=\"8d4e3dd9-ce4c-4323-b414-2740c00d9454\"\n                data-room-name=\"De Geerhallen\"\n                data-day=\"2\"\n                data-abs-nbr=\"\"\n                data-abs-path=\"\"\n                data-speaker=\"Erik Erichsen\"\n                data-speakercell=\"Erik Erichsen\"\n                data-info=\"&lt;b&gt;Moderator: &lt;\/b&gt;Birgitta Lagerqvist&lt;br&gt;&lt;br&gt;&lt;table&gt;\n&lt;tbody&gt;\n&lt;tr&gt;\n&lt;td&gt;\n&lt;table&gt;\n&lt;tbody&gt;\n&lt;tr&gt;\n&lt;td&gt;\n&lt;p&gt;Erik Erichsen blev k&amp;auml;nd f&amp;ouml;r allm&amp;auml;nheten genom TV-dokument&amp;auml;ren &amp;rdquo;Rebellkirurgen &amp;rdquo;, som visade hur han tillsammans med sin fru, arbetade i Etiopien under utsatta f&amp;ouml;rh&amp;aring;llanden med sm&amp;aring; medel, enkla l&amp;ouml;sningar och innovativa s&amp;auml;tt att anv&amp;auml;nda det som finns till hands.&lt;\/p&gt;\n&lt;p&gt;Han har sedan f&amp;ouml;rel&amp;auml;st och kontrasterat v&amp;aring;r svenska v&amp;aring;rd mot den etiopiska, och kommer i en f&amp;ouml;rel&amp;auml;sning , som modereras av chefl&amp;auml;kare Birgitta Lagerqvist , ta oss med p&amp;aring; sin resa! V&amp;aring;ra utmaningar och problem skiljer sig f&amp;ouml;rst&amp;aring;s markant, men kanske finns saker att l&amp;auml;ra?&lt;\/p&gt;\n&lt;\/td&gt;\n&lt;\/tr&gt;\n&lt;\/tbody&gt;\n&lt;\/table&gt;\n&lt;\/td&gt;\n&lt;\/tr&gt;\n&lt;\/tbody&gt;\n&lt;\/table&gt;&lt;br&gt;&lt;br&gt;\"\n                data-category=\"Arbetsterapeut,Fysioterapeut,L\u00e4kare,Operationssk\u00f6terska,Sjuksk\u00f6terska,Undersk\u00f6terska,V\u00e5rdadministrat\u00f6r\"\n                data-category-ids=\"53,54,47,49,48,50,52\"\n                data-span-all=\"\"\n              >\n\n              \n\n              <div class=\"vertical_bar\" style=\"background-color: #4354b1;\"><\/div>\n              <div class=\"box_inner\">\n                                <span>Rebellkirurgen - Erik Erichsen<\/span>\n               <br>\n               <div class=\"lecturer\"><span>Birgitta Lagerqvist<\/span><\/div>\n               <div class=\"room_div \">\n                 <i class=\"list-room\">De Geerhallen<\/i>\n               <\/div>\n\n               <div class=\"name_time_div\">\n                <i class=\"list-time\" data-time=\"15:45\">15:45-16:45 - Onsdag 28 augusti<\/i>\n               <\/div>\n              <\/div>\n             <\/div>\n          <\/div>\n\n          \n          <div class=\"box-wrapper\"\n              data-id=\"30e62f02-6541-42ce-92ee-baf68b06f72e\">\n\n              <div class='time-header' style='visibility: hidden;'>15:45<\/div>\n\n              <div class=\"box\"\n                data-id=\"30e62f02-6541-42ce-92ee-baf68b06f72e\"\n                data-project=\"a44f2645-f465-4d20-9d12-e82cf6d97f2d\"\n                data-title=\"Fria f\u00f6redrag IV\"\n                data-time=\"15:45-16:45\"\n                data-room=\"Vingen 3+4\"\n                data-room-id=\"8d4e3eca-bf06-4071-a254-2a1e33b1a8fd\"\n                data-room-name=\"Vingen 3+4\"\n                data-day=\"2\"\n                data-abs-nbr=\"\"\n                data-abs-path=\"\"\n                data-speaker=\"\"\n                data-speakercell=\"\"\n                data-info=\"&lt;b&gt;Moderator: &lt;\/b&gt;Maria C\u00f6ster&lt;br&gt;&lt;br&gt;15:45-15:57: Education, home exercise and supervised exercise for people with hip and knee osteoarthritis as part of a nationwide implementation programme: data from the BOA registry.&lt;br&gt;&lt;small&gt;Andrea Dell'Isola&lt;\/small&gt;&lt;br&gt;&lt;small&gt;&lt;a href='https:\/\/aic-atlas.s3.eu-north-1.amazonaws.com\/projects\/a44f2645-f465-4d20-9d12-e82cf6d97f2d\/documents\/VBCHVe6B0a5Crp8gZQCSaN7Hd8PK891uItmSsC7a.html' target='_blank'&gt;Show abstract&lt;\/a&gt;&lt;\/small&gt;&lt;br&gt;&lt;br\/&gt;15:57-16:09: Meniscal body extrusion and the association with knee pain&lt;br&gt;&lt;small&gt;Fredrik Svensson&lt;\/small&gt;&lt;br&gt;&lt;small&gt;&lt;a href='https:\/\/aic-atlas.s3.eu-north-1.amazonaws.com\/projects\/a44f2645-f465-4d20-9d12-e82cf6d97f2d\/documents\/J8DnxJ5IvMX3w7i8zgPvGsSKYqJys5A66vKYgZM2.html' target='_blank'&gt;Show abstract&lt;\/a&gt;&lt;\/small&gt;&lt;br&gt;&lt;br\/&gt;16:09-16:21: Trends in the Use of Knee Arthroscopies in Sweden 2002-2016 \u2013 A Population-based Nationwide Study&lt;br&gt;&lt;small&gt;Cecilia Liu&lt;\/small&gt;&lt;br&gt;&lt;small&gt;&lt;a href='https:\/\/aic-atlas.s3.eu-north-1.amazonaws.com\/projects\/a44f2645-f465-4d20-9d12-e82cf6d97f2d\/documents\/Y0YBenA2Njdl7BwDfF5etRtz0IQs0itNcUYJQHpB.html' target='_blank'&gt;Show abstract&lt;\/a&gt;&lt;\/small&gt;&lt;br&gt;&lt;br\/&gt;16:21-16:33: Early Functional Mobilization Does Not Reduce the Risk of Deep Vein Thrombosis During Postoperative Leg Immobilization \u2212 A Randomized Trial on Achilles Tendon Rupture&lt;br&gt;&lt;small&gt;Sanna Aufwerber&lt;\/small&gt;&lt;br&gt;&lt;small&gt;&lt;a href='https:\/\/aic-atlas.s3.eu-north-1.amazonaws.com\/projects\/a44f2645-f465-4d20-9d12-e82cf6d97f2d\/documents\/CKp6m1AiulkFHXAbBLWtOl1SF1tmGzUMFT5bWrjo.html' target='_blank'&gt;Show abstract&lt;\/a&gt;&lt;\/small&gt;&lt;br&gt;&lt;br\/&gt;16:33-16:45: Pedobarograph and patient reported outcome after hallux valgus surgery&lt;br&gt;&lt;small&gt;Mohanad Al-bayati&lt;\/small&gt;&lt;br&gt;&lt;small&gt;&lt;a href='https:\/\/aic-atlas.s3.eu-north-1.amazonaws.com\/projects\/a44f2645-f465-4d20-9d12-e82cf6d97f2d\/documents\/X4yq7tKtuqTPgtqRVuIt42IwdnGRVyLPrs3UyZUr.html' target='_blank'&gt;Show abstract&lt;\/a&gt;&lt;\/small&gt;\"\n                data-category=\"Arbetsterapeut,Fysioterapeut,Gipstekniker,L\u00e4kare,Operationssk\u00f6terska,Sjuksk\u00f6terska,Undersk\u00f6terska,V\u00e5rdadministrat\u00f6r\"\n                data-category-ids=\"53,54,51,47,49,48,50,52\"\n                data-span-all=\"\"\n              >\n\n              \n\n              <div class=\"vertical_bar\" style=\"background-color: #4354b1;\"><\/div>\n              <div class=\"box_inner\">\n                                <span>Fria f\u00f6redrag IV<\/span>\n               <br>\n               <div class=\"lecturer\"><span>Maria C\u00f6ster<\/span><\/div>\n               <div class=\"room_div \">\n                 <i class=\"list-room\">Vingen 3+4<\/i>\n               <\/div>\n\n               <div class=\"name_time_div\">\n                <i class=\"list-time\" data-time=\"15:45\">15:45-16:45 - Onsdag 28 augusti<\/i>\n               <\/div>\n              <\/div>\n             <\/div>\n          <\/div>\n\n          <div class='list_header' data-day='3' style='background-color: rgba(32, 132, 196, 0.83); color: rgba(255, 255, 255, 1);'>Torsdag 29 augusti<\/div>\n          <div class=\"box-wrapper\"\n              data-id=\"50991db2-819f-4799-8b9f-f12beb1bd9db\">\n\n              <div class='time-header'>08:00<\/div>\n\n              <div class=\"box\"\n                data-id=\"50991db2-819f-4799-8b9f-f12beb1bd9db\"\n                data-project=\"a44f2645-f465-4d20-9d12-e82cf6d97f2d\"\n                data-title=\"Do\\'s and Dont\\'s in pelvic trauma\"\n                data-time=\"08:00-09:20\"\n                data-room=\"De Geerhallen\"\n                data-room-id=\"8d4e3dd9-ce4c-4323-b414-2740c00d9454\"\n                data-room-name=\"De Geerhallen\"\n                data-day=\"3\"\n                data-abs-nbr=\"\"\n                data-abs-path=\"\"\n                data-speaker=\"\"\n                data-speakercell=\"\"\n                data-info=\"&lt;b&gt;Moderator: &lt;\/b&gt;J\u00f6rg Schilcher&lt;br&gt;&lt;br&gt;&lt;p&gt;&amp;nbsp;&lt;\/p&gt;\n&lt;table&gt;\n&lt;tbody&gt;\n&lt;tr&gt;\n&lt;td&gt;\n&lt;p&gt;B&amp;auml;ckenfrakturer tillh&amp;ouml;r den grupp ortopediska skador som kan vara akut livshotande och vars handl&amp;auml;ggning varje ortopedspecialist b&amp;ouml;r ha basal kunskap om. Hantering av dessa patienter under hela kedjan fr&amp;aring;n skadeplats till slutbehandling p&amp;aring;verkar utfallet. Kan man n&amp;aring; f&amp;ouml;rb&amp;auml;ttrade resultat med centraliserad organisation d&amp;auml;r redan den prehospitala v&amp;aring;rden involveras?&lt;\/p&gt;\n&lt;p&gt;Erfarenheter fr&amp;aring;n s&amp;aring;dan organisation i England delges av g&amp;auml;stf&amp;ouml;rel&amp;auml;saren Mehool Acharya. Hur ska kombinationen cirkulatoriskt instabil patient med b&amp;auml;ckenfraktur behandlas? Hur ska man planera f&amp;ouml;r slutgiltig stabilisering? Och hur ska man hantera sakrumfrakturer?&lt;br \/&gt;Symposiet diskuterar detta och kommer med handfasta r&amp;aring;d.&lt;\/p&gt;\n&lt;p&gt;Symposiet h&amp;aring;lls p&amp;aring; Engelska.&lt;br \/&gt;&lt;br \/&gt;&lt;br \/&gt;&lt;\/p&gt;\n&lt;\/td&gt;\n&lt;\/tr&gt;\n&lt;\/tbody&gt;\n&lt;\/table&gt;&lt;br&gt;&lt;br&gt;08:00-08:05: Introduktion&lt;br&gt;&lt;small&gt;J\u00f6rg Schilcher&lt;\/small&gt;&lt;br&gt;&lt;br\/&gt;08:05-08:30: Pelvic trauma \u2013 Emergency management&lt;br&gt;&lt;small&gt;Mehool Acharya&lt;\/small&gt;&lt;br&gt;&lt;br\/&gt;08:30-08:50: B\u00e4ckenfrakturer \u2013 ortopedkirurgiska aspekter&lt;br&gt;&lt;small&gt;Peter Str\u00f6m&lt;\/small&gt;&lt;br&gt;&lt;br\/&gt;08:50-09:10: Sakrumfrakturer och spinopelvisk fixation&lt;br&gt;&lt;small&gt;Hans Tropp&lt;\/small&gt;&lt;br&gt;&lt;br\/&gt;09:10-09:20: Diskussion\"\n                data-category=\"L\u00e4kare\"\n                data-category-ids=\"47\"\n                data-span-all=\"\"\n              >\n\n              \n\n              <div class=\"vertical_bar\" style=\"background-color: #eb303a;\"><\/div>\n              <div class=\"box_inner\">\n                                <span>Do's and Dont's in pelvic trauma<\/span>\n               <br>\n               <div class=\"lecturer\"><span>J\u00f6rg Schilcher<\/span><\/div>\n               <div class=\"room_div \">\n                 <i class=\"list-room\">De Geerhallen<\/i>\n               <\/div>\n\n               <div class=\"name_time_div\">\n                <i class=\"list-time\" data-time=\"08:00\">08:00-09:20 - Torsdag 29 augusti<\/i>\n               <\/div>\n              <\/div>\n             <\/div>\n          <\/div>\n\n          \n          <div class=\"box-wrapper\"\n              data-id=\"30f8fccc-775d-4ac4-afb3-230905183cd1\">\n\n              <div class='time-header' style='visibility: hidden;'>08:00<\/div>\n\n              <div class=\"box\"\n                data-id=\"30f8fccc-775d-4ac4-afb3-230905183cd1\"\n                data-project=\"a44f2645-f465-4d20-9d12-e82cf6d97f2d\"\n                data-title=\"Metatarsalfrakturer - frakturerna som gl\u00f6mdes bort\"\n                data-time=\"08:00-09:20\"\n                data-room=\"Flygeln\"\n                data-room-id=\"8d4e3e47-b348-40db-af90-fc05f2c56604\"\n                data-room-name=\"Flygeln\"\n                data-day=\"3\"\n                data-abs-nbr=\"\"\n                data-abs-path=\"\"\n                data-speaker=\"\"\n                data-speakercell=\"\"\n                data-info=\"&lt;b&gt;Moderator: &lt;\/b&gt;Emil Kilander&lt;br&gt;&lt;br&gt;&lt;p&gt;De flesta metatarsalfrakturer handl&amp;auml;ggs p&amp;aring; akuten och m&amp;aring;nga av patienterna kommer aldrig tr&amp;auml;ffa en ortopedl&amp;auml;kare. Men &amp;auml;r dessa vanliga frakturer harml&amp;ouml;sa? En del &amp;auml;r det, andra inte. En del l&amp;auml;ker bra utan n&amp;aring;gon behandling och andra kan ge best&amp;aring;ende belastningssm&amp;auml;rtor. N&amp;auml;r foten inte fungerar m&amp;auml;rker vi det ganska snart&amp;hellip;.&amp;nbsp;&lt;br \/&gt;&lt;br \/&gt;Denna g&amp;aring;ng l&amp;auml;mnar vi Lisfranks led och g&amp;aring;r ett steg ned. Vi g&amp;ouml;r ett f&amp;ouml;rs&amp;ouml;k att bena upp mekaniken i framfoten i f&amp;ouml;rh&amp;aring;llande till metatarsalbensfrakturer. Lyssnar p&amp;aring; vad frakturregistret kan s&amp;auml;ga oss och f&amp;ouml;rs&amp;ouml;ker, trots viss brist p&amp;aring; forskning lyfta fram fallgroparna.&lt;br \/&gt;&lt;br \/&gt;&lt;br \/&gt;&lt;\/p&gt;&lt;br&gt;&lt;br&gt;08:00-08:10: Inledning&lt;br&gt;&lt;small&gt;Emil Kilander&lt;\/small&gt;&lt;br&gt;&lt;br\/&gt;08:10-08:35: Biomekanik -Vad h\u00e4nder med belastningen n\u00e4r det g\u00e5r snett?&lt;br&gt;&lt;small&gt;Maria C\u00f6ster&lt;\/small&gt;&lt;br&gt;&lt;br\/&gt;08:35-09:00: Hur b\u00f6r vi behandla metatarsalbensfrakturer? Vad kan data fr\u00e5n frakturregistret l\u00e4ra oss och vad s\u00e4ger erfarenheten?&lt;br&gt;&lt;small&gt;Michael M\u00f6ller&lt;\/small&gt;&lt;br&gt;&lt;br\/&gt;09:00-09:20: Falldiskussioner\"\n                data-category=\"L\u00e4kare\"\n                data-category-ids=\"47\"\n                data-span-all=\"\"\n              >\n\n              \n\n              <div class=\"vertical_bar\" style=\"background-color: #eb303a;\"><\/div>\n              <div class=\"box_inner\">\n                                <span>Metatarsalfrakturer - frakturerna som gl\u00f6mdes bort<\/span>\n               <br>\n               <div class=\"lecturer\"><span>Emil Kilander<\/span><\/div>\n               <div class=\"room_div \">\n                 <i class=\"list-room\">Flygeln<\/i>\n               <\/div>\n\n               <div class=\"name_time_div\">\n                <i class=\"list-time\" data-time=\"08:00\">08:00-09:20 - Torsdag 29 augusti<\/i>\n               <\/div>\n              <\/div>\n             <\/div>\n          <\/div>\n\n          \n          <div class=\"box-wrapper\"\n              data-id=\"378c6ef5-ca17-48fa-881e-6156fb09f8e8\">\n\n              <div class='time-header' style='visibility: hidden;'>08:00<\/div>\n\n              <div class=\"box\"\n                data-id=\"378c6ef5-ca17-48fa-881e-6156fb09f8e8\"\n                data-project=\"a44f2645-f465-4d20-9d12-e82cf6d97f2d\"\n                data-title=\"Teamarbete p\u00e5 ortopedmottagningen f\u00f6r f\u00f6rb\u00e4ttrad tillg\u00e4nglighet och snabbare behandling\"\n                data-time=\"08:00-09:30\"\n                data-room=\"Hemerycksalen\"\n                data-room-id=\"8d4e3eae-ee44-4f61-99bc-620941ba8aab\"\n                data-room-name=\"Hemerycksalen\"\n                data-day=\"3\"\n                data-abs-nbr=\"\"\n                data-abs-path=\"\"\n                data-speaker=\"\"\n                data-speakercell=\"\"\n                data-info=\"&lt;b&gt;Moderator: &lt;\/b&gt;Teresa Holmgren&lt;br&gt;&lt;br&gt;&lt;p&gt;Hur optimerar vi omh&amp;auml;ndertagandet av patienter som remitteras till ortopeden? I V&amp;auml;ster&amp;aring;s &amp;auml;r specialiserade fysioterapeuter f&amp;ouml;rsta instans vid bed&amp;ouml;mning av patienter med axelproblem och i Uppsala bed&amp;ouml;mer fysioterapeuter prim&amp;auml;rt patienter som remitterats till rygg- respektive fotsektionen. Genom ett mycket n&amp;auml;ra samarbete ortoped&amp;ndash;fysioterapeut f&amp;aring;r patienten snabbare en diagnos och korrekt behandling, antalet l&amp;auml;karbes&amp;ouml;k reduceras och remittenten f&amp;aring;r snabbare remissvar. Kan detta arbetss&amp;auml;tt implementeras p&amp;aring; fler ortopedkliniker?&lt;\/p&gt;&lt;br&gt;&lt;br&gt;08:00-08:30: Bed\u00f6mning av axelpatienter&lt;br&gt;&lt;small&gt;Magnus Wennerlund&lt;\/small&gt;&lt;br&gt;&lt;br\/&gt;08:30-09:00: Bed\u00f6mning av ryggpatienter&lt;br&gt;&lt;small&gt;Peter F\u00f6rsth; Jenny Olofsson; Marie Flink&lt;\/small&gt;&lt;br&gt;&lt;br\/&gt;09:00-09:20: Bed\u00f6mning av fotpatienter&lt;br&gt;&lt;small&gt;Anna Sprinchorn; Maria Kyhlb\u00e4ck&lt;\/small&gt;&lt;br&gt;&lt;br\/&gt;09:20-09:30: Diskussion\"\n                data-category=\"Fysioterapeut,L\u00e4kare\"\n                data-category-ids=\"54,47\"\n                data-span-all=\"\"\n              >\n\n              \n\n              <div class=\"vertical_bar\" style=\"background-color: #f89121;\"><\/div>\n              <div class=\"box_inner\">\n                                <span>Teamarbete p\u00e5 ortopedmottagningen f\u00f6r f\u00f6rb\u00e4ttrad tillg\u00e4nglighet och snabbare behandling<\/span>\n               <br>\n               <div class=\"lecturer\"><span>Teresa Holmgren<\/span><\/div>\n               <div class=\"room_div \">\n                 <i class=\"list-room\">Hemerycksalen<\/i>\n               <\/div>\n\n               <div class=\"name_time_div\">\n                <i class=\"list-time\" data-time=\"08:00\">08:00-09:30 - Torsdag 29 augusti<\/i>\n               <\/div>\n              <\/div>\n             <\/div>\n          <\/div>\n\n          \n          <div class=\"box-wrapper\"\n              data-id=\"d3ea59b7-39cc-45d1-bdf5-d23ff56f200c\">\n\n              <div class='time-header' style='visibility: hidden;'>08:00<\/div>\n\n              <div class=\"box\"\n                data-id=\"d3ea59b7-39cc-45d1-bdf5-d23ff56f200c\"\n                data-project=\"a44f2645-f465-4d20-9d12-e82cf6d97f2d\"\n                data-title=\"Svensk Artroskopisk F\u00f6rening: Menisksubstitution - Karl Eriksson och Mats Brittberg\"\n                data-time=\"08:00-09:20\"\n                data-room=\"Vingen 3+4\"\n                data-room-id=\"8d4e3eca-bf06-4071-a254-2a1e33b1a8fd\"\n                data-room-name=\"Vingen 3+4\"\n                data-day=\"3\"\n                data-abs-nbr=\"\"\n                data-abs-path=\"\"\n                data-speaker=\"Karl Eriksson; Mats Brittberg\"\n                data-speakercell=\"Karl Eriksson; Mats Brittberg\"\n                data-info=\"&lt;p&gt;Meniskens betydelse f&amp;ouml;r att skydda kn&amp;auml;ts ledyta och f&amp;ouml;rhindra tidig artros &amp;auml;r numer oomtvistad och en anledning till meniskbevarande kirurgi hos yngre patienter blivit allt vanligare. Men vad g&amp;ouml;r man om patienten f&amp;aring;tt en omfattande meniskskada d&amp;auml;r sutur inte &amp;auml;r genomf&amp;ouml;rbar eller d&amp;auml;r suturererad menisk havererat och patienten har unikompartmentell sm&amp;auml;rta? Menisksubstitution &amp;auml;r idag ett alternativ, antingen med scaffold eller autologt menisktransplantat. Mats Brittberg och Karl Eriksson kommer p&amp;aring; SAF-symposiet &amp;rdquo;Menisksubstition&amp;rdquo; f&amp;ouml;rmedla indikationer, prognos och risker med denna typ av kirurgi samt ge en bild av framtida utveckling.&lt;\/p&gt;\n&lt;p&gt;&amp;nbsp;&lt;\/p&gt;\n&lt;p&gt;&amp;nbsp;&lt;\/p&gt;\n&lt;p&gt;&amp;nbsp;&lt;\/p&gt;&lt;br&gt;&lt;br&gt;08:00-08:30: Menisktransplantation\/substitution med  autologt Semitendinosus graft, tidiga erfarenheter fr\u00e5n en prospektiv kohortstudie&lt;br&gt;&lt;small&gt;Karl Eriksson&lt;\/small&gt;&lt;br&gt;&lt;br\/&gt;08:30-08:55: Artificiella menisksubstitut; typer, indikationer och kliniska resultat&lt;br&gt;&lt;small&gt;Mats Brittberg&lt;\/small&gt;&lt;br&gt;&lt;br\/&gt;08:55-09:00: Diskussion och fr\u00e5gor kring menisksubstitution&lt;br&gt;&lt;br\/&gt;09:00-09:20: Svensk Artroskopisk F\u00f6rening (Styrelsen)\"\n                data-category=\"L\u00e4kare,Fysioterapeut\"\n                data-category-ids=\"47,54\"\n                data-span-all=\"\"\n              >\n\n              \n\n              <div class=\"vertical_bar\" style=\"background-color: #eb303a;\"><\/div>\n              <div class=\"box_inner\">\n                                <span>Svensk Artroskopisk F\u00f6rening: Menisksubstitution - Karl Eriksson och Mats Brittberg<\/span>\n               <br>\n               \n               <div class=\"room_div \">\n                 <i class=\"list-room\">Vingen 3+4<\/i>\n               <\/div>\n\n               <div class=\"name_time_div\">\n                <i class=\"list-time\" data-time=\"08:00\">08:00-09:20 - Torsdag 29 augusti<\/i>\n               <\/div>\n              <\/div>\n             <\/div>\n          <\/div>\n\n          \n          <div class=\"box-wrapper\"\n              data-id=\"78892996-5c7e-49d6-8522-9d4f833a0673\">\n\n              <div class='time-header' style='visibility: hidden;'>08:00<\/div>\n\n              <div class=\"box\"\n                data-id=\"78892996-5c7e-49d6-8522-9d4f833a0673\"\n                data-project=\"a44f2645-f465-4d20-9d12-e82cf6d97f2d\"\n                data-title=\"Safe bladder projektet - Maria Fr\u00f6din\"\n                data-time=\"08:00-09:00\"\n                data-room=\"Vingen 6+7\"\n                data-room-id=\"8d4e3f03-823f-4178-82f7-5d246c0bd647\"\n                data-room-name=\"Vingen 6+7\"\n                data-day=\"3\"\n                data-abs-nbr=\"\"\n                data-abs-path=\"\"\n                data-speaker=\"Maria Fr\u00f6din\"\n                data-speakercell=\"Maria Fr\u00f6din\"\n                data-info=\"&lt;p&gt;Safe Bladder studien syftar till att minska kateterrelaterade urinv&amp;auml;gsinfektioner samt &amp;ouml;verfylld urinbl&amp;aring;sa hos &amp;auml;ldre patienter, &amp;gt;65 &amp;aring;r, som genomg&amp;aring;r h&amp;ouml;ftfrakturkirurgi.&amp;nbsp;&lt;br \/&gt;Studien &amp;auml;r en &quot;bundle&quot; intervention som innefattar ett samskapande av ett &quot;KAD k&amp;ouml;rkort&quot; och ett m&amp;aring;lstyrt KAD protokoll d&amp;auml;r sjuksk&amp;ouml;terskorna f&amp;aring;r besluta om KAD behandling, uppr&amp;auml;tta en avvecklingsplan samt avsluta KAD, i samband med h&amp;ouml;ftfrakturkirurgi.&lt;\/p&gt;\n&lt;p&gt;Deltagande enheter &amp;auml;r akutavdelningen, operation\/postoperativa enheten samt geriatrikavdelningarna p&amp;aring; Sahlgrenska universitetssjukhuset\/M&amp;ouml;lndal.&lt;br \/&gt;Utfallsm&amp;aring;tten &amp;auml;r urinv&amp;auml;gskateterrelaterad UVI, &amp;ouml;verfylld urinbl&amp;aring;sa samt utv&amp;auml;rdera det sjuksk&amp;ouml;terskestyrt protokoll KAD protokollet.&amp;nbsp;&amp;nbsp;&lt;\/p&gt;&lt;br&gt;&lt;br&gt;\"\n                data-category=\"Operationssk\u00f6terska,Sjuksk\u00f6terska,Undersk\u00f6terska\"\n                data-category-ids=\"49,48,50\"\n                data-span-all=\"\"\n              >\n\n              \n\n              <div class=\"vertical_bar\" style=\"background-color: #299787;\"><\/div>\n              <div class=\"box_inner\">\n                                <span>Safe bladder projektet - Maria Fr\u00f6din<\/span>\n               <br>\n               \n               <div class=\"room_div \">\n                 <i class=\"list-room\">Vingen 6+7<\/i>\n               <\/div>\n\n               <div class=\"name_time_div\">\n                <i class=\"list-time\" data-time=\"08:00\">08:00-09:00 - Torsdag 29 augusti<\/i>\n               <\/div>\n              <\/div>\n             <\/div>\n          <\/div>\n\n          \n          <div class=\"box-wrapper\"\n              data-id=\"a67020c0-a175-49f2-95af-4c992c44743b\">\n\n              <div class='time-header' style='visibility: hidden;'>08:00<\/div>\n\n              <div class=\"box\"\n                data-id=\"a67020c0-a175-49f2-95af-4c992c44743b\"\n                data-project=\"a44f2645-f465-4d20-9d12-e82cf6d97f2d\"\n                data-title=\"Fria f\u00f6redrag V\"\n                data-time=\"08:00-09:00\"\n                data-room=\"Vingen 8\"\n                data-room-id=\"8d4e3f20-50f4-4f2e-9fe7-20d3f379e9fc\"\n                data-room-name=\"Vingen 8\"\n                data-day=\"3\"\n                data-abs-nbr=\"\"\n                data-abs-path=\"\"\n                data-speaker=\"\"\n                data-speakercell=\"\"\n                data-info=\"&lt;b&gt;Moderator: &lt;\/b&gt;Nils Hailer&lt;br&gt;&lt;br&gt;08:00-08:12: Long-term results after percutaneous needle fasciotomy for Dupuytren's contracture&lt;br&gt;&lt;small&gt;Anna Zachrisson&lt;\/small&gt;&lt;br&gt;&lt;small&gt;&lt;a href='https:\/\/aic-atlas.s3.eu-north-1.amazonaws.com\/projects\/a44f2645-f465-4d20-9d12-e82cf6d97f2d\/documents\/3flre4dgMN5Y3BPXAJvLHElLj8adjzxvyCSUmY2B.html' target='_blank'&gt;Show abstract&lt;\/a&gt;&lt;\/small&gt;&lt;br&gt;&lt;br\/&gt;08:12-08:24: Socioeconomic factors and outcome after surgically treated ulnar nerve entrapment - a national registry-based study&lt;br&gt;&lt;small&gt;Malin Zimmerman&lt;\/small&gt;&lt;br&gt;&lt;small&gt;&lt;a href='https:\/\/aic-atlas.s3.eu-north-1.amazonaws.com\/projects\/a44f2645-f465-4d20-9d12-e82cf6d97f2d\/documents\/s0Lily7QxtYvyLGrFRuDKA9Hv4zesCh1PkMaau6n.html' target='_blank'&gt;Show abstract&lt;\/a&gt;&lt;\/small&gt;&lt;br&gt;&lt;br\/&gt;08:24-08:36: Total- and hemi shoulder arthroplasty in patients with glenohumeral osteoarthritis - A registry based long-term comparison&lt;br&gt;&lt;small&gt;Erica Domeij Arverud&lt;\/small&gt;&lt;br&gt;&lt;small&gt;&lt;a href='https:\/\/aic-atlas.s3.eu-north-1.amazonaws.com\/projects\/a44f2645-f465-4d20-9d12-e82cf6d97f2d\/documents\/kWvd8AntmZd1sM0VID9Q5cr4YacbfLkPEbx6IgJf.html' target='_blank'&gt;Show abstract&lt;\/a&gt;&lt;\/small&gt;&lt;br&gt;&lt;br\/&gt;08:36-08:48: Uncemented stemmed versus stemless total shoulder arthroplasty in osteoarthritis - A registry-based follow-up&lt;br&gt;&lt;small&gt;Erica Domeij Arverud&lt;\/small&gt;&lt;br&gt;&lt;small&gt;&lt;a href='https:\/\/aic-atlas.s3.eu-north-1.amazonaws.com\/projects\/a44f2645-f465-4d20-9d12-e82cf6d97f2d\/documents\/3ddQT4yXzC3Z9dv7b9EKxWViIB09aAfApnN6QM43.html' target='_blank'&gt;Show abstract&lt;\/a&gt;&lt;\/small&gt;&lt;br&gt;&lt;br\/&gt;08:48-09:00: Bone marrow-derived cells but not chondrocytes having a decisive role in a new cartilage matrix formation as proven by an 3-D model for microfracture in vitro&lt;br&gt;&lt;small&gt;Nenad Andjelkov&lt;\/small&gt;&lt;br&gt;&lt;small&gt;&lt;a href='https:\/\/aic-atlas.s3.eu-north-1.amazonaws.com\/projects\/a44f2645-f465-4d20-9d12-e82cf6d97f2d\/documents\/3KxC6elR8nQQgKMQJY9pceTTTRcVfYTT9mESwAWE.html' target='_blank'&gt;Show abstract&lt;\/a&gt;&lt;\/small&gt;\"\n                data-category=\"Arbetsterapeut,Fysioterapeut,Gipstekniker,L\u00e4kare,Operationssk\u00f6terska,Sjuksk\u00f6terska,Undersk\u00f6terska,V\u00e5rdadministrat\u00f6r\"\n                data-category-ids=\"53,54,51,47,49,48,50,52\"\n                data-span-all=\"\"\n              >\n\n              \n\n              <div class=\"vertical_bar\" style=\"background-color: #4354b1;\"><\/div>\n              <div class=\"box_inner\">\n                                <span>Fria f\u00f6redrag V<\/span>\n               <br>\n               <div class=\"lecturer\"><span>Nils Hailer<\/span><\/div>\n               <div class=\"room_div \">\n                 <i class=\"list-room\">Vingen 8<\/i>\n               <\/div>\n\n               <div class=\"name_time_div\">\n                <i class=\"list-time\" data-time=\"08:00\">08:00-09:00 - Torsdag 29 augusti<\/i>\n               <\/div>\n              <\/div>\n             <\/div>\n          <\/div>\n\n          \n          <div class=\"box-wrapper\"\n              data-id=\"c22eed9a-3f5a-4eca-852c-ed87244e12f3\">\n\n              <div class='time-header'>08:30<\/div>\n\n              <div class=\"box\"\n                data-id=\"c22eed9a-3f5a-4eca-852c-ed87244e12f3\"\n                data-project=\"a44f2645-f465-4d20-9d12-e82cf6d97f2d\"\n                data-title=\"Postervandring H\u00f6ft\/h\u00f6ftrevision\/amputation\/tum\u00f6r\"\n                data-time=\"08:30-09:30\"\n                data-room=\"Utst\u00e4llningen\"\n                data-room-id=\"8d4e3f5c-67af-4d8e-afad-1479d2941cad\"\n                data-room-name=\"Utst\u00e4llningen\"\n                data-day=\"3\"\n                data-abs-nbr=\"\"\n                data-abs-path=\"\"\n                data-speaker=\"\"\n                data-speakercell=\"\"\n                data-info=\"&lt;b&gt;Moderatorer: &lt;\/b&gt;Lars Weidenhielm; Anne Garland&lt;br&gt;&lt;br&gt;08:30-08:38: Improved patient-reported outcomes after total hip replacement in Sweden&lt;br&gt;&lt;small&gt;Ola Rolfson&lt;\/small&gt;&lt;br&gt;&lt;small&gt;&lt;a href='https:\/\/aic-atlas.s3.eu-north-1.amazonaws.com\/projects\/a44f2645-f465-4d20-9d12-e82cf6d97f2d\/documents\/vAgsmF6XPhyN1wiPH2IaUCV3UYWK4HY3PS1Cw94w.html' target='_blank'&gt;Show abstract&lt;\/a&gt;&lt;\/small&gt;&lt;br&gt;&lt;br\/&gt;08:38-08:46: Comparison of resources and suffering for one- and two-stage revision surgery for infected THA.&lt;br&gt;&lt;small&gt;G\u00f6sta Ullmark&lt;\/small&gt;&lt;br&gt;&lt;small&gt;&lt;a href='https:\/\/aic-atlas.s3.eu-north-1.amazonaws.com\/projects\/a44f2645-f465-4d20-9d12-e82cf6d97f2d\/documents\/PQe5GfSSqbvCYQwOjQgmgLNz26PkC4I6aLxb1WwI.html' target='_blank'&gt;Show abstract&lt;\/a&gt;&lt;\/small&gt;&lt;br&gt;&lt;br\/&gt;08:46-08:54: Reduced bleeding through temporary arterial occlusion balloon in orthopaedic surgery.&lt;br&gt;&lt;small&gt;G\u00f6sta Ullmark&lt;\/small&gt;&lt;br&gt;&lt;small&gt;&lt;a href='https:\/\/aic-atlas.s3.eu-north-1.amazonaws.com\/projects\/a44f2645-f465-4d20-9d12-e82cf6d97f2d\/documents\/0bE1hB2h9nrn8DmlBSHc2CpYh7vpomk3tlBaglle.html' target='_blank'&gt;Show abstract&lt;\/a&gt;&lt;\/small&gt;&lt;br&gt;&lt;br\/&gt;08:54-09:02: Influence of implant characteristics on survival of a cemented stem&lt;br&gt;&lt;small&gt;Ola Rolfson&lt;\/small&gt;&lt;br&gt;&lt;small&gt;&lt;a href='https:\/\/aic-atlas.s3.eu-north-1.amazonaws.com\/projects\/a44f2645-f465-4d20-9d12-e82cf6d97f2d\/documents\/UXcBgcbWsaaAq7UP64OtQIzRfSRU6XVugWpdjaqE.html' target='_blank'&gt;Show abstract&lt;\/a&gt;&lt;\/small&gt;&lt;br&gt;&lt;br\/&gt;09:02-09:10: Is one-stage revision surgery for infected THA enough when using vancomycin containing bone graft?&lt;br&gt;&lt;small&gt;G\u00f6sta Ullmark&lt;\/small&gt;&lt;br&gt;&lt;small&gt;&lt;a href='https:\/\/aic-atlas.s3.eu-north-1.amazonaws.com\/projects\/a44f2645-f465-4d20-9d12-e82cf6d97f2d\/documents\/Gt61eccQxem93m6mO7gPdzaFEhTO3RHYVYyOupZQ.html' target='_blank'&gt;Show abstract&lt;\/a&gt;&lt;\/small&gt;&lt;br&gt;&lt;br\/&gt;09:10-09:18: Finite Element Analysis of an Osseointegrated Transfemoral Implant: Identification of how the Length of Implant Affects the Stress Distribution in Cortical Bone and Implant&lt;br&gt;&lt;small&gt;Anna Pogosian&lt;\/small&gt;&lt;br&gt;&lt;small&gt;&lt;a href='https:\/\/aic-atlas.s3.eu-north-1.amazonaws.com\/projects\/a44f2645-f465-4d20-9d12-e82cf6d97f2d\/documents\/4D1OoDvGYlkmwXIJYt0aQ5G9i0USeJeGOwj7o09D.html' target='_blank'&gt;Show abstract&lt;\/a&gt;&lt;\/small&gt;&lt;br&gt;&lt;br\/&gt;09:18-09:30: Diagnostic accuracy of core needle biopsy in Bone tumors. Results of 100 consecutive cases from a sarcoma unit in KPK, Pakistan.&lt;br&gt;&lt;small&gt;Imran Khan&lt;\/small&gt;&lt;br&gt;&lt;small&gt;&lt;a href='https:\/\/aic-atlas.s3.eu-north-1.amazonaws.com\/projects\/a44f2645-f465-4d20-9d12-e82cf6d97f2d\/documents\/B2w1b5RAeRqDe6ueDvbFs3IGoa0LDcCr1MPNiKd6.html' target='_blank'&gt;Show abstract&lt;\/a&gt;&lt;\/small&gt;\"\n                data-category=\"Postervandringar\"\n                data-category-ids=\"194\"\n                data-span-all=\"\"\n              >\n\n              \n\n              <div class=\"vertical_bar\" style=\"background-color: #f6492b;\"><\/div>\n              <div class=\"box_inner\">\n                                <span>Postervandring H\u00f6ft\/h\u00f6ftrevision\/amputation\/tum\u00f6r<\/span>\n               <br>\n               <div class=\"lecturer\"><span>Lars Weidenhielm; Anne Garland<\/span><\/div>\n               <div class=\"room_div \">\n                 <i class=\"list-room\">Utst\u00e4llningen<\/i>\n               <\/div>\n\n               <div class=\"name_time_div\">\n                <i class=\"list-time\" data-time=\"08:30\">08:30-09:30 - Torsdag 29 augusti<\/i>\n               <\/div>\n              <\/div>\n             <\/div>\n          <\/div>\n\n          \n          <div class=\"box-wrapper\"\n              data-id=\"53ecbdcf-ae1d-4f81-a473-da8623adf8e4\">\n\n              <div class='time-header'>10:00<\/div>\n\n              <div class=\"box\"\n                data-id=\"53ecbdcf-ae1d-4f81-a473-da8623adf8e4\"\n                data-project=\"a44f2645-f465-4d20-9d12-e82cf6d97f2d\"\n                data-title=\"\u00c5rsm\u00f6te Svensk Ortopedisk F\u00f6rening\"\n                data-time=\"10:00-12:00\"\n                data-room=\"De Geerhallen\"\n                data-room-id=\"8d4e3dd9-ce4c-4323-b414-2740c00d9454\"\n                data-room-name=\"De Geerhallen\"\n                data-day=\"3\"\n                data-abs-nbr=\"\"\n                data-abs-path=\"\"\n                data-speaker=\"\"\n                data-speakercell=\"\"\n                data-info=\"\"\n                data-category=\"L\u00e4kare\"\n                data-category-ids=\"47\"\n                data-span-all=\"\"\n              >\n\n              \n\n              <div class=\"vertical_bar\" style=\"background-color: #eb303a;\"><\/div>\n              <div class=\"box_inner\">\n                                <span>\u00c5rsm\u00f6te Svensk Ortopedisk F\u00f6rening<\/span>\n               <br>\n               \n               <div class=\"room_div \">\n                 <i class=\"list-room\">De Geerhallen<\/i>\n               <\/div>\n\n               <div class=\"name_time_div\">\n                <i class=\"list-time\" data-time=\"10:00\">10:00-12:00 - Torsdag 29 augusti<\/i>\n               <\/div>\n              <\/div>\n             <\/div>\n          <\/div>\n\n          \n          <div class=\"box-wrapper\"\n              data-id=\"f8fea59c-f9b1-40d5-bd4d-4e2ada72a8a3\">\n\n              <div class='time-header'>10:10<\/div>\n\n              <div class=\"box\"\n                data-id=\"f8fea59c-f9b1-40d5-bd4d-4e2ada72a8a3\"\n                data-project=\"a44f2645-f465-4d20-9d12-e82cf6d97f2d\"\n                data-title=\"Samarbete \u00f6ver yrkesgr\u00e4nserna som har f\u00f6rb\u00e4ttrat tillg\u00e4ngligheten p\u00e5 kliniken\"\n                data-time=\"10:10-10:55\"\n                data-room=\"Vingen 3+4\"\n                data-room-id=\"8d4e3eca-bf06-4071-a254-2a1e33b1a8fd\"\n                data-room-name=\"Vingen 3+4\"\n                data-day=\"3\"\n                data-abs-nbr=\"\"\n                data-abs-path=\"\"\n                data-speaker=\"Ingela H\u00e5kansson; Anette Nordstr\u00f6m\"\n                data-speakercell=\"Ingela H\u00e5kansson; Anette Nordstr\u00f6m\"\n                data-info=\"&lt;b&gt;Moderatorer: &lt;\/b&gt;Eva Alpeus; Maria T\u00f6rnborg&lt;br&gt;&lt;br&gt;&lt;p&gt;&amp;nbsp;&lt;\/p&gt;\n&lt;table&gt;\n&lt;tbody&gt;\n&lt;tr&gt;\n&lt;td&gt;\n&lt;p&gt;Ortopediska kliniken i Norrk&amp;ouml;ping har under fler &amp;aring;rs tid haft god tillg&amp;auml;nglighet. En framg&amp;aring;ngsfaktor &amp;auml;r konceptet med m&amp;aring;natliga tillg&amp;auml;nglighetsm&amp;ouml;ten d&amp;auml;r en grupp best&amp;aring;ende av schemal&amp;auml;ggare, operationsplanerare, v&amp;aring;rdlots, bokningsansvariga sjuksk&amp;ouml;terskor, v&amp;aring;rdadministrat&amp;ouml;rer och verksamhetschef ses. D&amp;auml;r tas b&amp;aring;de snabba beslut och&amp;nbsp; l&amp;aring;ngsiktiga planer dras upp.&amp;nbsp; I klinikens tillg&amp;auml;nglighetsrapport, som &amp;auml;r en framr&amp;auml;knad och skriftlig analys av l&amp;auml;get, f&amp;aring;s en tydlig visuell bild av hur l&amp;auml;get ser ut och var eventuella &amp;aring;tg&amp;auml;rder beh&amp;ouml;ver s&amp;auml;ttas in.&amp;nbsp;&lt;\/p&gt;\n&lt;\/td&gt;\n&lt;\/tr&gt;\n&lt;\/tbody&gt;\n&lt;\/table&gt;&lt;br&gt;&lt;br&gt;\"\n                data-category=\"Sjuksk\u00f6terska,Undersk\u00f6terska,V\u00e5rdadministrat\u00f6r\"\n                data-category-ids=\"48,50,52\"\n                data-span-all=\"\"\n              >\n\n              \n\n              <div class=\"vertical_bar\" style=\"background-color: #36acf1;\"><\/div>\n              <div class=\"box_inner\">\n                                <span>Samarbete \u00f6ver yrkesgr\u00e4nserna som har f\u00f6rb\u00e4ttrat tillg\u00e4ngligheten p\u00e5 kliniken<\/span>\n               <br>\n               <div class=\"lecturer\"><span>Eva Alpeus; Maria T\u00f6rnborg<\/span><\/div>\n               <div class=\"room_div \">\n                 <i class=\"list-room\">Vingen 3+4<\/i>\n               <\/div>\n\n               <div class=\"name_time_div\">\n                <i class=\"list-time\" data-time=\"10:10\">10:10-10:55 - Torsdag 29 augusti<\/i>\n               <\/div>\n              <\/div>\n             <\/div>\n          <\/div>\n\n          \n          <div class=\"box-wrapper\"\n              data-id=\"9c53a9bc-1abd-4937-8688-e65c86fca03e\">\n\n              <div class='time-header'>10:15<\/div>\n\n              <div class=\"box\"\n                data-id=\"9c53a9bc-1abd-4937-8688-e65c86fca03e\"\n                data-project=\"a44f2645-f465-4d20-9d12-e82cf6d97f2d\"\n                data-title=\"Fysioterapeuternas N\u00e4tverkstr\u00e4ff\"\n                data-time=\"10:15-11:45\"\n                data-room=\"Hemerycksalen\"\n                data-room-id=\"8d4e3eae-ee44-4f61-99bc-620941ba8aab\"\n                data-room-name=\"Hemerycksalen\"\n                data-day=\"3\"\n                data-abs-nbr=\"\"\n                data-abs-path=\"\"\n                data-speaker=\"\"\n                data-speakercell=\"\"\n                data-info=\"&lt;b&gt;Moderatorer: &lt;\/b&gt;Ethel Andersson; Birgitta Nyberg&lt;br&gt;&lt;br&gt;&lt;p&gt;Vad finns det idag f&amp;ouml;r evidens f&amp;ouml;r operativ behandling + rehabilitering kontra enbart rehabilitering n&amp;auml;r det g&amp;auml;ller kortsiktiga och l&amp;aring;ngsiktiga resultat vid akillessenerupturer, subacromial sm&amp;auml;rta och cuffrupturer?&amp;nbsp;&lt;br \/&gt;Hur ser det optimala tr&amp;auml;ningsuppl&amp;auml;gget ut?&lt;\/p&gt;\n&lt;p&gt;Annelie Brorsson, G&amp;ouml;teborg, och Teresa Holmgren, Link&amp;ouml;ping, delar med sig av resultaten av sina egna och andras studier och vi avslutar med en gemensam diskussion.&lt;br \/&gt;&lt;br \/&gt;&lt;br \/&gt;&lt;\/p&gt;&lt;br&gt;&lt;br&gt;10:15-10:45: Akillessenerupturer&lt;br&gt;&lt;small&gt;Annelie Brorsson&lt;\/small&gt;&lt;br&gt;&lt;br\/&gt;10:45-11:15: Subacromial sm\u00e4rta och cuffrupturer&lt;br&gt;&lt;small&gt;Teresa Holmgren&lt;\/small&gt;&lt;br&gt;&lt;br\/&gt;11:15-11:45: Diskussion\"\n                data-category=\"Fysioterapeut\"\n                data-category-ids=\"54\"\n                data-span-all=\"\"\n              >\n\n              \n\n              <div class=\"vertical_bar\" style=\"background-color: #f89121;\"><\/div>\n              <div class=\"box_inner\">\n                                <span>Fysioterapeuternas N\u00e4tverkstr\u00e4ff<\/span>\n               <br>\n               <div class=\"lecturer\"><span>Ethel Andersson; Birgitta Nyberg<\/span><\/div>\n               <div class=\"room_div \">\n                 <i class=\"list-room\">Hemerycksalen<\/i>\n               <\/div>\n\n               <div class=\"name_time_div\">\n                <i class=\"list-time\" data-time=\"10:15\">10:15-11:45 - Torsdag 29 augusti<\/i>\n               <\/div>\n              <\/div>\n             <\/div>\n          <\/div>\n\n          \n          <div class=\"box-wrapper\"\n              data-id=\"0333c25f-e05a-410d-8174-8e12a63387db\">\n\n              <div class='time-header' style='visibility: hidden;'>10:15<\/div>\n\n              <div class=\"box\"\n                data-id=\"0333c25f-e05a-410d-8174-8e12a63387db\"\n                data-project=\"a44f2645-f465-4d20-9d12-e82cf6d97f2d\"\n                data-title=\"N\u00e4tverkstr\u00e4ff f\u00f6r arbetsterapeuter\"\n                data-time=\"10:15-11:45\"\n                data-room=\"Vingen 6+7\"\n                data-room-id=\"8d4e3f03-823f-4178-82f7-5d246c0bd647\"\n                data-room-name=\"Vingen 6+7\"\n                data-day=\"3\"\n                data-abs-nbr=\"\"\n                data-abs-path=\"\"\n                data-speaker=\"\"\n                data-speakercell=\"\"\n                data-info=\"&lt;b&gt;Moderatorer: &lt;\/b&gt;Susanna Wilhelmsson; Yvonne Axelsson&lt;br&gt;&lt;br&gt;&lt;p&gt;N&amp;auml;tverkstr&amp;auml;ff f&amp;ouml;r arbetsterapeuter som jobbar inom det ortopediska omr&amp;aring;det.&lt;\/p&gt;\n&lt;p&gt;Syftet &amp;auml;r att stimulera kompetensutveckling&amp;nbsp; och bidra till erfarenhetsutbyte och kunskapsspridning.&amp;nbsp;&lt;br \/&gt;Men &amp;auml;ven till att st&amp;auml;rka och knyta kontakter mellan arbetsterapeuter p&amp;aring; olika ortopediska kliniker i landet.&amp;nbsp;&lt;\/p&gt;\n&lt;p&gt;I bikupesamtal diskuterar vi kompetensutveckling och sonderar terr&amp;auml;ngen kring behov av ett ortopediskt n&amp;auml;tverk&lt;\/p&gt;&lt;br&gt;&lt;br&gt;\"\n                data-category=\"Arbetsterapeut\"\n                data-category-ids=\"53\"\n                data-span-all=\"\"\n              >\n\n              \n\n              <div class=\"vertical_bar\" style=\"background-color: #4354b1;\"><\/div>\n              <div class=\"box_inner\">\n                                <span>N\u00e4tverkstr\u00e4ff f\u00f6r arbetsterapeuter<\/span>\n               <br>\n               <div class=\"lecturer\"><span>Susanna Wilhelmsson; Yvonne Axelsson<\/span><\/div>\n               <div class=\"room_div \">\n                 <i class=\"list-room\">Vingen 6+7<\/i>\n               <\/div>\n\n               <div class=\"name_time_div\">\n                <i class=\"list-time\" data-time=\"10:15\">10:15-11:45 - Torsdag 29 augusti<\/i>\n               <\/div>\n              <\/div>\n             <\/div>\n          <\/div>\n\n          \n          <div class=\"box-wrapper\"\n              data-id=\"e68c71ed-a3d9-482c-9564-8e901db3c2c0\">\n\n              <div class='time-header'>11:00<\/div>\n\n              <div class=\"box\"\n                data-id=\"e68c71ed-a3d9-482c-9564-8e901db3c2c0\"\n                data-project=\"a44f2645-f465-4d20-9d12-e82cf6d97f2d\"\n                data-title=\"F\u00f6reningen Ortopedisjuksk\u00f6terskor i Sverige, \u00c5rsm\u00f6te\"\n                data-time=\"11:00-12:00\"\n                data-room=\"Vingen 3+4\"\n                data-room-id=\"8d4e3eca-bf06-4071-a254-2a1e33b1a8fd\"\n                data-room-name=\"Vingen 3+4\"\n                data-day=\"3\"\n                data-abs-nbr=\"\"\n                data-abs-path=\"\"\n                data-speaker=\"\"\n                data-speakercell=\"\"\n                data-info=\"\"\n                data-category=\"Sjuksk\u00f6terska,Operationssk\u00f6terska\"\n                data-category-ids=\"48,49\"\n                data-span-all=\"\"\n              >\n\n              \n\n              <div class=\"vertical_bar\" style=\"background-color: #36acf1;\"><\/div>\n              <div class=\"box_inner\">\n                                <span>F\u00f6reningen Ortopedisjuksk\u00f6terskor i Sverige, \u00c5rsm\u00f6te<\/span>\n               <br>\n               \n               <div class=\"room_div \">\n                 <i class=\"list-room\">Vingen 3+4<\/i>\n               <\/div>\n\n               <div class=\"name_time_div\">\n                <i class=\"list-time\" data-time=\"11:00\">11:00-12:00 - Torsdag 29 augusti<\/i>\n               <\/div>\n              <\/div>\n             <\/div>\n          <\/div>\n\n          \n          <div class=\"box-wrapper\"\n              data-id=\"5d29cdb8-f5e9-496f-8a12-22f60d1320c1\">\n\n              <div class='time-header'>11:45<\/div>\n\n              <div class=\"box\"\n                data-id=\"5d29cdb8-f5e9-496f-8a12-22f60d1320c1\"\n                data-project=\"a44f2645-f465-4d20-9d12-e82cf6d97f2d\"\n                data-title=\"Svenska H\u00f6ft- och Kn\u00e4-f\u00f6reningens \u00e5rsm\u00f6te med lunch\"\n                data-time=\"11:45-13:00\"\n                data-room=\"Foaj\u00e9n Flygeln\"\n                data-room-id=\"8e730ab5-a456-48bc-8d21-1a24f0b855b1\"\n                data-room-name=\"Foaj\u00e9n Flygeln\"\n                data-day=\"3\"\n                data-abs-nbr=\"\"\n                data-abs-path=\"\"\n                data-speaker=\"\"\n                data-speakercell=\"\"\n                data-info=\"\"\n                data-category=\"L\u00e4kare\"\n                data-category-ids=\"47\"\n                data-span-all=\"\"\n              >\n\n              \n\n              <div class=\"vertical_bar\" style=\"background-color: #eb303a;\"><\/div>\n              <div class=\"box_inner\">\n                                <span>Svenska H\u00f6ft- och Kn\u00e4-f\u00f6reningens \u00e5rsm\u00f6te med lunch<\/span>\n               <br>\n               \n               <div class=\"room_div \">\n                 <i class=\"list-room\">Foaj\u00e9n Flygeln<\/i>\n               <\/div>\n\n               <div class=\"name_time_div\">\n                <i class=\"list-time\" data-time=\"11:45\">11:45-13:00 - Torsdag 29 augusti<\/i>\n               <\/div>\n              <\/div>\n             <\/div>\n          <\/div>\n\n          \n          <div class=\"box-wrapper\"\n              data-id=\"90999e8e-a997-40e8-bc2c-7abb453ea045\">\n\n              <div class='time-header'>13:00<\/div>\n\n              <div class=\"box\"\n                data-id=\"90999e8e-a997-40e8-bc2c-7abb453ea045\"\n                data-project=\"a44f2645-f465-4d20-9d12-e82cf6d97f2d\"\n                data-title=\"Svenska OrtopedTraumatologiska S\u00e4llskapet - Armb\u00e5gsfrakturer - G\u00f6r det sv\u00e5ra l\u00e4tt(are)?\"\n                data-time=\"13:00-16:30\"\n                data-room=\"De Geerhallen\"\n                data-room-id=\"8d4e3dd9-ce4c-4323-b414-2740c00d9454\"\n                data-room-name=\"De Geerhallen\"\n                data-day=\"3\"\n                data-abs-nbr=\"\"\n                data-abs-path=\"\"\n                data-speaker=\"Anna Ekman; Olle Wolf\"\n                data-speakercell=\"Anna Ekman; Olle Wolf\"\n                data-info=\"&lt;b&gt;Moderator: &lt;\/b&gt;Johan Scheer&lt;br&gt;&lt;br&gt;&lt;table&gt;\n&lt;tbody&gt;\n&lt;tr&gt;\n&lt;td&gt;&lt;br \/&gt;\n&lt;table&gt;\n&lt;tbody&gt;\n&lt;tr&gt;\n&lt;td&gt;\n&lt;p&gt;&amp;nbsp;&lt;\/p&gt;\n&lt;\/td&gt;\n&lt;\/tr&gt;\n&lt;\/tbody&gt;\n&lt;\/table&gt;\n&lt;\/td&gt;\n&lt;\/tr&gt;\n&lt;\/tbody&gt;\n&lt;\/table&gt;&lt;br&gt;&lt;br&gt;13:00-13:05: V\u00e4lkomna&lt;br&gt;&lt;br\/&gt;13:05-13:25: Indiktationer frakturprotes distala humerus, hemi och total&lt;br&gt;&lt;br\/&gt;13:25-13:40: L\u00e4mpliga och ol\u00e4mpliga fall f\u00f6r konservativ behandling&lt;br&gt;&lt;br\/&gt;13:40-13:55: Partiella intraartikul\u00e4ra frakturer&lt;br&gt;&lt;br\/&gt;13:55-14:10: Fall&lt;br&gt;&lt;br\/&gt;14:10-14:30: Vad stabiliserar en armb\u00e5ge?&lt;br&gt;&lt;br\/&gt;14:30-15:15: Kaffe&lt;br&gt;&lt;br\/&gt;15:15-15:30: Essex-Lopresti en sv\u00e5rf\u00e5ngad skada&lt;br&gt;&lt;br\/&gt;15:30-15:45: Caput radiifrakturer, laga ers\u00e4tta eller sl\u00e4nga bort&lt;br&gt;&lt;br\/&gt;15:45-16:00: Fixation av coronoiden, hur g\u00f6r man?&lt;br&gt;&lt;br\/&gt;16:00-16:15: Olecranonfrakturer, fr\u00e5n inget till allt&lt;br&gt;&lt;br\/&gt;16:15-16:30: Fall\"\n                data-category=\"L\u00e4kare\"\n                data-category-ids=\"47\"\n                data-span-all=\"\"\n              >\n\n              \n\n              <div class=\"vertical_bar\" style=\"background-color: #eb303a;\"><\/div>\n              <div class=\"box_inner\">\n                                <span>Svenska OrtopedTraumatologiska S\u00e4llskapet - Armb\u00e5gsfrakturer - G\u00f6r det sv\u00e5ra l\u00e4tt(are)?<\/span>\n               <br>\n               <div class=\"lecturer\"><span>Johan Scheer<\/span><\/div>\n               <div class=\"room_div \">\n                 <i class=\"list-room\">De Geerhallen<\/i>\n               <\/div>\n\n               <div class=\"name_time_div\">\n                <i class=\"list-time\" data-time=\"13:00\">13:00-16:30 - Torsdag 29 augusti<\/i>\n               <\/div>\n              <\/div>\n             <\/div>\n          <\/div>\n\n          \n          <div class=\"box-wrapper\"\n              data-id=\"78eb79f6-d072-40e5-a0ef-1a988e21fa8e\">\n\n              <div class='time-header' style='visibility: hidden;'>13:00<\/div>\n\n              <div class=\"box\"\n                data-id=\"78eb79f6-d072-40e5-a0ef-1a988e21fa8e\"\n                data-project=\"a44f2645-f465-4d20-9d12-e82cf6d97f2d\"\n                data-title=\"STRAMA Bakterier inom ortopedi - Anders Johansson och Stephan Stenmark\"\n                data-time=\"13:00-13:40\"\n                data-room=\"Flygeln\"\n                data-room-id=\"8d4e3e47-b348-40db-af90-fc05f2c56604\"\n                data-room-name=\"Flygeln\"\n                data-day=\"3\"\n                data-abs-nbr=\"\"\n                data-abs-path=\"\"\n                data-speaker=\"Anders Johansson; Stephan Stenmark\"\n                data-speakercell=\"Anders Johansson; Stephan Stenmark\"\n                data-info=\"&lt;p&gt;STRAMA Bakterier inom ortopedi, vilka &amp;auml;r de, hur sprids de? Och hur kan vi bek&amp;auml;mpa dem och samtidigt motverka antibiotkaresistens?&lt;\/p&gt;\n&lt;p&gt;V&amp;auml;lfungerade antibiotika har en avg&amp;ouml;rande betydelse f&amp;ouml;r modern sjukv&amp;aring;rd. Det &amp;auml;r en patients&amp;auml;kerhetsfr&amp;aring;ga att motverka v&amp;aring;rdrelaterade infektioner och att sv&amp;aring;ra bakteriella infektioner ska kunna behandlas med effektiva antibiotika. F&amp;ouml;rekomsten av antibiotikaresistens &amp;ouml;kar p&amp;aring; svenska sjukhus och det leder till risk f&amp;ouml;r h&amp;ouml;gre sjuklighet, d&amp;ouml;dlighet och h&amp;ouml;gre kostnader. F&amp;ouml;redraget kommer att beskriva vilka bakterier med betydelse f&amp;ouml;r ortopediska patienter som f&amp;ouml;rekommer p&amp;aring; v&amp;aring;ra sjukhus och hur de sprids till och mellan patienterna. Det blir en genomg&amp;aring;ng av hur vi kan p&amp;aring;verka smittspridning och vanliga infektions komplikationer via rutiner och arbetss&amp;auml;tt. Vi redovisar ocks&amp;aring; ny metodik f&amp;ouml;r att identifiera de patienter som har h&amp;ouml;g risk f&amp;ouml;r VRI och hur vi kan arbeta tillsamman f&amp;ouml;r att anv&amp;auml;nda antibiotika bara n&amp;auml;r det verkligen beh&amp;ouml;vs och d&amp;auml;rmed h&amp;aring;lla antibiotikatrycket s&amp;aring; l&amp;aring;gt som m&amp;ouml;jligt.&lt;\/p&gt;\n&lt;p&gt;&amp;nbsp;&lt;\/p&gt;&lt;br&gt;&lt;br&gt;\"\n                data-category=\"L\u00e4kare\"\n                data-category-ids=\"47\"\n                data-span-all=\"\"\n              >\n\n              \n\n              <div class=\"vertical_bar\" style=\"background-color: #eb303a;\"><\/div>\n              <div class=\"box_inner\">\n                                <span>STRAMA Bakterier inom ortopedi - Anders Johansson och Stephan Stenmark<\/span>\n               <br>\n               \n               <div class=\"room_div \">\n                 <i class=\"list-room\">Flygeln<\/i>\n               <\/div>\n\n               <div class=\"name_time_div\">\n                <i class=\"list-time\" data-time=\"13:00\">13:00-13:40 - Torsdag 29 augusti<\/i>\n               <\/div>\n              <\/div>\n             <\/div>\n          <\/div>\n\n          \n          <div class=\"box-wrapper\"\n              data-id=\"973dc184-54fe-49d1-8bf2-65fc9b186f8e\">\n\n              <div class='time-header' style='visibility: hidden;'>13:00<\/div>\n\n              <div class=\"box\"\n                data-id=\"973dc184-54fe-49d1-8bf2-65fc9b186f8e\"\n                data-project=\"a44f2645-f465-4d20-9d12-e82cf6d97f2d\"\n                data-title=\"Vem tar vilket ansvar - l\u00e4kare kontra patient? - \u00c5sa Kadowaki\"\n                data-time=\"13:00-13:40\"\n                data-room=\"Hemerycksalen\"\n                data-room-id=\"8d4e3eae-ee44-4f61-99bc-620941ba8aab\"\n                data-room-name=\"Hemerycksalen\"\n                data-day=\"3\"\n                data-abs-nbr=\"\"\n                data-abs-path=\"\"\n                data-speaker=\"\u00c5sa Kadowaki\"\n                data-speakercell=\"\u00c5sa Kadowaki\"\n                data-info=\"&lt;table&gt;\n&lt;tbody&gt;\n&lt;tr&gt;\n&lt;td&gt;\n&lt;table&gt;\n&lt;tbody&gt;\n&lt;tr&gt;\n&lt;td&gt;\n&lt;p&gt;Fr&amp;aring;n auktoritet till utf&amp;ouml;rare. Har kunden alltid r&amp;auml;tt? Eller &amp;auml;r det dags att bli en medveten l&amp;auml;kare som tar ansvar f&amp;ouml;r s&amp;aring;v&amp;auml;l diagnostik och behandling som uppf&amp;ouml;ljning och avslut?&lt;\/p&gt;\n&lt;p&gt;Konsumtion av v&amp;aring;rd har inget direkt samband med h&amp;auml;lsa. &amp;Ouml;verkonsumtion av v&amp;aring;rd utifr&amp;aring;n personligt lidande och gr&amp;auml;nsl&amp;ouml;shet i v&amp;aring;rden, skapar iatrogena v&amp;aring;rdskador - tex beroende av centralt verkande l&amp;auml;kemedel.&lt;\/p&gt;\n&lt;p&gt;Att vara ett proffs &amp;auml;r att kunna bed&amp;ouml;ma, beskriva, f&amp;ouml;rmedla och delta i den behandlings som man sj&amp;auml;lv kan st&amp;aring; f&amp;ouml;r. Vi beh&amp;ouml;ver &amp;aring;terer&amp;ouml;vra v&amp;aring;r professionalitet.&lt;\/p&gt;\n&lt;\/td&gt;\n&lt;\/tr&gt;\n&lt;\/tbody&gt;\n&lt;\/table&gt;\n&lt;\/td&gt;\n&lt;\/tr&gt;\n&lt;\/tbody&gt;\n&lt;\/table&gt;&lt;br&gt;&lt;br&gt;\"\n                data-category=\"L\u00e4kare\"\n                data-category-ids=\"47\"\n                data-span-all=\"\"\n              >\n\n              \n\n              <div class=\"vertical_bar\" style=\"background-color: #eb303a;\"><\/div>\n              <div class=\"box_inner\">\n                                <span>Vem tar vilket ansvar - l\u00e4kare kontra patient? - \u00c5sa Kadowaki<\/span>\n               <br>\n               \n               <div class=\"room_div \">\n                 <i class=\"list-room\">Hemerycksalen<\/i>\n               <\/div>\n\n               <div class=\"name_time_div\">\n                <i class=\"list-time\" data-time=\"13:00\">13:00-13:40 - Torsdag 29 augusti<\/i>\n               <\/div>\n              <\/div>\n             <\/div>\n          <\/div>\n\n          \n          <div class=\"box-wrapper\"\n              data-id=\"98def533-48e4-4429-ad00-c630f5bcdc75\">\n\n              <div class='time-header' style='visibility: hidden;'>13:00<\/div>\n\n              <div class=\"box\"\n                data-id=\"98def533-48e4-4429-ad00-c630f5bcdc75\"\n                data-project=\"a44f2645-f465-4d20-9d12-e82cf6d97f2d\"\n                data-title=\"Epiphysen I - Karl Henrik Grinnemo och Oscar Simonsson\"\n                data-time=\"13:00-14:30\"\n                data-room=\"Vingen 6+7\"\n                data-room-id=\"8d4e3f03-823f-4178-82f7-5d246c0bd647\"\n                data-room-name=\"Vingen 6+7\"\n                data-day=\"3\"\n                data-abs-nbr=\"\"\n                data-abs-path=\"\"\n                data-speaker=\"Oscar Simonsson; Karl-Henrik Grinnemo\"\n                data-speakercell=\"Oscar Simonsson; Karl-Henrik Grinnemo\"\n                data-info=\"&lt;p&gt;Karl-Henrik Grinnemo och Oscar Simonson, thoraxkirurg och forskare, ber&amp;auml;ttar om sina erfarenheter som visselbl&amp;aring;sare i det uppm&amp;auml;rksammade Macchiarini-fallet. B&amp;auml;gge har avslutat sina anst&amp;auml;llningar p&amp;aring; Karolinska Sjukhuset och arbetar numer p&amp;aring; Akademiska Sjukhuset.&lt;\/p&gt;&lt;br&gt;&lt;br&gt;13:00-14:20: Visselbl\u00e5sarna&lt;br&gt;&lt;br\/&gt;14:20-14:30: Prisutdelning av \u00e5rets handledare och \u00e5rets slipsten\"\n                data-category=\"L\u00e4kare\"\n                data-category-ids=\"47\"\n                data-span-all=\"\"\n              >\n\n              \n\n              <div class=\"vertical_bar\" style=\"background-color: #eb303a;\"><\/div>\n              <div class=\"box_inner\">\n                                <span>Epiphysen I - Karl Henrik Grinnemo och Oscar Simonsson<\/span>\n               <br>\n               \n               <div class=\"room_div \">\n                 <i class=\"list-room\">Vingen 6+7<\/i>\n               <\/div>\n\n               <div class=\"name_time_div\">\n                <i class=\"list-time\" data-time=\"13:00\">13:00-14:30 - Torsdag 29 augusti<\/i>\n               <\/div>\n              <\/div>\n             <\/div>\n          <\/div>\n\n          \n          <div class=\"box-wrapper\"\n              data-id=\"cafe913a-be75-4840-8656-6308f26caec8\">\n\n              <div class='time-header'>13:50<\/div>\n\n              <div class=\"box\"\n                data-id=\"cafe913a-be75-4840-8656-6308f26caec8\"\n                data-project=\"a44f2645-f465-4d20-9d12-e82cf6d97f2d\"\n                data-title=\"Protesinfektioner runt h\u00f6ft och kn\u00e4ledsproteser. Kliniska tips baserat p\u00e5 fallbeskrivningar.\"\n                data-time=\"13:50-15:00\"\n                data-room=\"Flygeln\"\n                data-room-id=\"8d4e3e47-b348-40db-af90-fc05f2c56604\"\n                data-room-name=\"Flygeln\"\n                data-day=\"3\"\n                data-abs-nbr=\"\"\n                data-abs-path=\"\"\n                data-speaker=\"Stergios Lazarinis; \u00c5sa Nilsdotter; Elias Gudbrandsson; Peter Grant; Anna Stefansdottir; Jonatan Tillander\"\n                data-speakercell=\"Stergios Lazarinis; \u00c5sa Nilsdotter; Elias Gudbrandsson; Peter Grant; Anna Stefansdottir; Jonatan Tillander\"\n                data-info=\"&lt;b&gt;Moderator: &lt;\/b&gt;Johan K\u00e4rrholm&lt;br&gt;&lt;br&gt;&lt;p&gt;&amp;nbsp;&lt;\/p&gt;\n&lt;table&gt;\n&lt;tbody&gt;\n&lt;tr&gt;\n&lt;td&gt;\n&lt;p&gt;Paneldiskussion utifr&amp;aring;n fall:&lt;\/p&gt;\n&lt;p&gt;Symposiet tar upp diagnostik och behandling av djupa infektioner efter h&amp;ouml;ft och kn&amp;auml;proteskirurgi.&amp;nbsp;&lt;br \/&gt;Olika kliniska scenarier presenteras baserat p&amp;aring; patientfall. De enskilda f&amp;ouml;redragen avser att illustrera symptom, klinisk presentation och val av diagnostiska metoder vid djup infektion, typfall f&amp;ouml;r val av olika kirurgiska och icke-kirurgiska behandlingsalternativ som DAIR, en-stegs- och tv&amp;aring;stegsrevision samt l&amp;aring;ngtidsbehandling med antibiotika.&lt;br \/&gt;Hur man hanterar behandlingssvikt kommer ocks&amp;aring; att belysas.&lt;\/p&gt;\n&lt;\/td&gt;\n&lt;\/tr&gt;\n&lt;\/tbody&gt;\n&lt;\/table&gt;&lt;br&gt;&lt;br&gt;\"\n                data-category=\"L\u00e4kare\"\n                data-category-ids=\"47\"\n                data-span-all=\"\"\n              >\n\n              \n\n              <div class=\"vertical_bar\" style=\"background-color: #eb303a;\"><\/div>\n              <div class=\"box_inner\">\n                                <span>Protesinfektioner runt h\u00f6ft och kn\u00e4ledsproteser. Kliniska tips baserat p\u00e5 fallbeskrivningar.<\/span>\n               <br>\n               <div class=\"lecturer\"><span>Johan K\u00e4rrholm<\/span><\/div>\n               <div class=\"room_div \">\n                 <i class=\"list-room\">Flygeln<\/i>\n               <\/div>\n\n               <div class=\"name_time_div\">\n                <i class=\"list-time\" data-time=\"13:50\">13:50-15:00 - Torsdag 29 augusti<\/i>\n               <\/div>\n              <\/div>\n             <\/div>\n          <\/div>\n\n          \n          <div class=\"box-wrapper\"\n              data-id=\"d58d41f3-ba89-43f2-82d4-362db66d6ee4\">\n\n              <div class='time-header' style='visibility: hidden;'>13:50<\/div>\n\n              <div class=\"box\"\n                data-id=\"d58d41f3-ba89-43f2-82d4-362db66d6ee4\"\n                data-project=\"a44f2645-f465-4d20-9d12-e82cf6d97f2d\"\n                data-title=\"Plattfotskirurgi - Var, n\u00e4r, hur och var?\"\n                data-time=\"13:50-15:10\"\n                data-room=\"Hemerycksalen\"\n                data-room-id=\"8d4e3eae-ee44-4f61-99bc-620941ba8aab\"\n                data-room-name=\"Hemerycksalen\"\n                data-day=\"3\"\n                data-abs-nbr=\"\"\n                data-abs-path=\"\"\n                data-speaker=\"\"\n                data-speakercell=\"\"\n                data-info=\"&lt;b&gt;Moderator: &lt;\/b&gt;Maria C\u00f6ster&lt;br&gt;&lt;br&gt;&lt;table&gt;\n&lt;tbody&gt;\n&lt;tr&gt;\n&lt;td&gt;\n&lt;p&gt;Plattfotskirurgi - Var, n&amp;auml;r, hur och var?&amp;nbsp;&amp;nbsp;&amp;nbsp;&amp;nbsp;&lt;br \/&gt;Hur v&amp;auml;ljer man r&amp;auml;tt patient f&amp;ouml;r kirurgi respektive icke-kirurgisk behandling?&lt;br \/&gt;Vilka patienter med plattfothet ska opereras?&lt;br \/&gt;Hur och n&amp;auml;r ska man operera plattfothet?&amp;nbsp;&lt;br \/&gt;Ska patienter med plattfothet opereras &amp;ouml;verallt?&lt;\/p&gt;\n&lt;p&gt;Olika orsaker till plattfothet diskuteras inkluderat icke-operativ och operativ behandling. Vi f&amp;ouml;rdjupar oss i tibialis posterior dysfunktion inklusive biomekanik, diagnostik och utredning, men ger ocks&amp;aring; inblick i andra orsaker till plattfot.&lt;\/p&gt;\n&lt;p&gt;&amp;Auml;ven om man inte tr&amp;auml;ffar dessa patienter dagligen, och inte &amp;auml;r specialiserad inom fot-och fotledskirurgi &amp;auml;r det bra att k&amp;auml;nna till denna patientgrupp, som &amp;aring;terfinns p&amp;aring; akut &amp;ndash; och ortopedmottagningar med fr&amp;aring;gan &amp;rdquo;kan man g&amp;ouml;ra n&amp;aring;got?&amp;rdquo;&lt;br \/&gt;Vi kommer under symposiet f&amp;ouml;rs&amp;ouml;ka ge svar p&amp;aring; fr&amp;aring;gorna ovan.&amp;nbsp;&lt;\/p&gt;\n&lt;\/td&gt;\n&lt;\/tr&gt;\n&lt;\/tbody&gt;\n&lt;\/table&gt;\n&lt;p&gt;&amp;nbsp;&lt;\/p&gt;&lt;br&gt;&lt;br&gt;13:50-13:55: Inledning&lt;br&gt;&lt;small&gt;Maria C\u00f6ster&lt;\/small&gt;&lt;br&gt;&lt;br\/&gt;13:55-14:25: F\u00f6rv\u00e4rvad vuxenplattfot- varf\u00f6r och vad g\u00f6ra?&lt;br&gt;&lt;small&gt;Martin \u00c5lund&lt;\/small&gt;&lt;br&gt;&lt;br\/&gt;14:25-14:40: Foten \u00e4r roten- neuromuskul\u00e4r optimering, pre-hab och re-hab&lt;br&gt;&lt;small&gt;Cecilia Elam&lt;\/small&gt;&lt;br&gt;&lt;br\/&gt;14:40-15:00: Plattfot, inte alltid tibialis posterior syndrom!&lt;br&gt;&lt;small&gt;H\u00e5kan Magnusson&lt;\/small&gt;&lt;br&gt;&lt;br\/&gt;15:00-15:10: Diskussion\"\n                data-category=\"L\u00e4kare\"\n                data-category-ids=\"47\"\n                data-span-all=\"\"\n              >\n\n              \n\n              <div class=\"vertical_bar\" style=\"background-color: #eb303a;\"><\/div>\n              <div class=\"box_inner\">\n                                <span>Plattfotskirurgi - Var, n\u00e4r, hur och var?<\/span>\n               <br>\n               <div class=\"lecturer\"><span>Maria C\u00f6ster<\/span><\/div>\n               <div class=\"room_div \">\n                 <i class=\"list-room\">Hemerycksalen<\/i>\n               <\/div>\n\n               <div class=\"name_time_div\">\n                <i class=\"list-time\" data-time=\"13:50\">13:50-15:10 - Torsdag 29 augusti<\/i>\n               <\/div>\n              <\/div>\n             <\/div>\n          <\/div>\n\n          \n          <div class=\"box-wrapper\"\n              data-id=\"cafc67a0-a44d-436f-abca-310b71c89541\">\n\n              <div class='time-header'>14:00<\/div>\n\n              <div class=\"box\"\n                data-id=\"cafc67a0-a44d-436f-abca-310b71c89541\"\n                data-project=\"a44f2645-f465-4d20-9d12-e82cf6d97f2d\"\n                data-title=\"Postervandring Artros\/brosk\"\n                data-time=\"14:00-15:00\"\n                data-room=\"Utst\u00e4llningen\"\n                data-room-id=\"8d4e3f5c-67af-4d8e-afad-1479d2941cad\"\n                data-room-name=\"Utst\u00e4llningen\"\n                data-day=\"3\"\n                data-abs-nbr=\"\"\n                data-abs-path=\"\"\n                data-speaker=\"\"\n                data-speakercell=\"\"\n                data-info=\"&lt;b&gt;Moderatorer: &lt;\/b&gt;J\u00f6rg Schilcher; Nils Hailer&lt;br&gt;&lt;br&gt;14:00-14:06: Body mass index differentially modulates heritability of clinically-defined hip and knee osteoarthritis: A study on 31,504 Swedish twin pairs&lt;br&gt;&lt;small&gt;Anders Br\u00fcggemann&lt;\/small&gt;&lt;br&gt;&lt;small&gt;&lt;a href='https:\/\/aic-atlas.s3.eu-north-1.amazonaws.com\/projects\/a44f2645-f465-4d20-9d12-e82cf6d97f2d\/documents\/NVUTpVeaM6Ve84sZFoQQgGDuL1ys4wS5z1ax9cJf.html' target='_blank'&gt;Show abstract&lt;\/a&gt;&lt;\/small&gt;&lt;br&gt;&lt;br\/&gt;14:06-14:12: A novel chitosan-based  scaffold for cartilage repair. An in vitro study using this scaffold in a 3-D  cartilage repair model&lt;br&gt;&lt;small&gt;Nenad Andjelkov&lt;\/small&gt;&lt;br&gt;&lt;small&gt;&lt;a href='https:\/\/aic-atlas.s3.eu-north-1.amazonaws.com\/projects\/a44f2645-f465-4d20-9d12-e82cf6d97f2d\/documents\/Po7QkKzlg76JMoftxGnHWhfgvwpcrdlviqkPUy9z.html' target='_blank'&gt;Show abstract&lt;\/a&gt;&lt;\/small&gt;&lt;br&gt;&lt;br\/&gt;14:12-14:18: Better management of patients with osteoarthritis (BOA), outcomes after evidence based education and exercise delivered nationwide in Sweden.&lt;br&gt;&lt;small&gt;Therese J\u00f6nsson&lt;\/small&gt;&lt;br&gt;&lt;small&gt;&lt;a href='https:\/\/aic-atlas.s3.eu-north-1.amazonaws.com\/projects\/a44f2645-f465-4d20-9d12-e82cf6d97f2d\/documents\/KE1FUeOE0Uf8PAxP9d7xbqNK6jwxCGK1x9BuQSv4.html' target='_blank'&gt;Show abstract&lt;\/a&gt;&lt;\/small&gt;&lt;br&gt;&lt;br\/&gt;14:18-14:24: DIGITAL OA TREATMENT \u2013 EFFECTS ON PAIN AFTER 6 MONTHS OF ADHERENCE&lt;br&gt;&lt;small&gt;Leif Dahlberg&lt;\/small&gt;&lt;br&gt;&lt;small&gt;&lt;a href='https:\/\/aic-atlas.s3.eu-north-1.amazonaws.com\/projects\/a44f2645-f465-4d20-9d12-e82cf6d97f2d\/documents\/oN4GTYGqNJcyqFRQq11GTG6pSNqoyGXFm1GSG8ZR.html' target='_blank'&gt;Show abstract&lt;\/a&gt;&lt;\/small&gt;&lt;br&gt;&lt;br\/&gt;14:24-14:30: Mussel Adhesion Protein (MAP) as an equal alternative to fibrin for scaffold fixation during cartilage repair procedures&lt;br&gt;&lt;small&gt;Nenad Andjelkov&lt;\/small&gt;&lt;br&gt;&lt;small&gt;&lt;a href='https:\/\/aic-atlas.s3.eu-north-1.amazonaws.com\/projects\/a44f2645-f465-4d20-9d12-e82cf6d97f2d\/documents\/H10JKfZRnFnhc2WSB3B4PTZBO4TY4wleihBjz4rI.html' target='_blank'&gt;Show abstract&lt;\/a&gt;&lt;\/small&gt;&lt;br&gt;&lt;br\/&gt;14:30-14:36: The Use of CT 3D Navigation in the Retrograde Drilling of Tibia Plafond Osteochondral Lesion&lt;br&gt;&lt;small&gt;Jordan Wei Peng Ng&lt;\/small&gt;&lt;br&gt;&lt;small&gt;&lt;a href='https:\/\/aic-atlas.s3.eu-north-1.amazonaws.com\/projects\/a44f2645-f465-4d20-9d12-e82cf6d97f2d\/documents\/jD8ygX2mHY7tcrkOVU6HiSzu1csgaMVGS57K8KzE.html' target='_blank'&gt;Show abstract&lt;\/a&gt;&lt;\/small&gt;&lt;br&gt;&lt;br\/&gt;14:36-14:42: Growth Differentiation Factor (GDF-7) promotes multiple-lineage differentiation in tenogenic cultures of mesenchymal stem cells.&lt;br&gt;&lt;small&gt;Maritha Kumlin&lt;\/small&gt;&lt;br&gt;&lt;small&gt;&lt;a href='https:\/\/aic-atlas.s3.eu-north-1.amazonaws.com\/projects\/a44f2645-f465-4d20-9d12-e82cf6d97f2d\/documents\/E9mtSVHQx3oubOk13pCOAS5XDD2mqCDRYzUpB1A9.html' target='_blank'&gt;Show abstract&lt;\/a&gt;&lt;\/small&gt;&lt;br&gt;&lt;br\/&gt;14:42-14:48: In-vivo Intervertebral Disc Regeneration Using Stem cells-derived Chondroprogenitors&lt;br&gt;&lt;small&gt;Harry Mitchell Sheikh&lt;\/small&gt;&lt;br&gt;&lt;small&gt;&lt;a href='https:\/\/aic-atlas.s3.eu-north-1.amazonaws.com\/projects\/a44f2645-f465-4d20-9d12-e82cf6d97f2d\/documents\/tmVyRIRsVp0vDSdAiWTN0vALOZnvzm4tUNxjEhEn.html' target='_blank'&gt;Show abstract&lt;\/a&gt;&lt;\/small&gt;&lt;br&gt;&lt;br\/&gt;14:48-15:00: Socioeconomic status of patients in a Swedish national self-management program for osteoarthritis compared with the general population\u2014a descriptive observational study of 72,069 patients&lt;br&gt;&lt;small&gt;Ola Rolfson&lt;\/small&gt;&lt;br&gt;&lt;small&gt;&lt;a href='https:\/\/aic-atlas.s3.eu-north-1.amazonaws.com\/projects\/a44f2645-f465-4d20-9d12-e82cf6d97f2d\/documents\/uYtMyoqQc9XPS9aveXlFdcRUAXZfhEOwmQxakckf.html' target='_blank'&gt;Show abstract&lt;\/a&gt;&lt;\/small&gt;\"\n                data-category=\"Postervandringar\"\n                data-category-ids=\"194\"\n                data-span-all=\"\"\n              >\n\n              \n\n              <div class=\"vertical_bar\" style=\"background-color: #f6492b;\"><\/div>\n              <div class=\"box_inner\">\n                                <span>Postervandring Artros\/brosk<\/span>\n               <br>\n               <div class=\"lecturer\"><span>J\u00f6rg Schilcher; Nils Hailer<\/span><\/div>\n               <div class=\"room_div \">\n                 <i class=\"list-room\">Utst\u00e4llningen<\/i>\n               <\/div>\n\n               <div class=\"name_time_div\">\n                <i class=\"list-time\" data-time=\"14:00\">14:00-15:00 - Torsdag 29 augusti<\/i>\n               <\/div>\n              <\/div>\n             <\/div>\n          <\/div>\n\n          \n          <div class=\"box-wrapper\"\n              data-id=\"021b4add-de4d-4433-ae65-2aec216af5df\">\n\n              <div class='time-header'>15:15<\/div>\n\n              <div class=\"box\"\n                data-id=\"021b4add-de4d-4433-ae65-2aec216af5df\"\n                data-project=\"a44f2645-f465-4d20-9d12-e82cf6d97f2d\"\n                data-title=\"Epiphysen II - Hur ska du agera om du ser n\u00e5gon som g\u00f6r fel?\"\n                data-time=\"15:15-16:30\"\n                data-room=\"Vingen 6+7\"\n                data-room-id=\"8d4e3f03-823f-4178-82f7-5d246c0bd647\"\n                data-room-name=\"Vingen 6+7\"\n                data-day=\"3\"\n                data-abs-nbr=\"\"\n                data-abs-path=\"\"\n                data-speaker=\"\"\n                data-speakercell=\"\"\n                data-info=\"&lt;b&gt;Moderator: &lt;\/b&gt;Lovisa Andr\u00e9&lt;br&gt;&lt;br&gt;&lt;p&gt;Birgitta Lagerqvist &amp;auml;r chefl&amp;auml;kare och kommer diskutera hur du kan agera vid k&amp;auml;nnedom om att en kollega upprepat brister i sin yrkeskompetens. V&amp;aring;gar man s&amp;auml;ga till en senior kollega?&lt;\/p&gt;&lt;br&gt;&lt;br&gt;15:15-16:00: Hur ska du agera om du ser n\u00e5gon som g\u00f6r fel?&lt;br&gt;&lt;small&gt;Birgitta Lagerqvist&lt;\/small&gt;&lt;br&gt;&lt;br\/&gt;16:00-16:30: Battle: F\u00f6r och emot kirurgi vid burstfrakturer?&lt;br&gt;&lt;small&gt;Lukas Bobinski; H\u00e5kan Jonsson&lt;\/small&gt;\"\n                data-category=\"L\u00e4kare\"\n                data-category-ids=\"47\"\n                data-span-all=\"\"\n              >\n\n              \n\n              <div class=\"vertical_bar\" style=\"background-color: #eb303a;\"><\/div>\n              <div class=\"box_inner\">\n                                <span>Epiphysen II - Hur ska du agera om du ser n\u00e5gon som g\u00f6r fel?<\/span>\n               <br>\n               <div class=\"lecturer\"><span>Lovisa Andr\u00e9<\/span><\/div>\n               <div class=\"room_div \">\n                 <i class=\"list-room\">Vingen 6+7<\/i>\n               <\/div>\n\n               <div class=\"name_time_div\">\n                <i class=\"list-time\" data-time=\"15:15\">15:15-16:30 - Torsdag 29 augusti<\/i>\n               <\/div>\n              <\/div>\n             <\/div>\n          <\/div>\n\n          \n          <div class=\"box-wrapper\"\n              data-id=\"acf95ae1-0ce2-43bd-932b-2a161f3858d3\">\n\n              <div class='time-header'>15:45<\/div>\n\n              <div class=\"box\"\n                data-id=\"acf95ae1-0ce2-43bd-932b-2a161f3858d3\"\n                data-project=\"a44f2645-f465-4d20-9d12-e82cf6d97f2d\"\n                data-title=\"H\u00f6ftfrakturer och kvalitetsregister, Hur kan vi ytterligare f\u00f6rb\u00e4ttra v\u00e5rden f\u00f6r patienter med h\u00f6ftraktur?\"\n                data-time=\"15:45-16:45\"\n                data-room=\"Hemerycksalen\"\n                data-room-id=\"8d4e3eae-ee44-4f61-99bc-620941ba8aab\"\n                data-room-name=\"Hemerycksalen\"\n                data-day=\"3\"\n                data-abs-nbr=\"\"\n                data-abs-path=\"\"\n                data-speaker=\"\"\n                data-speakercell=\"\"\n                data-info=\"&lt;b&gt;Moderator: &lt;\/b&gt;Maziar Mohaddes&lt;br&gt;&lt;br&gt;15:45-15:55: Inledning&lt;br&gt;&lt;br\/&gt;15:55-16:10: Val av behandlingsmetod vid felst\u00e4lld l\u00e5rbenshalsfraktur&lt;br&gt;&lt;small&gt;Ghazi Chammout&lt;\/small&gt;&lt;br&gt;&lt;br\/&gt;16:10-16:40: Registerperspektiv \u2013 Vad kan och g\u00f6r registren?&lt;br&gt;&lt;small&gt;Margareta Hedstr\u00f6m; Cecilia Rogmark; Olle Wolf&lt;\/small&gt;&lt;br&gt;&lt;br\/&gt;16:40-16:45: Diskussion\"\n                data-category=\"L\u00e4kare\"\n                data-category-ids=\"47\"\n                data-span-all=\"\"\n              >\n\n              \n\n              <div class=\"vertical_bar\" style=\"background-color: #eb303a;\"><\/div>\n              <div class=\"box_inner\">\n                                <span>H\u00f6ftfrakturer och kvalitetsregister, Hur kan vi ytterligare f\u00f6rb\u00e4ttra v\u00e5rden f\u00f6r patienter med h\u00f6ftraktur?<\/span>\n               <br>\n               <div class=\"lecturer\"><span>Maziar Mohaddes<\/span><\/div>\n               <div class=\"room_div \">\n                 <i class=\"list-room\">Hemerycksalen<\/i>\n               <\/div>\n\n               <div class=\"name_time_div\">\n                <i class=\"list-time\" data-time=\"15:45\">15:45-16:45 - Torsdag 29 augusti<\/i>\n               <\/div>\n              <\/div>\n             <\/div>\n          <\/div>\n\n          \n          <div class=\"box-wrapper\"\n              data-id=\"47cac8d8-078d-4f7d-8769-74808c2c7302\">\n\n              <div class='time-header'>16:30<\/div>\n\n              <div class=\"box\"\n                data-id=\"47cac8d8-078d-4f7d-8769-74808c2c7302\"\n                data-project=\"a44f2645-f465-4d20-9d12-e82cf6d97f2d\"\n                data-title=\"Diskussion multicenterstudie inom SBOF\"\n                data-time=\"16:30-18:30\"\n                data-room=\"Vingen 8\"\n                data-room-id=\"8d4e3f20-50f4-4f2e-9fe7-20d3f379e9fc\"\n                data-room-name=\"Vingen 8\"\n                data-day=\"3\"\n                data-abs-nbr=\"\"\n                data-abs-path=\"\"\n                data-speaker=\"\"\n                data-speakercell=\"\"\n                data-info=\"&lt;b&gt;Moderator: &lt;\/b&gt;Bengt Herngren&lt;br&gt;&lt;br&gt;&lt;p&gt;Endast inbjudna.&lt;\/p&gt;&lt;br&gt;&lt;br&gt;\"\n                data-category=\"L\u00e4kare\"\n                data-category-ids=\"47\"\n                data-span-all=\"\"\n              >\n\n              \n\n              <div class=\"vertical_bar\" style=\"background-color: #eb303a;\"><\/div>\n              <div class=\"box_inner\">\n                                <span>Diskussion multicenterstudie inom SBOF<\/span>\n               <br>\n               <div class=\"lecturer\"><span>Bengt Herngren<\/span><\/div>\n               <div class=\"room_div \">\n                 <i class=\"list-room\">Vingen 8<\/i>\n               <\/div>\n\n               <div class=\"name_time_div\">\n                <i class=\"list-time\" data-time=\"16:30\">16:30-18:30 - Torsdag 29 augusti<\/i>\n               <\/div>\n              <\/div>\n             <\/div>\n          <\/div>\n\n          <div class='list_header' data-day='4' style='background-color: rgba(32, 132, 196, 0.83); color: rgba(255, 255, 255, 1);'>Fredag 30 augusti<\/div>\n          <div class=\"box-wrapper\"\n              data-id=\"6a400323-0628-4faf-8ee4-863aa5fa61d8\">\n\n              <div class='time-header'>08:00<\/div>\n\n              <div class=\"box\"\n                data-id=\"6a400323-0628-4faf-8ee4-863aa5fa61d8\"\n                data-project=\"a44f2645-f465-4d20-9d12-e82cf6d97f2d\"\n                data-title=\"Varf\u00f6r f\u00f6ljer vi inte h\u00f6gsta tillg\u00e4ngliga evidens inom ortopedin?\"\n                data-time=\"08:00-09:30\"\n                data-room=\"De Geerhallen\"\n                data-room-id=\"8d4e3dd9-ce4c-4323-b414-2740c00d9454\"\n                data-room-name=\"De Geerhallen\"\n                data-day=\"4\"\n                data-abs-nbr=\"\"\n                data-abs-path=\"\"\n                data-speaker=\"\"\n                data-speakercell=\"\"\n                data-info=\"&lt;b&gt;Moderator: &lt;\/b&gt;Henrik Malchau&lt;br&gt;&lt;br&gt;&lt;table&gt;\n&lt;tbody&gt;\n&lt;tr&gt;\n&lt;td&gt;&lt;br \/&gt;\n&lt;table&gt;\n&lt;tbody&gt;\n&lt;tr&gt;\n&lt;td&gt;\n&lt;p&gt;Utveckling av v&amp;aring;rd och v&amp;aring;rdprocesser inom ortopedi g&amp;aring;r snabbt. F&amp;ouml;rekomsten av ortopediska skador och sjukdomar &amp;ouml;kar i takt med en &amp;aring;ldrande befolkning. Det finns stor variation inom landet i hur vi behandlar vanliga ortopediska &amp;aring;kommor och skador; traditionella och nya behandlingar anv&amp;auml;nds ofta med bristf&amp;auml;llig vetenskaplig evidens. Syftet med symposiet &amp;auml;r att belysa variationen i v&amp;aring;rden, hur vi skapar och till&amp;auml;mpar ny kunskap, samt hur vi kan utveckla nationella system f&amp;ouml;r kunskapsstyrning. Symposiet kommer ocks&amp;aring; att diskutera ekonomiska incitament, marknadsf&amp;ouml;ring, kirurgens riskben&amp;auml;genhet och andra faktorer som p&amp;aring;verkar hur vi inom ortopedin f&amp;ouml;rh&amp;aring;ller oss i val av behandling.&amp;nbsp;&lt;br \/&gt;&lt;br \/&gt;&lt;\/p&gt;\n&lt;\/td&gt;\n&lt;\/tr&gt;\n&lt;\/tbody&gt;\n&lt;\/table&gt;\n&lt;\/td&gt;\n&lt;\/tr&gt;\n&lt;\/tbody&gt;\n&lt;\/table&gt;&lt;br&gt;&lt;br&gt;08:00-08:10: Stegvis introduktion av nya metoder, tekniker och implantat: h\u00e5ller vi m\u00e5ttet?&lt;br&gt;&lt;small&gt;Henrik Malchau&lt;\/small&gt;&lt;br&gt;&lt;br\/&gt;08:10-08:20: Nordisk variation inom ledproteskirurgin: hur f\u00f6rklara skillnader och trender?&lt;br&gt;&lt;small&gt;Soren Overgaard&lt;\/small&gt;&lt;br&gt;&lt;br\/&gt;08:20-08:30: H\u00f6ft- och kn\u00e4proteskirurgi: \u00e4r vi f\u00f6r konservativa inom Svensk ortopedi?&lt;br&gt;&lt;small&gt;Otto Robertsson&lt;\/small&gt;&lt;br&gt;&lt;br\/&gt;08:30-08:40: Frakturbehandling i Sverige: vad l\u00e4r vi av variationen?&lt;br&gt;&lt;small&gt;Michael M\u00f6ller&lt;\/small&gt;&lt;br&gt;&lt;br\/&gt;08:40-08:50: Ekonomiska incitament: privatisering och p\u00e5verkan fr\u00e5n industrin&lt;br&gt;&lt;small&gt;Li Fell\u00e4nder-Tsai&lt;\/small&gt;&lt;br&gt;&lt;br\/&gt;08:50-09:00: Riskben\u00e4genhet hos individuella l\u00e4kare: varf\u00f6r vill vissa operera allt?&lt;br&gt;&lt;small&gt;Andreas Meunier&lt;\/small&gt;&lt;br&gt;&lt;br\/&gt;09:00-09:10: Nationella programomr\u00e5den och kunskapsstyrning: Hur g\u00f6r vi n\u00e4r det inte finns tillr\u00e4cklig evidens?&lt;br&gt;&lt;small&gt;Maziar Mohaddes&lt;\/small&gt;&lt;br&gt;&lt;br\/&gt;09:10-09:30: Diskussion\"\n                data-category=\"L\u00e4kare\"\n                data-category-ids=\"47\"\n                data-span-all=\"\"\n              >\n\n              \n\n              <div class=\"vertical_bar\" style=\"background-color: #eb303a;\"><\/div>\n              <div class=\"box_inner\">\n                                <span>Varf\u00f6r f\u00f6ljer vi inte h\u00f6gsta tillg\u00e4ngliga evidens inom ortopedin?<\/span>\n               <br>\n               <div class=\"lecturer\"><span>Henrik Malchau<\/span><\/div>\n               <div class=\"room_div \">\n                 <i class=\"list-room\">De Geerhallen<\/i>\n               <\/div>\n\n               <div class=\"name_time_div\">\n                <i class=\"list-time\" data-time=\"08:00\">08:00-09:30 - Fredag 30 augusti<\/i>\n               <\/div>\n              <\/div>\n             <\/div>\n          <\/div>\n\n          \n          <div class=\"box-wrapper\"\n              data-id=\"af8b4f2c-53f9-47ec-b910-513d838200d0\">\n\n              <div class='time-header' style='visibility: hidden;'>08:00<\/div>\n\n              <div class=\"box\"\n                data-id=\"af8b4f2c-53f9-47ec-b910-513d838200d0\"\n                data-project=\"a44f2645-f465-4d20-9d12-e82cf6d97f2d\"\n                data-title=\"Korsbandskirurgin i perspektiv\"\n                data-time=\"08:00-09:30\"\n                data-room=\"Hemerycksalen\"\n                data-room-id=\"8d4e3eae-ee44-4f61-99bc-620941ba8aab\"\n                data-room-name=\"Hemerycksalen\"\n                data-day=\"4\"\n                data-abs-nbr=\"\"\n                data-abs-path=\"\"\n                data-speaker=\"Karl Eriksson; Juri Kartus\"\n                data-speakercell=\"Karl Eriksson; Juri Kartus\"\n                data-info=\"&lt;b&gt;Moderator: &lt;\/b&gt;Jon Karlsson&lt;br&gt;&lt;br&gt;&lt;p&gt;I detta symposium sammanfattar 3 av landets mest erfarna korsbandskirurger sin syn p&amp;aring; korsbandskirurgin under mer &amp;auml;n 3 decennier.&lt;\/p&gt;\n&lt;p&gt;Var stod vi p&amp;aring; 80\/90-talet?&amp;nbsp;&lt;br \/&gt;Vad h&amp;auml;nde n&amp;auml;r &amp;auml;ndringen fr&amp;aring;n &amp;ouml;ppen korsbandskirurgi till artroskopisk kom och utvecklades? Opererar vi f&amp;ouml;r f&amp;aring;\/f&amp;ouml;r m&amp;aring;nga, eller lagom?&amp;nbsp;&lt;br \/&gt;Vad har forskningen gett oss, vilka framsteg har vi gjort och vad ser vi i kristallkulan?&amp;nbsp;&lt;br \/&gt;Skall revisioner och multi-ligamentskador centraliseras?&amp;nbsp;&lt;br \/&gt;Vad har h&amp;auml;nt de allra senaste &amp;aring;ren?&amp;nbsp;&lt;br \/&gt;Finns det detaljer i teknik som har lett till b&amp;auml;ttre resultat, t ex val av graft och fixation?&amp;nbsp;&lt;br \/&gt;Vilken betydelse har timing?&amp;nbsp;&lt;br \/&gt;Hur viktigt &amp;auml;r det att f&amp;ouml;rst&amp;aring; att korsbandsskada b&amp;ouml;r opereras akut, speciellt om det f&amp;ouml;religger andra skador, s&amp;aring;som brosk- och meniskskador?&amp;nbsp;&lt;br \/&gt;Kan vi f&amp;ouml;rebygga artros?&amp;nbsp;&lt;br \/&gt;Vilka framtidsperspektiv ser vi?&amp;nbsp;&lt;br \/&gt;Individualiserad behandling diskuteras ofta, men vad betyder det?&lt;\/p&gt;&lt;br&gt;&lt;br&gt;\"\n                data-category=\"L\u00e4kare\"\n                data-category-ids=\"47\"\n                data-span-all=\"\"\n              >\n\n              \n\n              <div class=\"vertical_bar\" style=\"background-color: #eb303a;\"><\/div>\n              <div class=\"box_inner\">\n                                <span>Korsbandskirurgin i perspektiv<\/span>\n               <br>\n               <div class=\"lecturer\"><span>Jon Karlsson<\/span><\/div>\n               <div class=\"room_div \">\n                 <i class=\"list-room\">Hemerycksalen<\/i>\n               <\/div>\n\n               <div class=\"name_time_div\">\n                <i class=\"list-time\" data-time=\"08:00\">08:00-09:30 - Fredag 30 augusti<\/i>\n               <\/div>\n              <\/div>\n             <\/div>\n          <\/div>\n\n          \n          <div class=\"box-wrapper\"\n              data-id=\"5ca9e58e-a189-46cc-bec1-ad114e8a5182\">\n\n              <div class='time-header'>08:15<\/div>\n\n              <div class=\"box\"\n                data-id=\"5ca9e58e-a189-46cc-bec1-ad114e8a5182\"\n                data-project=\"a44f2645-f465-4d20-9d12-e82cf6d97f2d\"\n                data-title=\"Fria f\u00f6redrag VI\"\n                data-time=\"08:15-09:15\"\n                data-room=\"Vingen 3+4\"\n                data-room-id=\"8d4e3eca-bf06-4071-a254-2a1e33b1a8fd\"\n                data-room-name=\"Vingen 3+4\"\n                data-day=\"4\"\n                data-abs-nbr=\"\"\n                data-abs-path=\"\"\n                data-speaker=\"\"\n                data-speakercell=\"\"\n                data-info=\"&lt;b&gt;Moderator: &lt;\/b&gt;Lars Weidenhjelm&lt;br&gt;&lt;br&gt;08:15-08:27: Does transfer of the gluteus maximus muscle improve abduction strength in patients with abductor deficiency following total hip replacement?&lt;br&gt;&lt;small&gt;Roland Z\u00fcgner&lt;\/small&gt;&lt;br&gt;&lt;small&gt;&lt;a href='https:\/\/aic-atlas.s3.eu-north-1.amazonaws.com\/projects\/a44f2645-f465-4d20-9d12-e82cf6d97f2d\/documents\/FI1sxld4pCODwf2dSp5b7Uo2BfO4b8FszvdNa5Y2.html' target='_blank'&gt;Show abstract&lt;\/a&gt;&lt;\/small&gt;&lt;br&gt;&lt;br\/&gt;08:27-08:39: Implant migration and bone mineral density changes can be measured simultaneously with low-dose CT scans \u2013 a prospective study on 17 acetabular revisions with impaction bone grafting.&lt;br&gt;&lt;small&gt;Hampus Stigbrand&lt;\/small&gt;&lt;br&gt;&lt;small&gt;&lt;a href='https:\/\/aic-atlas.s3.eu-north-1.amazonaws.com\/projects\/a44f2645-f465-4d20-9d12-e82cf6d97f2d\/documents\/PmiOOurxoF2nNuuVaYp79inwnqAtLIEI0iUasoc4.html' target='_blank'&gt;Show abstract&lt;\/a&gt;&lt;\/small&gt;&lt;br&gt;&lt;br\/&gt;08:39-08:51: Is the risk of revision after arthroplasty surgery genetically determined? A genome-wide association study of single nucleotide polymorphisms in 1,130 arthroplasty-treated twins.&lt;br&gt;&lt;small&gt;Anders Br\u00fcggemann&lt;\/small&gt;&lt;br&gt;&lt;small&gt;&lt;a href='https:\/\/aic-atlas.s3.eu-north-1.amazonaws.com\/projects\/a44f2645-f465-4d20-9d12-e82cf6d97f2d\/documents\/ihRtNsXvzXCcZ5zLM5stuqC2mD7PxjWUKUhqEQeq.html' target='_blank'&gt;Show abstract&lt;\/a&gt;&lt;\/small&gt;&lt;br&gt;&lt;br\/&gt;08:51-09:03: Nonagenarians benefit from THA to the same extent as do younger patients but at the expense of higher early rate of reoperations&lt;br&gt;&lt;small&gt;Ola Rolfson&lt;\/small&gt;&lt;br&gt;&lt;small&gt;&lt;a href='https:\/\/aic-atlas.s3.eu-north-1.amazonaws.com\/projects\/a44f2645-f465-4d20-9d12-e82cf6d97f2d\/documents\/lMbZU0w8aqbeYvJmXvodLtXbqPN4gRa63qmqzfJH.html' target='_blank'&gt;Show abstract&lt;\/a&gt;&lt;\/small&gt;&lt;br&gt;&lt;br\/&gt;09:03-09:15: Osseo-neuromuscular prosthetic limbs&lt;br&gt;&lt;small&gt;Paolo Sassu&lt;\/small&gt;&lt;br&gt;&lt;small&gt;&lt;a href='https:\/\/aic-atlas.s3.eu-north-1.amazonaws.com\/projects\/a44f2645-f465-4d20-9d12-e82cf6d97f2d\/documents\/Ra5TcB901UMwOHYueM4DyJnDc7Y3rcTjzadtwUqd.html' target='_blank'&gt;Show abstract&lt;\/a&gt;&lt;\/small&gt;\"\n                data-category=\"L\u00e4kare\"\n                data-category-ids=\"47\"\n                data-span-all=\"\"\n              >\n\n              \n\n              <div class=\"vertical_bar\" style=\"background-color: #eb303a;\"><\/div>\n              <div class=\"box_inner\">\n                                <span>Fria f\u00f6redrag VI<\/span>\n               <br>\n               <div class=\"lecturer\"><span>Lars Weidenhjelm<\/span><\/div>\n               <div class=\"room_div \">\n                 <i class=\"list-room\">Vingen 3+4<\/i>\n               <\/div>\n\n               <div class=\"name_time_div\">\n                <i class=\"list-time\" data-time=\"08:15\">08:15-09:15 - Fredag 30 augusti<\/i>\n               <\/div>\n              <\/div>\n             <\/div>\n          <\/div>\n\n          \n          <div class=\"box-wrapper\"\n              data-id=\"a54834d2-97f8-40bc-a1e9-c8e15fbea812\">\n\n              <div class='time-header'>10:15<\/div>\n\n              <div class=\"box\"\n                data-id=\"a54834d2-97f8-40bc-a1e9-c8e15fbea812\"\n                data-project=\"a44f2645-f465-4d20-9d12-e82cf6d97f2d\"\n                data-title=\"Hip preservation - f\u00f6r vem och hur?\"\n                data-time=\"10:15-11:35\"\n                data-room=\"De Geerhallen\"\n                data-room-id=\"8d4e3dd9-ce4c-4323-b414-2740c00d9454\"\n                data-room-name=\"De Geerhallen\"\n                data-day=\"4\"\n                data-abs-nbr=\"\"\n                data-abs-path=\"\"\n                data-speaker=\"\"\n                data-speakercell=\"\"\n                data-info=\"&lt;b&gt;Moderator: &lt;\/b&gt;Jonas Werner&lt;br&gt;&lt;br&gt;&lt;p&gt;&amp;nbsp;&lt;\/p&gt;\n&lt;table&gt;\n&lt;tbody&gt;\n&lt;tr&gt;\n&lt;td&gt;\n&lt;p&gt;Hur ska man resonera kring patienter som har misst&amp;auml;nkt h&amp;ouml;ftledsutl&amp;ouml;sta symtom, men ingen artros p&amp;aring; r&amp;ouml;ntgen? Unga patienter med h&amp;ouml;ftledsrelaterade besv&amp;auml;r kan ha betydande symtom och livskvalitetsh&amp;auml;mmande besv&amp;auml;r.&lt;\/p&gt;\n&lt;p&gt;Icke-operativ behandling &amp;auml;r f&amp;ouml;rst&amp;aring;s alltid ett alternativ, men vad g&amp;ouml;r man n&amp;auml;r inte heller det fungerar eller utredning visar m&amp;ouml;jlig dysplasi eller annan morfologisk variation?&lt;\/p&gt;\n&lt;p&gt;&amp;rdquo;Hip preservation&amp;rdquo; &amp;auml;r ett uttryck f&amp;ouml;r att beskriva h&amp;ouml;ftledsbevarande kirurgi. L&amp;ouml;sningen p&amp;aring; alla problem i h&amp;ouml;ften beh&amp;ouml;ver inte vara protes.&amp;nbsp;&lt;br \/&gt;Delta i ett sp&amp;auml;nnande symposium om PAO, surgical dislocation och h&amp;ouml;ftartroskopi &amp;ndash; allt utifr&amp;aring;n m&amp;ouml;tets tema &amp;rdquo;4R&amp;rdquo;!&lt;br \/&gt;&lt;br \/&gt;&lt;br \/&gt;&lt;\/p&gt;\n&lt;\/td&gt;\n&lt;\/tr&gt;\n&lt;\/tbody&gt;\n&lt;\/table&gt;&lt;br&gt;&lt;br&gt;10:15-10:20: Introduktion&lt;br&gt;&lt;small&gt;Jonas Werner&lt;\/small&gt;&lt;br&gt;&lt;br\/&gt;10:20-10:40: H\u00f6ftartroskopi \u2013 ifr\u00e5gasatt, men \u00e4nd\u00e5 \u00f6kande efterfr\u00e5gan&lt;br&gt;&lt;small&gt;Mikael Sansone&lt;\/small&gt;&lt;br&gt;&lt;br\/&gt;10:40-11:00: Acetabular dysplasia - The good candidate for PAO&lt;br&gt;&lt;small&gt;Kjeld S\u00f8balle&lt;\/small&gt;&lt;br&gt;&lt;br\/&gt;11:00-11:20: Safe surgical dislocation of the hip \u2013 svenska erfarenheter&lt;br&gt;&lt;small&gt;Olof Risto&lt;\/small&gt;&lt;br&gt;&lt;br\/&gt;11:20-11:35: Diskussion\"\n                data-category=\"L\u00e4kare,Fysioterapeut\"\n                data-category-ids=\"47,54\"\n                data-span-all=\"\"\n              >\n\n              \n\n              <div class=\"vertical_bar\" style=\"background-color: #eb303a;\"><\/div>\n              <div class=\"box_inner\">\n                                <span>Hip preservation - f\u00f6r vem och hur?<\/span>\n               <br>\n               <div class=\"lecturer\"><span>Jonas Werner<\/span><\/div>\n               <div class=\"room_div \">\n                 <i class=\"list-room\">De Geerhallen<\/i>\n               <\/div>\n\n               <div class=\"name_time_div\">\n                <i class=\"list-time\" data-time=\"10:15\">10:15-11:35 - Fredag 30 augusti<\/i>\n               <\/div>\n              <\/div>\n             <\/div>\n          <\/div>\n\n          \n          <div class=\"box-wrapper\"\n              data-id=\"85fb101e-d638-45a8-b94f-afe1d1b030cc\">\n\n              <div class='time-header' style='visibility: hidden;'>10:15<\/div>\n\n              <div class=\"box\"\n                data-id=\"85fb101e-d638-45a8-b94f-afe1d1b030cc\"\n                data-project=\"a44f2645-f465-4d20-9d12-e82cf6d97f2d\"\n                data-title=\"Kluriga barnfrakturer och SCFE\"\n                data-time=\"10:15-11:45\"\n                data-room=\"Hemerycksalen\"\n                data-room-id=\"8d4e3eae-ee44-4f61-99bc-620941ba8aab\"\n                data-room-name=\"Hemerycksalen\"\n                data-day=\"4\"\n                data-abs-nbr=\"\"\n                data-abs-path=\"\"\n                data-speaker=\"\"\n                data-speakercell=\"\"\n                data-info=\"&lt;b&gt;Moderator: &lt;\/b&gt;Bengt Herngren&lt;br&gt;&lt;br&gt;&lt;p&gt;Syftet med symposiet &amp;auml;r att ge Dig som deltagare en uppdatering avseende n&amp;aring;gra barnfrakturer\/akuta barnortopediska tillst&amp;aring;nd.&amp;nbsp;&lt;br \/&gt;Vi har valt &amp;auml;mnen utifr&amp;aring;n aspekten att det ska vara s&amp;aring;dant som Du som ortoped, med huvudsakligen vuxentrauma i din arbetsvecka, inte ser s&amp;aring; ofta i din vardag. Vi hoppas att Du ska f&amp;aring; med Dig hem just den kunskap Du beh&amp;ouml;ver f&amp;ouml;r att antingen prim&amp;auml;rt kunna handl&amp;auml;gga denna patientgrupp vid ditt sjukhus eller akut remittera vidare efter en god initial bed&amp;ouml;mning.&lt;br \/&gt;&lt;br \/&gt;&lt;\/p&gt;\n&lt;p&gt;Symposiet &amp;auml;r en obligatorisk del i kursen &quot;Femurfraktur hos barn&quot;.&amp;nbsp;&lt;\/p&gt;&lt;br&gt;&lt;br&gt;10:15-10:20: Introduktion&lt;br&gt;&lt;small&gt;Bengt Herngren&lt;\/small&gt;&lt;br&gt;&lt;br\/&gt;10:20-10:35: Femurfraktur hos barn i ton\u00e5ren - elastiska spikar eller antegrad m\u00e4rgspik?&lt;br&gt;&lt;small&gt;Torsten Backtemann&lt;\/small&gt;&lt;br&gt;&lt;br\/&gt;10:35-10:50: Suprakondyl\u00e4r humerusfraktur med rosig men pulsl\u00f6s hand, akut op eller dagtid?&lt;br&gt;&lt;small&gt;Richard Marsell&lt;\/small&gt;&lt;br&gt;&lt;br\/&gt;10:50-11:05: Behandling av radius- och ulnadiafysfraktur  hos barn mellan 9 och 16 \u00e5rs \u00e5lder.&lt;br&gt;&lt;small&gt;Jacques Riad&lt;\/small&gt;&lt;br&gt;&lt;br\/&gt;11:05-11:20: Instabil h\u00f6ftfyseolys-s\u00e5 handl\u00e4gger jag den&lt;br&gt;&lt;small&gt;Carl-Johan Tiderius&lt;\/small&gt;&lt;br&gt;&lt;br\/&gt;11:20-11:45: Diskussion\"\n                data-category=\"L\u00e4kare\"\n                data-category-ids=\"47\"\n                data-span-all=\"\"\n              >\n\n              \n\n              <div class=\"vertical_bar\" style=\"background-color: #eb303a;\"><\/div>\n              <div class=\"box_inner\">\n                                <span>Kluriga barnfrakturer och SCFE<\/span>\n               <br>\n               <div class=\"lecturer\"><span>Bengt Herngren<\/span><\/div>\n               <div class=\"room_div \">\n                 <i class=\"list-room\">Hemerycksalen<\/i>\n               <\/div>\n\n               <div class=\"name_time_div\">\n                <i class=\"list-time\" data-time=\"10:15\">10:15-11:45 - Fredag 30 augusti<\/i>\n               <\/div>\n              <\/div>\n             <\/div>\n          <\/div>\n\n          \n          <div class=\"box-wrapper\"\n              data-id=\"794da971-b9f0-4d2f-933f-acf36f6a4c60\">\n\n              <div class='time-header' style='visibility: hidden;'>10:15<\/div>\n\n              <div class=\"box\"\n                data-id=\"794da971-b9f0-4d2f-933f-acf36f6a4c60\"\n                data-project=\"a44f2645-f465-4d20-9d12-e82cf6d97f2d\"\n                data-title=\"Sp\u00e5r- och SPOR-barhet i kvalitetsregistren?\"\n                data-time=\"10:15-11:15\"\n                data-room=\"Vingen 3+4\"\n                data-room-id=\"8d4e3eca-bf06-4071-a254-2a1e33b1a8fd\"\n                data-room-name=\"Vingen 3+4\"\n                data-day=\"4\"\n                data-abs-nbr=\"\"\n                data-abs-path=\"\"\n                data-speaker=\"Olle Svensson; Gunnar Enlund; Li Fell\u00e4nder-Tsai\"\n                data-speakercell=\"Olle Svensson; Gunnar Enlund; Li Fell\u00e4nder-Tsai\"\n                data-info=\"&lt;b&gt;Moderator: &lt;\/b&gt;Olle Svensson&lt;br&gt;&lt;br&gt;&lt;p&gt;SOF har l&amp;auml;ngst historik och flest kvalitetsregister: 12 av drygt 100, de flesta med manuell hantering. SOF och &amp;nbsp;L&amp;auml;kars&amp;auml;llskapet vill anv&amp;auml;nda streckkoder f&amp;ouml;r att l&amp;auml;nka implantat till journal,ekonomi och register.&amp;nbsp;&lt;\/p&gt;\n&lt;p&gt;&amp;nbsp;&lt;\/p&gt;\n&lt;p&gt;&lt;a href=&quot;http:\/\/www.spor.se\/&quot;&gt;Www.spor.se&lt;\/a&gt;, l&amp;auml;nkar fr&amp;aring;n operationsplaneringsprogram f&amp;ouml;r att minska fel och &amp;ouml;ka patients&amp;auml;kerheten. I &amp;aring;r sannolikt med 100% t&amp;auml;ckning i slutenv&amp;aring;rd: 600&amp;nbsp;000 operationer &amp;aring;rligen g&amp;aring;r ej att mata manuellt.&lt;\/p&gt;\n&lt;p&gt;&amp;nbsp;&lt;\/p&gt;\n&lt;p&gt;Men GDPR st&amp;auml;ller sekretess mot s&amp;auml;kerhet - lagarna krockar. H&amp;auml;r finns ett starkt folkligt st&amp;ouml;d som vi m&amp;aring;ste v&amp;auml;rna: det &amp;auml;r en f&amp;ouml;ruts&amp;auml;ttning f&amp;ouml;r att utveckla registren. Om juridiken skulle visa sig s&amp;auml;tta hinder i v&amp;auml;gen, m&amp;aring;ste vi &amp;auml;ndra dem genom opinionsbildning.&amp;nbsp; Bara vi kan driva fr&amp;aring;gan politiskt. Det g&amp;auml;ller livet!&lt;\/p&gt;\n&lt;p&gt;&amp;nbsp;&lt;\/p&gt;\n&lt;p&gt;&amp;nbsp;&lt;\/p&gt;&lt;br&gt;&lt;br&gt;\"\n                data-category=\"L\u00e4kare\"\n                data-category-ids=\"47\"\n                data-span-all=\"\"\n              >\n\n              \n\n              <div class=\"vertical_bar\" style=\"background-color: #eb303a;\"><\/div>\n              <div class=\"box_inner\">\n                                <span>Sp\u00e5r- och SPOR-barhet i kvalitetsregistren?<\/span>\n               <br>\n               <div class=\"lecturer\"><span>Olle Svensson<\/span><\/div>\n               <div class=\"room_div \">\n                 <i class=\"list-room\">Vingen 3+4<\/i>\n               <\/div>\n\n               <div class=\"name_time_div\">\n                <i class=\"list-time\" data-time=\"10:15\">10:15-11:15 - Fredag 30 augusti<\/i>\n               <\/div>\n              <\/div>\n             <\/div>\n          <\/div>\n\n          \n      <\/div>\n\n      <div id=\"scroll-down-for-more\">\n          <i class=\"fa fa-3x fa-chevron-down\" aria-hidden=\"true\"><\/i>\n          <br\/>\n          <span>Scrolla ner f\u00f6r att visa mer<\/span>\n      <\/div>\n\n    <\/div>\n\n    <div id=\"graphical_day_chooser_div\" class=\"row\" style=\"margin-right: 0px; margin-left: 0px; \">\n\n      \n      <div class=\"col-md-10\" style=\"padding-left: 0px;\">\n       <div class=\"btn-group\" id=\"days-group\">\n\n          <button type=\"button\" class=\"btn btn-default btn_day\" data-day=\"0\" value=\"date_select_0\"\n                  style=\"float: none !important;\"><span class=\"hidden-xs\">M\u00e5n<\/span><br class=\"hidden-xs\"><span>26 aug.<\/span><\/button><button type=\"button\" class=\"btn btn-default btn_day\" data-day=\"1\" value=\"date_select_1\"\n                  style=\"float: none !important;\"><span class=\"hidden-xs\">Tis<\/span><br class=\"hidden-xs\"><span>27 aug.<\/span><\/button><button type=\"button\" class=\"btn btn-default btn_day\" data-day=\"2\" value=\"date_select_2\"\n                  style=\"float: none !important;\"><span class=\"hidden-xs\">Ons<\/span><br class=\"hidden-xs\"><span>28 aug.<\/span><\/button><button type=\"button\" class=\"btn btn-default btn_day\" data-day=\"3\" value=\"date_select_3\"\n                  style=\"float: none !important;\"><span class=\"hidden-xs\">Tors<\/span><br class=\"hidden-xs\"><span>29 aug.<\/span><\/button><button type=\"button\" class=\"btn btn-default btn_day\" data-day=\"4\" value=\"date_select_4\"\n                  style=\"float: none !important;\"><span class=\"hidden-xs\">Fre<\/span><br class=\"hidden-xs\"><span>30 aug.<\/span><\/button>\n        <\/div>\n      <\/div>\n    <\/div>\n\n    <div id='scroll-right-container' style='display: none; cursor: pointer; margin-top: 73px; height: 70px; width: 75px; background-color: rgba(130, 130, 130, 0.56); position: relative; float: right; z-index: 10000000; text-align: center;'>\n        <i class=\"fa fa-3x fa-chevron-right\" aria-hidden=\"true\" style=\"color: white; position: absolute; left: 35%; top: 20%;\"><\/i>\n    <\/div>\n\n    <div id='scroll-left-container' style='display: none; cursor: pointer; margin-top: 73px; height: 70px; width: 75px; background-color: rgba(130, 130, 130, 0.56); position: relative; float: left; margin-left: 60px; z-index: 10000000; text-align: center;'>\n        <i class=\"fa fa-3x fa-chevron-left\" aria-hidden=\"true\" style=\"color: white; position: absolute; left: 30%; top: 20%;\"><\/i>\n    <\/div>\n\n    <div id=\"calendar_container\" class=\"dragscroll\" style=\"cursor: move; height: 770px; background-color: #fcfcfc;px; \">\n\n\n      \n  \t\t<!-- top bar with date and rooms name -->\n  \t\t<div class=\"xaxis xaxis-extra-new-cms fixed top\">\n  \t      <div id=\"top_left_room_box\" class=\"preroom0 preroom0-extra-new-cms\">\n            <div class=\"room0\">\n                <select style=\"visibility: hidden;\"><\/select>\n    \t      <\/div>\n          <\/div>\n\n  \t      <div class='room_holder room_holder-extra-new-cms' style='width: 140px;' data-room-id=8d4e3dd9-ce4c-4323-b414-2740c00d9454 id='preroom_id_8d4e3dd9-ce4c-4323-b414-2740c00d9454'><div class='room room-extra-new-cms' style='width: 130px;' data-id=0>De Geerhallen<\/div>\n<\/div><div class='room_holder room_holder-extra-new-cms' style='width: 140px;' data-room-id=8d4e3e47-b348-40db-af90-fc05f2c56604 id='preroom_id_8d4e3e47-b348-40db-af90-fc05f2c56604'><div class='room room-extra-new-cms' style='width: 130px;' data-id=1>Flygeln<\/div>\n<\/div><div class='room_holder room_holder-extra-new-cms' style='width: 140px;' data-room-id=8d4e3eae-ee44-4f61-99bc-620941ba8aab id='preroom_id_8d4e3eae-ee44-4f61-99bc-620941ba8aab'><div class='room room-extra-new-cms' style='width: 130px;' data-id=2>Hemerycksalen<\/div>\n<\/div><div class='room_holder room_holder-extra-new-cms' style='width: 140px;' data-room-id=8d4e3ee2-9a98-46e3-a16c-adc52ebf5d39 id='preroom_id_8d4e3ee2-9a98-46e3-a16c-adc52ebf5d39'><div class='room room-extra-new-cms' style='width: 130px;' data-id=3>Vingen 1+2<\/div>\n<\/div><div class='room_holder room_holder-extra-new-cms' style='width: 140px;' data-room-id=8d4e4533-59fd-4c71-be23-0a243a3ae7cd id='preroom_id_8d4e4533-59fd-4c71-be23-0a243a3ae7cd'><div class='room room-extra-new-cms' style='width: 130px;' data-id=4>Vingen 3<\/div>\n<\/div><div class='room_holder room_holder-extra-new-cms' style='width: 140px;' data-room-id=8d4e4540-65b3-4e56-b722-11373e7026d1 id='preroom_id_8d4e4540-65b3-4e56-b722-11373e7026d1'><div class='room room-extra-new-cms' style='width: 130px;' data-id=5>Vingen 4<\/div>\n<\/div><div class='room_holder room_holder-extra-new-cms' style='width: 140px;' data-room-id=8d4e3eca-bf06-4071-a254-2a1e33b1a8fd id='preroom_id_8d4e3eca-bf06-4071-a254-2a1e33b1a8fd'><div class='room room-extra-new-cms' style='width: 130px;' data-id=6>Vingen 3+4<\/div>\n<\/div><div class='room_holder room_holder-extra-new-cms' style='width: 140px;' data-room-id=8d4e411f-268d-43e4-9387-73ed1ac7e80f id='preroom_id_8d4e411f-268d-43e4-9387-73ed1ac7e80f'><div class='room room-extra-new-cms' style='width: 130px;' data-id=7>Vingen 5<\/div>\n<\/div><div class='room_holder room_holder-extra-new-cms' style='width: 140px;' data-room-id=8d4e3f4b-3598-4392-9870-ac74b68a3b24 id='preroom_id_8d4e3f4b-3598-4392-9870-ac74b68a3b24'><div class='room room-extra-new-cms' style='width: 130px;' data-id=8>Vingen 6<\/div>\n<\/div><div class='room_holder room_holder-extra-new-cms' style='width: 140px;' data-room-id=8d4e3f03-823f-4178-82f7-5d246c0bd647 id='preroom_id_8d4e3f03-823f-4178-82f7-5d246c0bd647'><div class='room room-extra-new-cms' style='width: 130px;' data-id=9>Vingen 6+7<\/div>\n<\/div><div class='room_holder room_holder-extra-new-cms' style='width: 140px;' data-room-id=8d4e3f20-50f4-4f2e-9fe7-20d3f379e9fc id='preroom_id_8d4e3f20-50f4-4f2e-9fe7-20d3f379e9fc'><div class='room room-extra-new-cms' style='width: 130px;' data-id=10>Vingen 8<\/div>\n<\/div><div class='room_holder room_holder-extra-new-cms' style='width: 140px;' data-room-id=8e730ab5-a456-48bc-8d21-1a24f0b855b1 id='preroom_id_8e730ab5-a456-48bc-8d21-1a24f0b855b1'><div class='room room-extra-new-cms' style='width: 130px;' data-id=11>Foaj\u00e9n Flygeln<\/div>\n<\/div><div class='room_holder room_holder-extra-new-cms' style='width: 140px;' data-room-id=8d4e3f5c-67af-4d8e-afad-1479d2941cad id='preroom_id_8d4e3f5c-67af-4d8e-afad-1479d2941cad'><div class='room room-extra-new-cms' style='width: 130px;' data-id=12>Utst\u00e4llningen<\/div>\n<\/div><div class='room_holder room_holder-extra-new-cms' style='width: 140px;' data-room-id=8d4e4163-c852-4a2f-940e-a75ff94ee438 id='preroom_id_8d4e4163-c852-4a2f-940e-a75ff94ee438'><div class='room room-extra-new-cms' style='width: 130px;' data-id=13>Viran<\/div>\n<\/div><div class='room_holder room_holder-extra-new-cms' style='width: 140px;' data-room-id=8e4ee16f-8054-40b3-b3c2-a6dbd17dbace id='preroom_id_8e4ee16f-8054-40b3-b3c2-a6dbd17dbace'><div class='room room-extra-new-cms' style='width: 130px;' data-id=14>Cobolgatan 1 Link\u00f6ping<\/div>\n<\/div><div class='room_holder room_holder-extra-new-cms' style='width: 140px;' data-room-id=8d4e418b-4f7e-462d-b219-300b31a5f803 id='preroom_id_8d4e418b-4f7e-462d-b219-300b31a5f803'><div class='room room-extra-new-cms' style='width: 130px;' data-id=15>Swemac, Link\u00f6ping<\/div>\n<\/div>\n      <\/div>\n            \n      <div class='vertical-schedule-line' data-room-id='8d4e3dd9-ce4c-4323-b414-2740c00d9454' style='left: 200px; height: 100%;'><\/div><div class='vertical-schedule-line' data-room-id='8d4e3e47-b348-40db-af90-fc05f2c56604' style='left: 340px; height: 100%;'><\/div><div class='vertical-schedule-line' data-room-id='8d4e3eae-ee44-4f61-99bc-620941ba8aab' style='left: 480px; height: 100%;'><\/div><div class='vertical-schedule-line' data-room-id='8d4e3ee2-9a98-46e3-a16c-adc52ebf5d39' style='left: 620px; height: 100%;'><\/div><div class='vertical-schedule-line' data-room-id='8d4e4533-59fd-4c71-be23-0a243a3ae7cd' style='left: 760px; height: 100%;'><\/div><div class='vertical-schedule-line' data-room-id='8d4e4540-65b3-4e56-b722-11373e7026d1' style='left: 900px; height: 100%;'><\/div><div class='vertical-schedule-line' data-room-id='8d4e3eca-bf06-4071-a254-2a1e33b1a8fd' style='left: 1040px; height: 100%;'><\/div><div class='vertical-schedule-line' data-room-id='8d4e411f-268d-43e4-9387-73ed1ac7e80f' style='left: 1180px; height: 100%;'><\/div><div class='vertical-schedule-line' data-room-id='8d4e3f4b-3598-4392-9870-ac74b68a3b24' style='left: 1320px; height: 100%;'><\/div><div class='vertical-schedule-line' data-room-id='8d4e3f03-823f-4178-82f7-5d246c0bd647' style='left: 1460px; height: 100%;'><\/div><div class='vertical-schedule-line' data-room-id='8d4e3f20-50f4-4f2e-9fe7-20d3f379e9fc' style='left: 1600px; height: 100%;'><\/div><div class='vertical-schedule-line' data-room-id='8e730ab5-a456-48bc-8d21-1a24f0b855b1' style='left: 1740px; height: 100%;'><\/div><div class='vertical-schedule-line' data-room-id='8d4e3f5c-67af-4d8e-afad-1479d2941cad' style='left: 1880px; height: 100%;'><\/div><div class='vertical-schedule-line' data-room-id='8d4e4163-c852-4a2f-940e-a75ff94ee438' style='left: 2020px; height: 100%;'><\/div><div class='vertical-schedule-line' data-room-id='8e4ee16f-8054-40b3-b3c2-a6dbd17dbace' style='left: 2160px; height: 100%;'><\/div><div class='vertical-schedule-line' data-room-id='8d4e418b-4f7e-462d-b219-300b31a5f803' style='left: 2300px; height: 100%;'><\/div>\n      <div id='time_0' name='visible_0' data-day='0' class='yaxis major time_all time_0 major-new-cms data-time='1000' style='top: 61px; display: block;'>\n                <div class='yaxistime yaxistime-extra-new-cms'><div class='yaxistext yaxistext-extra-new-cms'>10:00\n<\/div><\/div><\/div><div id = 'time_0' name='visible_1' data-day='0' class='yaxis time_all time_0' data-time='1008' style='top: 81px; display: block;'>\n                <div class='yaxistime yaxistime-extra-new-cms'>&nbsp;<\/div><\/div><div id = 'time_0' name='visible_2' data-day='0' class='yaxis time_all time_0' data-time='1016' style='top: 101px; display: block;'>\n                <div class='yaxistime yaxistime-extra-new-cms'>&nbsp;<\/div><\/div><div id = 'time_0' name='visible_3' data-day='0' class='yaxis time_all time_0' data-time='1024' style='top: 121px; display: block;'>\n                <div class='yaxistime yaxistime-extra-new-cms'>&nbsp;<\/div><\/div><div id='time_0' name='visible_4' data-day='0' class='yaxis time_all time_0' data-time='1032' style='top: 141px; display: block;'>\n                <div class='yaxistime yaxistime-extra-new-cms half-hour-new-cms'><div class='yaxistext-minor yaxistext-minor-extra-new-cms'>10:30\n<\/div><\/div><\/div><div id = 'time_0' name='visible_5' data-day='0' class='yaxis time_all time_0' data-time='1040' style='top: 161px; display: block;'>\n                <div class='yaxistime yaxistime-extra-new-cms'>&nbsp;<\/div><\/div><div id = 'time_0' name='visible_6' data-day='0' class='yaxis time_all time_0' data-time='1048' style='top: 181px; display: block;'>\n                <div class='yaxistime yaxistime-extra-new-cms'>&nbsp;<\/div><\/div><div id = 'time_0' name='visible_7' data-day='0' class='yaxis time_all time_0' data-time='1056' style='top: 201px; display: block;'>\n                <div class='yaxistime yaxistime-extra-new-cms'>&nbsp;<\/div><\/div><div id='time_0' name='visible_8' data-day='0' class='yaxis major time_all time_0 major-new-cms data-time='1100' style='top: 211px; display: block;'>\n                <div class='yaxistime yaxistime-extra-new-cms'><div class='yaxistext yaxistext-extra-new-cms'>11:00\n<\/div><\/div><\/div><div id = 'time_0' name='visible_9' data-day='0' class='yaxis time_all time_0' data-time='1108' style='top: 231px; display: block;'>\n                <div class='yaxistime yaxistime-extra-new-cms'>&nbsp;<\/div><\/div><div id = 'time_0' name='visible_10' data-day='0' class='yaxis time_all time_0' data-time='1116' style='top: 251px; display: block;'>\n                <div class='yaxistime yaxistime-extra-new-cms'>&nbsp;<\/div><\/div><div id = 'time_0' name='visible_11' data-day='0' class='yaxis time_all time_0' data-time='1124' style='top: 271px; display: block;'>\n                <div class='yaxistime yaxistime-extra-new-cms'>&nbsp;<\/div><\/div><div id='time_0' name='visible_12' data-day='0' class='yaxis time_all time_0' data-time='1132' style='top: 291px; display: block;'>\n                <div class='yaxistime yaxistime-extra-new-cms half-hour-new-cms'><div class='yaxistext-minor yaxistext-minor-extra-new-cms'>11:30\n<\/div><\/div><\/div><div id = 'time_0' name='visible_13' data-day='0' class='yaxis time_all time_0' data-time='1140' style='top: 311px; display: block;'>\n                <div class='yaxistime yaxistime-extra-new-cms'>&nbsp;<\/div><\/div><div id = 'time_0' name='visible_14' data-day='0' class='yaxis time_all time_0' data-time='1148' style='top: 331px; display: block;'>\n                <div class='yaxistime yaxistime-extra-new-cms'>&nbsp;<\/div><\/div><div id = 'time_0' name='visible_15' data-day='0' class='yaxis time_all time_0' data-time='1156' style='top: 351px; display: block;'>\n                <div class='yaxistime yaxistime-extra-new-cms'>&nbsp;<\/div><\/div><div id='time_0' name='visible_16' data-day='0' class='yaxis major time_all time_0 major-new-cms data-time='1200' style='top: 361px; display: block;'>\n                <div class='yaxistime yaxistime-extra-new-cms'><div class='yaxistext yaxistext-extra-new-cms'>12:00\n<\/div><\/div><\/div><div id = 'time_0' name='visible_17' data-day='0' class='yaxis time_all time_0' data-time='1208' style='top: 381px; display: block;'>\n                <div class='yaxistime yaxistime-extra-new-cms'>&nbsp;<\/div><\/div><div id = 'time_0' name='visible_18' data-day='0' class='yaxis time_all time_0' data-time='1216' style='top: 401px; display: block;'>\n                <div class='yaxistime yaxistime-extra-new-cms'>&nbsp;<\/div><\/div><div id = 'time_0' name='visible_19' data-day='0' class='yaxis time_all time_0' data-time='1224' style='top: 421px; display: block;'>\n                <div class='yaxistime yaxistime-extra-new-cms'>&nbsp;<\/div><\/div><div id='time_0' name='visible_20' data-day='0' class='yaxis time_all time_0' data-time='1232' style='top: 441px; display: block;'>\n                <div class='yaxistime yaxistime-extra-new-cms half-hour-new-cms'><div class='yaxistext-minor yaxistext-minor-extra-new-cms'>12:30\n<\/div><\/div><\/div><div id = 'time_0' name='visible_21' data-day='0' class='yaxis time_all time_0' data-time='1240' style='top: 461px; display: block;'>\n                <div class='yaxistime yaxistime-extra-new-cms'>&nbsp;<\/div><\/div><div id = 'time_0' name='visible_22' data-day='0' class='yaxis time_all time_0' data-time='1248' style='top: 481px; display: block;'>\n                <div class='yaxistime yaxistime-extra-new-cms'>&nbsp;<\/div><\/div><div id = 'time_0' name='visible_23' data-day='0' class='yaxis time_all time_0' data-time='1256' style='top: 501px; display: block;'>\n                <div class='yaxistime yaxistime-extra-new-cms'>&nbsp;<\/div><\/div><div id='time_0' name='visible_24' data-day='0' class='yaxis major time_all time_0 major-new-cms data-time='1300' style='top: 511px; display: block;'>\n                <div class='yaxistime yaxistime-extra-new-cms'><div class='yaxistext yaxistext-extra-new-cms'>13:00\n<\/div><\/div><\/div><div id = 'time_0' name='visible_25' data-day='0' class='yaxis time_all time_0' data-time='1308' style='top: 531px; display: block;'>\n                <div class='yaxistime yaxistime-extra-new-cms'>&nbsp;<\/div><\/div><div id = 'time_0' name='visible_26' data-day='0' class='yaxis time_all time_0' data-time='1316' style='top: 551px; display: block;'>\n                <div class='yaxistime yaxistime-extra-new-cms'>&nbsp;<\/div><\/div><div id = 'time_0' name='visible_27' data-day='0' class='yaxis time_all time_0' data-time='1324' style='top: 571px; display: block;'>\n                <div class='yaxistime yaxistime-extra-new-cms'>&nbsp;<\/div><\/div><div id='time_0' name='visible_28' data-day='0' class='yaxis time_all time_0' data-time='1332' style='top: 591px; display: block;'>\n                <div class='yaxistime yaxistime-extra-new-cms half-hour-new-cms'><div class='yaxistext-minor yaxistext-minor-extra-new-cms'>13:30\n<\/div><\/div><\/div><div id = 'time_0' name='visible_29' data-day='0' class='yaxis time_all time_0' data-time='1340' style='top: 611px; display: block;'>\n                <div class='yaxistime yaxistime-extra-new-cms'>&nbsp;<\/div><\/div><div id = 'time_0' name='visible_30' data-day='0' class='yaxis time_all time_0' data-time='1348' style='top: 631px; display: block;'>\n                <div class='yaxistime yaxistime-extra-new-cms'>&nbsp;<\/div><\/div><div id = 'time_0' name='visible_31' data-day='0' class='yaxis time_all time_0' data-time='1356' style='top: 651px; display: block;'>\n                <div class='yaxistime yaxistime-extra-new-cms'>&nbsp;<\/div><\/div><div id='time_0' name='visible_32' data-day='0' class='yaxis major time_all time_0 major-new-cms data-time='1400' style='top: 661px; display: block;'>\n                <div class='yaxistime yaxistime-extra-new-cms'><div class='yaxistext yaxistext-extra-new-cms'>14:00\n<\/div><\/div><\/div><div id = 'time_0' name='visible_33' data-day='0' class='yaxis time_all time_0' data-time='1408' style='top: 681px; display: block;'>\n                <div class='yaxistime yaxistime-extra-new-cms'>&nbsp;<\/div><\/div><div id = 'time_0' name='visible_34' data-day='0' class='yaxis time_all time_0' data-time='1416' style='top: 701px; display: block;'>\n                <div class='yaxistime yaxistime-extra-new-cms'>&nbsp;<\/div><\/div><div id = 'time_0' name='visible_35' data-day='0' class='yaxis time_all time_0' data-time='1424' style='top: 721px; display: block;'>\n                <div class='yaxistime yaxistime-extra-new-cms'>&nbsp;<\/div><\/div><div id='time_0' name='visible_36' data-day='0' class='yaxis time_all time_0' data-time='1432' style='top: 741px; display: block;'>\n                <div class='yaxistime yaxistime-extra-new-cms half-hour-new-cms'><div class='yaxistext-minor yaxistext-minor-extra-new-cms'>14:30\n<\/div><\/div><\/div><div id = 'time_0' name='visible_37' data-day='0' class='yaxis time_all time_0' data-time='1440' style='top: 761px; display: block;'>\n                <div class='yaxistime yaxistime-extra-new-cms'>&nbsp;<\/div><\/div><div id = 'time_0' name='visible_38' data-day='0' class='yaxis time_all time_0' data-time='1448' style='top: 781px; display: block;'>\n                <div class='yaxistime yaxistime-extra-new-cms'>&nbsp;<\/div><\/div><div id = 'time_0' name='visible_39' data-day='0' class='yaxis time_all time_0' data-time='1456' style='top: 801px; display: block;'>\n                <div class='yaxistime yaxistime-extra-new-cms'>&nbsp;<\/div><\/div><div id='time_0' name='visible_40' data-day='0' class='yaxis major time_all time_0 major-new-cms data-time='1500' style='top: 811px; display: block;'>\n                <div class='yaxistime yaxistime-extra-new-cms'><div class='yaxistext yaxistext-extra-new-cms'>15:00\n<\/div><\/div><\/div><div id = 'time_0' name='visible_41' data-day='0' class='yaxis time_all time_0' data-time='1508' style='top: 831px; display: block;'>\n                <div class='yaxistime yaxistime-extra-new-cms'>&nbsp;<\/div><\/div><div id = 'time_0' name='visible_42' data-day='0' class='yaxis time_all time_0' data-time='1516' style='top: 851px; display: block;'>\n                <div class='yaxistime yaxistime-extra-new-cms'>&nbsp;<\/div><\/div><div id = 'time_0' name='visible_43' data-day='0' class='yaxis time_all time_0' data-time='1524' style='top: 871px; display: block;'>\n                <div class='yaxistime yaxistime-extra-new-cms'>&nbsp;<\/div><\/div><div id='time_0' name='visible_44' data-day='0' class='yaxis time_all time_0' data-time='1532' style='top: 891px; display: block;'>\n                <div class='yaxistime yaxistime-extra-new-cms half-hour-new-cms'><div class='yaxistext-minor yaxistext-minor-extra-new-cms'>15:30\n<\/div><\/div><\/div><div id = 'time_0' name='visible_45' data-day='0' class='yaxis time_all time_0' data-time='1540' style='top: 911px; display: block;'>\n                <div class='yaxistime yaxistime-extra-new-cms'>&nbsp;<\/div><\/div><div id = 'time_0' name='visible_46' data-day='0' class='yaxis time_all time_0' data-time='1548' style='top: 931px; display: block;'>\n                <div class='yaxistime yaxistime-extra-new-cms'>&nbsp;<\/div><\/div><div id = 'time_0' name='visible_47' data-day='0' class='yaxis time_all time_0' data-time='1556' style='top: 951px; display: block;'>\n                <div class='yaxistime yaxistime-extra-new-cms'>&nbsp;<\/div><\/div><div id='time_0' name='visible_48' data-day='0' class='yaxis major time_all time_0 major-new-cms data-time='1600' style='top: 961px; display: block;'>\n                <div class='yaxistime yaxistime-extra-new-cms'><div class='yaxistext yaxistext-extra-new-cms'>16:00\n<\/div><\/div><\/div><div id = 'time_0' name='visible_49' data-day='0' class='yaxis time_all time_0' data-time='1608' style='top: 981px; display: block;'>\n                <div class='yaxistime yaxistime-extra-new-cms'>&nbsp;<\/div><\/div><div id = 'time_0' name='visible_50' data-day='0' class='yaxis time_all time_0' data-time='1616' style='top: 1001px; display: block;'>\n                <div class='yaxistime yaxistime-extra-new-cms'>&nbsp;<\/div><\/div><div id = 'time_0' name='visible_51' data-day='0' class='yaxis time_all time_0' data-time='1624' style='top: 1021px; display: block;'>\n                <div class='yaxistime yaxistime-extra-new-cms'>&nbsp;<\/div><\/div><div id='time_0' name='visible_52' data-day='0' class='yaxis time_all time_0' data-time='1632' style='top: 1041px; display: block;'>\n                <div class='yaxistime yaxistime-extra-new-cms half-hour-new-cms'><div class='yaxistext-minor yaxistext-minor-extra-new-cms'>16:30\n<\/div><\/div><\/div><div id = 'time_0' name='visible_53' data-day='0' class='yaxis time_all time_0' data-time='1640' style='top: 1061px; display: block;'>\n                <div class='yaxistime yaxistime-extra-new-cms'>&nbsp;<\/div><\/div><div id = 'time_0' name='visible_54' data-day='0' class='yaxis time_all time_0' data-time='1648' style='top: 1081px; display: block;'>\n                <div class='yaxistime yaxistime-extra-new-cms'>&nbsp;<\/div><\/div><div id = 'time_0' name='visible_55' data-day='0' class='yaxis time_all time_0' data-time='1656' style='top: 1101px; display: block;'>\n                <div class='yaxistime yaxistime-extra-new-cms'>&nbsp;<\/div><\/div><div id='time_0' name='visible_56' data-day='0' class='yaxis major time_all time_0 major-new-cms data-time='1700' style='top: 1111px; display: block;'>\n                <div class='yaxistime yaxistime-extra-new-cms'><div class='yaxistext yaxistext-extra-new-cms'>17:00\n<\/div><\/div><\/div><div id = 'time_0' name='visible_57' data-day='0' class='yaxis time_all time_0' data-time='1708' style='top: 1131px; display: block;'>\n                <div class='yaxistime yaxistime-extra-new-cms'>&nbsp;<\/div><\/div><div id = 'time_0' name='visible_58' data-day='0' class='yaxis time_all time_0' data-time='1716' style='top: 1151px; display: block;'>\n                <div class='yaxistime yaxistime-extra-new-cms'>&nbsp;<\/div><\/div><div id = 'time_0' name='visible_59' data-day='0' class='yaxis time_all time_0' data-time='1724' style='top: 1171px; display: block;'>\n                <div class='yaxistime yaxistime-extra-new-cms'>&nbsp;<\/div><\/div><div id='time_0' name='visible_60' data-day='0' class='yaxis time_all time_0' data-time='1732' style='top: 1191px; display: block;'>\n                <div class='yaxistime yaxistime-extra-new-cms half-hour-new-cms'><div class='yaxistext-minor yaxistext-minor-extra-new-cms'>17:30\n<\/div><\/div><\/div><div id = 'time_0' name='visible_61' data-day='0' class='yaxis time_all time_0' data-time='1740' style='top: 1211px; display: block;'>\n                <div class='yaxistime yaxistime-extra-new-cms'>&nbsp;<\/div><\/div><div id = 'time_0' name='visible_62' data-day='0' class='yaxis time_all time_0' data-time='1748' style='top: 1231px; display: block;'>\n                <div class='yaxistime yaxistime-extra-new-cms'>&nbsp;<\/div><\/div><div id = 'time_0' name='visible_63' data-day='0' class='yaxis time_all time_0' data-time='1756' style='top: 1251px; display: block;'>\n                <div class='yaxistime yaxistime-extra-new-cms'>&nbsp;<\/div><\/div><div id='time_1' name='visible_64' data-day='1' class='yaxis major time_all time_1 major-new-cms data-time='0800' style='top: 61px; display: none;'>\n                <div class='yaxistime yaxistime-extra-new-cms'><div class='yaxistext yaxistext-extra-new-cms'>08:00\n<\/div><\/div><\/div><div id = 'time_1' name='visible_65' data-day='1' class='yaxis time_all time_1' data-time='0808' style='top: 81px; display: none;'>\n                <div class='yaxistime yaxistime-extra-new-cms'>&nbsp;<\/div><\/div><div id = 'time_1' name='visible_66' data-day='1' class='yaxis time_all time_1' data-time='0816' style='top: 101px; display: none;'>\n                <div class='yaxistime yaxistime-extra-new-cms'>&nbsp;<\/div><\/div><div id = 'time_1' name='visible_67' data-day='1' class='yaxis time_all time_1' data-time='0824' style='top: 121px; display: none;'>\n                <div class='yaxistime yaxistime-extra-new-cms'>&nbsp;<\/div><\/div><div id='time_1' name='visible_68' data-day='1' class='yaxis time_all time_1' data-time='0832' style='top: 141px; display: none;'>\n                <div class='yaxistime yaxistime-extra-new-cms half-hour-new-cms'><div class='yaxistext-minor yaxistext-minor-extra-new-cms'>08:30\n<\/div><\/div><\/div><div id = 'time_1' name='visible_69' data-day='1' class='yaxis time_all time_1' data-time='0840' style='top: 161px; display: none;'>\n                <div class='yaxistime yaxistime-extra-new-cms'>&nbsp;<\/div><\/div><div id = 'time_1' name='visible_70' data-day='1' class='yaxis time_all time_1' data-time='0848' style='top: 181px; display: none;'>\n                <div class='yaxistime yaxistime-extra-new-cms'>&nbsp;<\/div><\/div><div id = 'time_1' name='visible_71' data-day='1' class='yaxis time_all time_1' data-time='0856' style='top: 201px; display: none;'>\n                <div class='yaxistime yaxistime-extra-new-cms'>&nbsp;<\/div><\/div><div id='time_1' name='visible_72' data-day='1' class='yaxis major time_all time_1 major-new-cms data-time='0900' style='top: 211px; display: none;'>\n                <div class='yaxistime yaxistime-extra-new-cms'><div class='yaxistext yaxistext-extra-new-cms'>09:00\n<\/div><\/div><\/div><div id = 'time_1' name='visible_73' data-day='1' class='yaxis time_all time_1' data-time='0908' style='top: 231px; display: none;'>\n                <div class='yaxistime yaxistime-extra-new-cms'>&nbsp;<\/div><\/div><div id = 'time_1' name='visible_74' data-day='1' class='yaxis time_all time_1' data-time='0916' style='top: 251px; display: none;'>\n                <div class='yaxistime yaxistime-extra-new-cms'>&nbsp;<\/div><\/div><div id = 'time_1' name='visible_75' data-day='1' class='yaxis time_all time_1' data-time='0924' style='top: 271px; display: none;'>\n                <div class='yaxistime yaxistime-extra-new-cms'>&nbsp;<\/div><\/div><div id='time_1' name='visible_76' data-day='1' class='yaxis time_all time_1' data-time='0932' style='top: 291px; display: none;'>\n                <div class='yaxistime yaxistime-extra-new-cms half-hour-new-cms'><div class='yaxistext-minor yaxistext-minor-extra-new-cms'>09:30\n<\/div><\/div><\/div><div id = 'time_1' name='visible_77' data-day='1' class='yaxis time_all time_1' data-time='0940' style='top: 311px; display: none;'>\n                <div class='yaxistime yaxistime-extra-new-cms'>&nbsp;<\/div><\/div><div id = 'time_1' name='visible_78' data-day='1' class='yaxis time_all time_1' data-time='0948' style='top: 331px; display: none;'>\n                <div class='yaxistime yaxistime-extra-new-cms'>&nbsp;<\/div><\/div><div id = 'time_1' name='visible_79' data-day='1' class='yaxis time_all time_1' data-time='0956' style='top: 351px; display: none;'>\n                <div class='yaxistime yaxistime-extra-new-cms'>&nbsp;<\/div><\/div><div id='time_1' name='visible_80' data-day='1' class='yaxis major time_all time_1 major-new-cms data-time='1000' style='top: 361px; display: none;'>\n                <div class='yaxistime yaxistime-extra-new-cms'><div class='yaxistext yaxistext-extra-new-cms'>10:00\n<\/div><\/div><\/div><div id = 'time_1' name='visible_81' data-day='1' class='yaxis time_all time_1' data-time='1008' style='top: 381px; display: none;'>\n                <div class='yaxistime yaxistime-extra-new-cms'>&nbsp;<\/div><\/div><div id = 'time_1' name='visible_82' data-day='1' class='yaxis time_all time_1' data-time='1016' style='top: 401px; display: none;'>\n                <div class='yaxistime yaxistime-extra-new-cms'>&nbsp;<\/div><\/div><div id = 'time_1' name='visible_83' data-day='1' class='yaxis time_all time_1' data-time='1024' style='top: 421px; display: none;'>\n                <div class='yaxistime yaxistime-extra-new-cms'>&nbsp;<\/div><\/div><div id='time_1' name='visible_84' data-day='1' class='yaxis time_all time_1' data-time='1032' style='top: 441px; display: none;'>\n                <div class='yaxistime yaxistime-extra-new-cms half-hour-new-cms'><div class='yaxistext-minor yaxistext-minor-extra-new-cms'>10:30\n<\/div><\/div><\/div><div id = 'time_1' name='visible_85' data-day='1' class='yaxis time_all time_1' data-time='1040' style='top: 461px; display: none;'>\n                <div class='yaxistime yaxistime-extra-new-cms'>&nbsp;<\/div><\/div><div id = 'time_1' name='visible_86' data-day='1' class='yaxis time_all time_1' data-time='1048' style='top: 481px; display: none;'>\n                <div class='yaxistime yaxistime-extra-new-cms'>&nbsp;<\/div><\/div><div id = 'time_1' name='visible_87' data-day='1' class='yaxis time_all time_1' data-time='1056' style='top: 501px; display: none;'>\n                <div class='yaxistime yaxistime-extra-new-cms'>&nbsp;<\/div><\/div><div id='time_1' name='visible_88' data-day='1' class='yaxis major time_all time_1 major-new-cms data-time='1100' style='top: 511px; display: none;'>\n                <div class='yaxistime yaxistime-extra-new-cms'><div class='yaxistext yaxistext-extra-new-cms'>11:00\n<\/div><\/div><\/div><div id = 'time_1' name='visible_89' data-day='1' class='yaxis time_all time_1' data-time='1108' style='top: 531px; display: none;'>\n                <div class='yaxistime yaxistime-extra-new-cms'>&nbsp;<\/div><\/div><div id = 'time_1' name='visible_90' data-day='1' class='yaxis time_all time_1' data-time='1116' style='top: 551px; display: none;'>\n                <div class='yaxistime yaxistime-extra-new-cms'>&nbsp;<\/div><\/div><div id = 'time_1' name='visible_91' data-day='1' class='yaxis time_all time_1' data-time='1124' style='top: 571px; display: none;'>\n                <div class='yaxistime yaxistime-extra-new-cms'>&nbsp;<\/div><\/div><div id='time_1' name='visible_92' data-day='1' class='yaxis time_all time_1' data-time='1132' style='top: 591px; display: none;'>\n                <div class='yaxistime yaxistime-extra-new-cms half-hour-new-cms'><div class='yaxistext-minor yaxistext-minor-extra-new-cms'>11:30\n<\/div><\/div><\/div><div id = 'time_1' name='visible_93' data-day='1' class='yaxis time_all time_1' data-time='1140' style='top: 611px; display: none;'>\n                <div class='yaxistime yaxistime-extra-new-cms'>&nbsp;<\/div><\/div><div id = 'time_1' name='visible_94' data-day='1' class='yaxis time_all time_1' data-time='1148' style='top: 631px; display: none;'>\n                <div class='yaxistime yaxistime-extra-new-cms'>&nbsp;<\/div><\/div><div id = 'time_1' name='visible_95' data-day='1' class='yaxis time_all time_1' data-time='1156' style='top: 651px; display: none;'>\n                <div class='yaxistime yaxistime-extra-new-cms'>&nbsp;<\/div><\/div><div id='time_1' name='visible_96' data-day='1' class='yaxis major time_all time_1 major-new-cms data-time='1200' style='top: 661px; display: none;'>\n                <div class='yaxistime yaxistime-extra-new-cms'><div class='yaxistext yaxistext-extra-new-cms'>12:00\n<\/div><\/div><\/div><div id = 'time_1' name='visible_97' data-day='1' class='yaxis time_all time_1' data-time='1208' style='top: 681px; display: none;'>\n                <div class='yaxistime yaxistime-extra-new-cms'>&nbsp;<\/div><\/div><div id = 'time_1' name='visible_98' data-day='1' class='yaxis time_all time_1' data-time='1216' style='top: 701px; display: none;'>\n                <div class='yaxistime yaxistime-extra-new-cms'>&nbsp;<\/div><\/div><div id = 'time_1' name='visible_99' data-day='1' class='yaxis time_all time_1' data-time='1224' style='top: 721px; display: none;'>\n                <div class='yaxistime yaxistime-extra-new-cms'>&nbsp;<\/div><\/div><div id='time_1' name='visible_100' data-day='1' class='yaxis time_all time_1' data-time='1232' style='top: 741px; display: none;'>\n                <div class='yaxistime yaxistime-extra-new-cms half-hour-new-cms'><div class='yaxistext-minor yaxistext-minor-extra-new-cms'>12:30\n<\/div><\/div><\/div><div id = 'time_1' name='visible_101' data-day='1' class='yaxis time_all time_1' data-time='1240' style='top: 761px; display: none;'>\n                <div class='yaxistime yaxistime-extra-new-cms'>&nbsp;<\/div><\/div><div id = 'time_1' name='visible_102' data-day='1' class='yaxis time_all time_1' data-time='1248' style='top: 781px; display: none;'>\n                <div class='yaxistime yaxistime-extra-new-cms'>&nbsp;<\/div><\/div><div id = 'time_1' name='visible_103' data-day='1' class='yaxis time_all time_1' data-time='1256' style='top: 801px; display: none;'>\n                <div class='yaxistime yaxistime-extra-new-cms'>&nbsp;<\/div><\/div><div id='time_1' name='visible_104' data-day='1' class='yaxis major time_all time_1 major-new-cms data-time='1300' style='top: 811px; display: none;'>\n                <div class='yaxistime yaxistime-extra-new-cms'><div class='yaxistext yaxistext-extra-new-cms'>13:00\n<\/div><\/div><\/div><div id = 'time_1' name='visible_105' data-day='1' class='yaxis time_all time_1' data-time='1308' style='top: 831px; display: none;'>\n                <div class='yaxistime yaxistime-extra-new-cms'>&nbsp;<\/div><\/div><div id = 'time_1' name='visible_106' data-day='1' class='yaxis time_all time_1' data-time='1316' style='top: 851px; display: none;'>\n                <div class='yaxistime yaxistime-extra-new-cms'>&nbsp;<\/div><\/div><div id = 'time_1' name='visible_107' data-day='1' class='yaxis time_all time_1' data-time='1324' style='top: 871px; display: none;'>\n                <div class='yaxistime yaxistime-extra-new-cms'>&nbsp;<\/div><\/div><div id='time_1' name='visible_108' data-day='1' class='yaxis time_all time_1' data-time='1332' style='top: 891px; display: none;'>\n                <div class='yaxistime yaxistime-extra-new-cms half-hour-new-cms'><div class='yaxistext-minor yaxistext-minor-extra-new-cms'>13:30\n<\/div><\/div><\/div><div id = 'time_1' name='visible_109' data-day='1' class='yaxis time_all time_1' data-time='1340' style='top: 911px; display: none;'>\n                <div class='yaxistime yaxistime-extra-new-cms'>&nbsp;<\/div><\/div><div id = 'time_1' name='visible_110' data-day='1' class='yaxis time_all time_1' data-time='1348' style='top: 931px; display: none;'>\n                <div class='yaxistime yaxistime-extra-new-cms'>&nbsp;<\/div><\/div><div id = 'time_1' name='visible_111' data-day='1' class='yaxis time_all time_1' data-time='1356' style='top: 951px; display: none;'>\n                <div class='yaxistime yaxistime-extra-new-cms'>&nbsp;<\/div><\/div><div id='time_1' name='visible_112' data-day='1' class='yaxis major time_all time_1 major-new-cms data-time='1400' style='top: 961px; display: none;'>\n                <div class='yaxistime yaxistime-extra-new-cms'><div class='yaxistext yaxistext-extra-new-cms'>14:00\n<\/div><\/div><\/div><div id = 'time_1' name='visible_113' data-day='1' class='yaxis time_all time_1' data-time='1408' style='top: 981px; display: none;'>\n                <div class='yaxistime yaxistime-extra-new-cms'>&nbsp;<\/div><\/div><div id = 'time_1' name='visible_114' data-day='1' class='yaxis time_all time_1' data-time='1416' style='top: 1001px; display: none;'>\n                <div class='yaxistime yaxistime-extra-new-cms'>&nbsp;<\/div><\/div><div id = 'time_1' name='visible_115' data-day='1' class='yaxis time_all time_1' data-time='1424' style='top: 1021px; display: none;'>\n                <div class='yaxistime yaxistime-extra-new-cms'>&nbsp;<\/div><\/div><div id='time_1' name='visible_116' data-day='1' class='yaxis time_all time_1' data-time='1432' style='top: 1041px; display: none;'>\n                <div class='yaxistime yaxistime-extra-new-cms half-hour-new-cms'><div class='yaxistext-minor yaxistext-minor-extra-new-cms'>14:30\n<\/div><\/div><\/div><div id = 'time_1' name='visible_117' data-day='1' class='yaxis time_all time_1' data-time='1440' style='top: 1061px; display: none;'>\n                <div class='yaxistime yaxistime-extra-new-cms'>&nbsp;<\/div><\/div><div id = 'time_1' name='visible_118' data-day='1' class='yaxis time_all time_1' data-time='1448' style='top: 1081px; display: none;'>\n                <div class='yaxistime yaxistime-extra-new-cms'>&nbsp;<\/div><\/div><div id = 'time_1' name='visible_119' data-day='1' class='yaxis time_all time_1' data-time='1456' style='top: 1101px; display: none;'>\n                <div class='yaxistime yaxistime-extra-new-cms'>&nbsp;<\/div><\/div><div id='time_1' name='visible_120' data-day='1' class='yaxis major time_all time_1 major-new-cms data-time='1500' style='top: 1111px; display: none;'>\n                <div class='yaxistime yaxistime-extra-new-cms'><div class='yaxistext yaxistext-extra-new-cms'>15:00\n<\/div><\/div><\/div><div id = 'time_1' name='visible_121' data-day='1' class='yaxis time_all time_1' data-time='1508' style='top: 1131px; display: none;'>\n                <div class='yaxistime yaxistime-extra-new-cms'>&nbsp;<\/div><\/div><div id = 'time_1' name='visible_122' data-day='1' class='yaxis time_all time_1' data-time='1516' style='top: 1151px; display: none;'>\n                <div class='yaxistime yaxistime-extra-new-cms'>&nbsp;<\/div><\/div><div id = 'time_1' name='visible_123' data-day='1' class='yaxis time_all time_1' data-time='1524' style='top: 1171px; display: none;'>\n                <div class='yaxistime yaxistime-extra-new-cms'>&nbsp;<\/div><\/div><div id='time_1' name='visible_124' data-day='1' class='yaxis time_all time_1' data-time='1532' style='top: 1191px; display: none;'>\n                <div class='yaxistime yaxistime-extra-new-cms half-hour-new-cms'><div class='yaxistext-minor yaxistext-minor-extra-new-cms'>15:30\n<\/div><\/div><\/div><div id = 'time_1' name='visible_125' data-day='1' class='yaxis time_all time_1' data-time='1540' style='top: 1211px; display: none;'>\n                <div class='yaxistime yaxistime-extra-new-cms'>&nbsp;<\/div><\/div><div id = 'time_1' name='visible_126' data-day='1' class='yaxis time_all time_1' data-time='1548' style='top: 1231px; display: none;'>\n                <div class='yaxistime yaxistime-extra-new-cms'>&nbsp;<\/div><\/div><div id = 'time_1' name='visible_127' data-day='1' class='yaxis time_all time_1' data-time='1556' style='top: 1251px; display: none;'>\n                <div class='yaxistime yaxistime-extra-new-cms'>&nbsp;<\/div><\/div><div id='time_1' name='visible_128' data-day='1' class='yaxis major time_all time_1 major-new-cms data-time='1600' style='top: 1261px; display: none;'>\n                <div class='yaxistime yaxistime-extra-new-cms'><div class='yaxistext yaxistext-extra-new-cms'>16:00\n<\/div><\/div><\/div><div id = 'time_1' name='visible_129' data-day='1' class='yaxis time_all time_1' data-time='1608' style='top: 1281px; display: none;'>\n                <div class='yaxistime yaxistime-extra-new-cms'>&nbsp;<\/div><\/div><div id = 'time_1' name='visible_130' data-day='1' class='yaxis time_all time_1' data-time='1616' style='top: 1301px; display: none;'>\n                <div class='yaxistime yaxistime-extra-new-cms'>&nbsp;<\/div><\/div><div id = 'time_1' name='visible_131' data-day='1' class='yaxis time_all time_1' data-time='1624' style='top: 1321px; display: none;'>\n                <div class='yaxistime yaxistime-extra-new-cms'>&nbsp;<\/div><\/div><div id='time_1' name='visible_132' data-day='1' class='yaxis time_all time_1' data-time='1632' style='top: 1341px; display: none;'>\n                <div class='yaxistime yaxistime-extra-new-cms half-hour-new-cms'><div class='yaxistext-minor yaxistext-minor-extra-new-cms'>16:30\n<\/div><\/div><\/div><div id = 'time_1' name='visible_133' data-day='1' class='yaxis time_all time_1' data-time='1640' style='top: 1361px; display: none;'>\n                <div class='yaxistime yaxistime-extra-new-cms'>&nbsp;<\/div><\/div><div id = 'time_1' name='visible_134' data-day='1' class='yaxis time_all time_1' data-time='1648' style='top: 1381px; display: none;'>\n                <div class='yaxistime yaxistime-extra-new-cms'>&nbsp;<\/div><\/div><div id = 'time_1' name='visible_135' data-day='1' class='yaxis time_all time_1' data-time='1656' style='top: 1401px; display: none;'>\n                <div class='yaxistime yaxistime-extra-new-cms'>&nbsp;<\/div><\/div><div id='time_1' name='visible_136' data-day='1' class='yaxis major time_all time_1 major-new-cms data-time='1700' style='top: 1411px; display: none;'>\n                <div class='yaxistime yaxistime-extra-new-cms'><div class='yaxistext yaxistext-extra-new-cms'>17:00\n<\/div><\/div><\/div><div id = 'time_1' name='visible_137' data-day='1' class='yaxis time_all time_1' data-time='1708' style='top: 1431px; display: none;'>\n                <div class='yaxistime yaxistime-extra-new-cms'>&nbsp;<\/div><\/div><div id = 'time_1' name='visible_138' data-day='1' class='yaxis time_all time_1' data-time='1716' style='top: 1451px; display: none;'>\n                <div class='yaxistime yaxistime-extra-new-cms'>&nbsp;<\/div><\/div><div id = 'time_1' name='visible_139' data-day='1' class='yaxis time_all time_1' data-time='1724' style='top: 1471px; display: none;'>\n                <div class='yaxistime yaxistime-extra-new-cms'>&nbsp;<\/div><\/div><div id='time_1' name='visible_140' data-day='1' class='yaxis time_all time_1' data-time='1732' style='top: 1491px; display: none;'>\n                <div class='yaxistime yaxistime-extra-new-cms half-hour-new-cms'><div class='yaxistext-minor yaxistext-minor-extra-new-cms'>17:30\n<\/div><\/div><\/div><div id = 'time_1' name='visible_141' data-day='1' class='yaxis time_all time_1' data-time='1740' style='top: 1511px; display: none;'>\n                <div class='yaxistime yaxistime-extra-new-cms'>&nbsp;<\/div><\/div><div id = 'time_1' name='visible_142' data-day='1' class='yaxis time_all time_1' data-time='1748' style='top: 1531px; display: none;'>\n                <div class='yaxistime yaxistime-extra-new-cms'>&nbsp;<\/div><\/div><div id = 'time_1' name='visible_143' data-day='1' class='yaxis time_all time_1' data-time='1756' style='top: 1551px; display: none;'>\n                <div class='yaxistime yaxistime-extra-new-cms'>&nbsp;<\/div><\/div><div id='time_1' name='visible_144' data-day='1' class='yaxis major time_all time_1 major-new-cms data-time='1800' style='top: 1561px; display: none;'>\n                <div class='yaxistime yaxistime-extra-new-cms'><div class='yaxistext yaxistext-extra-new-cms'>18:00\n<\/div><\/div><\/div><div id = 'time_1' name='visible_145' data-day='1' class='yaxis time_all time_1' data-time='1808' style='top: 1581px; display: none;'>\n                <div class='yaxistime yaxistime-extra-new-cms'>&nbsp;<\/div><\/div><div id = 'time_1' name='visible_146' data-day='1' class='yaxis time_all time_1' data-time='1816' style='top: 1601px; display: none;'>\n                <div class='yaxistime yaxistime-extra-new-cms'>&nbsp;<\/div><\/div><div id = 'time_1' name='visible_147' data-day='1' class='yaxis time_all time_1' data-time='1824' style='top: 1621px; display: none;'>\n                <div class='yaxistime yaxistime-extra-new-cms'>&nbsp;<\/div><\/div><div id='time_1' name='visible_148' data-day='1' class='yaxis time_all time_1' data-time='1832' style='top: 1641px; display: none;'>\n                <div class='yaxistime yaxistime-extra-new-cms half-hour-new-cms'><div class='yaxistext-minor yaxistext-minor-extra-new-cms'>18:30\n<\/div><\/div><\/div><div id = 'time_1' name='visible_149' data-day='1' class='yaxis time_all time_1' data-time='1840' style='top: 1661px; display: none;'>\n                <div class='yaxistime yaxistime-extra-new-cms'>&nbsp;<\/div><\/div><div id = 'time_1' name='visible_150' data-day='1' class='yaxis time_all time_1' data-time='1848' style='top: 1681px; display: none;'>\n                <div class='yaxistime yaxistime-extra-new-cms'>&nbsp;<\/div><\/div><div id = 'time_1' name='visible_151' data-day='1' class='yaxis time_all time_1' data-time='1856' style='top: 1701px; display: none;'>\n                <div class='yaxistime yaxistime-extra-new-cms'>&nbsp;<\/div><\/div><div id='time_2' name='visible_152' data-day='2' class='yaxis major time_all time_2 major-new-cms data-time='0800' style='top: 61px; display: none;'>\n                <div class='yaxistime yaxistime-extra-new-cms'><div class='yaxistext yaxistext-extra-new-cms'>08:00\n<\/div><\/div><\/div><div id = 'time_2' name='visible_153' data-day='2' class='yaxis time_all time_2' data-time='0808' style='top: 81px; display: none;'>\n                <div class='yaxistime yaxistime-extra-new-cms'>&nbsp;<\/div><\/div><div id = 'time_2' name='visible_154' data-day='2' class='yaxis time_all time_2' data-time='0816' style='top: 101px; display: none;'>\n                <div class='yaxistime yaxistime-extra-new-cms'>&nbsp;<\/div><\/div><div id = 'time_2' name='visible_155' data-day='2' class='yaxis time_all time_2' data-time='0824' style='top: 121px; display: none;'>\n                <div class='yaxistime yaxistime-extra-new-cms'>&nbsp;<\/div><\/div><div id='time_2' name='visible_156' data-day='2' class='yaxis time_all time_2' data-time='0832' style='top: 141px; display: none;'>\n                <div class='yaxistime yaxistime-extra-new-cms half-hour-new-cms'><div class='yaxistext-minor yaxistext-minor-extra-new-cms'>08:30\n<\/div><\/div><\/div><div id = 'time_2' name='visible_157' data-day='2' class='yaxis time_all time_2' data-time='0840' style='top: 161px; display: none;'>\n                <div class='yaxistime yaxistime-extra-new-cms'>&nbsp;<\/div><\/div><div id = 'time_2' name='visible_158' data-day='2' class='yaxis time_all time_2' data-time='0848' style='top: 181px; display: none;'>\n                <div class='yaxistime yaxistime-extra-new-cms'>&nbsp;<\/div><\/div><div id = 'time_2' name='visible_159' data-day='2' class='yaxis time_all time_2' data-time='0856' style='top: 201px; display: none;'>\n                <div class='yaxistime yaxistime-extra-new-cms'>&nbsp;<\/div><\/div><div id='time_2' name='visible_160' data-day='2' class='yaxis major time_all time_2 major-new-cms data-time='0900' style='top: 211px; display: none;'>\n                <div class='yaxistime yaxistime-extra-new-cms'><div class='yaxistext yaxistext-extra-new-cms'>09:00\n<\/div><\/div><\/div><div id = 'time_2' name='visible_161' data-day='2' class='yaxis time_all time_2' data-time='0908' style='top: 231px; display: none;'>\n                <div class='yaxistime yaxistime-extra-new-cms'>&nbsp;<\/div><\/div><div id = 'time_2' name='visible_162' data-day='2' class='yaxis time_all time_2' data-time='0916' style='top: 251px; display: none;'>\n                <div class='yaxistime yaxistime-extra-new-cms'>&nbsp;<\/div><\/div><div id = 'time_2' name='visible_163' data-day='2' class='yaxis time_all time_2' data-time='0924' style='top: 271px; display: none;'>\n                <div class='yaxistime yaxistime-extra-new-cms'>&nbsp;<\/div><\/div><div id='time_2' name='visible_164' data-day='2' class='yaxis time_all time_2' data-time='0932' style='top: 291px; display: none;'>\n                <div class='yaxistime yaxistime-extra-new-cms half-hour-new-cms'><div class='yaxistext-minor yaxistext-minor-extra-new-cms'>09:30\n<\/div><\/div><\/div><div id = 'time_2' name='visible_165' data-day='2' class='yaxis time_all time_2' data-time='0940' style='top: 311px; display: none;'>\n                <div class='yaxistime yaxistime-extra-new-cms'>&nbsp;<\/div><\/div><div id = 'time_2' name='visible_166' data-day='2' class='yaxis time_all time_2' data-time='0948' style='top: 331px; display: none;'>\n                <div class='yaxistime yaxistime-extra-new-cms'>&nbsp;<\/div><\/div><div id = 'time_2' name='visible_167' data-day='2' class='yaxis time_all time_2' data-time='0956' style='top: 351px; display: none;'>\n                <div class='yaxistime yaxistime-extra-new-cms'>&nbsp;<\/div><\/div><div id='time_2' name='visible_168' data-day='2' class='yaxis major time_all time_2 major-new-cms data-time='1000' style='top: 361px; display: none;'>\n                <div class='yaxistime yaxistime-extra-new-cms'><div class='yaxistext yaxistext-extra-new-cms'>10:00\n<\/div><\/div><\/div><div id = 'time_2' name='visible_169' data-day='2' class='yaxis time_all time_2' data-time='1008' style='top: 381px; display: none;'>\n                <div class='yaxistime yaxistime-extra-new-cms'>&nbsp;<\/div><\/div><div id = 'time_2' name='visible_170' data-day='2' class='yaxis time_all time_2' data-time='1016' style='top: 401px; display: none;'>\n                <div class='yaxistime yaxistime-extra-new-cms'>&nbsp;<\/div><\/div><div id = 'time_2' name='visible_171' data-day='2' class='yaxis time_all time_2' data-time='1024' style='top: 421px; display: none;'>\n                <div class='yaxistime yaxistime-extra-new-cms'>&nbsp;<\/div><\/div><div id='time_2' name='visible_172' data-day='2' class='yaxis time_all time_2' data-time='1032' style='top: 441px; display: none;'>\n                <div class='yaxistime yaxistime-extra-new-cms half-hour-new-cms'><div class='yaxistext-minor yaxistext-minor-extra-new-cms'>10:30\n<\/div><\/div><\/div><div id = 'time_2' name='visible_173' data-day='2' class='yaxis time_all time_2' data-time='1040' style='top: 461px; display: none;'>\n                <div class='yaxistime yaxistime-extra-new-cms'>&nbsp;<\/div><\/div><div id = 'time_2' name='visible_174' data-day='2' class='yaxis time_all time_2' data-time='1048' style='top: 481px; display: none;'>\n                <div class='yaxistime yaxistime-extra-new-cms'>&nbsp;<\/div><\/div><div id = 'time_2' name='visible_175' data-day='2' class='yaxis time_all time_2' data-time='1056' style='top: 501px; display: none;'>\n                <div class='yaxistime yaxistime-extra-new-cms'>&nbsp;<\/div><\/div><div id='time_2' name='visible_176' data-day='2' class='yaxis major time_all time_2 major-new-cms data-time='1100' style='top: 511px; display: none;'>\n                <div class='yaxistime yaxistime-extra-new-cms'><div class='yaxistext yaxistext-extra-new-cms'>11:00\n<\/div><\/div><\/div><div id = 'time_2' name='visible_177' data-day='2' class='yaxis time_all time_2' data-time='1108' style='top: 531px; display: none;'>\n                <div class='yaxistime yaxistime-extra-new-cms'>&nbsp;<\/div><\/div><div id = 'time_2' name='visible_178' data-day='2' class='yaxis time_all time_2' data-time='1116' style='top: 551px; display: none;'>\n                <div class='yaxistime yaxistime-extra-new-cms'>&nbsp;<\/div><\/div><div id = 'time_2' name='visible_179' data-day='2' class='yaxis time_all time_2' data-time='1124' style='top: 571px; display: none;'>\n                <div class='yaxistime yaxistime-extra-new-cms'>&nbsp;<\/div><\/div><div id='time_2' name='visible_180' data-day='2' class='yaxis time_all time_2' data-time='1132' style='top: 591px; display: none;'>\n                <div class='yaxistime yaxistime-extra-new-cms half-hour-new-cms'><div class='yaxistext-minor yaxistext-minor-extra-new-cms'>11:30\n<\/div><\/div><\/div><div id = 'time_2' name='visible_181' data-day='2' class='yaxis time_all time_2' data-time='1140' style='top: 611px; display: none;'>\n                <div class='yaxistime yaxistime-extra-new-cms'>&nbsp;<\/div><\/div><div id = 'time_2' name='visible_182' data-day='2' class='yaxis time_all time_2' data-time='1148' style='top: 631px; display: none;'>\n                <div class='yaxistime yaxistime-extra-new-cms'>&nbsp;<\/div><\/div><div id = 'time_2' name='visible_183' data-day='2' class='yaxis time_all time_2' data-time='1156' style='top: 651px; display: none;'>\n                <div class='yaxistime yaxistime-extra-new-cms'>&nbsp;<\/div><\/div><div id='time_2' name='visible_184' data-day='2' class='yaxis major time_all time_2 major-new-cms data-time='1200' style='top: 661px; display: none;'>\n                <div class='yaxistime yaxistime-extra-new-cms'><div class='yaxistext yaxistext-extra-new-cms'>12:00\n<\/div><\/div><\/div><div id = 'time_2' name='visible_185' data-day='2' class='yaxis time_all time_2' data-time='1208' style='top: 681px; display: none;'>\n                <div class='yaxistime yaxistime-extra-new-cms'>&nbsp;<\/div><\/div><div id = 'time_2' name='visible_186' data-day='2' class='yaxis time_all time_2' data-time='1216' style='top: 701px; display: none;'>\n                <div class='yaxistime yaxistime-extra-new-cms'>&nbsp;<\/div><\/div><div id = 'time_2' name='visible_187' data-day='2' class='yaxis time_all time_2' data-time='1224' style='top: 721px; display: none;'>\n                <div class='yaxistime yaxistime-extra-new-cms'>&nbsp;<\/div><\/div><div id='time_2' name='visible_188' data-day='2' class='yaxis time_all time_2' data-time='1232' style='top: 741px; display: none;'>\n                <div class='yaxistime yaxistime-extra-new-cms half-hour-new-cms'><div class='yaxistext-minor yaxistext-minor-extra-new-cms'>12:30\n<\/div><\/div><\/div><div id = 'time_2' name='visible_189' data-day='2' class='yaxis time_all time_2' data-time='1240' style='top: 761px; display: none;'>\n                <div class='yaxistime yaxistime-extra-new-cms'>&nbsp;<\/div><\/div><div id = 'time_2' name='visible_190' data-day='2' class='yaxis time_all time_2' data-time='1248' style='top: 781px; display: none;'>\n                <div class='yaxistime yaxistime-extra-new-cms'>&nbsp;<\/div><\/div><div id = 'time_2' name='visible_191' data-day='2' class='yaxis time_all time_2' data-time='1256' style='top: 801px; display: none;'>\n                <div class='yaxistime yaxistime-extra-new-cms'>&nbsp;<\/div><\/div><div id='time_2' name='visible_192' data-day='2' class='yaxis major time_all time_2 major-new-cms data-time='1300' style='top: 811px; display: none;'>\n                <div class='yaxistime yaxistime-extra-new-cms'><div class='yaxistext yaxistext-extra-new-cms'>13:00\n<\/div><\/div><\/div><div id = 'time_2' name='visible_193' data-day='2' class='yaxis time_all time_2' data-time='1308' style='top: 831px; display: none;'>\n                <div class='yaxistime yaxistime-extra-new-cms'>&nbsp;<\/div><\/div><div id = 'time_2' name='visible_194' data-day='2' class='yaxis time_all time_2' data-time='1316' style='top: 851px; display: none;'>\n                <div class='yaxistime yaxistime-extra-new-cms'>&nbsp;<\/div><\/div><div id = 'time_2' name='visible_195' data-day='2' class='yaxis time_all time_2' data-time='1324' style='top: 871px; display: none;'>\n                <div class='yaxistime yaxistime-extra-new-cms'>&nbsp;<\/div><\/div><div id='time_2' name='visible_196' data-day='2' class='yaxis time_all time_2' data-time='1332' style='top: 891px; display: none;'>\n                <div class='yaxistime yaxistime-extra-new-cms half-hour-new-cms'><div class='yaxistext-minor yaxistext-minor-extra-new-cms'>13:30\n<\/div><\/div><\/div><div id = 'time_2' name='visible_197' data-day='2' class='yaxis time_all time_2' data-time='1340' style='top: 911px; display: none;'>\n                <div class='yaxistime yaxistime-extra-new-cms'>&nbsp;<\/div><\/div><div id = 'time_2' name='visible_198' data-day='2' class='yaxis time_all time_2' data-time='1348' style='top: 931px; display: none;'>\n                <div class='yaxistime yaxistime-extra-new-cms'>&nbsp;<\/div><\/div><div id = 'time_2' name='visible_199' data-day='2' class='yaxis time_all time_2' data-time='1356' style='top: 951px; display: none;'>\n                <div class='yaxistime yaxistime-extra-new-cms'>&nbsp;<\/div><\/div><div id='time_2' name='visible_200' data-day='2' class='yaxis major time_all time_2 major-new-cms data-time='1400' style='top: 961px; display: none;'>\n                <div class='yaxistime yaxistime-extra-new-cms'><div class='yaxistext yaxistext-extra-new-cms'>14:00\n<\/div><\/div><\/div><div id = 'time_2' name='visible_201' data-day='2' class='yaxis time_all time_2' data-time='1408' style='top: 981px; display: none;'>\n                <div class='yaxistime yaxistime-extra-new-cms'>&nbsp;<\/div><\/div><div id = 'time_2' name='visible_202' data-day='2' class='yaxis time_all time_2' data-time='1416' style='top: 1001px; display: none;'>\n                <div class='yaxistime yaxistime-extra-new-cms'>&nbsp;<\/div><\/div><div id = 'time_2' name='visible_203' data-day='2' class='yaxis time_all time_2' data-time='1424' style='top: 1021px; display: none;'>\n                <div class='yaxistime yaxistime-extra-new-cms'>&nbsp;<\/div><\/div><div id='time_2' name='visible_204' data-day='2' class='yaxis time_all time_2' data-time='1432' style='top: 1041px; display: none;'>\n                <div class='yaxistime yaxistime-extra-new-cms half-hour-new-cms'><div class='yaxistext-minor yaxistext-minor-extra-new-cms'>14:30\n<\/div><\/div><\/div><div id = 'time_2' name='visible_205' data-day='2' class='yaxis time_all time_2' data-time='1440' style='top: 1061px; display: none;'>\n                <div class='yaxistime yaxistime-extra-new-cms'>&nbsp;<\/div><\/div><div id = 'time_2' name='visible_206' data-day='2' class='yaxis time_all time_2' data-time='1448' style='top: 1081px; display: none;'>\n                <div class='yaxistime yaxistime-extra-new-cms'>&nbsp;<\/div><\/div><div id = 'time_2' name='visible_207' data-day='2' class='yaxis time_all time_2' data-time='1456' style='top: 1101px; display: none;'>\n                <div class='yaxistime yaxistime-extra-new-cms'>&nbsp;<\/div><\/div><div id='time_2' name='visible_208' data-day='2' class='yaxis major time_all time_2 major-new-cms data-time='1500' style='top: 1111px; display: none;'>\n                <div class='yaxistime yaxistime-extra-new-cms'><div class='yaxistext yaxistext-extra-new-cms'>15:00\n<\/div><\/div><\/div><div id = 'time_2' name='visible_209' data-day='2' class='yaxis time_all time_2' data-time='1508' style='top: 1131px; display: none;'>\n                <div class='yaxistime yaxistime-extra-new-cms'>&nbsp;<\/div><\/div><div id = 'time_2' name='visible_210' data-day='2' class='yaxis time_all time_2' data-time='1516' style='top: 1151px; display: none;'>\n                <div class='yaxistime yaxistime-extra-new-cms'>&nbsp;<\/div><\/div><div id = 'time_2' name='visible_211' data-day='2' class='yaxis time_all time_2' data-time='1524' style='top: 1171px; display: none;'>\n                <div class='yaxistime yaxistime-extra-new-cms'>&nbsp;<\/div><\/div><div id='time_2' name='visible_212' data-day='2' class='yaxis time_all time_2' data-time='1532' style='top: 1191px; display: none;'>\n                <div class='yaxistime yaxistime-extra-new-cms half-hour-new-cms'><div class='yaxistext-minor yaxistext-minor-extra-new-cms'>15:30\n<\/div><\/div><\/div><div id = 'time_2' name='visible_213' data-day='2' class='yaxis time_all time_2' data-time='1540' style='top: 1211px; display: none;'>\n                <div class='yaxistime yaxistime-extra-new-cms'>&nbsp;<\/div><\/div><div id = 'time_2' name='visible_214' data-day='2' class='yaxis time_all time_2' data-time='1548' style='top: 1231px; display: none;'>\n                <div class='yaxistime yaxistime-extra-new-cms'>&nbsp;<\/div><\/div><div id = 'time_2' name='visible_215' data-day='2' class='yaxis time_all time_2' data-time='1556' style='top: 1251px; display: none;'>\n                <div class='yaxistime yaxistime-extra-new-cms'>&nbsp;<\/div><\/div><div id='time_2' name='visible_216' data-day='2' class='yaxis major time_all time_2 major-new-cms data-time='1600' style='top: 1261px; display: none;'>\n                <div class='yaxistime yaxistime-extra-new-cms'><div class='yaxistext yaxistext-extra-new-cms'>16:00\n<\/div><\/div><\/div><div id = 'time_2' name='visible_217' data-day='2' class='yaxis time_all time_2' data-time='1608' style='top: 1281px; display: none;'>\n                <div class='yaxistime yaxistime-extra-new-cms'>&nbsp;<\/div><\/div><div id='time_3' name='visible_218' data-day='3' class='yaxis major time_all time_3 major-new-cms data-time='0800' style='top: 61px; display: none;'>\n                <div class='yaxistime yaxistime-extra-new-cms'><div class='yaxistext yaxistext-extra-new-cms'>08:00\n<\/div><\/div><\/div><div id = 'time_3' name='visible_219' data-day='3' class='yaxis time_all time_3' data-time='0808' style='top: 81px; display: none;'>\n                <div class='yaxistime yaxistime-extra-new-cms'>&nbsp;<\/div><\/div><div id = 'time_3' name='visible_220' data-day='3' class='yaxis time_all time_3' data-time='0816' style='top: 101px; display: none;'>\n                <div class='yaxistime yaxistime-extra-new-cms'>&nbsp;<\/div><\/div><div id = 'time_3' name='visible_221' data-day='3' class='yaxis time_all time_3' data-time='0824' style='top: 121px; display: none;'>\n                <div class='yaxistime yaxistime-extra-new-cms'>&nbsp;<\/div><\/div><div id='time_3' name='visible_222' data-day='3' class='yaxis time_all time_3' data-time='0832' style='top: 141px; display: none;'>\n                <div class='yaxistime yaxistime-extra-new-cms half-hour-new-cms'><div class='yaxistext-minor yaxistext-minor-extra-new-cms'>08:30\n<\/div><\/div><\/div><div id = 'time_3' name='visible_223' data-day='3' class='yaxis time_all time_3' data-time='0840' style='top: 161px; display: none;'>\n                <div class='yaxistime yaxistime-extra-new-cms'>&nbsp;<\/div><\/div><div id = 'time_3' name='visible_224' data-day='3' class='yaxis time_all time_3' data-time='0848' style='top: 181px; display: none;'>\n                <div class='yaxistime yaxistime-extra-new-cms'>&nbsp;<\/div><\/div><div id = 'time_3' name='visible_225' data-day='3' class='yaxis time_all time_3' data-time='0856' style='top: 201px; display: none;'>\n                <div class='yaxistime yaxistime-extra-new-cms'>&nbsp;<\/div><\/div><div id='time_3' name='visible_226' data-day='3' class='yaxis major time_all time_3 major-new-cms data-time='0900' style='top: 211px; display: none;'>\n                <div class='yaxistime yaxistime-extra-new-cms'><div class='yaxistext yaxistext-extra-new-cms'>09:00\n<\/div><\/div><\/div><div id = 'time_3' name='visible_227' data-day='3' class='yaxis time_all time_3' data-time='0908' style='top: 231px; display: none;'>\n                <div class='yaxistime yaxistime-extra-new-cms'>&nbsp;<\/div><\/div><div id = 'time_3' name='visible_228' data-day='3' class='yaxis time_all time_3' data-time='0916' style='top: 251px; display: none;'>\n                <div class='yaxistime yaxistime-extra-new-cms'>&nbsp;<\/div><\/div><div id = 'time_3' name='visible_229' data-day='3' class='yaxis time_all time_3' data-time='0924' style='top: 271px; display: none;'>\n                <div class='yaxistime yaxistime-extra-new-cms'>&nbsp;<\/div><\/div><div id='time_3' name='visible_230' data-day='3' class='yaxis time_all time_3' data-time='0932' style='top: 291px; display: none;'>\n                <div class='yaxistime yaxistime-extra-new-cms half-hour-new-cms'><div class='yaxistext-minor yaxistext-minor-extra-new-cms'>09:30\n<\/div><\/div><\/div><div id = 'time_3' name='visible_231' data-day='3' class='yaxis time_all time_3' data-time='0940' style='top: 311px; display: none;'>\n                <div class='yaxistime yaxistime-extra-new-cms'>&nbsp;<\/div><\/div><div id = 'time_3' name='visible_232' data-day='3' class='yaxis time_all time_3' data-time='0948' style='top: 331px; display: none;'>\n                <div class='yaxistime yaxistime-extra-new-cms'>&nbsp;<\/div><\/div><div id = 'time_3' name='visible_233' data-day='3' class='yaxis time_all time_3' data-time='0956' style='top: 351px; display: none;'>\n                <div class='yaxistime yaxistime-extra-new-cms'>&nbsp;<\/div><\/div><div id='time_3' name='visible_234' data-day='3' class='yaxis major time_all time_3 major-new-cms data-time='1000' style='top: 361px; display: none;'>\n                <div class='yaxistime yaxistime-extra-new-cms'><div class='yaxistext yaxistext-extra-new-cms'>10:00\n<\/div><\/div><\/div><div id = 'time_3' name='visible_235' data-day='3' class='yaxis time_all time_3' data-time='1008' style='top: 381px; display: none;'>\n                <div class='yaxistime yaxistime-extra-new-cms'>&nbsp;<\/div><\/div><div id = 'time_3' name='visible_236' data-day='3' class='yaxis time_all time_3' data-time='1016' style='top: 401px; display: none;'>\n                <div class='yaxistime yaxistime-extra-new-cms'>&nbsp;<\/div><\/div><div id = 'time_3' name='visible_237' data-day='3' class='yaxis time_all time_3' data-time='1024' style='top: 421px; display: none;'>\n                <div class='yaxistime yaxistime-extra-new-cms'>&nbsp;<\/div><\/div><div id='time_3' name='visible_238' data-day='3' class='yaxis time_all time_3' data-time='1032' style='top: 441px; display: none;'>\n                <div class='yaxistime yaxistime-extra-new-cms half-hour-new-cms'><div class='yaxistext-minor yaxistext-minor-extra-new-cms'>10:30\n<\/div><\/div><\/div><div id = 'time_3' name='visible_239' data-day='3' class='yaxis time_all time_3' data-time='1040' style='top: 461px; display: none;'>\n                <div class='yaxistime yaxistime-extra-new-cms'>&nbsp;<\/div><\/div><div id = 'time_3' name='visible_240' data-day='3' class='yaxis time_all time_3' data-time='1048' style='top: 481px; display: none;'>\n                <div class='yaxistime yaxistime-extra-new-cms'>&nbsp;<\/div><\/div><div id = 'time_3' name='visible_241' data-day='3' class='yaxis time_all time_3' data-time='1056' style='top: 501px; display: none;'>\n                <div class='yaxistime yaxistime-extra-new-cms'>&nbsp;<\/div><\/div><div id='time_3' name='visible_242' data-day='3' class='yaxis major time_all time_3 major-new-cms data-time='1100' style='top: 511px; display: none;'>\n                <div class='yaxistime yaxistime-extra-new-cms'><div class='yaxistext yaxistext-extra-new-cms'>11:00\n<\/div><\/div><\/div><div id = 'time_3' name='visible_243' data-day='3' class='yaxis time_all time_3' data-time='1108' style='top: 531px; display: none;'>\n                <div class='yaxistime yaxistime-extra-new-cms'>&nbsp;<\/div><\/div><div id = 'time_3' name='visible_244' data-day='3' class='yaxis time_all time_3' data-time='1116' style='top: 551px; display: none;'>\n                <div class='yaxistime yaxistime-extra-new-cms'>&nbsp;<\/div><\/div><div id = 'time_3' name='visible_245' data-day='3' class='yaxis time_all time_3' data-time='1124' style='top: 571px; display: none;'>\n                <div class='yaxistime yaxistime-extra-new-cms'>&nbsp;<\/div><\/div><div id='time_3' name='visible_246' data-day='3' class='yaxis time_all time_3' data-time='1132' style='top: 591px; display: none;'>\n                <div class='yaxistime yaxistime-extra-new-cms half-hour-new-cms'><div class='yaxistext-minor yaxistext-minor-extra-new-cms'>11:30\n<\/div><\/div><\/div><div id = 'time_3' name='visible_247' data-day='3' class='yaxis time_all time_3' data-time='1140' style='top: 611px; display: none;'>\n                <div class='yaxistime yaxistime-extra-new-cms'>&nbsp;<\/div><\/div><div id = 'time_3' name='visible_248' data-day='3' class='yaxis time_all time_3' data-time='1148' style='top: 631px; display: none;'>\n                <div class='yaxistime yaxistime-extra-new-cms'>&nbsp;<\/div><\/div><div id = 'time_3' name='visible_249' data-day='3' class='yaxis time_all time_3' data-time='1156' style='top: 651px; display: none;'>\n                <div class='yaxistime yaxistime-extra-new-cms'>&nbsp;<\/div><\/div><div id='time_3' name='visible_250' data-day='3' class='yaxis major time_all time_3 major-new-cms data-time='1200' style='top: 661px; display: none;'>\n                <div class='yaxistime yaxistime-extra-new-cms'><div class='yaxistext yaxistext-extra-new-cms'>12:00\n<\/div><\/div><\/div><div id = 'time_3' name='visible_251' data-day='3' class='yaxis time_all time_3' data-time='1208' style='top: 681px; display: none;'>\n                <div class='yaxistime yaxistime-extra-new-cms'>&nbsp;<\/div><\/div><div id = 'time_3' name='visible_252' data-day='3' class='yaxis time_all time_3' data-time='1216' style='top: 701px; display: none;'>\n                <div class='yaxistime yaxistime-extra-new-cms'>&nbsp;<\/div><\/div><div id = 'time_3' name='visible_253' data-day='3' class='yaxis time_all time_3' data-time='1224' style='top: 721px; display: none;'>\n                <div class='yaxistime yaxistime-extra-new-cms'>&nbsp;<\/div><\/div><div id='time_3' name='visible_254' data-day='3' class='yaxis time_all time_3' data-time='1232' style='top: 741px; display: none;'>\n                <div class='yaxistime yaxistime-extra-new-cms half-hour-new-cms'><div class='yaxistext-minor yaxistext-minor-extra-new-cms'>12:30\n<\/div><\/div><\/div><div id = 'time_3' name='visible_255' data-day='3' class='yaxis time_all time_3' data-time='1240' style='top: 761px; display: none;'>\n                <div class='yaxistime yaxistime-extra-new-cms'>&nbsp;<\/div><\/div><div id = 'time_3' name='visible_256' data-day='3' class='yaxis time_all time_3' data-time='1248' style='top: 781px; display: none;'>\n                <div class='yaxistime yaxistime-extra-new-cms'>&nbsp;<\/div><\/div><div id = 'time_3' name='visible_257' data-day='3' class='yaxis time_all time_3' data-time='1256' style='top: 801px; display: none;'>\n                <div class='yaxistime yaxistime-extra-new-cms'>&nbsp;<\/div><\/div><div id='time_3' name='visible_258' data-day='3' class='yaxis major time_all time_3 major-new-cms data-time='1300' style='top: 811px; display: none;'>\n                <div class='yaxistime yaxistime-extra-new-cms'><div class='yaxistext yaxistext-extra-new-cms'>13:00\n<\/div><\/div><\/div><div id = 'time_3' name='visible_259' data-day='3' class='yaxis time_all time_3' data-time='1308' style='top: 831px; display: none;'>\n                <div class='yaxistime yaxistime-extra-new-cms'>&nbsp;<\/div><\/div><div id = 'time_3' name='visible_260' data-day='3' class='yaxis time_all time_3' data-time='1316' style='top: 851px; display: none;'>\n                <div class='yaxistime yaxistime-extra-new-cms'>&nbsp;<\/div><\/div><div id = 'time_3' name='visible_261' data-day='3' class='yaxis time_all time_3' data-time='1324' style='top: 871px; display: none;'>\n                <div class='yaxistime yaxistime-extra-new-cms'>&nbsp;<\/div><\/div><div id='time_3' name='visible_262' data-day='3' class='yaxis time_all time_3' data-time='1332' style='top: 891px; display: none;'>\n                <div class='yaxistime yaxistime-extra-new-cms half-hour-new-cms'><div class='yaxistext-minor yaxistext-minor-extra-new-cms'>13:30\n<\/div><\/div><\/div><div id = 'time_3' name='visible_263' data-day='3' class='yaxis time_all time_3' data-time='1340' style='top: 911px; display: none;'>\n                <div class='yaxistime yaxistime-extra-new-cms'>&nbsp;<\/div><\/div><div id = 'time_3' name='visible_264' data-day='3' class='yaxis time_all time_3' data-time='1348' style='top: 931px; display: none;'>\n                <div class='yaxistime yaxistime-extra-new-cms'>&nbsp;<\/div><\/div><div id = 'time_3' name='visible_265' data-day='3' class='yaxis time_all time_3' data-time='1356' style='top: 951px; display: none;'>\n                <div class='yaxistime yaxistime-extra-new-cms'>&nbsp;<\/div><\/div><div id='time_3' name='visible_266' data-day='3' class='yaxis major time_all time_3 major-new-cms data-time='1400' style='top: 961px; display: none;'>\n                <div class='yaxistime yaxistime-extra-new-cms'><div class='yaxistext yaxistext-extra-new-cms'>14:00\n<\/div><\/div><\/div><div id = 'time_3' name='visible_267' data-day='3' class='yaxis time_all time_3' data-time='1408' style='top: 981px; display: none;'>\n                <div class='yaxistime yaxistime-extra-new-cms'>&nbsp;<\/div><\/div><div id = 'time_3' name='visible_268' data-day='3' class='yaxis time_all time_3' data-time='1416' style='top: 1001px; display: none;'>\n                <div class='yaxistime yaxistime-extra-new-cms'>&nbsp;<\/div><\/div><div id = 'time_3' name='visible_269' data-day='3' class='yaxis time_all time_3' data-time='1424' style='top: 1021px; display: none;'>\n                <div class='yaxistime yaxistime-extra-new-cms'>&nbsp;<\/div><\/div><div id='time_3' name='visible_270' data-day='3' class='yaxis time_all time_3' data-time='1432' style='top: 1041px; display: none;'>\n                <div class='yaxistime yaxistime-extra-new-cms half-hour-new-cms'><div class='yaxistext-minor yaxistext-minor-extra-new-cms'>14:30\n<\/div><\/div><\/div><div id = 'time_3' name='visible_271' data-day='3' class='yaxis time_all time_3' data-time='1440' style='top: 1061px; display: none;'>\n                <div class='yaxistime yaxistime-extra-new-cms'>&nbsp;<\/div><\/div><div id = 'time_3' name='visible_272' data-day='3' class='yaxis time_all time_3' data-time='1448' style='top: 1081px; display: none;'>\n                <div class='yaxistime yaxistime-extra-new-cms'>&nbsp;<\/div><\/div><div id = 'time_3' name='visible_273' data-day='3' class='yaxis time_all time_3' data-time='1456' style='top: 1101px; display: none;'>\n                <div class='yaxistime yaxistime-extra-new-cms'>&nbsp;<\/div><\/div><div id='time_3' name='visible_274' data-day='3' class='yaxis major time_all time_3 major-new-cms data-time='1500' style='top: 1111px; display: none;'>\n                <div class='yaxistime yaxistime-extra-new-cms'><div class='yaxistext yaxistext-extra-new-cms'>15:00\n<\/div><\/div><\/div><div id = 'time_3' name='visible_275' data-day='3' class='yaxis time_all time_3' data-time='1508' style='top: 1131px; display: none;'>\n                <div class='yaxistime yaxistime-extra-new-cms'>&nbsp;<\/div><\/div><div id = 'time_3' name='visible_276' data-day='3' class='yaxis time_all time_3' data-time='1516' style='top: 1151px; display: none;'>\n                <div class='yaxistime yaxistime-extra-new-cms'>&nbsp;<\/div><\/div><div id = 'time_3' name='visible_277' data-day='3' class='yaxis time_all time_3' data-time='1524' style='top: 1171px; display: none;'>\n                <div class='yaxistime yaxistime-extra-new-cms'>&nbsp;<\/div><\/div><div id='time_3' name='visible_278' data-day='3' class='yaxis time_all time_3' data-time='1532' style='top: 1191px; display: none;'>\n                <div class='yaxistime yaxistime-extra-new-cms half-hour-new-cms'><div class='yaxistext-minor yaxistext-minor-extra-new-cms'>15:30\n<\/div><\/div><\/div><div id = 'time_3' name='visible_279' data-day='3' class='yaxis time_all time_3' data-time='1540' style='top: 1211px; display: none;'>\n                <div class='yaxistime yaxistime-extra-new-cms'>&nbsp;<\/div><\/div><div id = 'time_3' name='visible_280' data-day='3' class='yaxis time_all time_3' data-time='1548' style='top: 1231px; display: none;'>\n                <div class='yaxistime yaxistime-extra-new-cms'>&nbsp;<\/div><\/div><div id = 'time_3' name='visible_281' data-day='3' class='yaxis time_all time_3' data-time='1556' style='top: 1251px; display: none;'>\n                <div class='yaxistime yaxistime-extra-new-cms'>&nbsp;<\/div><\/div><div id='time_3' name='visible_282' data-day='3' class='yaxis major time_all time_3 major-new-cms data-time='1600' style='top: 1261px; display: none;'>\n                <div class='yaxistime yaxistime-extra-new-cms'><div class='yaxistext yaxistext-extra-new-cms'>16:00\n<\/div><\/div><\/div><div id = 'time_3' name='visible_283' data-day='3' class='yaxis time_all time_3' data-time='1608' style='top: 1281px; display: none;'>\n                <div class='yaxistime yaxistime-extra-new-cms'>&nbsp;<\/div><\/div><div id = 'time_3' name='visible_284' data-day='3' class='yaxis time_all time_3' data-time='1616' style='top: 1301px; display: none;'>\n                <div class='yaxistime yaxistime-extra-new-cms'>&nbsp;<\/div><\/div><div id = 'time_3' name='visible_285' data-day='3' class='yaxis time_all time_3' data-time='1624' style='top: 1321px; display: none;'>\n                <div class='yaxistime yaxistime-extra-new-cms'>&nbsp;<\/div><\/div><div id='time_3' name='visible_286' data-day='3' class='yaxis time_all time_3' data-time='1632' style='top: 1341px; display: none;'>\n                <div class='yaxistime yaxistime-extra-new-cms half-hour-new-cms'><div class='yaxistext-minor yaxistext-minor-extra-new-cms'>16:30\n<\/div><\/div><\/div><div id = 'time_3' name='visible_287' data-day='3' class='yaxis time_all time_3' data-time='1640' style='top: 1361px; display: none;'>\n                <div class='yaxistime yaxistime-extra-new-cms'>&nbsp;<\/div><\/div><div id = 'time_3' name='visible_288' data-day='3' class='yaxis time_all time_3' data-time='1648' style='top: 1381px; display: none;'>\n                <div class='yaxistime yaxistime-extra-new-cms'>&nbsp;<\/div><\/div><div id = 'time_3' name='visible_289' data-day='3' class='yaxis time_all time_3' data-time='1656' style='top: 1401px; display: none;'>\n                <div class='yaxistime yaxistime-extra-new-cms'>&nbsp;<\/div><\/div><div id='time_3' name='visible_290' data-day='3' class='yaxis major time_all time_3 major-new-cms data-time='1700' style='top: 1411px; display: none;'>\n                <div class='yaxistime yaxistime-extra-new-cms'><div class='yaxistext yaxistext-extra-new-cms'>17:00\n<\/div><\/div><\/div><div id = 'time_3' name='visible_291' data-day='3' class='yaxis time_all time_3' data-time='1708' style='top: 1431px; display: none;'>\n                <div class='yaxistime yaxistime-extra-new-cms'>&nbsp;<\/div><\/div><div id = 'time_3' name='visible_292' data-day='3' class='yaxis time_all time_3' data-time='1716' style='top: 1451px; display: none;'>\n                <div class='yaxistime yaxistime-extra-new-cms'>&nbsp;<\/div><\/div><div id = 'time_3' name='visible_293' data-day='3' class='yaxis time_all time_3' data-time='1724' style='top: 1471px; display: none;'>\n                <div class='yaxistime yaxistime-extra-new-cms'>&nbsp;<\/div><\/div><div id='time_3' name='visible_294' data-day='3' class='yaxis time_all time_3' data-time='1732' style='top: 1491px; display: none;'>\n                <div class='yaxistime yaxistime-extra-new-cms half-hour-new-cms'><div class='yaxistext-minor yaxistext-minor-extra-new-cms'>17:30\n<\/div><\/div><\/div><div id = 'time_3' name='visible_295' data-day='3' class='yaxis time_all time_3' data-time='1740' style='top: 1511px; display: none;'>\n                <div class='yaxistime yaxistime-extra-new-cms'>&nbsp;<\/div><\/div><div id = 'time_3' name='visible_296' data-day='3' class='yaxis time_all time_3' data-time='1748' style='top: 1531px; display: none;'>\n                <div class='yaxistime yaxistime-extra-new-cms'>&nbsp;<\/div><\/div><div id = 'time_3' name='visible_297' data-day='3' class='yaxis time_all time_3' data-time='1756' style='top: 1551px; display: none;'>\n                <div class='yaxistime yaxistime-extra-new-cms'>&nbsp;<\/div><\/div><div id='time_3' name='visible_298' data-day='3' class='yaxis major time_all time_3 major-new-cms data-time='1800' style='top: 1561px; display: none;'>\n                <div class='yaxistime yaxistime-extra-new-cms'><div class='yaxistext yaxistext-extra-new-cms'>18:00\n<\/div><\/div><\/div><div id = 'time_3' name='visible_299' data-day='3' class='yaxis time_all time_3' data-time='1808' style='top: 1581px; display: none;'>\n                <div class='yaxistime yaxistime-extra-new-cms'>&nbsp;<\/div><\/div><div id = 'time_3' name='visible_300' data-day='3' class='yaxis time_all time_3' data-time='1816' style='top: 1601px; display: none;'>\n                <div class='yaxistime yaxistime-extra-new-cms'>&nbsp;<\/div><\/div><div id = 'time_3' name='visible_301' data-day='3' class='yaxis time_all time_3' data-time='1824' style='top: 1621px; display: none;'>\n                <div class='yaxistime yaxistime-extra-new-cms'>&nbsp;<\/div><\/div><div id='time_4' name='visible_302' data-day='4' class='yaxis major time_all time_4 major-new-cms data-time='0800' style='top: 61px; display: none;'>\n                <div class='yaxistime yaxistime-extra-new-cms'><div class='yaxistext yaxistext-extra-new-cms'>08:00\n<\/div><\/div><\/div><div id = 'time_4' name='visible_303' data-day='4' class='yaxis time_all time_4' data-time='0808' style='top: 81px; display: none;'>\n                <div class='yaxistime yaxistime-extra-new-cms'>&nbsp;<\/div><\/div><div id = 'time_4' name='visible_304' data-day='4' class='yaxis time_all time_4' data-time='0816' style='top: 101px; display: none;'>\n                <div class='yaxistime yaxistime-extra-new-cms'>&nbsp;<\/div><\/div><div id = 'time_4' name='visible_305' data-day='4' class='yaxis time_all time_4' data-time='0824' style='top: 121px; display: none;'>\n                <div class='yaxistime yaxistime-extra-new-cms'>&nbsp;<\/div><\/div><div id='time_4' name='visible_306' data-day='4' class='yaxis time_all time_4' data-time='0832' style='top: 141px; display: none;'>\n                <div class='yaxistime yaxistime-extra-new-cms half-hour-new-cms'><div class='yaxistext-minor yaxistext-minor-extra-new-cms'>08:30\n<\/div><\/div><\/div><div id = 'time_4' name='visible_307' data-day='4' class='yaxis time_all time_4' data-time='0840' style='top: 161px; display: none;'>\n                <div class='yaxistime yaxistime-extra-new-cms'>&nbsp;<\/div><\/div><div id = 'time_4' name='visible_308' data-day='4' class='yaxis time_all time_4' data-time='0848' style='top: 181px; display: none;'>\n                <div class='yaxistime yaxistime-extra-new-cms'>&nbsp;<\/div><\/div><div id = 'time_4' name='visible_309' data-day='4' class='yaxis time_all time_4' data-time='0856' style='top: 201px; display: none;'>\n                <div class='yaxistime yaxistime-extra-new-cms'>&nbsp;<\/div><\/div><div id='time_4' name='visible_310' data-day='4' class='yaxis major time_all time_4 major-new-cms data-time='0900' style='top: 211px; display: none;'>\n                <div class='yaxistime yaxistime-extra-new-cms'><div class='yaxistext yaxistext-extra-new-cms'>09:00\n<\/div><\/div><\/div><div id = 'time_4' name='visible_311' data-day='4' class='yaxis time_all time_4' data-time='0908' style='top: 231px; display: none;'>\n                <div class='yaxistime yaxistime-extra-new-cms'>&nbsp;<\/div><\/div><div id = 'time_4' name='visible_312' data-day='4' class='yaxis time_all time_4' data-time='0916' style='top: 251px; display: none;'>\n                <div class='yaxistime yaxistime-extra-new-cms'>&nbsp;<\/div><\/div><div id = 'time_4' name='visible_313' data-day='4' class='yaxis time_all time_4' data-time='0924' style='top: 271px; display: none;'>\n                <div class='yaxistime yaxistime-extra-new-cms'>&nbsp;<\/div><\/div><div id='time_4' name='visible_314' data-day='4' class='yaxis time_all time_4' data-time='0932' style='top: 291px; display: none;'>\n                <div class='yaxistime yaxistime-extra-new-cms half-hour-new-cms'><div class='yaxistext-minor yaxistext-minor-extra-new-cms'>09:30\n<\/div><\/div><\/div><div id = 'time_4' name='visible_315' data-day='4' class='yaxis time_all time_4' data-time='0940' style='top: 311px; display: none;'>\n                <div class='yaxistime yaxistime-extra-new-cms'>&nbsp;<\/div><\/div><div id = 'time_4' name='visible_316' data-day='4' class='yaxis time_all time_4' data-time='0948' style='top: 331px; display: none;'>\n                <div class='yaxistime yaxistime-extra-new-cms'>&nbsp;<\/div><\/div><div id = 'time_4' name='visible_317' data-day='4' class='yaxis time_all time_4' data-time='0956' style='top: 351px; display: none;'>\n                <div class='yaxistime yaxistime-extra-new-cms'>&nbsp;<\/div><\/div><div id='time_4' name='visible_318' data-day='4' class='yaxis major time_all time_4 major-new-cms data-time='1000' style='top: 361px; display: none;'>\n                <div class='yaxistime yaxistime-extra-new-cms'><div class='yaxistext yaxistext-extra-new-cms'>10:00\n<\/div><\/div><\/div><div id = 'time_4' name='visible_319' data-day='4' class='yaxis time_all time_4' data-time='1008' style='top: 381px; display: none;'>\n                <div class='yaxistime yaxistime-extra-new-cms'>&nbsp;<\/div><\/div><div id = 'time_4' name='visible_320' data-day='4' class='yaxis time_all time_4' data-time='1016' style='top: 401px; display: none;'>\n                <div class='yaxistime yaxistime-extra-new-cms'>&nbsp;<\/div><\/div><div id = 'time_4' name='visible_321' data-day='4' class='yaxis time_all time_4' data-time='1024' style='top: 421px; display: none;'>\n                <div class='yaxistime yaxistime-extra-new-cms'>&nbsp;<\/div><\/div><div id='time_4' name='visible_322' data-day='4' class='yaxis time_all time_4' data-time='1032' style='top: 441px; display: none;'>\n                <div class='yaxistime yaxistime-extra-new-cms half-hour-new-cms'><div class='yaxistext-minor yaxistext-minor-extra-new-cms'>10:30\n<\/div><\/div><\/div><div id = 'time_4' name='visible_323' data-day='4' class='yaxis time_all time_4' data-time='1040' style='top: 461px; display: none;'>\n                <div class='yaxistime yaxistime-extra-new-cms'>&nbsp;<\/div><\/div><div id = 'time_4' name='visible_324' data-day='4' class='yaxis time_all time_4' data-time='1048' style='top: 481px; display: none;'>\n                <div class='yaxistime yaxistime-extra-new-cms'>&nbsp;<\/div><\/div><div id = 'time_4' name='visible_325' data-day='4' class='yaxis time_all time_4' data-time='1056' style='top: 501px; display: none;'>\n                <div class='yaxistime yaxistime-extra-new-cms'>&nbsp;<\/div><\/div><div id='time_4' name='visible_326' data-day='4' class='yaxis major time_all time_4 major-new-cms data-time='1100' style='top: 511px; display: none;'>\n                <div class='yaxistime yaxistime-extra-new-cms'><div class='yaxistext yaxistext-extra-new-cms'>11:00\n<\/div><\/div><\/div><div id = 'time_4' name='visible_327' data-day='4' class='yaxis time_all time_4' data-time='1108' style='top: 531px; display: none;'>\n                <div class='yaxistime yaxistime-extra-new-cms'>&nbsp;<\/div><\/div>\n          <div class=\"event event-extra\"\n            data-id=\"2d87c305-5813-47d2-b21c-56857be2e04c\"\n            data-project=\"a44f2645-f465-4d20-9d12-e82cf6d97f2d\"\n            data-title=\"Kurs: Frakturbehandling i Underarm och Handled\"\n            data-abs-nbr=\"\"\n            data-ystart=\"10\"\n            data-yend=\"17\"\n            data-time=\"10:00-17:00\"\n            data-room=\"14\"\n            data-room-id=\"8e4ee16f-8054-40b3-b3c2-a6dbd17dbace\"\n            data-room-name=\"Cobolgatan 1 Link\u00f6ping\"\n            data-day=\"0\"\n            data-abs-path=\"\"\n            data-speaker=\"Lars Adolfsson; Carl Ekholm\"\n            data-speakercell=\"Lars Adolfsson; Carl Ekholm\"\n            data-info=\"&lt;b&gt;Moderatorer: &lt;\/b&gt;Lars Adolfsson; Carl Ekholm&lt;br&gt;&lt;br&gt;&lt;p&gt;SOF och samarbetspartner inbjuder till instruktionskurs&lt;br \/&gt;&lt;br \/&gt;Tidpunkt: M&amp;aring;ndag 26 Augusti 2019, kl 10-17.&lt;br \/&gt;&lt;br \/&gt;Plats: Cobolgatan 1 Link&amp;ouml;ping&lt;br \/&gt;&lt;br \/&gt;Inneh&amp;aring;ll: Handledda dissektions&amp;ouml;vningar p&amp;aring; humanpreparat.&amp;nbsp;&lt;br \/&gt;Frakturfixation med verkliga implantat. F&amp;ouml;rel&amp;auml;sningar inneh&amp;aring;llande senaste nytt om pathomekanik, indikationer och kirurgisk teknik. Innefattar skador fr&amp;aring;n armb&amp;aring;ge till handled.&lt;br \/&gt;&lt;br \/&gt;Kursledare: Lars Adolfsson, Link&amp;ouml;ping och Carl Ekholm, M&amp;ouml;lndal&lt;br \/&gt;&lt;br \/&gt;F&amp;ouml;r vem: Alla som &amp;auml;gnar sig &amp;aring;t behandling av trauma i &amp;ouml;vre extremiteten.&amp;nbsp;&lt;br \/&gt;&lt;br \/&gt;Max antal deltagare 18. F&amp;ouml;rst till kvarn.&lt;\/p&gt;\n&lt;p&gt;Program:&lt;\/p&gt;\n&lt;p&gt;M&amp;aring;ndag 26\/8 2019&lt;br \/&gt;10:00 introduktion&lt;br \/&gt;10:10 distala radius och ulna &amp;ndash; skadetyper, associerade skador, indikationer och metoder&lt;br \/&gt;10:50 underarmsdiafysfrakturer &amp;ndash; behandlingsindikationer och metoder&lt;br \/&gt;11:20 proximala radius och ulna &amp;ndash; patomekanik, skadetyper, indikationer och metoder&lt;br \/&gt;12:00 lunch&lt;br \/&gt;12:45 demonstration av approacher och introduktion till lab&lt;br \/&gt;17:00 avslutning&lt;\/p&gt;\n&lt;p&gt;Fakultet:&lt;br \/&gt;Lars Adolfsson&lt;br \/&gt;Carl Ekholm&lt;br \/&gt;Anders Enocson&lt;br \/&gt;Johan Scheer&lt;br \/&gt;Hanna Bj&amp;ouml;rnsson Hallgren&lt;\/p&gt;\n&lt;p&gt;&lt;br \/&gt;&lt;br \/&gt;Transport kommer att ordnas till och fr&amp;aring;n Resecentrum i Norrk&amp;ouml;ping.&amp;nbsp;&lt;br \/&gt;Avf&amp;auml;rd 09:15, &amp;aring;terkomst ca 17:45&lt;\/p&gt;\n&lt;p&gt;&amp;nbsp;&lt;\/p&gt;\n&lt;p&gt;Kursen &amp;auml;r sponsrad.&lt;\/p&gt;&lt;br&gt;&lt;br&gt;\"\n            data-category=\"L\u00e4kare\"\n            data-category-ids=\"47\"\n            data-span-all=\"\"\n                          style=\"background-color: #eb303a; color: white;\"\n                      >\n\n            <div class=\"event_content\">\n              <div class=\"title\">\n                                <span>Kurs: Frakturbehandling i Underarm och Handled<\/span>\n              <\/div>\n              <div class=\"span_room\"><span><\/span><\/div>\n              <div class=\"time\">\n                <span>\n                  10:00-17:00                <\/span><\/div>\n\n              <div class=\"lecturer\"><span>Lars Adolfsson; Carl Ekholm<\/span><\/div>\n            <\/div>\n\n\n                                <div style=\"background-color:#eb303a; position: absolute !important ; height: 4px !important; left: 4px; right: 4px; bottom : 2px !important;  border\"><\/div>\n            \n          <\/div>\n\n      \n          <div class=\"event event-extra\"\n            data-id=\"baaf0851-1ccb-4806-b3bc-d4be7a38f34c\"\n            data-project=\"a44f2645-f465-4d20-9d12-e82cf6d97f2d\"\n            data-title=\"Kurs: Metabola sjukdomar\"\n            data-abs-nbr=\"\"\n            data-ystart=\"13\"\n            data-yend=\"18\"\n            data-time=\"13:00-18:00\"\n            data-room=\"2\"\n            data-room-id=\"8d4e3eae-ee44-4f61-99bc-620941ba8aab\"\n            data-room-name=\"Hemerycksalen\"\n            data-day=\"0\"\n            data-abs-path=\"\"\n            data-speaker=\"\"\n            data-speakercell=\"\"\n            data-info=\"&lt;p&gt;Vi har h&amp;auml;rmed n&amp;ouml;jet att erbjuda denna kurs i metabola och cirkulatoriska sjukdomar med ortopediska konsekvenser samt muskuloskeletala infektionstillst&amp;aring;nd. Programmet inneh&amp;aring;ller f&amp;ouml;rel&amp;auml;sningar inom &amp;auml;mnena benbiologi, osteoporos, diabeteskomplikationer, arterioskleroskomplikationer och kritisk ischemi, ortopediska infektioner samt amputationskirurgi.&amp;nbsp;&lt;\/p&gt;\n&lt;p&gt;Kursen uppfyller hela den teoretiska delen av delm&amp;aring;l&amp;nbsp; c11\/11 f&amp;ouml;r ST-l&amp;auml;kare i ortopedi.&lt;\/p&gt;\n&lt;p&gt;Intyg utf&amp;auml;rdas efter deltagande i samtliga moment.&amp;nbsp;&lt;\/p&gt;\n&lt;p&gt;F&amp;ouml;r godk&amp;auml;nd kurs skall man &amp;auml;ven delta i symposiet Protesinfektioner Torsdagen 29\/8.&lt;\/p&gt;\n&lt;p&gt;&amp;nbsp;&lt;\/p&gt;&lt;br&gt;&lt;br&gt;13:00-13:10: Introduktion&lt;br&gt;&lt;br\/&gt;13:10-13:50: Osteoporos&lt;br&gt;&lt;small&gt;M\u00e4rit Wallander&lt;\/small&gt;&lt;br&gt;&lt;br\/&gt;13:50-14:30: Diabetes och diabeteskomplikationer&lt;br&gt;&lt;small&gt;Bo Berggren&lt;\/small&gt;&lt;br&gt;&lt;br\/&gt;14:30-15:10: Ortopediska infektioner&lt;br&gt;&lt;small&gt;\u00c5sa Nilsdotter&lt;\/small&gt;&lt;br&gt;&lt;br\/&gt;15:10-15:40: Fika&lt;br&gt;&lt;br\/&gt;15:40-16:20: Arterioskleros, arterioskleroskomplikationer och kritisk ischemi&lt;br&gt;&lt;small&gt;Lars Isaksson&lt;\/small&gt;&lt;br&gt;&lt;br\/&gt;16:20-17:00: Amputationskirurgi&lt;br&gt;&lt;small&gt;Hans Berg&lt;\/small&gt;&lt;br&gt;&lt;br\/&gt;17:00-17:40: Benbiologi&lt;br&gt;&lt;small&gt;J\u00f6rg Schilcher; Anna Fahlgren&lt;\/small&gt;&lt;br&gt;&lt;br\/&gt;17:40-18:00: Fr\u00e5gor och avslut\"\n            data-category=\"L\u00e4kare\"\n            data-category-ids=\"47\"\n            data-span-all=\"\"\n                          style=\"background-color: #eb303a; color: white;\"\n                      >\n\n            <div class=\"event_content\">\n              <div class=\"title\">\n                                <span>Kurs: Metabola sjukdomar<\/span>\n              <\/div>\n              <div class=\"span_room\"><span><\/span><\/div>\n              <div class=\"time\">\n                <span>\n                  13:00-18:00                <\/span><\/div>\n\n              \n            <\/div>\n\n\n                                <div style=\"background-color:#eb303a; position: absolute !important ; height: 4px !important; left: 4px; right: 4px; bottom : 2px !important;  border\"><\/div>\n            \n          <\/div>\n\n      \n          <div class=\"event event-extra\"\n            data-id=\"105a28bc-718a-48d4-9be8-d65bf378ed65\"\n            data-project=\"a44f2645-f465-4d20-9d12-e82cf6d97f2d\"\n            data-title=\"Kurs: Basal H\u00f6ftplastik\"\n            data-abs-nbr=\"\"\n            data-ystart=\"13\"\n            data-yend=\"17\"\n            data-time=\"13:00-17:00\"\n            data-room=\"3\"\n            data-room-id=\"8d4e3ee2-9a98-46e3-a16c-adc52ebf5d39\"\n            data-room-name=\"Vingen 1+2\"\n            data-day=\"0\"\n            data-abs-path=\"\"\n            data-speaker=\"\"\n            data-speakercell=\"\"\n            data-info=\"&lt;b&gt;Moderatorer: &lt;\/b&gt;Lars Weidenhielm; Per Wretenberg&lt;br&gt;&lt;br&gt;&lt;table&gt;\n&lt;tbody&gt;\n&lt;tr&gt;\n&lt;td&gt;\n&lt;p&gt;Kursdeltagarna ska uppn&amp;aring; grundl&amp;auml;ggande kunskaper i hur man g&amp;ouml;r en cementerad h&amp;ouml;ftprotes s&amp;aring;v&amp;auml;l teoretiskt som praktiskt. Kursen best&amp;aring;r av teoretiska f&amp;ouml;rel&amp;auml;sningar som f&amp;ouml;ljs av workshop d&amp;auml;r deltagarna praktiskt f&amp;aring;r &amp;ouml;va att s&amp;auml;tta in en cementerad h&amp;ouml;ftprotes i plastben.&lt;\/p&gt;\n&lt;div&gt;Kursledare: Per Wretenberg och Lars Weidenhielm.&lt;\/div&gt;\n&lt;div&gt;&lt;br \/&gt;Kursen uppfyller del av delm&amp;aring;l c8.&amp;nbsp;&lt;br \/&gt;&lt;br \/&gt;F&amp;ouml;r godk&amp;auml;nd kurs skall man &amp;auml;ven delta i symposierna;&lt;\/div&gt;\n&lt;div&gt;- Protesen ser bra ut &amp;ndash; Patienten &amp;auml;r missn&amp;ouml;jd, tisdag 27\/8 kl 13:40-15:00&lt;\/div&gt;\n&lt;div&gt;- Unga artrospatienter, onsdag 28\/8 kl 10:15-11:45&lt;\/div&gt;\n&lt;div&gt;&lt;br \/&gt;Max antal deltagare: 20st&lt;\/div&gt;\n&lt;div&gt;&amp;nbsp;&lt;\/div&gt;\n&lt;div&gt;&amp;nbsp;&lt;\/div&gt;\n&lt;div&gt;&amp;nbsp;&lt;\/div&gt;\n&lt;div&gt;Kursen &amp;auml;r sponsrad.&lt;\/div&gt;\n&lt;\/td&gt;\n&lt;\/tr&gt;\n&lt;\/tbody&gt;\n&lt;\/table&gt;&lt;br&gt;&lt;br&gt;13:00-13:45: Preop. planering. Snittf\u00f6ring h\u00f6ftprotes&lt;br&gt;&lt;small&gt;Lars Weidenhielm&lt;\/small&gt;&lt;br&gt;&lt;br\/&gt;13:45-14:00: Paus&lt;br&gt;&lt;br\/&gt;14:00-14:45: Cementerad h\u00f6ftprotes. Teknik och resultat&lt;br&gt;&lt;small&gt;Per Wretenberg&lt;\/small&gt;&lt;br&gt;&lt;br\/&gt;14:45-15:15: Kaffe&lt;br&gt;&lt;br\/&gt;15:15-17:00: Workshop - Cementerad h\u00f6ftprotes\"\n            data-category=\"L\u00e4kare\"\n            data-category-ids=\"47\"\n            data-span-all=\"\"\n                          style=\"background-color: #eb303a; color: white;\"\n                      >\n\n            <div class=\"event_content\">\n              <div class=\"title\">\n                                <span>Kurs: Basal H\u00f6ftplastik<\/span>\n              <\/div>\n              <div class=\"span_room\"><span><\/span><\/div>\n              <div class=\"time\">\n                <span>\n                  13:00-17:00                <\/span><\/div>\n\n              <div class=\"lecturer\"><span>Lars Weidenhielm; Per Wretenberg<\/span><\/div>\n            <\/div>\n\n\n                                <div style=\"background-color:#eb303a; position: absolute !important ; height: 4px !important; left: 4px; right: 4px; bottom : 2px !important;  border\"><\/div>\n            \n          <\/div>\n\n      \n          <div class=\"event event-extra\"\n            data-id=\"1d7945fc-a0a1-4a5b-a474-9a98aa3aad9b\"\n            data-project=\"a44f2645-f465-4d20-9d12-e82cf6d97f2d\"\n            data-title=\"Epiphysens Styrelsem\u00f6te\"\n            data-abs-nbr=\"\"\n            data-ystart=\"13\"\n            data-yend=\"17\"\n            data-time=\"13:00-17:00\"\n            data-room=\"7\"\n            data-room-id=\"8d4e411f-268d-43e4-9387-73ed1ac7e80f\"\n            data-room-name=\"Vingen 5\"\n            data-day=\"0\"\n            data-abs-path=\"\"\n            data-speaker=\"\"\n            data-speakercell=\"\"\n            data-info=\"&lt;p&gt;Epiphysens Styrelsem&amp;ouml;te kl 13:00 - 17:00&lt;\/p&gt;&lt;br&gt;&lt;br&gt;\"\n            data-category=\"L\u00e4kare\"\n            data-category-ids=\"47\"\n            data-span-all=\"\"\n                          style=\"background-color: #eb303a; color: white;\"\n                      >\n\n            <div class=\"event_content\">\n              <div class=\"title\">\n                                <span>Epiphysens Styrelsem\u00f6te<\/span>\n              <\/div>\n              <div class=\"span_room\"><span><\/span><\/div>\n              <div class=\"time\">\n                <span>\n                  13:00-17:00                <\/span><\/div>\n\n              \n            <\/div>\n\n\n                                <div style=\"background-color:#eb303a; position: absolute !important ; height: 4px !important; left: 4px; right: 4px; bottom : 2px !important;  border\"><\/div>\n            \n          <\/div>\n\n      \n          <div class=\"event event-extra\"\n            data-id=\"1a96d579-0509-43d8-b5d7-37a1c358d404\"\n            data-project=\"a44f2645-f465-4d20-9d12-e82cf6d97f2d\"\n            data-title=\"Kurs: Patients\u00e4kerhet f\u00f6r ST-l\u00e4kare (del 1)\"\n            data-abs-nbr=\"\"\n            data-ystart=\"13\"\n            data-yend=\"17\"\n            data-time=\"13:00-17:00\"\n            data-room=\"10\"\n            data-room-id=\"8d4e3f20-50f4-4f2e-9fe7-20d3f379e9fc\"\n            data-room-name=\"Vingen 8\"\n            data-day=\"0\"\n            data-abs-path=\"\"\n            data-speaker=\"Per Wiger; Pelle Gustafson\"\n            data-speakercell=\"Per Wiger; Pelle Gustafson\"\n            data-info=\"&lt;b&gt;Moderator: &lt;\/b&gt;Pelle Gustafson&lt;br&gt;&lt;br&gt;&lt;p&gt;Svensk Ortopedisk F&amp;ouml;rening och L&amp;Ouml;F (Landstingens &amp;Ouml;msesidiga F&amp;ouml;rs&amp;auml;kringsbolag) anordnar en SK-kurs i patients&amp;auml;kerhet under Ortopediveckan i Norrk&amp;ouml;ping.&lt;br \/&gt;Under kursen kommer &amp;auml;mnet patients&amp;auml;kerhet att avhandlas brett i form av teori och diskussioner runt faktiska h&amp;auml;ndelser.&lt;\/p&gt;\n&lt;p&gt;ST-l&amp;auml;kare i Ortopedi har f&amp;ouml;retr&amp;auml;de men kursinneh&amp;aring;llet &amp;auml;r &amp;auml;ven av intresse f&amp;ouml;r ST-l&amp;auml;kare i andra specialiteter och andra professioner som arbetar med patients&amp;auml;kerhet.&lt;br \/&gt;&lt;br \/&gt;&lt;\/p&gt;\n&lt;p&gt;Kursansvarig: Pelle Gustafsson, chefl&amp;auml;kare, L&amp;ouml;f, Stockholm&lt;\/p&gt;\n&lt;p&gt;F&amp;ouml;rel&amp;auml;sare: Per Wiger, chefl&amp;auml;kare, VG-regionen, Allings&amp;aring;s&lt;br \/&gt;&lt;br \/&gt;Max antal deltagare: 16 st.&lt;\/p&gt;\n&lt;p&gt;Kursen uppfyller teoretiska delar av delm&amp;aring;l a3, a4 och c13 enligt SOSFS 2015:8 eller&lt;br \/&gt;teorietiska delar av delm&amp;aring;l 14, 15, 17 och 20 enligt de gamla f&amp;ouml;reskrifterna SOSFS 2008:17.&lt;\/p&gt;&lt;br&gt;&lt;br&gt;\"\n            data-category=\"L\u00e4kare\"\n            data-category-ids=\"47\"\n            data-span-all=\"\"\n                          style=\"background-color: #eb303a; color: white;\"\n                      >\n\n            <div class=\"event_content\">\n              <div class=\"title\">\n                                <span>Kurs: Patients\u00e4kerhet f\u00f6r ST-l\u00e4kare (del 1)<\/span>\n              <\/div>\n              <div class=\"span_room\"><span><\/span><\/div>\n              <div class=\"time\">\n                <span>\n                  13:00-17:00                <\/span><\/div>\n\n              <div class=\"lecturer\"><span>Pelle Gustafson<\/span><\/div>\n            <\/div>\n\n\n                                <div style=\"background-color:#eb303a; position: absolute !important ; height: 4px !important; left: 4px; right: 4px; bottom : 2px !important;  border\"><\/div>\n            \n          <\/div>\n\n      \n          <div class=\"event event-extra\"\n            data-id=\"4b36e4f6-9c7d-4b92-8e1b-20f733b3c1d8\"\n            data-project=\"a44f2645-f465-4d20-9d12-e82cf6d97f2d\"\n            data-title=\"Kurs: ABC i Tum\u00f6rortopedi\"\n            data-abs-nbr=\"\"\n            data-ystart=\"8\"\n            data-yend=\"12\"\n            data-time=\"08:00-12:00\"\n            data-room=\"2\"\n            data-room-id=\"8d4e3eae-ee44-4f61-99bc-620941ba8aab\"\n            data-room-name=\"Hemerycksalen\"\n            data-day=\"1\"\n            data-abs-path=\"\"\n            data-speaker=\"\"\n            data-speakercell=\"\"\n            data-info=\"&lt;b&gt;Moderator: &lt;\/b&gt;Asle Hesla&lt;br&gt;&lt;br&gt;&lt;p&gt;Kurs: ABC i Tum&amp;ouml;rortopedi.&lt;\/p&gt;\n&lt;p&gt;En teoretisk grundkurs som avhandlar s&amp;aring;v&amp;auml;l benigna som maligna tum&amp;ouml;rer i mjukdelar och skelett. &amp;Auml;ven genomg&amp;aring;ng av hur metastaspatienter ska hanteras, vilka ska opereras?&lt;\/p&gt;\n&lt;div&gt;&amp;nbsp;&lt;\/div&gt;\n&lt;p&gt;Kursen uppfyller del av delm&amp;aring;l c10.&lt;\/p&gt;\n&lt;p&gt;F&amp;ouml;r godk&amp;auml;nd kurs skall man &amp;auml;ven delta i symposiet Tum&amp;ouml;rer i r&amp;ouml;relseapparaten onsdag 28\/8 kl 13-14.20.&lt;\/p&gt;\n&lt;p&gt;&amp;nbsp;&lt;\/p&gt;&lt;br&gt;&lt;br&gt;08:00-08:10: Introduktion&lt;br&gt;&lt;small&gt;Asle Hesla&lt;\/small&gt;&lt;br&gt;&lt;br\/&gt;08:10-08:30: Sarkom: definition, incidens, sjukdomspanorama och diagnostik&lt;br&gt;&lt;small&gt;Torsten Schepull&lt;\/small&gt;&lt;br&gt;&lt;br\/&gt;08:30-08:40: Rekommendationer enligt nationella v\u00e5rdprogrammet + Standardiserat v\u00e5rdf\u00f6rlopp&lt;br&gt;&lt;small&gt;Asle Hesla&lt;\/small&gt;&lt;br&gt;&lt;br\/&gt;08:40-09:20: Mjukdelstum\u00f6rer&lt;br&gt;&lt;small&gt;Panagiotis Tsagkozis&lt;\/small&gt;&lt;br&gt;&lt;br\/&gt;09:20-09:50: Fika&lt;br&gt;&lt;br\/&gt;09:50-10:30: Skelettum\u00f6rer&lt;br&gt;&lt;small&gt;Asle Hesla&lt;\/small&gt;&lt;br&gt;&lt;br\/&gt;10:30-11:10: Metastaser&lt;br&gt;&lt;small&gt;Panagiotis Tsagkozis&lt;\/small&gt;&lt;br&gt;&lt;br\/&gt;11:10-11:40: &quot;Oops lesions&quot;; Oplanerade sarkomoperationer&lt;br&gt;&lt;small&gt;Asle Hesla; Panagiotis Tsagkozis&lt;\/small&gt;&lt;br&gt;&lt;br\/&gt;11:40-12:00: Avslutande diskussion och fr\u00e5gor fr\u00e5n auditoriet\"\n            data-category=\"L\u00e4kare\"\n            data-category-ids=\"47\"\n            data-span-all=\"\"\n                          style=\"background-color: #eb303a; color: white;\"\n                      >\n\n            <div class=\"event_content\">\n              <div class=\"title\">\n                                <span>Kurs: ABC i Tum\u00f6rortopedi<\/span>\n              <\/div>\n              <div class=\"span_room\"><span><\/span><\/div>\n              <div class=\"time\">\n                <span>\n                  08:00-12:00                <\/span><\/div>\n\n              <div class=\"lecturer\"><span>Asle Hesla<\/span><\/div>\n            <\/div>\n\n\n                                <div style=\"background-color:#eb303a; position: absolute !important ; height: 4px !important; left: 4px; right: 4px; bottom : 2px !important;  border\"><\/div>\n            \n          <\/div>\n\n      \n          <div class=\"event event-extra\"\n            data-id=\"139d22f4-4407-4713-9d18-1887bf4ee6b1\"\n            data-project=\"a44f2645-f465-4d20-9d12-e82cf6d97f2d\"\n            data-title=\"Kurs: Femur- och h\u00f6ft-frakturer hos barn\"\n            data-abs-nbr=\"\"\n            data-ystart=\"8\"\n            data-yend=\"12\"\n            data-time=\"08:00-12:00\"\n            data-room=\"3\"\n            data-room-id=\"8d4e3ee2-9a98-46e3-a16c-adc52ebf5d39\"\n            data-room-name=\"Vingen 1+2\"\n            data-day=\"1\"\n            data-abs-path=\"\"\n            data-speaker=\"\"\n            data-speakercell=\"\"\n            data-info=\"&lt;b&gt;Moderator: &lt;\/b&gt;Richard Marsell&lt;br&gt;&lt;br&gt;&lt;p&gt;En precourse i handl&amp;auml;ggning och operation av de olika typerna av femurfrakturer vi ser hos barn.&lt;\/p&gt;\n&lt;p&gt;Alltifr&amp;aring;n enkla diafys&amp;auml;ra frakturer med olika behandling beroende p&amp;aring; &amp;aring;lder, men &amp;auml;ven komplexa fall med fysengagemang eller patologisk anatomi s&amp;aring;som cystor.&lt;\/p&gt;\n&lt;p&gt;Inom ramen f&amp;ouml;r denna kurs kommer deltagarna att i Work Shop p&amp;aring; Saw Bones f&amp;aring; f&amp;ouml;revisat och &amp;ouml;va p&amp;aring; de tv&amp;aring; vanligaste kirurgiska teknikerna f&amp;ouml;r att behandla femurfrakturer hos barn. Vidare kommer f&amp;ouml;rel&amp;auml;sningarna att t&amp;auml;cka teoretisk kunskap om hela panoramat av femurfraktrurer som uppkommer hos barn 0-18 &amp;aring;r gamla.&lt;br \/&gt;&lt;br \/&gt;&lt;\/p&gt;\n&lt;p&gt;Kursen uppfyller del av delm&amp;aring;l c5.&lt;\/p&gt;\n&lt;p&gt;F&amp;ouml;r godk&amp;auml;nd kurs skall man &amp;auml;ven delta i symposiet Kluriga barnfrakturer fredag 30\/8 kl 10.15-11.45.&lt;\/p&gt;\n&lt;p&gt;&amp;nbsp;&lt;\/p&gt;\n&lt;p&gt;Kursansvarig: Richard Marsell&lt;\/p&gt;\n&lt;p&gt;&amp;nbsp;&lt;\/p&gt;\n&lt;div&gt;Kursen &amp;auml;r sponsrad.&lt;\/div&gt;&lt;br&gt;&lt;br&gt;08:00-08:10: Introduktion Femurfraktur hos barn&lt;br&gt;&lt;small&gt;Richard Marsell&lt;\/small&gt;&lt;br&gt;&lt;br\/&gt;08:10-08:30: H\u00f6ftfrakturer hos barn&lt;br&gt;&lt;small&gt;Richard Marsell&lt;\/small&gt;&lt;br&gt;&lt;br\/&gt;08:30-09:00: Distala femurfrakturer hos barn&lt;br&gt;&lt;small&gt;Richard Marsell&lt;\/small&gt;&lt;br&gt;&lt;br\/&gt;09:00-09:15: Kaffe&lt;br&gt;&lt;br\/&gt;09:15-09:40: Diafys\u00e4ra femurfrakturer hos sm\u00e5 barn&lt;br&gt;&lt;small&gt;Thomas Sch\u00f6nberg&lt;\/small&gt;&lt;br&gt;&lt;br\/&gt;09:40-10:00: Diafys\u00e4ra femurfrakturer hos \u00e4ldre barn\/ungdomar&lt;br&gt;&lt;small&gt;Thomas Sch\u00f6nberg&lt;\/small&gt;&lt;br&gt;&lt;br\/&gt;10:00-10:15: Kaffe&lt;br&gt;&lt;br\/&gt;10:15-11:00: Workshop 1 \u2013 TEN-fixation diafys\u00e4r femurfraktur&lt;br&gt;&lt;small&gt;Richard Marsell&lt;\/small&gt;&lt;br&gt;&lt;br\/&gt;11:00-11:45: Workshop 2 \u2013 Externfixation diafys\u00e4r femurfraktur&lt;br&gt;&lt;small&gt;Thomas Sch\u00f6nberg&lt;\/small&gt;&lt;br&gt;&lt;br\/&gt;11:45-12:00: Demo Adoloscent Lateral Femoral Nail (Expert ALFN)&lt;br&gt;&lt;small&gt;Richard Marsell&lt;\/small&gt;\"\n            data-category=\"L\u00e4kare\"\n            data-category-ids=\"47\"\n            data-span-all=\"\"\n                          style=\"background-color: #eb303a; color: white;\"\n                      >\n\n            <div class=\"event_content\">\n              <div class=\"title\">\n                                <span>Kurs: Femur- och h\u00f6ft-frakturer hos barn<\/span>\n              <\/div>\n              <div class=\"span_room\"><span><\/span><\/div>\n              <div class=\"time\">\n                <span>\n                  08:00-12:00                <\/span><\/div>\n\n              <div class=\"lecturer\"><span>Richard Marsell<\/span><\/div>\n            <\/div>\n\n\n                                <div style=\"background-color:#eb303a; position: absolute !important ; height: 4px !important; left: 4px; right: 4px; bottom : 2px !important;  border\"><\/div>\n            \n          <\/div>\n\n      \n          <div class=\"event event-extra\"\n            data-id=\"d7c8a335-deb8-4a6e-883e-e32f737c61b3\"\n            data-project=\"a44f2645-f465-4d20-9d12-e82cf6d97f2d\"\n            data-title=\"Kurs: Ledn\u00e4ra tibiafrakturer\"\n            data-abs-nbr=\"\"\n            data-ystart=\"8\"\n            data-yend=\"12\"\n            data-time=\"08:00-12:00\"\n            data-room=\"9\"\n            data-room-id=\"8d4e3f03-823f-4178-82f7-5d246c0bd647\"\n            data-room-name=\"Vingen 6+7\"\n            data-day=\"1\"\n            data-abs-path=\"\"\n            data-speaker=\"\"\n            data-speakercell=\"\"\n            data-info=\"&lt;b&gt;Moderatorer: &lt;\/b&gt;Anna Ekman; Olle Wolf&lt;br&gt;&lt;br&gt;&lt;p&gt;Ledn&amp;auml;ra tibiafrakturer: tibiakondyl &amp;amp; pilonfrakturer.&lt;br \/&gt;&lt;br \/&gt;Ofta utmanande frakturer som kr&amp;auml;ver god anatomisk kunskap och noggrann mjukdelshantering vad g&amp;auml;ller timing och den peroperativa hanteringen. Vi belyser frakturtyper, behandlingsstrategier och val av implantat. Efter en teoretisk genomg&amp;aring;ng kommer vi praktiskt att applicera v&amp;aring;r kunskap p&amp;aring; frakturmodeller.&lt;\/p&gt;\n&lt;p&gt;Kursledare: Anna Ekman, Olle Wolf&lt;\/p&gt;\n&lt;p&gt;&amp;nbsp;&lt;\/p&gt;\n&lt;p&gt;Kursen &amp;auml;r sponsrad.&lt;\/p&gt;&lt;br&gt;&lt;br&gt;08:00-08:25: Tibiakondylfrakturer: frakturtyper och behandlingsval&lt;br&gt;&lt;br\/&gt;08:25-08:45: Falldiskussion f\u00f6r att belysa behandlingstaktik&lt;br&gt;&lt;br\/&gt;08:45-09:45: Workshop Tibiakondylfraktur&lt;br&gt;&lt;br\/&gt;09:45-10:15: Fika&lt;br&gt;&lt;br\/&gt;10:15-10:35: Pilonfraktur: frakturtyper och behandlingsval. Kirurgisk plan innefattande tillg\u00e5ng, implantat &amp; timing&lt;br&gt;&lt;br\/&gt;10:35-10:55: Falldiskussion f\u00f6r att belysa behandlingstaktik&lt;br&gt;&lt;br\/&gt;10:55-11:55: Workshop Pilonfraktur&lt;br&gt;&lt;br\/&gt;11:55-12:00: Sammanfattning\"\n            data-category=\"L\u00e4kare\"\n            data-category-ids=\"47\"\n            data-span-all=\"\"\n                          style=\"background-color: #eb303a; color: white;\"\n                      >\n\n            <div class=\"event_content\">\n              <div class=\"title\">\n                                <span>Kurs: Ledn\u00e4ra tibiafrakturer<\/span>\n              <\/div>\n              <div class=\"span_room\"><span><\/span><\/div>\n              <div class=\"time\">\n                <span>\n                  08:00-12:00                <\/span><\/div>\n\n              <div class=\"lecturer\"><span>Anna Ekman; Olle Wolf<\/span><\/div>\n            <\/div>\n\n\n                                <div style=\"background-color:#eb303a; position: absolute !important ; height: 4px !important; left: 4px; right: 4px; bottom : 2px !important;  border\"><\/div>\n            \n          <\/div>\n\n      \n          <div class=\"event event-extra\"\n            data-id=\"485603eb-501a-4baf-8f9e-4dbee024a6c2\"\n            data-project=\"a44f2645-f465-4d20-9d12-e82cf6d97f2d\"\n            data-title=\"Kurs: Patients\u00e4kerhet f\u00f6r ST-l\u00e4kare (del2)\"\n            data-abs-nbr=\"\"\n            data-ystart=\"8\"\n            data-yend=\"12\"\n            data-time=\"08:00-12:00\"\n            data-room=\"10\"\n            data-room-id=\"8d4e3f20-50f4-4f2e-9fe7-20d3f379e9fc\"\n            data-room-name=\"Vingen 8\"\n            data-day=\"1\"\n            data-abs-path=\"\"\n            data-speaker=\"Per Wiger\"\n            data-speakercell=\"Per Wiger\"\n            data-info=\"&lt;b&gt;Moderator: &lt;\/b&gt;Pelle Gustafson&lt;br&gt;&lt;br&gt;&lt;p&gt;Svensk Ortopedisk F&amp;ouml;rening och L&amp;Ouml;F (Landstingens &amp;Ouml;msesidiga F&amp;ouml;rs&amp;auml;kringsbolag) anordnar en SK-kurs i patients&amp;auml;kerhet under Ortopediveckan i Norrk&amp;ouml;ping.&lt;br \/&gt;Under kursen kommer &amp;auml;mnet patients&amp;auml;kerhet att avhandlas brett i form av teori och diskussioner runt faktiska h&amp;auml;ndelser.&lt;\/p&gt;\n&lt;p&gt;ST-l&amp;auml;kare i Ortopedi har f&amp;ouml;retr&amp;auml;de men kursinneh&amp;aring;llet &amp;auml;r &amp;auml;ven av intresse f&amp;ouml;r ST-l&amp;auml;kare i andra specialiteter och andra professioner som arbetar med patients&amp;auml;kerhet.&lt;br \/&gt;&lt;br \/&gt;&lt;\/p&gt;\n&lt;p&gt;Kursansvarig: Pelle Gustafsson, chefl&amp;auml;kare, L&amp;ouml;f, Stockholm&lt;\/p&gt;\n&lt;p&gt;F&amp;ouml;rel&amp;auml;sare: Per Wiger, chefl&amp;auml;kare, VG-regionen, Allings&amp;aring;s&lt;br \/&gt;&lt;br \/&gt;Max antal deltagare: 16 st.&lt;\/p&gt;\n&lt;p&gt;Kursen uppfyller teoretiska delar av delm&amp;aring;l a3, a4 och c13 enligt SOSFS 2015:8 eller&lt;br \/&gt;teorietiska delar av delm&amp;aring;l 14, 15, 17 och 20 enligt de gamla f&amp;ouml;reskrifterna SOSFS 2008:17.&lt;\/p&gt;&lt;br&gt;&lt;br&gt;\"\n            data-category=\"L\u00e4kare\"\n            data-category-ids=\"47\"\n            data-span-all=\"\"\n                          style=\"background-color: #eb303a; color: white;\"\n                      >\n\n            <div class=\"event_content\">\n              <div class=\"title\">\n                                <span>Kurs: Patients\u00e4kerhet f\u00f6r ST-l\u00e4kare (del2)<\/span>\n              <\/div>\n              <div class=\"span_room\"><span><\/span><\/div>\n              <div class=\"time\">\n                <span>\n                  08:00-12:00                <\/span><\/div>\n\n              <div class=\"lecturer\"><span>Pelle Gustafson<\/span><\/div>\n            <\/div>\n\n\n                                <div style=\"background-color:#eb303a; position: absolute !important ; height: 4px !important; left: 4px; right: 4px; bottom : 2px !important;  border\"><\/div>\n            \n          <\/div>\n\n      \n          <div class=\"event event-extra\"\n            data-id=\"1fc0215a-cc07-4653-b05d-66a94cfb3750\"\n            data-project=\"a44f2645-f465-4d20-9d12-e82cf6d97f2d\"\n            data-title=\"Kurs: Avancerad Gipsteknik\"\n            data-abs-nbr=\"\"\n            data-ystart=\"8\"\n            data-yend=\"12\"\n            data-time=\"08:00-12:00\"\n            data-room=\"13\"\n            data-room-id=\"8d4e4163-c852-4a2f-940e-a75ff94ee438\"\n            data-room-name=\"Viran\"\n            data-day=\"1\"\n            data-abs-path=\"\"\n            data-speaker=\"\"\n            data-speakercell=\"\"\n            data-info=\"&lt;b&gt;Moderatorer: &lt;\/b&gt;Per Flink; Magnus Andersson; Paul Ipsen&lt;br&gt;&lt;br&gt;&lt;p&gt;Teorif&amp;ouml;rel&amp;auml;sning om hur vi kan anv&amp;auml;nda oss av avancerad gipsteknik inom ortopedin och handkirurgin samt vad man kan t&amp;auml;nka p&amp;aring; vid gipsordination.&lt;\/p&gt;\n&lt;p&gt;D&amp;auml;refter workshop med applicering av bl.a. Avlastande gips vid diabetesfots&amp;aring;r (TCC ), Combicastortoser, Geishashoe samt olika hand- fingerskenor.&lt;\/p&gt;&lt;br&gt;&lt;br&gt;\"\n            data-category=\"L\u00e4kare,Sjuksk\u00f6terska,Undersk\u00f6terska,Gipstekniker\"\n            data-category-ids=\"47,48,50,51\"\n            data-span-all=\"\"\n                          style=\"background-color: #eb303a; color: white;\"\n                      >\n\n            <div class=\"event_content\">\n              <div class=\"title\">\n                                <span>Kurs: Avancerad Gipsteknik<\/span>\n              <\/div>\n              <div class=\"span_room\"><span><\/span><\/div>\n              <div class=\"time\">\n                <span>\n                  08:00-12:00                <\/span><\/div>\n\n              <div class=\"lecturer\"><span>Per Flink; Magnus Andersson; Paul Ipsen<\/span><\/div>\n            <\/div>\n\n\n                                <div style=\"background-color:#eb303a; position: absolute !important ; height: 4px !important; left: 4px; right: 4px; bottom : 2px !important;  border\"><\/div>\n            \n          <\/div>\n\n      \n          <div class=\"event event-extra\"\n            data-id=\"fecb81fc-0241-47ef-9e61-1ae458cacf4a\"\n            data-project=\"a44f2645-f465-4d20-9d12-e82cf6d97f2d\"\n            data-title=\"Ostrix - Studierektorsm\u00f6te\"\n            data-abs-nbr=\"\"\n            data-ystart=\"9\"\n            data-yend=\"10.5\"\n            data-time=\"09:00-10:30\"\n            data-room=\"4\"\n            data-room-id=\"8d4e4533-59fd-4c71-be23-0a243a3ae7cd\"\n            data-room-name=\"Vingen 3\"\n            data-day=\"1\"\n            data-abs-path=\"\"\n            data-speaker=\"\"\n            data-speakercell=\"\"\n            data-info=\"\"\n            data-category=\"\"\n            data-category-ids=\"\"\n            data-span-all=\"\"\n                          style=\"background-color: #347694;; color: white;\"\n                      >\n\n            <div class=\"event_content\">\n              <div class=\"title\">\n                                <span>Ostrix - Studierektorsm\u00f6te<\/span>\n              <\/div>\n              <div class=\"span_room\"><span><\/span><\/div>\n              <div class=\"time\">\n                <span>\n                  09:00-10:30                <\/span><\/div>\n\n              \n            <\/div>\n\n\n            \n          <\/div>\n\n      \n          <div class=\"event event-extra\"\n            data-id=\"0082d61d-120e-4fca-b408-6e6a5cdda0c1\"\n            data-project=\"a44f2645-f465-4d20-9d12-e82cf6d97f2d\"\n            data-title=\"Professor\/Verksamhetschefsm\u00f6te\"\n            data-abs-nbr=\"\"\n            data-ystart=\"9\"\n            data-yend=\"10.5\"\n            data-time=\"09:00-10:30\"\n            data-room=\"5\"\n            data-room-id=\"8d4e4540-65b3-4e56-b722-11373e7026d1\"\n            data-room-name=\"Vingen 4\"\n            data-day=\"1\"\n            data-abs-path=\"\"\n            data-speaker=\"\"\n            data-speakercell=\"\"\n            data-info=\"\"\n            data-category=\"\"\n            data-category-ids=\"\"\n            data-span-all=\"\"\n                          style=\"background-color: #347694;; color: white;\"\n                      >\n\n            <div class=\"event_content\">\n              <div class=\"title\">\n                                <span>Professor\/Verksamhetschefsm\u00f6te<\/span>\n              <\/div>\n              <div class=\"span_room\"><span><\/span><\/div>\n              <div class=\"time\">\n                <span>\n                  09:00-10:30                <\/span><\/div>\n\n              \n            <\/div>\n\n\n            \n          <\/div>\n\n      \n          <div class=\"event event-extra\"\n            data-id=\"c10004ee-bba2-4885-a68d-49800510405d\"\n            data-project=\"a44f2645-f465-4d20-9d12-e82cf6d97f2d\"\n            data-title=\"Gemensamt m\u00f6te VC\/Studierektorer\"\n            data-abs-nbr=\"\"\n            data-ystart=\"11\"\n            data-yend=\"11.75\"\n            data-time=\"11:00-11:45\"\n            data-room=\"6\"\n            data-room-id=\"8d4e3eca-bf06-4071-a254-2a1e33b1a8fd\"\n            data-room-name=\"Vingen 3+4\"\n            data-day=\"1\"\n            data-abs-path=\"\"\n            data-speaker=\"\"\n            data-speakercell=\"\"\n            data-info=\"&lt;table&gt;\n&lt;tbody&gt;\n&lt;tr&gt;\n&lt;td&gt;\n&lt;p&gt;Gemensamt m&amp;ouml;te VC\/Studierektorer, kl 11 - 11:45&lt;\/p&gt;\n&lt;p&gt;De tv&amp;aring; tidigare f&amp;ouml;reg&amp;aring;ende m&amp;ouml;tena forts&amp;auml;tter nu gemensamt i sammanslagen lokal.&lt;\/p&gt;\n&lt;\/td&gt;\n&lt;\/tr&gt;\n&lt;\/tbody&gt;\n&lt;\/table&gt;&lt;br&gt;&lt;br&gt;\"\n            data-category=\"L\u00e4kare\"\n            data-category-ids=\"47\"\n            data-span-all=\"\"\n                          style=\"background-color: #eb303a; color: white;\"\n                      >\n\n            <div class=\"event_content\">\n              <div class=\"title\">\n                                <span>Gemensamt m\u00f6te VC\/Studierektorer<\/span>\n              <\/div>\n              <div class=\"span_room\"><span><\/span><\/div>\n              <div class=\"time\">\n                <span>\n                  11:00-11:45                <\/span><\/div>\n\n              \n            <\/div>\n\n\n                                <div style=\"background-color:#eb303a; position: absolute !important ; height: 4px !important; left: 4px; right: 4px; bottom : 2px !important;  border\"><\/div>\n            \n          <\/div>\n\n      \n          <div class=\"event event-extra\"\n            data-id=\"468ddc4b-4391-4313-ab8f-f8120fbdaad1\"\n            data-project=\"a44f2645-f465-4d20-9d12-e82cf6d97f2d\"\n            data-title=\"Invigning\"\n            data-abs-nbr=\"\"\n            data-ystart=\"13\"\n            data-yend=\"13.333333333333\"\n            data-time=\"13:00-13:20\"\n            data-room=\"0\"\n            data-room-id=\"8d4e3dd9-ce4c-4323-b414-2740c00d9454\"\n            data-room-name=\"De Geerhallen\"\n            data-day=\"1\"\n            data-abs-path=\"\"\n            data-speaker=\"\"\n            data-speakercell=\"\"\n            data-info=\"&lt;p&gt;Officiell invigning av Ortopediveckan 2019 i De Geer-hallen&lt;\/p&gt;&lt;br&gt;&lt;br&gt;\"\n            data-category=\"Arbetsterapeut,Gipstekniker,L\u00e4kare,Operationssk\u00f6terska,Sjuksk\u00f6terska,Undersk\u00f6terska,V\u00e5rdadministrat\u00f6r,Fysioterapeut\"\n            data-category-ids=\"53,51,47,49,48,50,52,54\"\n            data-span-all=\"1\"\n                          style=\"background-color: #4354b1; color: white;\"\n                      >\n\n            <div class=\"event_content\">\n              <div class=\"title\">\n                                <span>Invigning<\/span>\n              <\/div>\n              <div class=\"span_room\"><span>De Geerhallen<br\/><\/span><\/div>\n              <div class=\"time\">\n                <span>\n                  13:00-13:20                <\/span><\/div>\n\n              \n            <\/div>\n\n\n                                <div style=\"background-color:#4354b1; position: absolute !important ; height: 4px !important; left: 4px; right: 4px; bottom : 2px !important;  border\"><\/div>\n            \n          <\/div>\n\n      \n          <div class=\"event event-extra\"\n            data-id=\"03ca54c4-9395-41e4-961f-ea0350a7e789\"\n            data-project=\"a44f2645-f465-4d20-9d12-e82cf6d97f2d\"\n            data-title=\"Missn\u00f6jda patienter\"\n            data-abs-nbr=\"\"\n            data-ystart=\"13.666666666667\"\n            data-yend=\"15\"\n            data-time=\"13:40-15:00\"\n            data-room=\"0\"\n            data-room-id=\"8d4e3dd9-ce4c-4323-b414-2740c00d9454\"\n            data-room-name=\"De Geerhallen\"\n            data-day=\"1\"\n            data-abs-path=\"\"\n            data-speaker=\"Leo Whiteside; Sara Gadestam; Aamir Mahdi\"\n            data-speakercell=\"Leo Whiteside; Sara Gadestam; Aamir Mahdi\"\n            data-info=\"&lt;b&gt;Moderator: &lt;\/b&gt;Kjell Gunnar Nilsson&lt;br&gt;&lt;br&gt;&lt;table&gt;\n&lt;tbody&gt;\n&lt;tr&gt;\n&lt;td&gt;\n&lt;p&gt;Missn&amp;ouml;jda patienter...&lt;br \/&gt;&lt;br \/&gt;...vill ingen ha. Vi l&amp;auml;gger f&amp;ouml;rhoppningsvis mycket arbete p&amp;aring; att f&amp;ouml;rbereda, informera och v&amp;auml;lja v&amp;aring;ra patienter innan vi l&amp;aring;ter dem genomg&amp;aring; proteskirurgi.&lt;\/p&gt;\n&lt;p&gt;&amp;Auml;nd&amp;aring; finns en andel patienter som inte &amp;auml;r n&amp;ouml;jda efter att ha f&amp;aring;tt sin protes, upp mot 10% av h&amp;ouml;ftprotespatienterna och s&amp;aring; mycket som 20% av kn&amp;auml;protesopererade anger att de inte &amp;auml;r n&amp;ouml;jda!&lt;br \/&gt;Vad beror det p&amp;aring;? Givetvis finns m&amp;aring;nga faktorer som p&amp;aring;verkar resultatet, dels komplikationer efter operation, dels om man blivit struken\/omplanerad eller upplevt att man inte blivit v&amp;auml;l bem&amp;ouml;tt. &amp;Auml;ven f&amp;ouml;rv&amp;auml;ntningar spelar mycket stor roll, och h&amp;auml;r har vi en del att arbeta med&amp;nbsp; b&amp;aring;de avseende patienturval, operationsmetod och information.&lt;\/p&gt;\n&lt;p&gt;Symposiet om missn&amp;ouml;jda patienter som modereras av Professor Kjell-Gunnar Nilsson och d&amp;auml;r bland annat Leo Whiteside deltar kan kanske ge oss verktygen vi beh&amp;ouml;ver f&amp;ouml;r att b&amp;auml;ttre kunna v&amp;auml;lja och kommunicera med v&amp;aring;ra patienter!&lt;br \/&gt;&lt;br \/&gt;Symposiet h&amp;aring;lls p&amp;aring; engelska.&lt;\/p&gt;\n&lt;table&gt;\n&lt;tbody&gt;\n&lt;tr&gt;\n&lt;td&gt;\n&lt;p&gt;Symposiet &amp;auml;r en obligatorisk del av kursen &quot;Basal h&amp;ouml;ftplastik.&quot;&amp;nbsp;&lt;\/p&gt;\n&lt;\/td&gt;\n&lt;\/tr&gt;\n&lt;\/tbody&gt;\n&lt;\/table&gt;\n&lt;p&gt;&amp;nbsp;&lt;\/p&gt;\n&lt;\/td&gt;\n&lt;\/tr&gt;\n&lt;\/tbody&gt;\n&lt;\/table&gt;&lt;br&gt;&lt;br&gt;\"\n            data-category=\"L\u00e4kare\"\n            data-category-ids=\"47\"\n            data-span-all=\"\"\n                          style=\"background-color: #eb303a; color: white;\"\n                      >\n\n            <div class=\"event_content\">\n              <div class=\"title\">\n                                <span>Missn\u00f6jda patienter<\/span>\n              <\/div>\n              <div class=\"span_room\"><span><\/span><\/div>\n              <div class=\"time\">\n                <span>\n                  13:40-15:00                <\/span><\/div>\n\n              <div class=\"lecturer\"><span>Kjell Gunnar Nilsson<\/span><\/div>\n            <\/div>\n\n\n                                <div style=\"background-color:#eb303a; position: absolute !important ; height: 4px !important; left: 4px; right: 4px; bottom : 2px !important;  border\"><\/div>\n            \n          <\/div>\n\n      \n          <div class=\"event event-extra\"\n            data-id=\"e57465f3-4039-43a7-bde8-38c7817f7e31\"\n            data-project=\"a44f2645-f465-4d20-9d12-e82cf6d97f2d\"\n            data-title=\"Ligamentskador i handleden\"\n            data-abs-nbr=\"\"\n            data-ystart=\"13.666666666667\"\n            data-yend=\"15\"\n            data-time=\"13:40-15:00\"\n            data-room=\"1\"\n            data-room-id=\"8d4e3e47-b348-40db-af90-fc05f2c56604\"\n            data-room-name=\"Flygeln\"\n            data-day=\"1\"\n            data-abs-path=\"\"\n            data-speaker=\"\"\n            data-speakercell=\"\"\n            data-info=\"&lt;b&gt;Moderator: &lt;\/b&gt;Simon Farnebo&lt;br&gt;&lt;br&gt;&lt;table&gt;\n&lt;tbody&gt;\n&lt;tr&gt;\n&lt;td&gt;\n&lt;p&gt;Handledsdistorsion &amp;auml;r en mycket vanlig s&amp;ouml;korsak p&amp;aring; akutmottagningen.&amp;nbsp;&lt;br \/&gt;D&amp;aring; fraktur &amp;auml;r utesluten sl&amp;auml;pps ofta patienterna utan vidare kontroller trots att en betydande del av dem har behandlingskr&amp;auml;vande ligamentskador. De som f&amp;aring;r kvarst&amp;aring;ende besv&amp;auml;r pga. ligamentskador diagnostiseras ofta f&amp;ouml;r sent f&amp;ouml;r att skadan ska kunna behandlas prim&amp;auml;rt. Detta &amp;auml;r problematiskt d&amp;aring; ledbandet inte alltid kan rekonstrueras, utan den &amp;aring;tg&amp;auml;rd som kvarst&amp;aring;r innb&amp;auml;r salvage procedure med artrodes eller artroplastik.&lt;\/p&gt;\n&lt;p&gt;Medvetenheten om ligamentskador i handleden, bakomliggande anatomi och biomekanik, unders&amp;ouml;kningsteknik, diagnostik och behandlingsalternativ, b&amp;ouml;r &amp;ouml;ka bland ortopeder som tj&amp;auml;nstg&amp;ouml;r p&amp;aring; akut- och ortopedmottagningar och det p&amp;aring;g&amp;aring;r ett arbete med att ta fram nationella riktlinjer f&amp;ouml;r utredning och behandling av ligamentskador i handleden. Symposiet syftar till, att utifr&amp;aring;n ovan n&amp;auml;mnda aspekter, belysa den komplexa problematiken kring dessa skador samt att kartl&amp;auml;gga niv&amp;aring;strukturen f&amp;ouml;r diagnostik och behandling.&lt;\/p&gt;\n&lt;p&gt;&amp;nbsp;&lt;\/p&gt;\n&lt;\/td&gt;\n&lt;\/tr&gt;\n&lt;\/tbody&gt;\n&lt;\/table&gt;&lt;br&gt;&lt;br&gt;13:40-13:55: Anatomi, basal biomekanik i handleden&lt;br&gt;&lt;small&gt;Simon Farnebo&lt;\/small&gt;&lt;br&gt;&lt;br\/&gt;13:55-14:10: Artroskopisk diagnostik och behandling&lt;br&gt;&lt;small&gt;Anders Wallmon&lt;\/small&gt;&lt;br&gt;&lt;br\/&gt;14:10-14:25: Ledbansdsrekonstruktion artroskopiskt och \u00f6ppet&lt;br&gt;&lt;small&gt;Jonny Andersson&lt;\/small&gt;&lt;br&gt;&lt;br\/&gt;14:25-14:40: Artroplastik som salvage procedure&lt;br&gt;&lt;small&gt;Peter Axelsson&lt;\/small&gt;&lt;br&gt;&lt;br\/&gt;14:40-15:00: Avslutning, diskussion och fr\u00e5gor\"\n            data-category=\"L\u00e4kare\"\n            data-category-ids=\"47\"\n            data-span-all=\"\"\n                          style=\"background-color: #eb303a; color: white;\"\n                      >\n\n            <div class=\"event_content\">\n              <div class=\"title\">\n                                <span>Ligamentskador i handleden<\/span>\n              <\/div>\n              <div class=\"span_room\"><span><\/span><\/div>\n              <div class=\"time\">\n                <span>\n                  13:40-15:00                <\/span><\/div>\n\n              <div class=\"lecturer\"><span>Simon Farnebo<\/span><\/div>\n            <\/div>\n\n\n                                <div style=\"background-color:#eb303a; position: absolute !important ; height: 4px !important; left: 4px; right: 4px; bottom : 2px !important;  border\"><\/div>\n            \n          <\/div>\n\n      \n          <div class=\"event event-extra\"\n            data-id=\"081c6e7f-a453-4288-8f65-6df80cb8327c\"\n            data-project=\"a44f2645-f465-4d20-9d12-e82cf6d97f2d\"\n            data-title=\"Svenska Fots\u00e4llskapet - Artros, protes, artrodes\"\n            data-abs-nbr=\"\"\n            data-ystart=\"13.666666666667\"\n            data-yend=\"15\"\n            data-time=\"13:40-15:00\"\n            data-room=\"2\"\n            data-room-id=\"8d4e3eae-ee44-4f61-99bc-620941ba8aab\"\n            data-room-name=\"Hemerycksalen\"\n            data-day=\"1\"\n            data-abs-path=\"\"\n            data-speaker=\"Anders Henricson; Hans Rahme; Johan Fintland; \u00c5se Hautau; Ilka Kamrad\"\n            data-speakercell=\"Anders Henricson; Hans Rahme; Johan Fintland; \u00c5se Hautau; Ilka Kamrad\"\n            data-info=\"&lt;b&gt;Moderator: &lt;\/b&gt;Bengt Erik Larsson&lt;br&gt;&lt;br&gt;&lt;table&gt;\n&lt;tbody&gt;\n&lt;tr&gt;\n&lt;td&gt;\n&lt;table&gt;\n&lt;tbody&gt;\n&lt;tr&gt;\n&lt;td&gt;\n&lt;p&gt;Fotledsartros &amp;auml;r ett tillst&amp;aring;nd som ger de drabbade individerna en sm&amp;auml;rtproblematik och funktionsneds&amp;auml;ttning med en klart s&amp;auml;nkt livskvalit&amp;eacute; som &amp;auml;r fullt j&amp;auml;mf&amp;ouml;rbar med de vanligare, och inom ortopedin h&amp;ouml;gt prioriterade patienterna med h&amp;ouml;ft- och kn&amp;auml;ledsartros.&lt;\/p&gt;\n&lt;p&gt;N&amp;aring;gon s&amp;auml;ker prevalens av fotledsartros finns ej men vi vet via Det nationella Fotledsregistret, &amp;rdquo;Swedankle&amp;rdquo; att det idag g&amp;ouml;rs drygt 300 fotledsartrodeser, ca 70 fotledsproteser samt n&amp;aring;gra enstaka supramalleol&amp;auml;ra osteotomier per &amp;aring;r (2107).&lt;\/p&gt;\n&lt;p&gt;Det r&amp;ouml;r sig s&amp;aring;ledes nationellt om en relativt sett liten patientgrupp, men m&amp;ouml;jligen &amp;auml;r gruppen som skulle vara betj&amp;auml;nt av en operativ &amp;aring;tg&amp;auml;rd st&amp;ouml;rre, om kunskap om de operativa m&amp;ouml;jligheter som finns vore mer k&amp;auml;nda?&lt;\/p&gt;\n&lt;p&gt;Vi vill med detta symposium ge en dagsaktuell bild av behandling av fotledsartros. Vad har vi f&amp;ouml;r icke operativa &amp;aring;tg&amp;auml;rder att erbjuda? Vilka patienter kan det vara aktuellt att erbjuda operation? Vad och hur skall man g&amp;ouml;ra &amp;ndash; och var? &amp;Auml;r fotledsprotes idag ett s&amp;aring; bra alternativ att artrodes inte l&amp;auml;ngre b&amp;ouml;r ses som ett &amp;rdquo;golden standard&amp;rdquo; ingrepp vid fotledsatros?&amp;nbsp;&lt;\/p&gt;\n&lt;\/td&gt;\n&lt;\/tr&gt;\n&lt;\/tbody&gt;\n&lt;\/table&gt;\n&lt;\/td&gt;\n&lt;\/tr&gt;\n&lt;\/tbody&gt;\n&lt;\/table&gt;&lt;br&gt;&lt;br&gt;\"\n            data-category=\"L\u00e4kare\"\n            data-category-ids=\"47\"\n            data-span-all=\"\"\n                          style=\"background-color: #eb303a; color: white;\"\n                      >\n\n            <div class=\"event_content\">\n              <div class=\"title\">\n                                <span>Svenska Fots\u00e4llskapet - Artros, protes, artrodes<\/span>\n              <\/div>\n              <div class=\"span_room\"><span><\/span><\/div>\n              <div class=\"time\">\n                <span>\n                  13:40-15:00                <\/span><\/div>\n\n              <div class=\"lecturer\"><span>Bengt Erik Larsson<\/span><\/div>\n            <\/div>\n\n\n                                <div style=\"background-color:#eb303a; position: absolute !important ; height: 4px !important; left: 4px; right: 4px; bottom : 2px !important;  border\"><\/div>\n            \n          <\/div>\n\n      \n          <div class=\"event event-extra\"\n            data-id=\"149cbd8f-8376-46ad-a97f-54c584c8e1d9\"\n            data-project=\"a44f2645-f465-4d20-9d12-e82cf6d97f2d\"\n            data-title=\"Hudf\u00f6rberedelser- hur \u00e4r det med evidensen?\"\n            data-abs-nbr=\"\"\n            data-ystart=\"13.666666666667\"\n            data-yend=\"14.166666666667\"\n            data-time=\"13:40-14:10\"\n            data-room=\"6\"\n            data-room-id=\"8d4e3eca-bf06-4071-a254-2a1e33b1a8fd\"\n            data-room-name=\"Vingen 3+4\"\n            data-day=\"1\"\n            data-abs-path=\"\"\n            data-speaker=\"Ida Markstr\u00f6m\"\n            data-speakercell=\"Ida Markstr\u00f6m\"\n            data-info=\"&lt;b&gt;Moderatorer: &lt;\/b&gt;Elinor Nielsen; Gerd \u00d6stling&lt;br&gt;&lt;br&gt;&lt;p&gt;Risken att drabbas av postoperativ s&amp;aring;rinfektion &amp;auml;r beroende av en m&amp;auml;ngd faktorer relaterade till patienten, operationsteamet , operationsteknik och den omkringliggande milj&amp;ouml;n. Att f&amp;ouml;rebygga postoperativa s&amp;aring;rinfektioner &amp;auml;r komplext och kr&amp;auml;ver team approach, d&amp;auml;r hudf&amp;ouml;rberedelser &amp;auml;r en del i det preventiva arbetet. F&amp;ouml;rel&amp;auml;sningen utg&amp;aring;r fr&amp;aring;n en nationell enk&amp;auml;tstudie och en fokusgruppstudie med operationssjuksk&amp;ouml;terskor. Ni kommer att f&amp;aring; ta del av vilka hudf&amp;ouml;rberedelser som utf&amp;ouml;rs p&amp;aring; svenska operationsavdelningar med ortopedisk kirurgi. Vad &amp;auml;r det som p&amp;aring;verkar arbetet och resultatet av utf&amp;ouml;rda hudf&amp;ouml;rberedelser? Hur g&amp;ouml;r vi och varf&amp;ouml;r g&amp;ouml;r vi som vi g&amp;ouml;r och f&amp;ouml;ljer vi rekommendationer och evidens?&amp;nbsp;&lt;\/p&gt;&lt;br&gt;&lt;br&gt;\"\n            data-category=\"Sjuksk\u00f6terska,Operationssk\u00f6terska,Undersk\u00f6terska\"\n            data-category-ids=\"48,49,50\"\n            data-span-all=\"\"\n                          style=\"background-color: #36acf1; color: white;\"\n                      >\n\n            <div class=\"event_content\">\n              <div class=\"title\">\n                                <span>Hudf\u00f6rberedelser- hur \u00e4r det med evidensen?<\/span>\n              <\/div>\n              <div class=\"span_room\"><span><\/span><\/div>\n              <div class=\"time\">\n                <span>\n                  13:40-14:10                <\/span><\/div>\n\n              <div class=\"lecturer\"><span>Elinor Nielsen; Gerd \u00d6stling<\/span><\/div>\n            <\/div>\n\n\n                                <div style=\"background-color:#36acf1; position: absolute !important ; height: 4px !important; left: 4px; right: 4px; bottom : 2px !important;  border\"><\/div>\n            \n          <\/div>\n\n      \n          <div class=\"event event-extra\"\n            data-id=\"03835187-0777-4544-9bbc-9cc49d99c614\"\n            data-project=\"a44f2645-f465-4d20-9d12-e82cf6d97f2d\"\n            data-title=\"S\u00e4krare v\u00e5rd genom patientmedverkan - Christina Schildmeijer\"\n            data-abs-nbr=\"\"\n            data-ystart=\"13.666666666667\"\n            data-yend=\"14.666666666667\"\n            data-time=\"13:40-14:40\"\n            data-room=\"9\"\n            data-room-id=\"8d4e3f03-823f-4178-82f7-5d246c0bd647\"\n            data-room-name=\"Vingen 6+7\"\n            data-day=\"1\"\n            data-abs-path=\"\"\n            data-speaker=\"Kristina Schildmeijer\"\n            data-speakercell=\"Kristina Schildmeijer\"\n            data-info=\"&lt;b&gt;Moderator: &lt;\/b&gt;Elinor Andersson&lt;br&gt;&lt;br&gt;&lt;table&gt;\n&lt;tbody&gt;\n&lt;tr&gt;\n&lt;td&gt;\n&lt;table&gt;\n&lt;tbody&gt;\n&lt;tr&gt;\n&lt;td&gt;\n&lt;p&gt;F&amp;ouml;rel&amp;auml;sningen kommer att handla om patienters och v&amp;aring;rdpersonals syn p&amp;aring; patientmedverkan.&amp;nbsp;&amp;nbsp;&lt;br \/&gt;Kan den &amp;ouml;ka patients&amp;auml;kerheten? Vad p&amp;aring;verkar patientmedverkan? Vilka &amp;aring;tg&amp;auml;rder kan underl&amp;auml;tta patienternas medverkan i sin v&amp;aring;rd?&lt;\/p&gt;\n&lt;p&gt;Kristina har tidigare arbetat som sjuksk&amp;ouml;terska p&amp;aring; bland annat en ortopedklinik. Hennes forskningsomr&amp;aring;de &amp;auml;r patients&amp;auml;kerhet och hon ing&amp;aring;r &amp;auml;ven i olika forskarteam d&amp;auml;r patientmedverkan, v&amp;aring;rddirektiv och e-h&amp;auml;lsost&amp;ouml;d till patienter studeras.&amp;nbsp;&lt;\/p&gt;\n&lt;\/td&gt;\n&lt;\/tr&gt;\n&lt;\/tbody&gt;\n&lt;\/table&gt;\n&lt;\/td&gt;\n&lt;\/tr&gt;\n&lt;\/tbody&gt;\n&lt;\/table&gt;&lt;br&gt;&lt;br&gt;\"\n            data-category=\"Sjuksk\u00f6terska,Undersk\u00f6terska\"\n            data-category-ids=\"48,50\"\n            data-span-all=\"\"\n                          style=\"background-color: #36acf1; color: white;\"\n                      >\n\n            <div class=\"event_content\">\n              <div class=\"title\">\n                                <span>S\u00e4krare v\u00e5rd genom patientmedverkan - Christina Schildmeijer<\/span>\n              <\/div>\n              <div class=\"span_room\"><span><\/span><\/div>\n              <div class=\"time\">\n                <span>\n                  13:40-14:40                <\/span><\/div>\n\n              <div class=\"lecturer\"><span>Elinor Andersson<\/span><\/div>\n            <\/div>\n\n\n                                <div style=\"background-color:#36acf1; position: absolute !important ; height: 4px !important; left: 4px; right: 4px; bottom : 2px !important;  border\"><\/div>\n            \n          <\/div>\n\n      \n          <div class=\"event event-extra\"\n            data-id=\"ca3a6220-efba-4dd3-9ecc-367291cb48bf\"\n            data-project=\"a44f2645-f465-4d20-9d12-e82cf6d97f2d\"\n            data-title=\"Fria f\u00f6redrag I\"\n            data-abs-nbr=\"\"\n            data-ystart=\"13.666666666667\"\n            data-yend=\"14.666666666667\"\n            data-time=\"13:40-14:40\"\n            data-room=\"10\"\n            data-room-id=\"8d4e3f20-50f4-4f2e-9fe7-20d3f379e9fc\"\n            data-room-name=\"Vingen 8\"\n            data-day=\"1\"\n            data-abs-path=\"\"\n            data-speaker=\"\"\n            data-speakercell=\"\"\n            data-info=\"&lt;b&gt;Moderator: &lt;\/b&gt;Markus Wald\u00e9n&lt;br&gt;&lt;br&gt;13:40-13:52: Also Lumbar Back Pain Improves after Surgery of a Herniated Lumbar Disc&lt;br&gt;&lt;small&gt;Niyaz Hareni&lt;\/small&gt;&lt;br&gt;&lt;small&gt;&lt;a href='https:\/\/aic-atlas.s3.eu-north-1.amazonaws.com\/projects\/a44f2645-f465-4d20-9d12-e82cf6d97f2d\/documents\/Bor6rMZGvd4giV0z83yryPz0JnZ3jLuGyBOXTiwZ.html' target='_blank'&gt;Show abstract&lt;\/a&gt;&lt;\/small&gt;&lt;br&gt;&lt;br\/&gt;13:52-14:04: Axial loading during MRI reveal insufficient effect of percutaneous interspinous implants on spinal canal area&lt;br&gt;&lt;small&gt;Adad Baranto&lt;\/small&gt;&lt;br&gt;&lt;small&gt;&lt;a href='https:\/\/aic-atlas.s3.eu-north-1.amazonaws.com\/projects\/a44f2645-f465-4d20-9d12-e82cf6d97f2d\/documents\/dv8oIJyxC3zQcZxPjYP2JMhuGYq3KtKvICae9WjQ.html' target='_blank'&gt;Show abstract&lt;\/a&gt;&lt;\/small&gt;&lt;br&gt;&lt;br\/&gt;14:04-14:16: Lumbar Disc Herniation Surgery in the Old Patient&lt;br&gt;&lt;small&gt;Niyaz Hareni&lt;\/small&gt;&lt;br&gt;&lt;small&gt;&lt;a href='https:\/\/aic-atlas.s3.eu-north-1.amazonaws.com\/projects\/a44f2645-f465-4d20-9d12-e82cf6d97f2d\/documents\/g4f0lefsXvIlGJg6C2RIQGaR9J6hVi5Wb8Ncsr0g.html' target='_blank'&gt;Show abstract&lt;\/a&gt;&lt;\/small&gt;&lt;br&gt;&lt;br\/&gt;14:16-14:28: Preoperative duration of radiating leg pain due to lumbar disc herniation and its effect on outcome - A retrospective register study.&lt;br&gt;&lt;small&gt;Adad Baranto&lt;\/small&gt;&lt;br&gt;&lt;small&gt;&lt;a href='https:\/\/aic-atlas.s3.eu-north-1.amazonaws.com\/projects\/a44f2645-f465-4d20-9d12-e82cf6d97f2d\/documents\/iHc8SPjS4yyK88HlM4KcuktmXzcsdiXpBPcjGF3I.html' target='_blank'&gt;Show abstract&lt;\/a&gt;&lt;\/small&gt;&lt;br&gt;&lt;br\/&gt;14:28-14:40: What have we learned from the PATHFx validation studies?   An analysis of 2,559 patients with metastatic bone disease.&lt;br&gt;&lt;small&gt;Jonathan Forsberg&lt;\/small&gt;&lt;br&gt;&lt;small&gt;&lt;a href='https:\/\/aic-atlas.s3.eu-north-1.amazonaws.com\/projects\/a44f2645-f465-4d20-9d12-e82cf6d97f2d\/documents\/HXzbQa4OClBopCMeZKsYv1W402YSOHGwjUV1SHE0.html' target='_blank'&gt;Show abstract&lt;\/a&gt;&lt;\/small&gt;\"\n            data-category=\"Arbetsterapeut,Fysioterapeut,Gipstekniker,L\u00e4kare,Operationssk\u00f6terska,Sjuksk\u00f6terska,Undersk\u00f6terska,V\u00e5rdadministrat\u00f6r\"\n            data-category-ids=\"53,54,51,47,49,48,50,52\"\n            data-span-all=\"\"\n                          style=\"background-color: #4354b1; color: white;\"\n                      >\n\n            <div class=\"event_content\">\n              <div class=\"title\">\n                                <span>Fria f\u00f6redrag I<\/span>\n              <\/div>\n              <div class=\"span_room\"><span><\/span><\/div>\n              <div class=\"time\">\n                <span>\n                  13:40-14:40                <\/span><\/div>\n\n              <div class=\"lecturer\"><span>Markus Wald\u00e9n<\/span><\/div>\n            <\/div>\n\n\n                                <div style=\"background-color:#4354b1; position: absolute !important ; height: 4px !important; left: 4px; right: 4px; bottom : 2px !important;  border\"><\/div>\n            \n          <\/div>\n\n      \n          <div class=\"event event-extra\"\n            data-id=\"50a00245-c517-4e08-90f7-db6a9e445ee8\"\n            data-project=\"a44f2645-f465-4d20-9d12-e82cf6d97f2d\"\n            data-title=\"Ny session\"\n            data-abs-nbr=\"\"\n            data-ystart=\"14\"\n            data-yend=\"15\"\n            data-time=\"14:00-15:00\"\n            data-room=\"6\"\n            data-room-id=\"8d4e3eca-bf06-4071-a254-2a1e33b1a8fd\"\n            data-room-name=\"Vingen 3+4\"\n            data-day=\"1\"\n            data-abs-path=\"\"\n            data-speaker=\"\"\n            data-speakercell=\"\"\n            data-info=\"14:00-14:30: F\u00f6rel\u00e4sning 2&lt;br&gt;&lt;br\/&gt;14:30-15:00: F\u00f6rel\u00e4sning 3\"\n            data-category=\"L\u00e4kare,Operationssk\u00f6terska\"\n            data-category-ids=\"47,49\"\n            data-span-all=\"\"\n                          style=\"background-color: #eb303a; color: white;\"\n                      >\n\n            <div class=\"event_content\">\n              <div class=\"title\">\n                                <span>Ny session<\/span>\n              <\/div>\n              <div class=\"span_room\"><span><\/span><\/div>\n              <div class=\"time\">\n                <span>\n                  14:00-15:00                <\/span><\/div>\n\n              \n            <\/div>\n\n\n                                <div style=\"background-color:#eb303a; position: absolute !important ; height: 4px !important; left: 4px; right: 4px; bottom : 2px !important;  border\"><\/div>\n            \n          <\/div>\n\n      \n          <div class=\"event event-extra\"\n            data-id=\"a7d623d2-1a37-4b21-9e06-77280ea50ea1\"\n            data-project=\"a44f2645-f465-4d20-9d12-e82cf6d97f2d\"\n            data-title=\"Bakterier p\u00e5 huden. Vad kan vi g\u00f6ra och hur m\u00e4ter vi?\"\n            data-abs-nbr=\"\"\n            data-ystart=\"14.166666666667\"\n            data-yend=\"14.666666666667\"\n            data-time=\"14:10-14:40\"\n            data-room=\"6\"\n            data-room-id=\"8d4e3eca-bf06-4071-a254-2a1e33b1a8fd\"\n            data-room-name=\"Vingen 3+4\"\n            data-day=\"1\"\n            data-abs-path=\"\"\n            data-speaker=\"Vendela Scheer\"\n            data-speakercell=\"Vendela Scheer\"\n            data-info=\"&lt;b&gt;Moderatorer: &lt;\/b&gt;Gerd \u00d6stling; Elinor Nielsen&lt;br&gt;&lt;br&gt;&lt;p&gt;Dagens moderna operationssalar med h&amp;ouml;ga luftfl&amp;ouml;den, v&amp;aring;ra extrat&amp;auml;ta operationskl&amp;auml;der, har lett till att vi lyckats f&amp;aring; ner antalet partikelb&amp;auml;rande enheter i luften. Det f&amp;ouml;ruts&amp;auml;tter att alla p&amp;aring; operationssalen har r&amp;auml;tt kl&amp;auml;dsel, arbetar utefter aseptiska regler, minimerat spring p&amp;aring; salen, samt ett begr&amp;auml;nsat antal personer p&amp;aring; salen. F&amp;ouml;ljer vi dessa hygienregler &amp;auml;r den exogena smittan till patienterna inte den som orsakar postoperativa s&amp;aring;rinfektioner (SSI), utan SSI vid ren kirurgi orsakas n&amp;auml;stan uteslutande av endogen smitta, det vill s&amp;auml;ga infektion orsakad av mikroorganismer fr&amp;aring;n patientens egen bakterieflora. Hur kan vi minska kolonisationen samt rekolonisationen av bakterier p&amp;aring; huden f&amp;ouml;reunder och efter operation? Vilka metoder anv&amp;auml;nds f&amp;ouml;r att m&amp;auml;ta bakterier p&amp;aring; huden?&amp;nbsp;&amp;nbsp;&lt;\/p&gt;&lt;br&gt;&lt;br&gt;\"\n            data-category=\"Sjuksk\u00f6terska,Operationssk\u00f6terska,Undersk\u00f6terska\"\n            data-category-ids=\"48,49,50\"\n            data-span-all=\"\"\n                          style=\"background-color: #36acf1; color: white;\"\n                      >\n\n            <div class=\"event_content\">\n              <div class=\"title\">\n                                <span>Bakterier p\u00e5 huden. Vad kan vi g\u00f6ra och hur m\u00e4ter vi?<\/span>\n              <\/div>\n              <div class=\"span_room\"><span><\/span><\/div>\n              <div class=\"time\">\n                <span>\n                  14:10-14:40                <\/span><\/div>\n\n              <div class=\"lecturer\"><span>Gerd \u00d6stling; Elinor Nielsen<\/span><\/div>\n            <\/div>\n\n\n                                <div style=\"background-color:#36acf1; position: absolute !important ; height: 4px !important; left: 4px; right: 4px; bottom : 2px !important;  border\"><\/div>\n            \n          <\/div>\n\n      \n          <div class=\"event event-extra\"\n            data-id=\"d9fd745c-2a9e-414d-8e03-0b330f3370d1\"\n            data-project=\"a44f2645-f465-4d20-9d12-e82cf6d97f2d\"\n            data-title=\"Artros\/Protes - debatt\"\n            data-abs-nbr=\"\"\n            data-ystart=\"15.75\"\n            data-yend=\"16.75\"\n            data-time=\"15:45-16:45\"\n            data-room=\"0\"\n            data-room-id=\"8d4e3dd9-ce4c-4323-b414-2740c00d9454\"\n            data-room-name=\"De Geerhallen\"\n            data-day=\"1\"\n            data-abs-path=\"\"\n            data-speaker=\"\"\n            data-speakercell=\"\"\n            data-info=\"&lt;b&gt;Moderator: &lt;\/b&gt;Per Wretenberg&lt;br&gt;&lt;br&gt;&lt;p&gt;I detta symposium kommer vi diskutera vad som beh&amp;ouml;vs f&amp;ouml;r b&amp;auml;sta m&amp;ouml;jliga postoperativa resultat. Vi kommer diskutera varf&amp;ouml;r patienter blir missn&amp;ouml;jda utifr&amp;aring;n en stor kvalitativ kn&amp;auml;protesstudie. Hur v&amp;auml;ljer vi patienter och hur g&amp;ouml;r vi de redo f&amp;ouml;r operation och hur kan vi optimera outcome.&lt;\/p&gt;\n&lt;div&gt;&amp;nbsp;&lt;\/div&gt;&lt;br&gt;&lt;br&gt;15:45-16:05: Hur v\u00e4ljer jag vilken patient som ska opereras?&lt;br&gt;&lt;small&gt;Helene Andersson Molina&lt;\/small&gt;&lt;br&gt;&lt;br\/&gt;16:05-16:25: Av vilka anledningar \u00e4r kn\u00e4protesopererade patienter missn\u00f6jda?&lt;br&gt;&lt;small&gt;Aamir Mahdi&lt;\/small&gt;&lt;br&gt;&lt;br\/&gt;16:25-16:45: \u00c4r det r\u00e4ttvist att inte operera en patient n\u00e4r man inte tror p\u00e5 ett fullgott resultat?&lt;br&gt;&lt;small&gt;Per Wretenberg&lt;\/small&gt;\"\n            data-category=\"L\u00e4kare\"\n            data-category-ids=\"47\"\n            data-span-all=\"\"\n                          style=\"background-color: #eb303a; color: white;\"\n                      >\n\n            <div class=\"event_content\">\n              <div class=\"title\">\n                                <span>Artros\/Protes - debatt<\/span>\n              <\/div>\n              <div class=\"span_room\"><span><\/span><\/div>\n              <div class=\"time\">\n                <span>\n                  15:45-16:45                <\/span><\/div>\n\n              <div class=\"lecturer\"><span>Per Wretenberg<\/span><\/div>\n            <\/div>\n\n\n                                <div style=\"background-color:#eb303a; position: absolute !important ; height: 4px !important; left: 4px; right: 4px; bottom : 2px !important;  border\"><\/div>\n            \n          <\/div>\n\n      \n          <div class=\"event event-extra\"\n            data-id=\"9ede0541-72ac-4721-8cbd-b76a21d0dd31\"\n            data-project=\"a44f2645-f465-4d20-9d12-e82cf6d97f2d\"\n            data-title=\"Ulnarisnervkompression - Erika Nyman\"\n            data-abs-nbr=\"\"\n            data-ystart=\"15.75\"\n            data-yend=\"16.25\"\n            data-time=\"15:45-16:15\"\n            data-room=\"1\"\n            data-room-id=\"8d4e3e47-b348-40db-af90-fc05f2c56604\"\n            data-room-name=\"Flygeln\"\n            data-day=\"1\"\n            data-abs-path=\"\"\n            data-speaker=\"Erika Nyman\"\n            data-speakercell=\"Erika Nyman\"\n            data-info=\"&lt;table&gt;\n&lt;tbody&gt;\n&lt;tr&gt;\n&lt;td&gt;\n&lt;p&gt;Ulnarisnervkompression &amp;auml;r den n&amp;auml;st vanligaste nervkompressionen i &amp;ouml;vre extremiteten, efter karpaltunnelsyndrom, och patienterna sk&amp;ouml;ts tills stor del inom prim&amp;auml;rv&amp;aring;rd och p&amp;aring; ortopediska kliniker i Sverige.&lt;\/p&gt;\n&lt;p&gt;Resultatet av kirurgi &amp;auml;r generellt inte lika tillfredst&amp;auml;llande som efter karpaltunnelklyvning och relativt ofta ses kvarvarande symtom eller komplikationer till kirurgin.&lt;\/p&gt;\n&lt;p&gt;F&amp;ouml;rel&amp;auml;sningen syftar till att ge en evidensbaserad &amp;ouml;verblick av &amp;auml;mnesomr&amp;aring;det med paralleller till den egna forskningen ffa avseende prediktiva faktorer f&amp;ouml;r outcome vid kirurgi av ulnarisnervkompression i armb&amp;aring;gsniv&amp;aring;n.&lt;\/p&gt;\n&lt;\/td&gt;\n&lt;\/tr&gt;\n&lt;\/tbody&gt;\n&lt;\/table&gt;&lt;br&gt;&lt;br&gt;\"\n            data-category=\"L\u00e4kare,Arbetsterapeut,Fysioterapeut\"\n            data-category-ids=\"47,53,54\"\n            data-span-all=\"\"\n                          style=\"background-color: #eb303a; color: white;\"\n                      >\n\n            <div class=\"event_content\">\n              <div class=\"title\">\n                                <span>Ulnarisnervkompression - Erika Nyman<\/span>\n              <\/div>\n              <div class=\"span_room\"><span><\/span><\/div>\n              <div class=\"time\">\n                <span>\n                  15:45-16:15                <\/span><\/div>\n\n              \n            <\/div>\n\n\n                                <div style=\"background-color:#eb303a; position: absolute !important ; height: 4px !important; left: 4px; right: 4px; bottom : 2px !important;  border\"><\/div>\n            \n          <\/div>\n\n      \n          <div class=\"event event-extra\"\n            data-id=\"5fec28ae-f851-4f00-bb80-9e5e03a20e36\"\n            data-project=\"a44f2645-f465-4d20-9d12-e82cf6d97f2d\"\n            data-title=\"Patientutbildning och \u00e5terh\u00e4mtning efter elektiv h\u00f6ft-\/kn\u00e4protesoperation - \u00c5sa Johansson Stark\"\n            data-abs-nbr=\"\"\n            data-ystart=\"15.75\"\n            data-yend=\"16.583333333333\"\n            data-time=\"15:45-16:35\"\n            data-room=\"2\"\n            data-room-id=\"8d4e3eae-ee44-4f61-99bc-620941ba8aab\"\n            data-room-name=\"Hemerycksalen\"\n            data-day=\"1\"\n            data-abs-path=\"\"\n            data-speaker=\"\u00c5sa Johansson Stark\"\n            data-speakercell=\"\u00c5sa Johansson Stark\"\n            data-info=\"&lt;b&gt;Moderator: &lt;\/b&gt;Elinor Andersson&lt;br&gt;&lt;br&gt;&lt;p&gt;F&amp;ouml;rel&amp;auml;sningen utg&amp;aring;r fr&amp;aring;n forskningsprojektet: Empowering Surgical Orthopaedic Patients through Education som bidragit med kunskap om vilka kunskapsbehov som uppfylls och vilka faktorer som p&amp;aring;verkar &amp;aring;terh&amp;auml;mtningen. Resultaten som bygger p&amp;aring; enk&amp;auml;tsvar fr&amp;aring;n 1634 patienter och deras n&amp;auml;rst&amp;aring;ende fr&amp;aring;n sju europeiska l&amp;auml;nder visade att patienter och deras n&amp;auml;rst&amp;aring;ende hade h&amp;ouml;ga f&amp;ouml;rv&amp;auml;ntningar p&amp;aring; kunskap som de inte fick tillgodosedda under sjukhusvistelsen. Patienterna upplevde dock att de fick fler av sina kunskapsf&amp;ouml;rv&amp;auml;ntningar uppfyllda j&amp;auml;mf&amp;ouml;rt med de n&amp;auml;rst&amp;aring;ende. Patienter som upplevde k&amp;auml;nslor som nedst&amp;auml;mdhet, r&amp;auml;dsla och ot&amp;aring;lighet upplevde att f&amp;auml;rre av deras f&amp;ouml;rv&amp;auml;ntningar p&amp;aring; kunskap blev tillgodosedda. Resultaten kan bidra till utveckling av patientutbildning och v&amp;aring;rd utifr&amp;aring;n patientens personliga behov.&amp;nbsp;&lt;\/p&gt;&lt;br&gt;&lt;br&gt;\"\n            data-category=\"Sjuksk\u00f6terska,Undersk\u00f6terska,Arbetsterapeut,Fysioterapeut\"\n            data-category-ids=\"48,50,53,54\"\n            data-span-all=\"\"\n                          style=\"background-color: #36acf1; color: white;\"\n                      >\n\n            <div class=\"event_content\">\n              <div class=\"title\">\n                                <span>Patientutbildning och \u00e5terh\u00e4mtning efter elektiv h\u00f6ft-\/kn\u00e4protesoperation - \u00c5sa Johansson Stark<\/span>\n              <\/div>\n              <div class=\"span_room\"><span><\/span><\/div>\n              <div class=\"time\">\n                <span>\n                  15:45-16:35                <\/span><\/div>\n\n              <div class=\"lecturer\"><span>Elinor Andersson<\/span><\/div>\n            <\/div>\n\n\n                                <div style=\"background-color:#36acf1; position: absolute !important ; height: 4px !important; left: 4px; right: 4px; bottom : 2px !important;  border\"><\/div>\n            \n          <\/div>\n\n      \n          <div class=\"event event-extra\"\n            data-id=\"fccb758d-d186-4136-8da9-b81ecce220e6\"\n            data-project=\"a44f2645-f465-4d20-9d12-e82cf6d97f2d\"\n            data-title=\"Gipsteknik - Per Flink\"\n            data-abs-nbr=\"\"\n            data-ystart=\"15.75\"\n            data-yend=\"16.75\"\n            data-time=\"15:45-16:45\"\n            data-room=\"6\"\n            data-room-id=\"8d4e3eca-bf06-4071-a254-2a1e33b1a8fd\"\n            data-room-name=\"Vingen 3+4\"\n            data-day=\"1\"\n            data-abs-path=\"\"\n            data-speaker=\"Per Flink; Paul Ipsen; Magnus Andersson\"\n            data-speakercell=\"Per Flink; Paul Ipsen; Magnus Andersson\"\n            data-info=\"&lt;p&gt;Sedan vi &amp;aring;teruppr&amp;auml;ttat en Nordisk gipsteknikerutbildning vid Lunds Universitet p&amp;aring; 22,5 h&amp;ouml;gskolepo&amp;auml;ng har intresset och kvalit&amp;eacute;n inom gipsteknik &amp;ouml;kat.&amp;nbsp;&amp;nbsp;&lt;\/p&gt;\n&lt;p&gt;Utbildningen och dess nyp&amp;aring;funna intresse f&amp;ouml;r gipstekniken, icke minst p&amp;aring; v&amp;aring;ra akutmottagningar, &amp;nbsp;leder till kvalitetss&amp;auml;kring av gipsning.&lt;\/p&gt;\n&lt;p&gt;Anv&amp;auml;ndning av hj&amp;auml;lpmedel &amp;nbsp;kommer att presenteras och s&amp;auml;ttas in i sitt r&amp;auml;tta sammanhang.&lt;\/p&gt;\n&lt;p&gt;F&amp;ouml;rel&amp;auml;sningen &amp;auml;r en obligatorisk del i kursen &quot;Basal gipsteknik.&quot;&lt;\/p&gt;\n&lt;p&gt;Inom behandling av diabetesfots&amp;aring;r anses avlastande gips vara GoldenStandard.&lt;\/p&gt;\n&lt;p&gt;Studie ang&amp;aring;ende behandling med TCC (Total contact cast) presenteras .&lt;\/p&gt;\n&lt;p&gt;Denna studie ledde till en uppf&amp;ouml;ljning med ett gipsv&amp;auml;gledningsprogramf&amp;ouml;r att kunna v&amp;auml;lja r&amp;auml;tt typ av gips vid r&amp;auml;tt tillf&amp;auml;lle anpassade till de olikafots&amp;aring;rens bel&amp;auml;genhet och utseende&lt;\/p&gt;&lt;br&gt;&lt;br&gt;\"\n            data-category=\"Gipstekniker,Undersk\u00f6terska,Sjuksk\u00f6terska,L\u00e4kare\"\n            data-category-ids=\"51,50,48,47\"\n            data-span-all=\"\"\n                          style=\"background-color: #9722ac; color: white;\"\n                      >\n\n            <div class=\"event_content\">\n              <div class=\"title\">\n                                <span>Gipsteknik - Per Flink<\/span>\n              <\/div>\n              <div class=\"span_room\"><span><\/span><\/div>\n              <div class=\"time\">\n                <span>\n                  15:45-16:45                <\/span><\/div>\n\n              \n            <\/div>\n\n\n                                <div style=\"background-color:#9722ac; position: absolute !important ; height: 4px !important; left: 4px; right: 4px; bottom : 2px !important;  border\"><\/div>\n            \n          <\/div>\n\n      \n          <div class=\"event event-extra\"\n            data-id=\"ec3da8df-e9f0-44b0-baa4-f1f6be9ba66a\"\n            data-project=\"a44f2645-f465-4d20-9d12-e82cf6d97f2d\"\n            data-title=\"R\u00e4tt kod, har det n\u00e5gon betydelse?\"\n            data-abs-nbr=\"\"\n            data-ystart=\"15.75\"\n            data-yend=\"16.5\"\n            data-time=\"15:45-16:30\"\n            data-room=\"9\"\n            data-room-id=\"8d4e3f03-823f-4178-82f7-5d246c0bd647\"\n            data-room-name=\"Vingen 6+7\"\n            data-day=\"1\"\n            data-abs-path=\"\"\n            data-speaker=\"Lena Granberg; Kerstin Jonsson; Lilian Kikuchi\"\n            data-speakercell=\"Lena Granberg; Kerstin Jonsson; Lilian Kikuchi\"\n            data-info=\"&lt;b&gt;Moderator: &lt;\/b&gt;Brigitte Hauer Bj\u00f6rkman&lt;br&gt;&lt;br&gt;&lt;table&gt;\n&lt;tbody&gt;\n&lt;tr&gt;\n&lt;td&gt;\n&lt;table&gt;\n&lt;tbody&gt;\n&lt;tr&gt;\n&lt;td&gt;S&amp;aring; h&amp;auml;r g&amp;ouml;r vi i &amp;Ouml;sterg&amp;ouml;tland.&amp;nbsp;&lt;br \/&gt;&lt;br \/&gt;Vi jobbar f&amp;ouml;r att ha bra kvalitet i grunddata genom att skapa f&amp;ouml;ruts&amp;auml;ttningar f&amp;ouml;r f&amp;ouml;ljsamhet till nationella riktlinjer ang&amp;aring;ende diagnos- och &amp;aring;tg&amp;auml;rdskodning och f&amp;ouml;r att skapa enhetlig kodning inom Region &amp;Ouml;sterg&amp;ouml;tland.&lt;br \/&gt;&lt;br \/&gt;Chefl&amp;auml;kare Kerstin Jonsson, verksamhetsutvecklare Lena Granberg och Lilian Kikuchi fr&amp;aring;n enheten Sjukdomsklassifikation i &amp;Ouml;sterg&amp;ouml;tland med uppdrag att kvalitetss&amp;auml;kra diagnoss&amp;auml;ttning\/kodning i Region &amp;Ouml;sterg&amp;ouml;tland.&lt;\/td&gt;\n&lt;\/tr&gt;\n&lt;\/tbody&gt;\n&lt;\/table&gt;\n&lt;\/td&gt;\n&lt;\/tr&gt;\n&lt;\/tbody&gt;\n&lt;\/table&gt;&lt;br&gt;&lt;br&gt;\"\n            data-category=\"V\u00e5rdadministrat\u00f6r\"\n            data-category-ids=\"52\"\n            data-span-all=\"\"\n                          style=\"background-color: #b3c03d; color: white;\"\n                      >\n\n            <div class=\"event_content\">\n              <div class=\"title\">\n                                <span>R\u00e4tt kod, har det n\u00e5gon betydelse?<\/span>\n              <\/div>\n              <div class=\"span_room\"><span><\/span><\/div>\n              <div class=\"time\">\n                <span>\n                  15:45-16:30                <\/span><\/div>\n\n              <div class=\"lecturer\"><span>Brigitte Hauer Bj\u00f6rkman<\/span><\/div>\n            <\/div>\n\n\n                                <div style=\"background-color:#b3c03d; position: absolute !important ; height: 4px !important; left: 4px; right: 4px; bottom : 2px !important;  border\"><\/div>\n            \n          <\/div>\n\n      \n          <div class=\"event event-extra\"\n            data-id=\"a9a437ed-0b5c-498f-a420-6f24c1cd226e\"\n            data-project=\"a44f2645-f465-4d20-9d12-e82cf6d97f2d\"\n            data-title=\"Fria F\u00f6redrag II\"\n            data-abs-nbr=\"\"\n            data-ystart=\"15.75\"\n            data-yend=\"16.75\"\n            data-time=\"15:45-16:45\"\n            data-room=\"10\"\n            data-room-id=\"8d4e3f20-50f4-4f2e-9fe7-20d3f379e9fc\"\n            data-room-name=\"Vingen 8\"\n            data-day=\"1\"\n            data-abs-path=\"\"\n            data-speaker=\"\"\n            data-speakercell=\"\"\n            data-info=\"&lt;b&gt;Moderator: &lt;\/b&gt;Roger Skogman&lt;br&gt;&lt;br&gt;15:45-15:57: Obesity paradox holds true for hip fracture patients\u2013 a Swedish register based cohort study&lt;br&gt;&lt;small&gt;Karin Modig&lt;\/small&gt;&lt;br&gt;&lt;small&gt;&lt;a href='https:\/\/aic-atlas.s3.eu-north-1.amazonaws.com\/projects\/a44f2645-f465-4d20-9d12-e82cf6d97f2d\/documents\/VJqQjimXwMO32CSIebfVaEUvvvwvdnt3gy7kLxPo.html' target='_blank'&gt;Show abstract&lt;\/a&gt;&lt;\/small&gt;&lt;br&gt;&lt;br\/&gt;15:57-16:09: Posterior and ventral tilt increases the risk of failure after internal fixation of Garden 1 and 2 femoral neck fractures&lt;br&gt;&lt;small&gt;Pontus Sj\u00f6holm&lt;\/small&gt;&lt;br&gt;&lt;small&gt;&lt;a href='https:\/\/aic-atlas.s3.eu-north-1.amazonaws.com\/projects\/a44f2645-f465-4d20-9d12-e82cf6d97f2d\/documents\/SMJPB7OUkaGoGY6lzbgO95teHXeOj9tnOxVP8cuV.html' target='_blank'&gt;Show abstract&lt;\/a&gt;&lt;\/small&gt;&lt;br&gt;&lt;br\/&gt;16:09-16:21: No difference in reoperation risk between dual mobility cups and conventional total hip arthroplasty in patients with hip fracture.  A study from the Swedish Hip Arthroplasty Register.&lt;br&gt;&lt;small&gt;Cecilia Rogmark&lt;\/small&gt;&lt;br&gt;&lt;small&gt;&lt;a href='https:\/\/aic-atlas.s3.eu-north-1.amazonaws.com\/projects\/a44f2645-f465-4d20-9d12-e82cf6d97f2d\/documents\/YYhILE7C75CORmbgK0COnad23BY5L2nAeUaP5Cau.html' target='_blank'&gt;Show abstract&lt;\/a&gt;&lt;\/small&gt;&lt;br&gt;&lt;br\/&gt;16:21-16:33: Cephalomedullary nails decrease reoperation rates in femoral shaft fractures&lt;br&gt;&lt;small&gt;Hans Peter B\u00f6gl&lt;\/small&gt;&lt;br&gt;&lt;small&gt;&lt;a href='https:\/\/aic-atlas.s3.eu-north-1.amazonaws.com\/projects\/a44f2645-f465-4d20-9d12-e82cf6d97f2d\/documents\/sgfKCahXAk68XEg2ft5kaEQedTfsweuFQyqIDjHj.html' target='_blank'&gt;Show abstract&lt;\/a&gt;&lt;\/small&gt;&lt;br&gt;&lt;br\/&gt;16:33-16:45: Open tibia fractures in the Swedish Fracture Register&lt;br&gt;&lt;small&gt;Kim (Kristina) Johnson&lt;\/small&gt;&lt;br&gt;&lt;small&gt;&lt;a href='https:\/\/aic-atlas.s3.eu-north-1.amazonaws.com\/projects\/a44f2645-f465-4d20-9d12-e82cf6d97f2d\/documents\/0p7W8OWKaoyYFcEl8Wufq1qzNjSUZ7sjAfiEukrG.html' target='_blank'&gt;Show abstract&lt;\/a&gt;&lt;\/small&gt;\"\n            data-category=\"Arbetsterapeut,Fysioterapeut,L\u00e4kare,Gipstekniker,Operationssk\u00f6terska,Sjuksk\u00f6terska,Undersk\u00f6terska,V\u00e5rdadministrat\u00f6r\"\n            data-category-ids=\"53,54,47,51,49,48,50,52\"\n            data-span-all=\"\"\n                          style=\"background-color: #4354b1; color: white;\"\n                      >\n\n            <div class=\"event_content\">\n              <div class=\"title\">\n                                <span>Fria F\u00f6redrag II<\/span>\n              <\/div>\n              <div class=\"span_room\"><span><\/span><\/div>\n              <div class=\"time\">\n                <span>\n                  15:45-16:45                <\/span><\/div>\n\n              <div class=\"lecturer\"><span>Roger Skogman<\/span><\/div>\n            <\/div>\n\n\n                                <div style=\"background-color:#4354b1; position: absolute !important ; height: 4px !important; left: 4px; right: 4px; bottom : 2px !important;  border\"><\/div>\n            \n          <\/div>\n\n      \n          <div class=\"event event-extra\"\n            data-id=\"c7726a44-6878-4a10-a382-074117aae619\"\n            data-project=\"a44f2645-f465-4d20-9d12-e82cf6d97f2d\"\n            data-title=\"Den &quot;enkla&quot; handkirurgin - varf\u00f6r blev det inte bra?\"\n            data-abs-nbr=\"\"\n            data-ystart=\"16.25\"\n            data-yend=\"16.75\"\n            data-time=\"16:15-16:45\"\n            data-room=\"1\"\n            data-room-id=\"8d4e3e47-b348-40db-af90-fc05f2c56604\"\n            data-room-name=\"Flygeln\"\n            data-day=\"1\"\n            data-abs-path=\"\"\n            data-speaker=\"G\u00f6ran Nylander\"\n            data-speakercell=\"G\u00f6ran Nylander\"\n            data-info=\"&lt;table&gt;\n&lt;tbody&gt;\n&lt;tr&gt;\n&lt;td&gt;\n&lt;table&gt;\n&lt;tbody&gt;\n&lt;tr&gt;\n&lt;td&gt;\n&lt;p&gt;Den ortopediska handkirurgin kallas ibland enkel och utf&amp;ouml;rs ofta av ST-l&amp;auml;kare tidigt i karri&amp;auml;ren, men n&amp;auml;r resultatet av kirurgi inte blir som f&amp;ouml;rv&amp;auml;ntat &amp;auml;r l&amp;ouml;sningen inte alltid enkel.&lt;\/p&gt;\n&lt;p&gt;F&amp;ouml;rel&amp;auml;sningen bygger p&amp;aring; 40 &amp;aring;rs erfarenhet av handkirurgi och syftar till att belysa fallgropar g&amp;auml;llande b&amp;aring;de patienturval och operationsteknik samt att bidra med unders&amp;ouml;knings- och operationstekniska tips inom den elektiva och akuta ortopediska handkirurgin.&lt;\/p&gt;\n&lt;\/td&gt;\n&lt;\/tr&gt;\n&lt;\/tbody&gt;\n&lt;\/table&gt;\n&lt;\/td&gt;\n&lt;\/tr&gt;\n&lt;\/tbody&gt;\n&lt;\/table&gt;&lt;br&gt;&lt;br&gt;\"\n            data-category=\"L\u00e4kare\"\n            data-category-ids=\"47\"\n            data-span-all=\"\"\n                          style=\"background-color: #eb303a; color: white;\"\n                      >\n\n            <div class=\"event_content\">\n              <div class=\"title\">\n                                <span>Den \"enkla\" handkirurgin - varf\u00f6r blev det inte bra?<\/span>\n              <\/div>\n              <div class=\"span_room\"><span><\/span><\/div>\n              <div class=\"time\">\n                <span>\n                  16:15-16:45                <\/span><\/div>\n\n              \n            <\/div>\n\n\n                                <div style=\"background-color:#eb303a; position: absolute !important ; height: 4px !important; left: 4px; right: 4px; bottom : 2px !important;  border\"><\/div>\n            \n          <\/div>\n\n      \n          <div class=\"event event-extra\"\n            data-id=\"e5731ab1-8ca1-407e-95e4-946a77b05305\"\n            data-project=\"a44f2645-f465-4d20-9d12-e82cf6d97f2d\"\n            data-title=\"Frakturregistret- Styrgruppsm\u00f6te\"\n            data-abs-nbr=\"\"\n            data-ystart=\"17.5\"\n            data-yend=\"19\"\n            data-time=\"17:30-19:00\"\n            data-room=\"10\"\n            data-room-id=\"8d4e3f20-50f4-4f2e-9fe7-20d3f379e9fc\"\n            data-room-name=\"Vingen 8\"\n            data-day=\"1\"\n            data-abs-path=\"\"\n            data-speaker=\"\"\n            data-speakercell=\"\"\n            data-info=\"&lt;p&gt;Frakturregistret- Styrgruppsm&amp;ouml;te.&lt;\/p&gt;\n&lt;p&gt;Endast inbjudna deltagare.&lt;\/p&gt;&lt;br&gt;&lt;br&gt;\"\n            data-category=\"\"\n            data-category-ids=\"\"\n            data-span-all=\"\"\n                          style=\"background-color: #347694;; color: white;\"\n                      >\n\n            <div class=\"event_content\">\n              <div class=\"title\">\n                                <span>Frakturregistret- Styrgruppsm\u00f6te<\/span>\n              <\/div>\n              <div class=\"span_room\"><span><\/span><\/div>\n              <div class=\"time\">\n                <span>\n                  17:30-19:00                <\/span><\/div>\n\n              \n            <\/div>\n\n\n            \n          <\/div>\n\n      \n          <div class=\"event event-extra\"\n            data-id=\"c39b620a-cf61-4912-9470-2f118ba58bdc\"\n            data-project=\"a44f2645-f465-4d20-9d12-e82cf6d97f2d\"\n            data-title=\"Keynote - Leo Whiteside\"\n            data-abs-nbr=\"\"\n            data-ystart=\"8\"\n            data-yend=\"8.6666666666667\"\n            data-time=\"08:00-08:40\"\n            data-room=\"0\"\n            data-room-id=\"8d4e3dd9-ce4c-4323-b414-2740c00d9454\"\n            data-room-name=\"De Geerhallen\"\n            data-day=\"2\"\n            data-abs-path=\"\"\n            data-speaker=\"Leo Whiteside\"\n            data-speakercell=\"Leo Whiteside\"\n            data-info=\"&lt;b&gt;Moderator: &lt;\/b&gt;Helene Andersson Molina&lt;br&gt;&lt;br&gt;&lt;p&gt;Dr Whiteside har under sin karri&amp;auml;r utvecklat modern proteskirurgi och bland annat tagit fram 3 kn&amp;auml;protessystem, 2 uni dito, 3 h&amp;ouml;ftprotessystem samt ett antal olika kirurgiska instrument. Mest k&amp;auml;nd f&amp;ouml;r oss &amp;auml;r han kanske &amp;auml;nd&amp;aring; f&amp;ouml;r sin kunskap om ligamentbalansering och vikten av att ge kn&amp;auml;protespatienter ett biomekaniskt v&amp;auml;lfungerande kn&amp;auml;. M&amp;aring;nga av oss har nog hans bok om ligamentbalansering p&amp;aring; hyllan, och l&amp;auml;ser dessutom i den.&lt;\/p&gt;\n&lt;p&gt;Han kommer under sin keynote f&amp;ouml;re-l&amp;auml;sning ber&amp;auml;tta om proteskirurgin, dess utveckling och f&amp;ouml;r&amp;auml;ndringar under en l&amp;aring;ng, innovativ och gedigen yrkeskarri&amp;auml;r och vilka utmaningar han ser framf&amp;ouml;r sig.&lt;\/p&gt;\n&lt;p&gt;&amp;nbsp;&lt;\/p&gt;\n&lt;p&gt;Symposiet h&amp;aring;lls p&amp;aring; Engelska.&lt;\/p&gt;&lt;br&gt;&lt;br&gt;\"\n            data-category=\"L\u00e4kare,Arbetsterapeut,Gipstekniker,Fysioterapeut,Operationssk\u00f6terska,Sjuksk\u00f6terska,Undersk\u00f6terska,V\u00e5rdadministrat\u00f6r\"\n            data-category-ids=\"47,53,51,54,49,48,50,52\"\n            data-span-all=\"\"\n                          style=\"background-color: #eb303a; color: white;\"\n                      >\n\n            <div class=\"event_content\">\n              <div class=\"title\">\n                                <span>Keynote - Leo Whiteside<\/span>\n              <\/div>\n              <div class=\"span_room\"><span><\/span><\/div>\n              <div class=\"time\">\n                <span>\n                  08:00-08:40                <\/span><\/div>\n\n              <div class=\"lecturer\"><span>Helene Andersson Molina<\/span><\/div>\n            <\/div>\n\n\n                                <div style=\"background-color:#eb303a; position: absolute !important ; height: 4px !important; left: 4px; right: 4px; bottom : 2px !important;  border\"><\/div>\n            \n          <\/div>\n\n      \n          <div class=\"event event-extra\"\n            data-id=\"c1af04c0-db27-42f9-9459-31544ed6ce47\"\n            data-project=\"a44f2645-f465-4d20-9d12-e82cf6d97f2d\"\n            data-title=\"24 \u00e5rs erfarenheter med IVA-dagb\u00f6cker, fr\u00e5n ett lokalt projekt till internationellt arbetss\u00e4tt - Carl B\u00e4ckman\"\n            data-abs-nbr=\"\"\n            data-ystart=\"8\"\n            data-yend=\"8.6666666666667\"\n            data-time=\"08:00-08:40\"\n            data-room=\"6\"\n            data-room-id=\"8d4e3eca-bf06-4071-a254-2a1e33b1a8fd\"\n            data-room-name=\"Vingen 3+4\"\n            data-day=\"2\"\n            data-abs-path=\"\"\n            data-speaker=\"Carl B\u00e4ckman\"\n            data-speakercell=\"Carl B\u00e4ckman\"\n            data-info=\"&lt;b&gt;Moderatorer: &lt;\/b&gt;Gerd \u00d6stling; Elinor Nielsen&lt;br&gt;&lt;br&gt;&lt;table&gt;\n&lt;tbody&gt;\n&lt;tr&gt;\n&lt;td&gt;\n&lt;p&gt;1995 startades projektet IVA-dagb&amp;ouml;cker p&amp;aring; Vrinnevisjukhuset, ett s&amp;auml;tt att beskriva patienters resa under IVA-tiden. Personal tillsammans med n&amp;auml;rst&amp;aring;ende dokumenterar sv&amp;aring;rt sjuka patienters vardag p&amp;aring; IVA med text och bild.&amp;nbsp;&lt;br \/&gt;P&amp;aring; Vrinnevisjukhuset var man&amp;nbsp;f&amp;ouml;rst i v&amp;auml;rlden med att p&amp;aring; detta s&amp;auml;tt beskriva patientens resa under IVA-tiden. Hur har detta arbete utvecklats genom &amp;aring;ren?&lt;\/p&gt;\n&lt;p&gt;&lt;br \/&gt;2011 doktorerade Carl B&amp;auml;ckman i &amp;auml;mnet IVA-dagb&amp;ouml;cker och uppf&amp;ouml;ljningssamtal.&lt;br \/&gt;Han kommer att ber&amp;auml;tta om projektet och kommer att visa foton och texter fr&amp;aring;n IVA-dagb&amp;ouml;cker samt resultat fr&amp;aring;n studierna som ing&amp;aring;r i avhandlingen:&amp;nbsp;&lt;br \/&gt;&quot;The photo-diary and follow-up appointment on the ICU: Giving back the time to patients and relatives: A descriptive and interventional study&quot;.&lt;\/p&gt;\n&lt;\/td&gt;\n&lt;\/tr&gt;\n&lt;\/tbody&gt;\n&lt;\/table&gt;&lt;br&gt;&lt;br&gt;\"\n            data-category=\"Operationssk\u00f6terska,Sjuksk\u00f6terska,Undersk\u00f6terska,L\u00e4kare,Arbetsterapeut\"\n            data-category-ids=\"49,48,50,47,53\"\n            data-span-all=\"\"\n                          style=\"background-color: #299787; color: white;\"\n                      >\n\n            <div class=\"event_content\">\n              <div class=\"title\">\n                                <span>24 \u00e5rs erfarenheter med IVA-dagb\u00f6cker, fr\u00e5n ett lokalt projekt till internationellt arbetss\u00e4tt - Carl B\u00e4ckman<\/span>\n              <\/div>\n              <div class=\"span_room\"><span><\/span><\/div>\n              <div class=\"time\">\n                <span>\n                  08:00-08:40                <\/span><\/div>\n\n              <div class=\"lecturer\"><span>Gerd \u00d6stling; Elinor Nielsen<\/span><\/div>\n            <\/div>\n\n\n                                <div style=\"background-color:#299787; position: absolute !important ; height: 4px !important; left: 4px; right: 4px; bottom : 2px !important;  border\"><\/div>\n            \n          <\/div>\n\n      \n          <div class=\"event event-extra\"\n            data-id=\"116eb296-371d-4192-a539-4b38b7bb4320\"\n            data-project=\"a44f2645-f465-4d20-9d12-e82cf6d97f2d\"\n            data-title=\"Artrosskola f\u00f6r unga\"\n            data-abs-nbr=\"\"\n            data-ystart=\"8\"\n            data-yend=\"9.5\"\n            data-time=\"08:00-09:30\"\n            data-room=\"9\"\n            data-room-id=\"8d4e3f03-823f-4178-82f7-5d246c0bd647\"\n            data-room-name=\"Vingen 6+7\"\n            data-day=\"2\"\n            data-abs-path=\"\"\n            data-speaker=\"\"\n            data-speakercell=\"\"\n            data-info=\"&lt;b&gt;Moderator: &lt;\/b&gt;Torkel Engstr\u00f6m&lt;br&gt;&lt;br&gt;&lt;table&gt;\n&lt;tbody&gt;\n&lt;tr&gt;\n&lt;td&gt;\n&lt;table&gt;\n&lt;tbody&gt;\n&lt;tr&gt;\n&lt;td&gt;\n&lt;p&gt;Artrosskola &amp;auml;r idag ett etablerat koncept f&amp;ouml;r att f&amp;ouml;lja Socialstyrelsen riktlinjer kring grundbehandling f&amp;ouml;r h&amp;ouml;ft- och kn&amp;auml;artros. Behandlingen bygger p&amp;aring; &amp;ouml;kad teoretisk kunskap i &amp;auml;mnet samt individuellt anpassad tr&amp;auml;ning.&lt;\/p&gt;\n&lt;p&gt;Artros &amp;auml;r ett symtomgivande stadium av l&amp;aring;ngsamt fortskridande ledf&amp;ouml;r&amp;auml;ndringar med broskf&amp;ouml;rlust och nybildning av ben vid ledkanterna. Sm&amp;auml;rta och nedsatt funktion &amp;auml;r vanligt, men sambandet mellan grad av ledf&amp;ouml;r&amp;auml;ndringar och symtom &amp;auml;r svagt.&lt;\/p&gt;\n&lt;p&gt;Behandlingen inriktas p&amp;aring; att lindra sm&amp;auml;rtan och f&amp;ouml;rb&amp;auml;ttra funktionen. M&amp;aring;nga yngre patienter med tidiga artrosrelaterade besv&amp;auml;r s&amp;ouml;ker idag sjukv&amp;aring;rd utan att erbjudas behandling enligt Socialstyrelsens riktlinjer.&lt;\/p&gt;\n&lt;p&gt;Syftet med symposiet &amp;auml;r att ber&amp;ouml;ra &amp;auml;mnet hur vi behandlar dessa patienter p&amp;aring; b&amp;auml;st s&amp;auml;tt utifr&amp;aring;n evidensbaserad forskning f&amp;ouml;r att kunna v&amp;auml;lja en adekvat behandling och m&amp;aring;ls&amp;auml;ttning f&amp;ouml;r patienten.&lt;\/p&gt;\n&lt;\/td&gt;\n&lt;\/tr&gt;\n&lt;\/tbody&gt;\n&lt;\/table&gt;\n&lt;\/td&gt;\n&lt;\/tr&gt;\n&lt;\/tbody&gt;\n&lt;\/table&gt;&lt;br&gt;&lt;br&gt;08:00-08:30: Artrosskola, hj\u00e4lper det? - \u00c5ldersstratifierade resultat&lt;br&gt;&lt;small&gt;Therese J\u00f6nsson&lt;\/small&gt;&lt;br&gt;&lt;br\/&gt;08:30-09:00: Vilka \u00e4r de unga artrospatienterna?  \u00c4r de hj\u00e4lpta av artroskopier\/artroplastiker?&lt;br&gt;&lt;small&gt;Leif Dahlberg&lt;\/small&gt;&lt;br&gt;&lt;br\/&gt;09:00-09:30: Hur ser BOA-registret ut fram\u00f6ver?&lt;br&gt;&lt;small&gt;Gunilla Limb\u00e4ck Svensson&lt;\/small&gt;\"\n            data-category=\"L\u00e4kare,Fysioterapeut,Arbetsterapeut\"\n            data-category-ids=\"47,54,53\"\n            data-span-all=\"\"\n                          style=\"background-color: #eb303a; color: white;\"\n                      >\n\n            <div class=\"event_content\">\n              <div class=\"title\">\n                                <span>Artrosskola f\u00f6r unga<\/span>\n              <\/div>\n              <div class=\"span_room\"><span><\/span><\/div>\n              <div class=\"time\">\n                <span>\n                  08:00-09:30                <\/span><\/div>\n\n              <div class=\"lecturer\"><span>Torkel Engstr\u00f6m<\/span><\/div>\n            <\/div>\n\n\n                                <div style=\"background-color:#eb303a; position: absolute !important ; height: 4px !important; left: 4px; right: 4px; bottom : 2px !important;  border\"><\/div>\n            \n          <\/div>\n\n      \n          <div class=\"event event-extra\"\n            data-id=\"22a82555-c1fd-4811-a9d4-4d9f47a48970\"\n            data-project=\"a44f2645-f465-4d20-9d12-e82cf6d97f2d\"\n            data-title=\"R\u00e4tt patient, i r\u00e4tt tid, p\u00e5 r\u00e4tt s\u00e4tt och p\u00e5 r\u00e4tt plats, men sen d\u00e5? - Ida K\u00e5hlin\"\n            data-abs-nbr=\"\"\n            data-ystart=\"8\"\n            data-yend=\"8.6666666666667\"\n            data-time=\"08:00-08:40\"\n            data-room=\"10\"\n            data-room-id=\"8d4e3f20-50f4-4f2e-9fe7-20d3f379e9fc\"\n            data-room-name=\"Vingen 8\"\n            data-day=\"2\"\n            data-abs-path=\"\"\n            data-speaker=\"Ida K\u00e5hlin\"\n            data-speakercell=\"Ida K\u00e5hlin\"\n            data-info=\"&lt;b&gt;Moderator: &lt;\/b&gt;Sarah Nyman&lt;br&gt;&lt;br&gt;&lt;table&gt;\n&lt;tbody&gt;\n&lt;tr&gt;\n&lt;td&gt;\n&lt;p&gt;Under denna rubrik kommer Ida K&amp;aring;hlin reflektera &amp;ouml;ver hur &amp;ouml;verg&amp;aring;ngen mot en alltmer personcentrerad och digitaliserad h&amp;auml;lso- och sjukv&amp;aring;rd kan st&amp;ouml;dja &amp;rdquo;r&amp;auml;tt&amp;rdquo; h&amp;auml;lso- och sjukv&amp;aring;rd och d&amp;auml;rmed bidra till en mer j&amp;auml;mlik h&amp;auml;lsa som st&amp;ouml;djer en h&amp;aring;llbar samh&amp;auml;llsutveckling.&lt;\/p&gt;\n&lt;p&gt;Ida kommer ocks&amp;aring; diskutera betydelsen av att vi i framtidens h&amp;auml;lso- och sjukv&amp;aring;rd m&amp;aring;ste ha ett tydligare f&amp;ouml;rebyggande och h&amp;auml;lsofr&amp;auml;mjande f&amp;ouml;rh&amp;aring;llningss&amp;auml;tt&lt;\/p&gt;\n&lt;\/td&gt;\n&lt;\/tr&gt;\n&lt;\/tbody&gt;\n&lt;\/table&gt;&lt;br&gt;&lt;br&gt;\"\n            data-category=\"Arbetsterapeut,Fysioterapeut,L\u00e4kare,Sjuksk\u00f6terska,Undersk\u00f6terska\"\n            data-category-ids=\"53,54,47,48,50\"\n            data-span-all=\"\"\n                          style=\"background-color: #4354b1; color: white;\"\n                      >\n\n            <div class=\"event_content\">\n              <div class=\"title\">\n                                <span>R\u00e4tt patient, i r\u00e4tt tid, p\u00e5 r\u00e4tt s\u00e4tt och p\u00e5 r\u00e4tt plats, men sen d\u00e5? - Ida K\u00e5hlin<\/span>\n              <\/div>\n              <div class=\"span_room\"><span><\/span><\/div>\n              <div class=\"time\">\n                <span>\n                  08:00-08:40                <\/span><\/div>\n\n              <div class=\"lecturer\"><span>Sarah Nyman<\/span><\/div>\n            <\/div>\n\n\n                                <div style=\"background-color:#4354b1; position: absolute !important ; height: 4px !important; left: 4px; right: 4px; bottom : 2px !important;  border\"><\/div>\n            \n          <\/div>\n\n      \n          <div class=\"event event-extra\"\n            data-id=\"3a277db3-751a-4ede-ad2b-3d3aff7e7498\"\n            data-project=\"a44f2645-f465-4d20-9d12-e82cf6d97f2d\"\n            data-title=\"Sm\u00e4rta och sm\u00e4rtbehandling f\u00f6r den ortopediska patienten - Mia Berg\"\n            data-abs-nbr=\"\"\n            data-ystart=\"8.6666666666667\"\n            data-yend=\"9.6666666666667\"\n            data-time=\"08:40-09:40\"\n            data-room=\"6\"\n            data-room-id=\"8d4e3eca-bf06-4071-a254-2a1e33b1a8fd\"\n            data-room-name=\"Vingen 3+4\"\n            data-day=\"2\"\n            data-abs-path=\"\"\n            data-speaker=\"Mia Berg\"\n            data-speakercell=\"Mia Berg\"\n            data-info=\"&lt;b&gt;Moderatorer: &lt;\/b&gt;Eva Alpeus; Maria T\u00f6rnborg&lt;br&gt;&lt;br&gt;&lt;table&gt;\n&lt;tbody&gt;\n&lt;tr&gt;\n&lt;td&gt;F&amp;ouml;rel&amp;auml;sningen kommer att handla om sm&amp;auml;rtskattning, sm&amp;auml;rtfysiologi samt behandling (farmaka\/icke farmaka) med koppling till patientfall.&lt;\/td&gt;\n&lt;\/tr&gt;\n&lt;\/tbody&gt;\n&lt;\/table&gt;&lt;br&gt;&lt;br&gt;\"\n            data-category=\"Sjuksk\u00f6terska,Operationssk\u00f6terska,L\u00e4kare,Undersk\u00f6terska,Arbetsterapeut\"\n            data-category-ids=\"48,49,47,50,53\"\n            data-span-all=\"\"\n                          style=\"background-color: #36acf1; color: white;\"\n                      >\n\n            <div class=\"event_content\">\n              <div class=\"title\">\n                                <span>Sm\u00e4rta och sm\u00e4rtbehandling f\u00f6r den ortopediska patienten - Mia Berg<\/span>\n              <\/div>\n              <div class=\"span_room\"><span><\/span><\/div>\n              <div class=\"time\">\n                <span>\n                  08:40-09:40                <\/span><\/div>\n\n              <div class=\"lecturer\"><span>Eva Alpeus; Maria T\u00f6rnborg<\/span><\/div>\n            <\/div>\n\n\n                                <div style=\"background-color:#36acf1; position: absolute !important ; height: 4px !important; left: 4px; right: 4px; bottom : 2px !important;  border\"><\/div>\n            \n          <\/div>\n\n      \n          <div class=\"event event-extra\"\n            data-id=\"650f615f-69c2-4a18-bc7b-537f3cf70d2f\"\n            data-project=\"a44f2645-f465-4d20-9d12-e82cf6d97f2d\"\n            data-title=\"Fria f\u00f6redrag III\"\n            data-abs-nbr=\"\"\n            data-ystart=\"8.8333333333333\"\n            data-yend=\"9.75\"\n            data-time=\"08:50-09:45\"\n            data-room=\"2\"\n            data-room-id=\"8d4e3eae-ee44-4f61-99bc-620941ba8aab\"\n            data-room-name=\"Hemerycksalen\"\n            data-day=\"2\"\n            data-abs-path=\"\"\n            data-speaker=\"\"\n            data-speakercell=\"\"\n            data-info=\"&lt;b&gt;Moderator: &lt;\/b&gt;Jonas Werner&lt;br&gt;&lt;br&gt;08:50-09:01: A Qualitative Study on the Surgeon Experience During the Treatment of  Prosthetic Joint Infections&lt;br&gt;&lt;small&gt;Karin Svensson&lt;\/small&gt;&lt;br&gt;&lt;small&gt;&lt;a href='https:\/\/aic-atlas.s3.eu-north-1.amazonaws.com\/projects\/a44f2645-f465-4d20-9d12-e82cf6d97f2d\/documents\/VwJsQhXioAogupcmNYDzDc6rkFfZ6xjOIhHmcx3H.html' target='_blank'&gt;Show abstract&lt;\/a&gt;&lt;\/small&gt;&lt;br&gt;&lt;br\/&gt;09:01-09:12: Low dose CT based implant motion analysis is a precise tool for early migration measurements in hip prosthesis: a clinical study of 24 patients&lt;br&gt;&lt;small&gt;Cyrus Broden&lt;\/small&gt;&lt;br&gt;&lt;small&gt;&lt;a href='https:\/\/aic-atlas.s3.eu-north-1.amazonaws.com\/projects\/a44f2645-f465-4d20-9d12-e82cf6d97f2d\/documents\/xJwTAlTqT1MvryAJm8UhLqPTHJ5FwP6JJXI9cjxF.html' target='_blank'&gt;Show abstract&lt;\/a&gt;&lt;\/small&gt;&lt;br&gt;&lt;br\/&gt;09:12-09:23: Occult hip prosthetic loosening diagnosed by [18F]fluoride-PET\/CT.&lt;br&gt;&lt;small&gt;G\u00f6sta Ullmark&lt;\/small&gt;&lt;br&gt;&lt;small&gt;&lt;a href='https:\/\/aic-atlas.s3.eu-north-1.amazonaws.com\/projects\/a44f2645-f465-4d20-9d12-e82cf6d97f2d\/documents\/Zff6GBlB0MzsMJquZqxnSgSoAUCYp65cuuLY8vRI.html' target='_blank'&gt;Show abstract&lt;\/a&gt;&lt;\/small&gt;&lt;br&gt;&lt;br\/&gt;09:23-09:34: PREOPERATIVE GAIT BIOMECHANICS AND ITS RELATIONSHIP TO FUNCTIONAL OUTCOME FOLLOWING TOTAL HIP ARTHROPLASTY.&lt;br&gt;&lt;small&gt;Josefine Eriksson Naili&lt;\/small&gt;&lt;br&gt;&lt;small&gt;&lt;a href='https:\/\/aic-atlas.s3.eu-north-1.amazonaws.com\/projects\/a44f2645-f465-4d20-9d12-e82cf6d97f2d\/documents\/utdZu3WpdX2H8ibokl7VJmu3BPsKhnHxc3npED9z.html' target='_blank'&gt;Show abstract&lt;\/a&gt;&lt;\/small&gt;&lt;br&gt;&lt;br\/&gt;09:34-09:45: Similar results after 1 year with use of an anatomically shaped or a straight uncemented stem&lt;br&gt;&lt;small&gt;Goran Puretic&lt;\/small&gt;&lt;br&gt;&lt;small&gt;&lt;a href='https:\/\/aic-atlas.s3.eu-north-1.amazonaws.com\/projects\/a44f2645-f465-4d20-9d12-e82cf6d97f2d\/documents\/YZ3smFezu6rkAPRzKnuvJyjTealRuQsnoxcqrI5N.html' target='_blank'&gt;Show abstract&lt;\/a&gt;&lt;\/small&gt;\"\n            data-category=\"Arbetsterapeut,Fysioterapeut,Gipstekniker,L\u00e4kare,Operationssk\u00f6terska,Sjuksk\u00f6terska,Undersk\u00f6terska,V\u00e5rdadministrat\u00f6r\"\n            data-category-ids=\"53,54,51,47,49,48,50,52\"\n            data-span-all=\"\"\n                          style=\"background-color: #4354b1; color: white;\"\n                      >\n\n            <div class=\"event_content\">\n              <div class=\"title\">\n                                <span>Fria f\u00f6redrag III<\/span>\n              <\/div>\n              <div class=\"span_room\"><span><\/span><\/div>\n              <div class=\"time\">\n                <span>\n                  08:50-09:45                <\/span><\/div>\n\n              <div class=\"lecturer\"><span>Jonas Werner<\/span><\/div>\n            <\/div>\n\n\n                                <div style=\"background-color:#4354b1; position: absolute !important ; height: 4px !important; left: 4px; right: 4px; bottom : 2px !important;  border\"><\/div>\n            \n          <\/div>\n\n      \n          <div class=\"event event-extra\"\n            data-id=\"4fe3166a-bf74-44bf-a4f1-65378b2caa72\"\n            data-project=\"a44f2645-f465-4d20-9d12-e82cf6d97f2d\"\n            data-title=\"Registerbaserade randomiserade kliniska pr\u00f6vningar inom svensk ortopedi. Ett svar p\u00e5 sv\u00e5ra fr\u00e5gor?\"\n            data-abs-nbr=\"\"\n            data-ystart=\"8.8333333333333\"\n            data-yend=\"9.6666666666667\"\n            data-time=\"08:50-09:40\"\n            data-room=\"10\"\n            data-room-id=\"8d4e3f20-50f4-4f2e-9fe7-20d3f379e9fc\"\n            data-room-name=\"Vingen 8\"\n            data-day=\"2\"\n            data-abs-path=\"\"\n            data-speaker=\"\"\n            data-speakercell=\"\"\n            data-info=\"&lt;b&gt;Moderator: &lt;\/b&gt;Olof Sk\u00f6ldenberg&lt;br&gt;&lt;br&gt;&lt;p&gt;Register-baserade randomiserade kliniska pr&amp;ouml;vningar (rRCT) inneb&amp;auml;r att man anv&amp;auml;nder befintliga register som en del i sin kliniska pr&amp;ouml;vning. Beroende p&amp;aring; studieuppl&amp;auml;gg kan rRCT anv&amp;auml;ndas f&amp;ouml;r b&amp;aring;de randomisering, datalagring och uppf&amp;ouml;ljning av stora patientkohorter. Sverige har, med sina v&amp;auml;lsk&amp;ouml;tta register, et definitivt f&amp;ouml;rspr&amp;aring;ng gentemot andra l&amp;auml;nder att genomf&amp;ouml;ra dessa typer av studier som med f&amp;ouml;rdel kan anv&amp;auml;ndas f&amp;ouml;r s&amp;aring; kallade &amp;rdquo;s&amp;auml;llan-h&amp;auml;ndelser&amp;rdquo; som d&amp;ouml;d, infektion etc. Svenska kardiologer har via SWEDEHEART framg&amp;aring;ngsrikt genomf&amp;ouml;rt detta och vi presenterar i detta symposium n&amp;aring;gra p&amp;aring;g&amp;aring;ende och planerad rRCT studier inom svensk ortopedi.&lt;\/p&gt;\n&lt;p&gt;&amp;nbsp;&lt;\/p&gt;\n&lt;p&gt;&amp;nbsp;&lt;\/p&gt;&lt;br&gt;&lt;br&gt;08:50-08:58: Introduktion till registerbaserade randomiserade kliniska pr\u00f6vningar (R-RCT&lt;br&gt;&lt;small&gt;Nils Hailer&lt;\/small&gt;&lt;br&gt;&lt;br\/&gt;08:58-09:06: EPOS-studien, Luftrenare p\u00e5 operationssalar, en p\u00e5g\u00e5ende svensk r-RCT&lt;br&gt;&lt;small&gt;Anders Persson&lt;\/small&gt;&lt;br&gt;&lt;br\/&gt;09:06-09:14: HipSTHeR-studien, Skruvar eller h\u00f6ftprotes vid fraktur p\u00e5 l\u00e5rbenshalsen hos \u00e4ldre patienter med ringa felst\u00e4lld fraktur&lt;br&gt;&lt;small&gt;Olle Wolf&lt;\/small&gt;&lt;br&gt;&lt;br\/&gt;09:14-09:22: DUALITY, Dubbelledad ledpanna eller standardledpanna vid felst\u00e4lld l\u00e5rbenshalsfraktur&lt;br&gt;&lt;small&gt;Nils Hailer&lt;\/small&gt;&lt;br&gt;&lt;br\/&gt;09:22-09:30: Infektionsstudien&lt;br&gt;&lt;small&gt;Sebastian Mukka&lt;\/small&gt;&lt;br&gt;&lt;br\/&gt;09:30-09:40: Diskussion och fr\u00e5gor samt kort om Referensgruppen f\u00f6r rRCT som startat upp i Frakturregistrets regi\"\n            data-category=\"L\u00e4kare\"\n            data-category-ids=\"47\"\n            data-span-all=\"\"\n                          style=\"background-color: #eb303a; color: white;\"\n                      >\n\n            <div class=\"event_content\">\n              <div class=\"title\">\n                                <span>Registerbaserade randomiserade kliniska pr\u00f6vningar inom svensk ortopedi. Ett svar p\u00e5 sv\u00e5ra fr\u00e5gor?<\/span>\n              <\/div>\n              <div class=\"span_room\"><span><\/span><\/div>\n              <div class=\"time\">\n                <span>\n                  08:50-09:40                <\/span><\/div>\n\n              <div class=\"lecturer\"><span>Olof Sk\u00f6ldenberg<\/span><\/div>\n            <\/div>\n\n\n                                <div style=\"background-color:#eb303a; position: absolute !important ; height: 4px !important; left: 4px; right: 4px; bottom : 2px !important;  border\"><\/div>\n            \n          <\/div>\n\n      \n          <div class=\"event event-extra\"\n            data-id=\"c36c0275-524d-48fe-94df-ed17f2699ac4\"\n            data-project=\"a44f2645-f465-4d20-9d12-e82cf6d97f2d\"\n            data-title=\"Bakjoursskolan\"\n            data-abs-nbr=\"\"\n            data-ystart=\"9\"\n            data-yend=\"9.5\"\n            data-time=\"09:00-09:30\"\n            data-room=\"0\"\n            data-room-id=\"8d4e3dd9-ce4c-4323-b414-2740c00d9454\"\n            data-room-name=\"De Geerhallen\"\n            data-day=\"2\"\n            data-abs-path=\"\"\n            data-speaker=\"Peter Str\u00f6m; Carl Ekholm; Ralph Hasserius\"\n            data-speakercell=\"Peter Str\u00f6m; Carl Ekholm; Ralph Hasserius\"\n            data-info=\"&lt;b&gt;Moderator: &lt;\/b&gt;Lars Adolfsson&lt;br&gt;&lt;br&gt;&lt;table&gt;\n&lt;tbody&gt;\n&lt;tr&gt;\n&lt;td&gt;SOF&amp;acute;s bakjoursskola har fortsatt enligt planerat program och &amp;ouml;verlag bem&amp;ouml;tts med lovord. Under v&amp;aring;ren &amp;auml;r delkurs tre inbokad f&amp;ouml;r den f&amp;ouml;rsta kullen. F&amp;ouml;rutom aktuell information om bakjoursskolan kommer beskrivning av kursmoment &quot;&amp;ouml;vre extremitet&quot;, &amp;nbsp;&quot;rygg&quot; och &quot;ledarskap&quot;&amp;nbsp;att ges.&lt;\/td&gt;\n&lt;\/tr&gt;\n&lt;\/tbody&gt;\n&lt;\/table&gt;&lt;br&gt;&lt;br&gt;\"\n            data-category=\"L\u00e4kare\"\n            data-category-ids=\"47\"\n            data-span-all=\"\"\n                          style=\"background-color: #eb303a; color: white;\"\n                      >\n\n            <div class=\"event_content\">\n              <div class=\"title\">\n                                <span>Bakjoursskolan<\/span>\n              <\/div>\n              <div class=\"span_room\"><span><\/span><\/div>\n              <div class=\"time\">\n                <span>\n                  09:00-09:30                <\/span><\/div>\n\n              <div class=\"lecturer\"><span>Lars Adolfsson<\/span><\/div>\n            <\/div>\n\n\n                                <div style=\"background-color:#eb303a; position: absolute !important ; height: 4px !important; left: 4px; right: 4px; bottom : 2px !important;  border\"><\/div>\n            \n          <\/div>\n\n      \n          <div class=\"event event-extra\"\n            data-id=\"7589157a-b7fc-48dd-bacd-51cd842e7cde\"\n            data-project=\"a44f2645-f465-4d20-9d12-e82cf6d97f2d\"\n            data-title=\"Unga Artrospatienter\"\n            data-abs-nbr=\"\"\n            data-ystart=\"10.25\"\n            data-yend=\"11.25\"\n            data-time=\"10:15-11:15\"\n            data-room=\"0\"\n            data-room-id=\"8d4e3dd9-ce4c-4323-b414-2740c00d9454\"\n            data-room-name=\"De Geerhallen\"\n            data-day=\"2\"\n            data-abs-path=\"\"\n            data-speaker=\"\"\n            data-speakercell=\"\"\n            data-info=\"&lt;b&gt;Moderator: &lt;\/b&gt;Nils Hailer&lt;br&gt;&lt;br&gt;&lt;table&gt;\n&lt;tbody&gt;\n&lt;tr&gt;\n&lt;td&gt;\n&lt;p&gt;&quot;Challenging: The Young Patient with Knee Osteoarthritis&quot;&lt;\/p&gt;\n&lt;p&gt;Den unge patienten med artros i kn&amp;auml;leden &amp;auml;r en utmaning. Funktionskraven &amp;auml;r h&amp;ouml;ga, samtidigt som implantat&amp;ouml;verlevnaden &amp;auml;r s&amp;auml;mre f&amp;ouml;r yngre patienter. Patienterna, och vi som m&amp;ouml;ter dem, har m&amp;aring;nga fr&amp;aring;gor:&lt;br \/&gt;&lt;br \/&gt;- &amp;Auml;r det patientrapporterade utfallet f&amp;ouml;r yngre med kn&amp;auml;protes genomg&amp;aring;ende s&amp;auml;mre &amp;auml;n f&amp;ouml;r &amp;auml;ldre, eller finns undantag? Och vilka av de unga blir n&amp;ouml;jdast?&lt;br \/&gt;- Ska man undvika totalprotes? Och om vi g&amp;ouml;r det &amp;auml;nd&amp;aring;: Hur?&lt;br \/&gt;- Ska unga med kn&amp;auml;protes ha en annan rehabilitering &amp;auml;n v&amp;aring;ra &amp;auml;ldre patienter?&lt;br \/&gt;- Och har den explosionsartade utvecklingen av nya implantat f&amp;ouml;rb&amp;auml;ttrat resultaten?&lt;br \/&gt;&lt;br \/&gt;Deltagarna i detta symposium f&amp;ouml;rs&amp;ouml;ker reda ut begreppen, och Leo Whiteside kommer med tips fr&amp;aring;n verkstadsgolvet.&lt;\/p&gt;\n&lt;p&gt;&amp;nbsp;&lt;\/p&gt;\n&lt;p&gt;Symposiet h&amp;aring;lls p&amp;aring; Engelska.&lt;\/p&gt;\n&lt;\/td&gt;\n&lt;\/tr&gt;\n&lt;\/tbody&gt;\n&lt;\/table&gt;&lt;br&gt;&lt;br&gt;10:15-10:30: Implant survival and patient-reported outcomes in the young knee OA patient. Always worse than in the elderly?&lt;br&gt;&lt;small&gt;Anette W-Dahl&lt;\/small&gt;&lt;br&gt;&lt;br\/&gt;10:30-10:45: How do I do it? Indications and technical tips for TKA in the young patient&lt;br&gt;&lt;small&gt;Leo Whiteside&lt;\/small&gt;&lt;br&gt;&lt;br\/&gt;10:45-11:00: Postoperative rehabilitation and restrictions after TKA in the young: Any different from \u201dstandard procedure\u201d?&lt;br&gt;&lt;small&gt;Per Wretenberg&lt;\/small&gt;&lt;br&gt;&lt;br\/&gt;11:00-11:15: Can technology help us? An analysis of implant survival and PROM over the last decades&lt;br&gt;&lt;small&gt;Anders Troelsen&lt;\/small&gt;\"\n            data-category=\"L\u00e4kare,Fysioterapeut\"\n            data-category-ids=\"47,54\"\n            data-span-all=\"\"\n                          style=\"background-color: #eb303a; color: white;\"\n                      >\n\n            <div class=\"event_content\">\n              <div class=\"title\">\n                                <span>Unga Artrospatienter<\/span>\n              <\/div>\n              <div class=\"span_room\"><span><\/span><\/div>\n              <div class=\"time\">\n                <span>\n                  10:15-11:15                <\/span><\/div>\n\n              <div class=\"lecturer\"><span>Nils Hailer<\/span><\/div>\n            <\/div>\n\n\n                                <div style=\"background-color:#eb303a; position: absolute !important ; height: 4px !important; left: 4px; right: 4px; bottom : 2px !important;  border\"><\/div>\n            \n          <\/div>\n\n      \n          <div class=\"event event-extra\"\n            data-id=\"f909d445-bb7f-4b13-86c4-025c1c07046d\"\n            data-project=\"a44f2645-f465-4d20-9d12-e82cf6d97f2d\"\n            data-title=\"30 years of distal radius fractures - Daniel Rikli\"\n            data-abs-nbr=\"\"\n            data-ystart=\"10.25\"\n            data-yend=\"10.75\"\n            data-time=\"10:15-10:45\"\n            data-room=\"1\"\n            data-room-id=\"8d4e3e47-b348-40db-af90-fc05f2c56604\"\n            data-room-name=\"Flygeln\"\n            data-day=\"2\"\n            data-abs-path=\"\"\n            data-speaker=\"Daniel Rikli\"\n            data-speakercell=\"Daniel Rikli\"\n            data-info=\"&lt;b&gt;Moderator: &lt;\/b&gt;Lars Adolfsson&lt;br&gt;&lt;br&gt;&lt;p&gt;Professor Daniel Rikli, Basel, Schweiz, har arbetat med handledstrauma sedan mitten av nittiotalet och var med och utvecklade den f&amp;ouml;rsta generationens vinkelstabila plattor f&amp;ouml;r radiusfrakturer.&lt;br \/&gt;Han kommer att ge en tillbakablick p&amp;aring; behandling av radiusfrakturer under de senaste 30 &amp;aring;ren och de koncept som utvecklats samt de sv&amp;aring;righeter vi st&amp;aring;r inf&amp;ouml;r idag vid val av behandling av framf&amp;ouml;rallt &amp;auml;ldre.&lt;\/p&gt;&lt;br&gt;&lt;br&gt;\"\n            data-category=\"L\u00e4kare,Arbetsterapeut,Fysioterapeut\"\n            data-category-ids=\"47,53,54\"\n            data-span-all=\"\"\n                          style=\"background-color: #eb303a; color: white;\"\n                      >\n\n            <div class=\"event_content\">\n              <div class=\"title\">\n                                <span>30 years of distal radius fractures - Daniel Rikli<\/span>\n              <\/div>\n              <div class=\"span_room\"><span><\/span><\/div>\n              <div class=\"time\">\n                <span>\n                  10:15-10:45                <\/span><\/div>\n\n              <div class=\"lecturer\"><span>Lars Adolfsson<\/span><\/div>\n            <\/div>\n\n\n                                <div style=\"background-color:#eb303a; position: absolute !important ; height: 4px !important; left: 4px; right: 4px; bottom : 2px !important;  border\"><\/div>\n            \n          <\/div>\n\n      \n          <div class=\"event event-extra\"\n            data-id=\"b4405e29-997d-4dfc-bac7-8d36543bbaf6\"\n            data-project=\"a44f2645-f465-4d20-9d12-e82cf6d97f2d\"\n            data-title=\"Den utmanande patienten - Johan Scheer och \u00c5sa Kadowaki\"\n            data-abs-nbr=\"\"\n            data-ystart=\"10.25\"\n            data-yend=\"11.75\"\n            data-time=\"10:15-11:45\"\n            data-room=\"9\"\n            data-room-id=\"8d4e3f03-823f-4178-82f7-5d246c0bd647\"\n            data-room-name=\"Vingen 6+7\"\n            data-day=\"2\"\n            data-abs-path=\"\"\n            data-speaker=\"Johan Scheer; \u00c5sa Kadowaki\"\n            data-speakercell=\"Johan Scheer; \u00c5sa Kadowaki\"\n            data-info=\"&lt;p&gt;Patienten s&amp;auml;ger: &quot;Om inte du skriver ut Tradolan s&amp;aring; kommer jag k&amp;ouml;pa p&amp;aring; n&amp;auml;tet.&quot; &quot;Om du inte sjukskriver mig s&amp;aring; kommer jag anm&amp;auml;la dig.&quot; &quot;Jag blev s&amp;auml;mre av &amp;ouml;vningarna fr&amp;aring;n sjukgymnasten. Jag vill ha en ny r&amp;ouml;ntgen och att du garanterar mig att jag inte kommer bli s&amp;auml;mre.&quot;&lt;\/p&gt;\n&lt;p&gt;L&amp;auml;karens auktoritet har precis som l&amp;auml;rarnas, monterats ned och patientkunden har r&amp;auml;tten p&amp;aring; sin sida. Eller? En ortoped och en psykiater rollspelar utmanande situationer med fokus p&amp;aring; att kunna g&amp;ouml;ra det som &amp;auml;r r&amp;auml;tt trots utebliven direkt bel&amp;ouml;ning.&lt;\/p&gt;&lt;br&gt;&lt;br&gt;\"\n            data-category=\"Arbetsterapeut,Fysioterapeut,L\u00e4kare,Operationssk\u00f6terska,Sjuksk\u00f6terska,Undersk\u00f6terska,V\u00e5rdadministrat\u00f6r\"\n            data-category-ids=\"53,54,47,49,48,50,52\"\n            data-span-all=\"\"\n                          style=\"background-color: #4354b1; color: white;\"\n                      >\n\n            <div class=\"event_content\">\n              <div class=\"title\">\n                                <span>Den utmanande patienten - Johan Scheer och \u00c5sa Kadowaki<\/span>\n              <\/div>\n              <div class=\"span_room\"><span><\/span><\/div>\n              <div class=\"time\">\n                <span>\n                  10:15-11:45                <\/span><\/div>\n\n              \n            <\/div>\n\n\n                                <div style=\"background-color:#4354b1; position: absolute !important ; height: 4px !important; left: 4px; right: 4px; bottom : 2px !important;  border\"><\/div>\n            \n          <\/div>\n\n      \n          <div class=\"event event-extra\"\n            data-id=\"422df6cf-3122-4b78-a55d-939e08bc6226\"\n            data-project=\"a44f2645-f465-4d20-9d12-e82cf6d97f2d\"\n            data-title=\"Ortopeddiagnostikens ABC\"\n            data-abs-nbr=\"\"\n            data-ystart=\"10.333333333333\"\n            data-yend=\"11.666666666667\"\n            data-time=\"10:20-11:40\"\n            data-room=\"2\"\n            data-room-id=\"8d4e3eae-ee44-4f61-99bc-620941ba8aab\"\n            data-room-name=\"Hemerycksalen\"\n            data-day=\"2\"\n            data-abs-path=\"\"\n            data-speaker=\"\"\n            data-speakercell=\"\"\n            data-info=\"&lt;b&gt;Moderator: &lt;\/b&gt;Markus Wald\u00e9n&lt;br&gt;&lt;br&gt;&lt;table&gt;\n&lt;tbody&gt;\n&lt;tr&gt;\n&lt;td&gt;\n&lt;table&gt;\n&lt;tbody&gt;\n&lt;tr&gt;\n&lt;td&gt;\n&lt;p&gt;Dags att l&amp;auml;mna din komfortzon och g&amp;aring; p&amp;aring; ett symposium med helt grundl&amp;auml;ggande, men tyv&amp;auml;rr &amp;aring;sidosatt, inneh&amp;aring;ll?&lt;\/p&gt;\n&lt;p&gt;I detta symposium f&amp;aring;r du ta del av hela bredden i &amp;rdquo;Ortopeddiagnostikens ABC&amp;rdquo; fr&amp;aring;n klinisk diagnostik till bild- och v&amp;auml;vnadsdiagnostik. Relevanta fr&amp;aring;gest&amp;auml;llningar som kommer att belysas i de ing&amp;aring;ende f&amp;ouml;redragen &amp;auml;r exempelvis:&lt;br \/&gt;M&amp;aring;ste vi verkligen lyssna p&amp;aring; och unders&amp;ouml;ka v&amp;aring;ra patienter fysikaliskt i denna h&amp;ouml;gteknologiska era?&amp;nbsp;&lt;br \/&gt;Hur kommer individualiserade och str&amp;aring;lbesparande metoder p&amp;aring;verka r&amp;ouml;ntgen som diagnostiskt hj&amp;auml;lpmedel?&amp;nbsp;&lt;br \/&gt;Muskuloskeletalt ultraljud &amp;auml;r p&amp;aring; frammarsch, men vilka yrkesgrupper ska\/b&amp;ouml;r anv&amp;auml;nda sig av detta verktyg med l&amp;aring;ng inl&amp;auml;rningskurva?&amp;nbsp;&lt;br \/&gt;Hur maximerar du egentligen informationsutbytet av ditt v&amp;auml;vnadsprov?&lt;\/p&gt;\n&lt;p&gt;&amp;nbsp;&lt;\/p&gt;\n&lt;\/td&gt;\n&lt;\/tr&gt;\n&lt;\/tbody&gt;\n&lt;\/table&gt;\n&lt;\/td&gt;\n&lt;\/tr&gt;\n&lt;\/tbody&gt;\n&lt;\/table&gt;&lt;br&gt;&lt;br&gt;10:20-10:25: Introduktion&lt;br&gt;&lt;small&gt;Markus Wald\u00e9n&lt;\/small&gt;&lt;br&gt;&lt;br\/&gt;10:25-10:40: Vikten av (och begr\u00e4nsningarna med) den kliniska diagnostiken&lt;br&gt;&lt;small&gt;Anna T\u00f6tterman&lt;\/small&gt;&lt;br&gt;&lt;br\/&gt;10:40-10:55: Radiologi: det sj\u00e4tte sinne&lt;br&gt;&lt;small&gt;Maria Lindblom&lt;\/small&gt;&lt;br&gt;&lt;br\/&gt;10:55-11:10: Muskuloskeletalt ultraljud: enkel metod f\u00f6r diagnostik och intervention?&lt;br&gt;&lt;small&gt;Bj\u00f6rn Cratz&lt;\/small&gt;&lt;br&gt;&lt;br\/&gt;11:10-11:25: Detta h\u00e4nder med ditt PAD hos patologen och detta b\u00f6r man t\u00e4nka p\u00e5 n\u00e4r man tar sitt v\u00e4vnadsprov&lt;br&gt;&lt;small&gt;Anna Nedkova&lt;\/small&gt;&lt;br&gt;&lt;br\/&gt;11:25-11:40: Diskussion\"\n            data-category=\"L\u00e4kare,Fysioterapeut\"\n            data-category-ids=\"47,54\"\n            data-span-all=\"\"\n                          style=\"background-color: #eb303a; color: white;\"\n                      >\n\n            <div class=\"event_content\">\n              <div class=\"title\">\n                                <span>Ortopeddiagnostikens ABC<\/span>\n              <\/div>\n              <div class=\"span_room\"><span><\/span><\/div>\n              <div class=\"time\">\n                <span>\n                  10:20-11:40                <\/span><\/div>\n\n              <div class=\"lecturer\"><span>Markus Wald\u00e9n<\/span><\/div>\n            <\/div>\n\n\n                                <div style=\"background-color:#eb303a; position: absolute !important ; height: 4px !important; left: 4px; right: 4px; bottom : 2px !important;  border\"><\/div>\n            \n          <\/div>\n\n      \n          <div class=\"event event-extra\"\n            data-id=\"944ed315-e638-4ebc-802a-79ae5cdcdf09\"\n            data-project=\"a44f2645-f465-4d20-9d12-e82cf6d97f2d\"\n            data-title=\"Uppstartsm\u00f6te Hipsther och Duality-studierna\"\n            data-abs-nbr=\"\"\n            data-ystart=\"10.5\"\n            data-yend=\"11.5\"\n            data-time=\"10:30-11:30\"\n            data-room=\"10\"\n            data-room-id=\"8d4e3f20-50f4-4f2e-9fe7-20d3f379e9fc\"\n            data-room-name=\"Vingen 8\"\n            data-day=\"2\"\n            data-abs-path=\"\"\n            data-speaker=\"Olle Wolf\"\n            data-speakercell=\"Olle Wolf\"\n            data-info=\"&lt;p&gt;Registerrandomiserade studier st&amp;aring;r f&amp;ouml;r d&amp;ouml;rren. H&amp;auml;r informeras om bakgrund och studiespecifika detaljer inf&amp;ouml;r uppstarten av Hipsther och Duality-studierna.&lt;\/p&gt;&lt;br&gt;&lt;br&gt;\"\n            data-category=\"L\u00e4kare\"\n            data-category-ids=\"47\"\n            data-span-all=\"\"\n                          style=\"background-color: #eb303a; color: white;\"\n                      >\n\n            <div class=\"event_content\">\n              <div class=\"title\">\n                                <span>Uppstartsm\u00f6te Hipsther och Duality-studierna<\/span>\n              <\/div>\n              <div class=\"span_room\"><span><\/span><\/div>\n              <div class=\"time\">\n                <span>\n                  10:30-11:30                <\/span><\/div>\n\n              \n            <\/div>\n\n\n                                <div style=\"background-color:#eb303a; position: absolute !important ; height: 4px !important; left: 4px; right: 4px; bottom : 2px !important;  border\"><\/div>\n            \n          <\/div>\n\n      \n          <div class=\"event event-extra\"\n            data-id=\"2738b4d3-1318-4f50-bfc5-6c9ef940aa8d\"\n            data-project=\"a44f2645-f465-4d20-9d12-e82cf6d97f2d\"\n            data-title=\"Radiusfrakturer - \u00e4r volar platta alltid r\u00e4tt val?\"\n            data-abs-nbr=\"\"\n            data-ystart=\"10.833333333333\"\n            data-yend=\"12.166666666667\"\n            data-time=\"10:50-12:10\"\n            data-room=\"1\"\n            data-room-id=\"8d4e3e47-b348-40db-af90-fc05f2c56604\"\n            data-room-name=\"Flygeln\"\n            data-day=\"2\"\n            data-abs-path=\"\"\n            data-speaker=\"\"\n            data-speakercell=\"\"\n            data-info=\"&lt;b&gt;Moderator: &lt;\/b&gt;Lars Adolfsson&lt;br&gt;&lt;br&gt;&lt;p&gt;&amp;nbsp;&lt;\/p&gt;\n&lt;table&gt;\n&lt;tbody&gt;\n&lt;tr&gt;\n&lt;td&gt;\n&lt;p&gt;SBU-rapporten &amp;rdquo;armfraktur hos &amp;auml;ldre&amp;rdquo; ger behandlingsrekommendationer f&amp;ouml;r distala radiusfrakturer utan stor felst&amp;auml;llning, men f&amp;ouml;r mer komplicerade frakturer med stor felst&amp;auml;llning saknas vetenskapligt underlag f&amp;ouml;r v&amp;auml;gledning inf&amp;ouml;r val av operationsmetod eller icke-operativ behandling.&amp;nbsp;&lt;\/p&gt;\n&lt;p&gt;Antalet operationer med perkutana fixationsmetoder s&amp;aring;som externfixation och perkutan stiftning minskar, medan antalet operationer med volar platta &amp;ouml;kar och anses generellt vara standardbehandling.&lt;br \/&gt;Kunskapen om frakturspecifika f&amp;ouml;ruts&amp;auml;ttningar och krav p&amp;aring; stabilitet &amp;ouml;kar och utifr&amp;aring;n detta sker en utveckling av fragmentspecifika plattor och fixationsmetoder.&amp;nbsp;&lt;\/p&gt;\n&lt;p&gt;Symposiet syftar till att kartl&amp;auml;gga det vetenskapliga och erfarenhetsbaserade underlaget f&amp;ouml;r olika typer av fixationsmetoder vid distal radiusfraktur samt att uppm&amp;auml;rksamma de typer av frakturer d&amp;auml;r volar platta inte &amp;auml;r det r&amp;auml;tta valet.&amp;nbsp;&lt;\/p&gt;\n&lt;p&gt;&amp;nbsp;&lt;\/p&gt;\n&lt;\/td&gt;\n&lt;\/tr&gt;\n&lt;\/tbody&gt;\n&lt;\/table&gt;&lt;br&gt;&lt;br&gt;10:50-10:55: Inledning&lt;br&gt;&lt;small&gt;Lars Adolfsson&lt;\/small&gt;&lt;br&gt;&lt;br\/&gt;10:55-11:05: Vilka typer av frakturer b\u00f6r inte opereras med volar platta&lt;br&gt;&lt;small&gt;Carl Ekholm&lt;\/small&gt;&lt;br&gt;&lt;br\/&gt;11:05-11:15: Exfix el perkutana stift vs volar platta&lt;br&gt;&lt;small&gt;Cecilia Mellstrand Navarro&lt;\/small&gt;&lt;br&gt;&lt;br\/&gt;11:15-11:25: Fragmentspecifika plattor vs volar platta&lt;br&gt;&lt;small&gt;Magnus T\u00e4gil&lt;\/small&gt;&lt;br&gt;&lt;br\/&gt;11:25-11:35: Fixation av ulnafx\/reparation av TFCC i kombination med volar platta vs enbart volar platta&lt;br&gt;&lt;small&gt;Lars Adolfsson&lt;\/small&gt;&lt;br&gt;&lt;br\/&gt;11:35-11:40: Kort paus&lt;br&gt;&lt;br\/&gt;11:40-12:10: Paneldiskussion utifr\u00e5n fall med f\u00f6rel\u00e4sare samt D. Rikli i panelen.\"\n            data-category=\"L\u00e4kare,Arbetsterapeut\"\n            data-category-ids=\"47,53\"\n            data-span-all=\"\"\n                          style=\"background-color: #eb303a; color: white;\"\n                      >\n\n            <div class=\"event_content\">\n              <div class=\"title\">\n                                <span>Radiusfrakturer - \u00e4r volar platta alltid r\u00e4tt val?<\/span>\n              <\/div>\n              <div class=\"span_room\"><span><\/span><\/div>\n              <div class=\"time\">\n                <span>\n                  10:50-12:10                <\/span><\/div>\n\n              <div class=\"lecturer\"><span>Lars Adolfsson<\/span><\/div>\n            <\/div>\n\n\n                                <div style=\"background-color:#eb303a; position: absolute !important ; height: 4px !important; left: 4px; right: 4px; bottom : 2px !important;  border\"><\/div>\n            \n          <\/div>\n\n      \n          <div class=\"event event-extra\"\n            data-id=\"a716fb80-8440-47b6-9ee5-2519dfbbe7c0\"\n            data-project=\"a44f2645-f465-4d20-9d12-e82cf6d97f2d\"\n            data-title=\"H\u00f6ft- och kn\u00e4proteser - Vad har h\u00e4nt i Sverige det senaste decenniet\"\n            data-abs-nbr=\"\"\n            data-ystart=\"11.333333333333\"\n            data-yend=\"12\"\n            data-time=\"11:20-12:00\"\n            data-room=\"0\"\n            data-room-id=\"8d4e3dd9-ce4c-4323-b414-2740c00d9454\"\n            data-room-name=\"De Geerhallen\"\n            data-day=\"2\"\n            data-abs-path=\"\"\n            data-speaker=\"\"\n            data-speakercell=\"\"\n            data-info=\"&lt;b&gt;Moderator: &lt;\/b&gt;Urban Berg&lt;br&gt;&lt;br&gt;&lt;table&gt;\n&lt;tbody&gt;\n&lt;tr&gt;\n&lt;td&gt;\n&lt;table&gt;\n&lt;tbody&gt;\n&lt;tr&gt;\n&lt;td&gt;\n&lt;p&gt;I detta seminarium g&amp;aring;r vi igenom aktuella trender inom H&amp;ouml;ft- och kn&amp;auml;proteskirurgi med fokus p&amp;aring; s&amp;aring; kallad fast-track kirurgi. Hur detta kan g&amp;aring; till b&amp;aring;de hos privata och offentliga v&amp;aring;rdgivare visas med exempel.&lt;\/p&gt;\n&lt;\/td&gt;\n&lt;\/tr&gt;\n&lt;\/tbody&gt;\n&lt;\/table&gt;\n&lt;\/td&gt;\n&lt;\/tr&gt;\n&lt;\/tbody&gt;\n&lt;\/table&gt;&lt;br&gt;&lt;br&gt;11:20-11:30: Bakgrund&lt;br&gt;&lt;small&gt;Urban Berg&lt;\/small&gt;&lt;br&gt;&lt;br\/&gt;11:30-11:40: Fast-track \u2013 H\u00f6gvolymperspektiv privata v\u00e5rdgivare&lt;br&gt;&lt;small&gt;Per Juan Kernell&lt;\/small&gt;&lt;br&gt;&lt;br\/&gt;11:40-11:50: Fast-track -  Universitetssjukhus M\u00f6lndal&lt;br&gt;&lt;small&gt;Ola Rolfson&lt;\/small&gt;&lt;br&gt;&lt;br\/&gt;11:50-12:00: Diskussion\"\n            data-category=\"L\u00e4kare\"\n            data-category-ids=\"47\"\n            data-span-all=\"\"\n                          style=\"background-color: #eb303a; color: white;\"\n                      >\n\n            <div class=\"event_content\">\n              <div class=\"title\">\n                                <span>H\u00f6ft- och kn\u00e4proteser - Vad har h\u00e4nt i Sverige det senaste decenniet<\/span>\n              <\/div>\n              <div class=\"span_room\"><span><\/span><\/div>\n              <div class=\"time\">\n                <span>\n                  11:20-12:00                <\/span><\/div>\n\n              <div class=\"lecturer\"><span>Urban Berg<\/span><\/div>\n            <\/div>\n\n\n                                <div style=\"background-color:#eb303a; position: absolute !important ; height: 4px !important; left: 4px; right: 4px; bottom : 2px !important;  border\"><\/div>\n            \n          <\/div>\n\n      \n          <div class=\"event event-extra\"\n            data-id=\"3fd33a62-ac32-49a2-a602-5f71074bd389\"\n            data-project=\"a44f2645-f465-4d20-9d12-e82cf6d97f2d\"\n            data-title=\"Vem Styr Sjukv\u00e5rden?\"\n            data-abs-nbr=\"\"\n            data-ystart=\"13\"\n            data-yend=\"14.333333333333\"\n            data-time=\"13:00-14:20\"\n            data-room=\"0\"\n            data-room-id=\"8d4e3dd9-ce4c-4323-b414-2740c00d9454\"\n            data-room-name=\"De Geerhallen\"\n            data-day=\"2\"\n            data-abs-path=\"\"\n            data-speaker=\"Widar Andersson; Lars Stjernkvist; Marie Morell\"\n            data-speakercell=\"Widar Andersson; Lars Stjernkvist; Marie Morell\"\n            data-info=\"&lt;b&gt;Moderator: &lt;\/b&gt;Helene Andersson Molina&lt;br&gt;&lt;br&gt;&lt;p&gt;&amp;nbsp;&lt;\/p&gt;\n&lt;table&gt;\n&lt;tbody&gt;\n&lt;tr&gt;\n&lt;td&gt;Svensk sjukv&amp;aring;rd &amp;auml;r solidariskt finansierad, skattemedel f&amp;ouml;rdelas av politiker. Tj&amp;auml;nstem&amp;auml;n utarbetar underlag som politiken fattar beslut om och verksamheten sedan utf&amp;ouml;r.&amp;nbsp;&lt;br \/&gt;Men hur blir g&amp;aring;ngen ?&amp;nbsp; Och resultatet? Och ekonomin?&lt;\/td&gt;\n&lt;\/tr&gt;\n&lt;\/tbody&gt;\n&lt;\/table&gt;&lt;br&gt;&lt;br&gt;\"\n            data-category=\"Arbetsterapeut,Fysioterapeut,Gipstekniker,L\u00e4kare,Operationssk\u00f6terska,Sjuksk\u00f6terska,Undersk\u00f6terska,V\u00e5rdadministrat\u00f6r\"\n            data-category-ids=\"53,54,51,47,49,48,50,52\"\n            data-span-all=\"\"\n                          style=\"background-color: #4354b1; color: white;\"\n                      >\n\n            <div class=\"event_content\">\n              <div class=\"title\">\n                                <span>Vem Styr Sjukv\u00e5rden?<\/span>\n              <\/div>\n              <div class=\"span_room\"><span><\/span><\/div>\n              <div class=\"time\">\n                <span>\n                  13:00-14:20                <\/span><\/div>\n\n              <div class=\"lecturer\"><span>Helene Andersson Molina<\/span><\/div>\n            <\/div>\n\n\n                                <div style=\"background-color:#4354b1; position: absolute !important ; height: 4px !important; left: 4px; right: 4px; bottom : 2px !important;  border\"><\/div>\n            \n          <\/div>\n\n      \n          <div class=\"event event-extra\"\n            data-id=\"1f029ceb-22eb-4876-a810-88fb262493ec\"\n            data-project=\"a44f2645-f465-4d20-9d12-e82cf6d97f2d\"\n            data-title=\"H\u00e4lseneruptur, vem ska opereras och vem inte. Vet vi det?\"\n            data-abs-nbr=\"\"\n            data-ystart=\"13\"\n            data-yend=\"14.5\"\n            data-time=\"13:00-14:30\"\n            data-room=\"1\"\n            data-room-id=\"8d4e3e47-b348-40db-af90-fc05f2c56604\"\n            data-room-name=\"Flygeln\"\n            data-day=\"2\"\n            data-abs-path=\"\"\n            data-speaker=\"\"\n            data-speakercell=\"\"\n            data-info=\"&lt;b&gt;Moderator: &lt;\/b&gt;Teresa Holmgren&lt;br&gt;&lt;br&gt;&lt;p&gt;I symposiet belyser vi kunskapsl&amp;auml;get fr&amp;aring;n randomiserade studier som ligger till grund f&amp;ouml;r syd&amp;ouml;stra sjukv&amp;aring;rdregionens behandlingsstrategi. Vi redovisar ocks&amp;aring; resultaten fr&amp;aring;n en region&amp;ouml;vergripande gemensam uppf&amp;ouml;ljning av h&amp;auml;lsenerupturer.&lt;\/p&gt;\n&lt;p&gt;Blir resultaten lika bra i vardagssjukv&amp;aring;rd som i studier? Vad har vi f&amp;ouml;r utmaningar och problem efter h&amp;auml;lseneskador och kan vi f&amp;ouml;rb&amp;auml;ttra l&amp;auml;kningen?&amp;nbsp;&amp;nbsp;&lt;br \/&gt;Kristoffer Barfod, K&amp;ouml;penhamn, kommer att prata om individanpassad behandling av h&amp;auml;lsenerupturer.&lt;\/p&gt;&lt;br&gt;&lt;br&gt;13:00-13:15: Kort presentation om randomiserade studier mellan op och icke kirurgisk behandling med tidig mobilisering i ortos&lt;br&gt;&lt;small&gt;Torsten Schepull&lt;\/small&gt;&lt;br&gt;&lt;br\/&gt;13:15-13:30: Om forskningen i Link\u00f6ping med fokus p\u00e5 effekten av mekanisk stimulering av den l\u00e4kande sena&lt;br&gt;&lt;small&gt;Pernilla Eliasson&lt;\/small&gt;&lt;br&gt;&lt;br\/&gt;13:30-13:45: Gemensam v\u00e5rdprogram i syd\u00f6stra sjukv\u00e5rdsregionen 2015, strukturerat uppf\u00f6ljning och resultat&lt;br&gt;&lt;small&gt;Andreas Meunier&lt;\/small&gt;&lt;br&gt;&lt;br\/&gt;13:45-14:20: Individanpassad behandling av h\u00e4lsenerupturer&lt;br&gt;&lt;small&gt;Kristoffer Weisskirchner Barfod&lt;\/small&gt;&lt;br&gt;&lt;br\/&gt;14:20-14:30: Diskussion\"\n            data-category=\"L\u00e4kare,Fysioterapeut\"\n            data-category-ids=\"47,54\"\n            data-span-all=\"\"\n                          style=\"background-color: #eb303a; color: white;\"\n                      >\n\n            <div class=\"event_content\">\n              <div class=\"title\">\n                                <span>H\u00e4lseneruptur, vem ska opereras och vem inte. Vet vi det?<\/span>\n              <\/div>\n              <div class=\"span_room\"><span><\/span><\/div>\n              <div class=\"time\">\n                <span>\n                  13:00-14:30                <\/span><\/div>\n\n              <div class=\"lecturer\"><span>Teresa Holmgren<\/span><\/div>\n            <\/div>\n\n\n                                <div style=\"background-color:#eb303a; position: absolute !important ; height: 4px !important; left: 4px; right: 4px; bottom : 2px !important;  border\"><\/div>\n            \n          <\/div>\n\n      \n          <div class=\"event event-extra\"\n            data-id=\"4afcd62d-83c4-432f-b16e-2196bb4295ad\"\n            data-project=\"a44f2645-f465-4d20-9d12-e82cf6d97f2d\"\n            data-title=\"Svenska Skulder och Armb\u00e5gss\u00e4llskapet: Axelledsinstabilitet \u2013 vilka ska opereras?\"\n            data-abs-nbr=\"\"\n            data-ystart=\"13\"\n            data-yend=\"14\"\n            data-time=\"13:00-14:00\"\n            data-room=\"2\"\n            data-room-id=\"8d4e3eae-ee44-4f61-99bc-620941ba8aab\"\n            data-room-name=\"Hemerycksalen\"\n            data-day=\"2\"\n            data-abs-path=\"\"\n            data-speaker=\"\"\n            data-speakercell=\"\"\n            data-info=\"&lt;b&gt;Moderator: &lt;\/b&gt;Henrik Ahlborg&lt;br&gt;&lt;br&gt;&lt;table&gt;\n&lt;tbody&gt;\n&lt;tr&gt;\n&lt;td&gt;\n&lt;p&gt;Behandling av axelinstabilitet.&lt;br \/&gt;2006 publicerade Nationellt kompetenscentrum f&amp;ouml;r ortopedi (NKO) medicinska indikationer f&amp;ouml;r axelkirurgi. H&amp;auml;r ingick riktlinjer f&amp;ouml;r behandling av axelinstabilitet.&amp;nbsp;&lt;\/p&gt;\n&lt;p&gt;Vi har nu p&amp;aring; uppdrag av Svenska Skulder och Armb&amp;aring;gss&amp;auml;llskapet (SSAS) uppdaterat dessa riktlinjer i enlighet med den kunskapsutveckling som har skett.&amp;nbsp;&lt;br \/&gt;P&amp;aring; symposiet presenteras naturalf&amp;ouml;rloppet vid axelinstabilitet, generella behandlingsrekommendationer f&amp;ouml;r fr&amp;auml;mre och bakre instabilitet samt olika behandlingskoncept och dess indikationer. Dessutom presenteras intressanta instabilitetsfall.&lt;\/p&gt;\n&lt;p&gt;&amp;nbsp;&lt;\/p&gt;\n&lt;\/td&gt;\n&lt;\/tr&gt;\n&lt;\/tbody&gt;\n&lt;\/table&gt;\n&lt;p&gt;&amp;nbsp;&lt;\/p&gt;&lt;br&gt;&lt;br&gt;13:00-13:10: Inledning och naturalf\u00f6rlopp&lt;br&gt;&lt;small&gt;Henrik Ahlborg; Hans Rahme&lt;\/small&gt;&lt;br&gt;&lt;br\/&gt;13:10-13:30: Fr\u00e4mre instabilitet&lt;br&gt;&lt;small&gt;Shwan Koschnau&lt;\/small&gt;&lt;br&gt;&lt;br\/&gt;13:30-13:40: Bakre instabilitet&lt;br&gt;&lt;small&gt;Henrik Ahlborg&lt;\/small&gt;&lt;br&gt;&lt;br\/&gt;13:40-13:50: Patientfall&lt;br&gt;&lt;small&gt;Hans Rahme&lt;\/small&gt;&lt;br&gt;&lt;br\/&gt;13:50-14:00: Diskussion\"\n            data-category=\"L\u00e4kare,Fysioterapeut\"\n            data-category-ids=\"47,54\"\n            data-span-all=\"\"\n                          style=\"background-color: #eb303a; color: white;\"\n                      >\n\n            <div class=\"event_content\">\n              <div class=\"title\">\n                                <span>Svenska Skulder och Armb\u00e5gss\u00e4llskapet: Axelledsinstabilitet \u2013 vilka ska opereras?<\/span>\n              <\/div>\n              <div class=\"span_room\"><span><\/span><\/div>\n              <div class=\"time\">\n                <span>\n                  13:00-14:00                <\/span><\/div>\n\n              <div class=\"lecturer\"><span>Henrik Ahlborg<\/span><\/div>\n            <\/div>\n\n\n                                <div style=\"background-color:#eb303a; position: absolute !important ; height: 4px !important; left: 4px; right: 4px; bottom : 2px !important;  border\"><\/div>\n            \n          <\/div>\n\n      \n          <div class=\"event event-extra\"\n            data-id=\"eeed0314-d73b-45af-8d6d-e22ca37565cb\"\n            data-project=\"a44f2645-f465-4d20-9d12-e82cf6d97f2d\"\n            data-title=\"Tum\u00f6rer i R\u00f6relseapparaten\"\n            data-abs-nbr=\"\"\n            data-ystart=\"13\"\n            data-yend=\"14.333333333333\"\n            data-time=\"13:00-14:20\"\n            data-room=\"6\"\n            data-room-id=\"8d4e3eca-bf06-4071-a254-2a1e33b1a8fd\"\n            data-room-name=\"Vingen 3+4\"\n            data-day=\"2\"\n            data-abs-path=\"\"\n            data-speaker=\"\"\n            data-speakercell=\"\"\n            data-info=\"&lt;b&gt;Moderator: &lt;\/b&gt;Anders Kal\u00e9n&lt;br&gt;&lt;br&gt;&lt;table&gt;\n&lt;tbody&gt;\n&lt;tr&gt;\n&lt;td&gt;\n&lt;table&gt;\n&lt;tbody&gt;\n&lt;tr&gt;\n&lt;td&gt;\n&lt;p&gt;Under detta symposium kommer vi diskutera hur man f&amp;aring;ngar upp r&amp;auml;tt patienter, utredningsg&amp;aring;ng, behandlings- samt uppf&amp;ouml;ljningsprinciper d&amp;auml;r misstanke om mjukdels- och skeletttum&amp;ouml;rer f&amp;ouml;religger, inklusive prim&amp;auml;ra tum&amp;ouml;rer i kotpelare och handl&amp;auml;ggning av metastaser.&lt;\/p&gt;\n&lt;p&gt;Vikten av multidisciplin&amp;auml;ra konferenser f&amp;ouml;r att kunna fastst&amp;auml;lla en individuell behandlingsplan kommer att belysas.&lt;br \/&gt;Principer f&amp;ouml;r kirurgisk behandling och behovet av pre-\/postoperativ onkologisk behandling kommer att illustreras.&lt;br \/&gt;&amp;nbsp;&lt;br \/&gt;&amp;nbsp;&lt;\/p&gt;\n&lt;p&gt;Symposiet &amp;auml;r &amp;auml;ven en obligatorisk del i kursen &quot;ABC i tum&amp;ouml;rortopedi&quot;.&lt;\/p&gt;\n&lt;\/td&gt;\n&lt;\/tr&gt;\n&lt;\/tbody&gt;\n&lt;\/table&gt;\n&lt;\/td&gt;\n&lt;\/tr&gt;\n&lt;\/tbody&gt;\n&lt;\/table&gt;&lt;br&gt;&lt;br&gt;13:00-13:05: Introduktion&lt;br&gt;&lt;small&gt;Anders Kal\u00e9n&lt;\/small&gt;&lt;br&gt;&lt;br\/&gt;13:05-13:20: \u201d\u00c4r knutan\/kn\u00f6len farlig?\u201d&lt;br&gt;&lt;small&gt;Fredrik Vult von Steyern&lt;\/small&gt;&lt;br&gt;&lt;br\/&gt;13:20-13:35: \u201dKan min ryggv\u00e4rk vara cancer?\u201d&lt;br&gt;&lt;small&gt;Peter Bergh&lt;\/small&gt;&lt;br&gt;&lt;br\/&gt;13:35-13:50: Skelettum\u00f6rer \u2013 hos b\u00e5de ung och gammal&lt;br&gt;&lt;small&gt;Asle Hesla&lt;\/small&gt;&lt;br&gt;&lt;br\/&gt;13:50-14:05: Metastaser \u2013 perioperativa utmaningar&lt;br&gt;&lt;small&gt;Rikard Wedin&lt;\/small&gt;&lt;br&gt;&lt;br\/&gt;14:05-14:20: Diskussion\"\n            data-category=\"L\u00e4kare\"\n            data-category-ids=\"47\"\n            data-span-all=\"\"\n                          style=\"background-color: #eb303a; color: white;\"\n                      >\n\n            <div class=\"event_content\">\n              <div class=\"title\">\n                                <span>Tum\u00f6rer i R\u00f6relseapparaten<\/span>\n              <\/div>\n              <div class=\"span_room\"><span><\/span><\/div>\n              <div class=\"time\">\n                <span>\n                  13:00-14:20                <\/span><\/div>\n\n              <div class=\"lecturer\"><span>Anders Kal\u00e9n<\/span><\/div>\n            <\/div>\n\n\n                                <div style=\"background-color:#eb303a; position: absolute !important ; height: 4px !important; left: 4px; right: 4px; bottom : 2px !important;  border\"><\/div>\n            \n          <\/div>\n\n      \n          <div class=\"event event-extra\"\n            data-id=\"5bed0948-9547-4848-b106-41006d5f8122\"\n            data-project=\"a44f2645-f465-4d20-9d12-e82cf6d97f2d\"\n            data-title=\"Strukturerat arbete f\u00f6r f\u00f6rebyggande av v\u00e5rdskador p\u00e5 ortopedisk v\u00e5rdavdelning - Annika Karlaryd\"\n            data-abs-nbr=\"\"\n            data-ystart=\"13\"\n            data-yend=\"13.75\"\n            data-time=\"13:00-13:45\"\n            data-room=\"9\"\n            data-room-id=\"8d4e3f03-823f-4178-82f7-5d246c0bd647\"\n            data-room-name=\"Vingen 6+7\"\n            data-day=\"2\"\n            data-abs-path=\"\"\n            data-speaker=\"Annika Karlaryd\"\n            data-speakercell=\"Annika Karlaryd\"\n            data-info=\"&lt;b&gt;Moderator: &lt;\/b&gt;Elinor Andersson&lt;br&gt;&lt;br&gt;&lt;p&gt;F&amp;ouml;rel&amp;auml;sningen kommer att beskriva hur man g&amp;aring;r fr&amp;aring;n att ha en misst&amp;auml;nksam inst&amp;auml;llning till att s&amp;auml;tta fokus p&amp;aring; fel och brister till att f&amp;aring; en engagerad medarbetargrupp och en halvering av VRI.&lt;\/p&gt;\n&lt;p&gt;Hur man identifierar sina mest p&amp;aring;verkbara omr&amp;aring;den och hur man stegvis kan g&amp;aring; fr&amp;aring;n ett generellt handgrepp till specifika &amp;aring;tg&amp;auml;rder p&amp;aring; individniv&amp;aring;.&lt;\/p&gt;&lt;br&gt;&lt;br&gt;\"\n            data-category=\"Sjuksk\u00f6terska,Undersk\u00f6terska\"\n            data-category-ids=\"48,50\"\n            data-span-all=\"\"\n                          style=\"background-color: #36acf1; color: white;\"\n                      >\n\n            <div class=\"event_content\">\n              <div class=\"title\">\n                                <span>Strukturerat arbete f\u00f6r f\u00f6rebyggande av v\u00e5rdskador p\u00e5 ortopedisk v\u00e5rdavdelning - Annika Karlaryd<\/span>\n              <\/div>\n              <div class=\"span_room\"><span><\/span><\/div>\n              <div class=\"time\">\n                <span>\n                  13:00-13:45                <\/span><\/div>\n\n              <div class=\"lecturer\"><span>Elinor Andersson<\/span><\/div>\n            <\/div>\n\n\n                                <div style=\"background-color:#36acf1; position: absolute !important ; height: 4px !important; left: 4px; right: 4px; bottom : 2px !important;  border\"><\/div>\n            \n          <\/div>\n\n      \n          <div class=\"event event-extra\"\n            data-id=\"0b2ec49d-9483-4e4b-b92a-a341c0ac25ca\"\n            data-project=\"a44f2645-f465-4d20-9d12-e82cf6d97f2d\"\n            data-title=\"Radiusmottagningen - Ett samlat, effektivt omh\u00e4ndertagande med \u00f6kad kvalitet f\u00f6r patienten\"\n            data-abs-nbr=\"\"\n            data-ystart=\"13\"\n            data-yend=\"13.75\"\n            data-time=\"13:00-13:45\"\n            data-room=\"10\"\n            data-room-id=\"8d4e3f20-50f4-4f2e-9fe7-20d3f379e9fc\"\n            data-room-name=\"Vingen 8\"\n            data-day=\"2\"\n            data-abs-path=\"\"\n            data-speaker=\"Ethel Andersson; Johanna Blomstrand\"\n            data-speakercell=\"Ethel Andersson; Johanna Blomstrand\"\n            data-info=\"&lt;b&gt;Moderator: &lt;\/b&gt;Sarah Nyman&lt;br&gt;&lt;br&gt;&lt;table&gt;\n&lt;tbody&gt;\n&lt;tr&gt;\n&lt;td&gt;\n&lt;table&gt;\n&lt;tbody&gt;\n&lt;tr&gt;\n&lt;td&gt;\n&lt;p&gt;Alla distala radiusfrakturer som omh&amp;auml;ndertas via M&amp;ouml;lndals sjukhus ska f&amp;ouml;ljas upp 7-10 dagar efter skadan.&lt;\/p&gt;\n&lt;p&gt;D&amp;aring; v&amp;aring;rdkedjan inte fungerade optimalt genomf&amp;ouml;rdes v&amp;aring;ren 2015 en kartl&amp;auml;ggning av patientens v&amp;auml;g fr&amp;aring;n akutmottagning till rehab. Kartl&amp;auml;ggningen mynnade ut i ett projekt kallat Radiusmottagningen med syfte att utveckla och effektivisera arbetss&amp;auml;ttet, med fokus p&amp;aring; det uppf&amp;ouml;ljande bes&amp;ouml;ket 7-10 dagar efter skadetillf&amp;auml;llet.&lt;\/p&gt;\n&lt;p&gt;M&amp;aring;let var att skapa en tryggare v&amp;aring;rdkedja med &amp;ouml;kad kvalitet i omh&amp;auml;ndertagandet, minska antalet komplikationer samt frig&amp;ouml;ra l&amp;auml;kartid.&lt;\/p&gt;\n&lt;\/td&gt;\n&lt;\/tr&gt;\n&lt;\/tbody&gt;\n&lt;\/table&gt;\n&lt;\/td&gt;\n&lt;\/tr&gt;\n&lt;\/tbody&gt;\n&lt;\/table&gt;&lt;br&gt;&lt;br&gt;\"\n            data-category=\"Arbetsterapeut,Fysioterapeut,L\u00e4kare\"\n            data-category-ids=\"53,54,47\"\n            data-span-all=\"\"\n                          style=\"background-color: #4354b1; color: white;\"\n                      >\n\n            <div class=\"event_content\">\n              <div class=\"title\">\n                                <span>Radiusmottagningen - Ett samlat, effektivt omh\u00e4ndertagande med \u00f6kad kvalitet f\u00f6r patienten<\/span>\n              <\/div>\n              <div class=\"span_room\"><span><\/span><\/div>\n              <div class=\"time\">\n                <span>\n                  13:00-13:45                <\/span><\/div>\n\n              <div class=\"lecturer\"><span>Sarah Nyman<\/span><\/div>\n            <\/div>\n\n\n                                <div style=\"background-color:#4354b1; position: absolute !important ; height: 4px !important; left: 4px; right: 4px; bottom : 2px !important;  border\"><\/div>\n            \n          <\/div>\n\n      \n          <div class=\"event event-extra\"\n            data-id=\"0eb4bcb1-d9c9-40f6-82d6-f2a099245f52\"\n            data-project=\"a44f2645-f465-4d20-9d12-e82cf6d97f2d\"\n            data-title=\"Det \u00e4r l\u00e4tt att skriva r\u00e4tt - Ann Sj\u00f6strand\"\n            data-abs-nbr=\"\"\n            data-ystart=\"13.833333333333\"\n            data-yend=\"14.75\"\n            data-time=\"13:50-14:45\"\n            data-room=\"9\"\n            data-room-id=\"8d4e3f03-823f-4178-82f7-5d246c0bd647\"\n            data-room-name=\"Vingen 6+7\"\n            data-day=\"2\"\n            data-abs-path=\"\"\n            data-speaker=\"Ann Sj\u00f6strand\"\n            data-speakercell=\"Ann Sj\u00f6strand\"\n            data-info=\"&lt;b&gt;Moderator: &lt;\/b&gt;Brigitte Hauer Bj\u00f6rkman&lt;br&gt;&lt;br&gt;&lt;p&gt;F&amp;ouml;rel&amp;auml;sningen kommer bland annat att inneh&amp;aring;lla om f&amp;ouml;rkortningar, f&amp;ouml;rst&amp;aring;else, inneh&amp;aring;ll.&amp;nbsp;&lt;br \/&gt;Vem skrivs texten f&amp;ouml;r? Det &amp;auml;r viktigt att alla som l&amp;auml;ser texten f&amp;ouml;rst&amp;aring;r inneh&amp;aring;llet i texten som de l&amp;auml;ser. Det &amp;auml;r l&amp;auml;tt att texten blir &quot;hospitaliserad&quot; och m&amp;aring;nga anv&amp;auml;nder sig av egna interna f&amp;ouml;rkortningar som m&amp;aring;nga inte f&amp;ouml;rst&amp;aring;r inneh&amp;aring;llet i.&amp;nbsp;&lt;\/p&gt;&lt;br&gt;&lt;br&gt;\"\n            data-category=\"V\u00e5rdadministrat\u00f6r,Arbetsterapeut,Fysioterapeut,Sjuksk\u00f6terska,Undersk\u00f6terska\"\n            data-category-ids=\"52,53,54,48,50\"\n            data-span-all=\"\"\n                          style=\"background-color: #b3c03d; color: white;\"\n                      >\n\n            <div class=\"event_content\">\n              <div class=\"title\">\n                                <span>Det \u00e4r l\u00e4tt att skriva r\u00e4tt - Ann Sj\u00f6strand<\/span>\n              <\/div>\n              <div class=\"span_room\"><span><\/span><\/div>\n              <div class=\"time\">\n                <span>\n                  13:50-14:45                <\/span><\/div>\n\n              <div class=\"lecturer\"><span>Brigitte Hauer Bj\u00f6rkman<\/span><\/div>\n            <\/div>\n\n\n                                <div style=\"background-color:#b3c03d; position: absolute !important ; height: 4px !important; left: 4px; right: 4px; bottom : 2px !important;  border\"><\/div>\n            \n          <\/div>\n\n      \n          <div class=\"event event-extra\"\n            data-id=\"6df7abb8-f590-48bc-aff4-d87786184126\"\n            data-project=\"a44f2645-f465-4d20-9d12-e82cf6d97f2d\"\n            data-title=\"Svenska Skulder och Armb\u00e5gss\u00e4llskapet: Artroskopisk cuffsutur\"\n            data-abs-nbr=\"\"\n            data-ystart=\"14\"\n            data-yend=\"15\"\n            data-time=\"14:00-15:00\"\n            data-room=\"2\"\n            data-room-id=\"8d4e3eae-ee44-4f61-99bc-620941ba8aab\"\n            data-room-name=\"Hemerycksalen\"\n            data-day=\"2\"\n            data-abs-path=\"\"\n            data-speaker=\"Lars Adolfsson; Mats Ranebo; Kirsten Lundgreen\"\n            data-speakercell=\"Lars Adolfsson; Mats Ranebo; Kirsten Lundgreen\"\n            data-info=\"&lt;b&gt;Moderator: &lt;\/b&gt;Hanna Bj\u00f6rnsson Hallgren&lt;br&gt;&lt;br&gt;&lt;p&gt;&amp;nbsp;&lt;\/p&gt;\n&lt;table&gt;\n&lt;tbody&gt;\n&lt;tr&gt;\n&lt;td&gt;\n&lt;p&gt;Paneldiskussion&lt;\/p&gt;\n&lt;p&gt;Hur patienter med kuffruptur ska behandlas, vilka som ska erbjudas operativ behandling och n&amp;auml;r, &amp;auml;r f&amp;ouml;rem&amp;aring;l f&amp;ouml;r omfattande diskussion.&amp;nbsp;&lt;br \/&gt;Artroskopisk kuffsutur har &amp;ouml;kat dramatiskt trots f&amp;aring; randomiserade studier och ingen bevisad f&amp;ouml;rdel i relation till &amp;ouml;ppen sensutur.&amp;nbsp;&lt;br \/&gt;Under detta symposium kommer indikationer och teknik att diskuteras mellan de inbjudna f&amp;ouml;rel&amp;auml;sarna.&lt;\/p&gt;\n&lt;\/td&gt;\n&lt;\/tr&gt;\n&lt;\/tbody&gt;\n&lt;\/table&gt;&lt;br&gt;&lt;br&gt;\"\n            data-category=\"L\u00e4kare,Fysioterapeut\"\n            data-category-ids=\"47,54\"\n            data-span-all=\"\"\n                          style=\"background-color: #eb303a; color: white;\"\n                      >\n\n            <div class=\"event_content\">\n              <div class=\"title\">\n                                <span>Svenska Skulder och Armb\u00e5gss\u00e4llskapet: Artroskopisk cuffsutur<\/span>\n              <\/div>\n              <div class=\"span_room\"><span><\/span><\/div>\n              <div class=\"time\">\n                <span>\n                  14:00-15:00                <\/span><\/div>\n\n              <div class=\"lecturer\"><span>Hanna Bj\u00f6rnsson Hallgren<\/span><\/div>\n            <\/div>\n\n\n                                <div style=\"background-color:#eb303a; position: absolute !important ; height: 4px !important; left: 4px; right: 4px; bottom : 2px !important;  border\"><\/div>\n            \n          <\/div>\n\n      \n          <div class=\"event event-extra\"\n            data-id=\"4a0014f2-dd5e-4a3c-b203-9745aea7159c\"\n            data-project=\"a44f2645-f465-4d20-9d12-e82cf6d97f2d\"\n            data-title=\"Postervandring \u00d6vre\/rygg\/trauma\/kn\u00e4\"\n            data-abs-nbr=\"\"\n            data-ystart=\"14\"\n            data-yend=\"15\"\n            data-time=\"14:00-15:00\"\n            data-room=\"12\"\n            data-room-id=\"8d4e3f5c-67af-4d8e-afad-1479d2941cad\"\n            data-room-name=\"Utst\u00e4llningen\"\n            data-day=\"2\"\n            data-abs-path=\"\"\n            data-speaker=\"\"\n            data-speakercell=\"\"\n            data-info=\"&lt;b&gt;Moderatorer: &lt;\/b&gt;Anna Ekman; Karl Eriksson&lt;br&gt;&lt;br&gt;14:00-14:07: Percutaneous Endoscopic Lumbar Discectomy  VS  standard mini-open technique: A Register Controlled Cohort Study&lt;br&gt;&lt;small&gt;Joel Beck&lt;\/small&gt;&lt;br&gt;&lt;small&gt;&lt;a href='https:\/\/aic-atlas.s3.eu-north-1.amazonaws.com\/projects\/a44f2645-f465-4d20-9d12-e82cf6d97f2d\/documents\/TbX6NEYQyk36SfbNCXWBJKe4baD27cHeYaaozCJU.html' target='_blank'&gt;Show abstract&lt;\/a&gt;&lt;\/small&gt;&lt;br&gt;&lt;br\/&gt;14:07-14:14: Exercises that improve the ratio between lower and upper trapezius - an EMG review&lt;br&gt;&lt;small&gt;Rickard Saraiva&lt;\/small&gt;&lt;br&gt;&lt;small&gt;&lt;a href='https:\/\/aic-atlas.s3.eu-north-1.amazonaws.com\/projects\/a44f2645-f465-4d20-9d12-e82cf6d97f2d\/documents\/AnSSNO9ponz2adyByvkdV9u4Vh0zmUdGy6Hz8uMn.html' target='_blank'&gt;Show abstract&lt;\/a&gt;&lt;\/small&gt;&lt;br&gt;&lt;br\/&gt;14:14-14:21: Sagittal spinal alignment with low lumbar lordosis is over-represented in young individuals with symptomatic lumbar disc herniation&lt;br&gt;&lt;small&gt;Joel Beck&lt;\/small&gt;&lt;br&gt;&lt;small&gt;&lt;a href='https:\/\/aic-atlas.s3.eu-north-1.amazonaws.com\/projects\/a44f2645-f465-4d20-9d12-e82cf6d97f2d\/documents\/FVqZieZlzUdKtbBCKKkOZ1vX5NOZy96xBXUCE9MQ.html' target='_blank'&gt;Show abstract&lt;\/a&gt;&lt;\/small&gt;&lt;br&gt;&lt;br\/&gt;14:21-14:28: Evaluation of the e-service &quot;St\u00f6d &amp; Behandling&quot; for patients undergoing total knee artroplasty&lt;br&gt;&lt;small&gt;Karin Larsson&lt;\/small&gt;&lt;br&gt;&lt;small&gt;&lt;a href='https:\/\/aic-atlas.s3.eu-north-1.amazonaws.com\/projects\/a44f2645-f465-4d20-9d12-e82cf6d97f2d\/documents\/A2ko81voQO9c2ZyyuWH7oYmj5hX4Lchl8TUUHNJC.html' target='_blank'&gt;Show abstract&lt;\/a&gt;&lt;\/small&gt;&lt;br&gt;&lt;br\/&gt;14:28-14:35: Neuromuscular function of football players.  Comparison of neuromuscular function between boys and  girls before and after implementation of a neuromus cular  exercise programme&lt;br&gt;&lt;small&gt;Peter Edenholm&lt;\/small&gt;&lt;br&gt;&lt;small&gt;&lt;a href='https:\/\/aic-atlas.s3.eu-north-1.amazonaws.com\/projects\/a44f2645-f465-4d20-9d12-e82cf6d97f2d\/documents\/YqO2HWou8AQBOv5xd7aIbrIJkuJKbYxwAaYzbHTw.html' target='_blank'&gt;Show abstract&lt;\/a&gt;&lt;\/small&gt;&lt;br&gt;&lt;br\/&gt;14:35-14:42: STOP Leg Clots - Swedish multicenter Trial of Outpatient Prevention of Leg Clots&lt;br&gt;&lt;small&gt;Simon Svedman&lt;\/small&gt;&lt;br&gt;&lt;small&gt;&lt;a href='https:\/\/aic-atlas.s3.eu-north-1.amazonaws.com\/projects\/a44f2645-f465-4d20-9d12-e82cf6d97f2d\/documents\/y2yADAwYNzkVvJUG5JGJfc7SAfZsPwQ1yyt7Alvn.html' target='_blank'&gt;Show abstract&lt;\/a&gt;&lt;\/small&gt;&lt;br&gt;&lt;br\/&gt;14:42-14:49: High validity of the diagnosis &quot;open tibial fracture&quot; in the Swedish National Inpatient Register&lt;br&gt;&lt;small&gt;Ulrika Tampe&lt;\/small&gt;&lt;br&gt;&lt;small&gt;&lt;a href='https:\/\/aic-atlas.s3.eu-north-1.amazonaws.com\/projects\/a44f2645-f465-4d20-9d12-e82cf6d97f2d\/documents\/GaSxXgaLIp2bsdibIfZ60Dnt2Xt1TlAVeQ5GAkhz.html' target='_blank'&gt;Show abstract&lt;\/a&gt;&lt;\/small&gt;&lt;br&gt;&lt;br\/&gt;14:49-15:00: Functional movement pattern, training load and injuries among young elite golfers&lt;br&gt;&lt;small&gt;Marie Eder\u00f6 Ryding&lt;\/small&gt;&lt;br&gt;&lt;small&gt;&lt;a href='https:\/\/aic-atlas.s3.eu-north-1.amazonaws.com\/projects\/a44f2645-f465-4d20-9d12-e82cf6d97f2d\/documents\/xBI8q7RH1TRI5RkNA85Rmlc1F2xB7xcHba38dcca.html' target='_blank'&gt;Show abstract&lt;\/a&gt;&lt;\/small&gt;\"\n            data-category=\"Postervandringar\"\n            data-category-ids=\"194\"\n            data-span-all=\"\"\n                          style=\"background-color: #f6492b; color: white;\"\n                      >\n\n            <div class=\"event_content\">\n              <div class=\"title\">\n                                <span>Postervandring \u00d6vre\/rygg\/trauma\/kn\u00e4<\/span>\n              <\/div>\n              <div class=\"span_room\"><span><\/span><\/div>\n              <div class=\"time\">\n                <span>\n                  14:00-15:00                <\/span><\/div>\n\n              <div class=\"lecturer\"><span>Anna Ekman; Karl Eriksson<\/span><\/div>\n            <\/div>\n\n\n                                <div style=\"background-color:#f6492b; position: absolute !important ; height: 4px !important; left: 4px; right: 4px; bottom : 2px !important;  border\"><\/div>\n            \n          <\/div>\n\n      \n          <div class=\"event event-extra\"\n            data-id=\"68ec6ef4-6092-4cef-8d26-930ebd10ccce\"\n            data-project=\"a44f2645-f465-4d20-9d12-e82cf6d97f2d\"\n            data-title=\"Svensk Ryggkirurgisk F\u00f6rening: Kotpelarskador \u2013fr\u00e5n vaggan till graven\"\n            data-abs-nbr=\"\"\n            data-ystart=\"15.5\"\n            data-yend=\"16.833333333333\"\n            data-time=\"15:30-16:50\"\n            data-room=\"2\"\n            data-room-id=\"8d4e3eae-ee44-4f61-99bc-620941ba8aab\"\n            data-room-name=\"Hemerycksalen\"\n            data-day=\"2\"\n            data-abs-path=\"\"\n            data-speaker=\"\"\n            data-speakercell=\"\"\n            data-info=\"&lt;b&gt;Moderator: &lt;\/b&gt;Hans Tropp&lt;br&gt;&lt;br&gt;&lt;table&gt;\n&lt;tbody&gt;\n&lt;tr&gt;\n&lt;td&gt;Skador p&amp;aring; kotpelaren &amp;auml;r allvarliga genom kopplingen till potentiell skada p&amp;aring; ryggm&amp;auml;rgen.&amp;nbsp;&lt;br \/&gt;Vi pratar om &amp;rdquo;stabilitet&amp;rdquo; p&amp;aring; kort och l&amp;aring;ng sikt, vilket styr behovet av kirurgisk behandling.&amp;nbsp;&lt;br \/&gt;Detta symposium kommer att ta upp skador i olika &amp;aring;ldrar &amp;ndash; fr&amp;aring;n skador p&amp;aring; barn och vuxna till osteoporosrelaterade frakturer. Vi kommer att presentera enkla klassifikationer och principer f&amp;ouml;r bed&amp;ouml;mning och handl&amp;auml;ggning av frakturer i hals-, br&amp;ouml;st- och l&amp;auml;ndrygg.&amp;nbsp;&lt;br \/&gt;&lt;br \/&gt;&lt;\/td&gt;\n&lt;\/tr&gt;\n&lt;\/tbody&gt;\n&lt;\/table&gt;&lt;br&gt;&lt;br&gt;15:30-15:40: Barn med ryggm\u00e4rgsskada utan fraktur \u2013 algoritm f\u00f6r handl\u00e4ggning&lt;br&gt;&lt;small&gt;Hans Tropp&lt;\/small&gt;&lt;br&gt;&lt;br\/&gt;15:40-16:00: Cervikaltrauma&lt;br&gt;&lt;small&gt;Helena Brisby&lt;\/small&gt;&lt;br&gt;&lt;br\/&gt;16:00-16:05: Fall&lt;br&gt;&lt;small&gt;Helena Brisby&lt;\/small&gt;&lt;br&gt;&lt;br\/&gt;16:05-16:20: Torakolumbal fraktur&lt;br&gt;&lt;small&gt;Hans Tropp&lt;\/small&gt;&lt;br&gt;&lt;br\/&gt;16:20-16:25: Fall&lt;br&gt;&lt;small&gt;Hans Tropp&lt;\/small&gt;&lt;br&gt;&lt;br\/&gt;16:25-16:40: Osteoporosrelaterade frakturer&lt;br&gt;&lt;small&gt;Ralph Hasserius&lt;\/small&gt;&lt;br&gt;&lt;br\/&gt;16:40-16:45: Fall&lt;br&gt;&lt;small&gt;Ralph Hasserius&lt;\/small&gt;&lt;br&gt;&lt;br\/&gt;16:45-16:50: Fr\u00e5gor\"\n            data-category=\"L\u00e4kare\"\n            data-category-ids=\"47\"\n            data-span-all=\"\"\n                          style=\"background-color: #eb303a; color: white;\"\n                      >\n\n            <div class=\"event_content\">\n              <div class=\"title\">\n                                <span>Svensk Ryggkirurgisk F\u00f6rening: Kotpelarskador \u2013fr\u00e5n vaggan till graven<\/span>\n              <\/div>\n              <div class=\"span_room\"><span><\/span><\/div>\n              <div class=\"time\">\n                <span>\n                  15:30-16:50                <\/span><\/div>\n\n              <div class=\"lecturer\"><span>Hans Tropp<\/span><\/div>\n            <\/div>\n\n\n                                <div style=\"background-color:#eb303a; position: absolute !important ; height: 4px !important; left: 4px; right: 4px; bottom : 2px !important;  border\"><\/div>\n            \n          <\/div>\n\n      \n          <div class=\"event event-extra\"\n            data-id=\"ce842854-28b3-4395-90cb-5b2fcf2fd113\"\n            data-project=\"a44f2645-f465-4d20-9d12-e82cf6d97f2d\"\n            data-title=\"Rebellkirurgen - Erik Erichsen\"\n            data-abs-nbr=\"\"\n            data-ystart=\"15.75\"\n            data-yend=\"16.75\"\n            data-time=\"15:45-16:45\"\n            data-room=\"0\"\n            data-room-id=\"8d4e3dd9-ce4c-4323-b414-2740c00d9454\"\n            data-room-name=\"De Geerhallen\"\n            data-day=\"2\"\n            data-abs-path=\"\"\n            data-speaker=\"Erik Erichsen\"\n            data-speakercell=\"Erik Erichsen\"\n            data-info=\"&lt;b&gt;Moderator: &lt;\/b&gt;Birgitta Lagerqvist&lt;br&gt;&lt;br&gt;&lt;table&gt;\n&lt;tbody&gt;\n&lt;tr&gt;\n&lt;td&gt;\n&lt;table&gt;\n&lt;tbody&gt;\n&lt;tr&gt;\n&lt;td&gt;\n&lt;p&gt;Erik Erichsen blev k&amp;auml;nd f&amp;ouml;r allm&amp;auml;nheten genom TV-dokument&amp;auml;ren &amp;rdquo;Rebellkirurgen &amp;rdquo;, som visade hur han tillsammans med sin fru, arbetade i Etiopien under utsatta f&amp;ouml;rh&amp;aring;llanden med sm&amp;aring; medel, enkla l&amp;ouml;sningar och innovativa s&amp;auml;tt att anv&amp;auml;nda det som finns till hands.&lt;\/p&gt;\n&lt;p&gt;Han har sedan f&amp;ouml;rel&amp;auml;st och kontrasterat v&amp;aring;r svenska v&amp;aring;rd mot den etiopiska, och kommer i en f&amp;ouml;rel&amp;auml;sning , som modereras av chefl&amp;auml;kare Birgitta Lagerqvist , ta oss med p&amp;aring; sin resa! V&amp;aring;ra utmaningar och problem skiljer sig f&amp;ouml;rst&amp;aring;s markant, men kanske finns saker att l&amp;auml;ra?&lt;\/p&gt;\n&lt;\/td&gt;\n&lt;\/tr&gt;\n&lt;\/tbody&gt;\n&lt;\/table&gt;\n&lt;\/td&gt;\n&lt;\/tr&gt;\n&lt;\/tbody&gt;\n&lt;\/table&gt;&lt;br&gt;&lt;br&gt;\"\n            data-category=\"Arbetsterapeut,Fysioterapeut,L\u00e4kare,Operationssk\u00f6terska,Sjuksk\u00f6terska,Undersk\u00f6terska,V\u00e5rdadministrat\u00f6r\"\n            data-category-ids=\"53,54,47,49,48,50,52\"\n            data-span-all=\"\"\n                          style=\"background-color: #4354b1; color: white;\"\n                      >\n\n            <div class=\"event_content\">\n              <div class=\"title\">\n                                <span>Rebellkirurgen - Erik Erichsen<\/span>\n              <\/div>\n              <div class=\"span_room\"><span><\/span><\/div>\n              <div class=\"time\">\n                <span>\n                  15:45-16:45                <\/span><\/div>\n\n              <div class=\"lecturer\"><span>Birgitta Lagerqvist<\/span><\/div>\n            <\/div>\n\n\n                                <div style=\"background-color:#4354b1; position: absolute !important ; height: 4px !important; left: 4px; right: 4px; bottom : 2px !important;  border\"><\/div>\n            \n          <\/div>\n\n      \n          <div class=\"event event-extra\"\n            data-id=\"30e62f02-6541-42ce-92ee-baf68b06f72e\"\n            data-project=\"a44f2645-f465-4d20-9d12-e82cf6d97f2d\"\n            data-title=\"Fria f\u00f6redrag IV\"\n            data-abs-nbr=\"\"\n            data-ystart=\"15.75\"\n            data-yend=\"16.75\"\n            data-time=\"15:45-16:45\"\n            data-room=\"6\"\n            data-room-id=\"8d4e3eca-bf06-4071-a254-2a1e33b1a8fd\"\n            data-room-name=\"Vingen 3+4\"\n            data-day=\"2\"\n            data-abs-path=\"\"\n            data-speaker=\"\"\n            data-speakercell=\"\"\n            data-info=\"&lt;b&gt;Moderator: &lt;\/b&gt;Maria C\u00f6ster&lt;br&gt;&lt;br&gt;15:45-15:57: Education, home exercise and supervised exercise for people with hip and knee osteoarthritis as part of a nationwide implementation programme: data from the BOA registry.&lt;br&gt;&lt;small&gt;Andrea Dell'Isola&lt;\/small&gt;&lt;br&gt;&lt;small&gt;&lt;a href='https:\/\/aic-atlas.s3.eu-north-1.amazonaws.com\/projects\/a44f2645-f465-4d20-9d12-e82cf6d97f2d\/documents\/VBCHVe6B0a5Crp8gZQCSaN7Hd8PK891uItmSsC7a.html' target='_blank'&gt;Show abstract&lt;\/a&gt;&lt;\/small&gt;&lt;br&gt;&lt;br\/&gt;15:57-16:09: Meniscal body extrusion and the association with knee pain&lt;br&gt;&lt;small&gt;Fredrik Svensson&lt;\/small&gt;&lt;br&gt;&lt;small&gt;&lt;a href='https:\/\/aic-atlas.s3.eu-north-1.amazonaws.com\/projects\/a44f2645-f465-4d20-9d12-e82cf6d97f2d\/documents\/J8DnxJ5IvMX3w7i8zgPvGsSKYqJys5A66vKYgZM2.html' target='_blank'&gt;Show abstract&lt;\/a&gt;&lt;\/small&gt;&lt;br&gt;&lt;br\/&gt;16:09-16:21: Trends in the Use of Knee Arthroscopies in Sweden 2002-2016 \u2013 A Population-based Nationwide Study&lt;br&gt;&lt;small&gt;Cecilia Liu&lt;\/small&gt;&lt;br&gt;&lt;small&gt;&lt;a href='https:\/\/aic-atlas.s3.eu-north-1.amazonaws.com\/projects\/a44f2645-f465-4d20-9d12-e82cf6d97f2d\/documents\/Y0YBenA2Njdl7BwDfF5etRtz0IQs0itNcUYJQHpB.html' target='_blank'&gt;Show abstract&lt;\/a&gt;&lt;\/small&gt;&lt;br&gt;&lt;br\/&gt;16:21-16:33: Early Functional Mobilization Does Not Reduce the Risk of Deep Vein Thrombosis During Postoperative Leg Immobilization \u2212 A Randomized Trial on Achilles Tendon Rupture&lt;br&gt;&lt;small&gt;Sanna Aufwerber&lt;\/small&gt;&lt;br&gt;&lt;small&gt;&lt;a href='https:\/\/aic-atlas.s3.eu-north-1.amazonaws.com\/projects\/a44f2645-f465-4d20-9d12-e82cf6d97f2d\/documents\/CKp6m1AiulkFHXAbBLWtOl1SF1tmGzUMFT5bWrjo.html' target='_blank'&gt;Show abstract&lt;\/a&gt;&lt;\/small&gt;&lt;br&gt;&lt;br\/&gt;16:33-16:45: Pedobarograph and patient reported outcome after hallux valgus surgery&lt;br&gt;&lt;small&gt;Mohanad Al-bayati&lt;\/small&gt;&lt;br&gt;&lt;small&gt;&lt;a href='https:\/\/aic-atlas.s3.eu-north-1.amazonaws.com\/projects\/a44f2645-f465-4d20-9d12-e82cf6d97f2d\/documents\/X4yq7tKtuqTPgtqRVuIt42IwdnGRVyLPrs3UyZUr.html' target='_blank'&gt;Show abstract&lt;\/a&gt;&lt;\/small&gt;\"\n            data-category=\"Arbetsterapeut,Fysioterapeut,Gipstekniker,L\u00e4kare,Operationssk\u00f6terska,Sjuksk\u00f6terska,Undersk\u00f6terska,V\u00e5rdadministrat\u00f6r\"\n            data-category-ids=\"53,54,51,47,49,48,50,52\"\n            data-span-all=\"\"\n                          style=\"background-color: #4354b1; color: white;\"\n                      >\n\n            <div class=\"event_content\">\n              <div class=\"title\">\n                                <span>Fria f\u00f6redrag IV<\/span>\n              <\/div>\n              <div class=\"span_room\"><span><\/span><\/div>\n              <div class=\"time\">\n                <span>\n                  15:45-16:45                <\/span><\/div>\n\n              <div class=\"lecturer\"><span>Maria C\u00f6ster<\/span><\/div>\n            <\/div>\n\n\n                                <div style=\"background-color:#4354b1; position: absolute !important ; height: 4px !important; left: 4px; right: 4px; bottom : 2px !important;  border\"><\/div>\n            \n          <\/div>\n\n      \n          <div class=\"event event-extra\"\n            data-id=\"50991db2-819f-4799-8b9f-f12beb1bd9db\"\n            data-project=\"a44f2645-f465-4d20-9d12-e82cf6d97f2d\"\n            data-title=\"Do's and Dont's in pelvic trauma\"\n            data-abs-nbr=\"\"\n            data-ystart=\"8\"\n            data-yend=\"9.3333333333333\"\n            data-time=\"08:00-09:20\"\n            data-room=\"0\"\n            data-room-id=\"8d4e3dd9-ce4c-4323-b414-2740c00d9454\"\n            data-room-name=\"De Geerhallen\"\n            data-day=\"3\"\n            data-abs-path=\"\"\n            data-speaker=\"\"\n            data-speakercell=\"\"\n            data-info=\"&lt;b&gt;Moderator: &lt;\/b&gt;J\u00f6rg Schilcher&lt;br&gt;&lt;br&gt;&lt;p&gt;&amp;nbsp;&lt;\/p&gt;\n&lt;table&gt;\n&lt;tbody&gt;\n&lt;tr&gt;\n&lt;td&gt;\n&lt;p&gt;B&amp;auml;ckenfrakturer tillh&amp;ouml;r den grupp ortopediska skador som kan vara akut livshotande och vars handl&amp;auml;ggning varje ortopedspecialist b&amp;ouml;r ha basal kunskap om. Hantering av dessa patienter under hela kedjan fr&amp;aring;n skadeplats till slutbehandling p&amp;aring;verkar utfallet. Kan man n&amp;aring; f&amp;ouml;rb&amp;auml;ttrade resultat med centraliserad organisation d&amp;auml;r redan den prehospitala v&amp;aring;rden involveras?&lt;\/p&gt;\n&lt;p&gt;Erfarenheter fr&amp;aring;n s&amp;aring;dan organisation i England delges av g&amp;auml;stf&amp;ouml;rel&amp;auml;saren Mehool Acharya. Hur ska kombinationen cirkulatoriskt instabil patient med b&amp;auml;ckenfraktur behandlas? Hur ska man planera f&amp;ouml;r slutgiltig stabilisering? Och hur ska man hantera sakrumfrakturer?&lt;br \/&gt;Symposiet diskuterar detta och kommer med handfasta r&amp;aring;d.&lt;\/p&gt;\n&lt;p&gt;Symposiet h&amp;aring;lls p&amp;aring; Engelska.&lt;br \/&gt;&lt;br \/&gt;&lt;br \/&gt;&lt;\/p&gt;\n&lt;\/td&gt;\n&lt;\/tr&gt;\n&lt;\/tbody&gt;\n&lt;\/table&gt;&lt;br&gt;&lt;br&gt;08:00-08:05: Introduktion&lt;br&gt;&lt;small&gt;J\u00f6rg Schilcher&lt;\/small&gt;&lt;br&gt;&lt;br\/&gt;08:05-08:30: Pelvic trauma \u2013 Emergency management&lt;br&gt;&lt;small&gt;Mehool Acharya&lt;\/small&gt;&lt;br&gt;&lt;br\/&gt;08:30-08:50: B\u00e4ckenfrakturer \u2013 ortopedkirurgiska aspekter&lt;br&gt;&lt;small&gt;Peter Str\u00f6m&lt;\/small&gt;&lt;br&gt;&lt;br\/&gt;08:50-09:10: Sakrumfrakturer och spinopelvisk fixation&lt;br&gt;&lt;small&gt;Hans Tropp&lt;\/small&gt;&lt;br&gt;&lt;br\/&gt;09:10-09:20: Diskussion\"\n            data-category=\"L\u00e4kare\"\n            data-category-ids=\"47\"\n            data-span-all=\"\"\n                          style=\"background-color: #eb303a; color: white;\"\n                      >\n\n            <div class=\"event_content\">\n              <div class=\"title\">\n                                <span>Do's and Dont's in pelvic trauma<\/span>\n              <\/div>\n              <div class=\"span_room\"><span><\/span><\/div>\n              <div class=\"time\">\n                <span>\n                  08:00-09:20                <\/span><\/div>\n\n              <div class=\"lecturer\"><span>J\u00f6rg Schilcher<\/span><\/div>\n            <\/div>\n\n\n                                <div style=\"background-color:#eb303a; position: absolute !important ; height: 4px !important; left: 4px; right: 4px; bottom : 2px !important;  border\"><\/div>\n            \n          <\/div>\n\n      \n          <div class=\"event event-extra\"\n            data-id=\"30f8fccc-775d-4ac4-afb3-230905183cd1\"\n            data-project=\"a44f2645-f465-4d20-9d12-e82cf6d97f2d\"\n            data-title=\"Metatarsalfrakturer - frakturerna som gl\u00f6mdes bort\"\n            data-abs-nbr=\"\"\n            data-ystart=\"8\"\n            data-yend=\"9.3333333333333\"\n            data-time=\"08:00-09:20\"\n            data-room=\"1\"\n            data-room-id=\"8d4e3e47-b348-40db-af90-fc05f2c56604\"\n            data-room-name=\"Flygeln\"\n            data-day=\"3\"\n            data-abs-path=\"\"\n            data-speaker=\"\"\n            data-speakercell=\"\"\n            data-info=\"&lt;b&gt;Moderator: &lt;\/b&gt;Emil Kilander&lt;br&gt;&lt;br&gt;&lt;p&gt;De flesta metatarsalfrakturer handl&amp;auml;ggs p&amp;aring; akuten och m&amp;aring;nga av patienterna kommer aldrig tr&amp;auml;ffa en ortopedl&amp;auml;kare. Men &amp;auml;r dessa vanliga frakturer harml&amp;ouml;sa? En del &amp;auml;r det, andra inte. En del l&amp;auml;ker bra utan n&amp;aring;gon behandling och andra kan ge best&amp;aring;ende belastningssm&amp;auml;rtor. N&amp;auml;r foten inte fungerar m&amp;auml;rker vi det ganska snart&amp;hellip;.&amp;nbsp;&lt;br \/&gt;&lt;br \/&gt;Denna g&amp;aring;ng l&amp;auml;mnar vi Lisfranks led och g&amp;aring;r ett steg ned. Vi g&amp;ouml;r ett f&amp;ouml;rs&amp;ouml;k att bena upp mekaniken i framfoten i f&amp;ouml;rh&amp;aring;llande till metatarsalbensfrakturer. Lyssnar p&amp;aring; vad frakturregistret kan s&amp;auml;ga oss och f&amp;ouml;rs&amp;ouml;ker, trots viss brist p&amp;aring; forskning lyfta fram fallgroparna.&lt;br \/&gt;&lt;br \/&gt;&lt;br \/&gt;&lt;\/p&gt;&lt;br&gt;&lt;br&gt;08:00-08:10: Inledning&lt;br&gt;&lt;small&gt;Emil Kilander&lt;\/small&gt;&lt;br&gt;&lt;br\/&gt;08:10-08:35: Biomekanik -Vad h\u00e4nder med belastningen n\u00e4r det g\u00e5r snett?&lt;br&gt;&lt;small&gt;Maria C\u00f6ster&lt;\/small&gt;&lt;br&gt;&lt;br\/&gt;08:35-09:00: Hur b\u00f6r vi behandla metatarsalbensfrakturer? Vad kan data fr\u00e5n frakturregistret l\u00e4ra oss och vad s\u00e4ger erfarenheten?&lt;br&gt;&lt;small&gt;Michael M\u00f6ller&lt;\/small&gt;&lt;br&gt;&lt;br\/&gt;09:00-09:20: Falldiskussioner\"\n            data-category=\"L\u00e4kare\"\n            data-category-ids=\"47\"\n            data-span-all=\"\"\n                          style=\"background-color: #eb303a; color: white;\"\n                      >\n\n            <div class=\"event_content\">\n              <div class=\"title\">\n                                <span>Metatarsalfrakturer - frakturerna som gl\u00f6mdes bort<\/span>\n              <\/div>\n              <div class=\"span_room\"><span><\/span><\/div>\n              <div class=\"time\">\n                <span>\n                  08:00-09:20                <\/span><\/div>\n\n              <div class=\"lecturer\"><span>Emil Kilander<\/span><\/div>\n            <\/div>\n\n\n                                <div style=\"background-color:#eb303a; position: absolute !important ; height: 4px !important; left: 4px; right: 4px; bottom : 2px !important;  border\"><\/div>\n            \n          <\/div>\n\n      \n          <div class=\"event event-extra\"\n            data-id=\"378c6ef5-ca17-48fa-881e-6156fb09f8e8\"\n            data-project=\"a44f2645-f465-4d20-9d12-e82cf6d97f2d\"\n            data-title=\"Teamarbete p\u00e5 ortopedmottagningen f\u00f6r f\u00f6rb\u00e4ttrad tillg\u00e4nglighet och snabbare behandling\"\n            data-abs-nbr=\"\"\n            data-ystart=\"8\"\n            data-yend=\"9.5\"\n            data-time=\"08:00-09:30\"\n            data-room=\"2\"\n            data-room-id=\"8d4e3eae-ee44-4f61-99bc-620941ba8aab\"\n            data-room-name=\"Hemerycksalen\"\n            data-day=\"3\"\n            data-abs-path=\"\"\n            data-speaker=\"\"\n            data-speakercell=\"\"\n            data-info=\"&lt;b&gt;Moderator: &lt;\/b&gt;Teresa Holmgren&lt;br&gt;&lt;br&gt;&lt;p&gt;Hur optimerar vi omh&amp;auml;ndertagandet av patienter som remitteras till ortopeden? I V&amp;auml;ster&amp;aring;s &amp;auml;r specialiserade fysioterapeuter f&amp;ouml;rsta instans vid bed&amp;ouml;mning av patienter med axelproblem och i Uppsala bed&amp;ouml;mer fysioterapeuter prim&amp;auml;rt patienter som remitterats till rygg- respektive fotsektionen. Genom ett mycket n&amp;auml;ra samarbete ortoped&amp;ndash;fysioterapeut f&amp;aring;r patienten snabbare en diagnos och korrekt behandling, antalet l&amp;auml;karbes&amp;ouml;k reduceras och remittenten f&amp;aring;r snabbare remissvar. Kan detta arbetss&amp;auml;tt implementeras p&amp;aring; fler ortopedkliniker?&lt;\/p&gt;&lt;br&gt;&lt;br&gt;08:00-08:30: Bed\u00f6mning av axelpatienter&lt;br&gt;&lt;small&gt;Magnus Wennerlund&lt;\/small&gt;&lt;br&gt;&lt;br\/&gt;08:30-09:00: Bed\u00f6mning av ryggpatienter&lt;br&gt;&lt;small&gt;Peter F\u00f6rsth; Jenny Olofsson; Marie Flink&lt;\/small&gt;&lt;br&gt;&lt;br\/&gt;09:00-09:20: Bed\u00f6mning av fotpatienter&lt;br&gt;&lt;small&gt;Anna Sprinchorn; Maria Kyhlb\u00e4ck&lt;\/small&gt;&lt;br&gt;&lt;br\/&gt;09:20-09:30: Diskussion\"\n            data-category=\"Fysioterapeut,L\u00e4kare\"\n            data-category-ids=\"54,47\"\n            data-span-all=\"\"\n                          style=\"background-color: #f89121; color: white;\"\n                      >\n\n            <div class=\"event_content\">\n              <div class=\"title\">\n                                <span>Teamarbete p\u00e5 ortopedmottagningen f\u00f6r f\u00f6rb\u00e4ttrad tillg\u00e4nglighet och snabbare behandling<\/span>\n              <\/div>\n              <div class=\"span_room\"><span><\/span><\/div>\n              <div class=\"time\">\n                <span>\n                  08:00-09:30                <\/span><\/div>\n\n              <div class=\"lecturer\"><span>Teresa Holmgren<\/span><\/div>\n            <\/div>\n\n\n                                <div style=\"background-color:#f89121; position: absolute !important ; height: 4px !important; left: 4px; right: 4px; bottom : 2px !important;  border\"><\/div>\n            \n          <\/div>\n\n      \n          <div class=\"event event-extra\"\n            data-id=\"d3ea59b7-39cc-45d1-bdf5-d23ff56f200c\"\n            data-project=\"a44f2645-f465-4d20-9d12-e82cf6d97f2d\"\n            data-title=\"Svensk Artroskopisk F\u00f6rening: Menisksubstitution - Karl Eriksson och Mats Brittberg\"\n            data-abs-nbr=\"\"\n            data-ystart=\"8\"\n            data-yend=\"9.3333333333333\"\n            data-time=\"08:00-09:20\"\n            data-room=\"6\"\n            data-room-id=\"8d4e3eca-bf06-4071-a254-2a1e33b1a8fd\"\n            data-room-name=\"Vingen 3+4\"\n            data-day=\"3\"\n            data-abs-path=\"\"\n            data-speaker=\"Karl Eriksson; Mats Brittberg\"\n            data-speakercell=\"Karl Eriksson; Mats Brittberg\"\n            data-info=\"&lt;p&gt;Meniskens betydelse f&amp;ouml;r att skydda kn&amp;auml;ts ledyta och f&amp;ouml;rhindra tidig artros &amp;auml;r numer oomtvistad och en anledning till meniskbevarande kirurgi hos yngre patienter blivit allt vanligare. Men vad g&amp;ouml;r man om patienten f&amp;aring;tt en omfattande meniskskada d&amp;auml;r sutur inte &amp;auml;r genomf&amp;ouml;rbar eller d&amp;auml;r suturererad menisk havererat och patienten har unikompartmentell sm&amp;auml;rta? Menisksubstitution &amp;auml;r idag ett alternativ, antingen med scaffold eller autologt menisktransplantat. Mats Brittberg och Karl Eriksson kommer p&amp;aring; SAF-symposiet &amp;rdquo;Menisksubstition&amp;rdquo; f&amp;ouml;rmedla indikationer, prognos och risker med denna typ av kirurgi samt ge en bild av framtida utveckling.&lt;\/p&gt;\n&lt;p&gt;&amp;nbsp;&lt;\/p&gt;\n&lt;p&gt;&amp;nbsp;&lt;\/p&gt;\n&lt;p&gt;&amp;nbsp;&lt;\/p&gt;&lt;br&gt;&lt;br&gt;08:00-08:30: Menisktransplantation\/substitution med  autologt Semitendinosus graft, tidiga erfarenheter fr\u00e5n en prospektiv kohortstudie&lt;br&gt;&lt;small&gt;Karl Eriksson&lt;\/small&gt;&lt;br&gt;&lt;br\/&gt;08:30-08:55: Artificiella menisksubstitut; typer, indikationer och kliniska resultat&lt;br&gt;&lt;small&gt;Mats Brittberg&lt;\/small&gt;&lt;br&gt;&lt;br\/&gt;08:55-09:00: Diskussion och fr\u00e5gor kring menisksubstitution&lt;br&gt;&lt;br\/&gt;09:00-09:20: Svensk Artroskopisk F\u00f6rening (Styrelsen)\"\n            data-category=\"L\u00e4kare,Fysioterapeut\"\n            data-category-ids=\"47,54\"\n            data-span-all=\"\"\n                          style=\"background-color: #eb303a; color: white;\"\n                      >\n\n            <div class=\"event_content\">\n              <div class=\"title\">\n                                <span>Svensk Artroskopisk F\u00f6rening: Menisksubstitution - Karl Eriksson och Mats Brittberg<\/span>\n              <\/div>\n              <div class=\"span_room\"><span><\/span><\/div>\n              <div class=\"time\">\n                <span>\n                  08:00-09:20                <\/span><\/div>\n\n              \n            <\/div>\n\n\n                                <div style=\"background-color:#eb303a; position: absolute !important ; height: 4px !important; left: 4px; right: 4px; bottom : 2px !important;  border\"><\/div>\n            \n          <\/div>\n\n      \n          <div class=\"event event-extra\"\n            data-id=\"78892996-5c7e-49d6-8522-9d4f833a0673\"\n            data-project=\"a44f2645-f465-4d20-9d12-e82cf6d97f2d\"\n            data-title=\"Safe bladder projektet - Maria Fr\u00f6din\"\n            data-abs-nbr=\"\"\n            data-ystart=\"8\"\n            data-yend=\"9\"\n            data-time=\"08:00-09:00\"\n            data-room=\"9\"\n            data-room-id=\"8d4e3f03-823f-4178-82f7-5d246c0bd647\"\n            data-room-name=\"Vingen 6+7\"\n            data-day=\"3\"\n            data-abs-path=\"\"\n            data-speaker=\"Maria Fr\u00f6din\"\n            data-speakercell=\"Maria Fr\u00f6din\"\n            data-info=\"&lt;p&gt;Safe Bladder studien syftar till att minska kateterrelaterade urinv&amp;auml;gsinfektioner samt &amp;ouml;verfylld urinbl&amp;aring;sa hos &amp;auml;ldre patienter, &amp;gt;65 &amp;aring;r, som genomg&amp;aring;r h&amp;ouml;ftfrakturkirurgi.&amp;nbsp;&lt;br \/&gt;Studien &amp;auml;r en &quot;bundle&quot; intervention som innefattar ett samskapande av ett &quot;KAD k&amp;ouml;rkort&quot; och ett m&amp;aring;lstyrt KAD protokoll d&amp;auml;r sjuksk&amp;ouml;terskorna f&amp;aring;r besluta om KAD behandling, uppr&amp;auml;tta en avvecklingsplan samt avsluta KAD, i samband med h&amp;ouml;ftfrakturkirurgi.&lt;\/p&gt;\n&lt;p&gt;Deltagande enheter &amp;auml;r akutavdelningen, operation\/postoperativa enheten samt geriatrikavdelningarna p&amp;aring; Sahlgrenska universitetssjukhuset\/M&amp;ouml;lndal.&lt;br \/&gt;Utfallsm&amp;aring;tten &amp;auml;r urinv&amp;auml;gskateterrelaterad UVI, &amp;ouml;verfylld urinbl&amp;aring;sa samt utv&amp;auml;rdera det sjuksk&amp;ouml;terskestyrt protokoll KAD protokollet.&amp;nbsp;&amp;nbsp;&lt;\/p&gt;&lt;br&gt;&lt;br&gt;\"\n            data-category=\"Operationssk\u00f6terska,Sjuksk\u00f6terska,Undersk\u00f6terska\"\n            data-category-ids=\"49,48,50\"\n            data-span-all=\"\"\n                          style=\"background-color: #299787; color: white;\"\n                      >\n\n            <div class=\"event_content\">\n              <div class=\"title\">\n                                <span>Safe bladder projektet - Maria Fr\u00f6din<\/span>\n              <\/div>\n              <div class=\"span_room\"><span><\/span><\/div>\n              <div class=\"time\">\n                <span>\n                  08:00-09:00                <\/span><\/div>\n\n              \n            <\/div>\n\n\n                                <div style=\"background-color:#299787; position: absolute !important ; height: 4px !important; left: 4px; right: 4px; bottom : 2px !important;  border\"><\/div>\n            \n          <\/div>\n\n      \n          <div class=\"event event-extra\"\n            data-id=\"a67020c0-a175-49f2-95af-4c992c44743b\"\n            data-project=\"a44f2645-f465-4d20-9d12-e82cf6d97f2d\"\n            data-title=\"Fria f\u00f6redrag V\"\n            data-abs-nbr=\"\"\n            data-ystart=\"8\"\n            data-yend=\"9\"\n            data-time=\"08:00-09:00\"\n            data-room=\"10\"\n            data-room-id=\"8d4e3f20-50f4-4f2e-9fe7-20d3f379e9fc\"\n            data-room-name=\"Vingen 8\"\n            data-day=\"3\"\n            data-abs-path=\"\"\n            data-speaker=\"\"\n            data-speakercell=\"\"\n            data-info=\"&lt;b&gt;Moderator: &lt;\/b&gt;Nils Hailer&lt;br&gt;&lt;br&gt;08:00-08:12: Long-term results after percutaneous needle fasciotomy for Dupuytren's contracture&lt;br&gt;&lt;small&gt;Anna Zachrisson&lt;\/small&gt;&lt;br&gt;&lt;small&gt;&lt;a href='https:\/\/aic-atlas.s3.eu-north-1.amazonaws.com\/projects\/a44f2645-f465-4d20-9d12-e82cf6d97f2d\/documents\/3flre4dgMN5Y3BPXAJvLHElLj8adjzxvyCSUmY2B.html' target='_blank'&gt;Show abstract&lt;\/a&gt;&lt;\/small&gt;&lt;br&gt;&lt;br\/&gt;08:12-08:24: Socioeconomic factors and outcome after surgically treated ulnar nerve entrapment - a national registry-based study&lt;br&gt;&lt;small&gt;Malin Zimmerman&lt;\/small&gt;&lt;br&gt;&lt;small&gt;&lt;a href='https:\/\/aic-atlas.s3.eu-north-1.amazonaws.com\/projects\/a44f2645-f465-4d20-9d12-e82cf6d97f2d\/documents\/s0Lily7QxtYvyLGrFRuDKA9Hv4zesCh1PkMaau6n.html' target='_blank'&gt;Show abstract&lt;\/a&gt;&lt;\/small&gt;&lt;br&gt;&lt;br\/&gt;08:24-08:36: Total- and hemi shoulder arthroplasty in patients with glenohumeral osteoarthritis - A registry based long-term comparison&lt;br&gt;&lt;small&gt;Erica Domeij Arverud&lt;\/small&gt;&lt;br&gt;&lt;small&gt;&lt;a href='https:\/\/aic-atlas.s3.eu-north-1.amazonaws.com\/projects\/a44f2645-f465-4d20-9d12-e82cf6d97f2d\/documents\/kWvd8AntmZd1sM0VID9Q5cr4YacbfLkPEbx6IgJf.html' target='_blank'&gt;Show abstract&lt;\/a&gt;&lt;\/small&gt;&lt;br&gt;&lt;br\/&gt;08:36-08:48: Uncemented stemmed versus stemless total shoulder arthroplasty in osteoarthritis - A registry-based follow-up&lt;br&gt;&lt;small&gt;Erica Domeij Arverud&lt;\/small&gt;&lt;br&gt;&lt;small&gt;&lt;a href='https:\/\/aic-atlas.s3.eu-north-1.amazonaws.com\/projects\/a44f2645-f465-4d20-9d12-e82cf6d97f2d\/documents\/3ddQT4yXzC3Z9dv7b9EKxWViIB09aAfApnN6QM43.html' target='_blank'&gt;Show abstract&lt;\/a&gt;&lt;\/small&gt;&lt;br&gt;&lt;br\/&gt;08:48-09:00: Bone marrow-derived cells but not chondrocytes having a decisive role in a new cartilage matrix formation as proven by an 3-D model for microfracture in vitro&lt;br&gt;&lt;small&gt;Nenad Andjelkov&lt;\/small&gt;&lt;br&gt;&lt;small&gt;&lt;a href='https:\/\/aic-atlas.s3.eu-north-1.amazonaws.com\/projects\/a44f2645-f465-4d20-9d12-e82cf6d97f2d\/documents\/3KxC6elR8nQQgKMQJY9pceTTTRcVfYTT9mESwAWE.html' target='_blank'&gt;Show abstract&lt;\/a&gt;&lt;\/small&gt;\"\n            data-category=\"Arbetsterapeut,Fysioterapeut,Gipstekniker,L\u00e4kare,Operationssk\u00f6terska,Sjuksk\u00f6terska,Undersk\u00f6terska,V\u00e5rdadministrat\u00f6r\"\n            data-category-ids=\"53,54,51,47,49,48,50,52\"\n            data-span-all=\"\"\n                          style=\"background-color: #4354b1; color: white;\"\n                      >\n\n            <div class=\"event_content\">\n              <div class=\"title\">\n                                <span>Fria f\u00f6redrag V<\/span>\n              <\/div>\n              <div class=\"span_room\"><span><\/span><\/div>\n              <div class=\"time\">\n                <span>\n                  08:00-09:00                <\/span><\/div>\n\n              <div class=\"lecturer\"><span>Nils Hailer<\/span><\/div>\n            <\/div>\n\n\n                                <div style=\"background-color:#4354b1; position: absolute !important ; height: 4px !important; left: 4px; right: 4px; bottom : 2px !important;  border\"><\/div>\n            \n          <\/div>\n\n      \n          <div class=\"event event-extra\"\n            data-id=\"c22eed9a-3f5a-4eca-852c-ed87244e12f3\"\n            data-project=\"a44f2645-f465-4d20-9d12-e82cf6d97f2d\"\n            data-title=\"Postervandring H\u00f6ft\/h\u00f6ftrevision\/amputation\/tum\u00f6r\"\n            data-abs-nbr=\"\"\n            data-ystart=\"8.5\"\n            data-yend=\"9.5\"\n            data-time=\"08:30-09:30\"\n            data-room=\"12\"\n            data-room-id=\"8d4e3f5c-67af-4d8e-afad-1479d2941cad\"\n            data-room-name=\"Utst\u00e4llningen\"\n            data-day=\"3\"\n            data-abs-path=\"\"\n            data-speaker=\"\"\n            data-speakercell=\"\"\n            data-info=\"&lt;b&gt;Moderatorer: &lt;\/b&gt;Lars Weidenhielm; Anne Garland&lt;br&gt;&lt;br&gt;08:30-08:38: Improved patient-reported outcomes after total hip replacement in Sweden&lt;br&gt;&lt;small&gt;Ola Rolfson&lt;\/small&gt;&lt;br&gt;&lt;small&gt;&lt;a href='https:\/\/aic-atlas.s3.eu-north-1.amazonaws.com\/projects\/a44f2645-f465-4d20-9d12-e82cf6d97f2d\/documents\/vAgsmF6XPhyN1wiPH2IaUCV3UYWK4HY3PS1Cw94w.html' target='_blank'&gt;Show abstract&lt;\/a&gt;&lt;\/small&gt;&lt;br&gt;&lt;br\/&gt;08:38-08:46: Comparison of resources and suffering for one- and two-stage revision surgery for infected THA.&lt;br&gt;&lt;small&gt;G\u00f6sta Ullmark&lt;\/small&gt;&lt;br&gt;&lt;small&gt;&lt;a href='https:\/\/aic-atlas.s3.eu-north-1.amazonaws.com\/projects\/a44f2645-f465-4d20-9d12-e82cf6d97f2d\/documents\/PQe5GfSSqbvCYQwOjQgmgLNz26PkC4I6aLxb1WwI.html' target='_blank'&gt;Show abstract&lt;\/a&gt;&lt;\/small&gt;&lt;br&gt;&lt;br\/&gt;08:46-08:54: Reduced bleeding through temporary arterial occlusion balloon in orthopaedic surgery.&lt;br&gt;&lt;small&gt;G\u00f6sta Ullmark&lt;\/small&gt;&lt;br&gt;&lt;small&gt;&lt;a href='https:\/\/aic-atlas.s3.eu-north-1.amazonaws.com\/projects\/a44f2645-f465-4d20-9d12-e82cf6d97f2d\/documents\/0bE1hB2h9nrn8DmlBSHc2CpYh7vpomk3tlBaglle.html' target='_blank'&gt;Show abstract&lt;\/a&gt;&lt;\/small&gt;&lt;br&gt;&lt;br\/&gt;08:54-09:02: Influence of implant characteristics on survival of a cemented stem&lt;br&gt;&lt;small&gt;Ola Rolfson&lt;\/small&gt;&lt;br&gt;&lt;small&gt;&lt;a href='https:\/\/aic-atlas.s3.eu-north-1.amazonaws.com\/projects\/a44f2645-f465-4d20-9d12-e82cf6d97f2d\/documents\/UXcBgcbWsaaAq7UP64OtQIzRfSRU6XVugWpdjaqE.html' target='_blank'&gt;Show abstract&lt;\/a&gt;&lt;\/small&gt;&lt;br&gt;&lt;br\/&gt;09:02-09:10: Is one-stage revision surgery for infected THA enough when using vancomycin containing bone graft?&lt;br&gt;&lt;small&gt;G\u00f6sta Ullmark&lt;\/small&gt;&lt;br&gt;&lt;small&gt;&lt;a href='https:\/\/aic-atlas.s3.eu-north-1.amazonaws.com\/projects\/a44f2645-f465-4d20-9d12-e82cf6d97f2d\/documents\/Gt61eccQxem93m6mO7gPdzaFEhTO3RHYVYyOupZQ.html' target='_blank'&gt;Show abstract&lt;\/a&gt;&lt;\/small&gt;&lt;br&gt;&lt;br\/&gt;09:10-09:18: Finite Element Analysis of an Osseointegrated Transfemoral Implant: Identification of how the Length of Implant Affects the Stress Distribution in Cortical Bone and Implant&lt;br&gt;&lt;small&gt;Anna Pogosian&lt;\/small&gt;&lt;br&gt;&lt;small&gt;&lt;a href='https:\/\/aic-atlas.s3.eu-north-1.amazonaws.com\/projects\/a44f2645-f465-4d20-9d12-e82cf6d97f2d\/documents\/4D1OoDvGYlkmwXIJYt0aQ5G9i0USeJeGOwj7o09D.html' target='_blank'&gt;Show abstract&lt;\/a&gt;&lt;\/small&gt;&lt;br&gt;&lt;br\/&gt;09:18-09:30: Diagnostic accuracy of core needle biopsy in Bone tumors. Results of 100 consecutive cases from a sarcoma unit in KPK, Pakistan.&lt;br&gt;&lt;small&gt;Imran Khan&lt;\/small&gt;&lt;br&gt;&lt;small&gt;&lt;a href='https:\/\/aic-atlas.s3.eu-north-1.amazonaws.com\/projects\/a44f2645-f465-4d20-9d12-e82cf6d97f2d\/documents\/B2w1b5RAeRqDe6ueDvbFs3IGoa0LDcCr1MPNiKd6.html' target='_blank'&gt;Show abstract&lt;\/a&gt;&lt;\/small&gt;\"\n            data-category=\"Postervandringar\"\n            data-category-ids=\"194\"\n            data-span-all=\"\"\n                          style=\"background-color: #f6492b; color: white;\"\n                      >\n\n            <div class=\"event_content\">\n              <div class=\"title\">\n                                <span>Postervandring H\u00f6ft\/h\u00f6ftrevision\/amputation\/tum\u00f6r<\/span>\n              <\/div>\n              <div class=\"span_room\"><span><\/span><\/div>\n              <div class=\"time\">\n                <span>\n                  08:30-09:30                <\/span><\/div>\n\n              <div class=\"lecturer\"><span>Lars Weidenhielm; Anne Garland<\/span><\/div>\n            <\/div>\n\n\n                                <div style=\"background-color:#f6492b; position: absolute !important ; height: 4px !important; left: 4px; right: 4px; bottom : 2px !important;  border\"><\/div>\n            \n          <\/div>\n\n      \n          <div class=\"event event-extra\"\n            data-id=\"53ecbdcf-ae1d-4f81-a473-da8623adf8e4\"\n            data-project=\"a44f2645-f465-4d20-9d12-e82cf6d97f2d\"\n            data-title=\"\u00c5rsm\u00f6te Svensk Ortopedisk F\u00f6rening\"\n            data-abs-nbr=\"\"\n            data-ystart=\"10\"\n            data-yend=\"12\"\n            data-time=\"10:00-12:00\"\n            data-room=\"0\"\n            data-room-id=\"8d4e3dd9-ce4c-4323-b414-2740c00d9454\"\n            data-room-name=\"De Geerhallen\"\n            data-day=\"3\"\n            data-abs-path=\"\"\n            data-speaker=\"\"\n            data-speakercell=\"\"\n            data-info=\"\"\n            data-category=\"L\u00e4kare\"\n            data-category-ids=\"47\"\n            data-span-all=\"\"\n                          style=\"background-color: #eb303a; color: white;\"\n                      >\n\n            <div class=\"event_content\">\n              <div class=\"title\">\n                                <span>\u00c5rsm\u00f6te Svensk Ortopedisk F\u00f6rening<\/span>\n              <\/div>\n              <div class=\"span_room\"><span><\/span><\/div>\n              <div class=\"time\">\n                <span>\n                  10:00-12:00                <\/span><\/div>\n\n              \n            <\/div>\n\n\n                                <div style=\"background-color:#eb303a; position: absolute !important ; height: 4px !important; left: 4px; right: 4px; bottom : 2px !important;  border\"><\/div>\n            \n          <\/div>\n\n      \n          <div class=\"event event-extra\"\n            data-id=\"f8fea59c-f9b1-40d5-bd4d-4e2ada72a8a3\"\n            data-project=\"a44f2645-f465-4d20-9d12-e82cf6d97f2d\"\n            data-title=\"Samarbete \u00f6ver yrkesgr\u00e4nserna som har f\u00f6rb\u00e4ttrat tillg\u00e4ngligheten p\u00e5 kliniken\"\n            data-abs-nbr=\"\"\n            data-ystart=\"10.166666666667\"\n            data-yend=\"10.916666666667\"\n            data-time=\"10:10-10:55\"\n            data-room=\"6\"\n            data-room-id=\"8d4e3eca-bf06-4071-a254-2a1e33b1a8fd\"\n            data-room-name=\"Vingen 3+4\"\n            data-day=\"3\"\n            data-abs-path=\"\"\n            data-speaker=\"Ingela H\u00e5kansson; Anette Nordstr\u00f6m\"\n            data-speakercell=\"Ingela H\u00e5kansson; Anette Nordstr\u00f6m\"\n            data-info=\"&lt;b&gt;Moderatorer: &lt;\/b&gt;Eva Alpeus; Maria T\u00f6rnborg&lt;br&gt;&lt;br&gt;&lt;p&gt;&amp;nbsp;&lt;\/p&gt;\n&lt;table&gt;\n&lt;tbody&gt;\n&lt;tr&gt;\n&lt;td&gt;\n&lt;p&gt;Ortopediska kliniken i Norrk&amp;ouml;ping har under fler &amp;aring;rs tid haft god tillg&amp;auml;nglighet. En framg&amp;aring;ngsfaktor &amp;auml;r konceptet med m&amp;aring;natliga tillg&amp;auml;nglighetsm&amp;ouml;ten d&amp;auml;r en grupp best&amp;aring;ende av schemal&amp;auml;ggare, operationsplanerare, v&amp;aring;rdlots, bokningsansvariga sjuksk&amp;ouml;terskor, v&amp;aring;rdadministrat&amp;ouml;rer och verksamhetschef ses. D&amp;auml;r tas b&amp;aring;de snabba beslut och&amp;nbsp; l&amp;aring;ngsiktiga planer dras upp.&amp;nbsp; I klinikens tillg&amp;auml;nglighetsrapport, som &amp;auml;r en framr&amp;auml;knad och skriftlig analys av l&amp;auml;get, f&amp;aring;s en tydlig visuell bild av hur l&amp;auml;get ser ut och var eventuella &amp;aring;tg&amp;auml;rder beh&amp;ouml;ver s&amp;auml;ttas in.&amp;nbsp;&lt;\/p&gt;\n&lt;\/td&gt;\n&lt;\/tr&gt;\n&lt;\/tbody&gt;\n&lt;\/table&gt;&lt;br&gt;&lt;br&gt;\"\n            data-category=\"Sjuksk\u00f6terska,Undersk\u00f6terska,V\u00e5rdadministrat\u00f6r\"\n            data-category-ids=\"48,50,52\"\n            data-span-all=\"\"\n                          style=\"background-color: #36acf1; color: white;\"\n                      >\n\n            <div class=\"event_content\">\n              <div class=\"title\">\n                                <span>Samarbete \u00f6ver yrkesgr\u00e4nserna som har f\u00f6rb\u00e4ttrat tillg\u00e4ngligheten p\u00e5 kliniken<\/span>\n              <\/div>\n              <div class=\"span_room\"><span><\/span><\/div>\n              <div class=\"time\">\n                <span>\n                  10:10-10:55                <\/span><\/div>\n\n              <div class=\"lecturer\"><span>Eva Alpeus; Maria T\u00f6rnborg<\/span><\/div>\n            <\/div>\n\n\n                                <div style=\"background-color:#36acf1; position: absolute !important ; height: 4px !important; left: 4px; right: 4px; bottom : 2px !important;  border\"><\/div>\n            \n          <\/div>\n\n      \n          <div class=\"event event-extra\"\n            data-id=\"9c53a9bc-1abd-4937-8688-e65c86fca03e\"\n            data-project=\"a44f2645-f465-4d20-9d12-e82cf6d97f2d\"\n            data-title=\"Fysioterapeuternas N\u00e4tverkstr\u00e4ff\"\n            data-abs-nbr=\"\"\n            data-ystart=\"10.25\"\n            data-yend=\"11.75\"\n            data-time=\"10:15-11:45\"\n            data-room=\"2\"\n            data-room-id=\"8d4e3eae-ee44-4f61-99bc-620941ba8aab\"\n            data-room-name=\"Hemerycksalen\"\n            data-day=\"3\"\n            data-abs-path=\"\"\n            data-speaker=\"\"\n            data-speakercell=\"\"\n            data-info=\"&lt;b&gt;Moderatorer: &lt;\/b&gt;Ethel Andersson; Birgitta Nyberg&lt;br&gt;&lt;br&gt;&lt;p&gt;Vad finns det idag f&amp;ouml;r evidens f&amp;ouml;r operativ behandling + rehabilitering kontra enbart rehabilitering n&amp;auml;r det g&amp;auml;ller kortsiktiga och l&amp;aring;ngsiktiga resultat vid akillessenerupturer, subacromial sm&amp;auml;rta och cuffrupturer?&amp;nbsp;&lt;br \/&gt;Hur ser det optimala tr&amp;auml;ningsuppl&amp;auml;gget ut?&lt;\/p&gt;\n&lt;p&gt;Annelie Brorsson, G&amp;ouml;teborg, och Teresa Holmgren, Link&amp;ouml;ping, delar med sig av resultaten av sina egna och andras studier och vi avslutar med en gemensam diskussion.&lt;br \/&gt;&lt;br \/&gt;&lt;br \/&gt;&lt;\/p&gt;&lt;br&gt;&lt;br&gt;10:15-10:45: Akillessenerupturer&lt;br&gt;&lt;small&gt;Annelie Brorsson&lt;\/small&gt;&lt;br&gt;&lt;br\/&gt;10:45-11:15: Subacromial sm\u00e4rta och cuffrupturer&lt;br&gt;&lt;small&gt;Teresa Holmgren&lt;\/small&gt;&lt;br&gt;&lt;br\/&gt;11:15-11:45: Diskussion\"\n            data-category=\"Fysioterapeut\"\n            data-category-ids=\"54\"\n            data-span-all=\"\"\n                          style=\"background-color: #f89121; color: white;\"\n                      >\n\n            <div class=\"event_content\">\n              <div class=\"title\">\n                                <span>Fysioterapeuternas N\u00e4tverkstr\u00e4ff<\/span>\n              <\/div>\n              <div class=\"span_room\"><span><\/span><\/div>\n              <div class=\"time\">\n                <span>\n                  10:15-11:45                <\/span><\/div>\n\n              <div class=\"lecturer\"><span>Ethel Andersson; Birgitta Nyberg<\/span><\/div>\n            <\/div>\n\n\n                                <div style=\"background-color:#f89121; position: absolute !important ; height: 4px !important; left: 4px; right: 4px; bottom : 2px !important;  border\"><\/div>\n            \n          <\/div>\n\n      \n          <div class=\"event event-extra\"\n            data-id=\"0333c25f-e05a-410d-8174-8e12a63387db\"\n            data-project=\"a44f2645-f465-4d20-9d12-e82cf6d97f2d\"\n            data-title=\"N\u00e4tverkstr\u00e4ff f\u00f6r arbetsterapeuter\"\n            data-abs-nbr=\"\"\n            data-ystart=\"10.25\"\n            data-yend=\"11.75\"\n            data-time=\"10:15-11:45\"\n            data-room=\"9\"\n            data-room-id=\"8d4e3f03-823f-4178-82f7-5d246c0bd647\"\n            data-room-name=\"Vingen 6+7\"\n            data-day=\"3\"\n            data-abs-path=\"\"\n            data-speaker=\"\"\n            data-speakercell=\"\"\n            data-info=\"&lt;b&gt;Moderatorer: &lt;\/b&gt;Susanna Wilhelmsson; Yvonne Axelsson&lt;br&gt;&lt;br&gt;&lt;p&gt;N&amp;auml;tverkstr&amp;auml;ff f&amp;ouml;r arbetsterapeuter som jobbar inom det ortopediska omr&amp;aring;det.&lt;\/p&gt;\n&lt;p&gt;Syftet &amp;auml;r att stimulera kompetensutveckling&amp;nbsp; och bidra till erfarenhetsutbyte och kunskapsspridning.&amp;nbsp;&lt;br \/&gt;Men &amp;auml;ven till att st&amp;auml;rka och knyta kontakter mellan arbetsterapeuter p&amp;aring; olika ortopediska kliniker i landet.&amp;nbsp;&lt;\/p&gt;\n&lt;p&gt;I bikupesamtal diskuterar vi kompetensutveckling och sonderar terr&amp;auml;ngen kring behov av ett ortopediskt n&amp;auml;tverk&lt;\/p&gt;&lt;br&gt;&lt;br&gt;\"\n            data-category=\"Arbetsterapeut\"\n            data-category-ids=\"53\"\n            data-span-all=\"\"\n                          style=\"background-color: #4354b1; color: white;\"\n                      >\n\n            <div class=\"event_content\">\n              <div class=\"title\">\n                                <span>N\u00e4tverkstr\u00e4ff f\u00f6r arbetsterapeuter<\/span>\n              <\/div>\n              <div class=\"span_room\"><span><\/span><\/div>\n              <div class=\"time\">\n                <span>\n                  10:15-11:45                <\/span><\/div>\n\n              <div class=\"lecturer\"><span>Susanna Wilhelmsson; Yvonne Axelsson<\/span><\/div>\n            <\/div>\n\n\n                                <div style=\"background-color:#4354b1; position: absolute !important ; height: 4px !important; left: 4px; right: 4px; bottom : 2px !important;  border\"><\/div>\n            \n          <\/div>\n\n      \n          <div class=\"event event-extra\"\n            data-id=\"e68c71ed-a3d9-482c-9564-8e901db3c2c0\"\n            data-project=\"a44f2645-f465-4d20-9d12-e82cf6d97f2d\"\n            data-title=\"F\u00f6reningen Ortopedisjuksk\u00f6terskor i Sverige, \u00c5rsm\u00f6te\"\n            data-abs-nbr=\"\"\n            data-ystart=\"11\"\n            data-yend=\"12\"\n            data-time=\"11:00-12:00\"\n            data-room=\"6\"\n            data-room-id=\"8d4e3eca-bf06-4071-a254-2a1e33b1a8fd\"\n            data-room-name=\"Vingen 3+4\"\n            data-day=\"3\"\n            data-abs-path=\"\"\n            data-speaker=\"\"\n            data-speakercell=\"\"\n            data-info=\"\"\n            data-category=\"Sjuksk\u00f6terska,Operationssk\u00f6terska\"\n            data-category-ids=\"48,49\"\n            data-span-all=\"\"\n                          style=\"background-color: #36acf1; color: white;\"\n                      >\n\n            <div class=\"event_content\">\n              <div class=\"title\">\n                                <span>F\u00f6reningen Ortopedisjuksk\u00f6terskor i Sverige, \u00c5rsm\u00f6te<\/span>\n              <\/div>\n              <div class=\"span_room\"><span><\/span><\/div>\n              <div class=\"time\">\n                <span>\n                  11:00-12:00                <\/span><\/div>\n\n              \n            <\/div>\n\n\n                                <div style=\"background-color:#36acf1; position: absolute !important ; height: 4px !important; left: 4px; right: 4px; bottom : 2px !important;  border\"><\/div>\n            \n          <\/div>\n\n      \n          <div class=\"event event-extra\"\n            data-id=\"5d29cdb8-f5e9-496f-8a12-22f60d1320c1\"\n            data-project=\"a44f2645-f465-4d20-9d12-e82cf6d97f2d\"\n            data-title=\"Svenska H\u00f6ft- och Kn\u00e4-f\u00f6reningens \u00e5rsm\u00f6te med lunch\"\n            data-abs-nbr=\"\"\n            data-ystart=\"11.75\"\n            data-yend=\"13\"\n            data-time=\"11:45-13:00\"\n            data-room=\"11\"\n            data-room-id=\"8e730ab5-a456-48bc-8d21-1a24f0b855b1\"\n            data-room-name=\"Foaj\u00e9n Flygeln\"\n            data-day=\"3\"\n            data-abs-path=\"\"\n            data-speaker=\"\"\n            data-speakercell=\"\"\n            data-info=\"\"\n            data-category=\"L\u00e4kare\"\n            data-category-ids=\"47\"\n            data-span-all=\"\"\n                          style=\"background-color: #eb303a; color: white;\"\n                      >\n\n            <div class=\"event_content\">\n              <div class=\"title\">\n                                <span>Svenska H\u00f6ft- och Kn\u00e4-f\u00f6reningens \u00e5rsm\u00f6te med lunch<\/span>\n              <\/div>\n              <div class=\"span_room\"><span><\/span><\/div>\n              <div class=\"time\">\n                <span>\n                  11:45-13:00                <\/span><\/div>\n\n              \n            <\/div>\n\n\n                                <div style=\"background-color:#eb303a; position: absolute !important ; height: 4px !important; left: 4px; right: 4px; bottom : 2px !important;  border\"><\/div>\n            \n          <\/div>\n\n      \n          <div class=\"event event-extra\"\n            data-id=\"90999e8e-a997-40e8-bc2c-7abb453ea045\"\n            data-project=\"a44f2645-f465-4d20-9d12-e82cf6d97f2d\"\n            data-title=\"Svenska OrtopedTraumatologiska S\u00e4llskapet - Armb\u00e5gsfrakturer - G\u00f6r det sv\u00e5ra l\u00e4tt(are)?\"\n            data-abs-nbr=\"\"\n            data-ystart=\"13\"\n            data-yend=\"16.5\"\n            data-time=\"13:00-16:30\"\n            data-room=\"0\"\n            data-room-id=\"8d4e3dd9-ce4c-4323-b414-2740c00d9454\"\n            data-room-name=\"De Geerhallen\"\n            data-day=\"3\"\n            data-abs-path=\"\"\n            data-speaker=\"Anna Ekman; Olle Wolf\"\n            data-speakercell=\"Anna Ekman; Olle Wolf\"\n            data-info=\"&lt;b&gt;Moderator: &lt;\/b&gt;Johan Scheer&lt;br&gt;&lt;br&gt;&lt;table&gt;\n&lt;tbody&gt;\n&lt;tr&gt;\n&lt;td&gt;&lt;br \/&gt;\n&lt;table&gt;\n&lt;tbody&gt;\n&lt;tr&gt;\n&lt;td&gt;\n&lt;p&gt;&amp;nbsp;&lt;\/p&gt;\n&lt;\/td&gt;\n&lt;\/tr&gt;\n&lt;\/tbody&gt;\n&lt;\/table&gt;\n&lt;\/td&gt;\n&lt;\/tr&gt;\n&lt;\/tbody&gt;\n&lt;\/table&gt;&lt;br&gt;&lt;br&gt;13:00-13:05: V\u00e4lkomna&lt;br&gt;&lt;br\/&gt;13:05-13:25: Indiktationer frakturprotes distala humerus, hemi och total&lt;br&gt;&lt;br\/&gt;13:25-13:40: L\u00e4mpliga och ol\u00e4mpliga fall f\u00f6r konservativ behandling&lt;br&gt;&lt;br\/&gt;13:40-13:55: Partiella intraartikul\u00e4ra frakturer&lt;br&gt;&lt;br\/&gt;13:55-14:10: Fall&lt;br&gt;&lt;br\/&gt;14:10-14:30: Vad stabiliserar en armb\u00e5ge?&lt;br&gt;&lt;br\/&gt;14:30-15:15: Kaffe&lt;br&gt;&lt;br\/&gt;15:15-15:30: Essex-Lopresti en sv\u00e5rf\u00e5ngad skada&lt;br&gt;&lt;br\/&gt;15:30-15:45: Caput radiifrakturer, laga ers\u00e4tta eller sl\u00e4nga bort&lt;br&gt;&lt;br\/&gt;15:45-16:00: Fixation av coronoiden, hur g\u00f6r man?&lt;br&gt;&lt;br\/&gt;16:00-16:15: Olecranonfrakturer, fr\u00e5n inget till allt&lt;br&gt;&lt;br\/&gt;16:15-16:30: Fall\"\n            data-category=\"L\u00e4kare\"\n            data-category-ids=\"47\"\n            data-span-all=\"\"\n                          style=\"background-color: #eb303a; color: white;\"\n                      >\n\n            <div class=\"event_content\">\n              <div class=\"title\">\n                                <span>Svenska OrtopedTraumatologiska S\u00e4llskapet - Armb\u00e5gsfrakturer - G\u00f6r det sv\u00e5ra l\u00e4tt(are)?<\/span>\n              <\/div>\n              <div class=\"span_room\"><span><\/span><\/div>\n              <div class=\"time\">\n                <span>\n                  13:00-16:30                <\/span><\/div>\n\n              <div class=\"lecturer\"><span>Johan Scheer<\/span><\/div>\n            <\/div>\n\n\n                                <div style=\"background-color:#eb303a; position: absolute !important ; height: 4px !important; left: 4px; right: 4px; bottom : 2px !important;  border\"><\/div>\n            \n          <\/div>\n\n      \n          <div class=\"event event-extra\"\n            data-id=\"78eb79f6-d072-40e5-a0ef-1a988e21fa8e\"\n            data-project=\"a44f2645-f465-4d20-9d12-e82cf6d97f2d\"\n            data-title=\"STRAMA Bakterier inom ortopedi - Anders Johansson och Stephan Stenmark\"\n            data-abs-nbr=\"\"\n            data-ystart=\"13\"\n            data-yend=\"13.666666666667\"\n            data-time=\"13:00-13:40\"\n            data-room=\"1\"\n            data-room-id=\"8d4e3e47-b348-40db-af90-fc05f2c56604\"\n            data-room-name=\"Flygeln\"\n            data-day=\"3\"\n            data-abs-path=\"\"\n            data-speaker=\"Anders Johansson; Stephan Stenmark\"\n            data-speakercell=\"Anders Johansson; Stephan Stenmark\"\n            data-info=\"&lt;p&gt;STRAMA Bakterier inom ortopedi, vilka &amp;auml;r de, hur sprids de? Och hur kan vi bek&amp;auml;mpa dem och samtidigt motverka antibiotkaresistens?&lt;\/p&gt;\n&lt;p&gt;V&amp;auml;lfungerade antibiotika har en avg&amp;ouml;rande betydelse f&amp;ouml;r modern sjukv&amp;aring;rd. Det &amp;auml;r en patients&amp;auml;kerhetsfr&amp;aring;ga att motverka v&amp;aring;rdrelaterade infektioner och att sv&amp;aring;ra bakteriella infektioner ska kunna behandlas med effektiva antibiotika. F&amp;ouml;rekomsten av antibiotikaresistens &amp;ouml;kar p&amp;aring; svenska sjukhus och det leder till risk f&amp;ouml;r h&amp;ouml;gre sjuklighet, d&amp;ouml;dlighet och h&amp;ouml;gre kostnader. F&amp;ouml;redraget kommer att beskriva vilka bakterier med betydelse f&amp;ouml;r ortopediska patienter som f&amp;ouml;rekommer p&amp;aring; v&amp;aring;ra sjukhus och hur de sprids till och mellan patienterna. Det blir en genomg&amp;aring;ng av hur vi kan p&amp;aring;verka smittspridning och vanliga infektions komplikationer via rutiner och arbetss&amp;auml;tt. Vi redovisar ocks&amp;aring; ny metodik f&amp;ouml;r att identifiera de patienter som har h&amp;ouml;g risk f&amp;ouml;r VRI och hur vi kan arbeta tillsamman f&amp;ouml;r att anv&amp;auml;nda antibiotika bara n&amp;auml;r det verkligen beh&amp;ouml;vs och d&amp;auml;rmed h&amp;aring;lla antibiotikatrycket s&amp;aring; l&amp;aring;gt som m&amp;ouml;jligt.&lt;\/p&gt;\n&lt;p&gt;&amp;nbsp;&lt;\/p&gt;&lt;br&gt;&lt;br&gt;\"\n            data-category=\"L\u00e4kare\"\n            data-category-ids=\"47\"\n            data-span-all=\"\"\n                          style=\"background-color: #eb303a; color: white;\"\n                      >\n\n            <div class=\"event_content\">\n              <div class=\"title\">\n                                <span>STRAMA Bakterier inom ortopedi - Anders Johansson och Stephan Stenmark<\/span>\n              <\/div>\n              <div class=\"span_room\"><span><\/span><\/div>\n              <div class=\"time\">\n                <span>\n                  13:00-13:40                <\/span><\/div>\n\n              \n            <\/div>\n\n\n                                <div style=\"background-color:#eb303a; position: absolute !important ; height: 4px !important; left: 4px; right: 4px; bottom : 2px !important;  border\"><\/div>\n            \n          <\/div>\n\n      \n          <div class=\"event event-extra\"\n            data-id=\"973dc184-54fe-49d1-8bf2-65fc9b186f8e\"\n            data-project=\"a44f2645-f465-4d20-9d12-e82cf6d97f2d\"\n            data-title=\"Vem tar vilket ansvar - l\u00e4kare kontra patient? - \u00c5sa Kadowaki\"\n            data-abs-nbr=\"\"\n            data-ystart=\"13\"\n            data-yend=\"13.666666666667\"\n            data-time=\"13:00-13:40\"\n            data-room=\"2\"\n            data-room-id=\"8d4e3eae-ee44-4f61-99bc-620941ba8aab\"\n            data-room-name=\"Hemerycksalen\"\n            data-day=\"3\"\n            data-abs-path=\"\"\n            data-speaker=\"\u00c5sa Kadowaki\"\n            data-speakercell=\"\u00c5sa Kadowaki\"\n            data-info=\"&lt;table&gt;\n&lt;tbody&gt;\n&lt;tr&gt;\n&lt;td&gt;\n&lt;table&gt;\n&lt;tbody&gt;\n&lt;tr&gt;\n&lt;td&gt;\n&lt;p&gt;Fr&amp;aring;n auktoritet till utf&amp;ouml;rare. Har kunden alltid r&amp;auml;tt? Eller &amp;auml;r det dags att bli en medveten l&amp;auml;kare som tar ansvar f&amp;ouml;r s&amp;aring;v&amp;auml;l diagnostik och behandling som uppf&amp;ouml;ljning och avslut?&lt;\/p&gt;\n&lt;p&gt;Konsumtion av v&amp;aring;rd har inget direkt samband med h&amp;auml;lsa. &amp;Ouml;verkonsumtion av v&amp;aring;rd utifr&amp;aring;n personligt lidande och gr&amp;auml;nsl&amp;ouml;shet i v&amp;aring;rden, skapar iatrogena v&amp;aring;rdskador - tex beroende av centralt verkande l&amp;auml;kemedel.&lt;\/p&gt;\n&lt;p&gt;Att vara ett proffs &amp;auml;r att kunna bed&amp;ouml;ma, beskriva, f&amp;ouml;rmedla och delta i den behandlings som man sj&amp;auml;lv kan st&amp;aring; f&amp;ouml;r. Vi beh&amp;ouml;ver &amp;aring;terer&amp;ouml;vra v&amp;aring;r professionalitet.&lt;\/p&gt;\n&lt;\/td&gt;\n&lt;\/tr&gt;\n&lt;\/tbody&gt;\n&lt;\/table&gt;\n&lt;\/td&gt;\n&lt;\/tr&gt;\n&lt;\/tbody&gt;\n&lt;\/table&gt;&lt;br&gt;&lt;br&gt;\"\n            data-category=\"L\u00e4kare\"\n            data-category-ids=\"47\"\n            data-span-all=\"\"\n                          style=\"background-color: #eb303a; color: white;\"\n                      >\n\n            <div class=\"event_content\">\n              <div class=\"title\">\n                                <span>Vem tar vilket ansvar - l\u00e4kare kontra patient? - \u00c5sa Kadowaki<\/span>\n              <\/div>\n              <div class=\"span_room\"><span><\/span><\/div>\n              <div class=\"time\">\n                <span>\n                  13:00-13:40                <\/span><\/div>\n\n              \n            <\/div>\n\n\n                                <div style=\"background-color:#eb303a; position: absolute !important ; height: 4px !important; left: 4px; right: 4px; bottom : 2px !important;  border\"><\/div>\n            \n          <\/div>\n\n      \n          <div class=\"event event-extra\"\n            data-id=\"98def533-48e4-4429-ad00-c630f5bcdc75\"\n            data-project=\"a44f2645-f465-4d20-9d12-e82cf6d97f2d\"\n            data-title=\"Epiphysen I - Karl Henrik Grinnemo och Oscar Simonsson\"\n            data-abs-nbr=\"\"\n            data-ystart=\"13\"\n            data-yend=\"14.5\"\n            data-time=\"13:00-14:30\"\n            data-room=\"9\"\n            data-room-id=\"8d4e3f03-823f-4178-82f7-5d246c0bd647\"\n            data-room-name=\"Vingen 6+7\"\n            data-day=\"3\"\n            data-abs-path=\"\"\n            data-speaker=\"Oscar Simonsson; Karl-Henrik Grinnemo\"\n            data-speakercell=\"Oscar Simonsson; Karl-Henrik Grinnemo\"\n            data-info=\"&lt;p&gt;Karl-Henrik Grinnemo och Oscar Simonson, thoraxkirurg och forskare, ber&amp;auml;ttar om sina erfarenheter som visselbl&amp;aring;sare i det uppm&amp;auml;rksammade Macchiarini-fallet. B&amp;auml;gge har avslutat sina anst&amp;auml;llningar p&amp;aring; Karolinska Sjukhuset och arbetar numer p&amp;aring; Akademiska Sjukhuset.&lt;\/p&gt;&lt;br&gt;&lt;br&gt;13:00-14:20: Visselbl\u00e5sarna&lt;br&gt;&lt;br\/&gt;14:20-14:30: Prisutdelning av \u00e5rets handledare och \u00e5rets slipsten\"\n            data-category=\"L\u00e4kare\"\n            data-category-ids=\"47\"\n            data-span-all=\"\"\n                          style=\"background-color: #eb303a; color: white;\"\n                      >\n\n            <div class=\"event_content\">\n              <div class=\"title\">\n                                <span>Epiphysen I - Karl Henrik Grinnemo och Oscar Simonsson<\/span>\n              <\/div>\n              <div class=\"span_room\"><span><\/span><\/div>\n              <div class=\"time\">\n                <span>\n                  13:00-14:30                <\/span><\/div>\n\n              \n            <\/div>\n\n\n                                <div style=\"background-color:#eb303a; position: absolute !important ; height: 4px !important; left: 4px; right: 4px; bottom : 2px !important;  border\"><\/div>\n            \n          <\/div>\n\n      \n          <div class=\"event event-extra\"\n            data-id=\"cafe913a-be75-4840-8656-6308f26caec8\"\n            data-project=\"a44f2645-f465-4d20-9d12-e82cf6d97f2d\"\n            data-title=\"Protesinfektioner runt h\u00f6ft och kn\u00e4ledsproteser. Kliniska tips baserat p\u00e5 fallbeskrivningar.\"\n            data-abs-nbr=\"\"\n            data-ystart=\"13.833333333333\"\n            data-yend=\"15\"\n            data-time=\"13:50-15:00\"\n            data-room=\"1\"\n            data-room-id=\"8d4e3e47-b348-40db-af90-fc05f2c56604\"\n            data-room-name=\"Flygeln\"\n            data-day=\"3\"\n            data-abs-path=\"\"\n            data-speaker=\"Stergios Lazarinis; \u00c5sa Nilsdotter; Elias Gudbrandsson; Peter Grant; Anna Stefansdottir; Jonatan Tillander\"\n            data-speakercell=\"Stergios Lazarinis; \u00c5sa Nilsdotter; Elias Gudbrandsson; Peter Grant; Anna Stefansdottir; Jonatan Tillander\"\n            data-info=\"&lt;b&gt;Moderator: &lt;\/b&gt;Johan K\u00e4rrholm&lt;br&gt;&lt;br&gt;&lt;p&gt;&amp;nbsp;&lt;\/p&gt;\n&lt;table&gt;\n&lt;tbody&gt;\n&lt;tr&gt;\n&lt;td&gt;\n&lt;p&gt;Paneldiskussion utifr&amp;aring;n fall:&lt;\/p&gt;\n&lt;p&gt;Symposiet tar upp diagnostik och behandling av djupa infektioner efter h&amp;ouml;ft och kn&amp;auml;proteskirurgi.&amp;nbsp;&lt;br \/&gt;Olika kliniska scenarier presenteras baserat p&amp;aring; patientfall. De enskilda f&amp;ouml;redragen avser att illustrera symptom, klinisk presentation och val av diagnostiska metoder vid djup infektion, typfall f&amp;ouml;r val av olika kirurgiska och icke-kirurgiska behandlingsalternativ som DAIR, en-stegs- och tv&amp;aring;stegsrevision samt l&amp;aring;ngtidsbehandling med antibiotika.&lt;br \/&gt;Hur man hanterar behandlingssvikt kommer ocks&amp;aring; att belysas.&lt;\/p&gt;\n&lt;\/td&gt;\n&lt;\/tr&gt;\n&lt;\/tbody&gt;\n&lt;\/table&gt;&lt;br&gt;&lt;br&gt;\"\n            data-category=\"L\u00e4kare\"\n            data-category-ids=\"47\"\n            data-span-all=\"\"\n                          style=\"background-color: #eb303a; color: white;\"\n                      >\n\n            <div class=\"event_content\">\n              <div class=\"title\">\n                                <span>Protesinfektioner runt h\u00f6ft och kn\u00e4ledsproteser. Kliniska tips baserat p\u00e5 fallbeskrivningar.<\/span>\n              <\/div>\n              <div class=\"span_room\"><span><\/span><\/div>\n              <div class=\"time\">\n                <span>\n                  13:50-15:00                <\/span><\/div>\n\n              <div class=\"lecturer\"><span>Johan K\u00e4rrholm<\/span><\/div>\n            <\/div>\n\n\n                                <div style=\"background-color:#eb303a; position: absolute !important ; height: 4px !important; left: 4px; right: 4px; bottom : 2px !important;  border\"><\/div>\n            \n          <\/div>\n\n      \n          <div class=\"event event-extra\"\n            data-id=\"d58d41f3-ba89-43f2-82d4-362db66d6ee4\"\n            data-project=\"a44f2645-f465-4d20-9d12-e82cf6d97f2d\"\n            data-title=\"Plattfotskirurgi - Var, n\u00e4r, hur och var?\"\n            data-abs-nbr=\"\"\n            data-ystart=\"13.833333333333\"\n            data-yend=\"15.166666666667\"\n            data-time=\"13:50-15:10\"\n            data-room=\"2\"\n            data-room-id=\"8d4e3eae-ee44-4f61-99bc-620941ba8aab\"\n            data-room-name=\"Hemerycksalen\"\n            data-day=\"3\"\n            data-abs-path=\"\"\n            data-speaker=\"\"\n            data-speakercell=\"\"\n            data-info=\"&lt;b&gt;Moderator: &lt;\/b&gt;Maria C\u00f6ster&lt;br&gt;&lt;br&gt;&lt;table&gt;\n&lt;tbody&gt;\n&lt;tr&gt;\n&lt;td&gt;\n&lt;p&gt;Plattfotskirurgi - Var, n&amp;auml;r, hur och var?&amp;nbsp;&amp;nbsp;&amp;nbsp;&amp;nbsp;&lt;br \/&gt;Hur v&amp;auml;ljer man r&amp;auml;tt patient f&amp;ouml;r kirurgi respektive icke-kirurgisk behandling?&lt;br \/&gt;Vilka patienter med plattfothet ska opereras?&lt;br \/&gt;Hur och n&amp;auml;r ska man operera plattfothet?&amp;nbsp;&lt;br \/&gt;Ska patienter med plattfothet opereras &amp;ouml;verallt?&lt;\/p&gt;\n&lt;p&gt;Olika orsaker till plattfothet diskuteras inkluderat icke-operativ och operativ behandling. Vi f&amp;ouml;rdjupar oss i tibialis posterior dysfunktion inklusive biomekanik, diagnostik och utredning, men ger ocks&amp;aring; inblick i andra orsaker till plattfot.&lt;\/p&gt;\n&lt;p&gt;&amp;Auml;ven om man inte tr&amp;auml;ffar dessa patienter dagligen, och inte &amp;auml;r specialiserad inom fot-och fotledskirurgi &amp;auml;r det bra att k&amp;auml;nna till denna patientgrupp, som &amp;aring;terfinns p&amp;aring; akut &amp;ndash; och ortopedmottagningar med fr&amp;aring;gan &amp;rdquo;kan man g&amp;ouml;ra n&amp;aring;got?&amp;rdquo;&lt;br \/&gt;Vi kommer under symposiet f&amp;ouml;rs&amp;ouml;ka ge svar p&amp;aring; fr&amp;aring;gorna ovan.&amp;nbsp;&lt;\/p&gt;\n&lt;\/td&gt;\n&lt;\/tr&gt;\n&lt;\/tbody&gt;\n&lt;\/table&gt;\n&lt;p&gt;&amp;nbsp;&lt;\/p&gt;&lt;br&gt;&lt;br&gt;13:50-13:55: Inledning&lt;br&gt;&lt;small&gt;Maria C\u00f6ster&lt;\/small&gt;&lt;br&gt;&lt;br\/&gt;13:55-14:25: F\u00f6rv\u00e4rvad vuxenplattfot- varf\u00f6r och vad g\u00f6ra?&lt;br&gt;&lt;small&gt;Martin \u00c5lund&lt;\/small&gt;&lt;br&gt;&lt;br\/&gt;14:25-14:40: Foten \u00e4r roten- neuromuskul\u00e4r optimering, pre-hab och re-hab&lt;br&gt;&lt;small&gt;Cecilia Elam&lt;\/small&gt;&lt;br&gt;&lt;br\/&gt;14:40-15:00: Plattfot, inte alltid tibialis posterior syndrom!&lt;br&gt;&lt;small&gt;H\u00e5kan Magnusson&lt;\/small&gt;&lt;br&gt;&lt;br\/&gt;15:00-15:10: Diskussion\"\n            data-category=\"L\u00e4kare\"\n            data-category-ids=\"47\"\n            data-span-all=\"\"\n                          style=\"background-color: #eb303a; color: white;\"\n                      >\n\n            <div class=\"event_content\">\n              <div class=\"title\">\n                                <span>Plattfotskirurgi - Var, n\u00e4r, hur och var?<\/span>\n              <\/div>\n              <div class=\"span_room\"><span><\/span><\/div>\n              <div class=\"time\">\n                <span>\n                  13:50-15:10                <\/span><\/div>\n\n              <div class=\"lecturer\"><span>Maria C\u00f6ster<\/span><\/div>\n            <\/div>\n\n\n                                <div style=\"background-color:#eb303a; position: absolute !important ; height: 4px !important; left: 4px; right: 4px; bottom : 2px !important;  border\"><\/div>\n            \n          <\/div>\n\n      \n          <div class=\"event event-extra\"\n            data-id=\"cafc67a0-a44d-436f-abca-310b71c89541\"\n            data-project=\"a44f2645-f465-4d20-9d12-e82cf6d97f2d\"\n            data-title=\"Postervandring Artros\/brosk\"\n            data-abs-nbr=\"\"\n            data-ystart=\"14\"\n            data-yend=\"15\"\n            data-time=\"14:00-15:00\"\n            data-room=\"12\"\n            data-room-id=\"8d4e3f5c-67af-4d8e-afad-1479d2941cad\"\n            data-room-name=\"Utst\u00e4llningen\"\n            data-day=\"3\"\n            data-abs-path=\"\"\n            data-speaker=\"\"\n            data-speakercell=\"\"\n            data-info=\"&lt;b&gt;Moderatorer: &lt;\/b&gt;J\u00f6rg Schilcher; Nils Hailer&lt;br&gt;&lt;br&gt;14:00-14:06: Body mass index differentially modulates heritability of clinically-defined hip and knee osteoarthritis: A study on 31,504 Swedish twin pairs&lt;br&gt;&lt;small&gt;Anders Br\u00fcggemann&lt;\/small&gt;&lt;br&gt;&lt;small&gt;&lt;a href='https:\/\/aic-atlas.s3.eu-north-1.amazonaws.com\/projects\/a44f2645-f465-4d20-9d12-e82cf6d97f2d\/documents\/NVUTpVeaM6Ve84sZFoQQgGDuL1ys4wS5z1ax9cJf.html' target='_blank'&gt;Show abstract&lt;\/a&gt;&lt;\/small&gt;&lt;br&gt;&lt;br\/&gt;14:06-14:12: A novel chitosan-based  scaffold for cartilage repair. An in vitro study using this scaffold in a 3-D  cartilage repair model&lt;br&gt;&lt;small&gt;Nenad Andjelkov&lt;\/small&gt;&lt;br&gt;&lt;small&gt;&lt;a href='https:\/\/aic-atlas.s3.eu-north-1.amazonaws.com\/projects\/a44f2645-f465-4d20-9d12-e82cf6d97f2d\/documents\/Po7QkKzlg76JMoftxGnHWhfgvwpcrdlviqkPUy9z.html' target='_blank'&gt;Show abstract&lt;\/a&gt;&lt;\/small&gt;&lt;br&gt;&lt;br\/&gt;14:12-14:18: Better management of patients with osteoarthritis (BOA), outcomes after evidence based education and exercise delivered nationwide in Sweden.&lt;br&gt;&lt;small&gt;Therese J\u00f6nsson&lt;\/small&gt;&lt;br&gt;&lt;small&gt;&lt;a href='https:\/\/aic-atlas.s3.eu-north-1.amazonaws.com\/projects\/a44f2645-f465-4d20-9d12-e82cf6d97f2d\/documents\/KE1FUeOE0Uf8PAxP9d7xbqNK6jwxCGK1x9BuQSv4.html' target='_blank'&gt;Show abstract&lt;\/a&gt;&lt;\/small&gt;&lt;br&gt;&lt;br\/&gt;14:18-14:24: DIGITAL OA TREATMENT \u2013 EFFECTS ON PAIN AFTER 6 MONTHS OF ADHERENCE&lt;br&gt;&lt;small&gt;Leif Dahlberg&lt;\/small&gt;&lt;br&gt;&lt;small&gt;&lt;a href='https:\/\/aic-atlas.s3.eu-north-1.amazonaws.com\/projects\/a44f2645-f465-4d20-9d12-e82cf6d97f2d\/documents\/oN4GTYGqNJcyqFRQq11GTG6pSNqoyGXFm1GSG8ZR.html' target='_blank'&gt;Show abstract&lt;\/a&gt;&lt;\/small&gt;&lt;br&gt;&lt;br\/&gt;14:24-14:30: Mussel Adhesion Protein (MAP) as an equal alternative to fibrin for scaffold fixation during cartilage repair procedures&lt;br&gt;&lt;small&gt;Nenad Andjelkov&lt;\/small&gt;&lt;br&gt;&lt;small&gt;&lt;a href='https:\/\/aic-atlas.s3.eu-north-1.amazonaws.com\/projects\/a44f2645-f465-4d20-9d12-e82cf6d97f2d\/documents\/H10JKfZRnFnhc2WSB3B4PTZBO4TY4wleihBjz4rI.html' target='_blank'&gt;Show abstract&lt;\/a&gt;&lt;\/small&gt;&lt;br&gt;&lt;br\/&gt;14:30-14:36: The Use of CT 3D Navigation in the Retrograde Drilling of Tibia Plafond Osteochondral Lesion&lt;br&gt;&lt;small&gt;Jordan Wei Peng Ng&lt;\/small&gt;&lt;br&gt;&lt;small&gt;&lt;a href='https:\/\/aic-atlas.s3.eu-north-1.amazonaws.com\/projects\/a44f2645-f465-4d20-9d12-e82cf6d97f2d\/documents\/jD8ygX2mHY7tcrkOVU6HiSzu1csgaMVGS57K8KzE.html' target='_blank'&gt;Show abstract&lt;\/a&gt;&lt;\/small&gt;&lt;br&gt;&lt;br\/&gt;14:36-14:42: Growth Differentiation Factor (GDF-7) promotes multiple-lineage differentiation in tenogenic cultures of mesenchymal stem cells.&lt;br&gt;&lt;small&gt;Maritha Kumlin&lt;\/small&gt;&lt;br&gt;&lt;small&gt;&lt;a href='https:\/\/aic-atlas.s3.eu-north-1.amazonaws.com\/projects\/a44f2645-f465-4d20-9d12-e82cf6d97f2d\/documents\/E9mtSVHQx3oubOk13pCOAS5XDD2mqCDRYzUpB1A9.html' target='_blank'&gt;Show abstract&lt;\/a&gt;&lt;\/small&gt;&lt;br&gt;&lt;br\/&gt;14:42-14:48: In-vivo Intervertebral Disc Regeneration Using Stem cells-derived Chondroprogenitors&lt;br&gt;&lt;small&gt;Harry Mitchell Sheikh&lt;\/small&gt;&lt;br&gt;&lt;small&gt;&lt;a href='https:\/\/aic-atlas.s3.eu-north-1.amazonaws.com\/projects\/a44f2645-f465-4d20-9d12-e82cf6d97f2d\/documents\/tmVyRIRsVp0vDSdAiWTN0vALOZnvzm4tUNxjEhEn.html' target='_blank'&gt;Show abstract&lt;\/a&gt;&lt;\/small&gt;&lt;br&gt;&lt;br\/&gt;14:48-15:00: Socioeconomic status of patients in a Swedish national self-management program for osteoarthritis compared with the general population\u2014a descriptive observational study of 72,069 patients&lt;br&gt;&lt;small&gt;Ola Rolfson&lt;\/small&gt;&lt;br&gt;&lt;small&gt;&lt;a href='https:\/\/aic-atlas.s3.eu-north-1.amazonaws.com\/projects\/a44f2645-f465-4d20-9d12-e82cf6d97f2d\/documents\/uYtMyoqQc9XPS9aveXlFdcRUAXZfhEOwmQxakckf.html' target='_blank'&gt;Show abstract&lt;\/a&gt;&lt;\/small&gt;\"\n            data-category=\"Postervandringar\"\n            data-category-ids=\"194\"\n            data-span-all=\"\"\n                          style=\"background-color: #f6492b; color: white;\"\n                      >\n\n            <div class=\"event_content\">\n              <div class=\"title\">\n                                <span>Postervandring Artros\/brosk<\/span>\n              <\/div>\n              <div class=\"span_room\"><span><\/span><\/div>\n              <div class=\"time\">\n                <span>\n                  14:00-15:00                <\/span><\/div>\n\n              <div class=\"lecturer\"><span>J\u00f6rg Schilcher; Nils Hailer<\/span><\/div>\n            <\/div>\n\n\n                                <div style=\"background-color:#f6492b; position: absolute !important ; height: 4px !important; left: 4px; right: 4px; bottom : 2px !important;  border\"><\/div>\n            \n          <\/div>\n\n      \n          <div class=\"event event-extra\"\n            data-id=\"021b4add-de4d-4433-ae65-2aec216af5df\"\n            data-project=\"a44f2645-f465-4d20-9d12-e82cf6d97f2d\"\n            data-title=\"Epiphysen II - Hur ska du agera om du ser n\u00e5gon som g\u00f6r fel?\"\n            data-abs-nbr=\"\"\n            data-ystart=\"15.25\"\n            data-yend=\"16.5\"\n            data-time=\"15:15-16:30\"\n            data-room=\"9\"\n            data-room-id=\"8d4e3f03-823f-4178-82f7-5d246c0bd647\"\n            data-room-name=\"Vingen 6+7\"\n            data-day=\"3\"\n            data-abs-path=\"\"\n            data-speaker=\"\"\n            data-speakercell=\"\"\n            data-info=\"&lt;b&gt;Moderator: &lt;\/b&gt;Lovisa Andr\u00e9&lt;br&gt;&lt;br&gt;&lt;p&gt;Birgitta Lagerqvist &amp;auml;r chefl&amp;auml;kare och kommer diskutera hur du kan agera vid k&amp;auml;nnedom om att en kollega upprepat brister i sin yrkeskompetens. V&amp;aring;gar man s&amp;auml;ga till en senior kollega?&lt;\/p&gt;&lt;br&gt;&lt;br&gt;15:15-16:00: Hur ska du agera om du ser n\u00e5gon som g\u00f6r fel?&lt;br&gt;&lt;small&gt;Birgitta Lagerqvist&lt;\/small&gt;&lt;br&gt;&lt;br\/&gt;16:00-16:30: Battle: F\u00f6r och emot kirurgi vid burstfrakturer?&lt;br&gt;&lt;small&gt;Lukas Bobinski; H\u00e5kan Jonsson&lt;\/small&gt;\"\n            data-category=\"L\u00e4kare\"\n            data-category-ids=\"47\"\n            data-span-all=\"\"\n                          style=\"background-color: #eb303a; color: white;\"\n                      >\n\n            <div class=\"event_content\">\n              <div class=\"title\">\n                                <span>Epiphysen II - Hur ska du agera om du ser n\u00e5gon som g\u00f6r fel?<\/span>\n              <\/div>\n              <div class=\"span_room\"><span><\/span><\/div>\n              <div class=\"time\">\n                <span>\n                  15:15-16:30                <\/span><\/div>\n\n              <div class=\"lecturer\"><span>Lovisa Andr\u00e9<\/span><\/div>\n            <\/div>\n\n\n                                <div style=\"background-color:#eb303a; position: absolute !important ; height: 4px !important; left: 4px; right: 4px; bottom : 2px !important;  border\"><\/div>\n            \n          <\/div>\n\n      \n          <div class=\"event event-extra\"\n            data-id=\"acf95ae1-0ce2-43bd-932b-2a161f3858d3\"\n            data-project=\"a44f2645-f465-4d20-9d12-e82cf6d97f2d\"\n            data-title=\"H\u00f6ftfrakturer och kvalitetsregister, Hur kan vi ytterligare f\u00f6rb\u00e4ttra v\u00e5rden f\u00f6r patienter med h\u00f6ftraktur?\"\n            data-abs-nbr=\"\"\n            data-ystart=\"15.75\"\n            data-yend=\"16.75\"\n            data-time=\"15:45-16:45\"\n            data-room=\"2\"\n            data-room-id=\"8d4e3eae-ee44-4f61-99bc-620941ba8aab\"\n            data-room-name=\"Hemerycksalen\"\n            data-day=\"3\"\n            data-abs-path=\"\"\n            data-speaker=\"\"\n            data-speakercell=\"\"\n            data-info=\"&lt;b&gt;Moderator: &lt;\/b&gt;Maziar Mohaddes&lt;br&gt;&lt;br&gt;15:45-15:55: Inledning&lt;br&gt;&lt;br\/&gt;15:55-16:10: Val av behandlingsmetod vid felst\u00e4lld l\u00e5rbenshalsfraktur&lt;br&gt;&lt;small&gt;Ghazi Chammout&lt;\/small&gt;&lt;br&gt;&lt;br\/&gt;16:10-16:40: Registerperspektiv \u2013 Vad kan och g\u00f6r registren?&lt;br&gt;&lt;small&gt;Margareta Hedstr\u00f6m; Cecilia Rogmark; Olle Wolf&lt;\/small&gt;&lt;br&gt;&lt;br\/&gt;16:40-16:45: Diskussion\"\n            data-category=\"L\u00e4kare\"\n            data-category-ids=\"47\"\n            data-span-all=\"\"\n                          style=\"background-color: #eb303a; color: white;\"\n                      >\n\n            <div class=\"event_content\">\n              <div class=\"title\">\n                                <span>H\u00f6ftfrakturer och kvalitetsregister, Hur kan vi ytterligare f\u00f6rb\u00e4ttra v\u00e5rden f\u00f6r patienter med h\u00f6ftraktur?<\/span>\n              <\/div>\n              <div class=\"span_room\"><span><\/span><\/div>\n              <div class=\"time\">\n                <span>\n                  15:45-16:45                <\/span><\/div>\n\n              <div class=\"lecturer\"><span>Maziar Mohaddes<\/span><\/div>\n            <\/div>\n\n\n                                <div style=\"background-color:#eb303a; position: absolute !important ; height: 4px !important; left: 4px; right: 4px; bottom : 2px !important;  border\"><\/div>\n            \n          <\/div>\n\n      \n          <div class=\"event event-extra\"\n            data-id=\"47cac8d8-078d-4f7d-8769-74808c2c7302\"\n            data-project=\"a44f2645-f465-4d20-9d12-e82cf6d97f2d\"\n            data-title=\"Diskussion multicenterstudie inom SBOF\"\n            data-abs-nbr=\"\"\n            data-ystart=\"16.5\"\n            data-yend=\"18.5\"\n            data-time=\"16:30-18:30\"\n            data-room=\"10\"\n            data-room-id=\"8d4e3f20-50f4-4f2e-9fe7-20d3f379e9fc\"\n            data-room-name=\"Vingen 8\"\n            data-day=\"3\"\n            data-abs-path=\"\"\n            data-speaker=\"\"\n            data-speakercell=\"\"\n            data-info=\"&lt;b&gt;Moderator: &lt;\/b&gt;Bengt Herngren&lt;br&gt;&lt;br&gt;&lt;p&gt;Endast inbjudna.&lt;\/p&gt;&lt;br&gt;&lt;br&gt;\"\n            data-category=\"L\u00e4kare\"\n            data-category-ids=\"47\"\n            data-span-all=\"\"\n                          style=\"background-color: #eb303a; color: white;\"\n                      >\n\n            <div class=\"event_content\">\n              <div class=\"title\">\n                                <span>Diskussion multicenterstudie inom SBOF<\/span>\n              <\/div>\n              <div class=\"span_room\"><span><\/span><\/div>\n              <div class=\"time\">\n                <span>\n                  16:30-18:30                <\/span><\/div>\n\n              <div class=\"lecturer\"><span>Bengt Herngren<\/span><\/div>\n            <\/div>\n\n\n                                <div style=\"background-color:#eb303a; position: absolute !important ; height: 4px !important; left: 4px; right: 4px; bottom : 2px !important;  border\"><\/div>\n            \n          <\/div>\n\n      \n          <div class=\"event event-extra\"\n            data-id=\"6a400323-0628-4faf-8ee4-863aa5fa61d8\"\n            data-project=\"a44f2645-f465-4d20-9d12-e82cf6d97f2d\"\n            data-title=\"Varf\u00f6r f\u00f6ljer vi inte h\u00f6gsta tillg\u00e4ngliga evidens inom ortopedin?\"\n            data-abs-nbr=\"\"\n            data-ystart=\"8\"\n            data-yend=\"9.5\"\n            data-time=\"08:00-09:30\"\n            data-room=\"0\"\n            data-room-id=\"8d4e3dd9-ce4c-4323-b414-2740c00d9454\"\n            data-room-name=\"De Geerhallen\"\n            data-day=\"4\"\n            data-abs-path=\"\"\n            data-speaker=\"\"\n            data-speakercell=\"\"\n            data-info=\"&lt;b&gt;Moderator: &lt;\/b&gt;Henrik Malchau&lt;br&gt;&lt;br&gt;&lt;table&gt;\n&lt;tbody&gt;\n&lt;tr&gt;\n&lt;td&gt;&lt;br \/&gt;\n&lt;table&gt;\n&lt;tbody&gt;\n&lt;tr&gt;\n&lt;td&gt;\n&lt;p&gt;Utveckling av v&amp;aring;rd och v&amp;aring;rdprocesser inom ortopedi g&amp;aring;r snabbt. F&amp;ouml;rekomsten av ortopediska skador och sjukdomar &amp;ouml;kar i takt med en &amp;aring;ldrande befolkning. Det finns stor variation inom landet i hur vi behandlar vanliga ortopediska &amp;aring;kommor och skador; traditionella och nya behandlingar anv&amp;auml;nds ofta med bristf&amp;auml;llig vetenskaplig evidens. Syftet med symposiet &amp;auml;r att belysa variationen i v&amp;aring;rden, hur vi skapar och till&amp;auml;mpar ny kunskap, samt hur vi kan utveckla nationella system f&amp;ouml;r kunskapsstyrning. Symposiet kommer ocks&amp;aring; att diskutera ekonomiska incitament, marknadsf&amp;ouml;ring, kirurgens riskben&amp;auml;genhet och andra faktorer som p&amp;aring;verkar hur vi inom ortopedin f&amp;ouml;rh&amp;aring;ller oss i val av behandling.&amp;nbsp;&lt;br \/&gt;&lt;br \/&gt;&lt;\/p&gt;\n&lt;\/td&gt;\n&lt;\/tr&gt;\n&lt;\/tbody&gt;\n&lt;\/table&gt;\n&lt;\/td&gt;\n&lt;\/tr&gt;\n&lt;\/tbody&gt;\n&lt;\/table&gt;&lt;br&gt;&lt;br&gt;08:00-08:10: Stegvis introduktion av nya metoder, tekniker och implantat: h\u00e5ller vi m\u00e5ttet?&lt;br&gt;&lt;small&gt;Henrik Malchau&lt;\/small&gt;&lt;br&gt;&lt;br\/&gt;08:10-08:20: Nordisk variation inom ledproteskirurgin: hur f\u00f6rklara skillnader och trender?&lt;br&gt;&lt;small&gt;Soren Overgaard&lt;\/small&gt;&lt;br&gt;&lt;br\/&gt;08:20-08:30: H\u00f6ft- och kn\u00e4proteskirurgi: \u00e4r vi f\u00f6r konservativa inom Svensk ortopedi?&lt;br&gt;&lt;small&gt;Otto Robertsson&lt;\/small&gt;&lt;br&gt;&lt;br\/&gt;08:30-08:40: Frakturbehandling i Sverige: vad l\u00e4r vi av variationen?&lt;br&gt;&lt;small&gt;Michael M\u00f6ller&lt;\/small&gt;&lt;br&gt;&lt;br\/&gt;08:40-08:50: Ekonomiska incitament: privatisering och p\u00e5verkan fr\u00e5n industrin&lt;br&gt;&lt;small&gt;Li Fell\u00e4nder-Tsai&lt;\/small&gt;&lt;br&gt;&lt;br\/&gt;08:50-09:00: Riskben\u00e4genhet hos individuella l\u00e4kare: varf\u00f6r vill vissa operera allt?&lt;br&gt;&lt;small&gt;Andreas Meunier&lt;\/small&gt;&lt;br&gt;&lt;br\/&gt;09:00-09:10: Nationella programomr\u00e5den och kunskapsstyrning: Hur g\u00f6r vi n\u00e4r det inte finns tillr\u00e4cklig evidens?&lt;br&gt;&lt;small&gt;Maziar Mohaddes&lt;\/small&gt;&lt;br&gt;&lt;br\/&gt;09:10-09:30: Diskussion\"\n            data-category=\"L\u00e4kare\"\n            data-category-ids=\"47\"\n            data-span-all=\"\"\n                          style=\"background-color: #eb303a; color: white;\"\n                      >\n\n            <div class=\"event_content\">\n              <div class=\"title\">\n                                <span>Varf\u00f6r f\u00f6ljer vi inte h\u00f6gsta tillg\u00e4ngliga evidens inom ortopedin?<\/span>\n              <\/div>\n              <div class=\"span_room\"><span><\/span><\/div>\n              <div class=\"time\">\n                <span>\n                  08:00-09:30                <\/span><\/div>\n\n              <div class=\"lecturer\"><span>Henrik Malchau<\/span><\/div>\n            <\/div>\n\n\n                                <div style=\"background-color:#eb303a; position: absolute !important ; height: 4px !important; left: 4px; right: 4px; bottom : 2px !important;  border\"><\/div>\n            \n          <\/div>\n\n      \n          <div class=\"event event-extra\"\n            data-id=\"af8b4f2c-53f9-47ec-b910-513d838200d0\"\n            data-project=\"a44f2645-f465-4d20-9d12-e82cf6d97f2d\"\n            data-title=\"Korsbandskirurgin i perspektiv\"\n            data-abs-nbr=\"\"\n            data-ystart=\"8\"\n            data-yend=\"9.5\"\n            data-time=\"08:00-09:30\"\n            data-room=\"2\"\n            data-room-id=\"8d4e3eae-ee44-4f61-99bc-620941ba8aab\"\n            data-room-name=\"Hemerycksalen\"\n            data-day=\"4\"\n            data-abs-path=\"\"\n            data-speaker=\"Karl Eriksson; Juri Kartus\"\n            data-speakercell=\"Karl Eriksson; Juri Kartus\"\n            data-info=\"&lt;b&gt;Moderator: &lt;\/b&gt;Jon Karlsson&lt;br&gt;&lt;br&gt;&lt;p&gt;I detta symposium sammanfattar 3 av landets mest erfarna korsbandskirurger sin syn p&amp;aring; korsbandskirurgin under mer &amp;auml;n 3 decennier.&lt;\/p&gt;\n&lt;p&gt;Var stod vi p&amp;aring; 80\/90-talet?&amp;nbsp;&lt;br \/&gt;Vad h&amp;auml;nde n&amp;auml;r &amp;auml;ndringen fr&amp;aring;n &amp;ouml;ppen korsbandskirurgi till artroskopisk kom och utvecklades? Opererar vi f&amp;ouml;r f&amp;aring;\/f&amp;ouml;r m&amp;aring;nga, eller lagom?&amp;nbsp;&lt;br \/&gt;Vad har forskningen gett oss, vilka framsteg har vi gjort och vad ser vi i kristallkulan?&amp;nbsp;&lt;br \/&gt;Skall revisioner och multi-ligamentskador centraliseras?&amp;nbsp;&lt;br \/&gt;Vad har h&amp;auml;nt de allra senaste &amp;aring;ren?&amp;nbsp;&lt;br \/&gt;Finns det detaljer i teknik som har lett till b&amp;auml;ttre resultat, t ex val av graft och fixation?&amp;nbsp;&lt;br \/&gt;Vilken betydelse har timing?&amp;nbsp;&lt;br \/&gt;Hur viktigt &amp;auml;r det att f&amp;ouml;rst&amp;aring; att korsbandsskada b&amp;ouml;r opereras akut, speciellt om det f&amp;ouml;religger andra skador, s&amp;aring;som brosk- och meniskskador?&amp;nbsp;&lt;br \/&gt;Kan vi f&amp;ouml;rebygga artros?&amp;nbsp;&lt;br \/&gt;Vilka framtidsperspektiv ser vi?&amp;nbsp;&lt;br \/&gt;Individualiserad behandling diskuteras ofta, men vad betyder det?&lt;\/p&gt;&lt;br&gt;&lt;br&gt;\"\n            data-category=\"L\u00e4kare\"\n            data-category-ids=\"47\"\n            data-span-all=\"\"\n                          style=\"background-color: #eb303a; color: white;\"\n                      >\n\n            <div class=\"event_content\">\n              <div class=\"title\">\n                                <span>Korsbandskirurgin i perspektiv<\/span>\n              <\/div>\n              <div class=\"span_room\"><span><\/span><\/div>\n              <div class=\"time\">\n                <span>\n                  08:00-09:30                <\/span><\/div>\n\n              <div class=\"lecturer\"><span>Jon Karlsson<\/span><\/div>\n            <\/div>\n\n\n                                <div style=\"background-color:#eb303a; position: absolute !important ; height: 4px !important; left: 4px; right: 4px; bottom : 2px !important;  border\"><\/div>\n            \n          <\/div>\n\n      \n          <div class=\"event event-extra\"\n            data-id=\"5ca9e58e-a189-46cc-bec1-ad114e8a5182\"\n            data-project=\"a44f2645-f465-4d20-9d12-e82cf6d97f2d\"\n            data-title=\"Fria f\u00f6redrag VI\"\n            data-abs-nbr=\"\"\n            data-ystart=\"8.25\"\n            data-yend=\"9.25\"\n            data-time=\"08:15-09:15\"\n            data-room=\"6\"\n            data-room-id=\"8d4e3eca-bf06-4071-a254-2a1e33b1a8fd\"\n            data-room-name=\"Vingen 3+4\"\n            data-day=\"4\"\n            data-abs-path=\"\"\n            data-speaker=\"\"\n            data-speakercell=\"\"\n            data-info=\"&lt;b&gt;Moderator: &lt;\/b&gt;Lars Weidenhjelm&lt;br&gt;&lt;br&gt;08:15-08:27: Does transfer of the gluteus maximus muscle improve abduction strength in patients with abductor deficiency following total hip replacement?&lt;br&gt;&lt;small&gt;Roland Z\u00fcgner&lt;\/small&gt;&lt;br&gt;&lt;small&gt;&lt;a href='https:\/\/aic-atlas.s3.eu-north-1.amazonaws.com\/projects\/a44f2645-f465-4d20-9d12-e82cf6d97f2d\/documents\/FI1sxld4pCODwf2dSp5b7Uo2BfO4b8FszvdNa5Y2.html' target='_blank'&gt;Show abstract&lt;\/a&gt;&lt;\/small&gt;&lt;br&gt;&lt;br\/&gt;08:27-08:39: Implant migration and bone mineral density changes can be measured simultaneously with low-dose CT scans \u2013 a prospective study on 17 acetabular revisions with impaction bone grafting.&lt;br&gt;&lt;small&gt;Hampus Stigbrand&lt;\/small&gt;&lt;br&gt;&lt;small&gt;&lt;a href='https:\/\/aic-atlas.s3.eu-north-1.amazonaws.com\/projects\/a44f2645-f465-4d20-9d12-e82cf6d97f2d\/documents\/PmiOOurxoF2nNuuVaYp79inwnqAtLIEI0iUasoc4.html' target='_blank'&gt;Show abstract&lt;\/a&gt;&lt;\/small&gt;&lt;br&gt;&lt;br\/&gt;08:39-08:51: Is the risk of revision after arthroplasty surgery genetically determined? A genome-wide association study of single nucleotide polymorphisms in 1,130 arthroplasty-treated twins.&lt;br&gt;&lt;small&gt;Anders Br\u00fcggemann&lt;\/small&gt;&lt;br&gt;&lt;small&gt;&lt;a href='https:\/\/aic-atlas.s3.eu-north-1.amazonaws.com\/projects\/a44f2645-f465-4d20-9d12-e82cf6d97f2d\/documents\/ihRtNsXvzXCcZ5zLM5stuqC2mD7PxjWUKUhqEQeq.html' target='_blank'&gt;Show abstract&lt;\/a&gt;&lt;\/small&gt;&lt;br&gt;&lt;br\/&gt;08:51-09:03: Nonagenarians benefit from THA to the same extent as do younger patients but at the expense of higher early rate of reoperations&lt;br&gt;&lt;small&gt;Ola Rolfson&lt;\/small&gt;&lt;br&gt;&lt;small&gt;&lt;a href='https:\/\/aic-atlas.s3.eu-north-1.amazonaws.com\/projects\/a44f2645-f465-4d20-9d12-e82cf6d97f2d\/documents\/lMbZU0w8aqbeYvJmXvodLtXbqPN4gRa63qmqzfJH.html' target='_blank'&gt;Show abstract&lt;\/a&gt;&lt;\/small&gt;&lt;br&gt;&lt;br\/&gt;09:03-09:15: Osseo-neuromuscular prosthetic limbs&lt;br&gt;&lt;small&gt;Paolo Sassu&lt;\/small&gt;&lt;br&gt;&lt;small&gt;&lt;a href='https:\/\/aic-atlas.s3.eu-north-1.amazonaws.com\/projects\/a44f2645-f465-4d20-9d12-e82cf6d97f2d\/documents\/Ra5TcB901UMwOHYueM4DyJnDc7Y3rcTjzadtwUqd.html' target='_blank'&gt;Show abstract&lt;\/a&gt;&lt;\/small&gt;\"\n            data-category=\"L\u00e4kare\"\n            data-category-ids=\"47\"\n            data-span-all=\"\"\n                          style=\"background-color: #eb303a; color: white;\"\n                      >\n\n            <div class=\"event_content\">\n              <div class=\"title\">\n                                <span>Fria f\u00f6redrag VI<\/span>\n              <\/div>\n              <div class=\"span_room\"><span><\/span><\/div>\n              <div class=\"time\">\n                <span>\n                  08:15-09:15                <\/span><\/div>\n\n              <div class=\"lecturer\"><span>Lars Weidenhjelm<\/span><\/div>\n            <\/div>\n\n\n                                <div style=\"background-color:#eb303a; position: absolute !important ; height: 4px !important; left: 4px; right: 4px; bottom : 2px !important;  border\"><\/div>\n            \n          <\/div>\n\n      \n          <div class=\"event event-extra\"\n            data-id=\"a54834d2-97f8-40bc-a1e9-c8e15fbea812\"\n            data-project=\"a44f2645-f465-4d20-9d12-e82cf6d97f2d\"\n            data-title=\"Hip preservation - f\u00f6r vem och hur?\"\n            data-abs-nbr=\"\"\n            data-ystart=\"10.25\"\n            data-yend=\"11.583333333333\"\n            data-time=\"10:15-11:35\"\n            data-room=\"0\"\n            data-room-id=\"8d4e3dd9-ce4c-4323-b414-2740c00d9454\"\n            data-room-name=\"De Geerhallen\"\n            data-day=\"4\"\n            data-abs-path=\"\"\n            data-speaker=\"\"\n            data-speakercell=\"\"\n            data-info=\"&lt;b&gt;Moderator: &lt;\/b&gt;Jonas Werner&lt;br&gt;&lt;br&gt;&lt;p&gt;&amp;nbsp;&lt;\/p&gt;\n&lt;table&gt;\n&lt;tbody&gt;\n&lt;tr&gt;\n&lt;td&gt;\n&lt;p&gt;Hur ska man resonera kring patienter som har misst&amp;auml;nkt h&amp;ouml;ftledsutl&amp;ouml;sta symtom, men ingen artros p&amp;aring; r&amp;ouml;ntgen? Unga patienter med h&amp;ouml;ftledsrelaterade besv&amp;auml;r kan ha betydande symtom och livskvalitetsh&amp;auml;mmande besv&amp;auml;r.&lt;\/p&gt;\n&lt;p&gt;Icke-operativ behandling &amp;auml;r f&amp;ouml;rst&amp;aring;s alltid ett alternativ, men vad g&amp;ouml;r man n&amp;auml;r inte heller det fungerar eller utredning visar m&amp;ouml;jlig dysplasi eller annan morfologisk variation?&lt;\/p&gt;\n&lt;p&gt;&amp;rdquo;Hip preservation&amp;rdquo; &amp;auml;r ett uttryck f&amp;ouml;r att beskriva h&amp;ouml;ftledsbevarande kirurgi. L&amp;ouml;sningen p&amp;aring; alla problem i h&amp;ouml;ften beh&amp;ouml;ver inte vara protes.&amp;nbsp;&lt;br \/&gt;Delta i ett sp&amp;auml;nnande symposium om PAO, surgical dislocation och h&amp;ouml;ftartroskopi &amp;ndash; allt utifr&amp;aring;n m&amp;ouml;tets tema &amp;rdquo;4R&amp;rdquo;!&lt;br \/&gt;&lt;br \/&gt;&lt;br \/&gt;&lt;\/p&gt;\n&lt;\/td&gt;\n&lt;\/tr&gt;\n&lt;\/tbody&gt;\n&lt;\/table&gt;&lt;br&gt;&lt;br&gt;10:15-10:20: Introduktion&lt;br&gt;&lt;small&gt;Jonas Werner&lt;\/small&gt;&lt;br&gt;&lt;br\/&gt;10:20-10:40: H\u00f6ftartroskopi \u2013 ifr\u00e5gasatt, men \u00e4nd\u00e5 \u00f6kande efterfr\u00e5gan&lt;br&gt;&lt;small&gt;Mikael Sansone&lt;\/small&gt;&lt;br&gt;&lt;br\/&gt;10:40-11:00: Acetabular dysplasia - The good candidate for PAO&lt;br&gt;&lt;small&gt;Kjeld S\u00f8balle&lt;\/small&gt;&lt;br&gt;&lt;br\/&gt;11:00-11:20: Safe surgical dislocation of the hip \u2013 svenska erfarenheter&lt;br&gt;&lt;small&gt;Olof Risto&lt;\/small&gt;&lt;br&gt;&lt;br\/&gt;11:20-11:35: Diskussion\"\n            data-category=\"L\u00e4kare,Fysioterapeut\"\n            data-category-ids=\"47,54\"\n            data-span-all=\"\"\n                          style=\"background-color: #eb303a; color: white;\"\n                      >\n\n            <div class=\"event_content\">\n              <div class=\"title\">\n                                <span>Hip preservation - f\u00f6r vem och hur?<\/span>\n              <\/div>\n              <div class=\"span_room\"><span><\/span><\/div>\n              <div class=\"time\">\n                <span>\n                  10:15-11:35                <\/span><\/div>\n\n              <div class=\"lecturer\"><span>Jonas Werner<\/span><\/div>\n            <\/div>\n\n\n                                <div style=\"background-color:#eb303a; position: absolute !important ; height: 4px !important; left: 4px; right: 4px; bottom : 2px !important;  border\"><\/div>\n            \n          <\/div>\n\n      \n          <div class=\"event event-extra\"\n            data-id=\"85fb101e-d638-45a8-b94f-afe1d1b030cc\"\n            data-project=\"a44f2645-f465-4d20-9d12-e82cf6d97f2d\"\n            data-title=\"Kluriga barnfrakturer och SCFE\"\n            data-abs-nbr=\"\"\n            data-ystart=\"10.25\"\n            data-yend=\"11.75\"\n            data-time=\"10:15-11:45\"\n            data-room=\"2\"\n            data-room-id=\"8d4e3eae-ee44-4f61-99bc-620941ba8aab\"\n            data-room-name=\"Hemerycksalen\"\n            data-day=\"4\"\n            data-abs-path=\"\"\n            data-speaker=\"\"\n            data-speakercell=\"\"\n            data-info=\"&lt;b&gt;Moderator: &lt;\/b&gt;Bengt Herngren&lt;br&gt;&lt;br&gt;&lt;p&gt;Syftet med symposiet &amp;auml;r att ge Dig som deltagare en uppdatering avseende n&amp;aring;gra barnfrakturer\/akuta barnortopediska tillst&amp;aring;nd.&amp;nbsp;&lt;br \/&gt;Vi har valt &amp;auml;mnen utifr&amp;aring;n aspekten att det ska vara s&amp;aring;dant som Du som ortoped, med huvudsakligen vuxentrauma i din arbetsvecka, inte ser s&amp;aring; ofta i din vardag. Vi hoppas att Du ska f&amp;aring; med Dig hem just den kunskap Du beh&amp;ouml;ver f&amp;ouml;r att antingen prim&amp;auml;rt kunna handl&amp;auml;gga denna patientgrupp vid ditt sjukhus eller akut remittera vidare efter en god initial bed&amp;ouml;mning.&lt;br \/&gt;&lt;br \/&gt;&lt;\/p&gt;\n&lt;p&gt;Symposiet &amp;auml;r en obligatorisk del i kursen &quot;Femurfraktur hos barn&quot;.&amp;nbsp;&lt;\/p&gt;&lt;br&gt;&lt;br&gt;10:15-10:20: Introduktion&lt;br&gt;&lt;small&gt;Bengt Herngren&lt;\/small&gt;&lt;br&gt;&lt;br\/&gt;10:20-10:35: Femurfraktur hos barn i ton\u00e5ren - elastiska spikar eller antegrad m\u00e4rgspik?&lt;br&gt;&lt;small&gt;Torsten Backtemann&lt;\/small&gt;&lt;br&gt;&lt;br\/&gt;10:35-10:50: Suprakondyl\u00e4r humerusfraktur med rosig men pulsl\u00f6s hand, akut op eller dagtid?&lt;br&gt;&lt;small&gt;Richard Marsell&lt;\/small&gt;&lt;br&gt;&lt;br\/&gt;10:50-11:05: Behandling av radius- och ulnadiafysfraktur  hos barn mellan 9 och 16 \u00e5rs \u00e5lder.&lt;br&gt;&lt;small&gt;Jacques Riad&lt;\/small&gt;&lt;br&gt;&lt;br\/&gt;11:05-11:20: Instabil h\u00f6ftfyseolys-s\u00e5 handl\u00e4gger jag den&lt;br&gt;&lt;small&gt;Carl-Johan Tiderius&lt;\/small&gt;&lt;br&gt;&lt;br\/&gt;11:20-11:45: Diskussion\"\n            data-category=\"L\u00e4kare\"\n            data-category-ids=\"47\"\n            data-span-all=\"\"\n                          style=\"background-color: #eb303a; color: white;\"\n                      >\n\n            <div class=\"event_content\">\n              <div class=\"title\">\n                                <span>Kluriga barnfrakturer och SCFE<\/span>\n              <\/div>\n              <div class=\"span_room\"><span><\/span><\/div>\n              <div class=\"time\">\n                <span>\n                  10:15-11:45                <\/span><\/div>\n\n              <div class=\"lecturer\"><span>Bengt Herngren<\/span><\/div>\n            <\/div>\n\n\n                                <div style=\"background-color:#eb303a; position: absolute !important ; height: 4px !important; left: 4px; right: 4px; bottom : 2px !important;  border\"><\/div>\n            \n          <\/div>\n\n      \n          <div class=\"event event-extra\"\n            data-id=\"794da971-b9f0-4d2f-933f-acf36f6a4c60\"\n            data-project=\"a44f2645-f465-4d20-9d12-e82cf6d97f2d\"\n            data-title=\"Sp\u00e5r- och SPOR-barhet i kvalitetsregistren?\"\n            data-abs-nbr=\"\"\n            data-ystart=\"10.25\"\n            data-yend=\"11.25\"\n            data-time=\"10:15-11:15\"\n            data-room=\"6\"\n            data-room-id=\"8d4e3eca-bf06-4071-a254-2a1e33b1a8fd\"\n            data-room-name=\"Vingen 3+4\"\n            data-day=\"4\"\n            data-abs-path=\"\"\n            data-speaker=\"Olle Svensson; Gunnar Enlund; Li Fell\u00e4nder-Tsai\"\n            data-speakercell=\"Olle Svensson; Gunnar Enlund; Li Fell\u00e4nder-Tsai\"\n            data-info=\"&lt;b&gt;Moderator: &lt;\/b&gt;Olle Svensson&lt;br&gt;&lt;br&gt;&lt;p&gt;SOF har l&amp;auml;ngst historik och flest kvalitetsregister: 12 av drygt 100, de flesta med manuell hantering. SOF och &amp;nbsp;L&amp;auml;kars&amp;auml;llskapet vill anv&amp;auml;nda streckkoder f&amp;ouml;r att l&amp;auml;nka implantat till journal,ekonomi och register.&amp;nbsp;&lt;\/p&gt;\n&lt;p&gt;&amp;nbsp;&lt;\/p&gt;\n&lt;p&gt;&lt;a href=&quot;http:\/\/www.spor.se\/&quot;&gt;Www.spor.se&lt;\/a&gt;, l&amp;auml;nkar fr&amp;aring;n operationsplaneringsprogram f&amp;ouml;r att minska fel och &amp;ouml;ka patients&amp;auml;kerheten. I &amp;aring;r sannolikt med 100% t&amp;auml;ckning i slutenv&amp;aring;rd: 600&amp;nbsp;000 operationer &amp;aring;rligen g&amp;aring;r ej att mata manuellt.&lt;\/p&gt;\n&lt;p&gt;&amp;nbsp;&lt;\/p&gt;\n&lt;p&gt;Men GDPR st&amp;auml;ller sekretess mot s&amp;auml;kerhet - lagarna krockar. H&amp;auml;r finns ett starkt folkligt st&amp;ouml;d som vi m&amp;aring;ste v&amp;auml;rna: det &amp;auml;r en f&amp;ouml;ruts&amp;auml;ttning f&amp;ouml;r att utveckla registren. Om juridiken skulle visa sig s&amp;auml;tta hinder i v&amp;auml;gen, m&amp;aring;ste vi &amp;auml;ndra dem genom opinionsbildning.&amp;nbsp; Bara vi kan driva fr&amp;aring;gan politiskt. Det g&amp;auml;ller livet!&lt;\/p&gt;\n&lt;p&gt;&amp;nbsp;&lt;\/p&gt;\n&lt;p&gt;&amp;nbsp;&lt;\/p&gt;&lt;br&gt;&lt;br&gt;\"\n            data-category=\"L\u00e4kare\"\n            data-category-ids=\"47\"\n            data-span-all=\"\"\n                          style=\"background-color: #eb303a; color: white;\"\n                      >\n\n            <div class=\"event_content\">\n              <div class=\"title\">\n                                <span>Sp\u00e5r- och SPOR-barhet i kvalitetsregistren?<\/span>\n              <\/div>\n              <div class=\"span_room\"><span><\/span><\/div>\n              <div class=\"time\">\n                <span>\n                  10:15-11:15                <\/span><\/div>\n\n              <div class=\"lecturer\"><span>Olle Svensson<\/span><\/div>\n            <\/div>\n\n\n                                <div style=\"background-color:#eb303a; position: absolute !important ; height: 4px !important; left: 4px; right: 4px; bottom : 2px !important;  border\"><\/div>\n            \n          <\/div>\n\n      \n      <div id=\"eventInfo\" class=\"modal fade bs-example-modal-lg\" tabindex=\"-1\" role=\"dialog\" style=\"font-size: medium; line-height: normal; text-transform: none;\">\n        <div class=\"modal-dialog\">\n          <div class=\"modal-content\">\n            <div class=\"modal-header\">\n              <button type=\"button\" class=\"close\" data-dismiss=\"modal\" aria-label=\"Close\">\n                <span aria-hidden=\"true\">&times;<\/span><\/button>\n              <h4 class=\"modal-title\"><\/h4>\n            <\/div>\n            <div class=\"modal-body\">\n              <p class=\"modal-speaker\"><\/p>\n              <p class=\"modal-time\"><\/p>\n              <p class=\"modal-info\"><\/p>\n              <p id=\"modal-abs\"><\/p>\n              <p id=\"modal-abs-oldie\">\n                <span style=\"display: none;\">Du anv\u00e4nder en f\u00f6r\u00e5ldrar webbl\u00e4sare.<\/span>\n                <a id=\"abs-url-oldie\" target=\"_blank\" style=\"display: none;\">Klicka f\u00e4r f\u00f6r att l\u00e4sa bidraget<\/a>\n                <iframe id=\"abs-iframe-oldie\" width=\"100%\" height=\"300px\"><\/iframe>\n              <\/p>\n              <i id=\"modal-abs-spinner\" class=\"fa fa-spinner fa-spin\" aria-hidden=\"true\" style=\"display: none;\"><\/i>\n            <\/div>\n            <div class=\"modal-footer\">\n              <span style=\"text-align: left; float: left;\" class=\"modal-category\"><\/span>\n              <button type=\"button\" class=\"btn btn-default\" data-dismiss=\"modal\">St\u00e4ng<\/button>\n            <\/div>\n          <\/div><!-- \/.modal-content -->\n        <\/div><!-- \/.modal-dialog -->\n      <\/div><!-- \/.modal -->\n\n    <\/div>\n\n  <\/div>\n\n\n<p>[\/et_pb_text][\/et_pb_column][\/et_pb_row][et_pb_row][et_pb_column type=&#8221;4_4&#8243;][et_pb_text admin_label=&#8221;Notering \u00e4ndringar&#8221; _builder_version=&#8221;3.15&#8243;]<\/p>\n<p style=\"text-align: center\"><em><span style=\"font-size: 10pt\">2019-04-09\u00a0 &#8211;\u00a0 Programpunkten &#8220;R\u00e4tt patient, i r\u00e4tt tid, p\u00e5 r\u00e4tt s\u00e4tt och p\u00e5 r\u00e4tt plats, men sen d\u00e5?&#8221; tidigarel\u00e4ggs till 08:00-08:40 samma dag och samma lokal.<br \/>\n2019-08-19\u00a0 &#8211;\u00a0 Kursen &#8220;Basal gipsteknik&#8221; utg\u00e5r p\u00e5 grund av f\u00f6r f\u00e5 deltagare.<br \/>\n2019-08-23\u00a0 &#8211;\u00a0 SBOF&#8217;s f\u00f6redrag &#8220;Benf\u00f6rl\u00e4ngning och fysdressyr &#8211; Att g\u00f6ra sneda barn raka&#8221; p\u00e5 torsdagen utg\u00e5r tyv\u00e4rr.<\/span><\/em><\/p>\n<p>&nbsp;<\/p>\n<p>[\/et_pb_text][\/et_pb_column][\/et_pb_row][\/et_pb_section][et_pb_section bb_built=&#8221;1&#8243; admin_label=&#8221;Rubrik \u00e4ldre&#8221; disabled_on=&#8221;on|on|on&#8221; _builder_version=&#8221;3.15&#8243; disabled=&#8221;on&#8221; prev_background_color=&#8221;#000000&#8243; next_background_color=&#8221;#000000&#8243;][et_pb_row _builder_version=&#8221;3.0.48&#8243; background_size=&#8221;initial&#8221; background_position=&#8221;top_left&#8221; background_repeat=&#8221;repeat&#8221;][et_pb_column type=&#8221;4_4&#8243;][et_pb_text _builder_version=&#8221;3.15&#8243;]<\/p>\n<p style=\"text-align: center\"><span style=\"font-size: 18pt;color: #000000\">Vetenskapligt program<\/span><\/p>\n<p>[\/et_pb_text][\/et_pb_column][\/et_pb_row][\/et_pb_section][et_pb_section bb_built=&#8221;1&#8243; disabled_on=&#8221;on|on|on&#8221; _builder_version=&#8221;3.15&#8243; disabled=&#8221;on&#8221; prev_background_color=&#8221;#000000&#8243;][et_pb_row _builder_version=&#8221;3.0.48&#8243; background_size=&#8221;initial&#8221; background_position=&#8221;top_left&#8221; background_repeat=&#8221;repeat&#8221;][et_pb_column type=&#8221;4_4&#8243;][et_pb_blurb admin_label=&#8221;Mer info senare&#8221; title=&#8221;Mer information kommer senare&#8221; use_icon=&#8221;on&#8221; font_icon=&#8221;%%138%%&#8221; icon_color=&#8221;#3e72a9&#8243; _builder_version=&#8221;3.15&#8243; text_orientation=&#8221;center&#8221; animation=&#8221;off&#8221; global_module=&#8221;20&#8243; saved_tabs=&#8221;all&#8221; \/][et_pb_text _builder_version=&#8221;3.15&#8243; \/][\/et_pb_column][\/et_pb_row][\/et_pb_section]<\/p>\n","protected":false},"excerpt":{"rendered":"<p>[et_pb_section bb_built=&#8221;1&#8243; _builder_version=&#8221;3.0.47&#8243; custom_padding=&#8221;54px|0px|13px|0px|false|false&#8221; next_background_color=&#8221;#000000&#8243;][et_pb_row _builder_version=&#8221;3.0.48&#8243; background_size=&#8221;initial&#8221; background_position=&#8221;top_left&#8221; background_repeat=&#8221;repeat&#8221;][et_pb_column type=&#8221;4_4&#8243;][et_pb_text admin_label=&#8221;Rubrik: Vetenskapligt program&#8221; _builder_version=&#8221;3.15&#8243;] Vetenskapligt program [\/et_pb_text][\/et_pb_column][\/et_pb_row][et_pb_row _builder_version=&#8221;3.0.48&#8243; background_size=&#8221;initial&#8221; background_position=&#8221;top_left&#8221; background_repeat=&#8221;repeat&#8221;][et_pb_column type=&#8221;4_4&#8243;][et_pb_text _builder_version=&#8221;3.15&#8243;] Till\u00e4gg av detaljer och mindre uppdateringar av programmet sker l\u00f6pande. Eventuella justeringar av tider eller positioner anges nedanf\u00f6r sj\u00e4lva programmet.\u00a0 [\/et_pb_text][\/et_pb_column][\/et_pb_row][et_pb_row _builder_version=&#8221;3.0.48&#8243; background_size=&#8221;initial&#8221; background_position=&#8221;top_left&#8221; background_repeat=&#8221;repeat&#8221;][et_pb_column type=&#8221;4_4&#8243;][et_pb_text admin_label=&#8221;Program &#8211; funktion&#8221; _builder_version=&#8221;3.15&#8243;] [\/et_pb_text][\/et_pb_column][\/et_pb_row][et_pb_row][et_pb_column type=&#8221;4_4&#8243;][et_pb_text [&hellip;]<\/p>\n","protected":false},"author":46,"featured_media":0,"parent":0,"menu_order":0,"comment_status":"closed","ping_status":"closed","template":"","meta":{"_et_pb_use_builder":"on","_et_pb_old_content":"","_et_gb_content_width":""},"_links":{"self":[{"href":"https:\/\/appsinmed.com\/ortopediveckan2019\/wp-json\/wp\/v2\/pages\/162"}],"collection":[{"href":"https:\/\/appsinmed.com\/ortopediveckan2019\/wp-json\/wp\/v2\/pages"}],"about":[{"href":"https:\/\/appsinmed.com\/ortopediveckan2019\/wp-json\/wp\/v2\/types\/page"}],"author":[{"embeddable":true,"href":"https:\/\/appsinmed.com\/ortopediveckan2019\/wp-json\/wp\/v2\/users\/46"}],"replies":[{"embeddable":true,"href":"https:\/\/appsinmed.com\/ortopediveckan2019\/wp-json\/wp\/v2\/comments?post=162"}],"version-history":[{"count":25,"href":"https:\/\/appsinmed.com\/ortopediveckan2019\/wp-json\/wp\/v2\/pages\/162\/revisions"}],"predecessor-version":[{"id":204,"href":"https:\/\/appsinmed.com\/ortopediveckan2019\/wp-json\/wp\/v2\/pages\/162\/revisions\/204"}],"wp:attachment":[{"href":"https:\/\/appsinmed.com\/ortopediveckan2019\/wp-json\/wp\/v2\/media?parent=162"}],"curies":[{"name":"wp","href":"https:\/\/api.w.org\/{rel}","templated":true}]}}